{"id":2480,"date":"2026-09-02T10:22:48","date_gmt":"2026-09-02T08:22:48","guid":{"rendered":"https:\/\/mat.travelblox.eu\/?page_id=2480"},"modified":"2026-09-02T11:16:45","modified_gmt":"2026-09-02T09:16:45","slug":"madeira-trail","status":"publish","type":"page","link":"https:\/\/mat.travelblox.eu\/de\/madeira-trail\/","title":{"rendered":"Madeira Trail 2027 &#8211; Fr\u00fchling"},"content":{"rendered":"<div class=\"tb-header tb-block align-center background-dark pattern-none variant-none\" id=\"header\" data-fallback-background=\"https:\/\/vz-2d98b19f-729.b-cdn.net\/4af4ac82-338c-449e-bc04-7b80a2e10e7d\/thumbnail_1a39e6db.jpg\" style=\"background-image: linear-gradient(rgba(0, 0, 0, 0.4), rgba(0, 0, 0, 0.4)), url('https:\/\/vz-2d98b19f-729.b-cdn.net\/4af4ac82-338c-449e-bc04-7b80a2e10e7d\/thumbnail_1a39e6db.jpg'); background-position:center;\">\n        \n    <div class=\"tb-header-foreground\">\n        <div class=\"inner-block\">\n\n            <div class=\"main-part\">\n                <div class=\"text-part\">\n                                            <p><a href=\"https:\/\/travelbase.de\" target=\"_blank\" rel=\"noopener\" data-mce-href=\"https:\/\/travelbase.eu\">Travelbase<\/a> pr\u00e4sentiert<\/p>\n                                                                                            <h1>\t<span class=\"tb-logo\"  style=\"-webkit-mask-image: url(https:\/\/mat.travelblox.eu\/wp-content\/uploads\/sites\/68\/2023\/10\/roundWhite.svg); mask-image: url(https:\/\/mat.travelblox.eu\/wp-content\/uploads\/sites\/68\/2023\/10\/roundWhite.svg)\">\n\t\t<img src='https:\/\/mat.travelblox.eu\/wp-content\/uploads\/sites\/68\/2023\/10\/roundWhite.svg' width='1024' height='1024' alt='Madeira Trail Logo' title='Wanderreise auf Madeira' loading='lazy'>\n\t<\/span>\n<\/h1>\n                                                                                        <h2 class=\"tb-subtitle\">\t<div class=\"translation-block\"><p>Madeira von West nach Ost \u2013 zu Fu\u00df.<\/p><\/div>\n\t<\/h2>\n                                                                                    <div class=\"tb-properties\">\n                                                            <div class=\"tb-property\">\n                                                                            <div class=\"tb-property__icon\">\n                                            \t\t\t\t<i class=\"icon fa-solid fa-calendar-days fa-fw\" aria-hidden=\"true\"><\/i>\n\t\t\t                                        <\/div>\n                                                                        <div class=\"tb-property__label\">\n                                        5 Wandertage                                    <\/div>\n                                <\/div>\n                                                                    <div class=\"tb-properties__divider\"><\/div>\n                                                                                            <div class=\"tb-property\">\n                                                                            <div class=\"tb-property__icon\">\n                                            \t\t\t\t<i class=\"icon fa-solid fa-bed-front fa-fw\" aria-hidden=\"true\"><\/i>\n\t\t\t                                        <\/div>\n                                                                        <div class=\"tb-property__label\">\n                                        Hotels &amp; H\u00fctten                                    <\/div>\n                                <\/div>\n                                                                    <div class=\"tb-properties__divider\"><\/div>\n                                                                                            <div class=\"tb-property\">\n                                                                            <div class=\"tb-property__icon\">\n                                            \t\t\t\t<i class=\"icon fa-solid fa-person-hiking fa-fw\" aria-hidden=\"true\"><\/i>\n\t\t\t                                        <\/div>\n                                                                        <div class=\"tb-property__label\">\n                                        Eigenst\u00e4ndige Tour                                    <\/div>\n                                <\/div>\n                                                                                    <\/div>\n                                                                <div class=\"tb-buttons-part\">\n                                                            \t\t<a href=\"https:\/\/travelbase.typeform.com\/MAT27SPreregDE\"  target=\"_blank\" data-mode=\"popup\" data-url=\"https:\/\/travelbase.typeform.com\/MAT27SPreregFR\" class=\"tb-button typeform-share\">\n\t\t\tVorregistrieren | Fr\u00fchling 2027\t\t<\/a>\n\t\t\t\t\t<script>\n\t\t\t\t(function() {\n\t\t\t\t\tvar qs, js, q, s, d = document,\n\t\t\t\t\t\tgi = d.getElementById,\n\t\t\t\t\t\tce = d.createElement,\n\t\t\t\t\t\tgt = d.getElementsByTagName,\n\t\t\t\t\t\tid = \"typef_orm_share\",\n\t\t\t\t\t\tb = \"https:\/\/embed.typeform.com\/\";\n\t\t\t\t\tif (!gi.call(d, id)) {\n\t\t\t\t\t\tjs = ce.call(d, \"script\");\n\t\t\t\t\t\tjs.id = id;\n\t\t\t\t\t\tjs.src = b + \"embed.js\";\n\t\t\t\t\t\tq = gt.call(d, \"script\")[0];\n\t\t\t\t\t\tq.parentNode.insertBefore(js, q);\n\t\t\t\t\t}\n\t\t\t\t})();\n\t\t\t<\/script>\n\t\t                                                                                        \t\t<a href=\"https:\/\/madeiratrail.eu\/de\/#join\"  target=\"\" class=\"tb-buttonlink\">\n\t\t\tIm Herbst 2026 mit dabei sein\t\t<\/a>\n\t\t                                                    <\/div>\n                                                                <div class=\"average-reviews-wrapper\" data-reviews-redirect-url=\"https:\/\/www.google.com\/search?q=the+madeira+trail&amp;num=10&amp;hl=en-BE&amp;sca_esv=1ecdb2dd816d191e&amp;cs=0&amp;tbm=lcl&amp;ei=IdQIadyWNby_nsEP3Zad8Aw&amp;ved=0ahUKEwicq4e3r9aQAxW8nycCHV1LB84Q4dUDCAo&amp;uact=5&amp;oq=the+madeira+trail&amp;gs_lp=Eg1nd3Mtd2l6LWxvY2FsIhF0aGUgbWFkZWlyYSB0cmFpbDIGEAAYBxgeMgUQABiABDIFEAAYgAQyBBAAGB4yBBAAGB4yCBAAGAUYBxgeMggQABgFGAoYHjIGEAAYBRgeMgYQABgIGB4yBhAAGAgYHkjeHVDrElicGnABeACQAQCYAU-gAYgEqgEBObgBA8gBAPgBAZgCCqAC1QTCAgYQABgWGB7CAgsQABiABBiGAxiKBcICBRAAGO8FwgIIEAAYBxgIGB6YAwCIBgGSBwIxMKAH4EWyBwE5uAfRBMIHBzAuMS44LjHIBzY&amp;sclient=gws-wiz-local#rlfi=hd:;si:4014942997754283565,l,ChF0aGUgbWFkZWlyYSB0cmFpbEj7vOXi5LqAgAhaHRAAEAEQAhgBGAIiEXRoZSBtYWRlaXJhIHRyYWlskgENdHJhdmVsX2FnZW5jeZoBI0NoWkRTVWhOTUc5blMwVkpRMEZuU1VOdU5DMUVjRVJCRUFF-gEECAAQEw;mv:[[31.57864917731903,-16.559593340115693],[31.57828922268097,-16.560015859884317]]\" data-embed-social-id=\"071b5b2e75278e208ea9bc556ff09d7a4505d3ec\"><\/div>\n                                    <\/div>\n            <\/div>\n\n                    <\/div>\n    <\/div>\n\n    \n                        <div class=\"tb-header-background tb-header-background--has-iframe\">\n                        <iframe src=\"https:\/\/iframe.mediadelivery.net\/embed\/306445\/4af4ac82-338c-449e-bc04-7b80a2e10e7d?autoplay=true&#038;preload=true&#038;loop=true&#038;responsive=true&#038;muted=true\" allow=\"accelerometer;gyroscope;encrypted-media;picture-in-picture;autoplay;muted;\" allowfullscreen=\"true\" style=\"border: none;\" loading=\"lazy\"><\/iframe>                    <\/div>\n                \n    \n                <nav class=\"tb-header__subnav\">\n            <div class=\"inner-block\">\n                <div class=\"tb-header__pagename\">\n                                            \t<span class=\"tb-logo\"  style=\"-webkit-mask-image: url(https:\/\/mat.travelblox.eu\/wp-content\/uploads\/sites\/68\/2023\/10\/roundWhite.svg); mask-image: url(https:\/\/mat.travelblox.eu\/wp-content\/uploads\/sites\/68\/2023\/10\/roundWhite.svg)\">\n\t\t<img src='https:\/\/mat.travelblox.eu\/wp-content\/uploads\/sites\/68\/2023\/10\/roundWhite.svg' width='1024' height='1024' alt='Madeira Trail Logo' title='Wanderreise auf Madeira' loading='lazy'>\n\t<\/span>\n                                    <\/div>\n\n                <ul>\n                                            <li>\n                            <a href=\"#Concept\">Konzept<\/a>\n                        <\/li>\n\n                                            <li>\n                            <a href=\"#textimage2\">Die Route<\/a>\n                        <\/li>\n\n                                            <li>\n                            <a href=\"#route\">Das Trekkingprogramm<\/a>\n                        <\/li>\n\n                                            <li>\n                            <a href=\"#practical\">Praktische Informationen<\/a>\n                        <\/li>\n\n                                            <li>\n                            <a href=\"#options\">Zusatzoptionen<\/a>\n                        <\/li>\n\n                                            <li>\n                            <a href=\"#faq\">FAQs<\/a>\n                        <\/li>\n\n                    \n                                                <li class=\"tb-header__subnav_cta\">\n                                <a href=\"#join\" class=\"tb-button\" >Termine &amp; Preise<\/a>\n                            <\/li>\n                                    <\/ul>\n            <\/div>\n        <\/nav>\n\n    \n<\/div>\n\n\n\t<div class=\"tb-topbar tb-block align-center background-dark pattern-none variant-none\" id=\"topbar\" data-subnav=\"true\">\n\t\t<div class=\"inner-block\">\n\t\t\t<div class=\"text-part\">\n\t\t\t\t\t\t\t\t\t\t\t\t\t<i class=\"icon fa-regular fa-clock fa-fw\" aria-hidden=\"true\"><\/i>\n\t\t\t\t\t\t\t\t\t\t\t\t<div class=\"translation-block\"><p>Start der Anmeldungen f\u00fcr den Fr\u00fchling 2027<\/p><\/div>\n\t\t\t\t<\/div>\n\n\t\t\t\n\t\t\t\t<div class=\"tb-countdown__container\" data-countdown-date=\"17\/09\/2026 4:00 p.m.\">\n\n\t\t\t\t\t<div class=\"tb-countdown__block\" data-countdown-name=\"days\">\n\t\t\t\t\t\t<div class=\"tb-countdown__numbers\"><\/div>\n\t\t\t\t\t\t<div class=\"tb-countdown__text\">Tage<\/div>\n\t\t\t\t\t<\/div>\n\n\t\t\t\t\t<div class=\"tb-countdown__block\" data-countdown-name=\"hours\">\n\t\t\t\t\t\t<div class=\"tb-countdown__numbers\"><\/div>\n\t\t\t\t\t\t<div class=\"tb-countdown__text\">Stunden<\/div>\n\t\t\t\t\t<\/div>\n\n\t\t\t\t\t<div class=\"tb-countdown__block\" data-countdown-name=\"minutes\">\n\t\t\t\t\t\t<div class=\"tb-countdown__numbers\"><\/div>\n\t\t\t\t\t\t<div class=\"tb-countdown__text\">Min<\/div>\n\t\t\t\t\t<\/div>\n\n\t\t\t\t\t<div class=\"tb-countdown__block\" data-countdown-name=\"seconds\">\n\t\t\t\t\t\t<div class=\"tb-countdown__numbers\"><\/div>\n\t\t\t\t\t\t<div class=\"tb-countdown__text\">Sek<\/div>\n\t\t\t\t\t<\/div>\n\n\t\t\t\t<\/div>\n\n\t\t\t\n\t\t\t\t\t<\/div>\n\t<\/div>\n\t\n\n\n\n\n<div class=\"tb-intro tb-block align-none background-middle pattern-none variant-none tb-collapsible-margins\" id=\"intro\">\n    <div class=\"inner-block tb-fade-in tb-fade-in--subtle\">\n\n        \n\n        <div class=\"text-part content-part\">\n            <div class=\"title-meta-inclusive\">\n                <div class=\"title-and-meta\">\n                                            <div class=\"title-part\">\n                                                            <h3>Wanderreise auf Madeira<\/h3>\n                                                                                                                            <h5>\t<div class=\"translation-block\">Eine Woche Madeira \u2013 f\u00fcnf Tage wandern, von West nach Ost. \u00dcber den h\u00f6chsten Gipfel der Insel.<\/div>\n\t<\/h5>\n                                                                                    <\/div>\n                                        <ul class=\"meta-data\">\n                                                    <li>\n                                <i class=\"fa fa-regular fa-tag\"><\/i>\n                                <span>Ab 830 \u20ac<\/span>\n                            <\/li>\n                                                                            <li>\n                                <i class=\"fa fa-regular fa-calendar\"><\/i>\n                                <span><p><a href=\"#join\">M\u00e4rz - Juni 2027<\/a><\/p>\n<\/span>\n                            <\/li>\n                                            <\/ul>\n                <\/div>\n                                    <div class=\"inclusive\">\n                                                    <h6>H\u00f6hepunkte<\/h6>\n                                                <ul class=\"\">\n                                                            <li class=\"visible\">\n                                                                            \t\t\t\t<i class=\"icon fa-solid fa-person-hiking fa-fw\" aria-hidden=\"true\"><\/i>\n\t\t\t                                                                                                                <span>Durchquerung der Blumeninsel von West nach Ost<\/span>\n                                                                    <\/li>\n                                                            <li class=\"visible\">\n                                                                            \t\t\t\t<i class=\"icon fa-kit fa-house-mountain fa-fw\" aria-hidden=\"true\"><\/i>\n\t\t\t                                                                                                                <span>\u00dcbernachtungen in Hotels und Refugios<\/span>\n                                                                    <\/li>\n                                                            <li class=\"visible\">\n                                                                            \t\t\t\t<i class=\"icon fa-solid fa-mountain-sun fa-fw\" aria-hidden=\"true\"><\/i>\n\t\t\t                                                                                                                <span>Pico Ruivo (1.862m) \u2013 h\u00f6chster Gipfel Madeiras mit Blick \u00fcber den Atlantik<\/span>\n                                                                    <\/li>\n                                                            <li class=\"visible\">\n                                                                            \t\t\t\t<i class=\"icon fa-solid fa-leaf fa-fw\" aria-hidden=\"true\"><\/i>\n\t\t\t                                                                                                                <span>T\u00e4glich neue Landschaften: Levadas, UNESCO-Lorbeerwald, Vulkangestein, K\u00fcstenpfade<\/span>\n                                                                    <\/li>\n                                                            <li class=\"visible\">\n                                                                            \t\t\t\t<i class=\"icon fa-solid fa-sparkles fa-fw\" aria-hidden=\"true\"><\/i>\n\t\t\t                                                                                                                <span> Komplette Logistik \u2013 wir k\u00fcmmern uns um Unterk\u00fcnfte und Transfers<\/span>\n                                                                    <\/li>\n                                                    <\/ul>\n                                            <\/div>\n                            <\/div>\n\n                            <div class=\"tb-buttons desktop-only\">\n                                            <a href=\"#join\" class=\"tb-button\">\n                                                            Unverbindlich vorregistrieren                                                    <\/a>\n                                                                <a href=\"#practical\" class=\"tb-buttonlink\">\n                                                            Mehr Informationen                                                    <\/a>\n                                    <\/div>\n                    <\/div>\n                                    <div class=\"tb-video-part\">\n                    <iframe src=\"https:\/\/iframe.mediadelivery.net\/embed\/306529\/d9a02342-1d13-4cb5-9f46-baa86d98a0e6?autoplay=false&#038;preload=true&#038;loop=true&#038;responsive=true\" allow=\"accelerometer;gyroscope;encrypted-media;picture-in-picture;\" allowfullscreen=\"true\" style=\"border: none;\" loading=\"lazy\"><\/iframe>                <\/div>\n                                        <div class=\"tb-buttons mobile-only\">\n                                    <a href=\"#join\" class=\"tb-button\">\n                                                    Unverbindlich vorregistrieren                                            <\/a>\n                                                    <a href=\"#practical\" class=\"tb-buttonlink\">\n                                                    Mehr Informationen                                            <\/a>\n                            <\/div>\n            <\/div>\n<\/div>\n\n\n\n\n\n\n<div class=\"tb-gallery tb-block align-center background-light pattern-none variant-grid\" id=\"gallery\">\n\t<div class=\"tb-gallery__inner\">\n\t\t<div class=\"desktop tb-has-popup-content\">\n\t\t\t\t\t\t\t<ul class=\"tb-gallery-grid\">\n\t\t\t\t\t\t\t\t\t\t\t\t\t\t\t\t\t\t<li class=\"slide\">\n\t\t\t\t\t\t\t\t<div class=\"tb-popup-trigger\">\n\t\t\t\t\t\t\t\t\t<img src='https:\/\/mat.travelblox.eu\/wp-content\/smush-webp\/sites\/68\/2025\/02\/Siliquini-TheMadeiraTrail-240317-6237.jpg.webp' width='1500' height='1000' alt='Madeira wandern - Wandern auf Madeira - Rando auf Madeira - Hiking in Madeira' srcset='https:\/\/mat.travelblox.eu\/wp-content\/smush-webp\/sites\/68\/2025\/02\/Siliquini-TheMadeiraTrail-240317-6237.jpg.webp 1500w, https:\/\/mat.travelblox.eu\/wp-content\/smush-webp\/sites\/68\/2025\/02\/Siliquini-TheMadeiraTrail-240317-6237-300x200.jpg.webp 300w, https:\/\/mat.travelblox.eu\/wp-content\/smush-webp\/sites\/68\/2025\/02\/Siliquini-TheMadeiraTrail-240317-6237-1024x683.jpg.webp 1024w, https:\/\/mat.travelblox.eu\/wp-content\/smush-webp\/sites\/68\/2025\/02\/Siliquini-TheMadeiraTrail-240317-6237-768x512.jpg.webp 768w, https:\/\/mat.travelblox.eu\/wp-content\/smush-webp\/sites\/68\/2025\/02\/Siliquini-TheMadeiraTrail-240317-6237-18x12.jpg.webp 18w' sizes=\"auto, (max-width: 1500px) 100vw, 1500px\" style='object-position:50% 50%' loading='lazy' decoding='async' data-smush-webp-fallback=\"{&quot;src&quot;:&quot;https:\\\/\\\/mat.travelblox.eu\\\/wp-content\\\/uploads\\\/sites\\\/68\\\/2025\\\/02\\\/Siliquini-TheMadeiraTrail-240317-6237.jpg&quot;,&quot;srcset&quot;:&quot;https:\\\/\\\/mat.travelblox.eu\\\/wp-content\\\/uploads\\\/sites\\\/68\\\/2025\\\/02\\\/Siliquini-TheMadeiraTrail-240317-6237.jpg 1500w, https:\\\/\\\/mat.travelblox.eu\\\/wp-content\\\/uploads\\\/sites\\\/68\\\/2025\\\/02\\\/Siliquini-TheMadeiraTrail-240317-6237-300x200.jpg 300w, https:\\\/\\\/mat.travelblox.eu\\\/wp-content\\\/uploads\\\/sites\\\/68\\\/2025\\\/02\\\/Siliquini-TheMadeiraTrail-240317-6237-1024x683.jpg 1024w, https:\\\/\\\/mat.travelblox.eu\\\/wp-content\\\/uploads\\\/sites\\\/68\\\/2025\\\/02\\\/Siliquini-TheMadeiraTrail-240317-6237-768x512.jpg 768w, https:\\\/\\\/mat.travelblox.eu\\\/wp-content\\\/uploads\\\/sites\\\/68\\\/2025\\\/02\\\/Siliquini-TheMadeiraTrail-240317-6237-18x12.jpg 18w&quot;}\">\t\t\t\t\t\t\t\t<\/div>\n\t\t\t\t\t\t\t<\/li>\n\t\t\t\t\t\t\t\t\t\t\t\t\t<li class=\"slide\">\n\t\t\t\t\t\t\t\t<div class=\"tb-popup-trigger\">\n\t\t\t\t\t\t\t\t\t<img src='https:\/\/mat.travelblox.eu\/wp-content\/smush-webp\/sites\/68\/2025\/08\/MAT25_DriesVdb_WEB-109-scaled.jpg.webp' width='1440' height='2560' alt='Wanderwege auf Madeira' srcset='https:\/\/mat.travelblox.eu\/wp-content\/smush-webp\/sites\/68\/2025\/08\/MAT25_DriesVdb_WEB-109-scaled.jpg.webp 1440w, https:\/\/mat.travelblox.eu\/wp-content\/smush-webp\/sites\/68\/2025\/08\/MAT25_DriesVdb_WEB-109-169x300.jpg.webp 169w, https:\/\/mat.travelblox.eu\/wp-content\/smush-webp\/sites\/68\/2025\/08\/MAT25_DriesVdb_WEB-109-576x1024.jpg.webp 576w, https:\/\/mat.travelblox.eu\/wp-content\/smush-webp\/sites\/68\/2025\/08\/MAT25_DriesVdb_WEB-109-768x1365.jpg.webp 768w, https:\/\/mat.travelblox.eu\/wp-content\/smush-webp\/sites\/68\/2025\/08\/MAT25_DriesVdb_WEB-109-864x1536.jpg.webp 864w, https:\/\/mat.travelblox.eu\/wp-content\/smush-webp\/sites\/68\/2025\/08\/MAT25_DriesVdb_WEB-109-1152x2048.jpg.webp 1152w, https:\/\/mat.travelblox.eu\/wp-content\/smush-webp\/sites\/68\/2025\/08\/MAT25_DriesVdb_WEB-109-7x12.jpg.webp 7w' sizes=\"auto, (max-width: 1440px) 100vw, 1440px\" style='object-position:50% 50%' loading='lazy' decoding='async' data-smush-webp-fallback=\"{&quot;src&quot;:&quot;https:\\\/\\\/mat.travelblox.eu\\\/wp-content\\\/uploads\\\/sites\\\/68\\\/2025\\\/08\\\/MAT25_DriesVdb_WEB-109-scaled.jpg&quot;,&quot;srcset&quot;:&quot;https:\\\/\\\/mat.travelblox.eu\\\/wp-content\\\/uploads\\\/sites\\\/68\\\/2025\\\/08\\\/MAT25_DriesVdb_WEB-109-scaled.jpg 1440w, https:\\\/\\\/mat.travelblox.eu\\\/wp-content\\\/uploads\\\/sites\\\/68\\\/2025\\\/08\\\/MAT25_DriesVdb_WEB-109-169x300.jpg 169w, https:\\\/\\\/mat.travelblox.eu\\\/wp-content\\\/uploads\\\/sites\\\/68\\\/2025\\\/08\\\/MAT25_DriesVdb_WEB-109-576x1024.jpg 576w, https:\\\/\\\/mat.travelblox.eu\\\/wp-content\\\/uploads\\\/sites\\\/68\\\/2025\\\/08\\\/MAT25_DriesVdb_WEB-109-768x1365.jpg 768w, https:\\\/\\\/mat.travelblox.eu\\\/wp-content\\\/uploads\\\/sites\\\/68\\\/2025\\\/08\\\/MAT25_DriesVdb_WEB-109-864x1536.jpg 864w, https:\\\/\\\/mat.travelblox.eu\\\/wp-content\\\/uploads\\\/sites\\\/68\\\/2025\\\/08\\\/MAT25_DriesVdb_WEB-109-1152x2048.jpg 1152w, https:\\\/\\\/mat.travelblox.eu\\\/wp-content\\\/uploads\\\/sites\\\/68\\\/2025\\\/08\\\/MAT25_DriesVdb_WEB-109-7x12.jpg 7w&quot;}\">\t\t\t\t\t\t\t\t<\/div>\n\t\t\t\t\t\t\t<\/li>\n\t\t\t\t\t\t\t\t\t\t\t\t\t<li class=\"slide\">\n\t\t\t\t\t\t\t\t<div class=\"tb-popup-trigger\">\n\t\t\t\t\t\t\t\t\t<img src='https:\/\/mat.travelblox.eu\/wp-content\/smush-webp\/sites\/68\/2025\/11\/Siliquini-TheMadeiraTrail-240317-0013.jpg.webp' width='1024' height='767' alt='Madeira wandern - Wandern auf Madeira - Rando auf Madeira - Hiking in Madeira' srcset='https:\/\/mat.travelblox.eu\/wp-content\/smush-webp\/sites\/68\/2025\/11\/Siliquini-TheMadeiraTrail-240317-0013.jpg.webp 1024w, https:\/\/mat.travelblox.eu\/wp-content\/smush-webp\/sites\/68\/2025\/11\/Siliquini-TheMadeiraTrail-240317-0013-300x225.jpg.webp 300w, https:\/\/mat.travelblox.eu\/wp-content\/smush-webp\/sites\/68\/2025\/11\/Siliquini-TheMadeiraTrail-240317-0013-768x575.jpg.webp 768w, https:\/\/mat.travelblox.eu\/wp-content\/smush-webp\/sites\/68\/2025\/11\/Siliquini-TheMadeiraTrail-240317-0013-16x12.jpg.webp 16w' sizes=\"auto, (max-width: 1024px) 100vw, 1024px\" style='object-position:50% 50%' loading='lazy' decoding='async' data-smush-webp-fallback=\"{&quot;src&quot;:&quot;https:\\\/\\\/mat.travelblox.eu\\\/wp-content\\\/uploads\\\/sites\\\/68\\\/2025\\\/11\\\/Siliquini-TheMadeiraTrail-240317-0013.jpg&quot;,&quot;srcset&quot;:&quot;https:\\\/\\\/mat.travelblox.eu\\\/wp-content\\\/uploads\\\/sites\\\/68\\\/2025\\\/11\\\/Siliquini-TheMadeiraTrail-240317-0013.jpg 1024w, https:\\\/\\\/mat.travelblox.eu\\\/wp-content\\\/uploads\\\/sites\\\/68\\\/2025\\\/11\\\/Siliquini-TheMadeiraTrail-240317-0013-300x225.jpg 300w, https:\\\/\\\/mat.travelblox.eu\\\/wp-content\\\/uploads\\\/sites\\\/68\\\/2025\\\/11\\\/Siliquini-TheMadeiraTrail-240317-0013-768x575.jpg 768w, https:\\\/\\\/mat.travelblox.eu\\\/wp-content\\\/uploads\\\/sites\\\/68\\\/2025\\\/11\\\/Siliquini-TheMadeiraTrail-240317-0013-16x12.jpg 16w&quot;}\">\t\t\t\t\t\t\t\t<\/div>\n\t\t\t\t\t\t\t<\/li>\n\t\t\t\t\t\t\t\t\t\t\t\t\t\t\t<\/ul>\n\t\t\t\t\t\t<div class=\"tb-popup tb-popup--open-clicked-image\">\n\t\t\t\t<div class=\"tb-gallery-popup\">\n\t\t\t\t\t<div class=\"tb-image-part\">\n\t\t\t\t\t\t\t\t<div class=\"inner-block-full-width has-tb-carousel tb-carousel-slider\" >\n\t\t<div class=\"tb-carousel-container\">\n\t\t\t<div class=\"entries tb-cards\" data-slider-first=\"2\">\n\t\t\t\t\t\t\t<div class=\"entry\">\n\t\t\t<div class=\"tb-image-part\">\n\t\t\t\t<figure>\n\t\t\t\t\t<img src='https:\/\/mat.travelblox.eu\/wp-content\/smush-webp\/sites\/68\/2025\/02\/Siliquini-TheMadeiraTrail-240317-6237.jpg.webp' width='1500' height='1000' alt='Madeira wandern - Wandern auf Madeira - Rando auf Madeira - Hiking in Madeira' srcset='https:\/\/mat.travelblox.eu\/wp-content\/smush-webp\/sites\/68\/2025\/02\/Siliquini-TheMadeiraTrail-240317-6237.jpg.webp 1500w, https:\/\/mat.travelblox.eu\/wp-content\/smush-webp\/sites\/68\/2025\/02\/Siliquini-TheMadeiraTrail-240317-6237-300x200.jpg.webp 300w, https:\/\/mat.travelblox.eu\/wp-content\/smush-webp\/sites\/68\/2025\/02\/Siliquini-TheMadeiraTrail-240317-6237-1024x683.jpg.webp 1024w, https:\/\/mat.travelblox.eu\/wp-content\/smush-webp\/sites\/68\/2025\/02\/Siliquini-TheMadeiraTrail-240317-6237-768x512.jpg.webp 768w, https:\/\/mat.travelblox.eu\/wp-content\/smush-webp\/sites\/68\/2025\/02\/Siliquini-TheMadeiraTrail-240317-6237-18x12.jpg.webp 18w' sizes=\"auto, (max-width: 1500px) 100vw, 1500px\" style='object-position:50% 50%' loading='lazy' decoding='async' data-smush-webp-fallback=\"{&quot;src&quot;:&quot;https:\\\/\\\/mat.travelblox.eu\\\/wp-content\\\/uploads\\\/sites\\\/68\\\/2025\\\/02\\\/Siliquini-TheMadeiraTrail-240317-6237.jpg&quot;,&quot;srcset&quot;:&quot;https:\\\/\\\/mat.travelblox.eu\\\/wp-content\\\/uploads\\\/sites\\\/68\\\/2025\\\/02\\\/Siliquini-TheMadeiraTrail-240317-6237.jpg 1500w, https:\\\/\\\/mat.travelblox.eu\\\/wp-content\\\/uploads\\\/sites\\\/68\\\/2025\\\/02\\\/Siliquini-TheMadeiraTrail-240317-6237-300x200.jpg 300w, https:\\\/\\\/mat.travelblox.eu\\\/wp-content\\\/uploads\\\/sites\\\/68\\\/2025\\\/02\\\/Siliquini-TheMadeiraTrail-240317-6237-1024x683.jpg 1024w, https:\\\/\\\/mat.travelblox.eu\\\/wp-content\\\/uploads\\\/sites\\\/68\\\/2025\\\/02\\\/Siliquini-TheMadeiraTrail-240317-6237-768x512.jpg 768w, https:\\\/\\\/mat.travelblox.eu\\\/wp-content\\\/uploads\\\/sites\\\/68\\\/2025\\\/02\\\/Siliquini-TheMadeiraTrail-240317-6237-18x12.jpg 18w&quot;}\">\t\t\t\t\t\t\t\t\t<\/figure>\n\t\t\t<\/div>\n\t\t<\/div>\n\t\t\t<div class=\"entry\">\n\t\t\t<div class=\"tb-image-part\">\n\t\t\t\t<figure>\n\t\t\t\t\t<img src='https:\/\/mat.travelblox.eu\/wp-content\/smush-webp\/sites\/68\/2025\/08\/MAT25_DriesVdb_WEB-109-scaled.jpg.webp' width='1440' height='2560' alt='Wanderwege auf Madeira' srcset='https:\/\/mat.travelblox.eu\/wp-content\/smush-webp\/sites\/68\/2025\/08\/MAT25_DriesVdb_WEB-109-scaled.jpg.webp 1440w, https:\/\/mat.travelblox.eu\/wp-content\/smush-webp\/sites\/68\/2025\/08\/MAT25_DriesVdb_WEB-109-169x300.jpg.webp 169w, https:\/\/mat.travelblox.eu\/wp-content\/smush-webp\/sites\/68\/2025\/08\/MAT25_DriesVdb_WEB-109-576x1024.jpg.webp 576w, https:\/\/mat.travelblox.eu\/wp-content\/smush-webp\/sites\/68\/2025\/08\/MAT25_DriesVdb_WEB-109-768x1365.jpg.webp 768w, https:\/\/mat.travelblox.eu\/wp-content\/smush-webp\/sites\/68\/2025\/08\/MAT25_DriesVdb_WEB-109-864x1536.jpg.webp 864w, https:\/\/mat.travelblox.eu\/wp-content\/smush-webp\/sites\/68\/2025\/08\/MAT25_DriesVdb_WEB-109-1152x2048.jpg.webp 1152w, https:\/\/mat.travelblox.eu\/wp-content\/smush-webp\/sites\/68\/2025\/08\/MAT25_DriesVdb_WEB-109-7x12.jpg.webp 7w' sizes=\"auto, (max-width: 1440px) 100vw, 1440px\" style='object-position:50% 50%' loading='lazy' decoding='async' data-smush-webp-fallback=\"{&quot;src&quot;:&quot;https:\\\/\\\/mat.travelblox.eu\\\/wp-content\\\/uploads\\\/sites\\\/68\\\/2025\\\/08\\\/MAT25_DriesVdb_WEB-109-scaled.jpg&quot;,&quot;srcset&quot;:&quot;https:\\\/\\\/mat.travelblox.eu\\\/wp-content\\\/uploads\\\/sites\\\/68\\\/2025\\\/08\\\/MAT25_DriesVdb_WEB-109-scaled.jpg 1440w, https:\\\/\\\/mat.travelblox.eu\\\/wp-content\\\/uploads\\\/sites\\\/68\\\/2025\\\/08\\\/MAT25_DriesVdb_WEB-109-169x300.jpg 169w, https:\\\/\\\/mat.travelblox.eu\\\/wp-content\\\/uploads\\\/sites\\\/68\\\/2025\\\/08\\\/MAT25_DriesVdb_WEB-109-576x1024.jpg 576w, https:\\\/\\\/mat.travelblox.eu\\\/wp-content\\\/uploads\\\/sites\\\/68\\\/2025\\\/08\\\/MAT25_DriesVdb_WEB-109-768x1365.jpg 768w, https:\\\/\\\/mat.travelblox.eu\\\/wp-content\\\/uploads\\\/sites\\\/68\\\/2025\\\/08\\\/MAT25_DriesVdb_WEB-109-864x1536.jpg 864w, https:\\\/\\\/mat.travelblox.eu\\\/wp-content\\\/uploads\\\/sites\\\/68\\\/2025\\\/08\\\/MAT25_DriesVdb_WEB-109-1152x2048.jpg 1152w, https:\\\/\\\/mat.travelblox.eu\\\/wp-content\\\/uploads\\\/sites\\\/68\\\/2025\\\/08\\\/MAT25_DriesVdb_WEB-109-7x12.jpg 7w&quot;}\">\t\t\t\t\t\t\t\t\t<\/figure>\n\t\t\t<\/div>\n\t\t<\/div>\n\t\t\t<div class=\"entry\">\n\t\t\t<div class=\"tb-image-part\">\n\t\t\t\t<figure>\n\t\t\t\t\t<img src='https:\/\/mat.travelblox.eu\/wp-content\/smush-webp\/sites\/68\/2025\/11\/Siliquini-TheMadeiraTrail-240317-0013.jpg.webp' width='1024' height='767' alt='Madeira wandern - Wandern auf Madeira - Rando auf Madeira - Hiking in Madeira' srcset='https:\/\/mat.travelblox.eu\/wp-content\/smush-webp\/sites\/68\/2025\/11\/Siliquini-TheMadeiraTrail-240317-0013.jpg.webp 1024w, https:\/\/mat.travelblox.eu\/wp-content\/smush-webp\/sites\/68\/2025\/11\/Siliquini-TheMadeiraTrail-240317-0013-300x225.jpg.webp 300w, https:\/\/mat.travelblox.eu\/wp-content\/smush-webp\/sites\/68\/2025\/11\/Siliquini-TheMadeiraTrail-240317-0013-768x575.jpg.webp 768w, https:\/\/mat.travelblox.eu\/wp-content\/smush-webp\/sites\/68\/2025\/11\/Siliquini-TheMadeiraTrail-240317-0013-16x12.jpg.webp 16w' sizes=\"auto, (max-width: 1024px) 100vw, 1024px\" style='object-position:50% 50%' loading='lazy' decoding='async' data-smush-webp-fallback=\"{&quot;src&quot;:&quot;https:\\\/\\\/mat.travelblox.eu\\\/wp-content\\\/uploads\\\/sites\\\/68\\\/2025\\\/11\\\/Siliquini-TheMadeiraTrail-240317-0013.jpg&quot;,&quot;srcset&quot;:&quot;https:\\\/\\\/mat.travelblox.eu\\\/wp-content\\\/uploads\\\/sites\\\/68\\\/2025\\\/11\\\/Siliquini-TheMadeiraTrail-240317-0013.jpg 1024w, https:\\\/\\\/mat.travelblox.eu\\\/wp-content\\\/uploads\\\/sites\\\/68\\\/2025\\\/11\\\/Siliquini-TheMadeiraTrail-240317-0013-300x225.jpg 300w, https:\\\/\\\/mat.travelblox.eu\\\/wp-content\\\/uploads\\\/sites\\\/68\\\/2025\\\/11\\\/Siliquini-TheMadeiraTrail-240317-0013-768x575.jpg 768w, https:\\\/\\\/mat.travelblox.eu\\\/wp-content\\\/uploads\\\/sites\\\/68\\\/2025\\\/11\\\/Siliquini-TheMadeiraTrail-240317-0013-16x12.jpg 16w&quot;}\">\t\t\t\t\t\t\t\t\t<\/figure>\n\t\t\t<\/div>\n\t\t<\/div>\n\t\t\t\t\t<\/div>\n\t\t\t\t<div class=\"tb-carousel-nav\">\n\t\t<div class=\"dots\">\n\t\t\t<div class=\"dot active\"><\/div>\n\t\t\t<div class=\"dot\"><\/div>\n\t\t\t<div class=\"dot\"><\/div>\n\t\t<\/div>\n\t\t<div class=\"arrows\">\n\t\t\t<div class=\"prev disabled\">\n\t\t\t\t<span><i class=\"fa fa-chevron-left\"><\/i><\/span>\n\t\t\t<\/div>\n\t\t\t<div class=\"next\">\n\t\t\t\t<span><i class=\"fa fa-chevron-right\"><\/i><\/span>\n\t\t\t<\/div>\n\t\t<\/div>\n\t<\/div>\n\t\t\t<\/div>\n\t<\/div>\n\t\t\t\t\t\t\t<\/div>\n\t\t\t\t<\/div>\n\t\t\t<\/div>\n\t\t<\/div>\n\t\t<div class=\"mobile\">\n\t\t\t<div class=\"tb-image-part\">\n\t\t\t\t\t\t<div class=\"inner-block-full-width has-tb-carousel tb-carousel-slider\" >\n\t\t<div class=\"tb-carousel-container\">\n\t\t\t<div class=\"entries tb-cards\" data-slider-first=\"0\">\n\t\t\t\t\t\t\t<div class=\"entry\">\n\t\t\t<div class=\"tb-image-part\">\n\t\t\t\t<figure>\n\t\t\t\t\t<img src='https:\/\/mat.travelblox.eu\/wp-content\/smush-webp\/sites\/68\/2025\/02\/Siliquini-TheMadeiraTrail-240317-6237-768x512.jpg.webp' width='768' height='512' alt='Madeira wandern - Wandern auf Madeira - Rando auf Madeira - Hiking in Madeira' srcset='https:\/\/mat.travelblox.eu\/wp-content\/smush-webp\/sites\/68\/2025\/02\/Siliquini-TheMadeiraTrail-240317-6237-768x512.jpg.webp 768w, https:\/\/mat.travelblox.eu\/wp-content\/smush-webp\/sites\/68\/2025\/02\/Siliquini-TheMadeiraTrail-240317-6237-300x200.jpg.webp 300w, https:\/\/mat.travelblox.eu\/wp-content\/smush-webp\/sites\/68\/2025\/02\/Siliquini-TheMadeiraTrail-240317-6237-1024x683.jpg.webp 1024w, https:\/\/mat.travelblox.eu\/wp-content\/smush-webp\/sites\/68\/2025\/02\/Siliquini-TheMadeiraTrail-240317-6237-18x12.jpg.webp 18w, https:\/\/mat.travelblox.eu\/wp-content\/smush-webp\/sites\/68\/2025\/02\/Siliquini-TheMadeiraTrail-240317-6237.jpg.webp 1500w' sizes=\"auto, (max-width: 768px) 100vw, 768px\" style='object-position:50% 50%' loading='lazy' decoding='async' data-smush-webp-fallback=\"{&quot;src&quot;:&quot;https:\\\/\\\/mat.travelblox.eu\\\/wp-content\\\/uploads\\\/sites\\\/68\\\/2025\\\/02\\\/Siliquini-TheMadeiraTrail-240317-6237-768x512.jpg&quot;,&quot;srcset&quot;:&quot;https:\\\/\\\/mat.travelblox.eu\\\/wp-content\\\/uploads\\\/sites\\\/68\\\/2025\\\/02\\\/Siliquini-TheMadeiraTrail-240317-6237-768x512.jpg 768w, https:\\\/\\\/mat.travelblox.eu\\\/wp-content\\\/uploads\\\/sites\\\/68\\\/2025\\\/02\\\/Siliquini-TheMadeiraTrail-240317-6237-300x200.jpg 300w, https:\\\/\\\/mat.travelblox.eu\\\/wp-content\\\/uploads\\\/sites\\\/68\\\/2025\\\/02\\\/Siliquini-TheMadeiraTrail-240317-6237-1024x683.jpg 1024w, https:\\\/\\\/mat.travelblox.eu\\\/wp-content\\\/uploads\\\/sites\\\/68\\\/2025\\\/02\\\/Siliquini-TheMadeiraTrail-240317-6237-18x12.jpg 18w, https:\\\/\\\/mat.travelblox.eu\\\/wp-content\\\/uploads\\\/sites\\\/68\\\/2025\\\/02\\\/Siliquini-TheMadeiraTrail-240317-6237.jpg 1500w&quot;}\">\t\t\t\t\t\t\t\t\t<\/figure>\n\t\t\t<\/div>\n\t\t<\/div>\n\t\t\t<div class=\"entry\">\n\t\t\t<div class=\"tb-image-part\">\n\t\t\t\t<figure>\n\t\t\t\t\t<img src='https:\/\/mat.travelblox.eu\/wp-content\/smush-webp\/sites\/68\/2025\/08\/MAT25_DriesVdb_WEB-109-768x1365.jpg.webp' width='768' height='1365' alt='Wanderwege auf Madeira' srcset='https:\/\/mat.travelblox.eu\/wp-content\/smush-webp\/sites\/68\/2025\/08\/MAT25_DriesVdb_WEB-109-768x1365.jpg.webp 768w, https:\/\/mat.travelblox.eu\/wp-content\/smush-webp\/sites\/68\/2025\/08\/MAT25_DriesVdb_WEB-109-169x300.jpg.webp 169w, https:\/\/mat.travelblox.eu\/wp-content\/smush-webp\/sites\/68\/2025\/08\/MAT25_DriesVdb_WEB-109-576x1024.jpg.webp 576w, https:\/\/mat.travelblox.eu\/wp-content\/smush-webp\/sites\/68\/2025\/08\/MAT25_DriesVdb_WEB-109-864x1536.jpg.webp 864w, https:\/\/mat.travelblox.eu\/wp-content\/smush-webp\/sites\/68\/2025\/08\/MAT25_DriesVdb_WEB-109-1152x2048.jpg.webp 1152w, https:\/\/mat.travelblox.eu\/wp-content\/smush-webp\/sites\/68\/2025\/08\/MAT25_DriesVdb_WEB-109-7x12.jpg.webp 7w, https:\/\/mat.travelblox.eu\/wp-content\/smush-webp\/sites\/68\/2025\/08\/MAT25_DriesVdb_WEB-109-scaled.jpg.webp 1440w' sizes=\"auto, (max-width: 768px) 100vw, 768px\" style='object-position:50% 50%' loading='lazy' decoding='async' data-smush-webp-fallback=\"{&quot;src&quot;:&quot;https:\\\/\\\/mat.travelblox.eu\\\/wp-content\\\/uploads\\\/sites\\\/68\\\/2025\\\/08\\\/MAT25_DriesVdb_WEB-109-768x1365.jpg&quot;,&quot;srcset&quot;:&quot;https:\\\/\\\/mat.travelblox.eu\\\/wp-content\\\/uploads\\\/sites\\\/68\\\/2025\\\/08\\\/MAT25_DriesVdb_WEB-109-768x1365.jpg 768w, https:\\\/\\\/mat.travelblox.eu\\\/wp-content\\\/uploads\\\/sites\\\/68\\\/2025\\\/08\\\/MAT25_DriesVdb_WEB-109-169x300.jpg 169w, https:\\\/\\\/mat.travelblox.eu\\\/wp-content\\\/uploads\\\/sites\\\/68\\\/2025\\\/08\\\/MAT25_DriesVdb_WEB-109-576x1024.jpg 576w, https:\\\/\\\/mat.travelblox.eu\\\/wp-content\\\/uploads\\\/sites\\\/68\\\/2025\\\/08\\\/MAT25_DriesVdb_WEB-109-864x1536.jpg 864w, https:\\\/\\\/mat.travelblox.eu\\\/wp-content\\\/uploads\\\/sites\\\/68\\\/2025\\\/08\\\/MAT25_DriesVdb_WEB-109-1152x2048.jpg 1152w, https:\\\/\\\/mat.travelblox.eu\\\/wp-content\\\/uploads\\\/sites\\\/68\\\/2025\\\/08\\\/MAT25_DriesVdb_WEB-109-7x12.jpg 7w, https:\\\/\\\/mat.travelblox.eu\\\/wp-content\\\/uploads\\\/sites\\\/68\\\/2025\\\/08\\\/MAT25_DriesVdb_WEB-109-scaled.jpg 1440w&quot;}\">\t\t\t\t\t\t\t\t\t<\/figure>\n\t\t\t<\/div>\n\t\t<\/div>\n\t\t\t<div class=\"entry\">\n\t\t\t<div class=\"tb-image-part\">\n\t\t\t\t<figure>\n\t\t\t\t\t<img src='https:\/\/mat.travelblox.eu\/wp-content\/smush-webp\/sites\/68\/2025\/11\/Siliquini-TheMadeiraTrail-240317-0013-768x575.jpg.webp' width='768' height='575' alt='Madeira wandern - Wandern auf Madeira - Rando auf Madeira - Hiking in Madeira' srcset='https:\/\/mat.travelblox.eu\/wp-content\/smush-webp\/sites\/68\/2025\/11\/Siliquini-TheMadeiraTrail-240317-0013-768x575.jpg.webp 768w, https:\/\/mat.travelblox.eu\/wp-content\/smush-webp\/sites\/68\/2025\/11\/Siliquini-TheMadeiraTrail-240317-0013-300x225.jpg.webp 300w, https:\/\/mat.travelblox.eu\/wp-content\/smush-webp\/sites\/68\/2025\/11\/Siliquini-TheMadeiraTrail-240317-0013-16x12.jpg.webp 16w, https:\/\/mat.travelblox.eu\/wp-content\/smush-webp\/sites\/68\/2025\/11\/Siliquini-TheMadeiraTrail-240317-0013.jpg.webp 1024w' sizes=\"auto, (max-width: 768px) 100vw, 768px\" style='object-position:50% 50%' loading='lazy' decoding='async' data-smush-webp-fallback=\"{&quot;src&quot;:&quot;https:\\\/\\\/mat.travelblox.eu\\\/wp-content\\\/uploads\\\/sites\\\/68\\\/2025\\\/11\\\/Siliquini-TheMadeiraTrail-240317-0013-768x575.jpg&quot;,&quot;srcset&quot;:&quot;https:\\\/\\\/mat.travelblox.eu\\\/wp-content\\\/uploads\\\/sites\\\/68\\\/2025\\\/11\\\/Siliquini-TheMadeiraTrail-240317-0013-768x575.jpg 768w, https:\\\/\\\/mat.travelblox.eu\\\/wp-content\\\/uploads\\\/sites\\\/68\\\/2025\\\/11\\\/Siliquini-TheMadeiraTrail-240317-0013-300x225.jpg 300w, https:\\\/\\\/mat.travelblox.eu\\\/wp-content\\\/uploads\\\/sites\\\/68\\\/2025\\\/11\\\/Siliquini-TheMadeiraTrail-240317-0013-16x12.jpg 16w, https:\\\/\\\/mat.travelblox.eu\\\/wp-content\\\/uploads\\\/sites\\\/68\\\/2025\\\/11\\\/Siliquini-TheMadeiraTrail-240317-0013.jpg 1024w&quot;}\">\t\t\t\t\t\t\t\t\t<\/figure>\n\t\t\t<\/div>\n\t\t<\/div>\n\t\t\t\t\t<\/div>\n\t\t\t\t<div class=\"tb-carousel-nav\">\n\t\t<div class=\"dots\">\n\t\t\t<div class=\"dot active\"><\/div>\n\t\t\t<div class=\"dot\"><\/div>\n\t\t\t<div class=\"dot\"><\/div>\n\t\t<\/div>\n\t\t<div class=\"arrows\">\n\t\t\t<div class=\"prev disabled\">\n\t\t\t\t<span><i class=\"fa fa-chevron-left\"><\/i><\/span>\n\t\t\t<\/div>\n\t\t\t<div class=\"next\">\n\t\t\t\t<span><i class=\"fa fa-chevron-right\"><\/i><\/span>\n\t\t\t<\/div>\n\t\t<\/div>\n\t<\/div>\n\t\t\t<\/div>\n\t<\/div>\n\t\t\t\t\t<\/div>\n\t\t<\/div>\n\t<\/div>\n<\/div>\n\n\n\n<div class=\"tb-textimage2 tb-block align-left background-light pattern-none variant-text_first tb-collapsible-margins\" id=\"Concept\">\n\t<div class=\"inner-block tb-fade-in\">\n\n\t\t\n\t\t\t\t<div class=\"tb-columns\">\n\t\t\t<div class=\"tb-column\">\n\t\t\t\t<div class=\"tb-text-part\">\n\t\t\t\t\t<h2>Wanderurlaub auf der Blumeninsel Madeira<\/h2>\n\t\t\t\t\t\t<div class=\"translation-block tb-wysiwyg-part\"><p>Madeira liegt mitten im Atlantik, <strong>1.000 Kilometer vom portugiesischen Festland<\/strong> entfernt. Die Insel wird \"Blumeninsel\" genannt \u2013 Strelitzien, Hortensien und Agapanthus wachsen hier \u00fcberall, in leuchtenden Farben.<\/p><p>Die Berge steigen steil aus dem Meer auf <strong>\u00fcber 1.800 Meter<\/strong>. Mildes Klima das ganze Jahr. Oben Nebelw\u00e4lder und Vulkanlandschaft, unten schwarze Lavaklippen und das Atlantikblau.<\/p><p>Unsere Wanderreise f\u00fchrt dich in <strong>einer Woche<\/strong> zum <strong>Pico Ruivo<\/strong>, entlang historischer <strong>Levadas<\/strong> durchs Hochland und zu abgelegenen Buchten an der Nordk\u00fcste. Selbstgef\u00fchrt, <strong>mit allem, was du brauchst<\/strong>.<\/p><\/div>\n\t\t\t\t\t\t\t\t\t\t\t<div class=\"tb-buttons-part\">\n\t\t\t\t\t\t\t\t<a href=\"#join\"  target=\"\" class=\"tb-button\">\n\t\t\tUnverbindlich vorregistrieren\t\t<\/a>\n\t\t\t\t\t\t\t\t\t\t<a href=\"#practical-1\"  target=\"\" class=\"tb-buttonlink\">\n\t\t\tMehr Informationen\t\t<\/a>\n\t\t\t\t\t\t\t<\/div>\n\t\t\t\t<\/div>\n\t\t\t<\/div>\n\t\t\t<div class=\"tb-column\">\n\t\t\t\t\t\t\t\t\t\t\t\t\t\t\t<div class=\"tb-image-part\">\n\t\t\t\t\t\t\t<img src='https:\/\/mat.travelblox.eu\/wp-content\/smush-webp\/sites\/68\/2026\/04\/MAT25_DriesVdb_WEB-95-768x960.jpg.webp' width='768' height='960' srcset='https:\/\/mat.travelblox.eu\/wp-content\/smush-webp\/sites\/68\/2026\/04\/MAT25_DriesVdb_WEB-95-768x960.jpg.webp 768w, https:\/\/mat.travelblox.eu\/wp-content\/smush-webp\/sites\/68\/2026\/04\/MAT25_DriesVdb_WEB-95-240x300.jpg.webp 240w, https:\/\/mat.travelblox.eu\/wp-content\/smush-webp\/sites\/68\/2026\/04\/MAT25_DriesVdb_WEB-95-819x1024.jpg.webp 819w, https:\/\/mat.travelblox.eu\/wp-content\/smush-webp\/sites\/68\/2026\/04\/MAT25_DriesVdb_WEB-95-1229x1536.jpg.webp 1229w, https:\/\/mat.travelblox.eu\/wp-content\/smush-webp\/sites\/68\/2026\/04\/MAT25_DriesVdb_WEB-95-1638x2048.jpg.webp 1638w, https:\/\/mat.travelblox.eu\/wp-content\/smush-webp\/sites\/68\/2026\/04\/MAT25_DriesVdb_WEB-95-10x12.jpg.webp 10w, https:\/\/mat.travelblox.eu\/wp-content\/smush-webp\/sites\/68\/2026\/04\/MAT25_DriesVdb_WEB-95-scaled.jpg.webp 2048w' sizes=\"auto, (max-width: 768px) 100vw, 768px\" loading='lazy' decoding='async' data-smush-webp-fallback=\"{&quot;src&quot;:&quot;https:\\\/\\\/mat.travelblox.eu\\\/wp-content\\\/uploads\\\/sites\\\/68\\\/2026\\\/04\\\/MAT25_DriesVdb_WEB-95-768x960.jpg&quot;,&quot;srcset&quot;:&quot;https:\\\/\\\/mat.travelblox.eu\\\/wp-content\\\/uploads\\\/sites\\\/68\\\/2026\\\/04\\\/MAT25_DriesVdb_WEB-95-768x960.jpg 768w, https:\\\/\\\/mat.travelblox.eu\\\/wp-content\\\/uploads\\\/sites\\\/68\\\/2026\\\/04\\\/MAT25_DriesVdb_WEB-95-240x300.jpg 240w, https:\\\/\\\/mat.travelblox.eu\\\/wp-content\\\/uploads\\\/sites\\\/68\\\/2026\\\/04\\\/MAT25_DriesVdb_WEB-95-819x1024.jpg 819w, https:\\\/\\\/mat.travelblox.eu\\\/wp-content\\\/uploads\\\/sites\\\/68\\\/2026\\\/04\\\/MAT25_DriesVdb_WEB-95-1229x1536.jpg 1229w, https:\\\/\\\/mat.travelblox.eu\\\/wp-content\\\/uploads\\\/sites\\\/68\\\/2026\\\/04\\\/MAT25_DriesVdb_WEB-95-1638x2048.jpg 1638w, https:\\\/\\\/mat.travelblox.eu\\\/wp-content\\\/uploads\\\/sites\\\/68\\\/2026\\\/04\\\/MAT25_DriesVdb_WEB-95-10x12.jpg 10w, https:\\\/\\\/mat.travelblox.eu\\\/wp-content\\\/uploads\\\/sites\\\/68\\\/2026\\\/04\\\/MAT25_DriesVdb_WEB-95-scaled.jpg 2048w&quot;}\">\t\t\t\t\t\t<\/div>\n\t\t\t\t\t\t\t\t\t\t\t\t<\/div>\n\t\t<\/div>\n\t<\/div>\n<\/div>\n\n\n<div class=\"tb-textimage2 tb-block align-left background-dark pattern-none variant-image_first tb-collapsible-margins\" id=\"textimage2\">\n\t<div class=\"inner-block tb-fade-in\">\n\n\t\t\n\t\t\t\t<div class=\"tb-columns\">\n\t\t\t<div class=\"tb-column\">\n\t\t\t\t<div class=\"tb-text-part\">\n\t\t\t\t\t<h2>Die Route<\/h2>\n\t\t\t\t\t\t<div class=\"translation-block tb-wysiwyg-part\"><p>Unsere Route f\u00fchrt dich quer durch Madeira: <strong>von West nach Ost<\/strong>, vom Hochgebirge bis zur K\u00fcste.<\/p><p>Du folgst den ber\u00fchmten <strong>Levadas<\/strong> \u2013 den historischen Bew\u00e4sserungskan\u00e4len, die sich an Bergh\u00e4ngen entlangschl\u00e4ngeln. Du l\u00e4ufst durch den <strong>Fanal-Wald<\/strong>, einen uralten Lorbeerwald unter UNESCO-Schutz, wo knorrige B\u00e4ume im Nebel stehen. Und du steigst auf Vulkank\u00e4mme, von denen aus du den Atlantik in alle Richtungen siehst.<\/p><p><strong>F\u00fcnf Tage selbstgef\u00fchrtes Wandern mit Rucksack.<\/strong> Jeden Abend erreichst du deine Unterkunft \u2013 Hotel oder Refugio.<\/p><\/div>\n\t\t\t\t\t\t\t\t\t\t\t<div class=\"tb-buttons-part\">\n\t\t\t\t\t\t\t\t\t\t\t\t\t\t\t\t\t<\/div>\n\t\t\t\t<\/div>\n\t\t\t<\/div>\n\t\t\t<div class=\"tb-column\">\n\t\t\t\t\t\t\t\t\t\t\t\t\t\t\t<div class=\"tb-image-part\">\n\t\t\t\t\t\t\t\t\t<div class=\"inner-block-full-width has-tb-carousel tb-carousel-slider\" >\n\t\t<div class=\"tb-carousel-container\">\n\t\t\t<div class=\"entries tb-cards\" data-slider-first=\"0\">\n\t\t\t\t\t\t\t<div class=\"entry\">\n\t\t\t<div class=\"tb-image-part\">\n\t\t\t\t<figure>\n\t\t\t\t\t<img src='https:\/\/mat.travelblox.eu\/wp-content\/smush-webp\/sites\/68\/2024\/09\/Siliquini-TheMadeiraTrail-240317-5867-768x512.jpg.webp' width='768' height='512' alt='Wandern auf Madeira - Hiking in Madeira - Randonner \u00e0 Mad\u00e8re - Hike Madeira' srcset='https:\/\/mat.travelblox.eu\/wp-content\/smush-webp\/sites\/68\/2024\/09\/Siliquini-TheMadeiraTrail-240317-5867-768x512.jpg.webp 768w, https:\/\/mat.travelblox.eu\/wp-content\/smush-webp\/sites\/68\/2024\/09\/Siliquini-TheMadeiraTrail-240317-5867-300x200.jpg.webp 300w, https:\/\/mat.travelblox.eu\/wp-content\/smush-webp\/sites\/68\/2024\/09\/Siliquini-TheMadeiraTrail-240317-5867-1024x683.jpg.webp 1024w, https:\/\/mat.travelblox.eu\/wp-content\/smush-webp\/sites\/68\/2024\/09\/Siliquini-TheMadeiraTrail-240317-5867-1536x1024.jpg.webp 1536w, https:\/\/mat.travelblox.eu\/wp-content\/smush-webp\/sites\/68\/2024\/09\/Siliquini-TheMadeiraTrail-240317-5867-18x12.jpg.webp 18w, https:\/\/mat.travelblox.eu\/wp-content\/smush-webp\/sites\/68\/2024\/09\/Siliquini-TheMadeiraTrail-240317-5867.jpg.webp 2048w' sizes=\"auto, (max-width: 768px) 100vw, 768px\" style='object-position:50% 50%' loading='lazy' decoding='async' data-smush-webp-fallback=\"{&quot;src&quot;:&quot;https:\\\/\\\/mat.travelblox.eu\\\/wp-content\\\/uploads\\\/sites\\\/68\\\/2024\\\/09\\\/Siliquini-TheMadeiraTrail-240317-5867-768x512.jpg&quot;,&quot;srcset&quot;:&quot;https:\\\/\\\/mat.travelblox.eu\\\/wp-content\\\/uploads\\\/sites\\\/68\\\/2024\\\/09\\\/Siliquini-TheMadeiraTrail-240317-5867-768x512.jpg 768w, https:\\\/\\\/mat.travelblox.eu\\\/wp-content\\\/uploads\\\/sites\\\/68\\\/2024\\\/09\\\/Siliquini-TheMadeiraTrail-240317-5867-300x200.jpg 300w, https:\\\/\\\/mat.travelblox.eu\\\/wp-content\\\/uploads\\\/sites\\\/68\\\/2024\\\/09\\\/Siliquini-TheMadeiraTrail-240317-5867-1024x683.jpg 1024w, https:\\\/\\\/mat.travelblox.eu\\\/wp-content\\\/uploads\\\/sites\\\/68\\\/2024\\\/09\\\/Siliquini-TheMadeiraTrail-240317-5867-1536x1024.jpg 1536w, https:\\\/\\\/mat.travelblox.eu\\\/wp-content\\\/uploads\\\/sites\\\/68\\\/2024\\\/09\\\/Siliquini-TheMadeiraTrail-240317-5867-18x12.jpg 18w, https:\\\/\\\/mat.travelblox.eu\\\/wp-content\\\/uploads\\\/sites\\\/68\\\/2024\\\/09\\\/Siliquini-TheMadeiraTrail-240317-5867.jpg 2048w&quot;}\">\t\t\t\t\t\t\t\t\t\t\t\t\t\t\t\t\t\t\t\t\t\t\t\t\t\t<\/figure>\n\t\t\t<\/div>\n\t\t<\/div>\n\t\t\t<div class=\"entry\">\n\t\t\t<div class=\"tb-image-part\">\n\t\t\t\t<figure>\n\t\t\t\t\t<img src='https:\/\/mat.travelblox.eu\/wp-content\/smush-webp\/sites\/68\/2024\/03\/Siliquini-MadeiraTrail-240321-1083-768x512.jpeg.webp' width='768' height='512' alt='Wandern auf Madeira - Hiking in Madeira - Randonner \u00e0 Mad\u00e8re - Hike Madeira' srcset='https:\/\/mat.travelblox.eu\/wp-content\/smush-webp\/sites\/68\/2024\/03\/Siliquini-MadeiraTrail-240321-1083-768x512.jpeg.webp 768w, https:\/\/mat.travelblox.eu\/wp-content\/smush-webp\/sites\/68\/2024\/03\/Siliquini-MadeiraTrail-240321-1083-300x200.jpeg.webp 300w, https:\/\/mat.travelblox.eu\/wp-content\/smush-webp\/sites\/68\/2024\/03\/Siliquini-MadeiraTrail-240321-1083-1024x683.jpeg.webp 1024w, https:\/\/mat.travelblox.eu\/wp-content\/smush-webp\/sites\/68\/2024\/03\/Siliquini-MadeiraTrail-240321-1083-1536x1024.jpeg.webp 1536w, https:\/\/mat.travelblox.eu\/wp-content\/smush-webp\/sites\/68\/2024\/03\/Siliquini-MadeiraTrail-240321-1083-18x12.jpeg.webp 18w, https:\/\/mat.travelblox.eu\/wp-content\/smush-webp\/sites\/68\/2024\/03\/Siliquini-MadeiraTrail-240321-1083.jpeg.webp 2048w' sizes=\"auto, (max-width: 768px) 100vw, 768px\" style='object-position:50% 50%' loading='lazy' decoding='async' data-smush-webp-fallback=\"{&quot;src&quot;:&quot;https:\\\/\\\/mat.travelblox.eu\\\/wp-content\\\/uploads\\\/sites\\\/68\\\/2024\\\/03\\\/Siliquini-MadeiraTrail-240321-1083-768x512.jpeg&quot;,&quot;srcset&quot;:&quot;https:\\\/\\\/mat.travelblox.eu\\\/wp-content\\\/uploads\\\/sites\\\/68\\\/2024\\\/03\\\/Siliquini-MadeiraTrail-240321-1083-768x512.jpeg 768w, https:\\\/\\\/mat.travelblox.eu\\\/wp-content\\\/uploads\\\/sites\\\/68\\\/2024\\\/03\\\/Siliquini-MadeiraTrail-240321-1083-300x200.jpeg 300w, https:\\\/\\\/mat.travelblox.eu\\\/wp-content\\\/uploads\\\/sites\\\/68\\\/2024\\\/03\\\/Siliquini-MadeiraTrail-240321-1083-1024x683.jpeg 1024w, https:\\\/\\\/mat.travelblox.eu\\\/wp-content\\\/uploads\\\/sites\\\/68\\\/2024\\\/03\\\/Siliquini-MadeiraTrail-240321-1083-1536x1024.jpeg 1536w, https:\\\/\\\/mat.travelblox.eu\\\/wp-content\\\/uploads\\\/sites\\\/68\\\/2024\\\/03\\\/Siliquini-MadeiraTrail-240321-1083-18x12.jpeg 18w, https:\\\/\\\/mat.travelblox.eu\\\/wp-content\\\/uploads\\\/sites\\\/68\\\/2024\\\/03\\\/Siliquini-MadeiraTrail-240321-1083.jpeg 2048w&quot;}\">\t\t\t\t\t\t\t\t\t\t\t\t\t\t\t\t\t\t\t\t\t\t\t\t\t\t<\/figure>\n\t\t\t<\/div>\n\t\t<\/div>\n\t\t\t<div class=\"entry\">\n\t\t\t<div class=\"tb-image-part\">\n\t\t\t\t<figure>\n\t\t\t\t\t<img src='https:\/\/mat.travelblox.eu\/wp-content\/smush-webp\/sites\/68\/2024\/03\/Siliquini-MadeiraTrail-240319-0072-768x575.jpeg.webp' width='768' height='575' alt='Wandern auf Madeira - Hiking in Madeira - Randonner \u00e0 Mad\u00e8re - Hike Madeira' srcset='https:\/\/mat.travelblox.eu\/wp-content\/smush-webp\/sites\/68\/2024\/03\/Siliquini-MadeiraTrail-240319-0072-768x575.jpeg.webp 768w, https:\/\/mat.travelblox.eu\/wp-content\/smush-webp\/sites\/68\/2024\/03\/Siliquini-MadeiraTrail-240319-0072-300x225.jpeg.webp 300w, https:\/\/mat.travelblox.eu\/wp-content\/smush-webp\/sites\/68\/2024\/03\/Siliquini-MadeiraTrail-240319-0072-1024x767.jpeg.webp 1024w, https:\/\/mat.travelblox.eu\/wp-content\/smush-webp\/sites\/68\/2024\/03\/Siliquini-MadeiraTrail-240319-0072-1536x1151.jpeg.webp 1536w, https:\/\/mat.travelblox.eu\/wp-content\/smush-webp\/sites\/68\/2024\/03\/Siliquini-MadeiraTrail-240319-0072-16x12.jpeg.webp 16w, https:\/\/mat.travelblox.eu\/wp-content\/smush-webp\/sites\/68\/2024\/03\/Siliquini-MadeiraTrail-240319-0072.jpeg.webp 2048w' sizes=\"auto, (max-width: 768px) 100vw, 768px\" style='object-position:50% 50%' loading='lazy' decoding='async' data-smush-webp-fallback=\"{&quot;src&quot;:&quot;https:\\\/\\\/mat.travelblox.eu\\\/wp-content\\\/uploads\\\/sites\\\/68\\\/2024\\\/03\\\/Siliquini-MadeiraTrail-240319-0072-768x575.jpeg&quot;,&quot;srcset&quot;:&quot;https:\\\/\\\/mat.travelblox.eu\\\/wp-content\\\/uploads\\\/sites\\\/68\\\/2024\\\/03\\\/Siliquini-MadeiraTrail-240319-0072-768x575.jpeg 768w, https:\\\/\\\/mat.travelblox.eu\\\/wp-content\\\/uploads\\\/sites\\\/68\\\/2024\\\/03\\\/Siliquini-MadeiraTrail-240319-0072-300x225.jpeg 300w, https:\\\/\\\/mat.travelblox.eu\\\/wp-content\\\/uploads\\\/sites\\\/68\\\/2024\\\/03\\\/Siliquini-MadeiraTrail-240319-0072-1024x767.jpeg 1024w, https:\\\/\\\/mat.travelblox.eu\\\/wp-content\\\/uploads\\\/sites\\\/68\\\/2024\\\/03\\\/Siliquini-MadeiraTrail-240319-0072-1536x1151.jpeg 1536w, https:\\\/\\\/mat.travelblox.eu\\\/wp-content\\\/uploads\\\/sites\\\/68\\\/2024\\\/03\\\/Siliquini-MadeiraTrail-240319-0072-16x12.jpeg 16w, https:\\\/\\\/mat.travelblox.eu\\\/wp-content\\\/uploads\\\/sites\\\/68\\\/2024\\\/03\\\/Siliquini-MadeiraTrail-240319-0072.jpeg 2048w&quot;}\">\t\t\t\t\t\t\t\t\t\t\t\t\t\t\t\t\t\t\t\t\t\t\t\t\t\t<\/figure>\n\t\t\t<\/div>\n\t\t<\/div>\n\t\t\t<div class=\"entry\">\n\t\t\t<div class=\"tb-image-part\">\n\t\t\t\t<figure>\n\t\t\t\t\t<img src='https:\/\/mat.travelblox.eu\/wp-content\/smush-webp\/sites\/68\/2024\/03\/Siliquini-MadeiraTrail-240317-5686-768x512.jpeg.webp' width='768' height='512' alt='couple de randonneurs marchant dans une for\u00eat sur le trek \u00e0 mad\u00e8re Ein Paar wandert in Madeira' srcset='https:\/\/mat.travelblox.eu\/wp-content\/smush-webp\/sites\/68\/2024\/03\/Siliquini-MadeiraTrail-240317-5686-768x512.jpeg.webp 768w, https:\/\/mat.travelblox.eu\/wp-content\/smush-webp\/sites\/68\/2024\/03\/Siliquini-MadeiraTrail-240317-5686-300x200.jpeg.webp 300w, https:\/\/mat.travelblox.eu\/wp-content\/smush-webp\/sites\/68\/2024\/03\/Siliquini-MadeiraTrail-240317-5686-1024x683.jpeg.webp 1024w, https:\/\/mat.travelblox.eu\/wp-content\/smush-webp\/sites\/68\/2024\/03\/Siliquini-MadeiraTrail-240317-5686-1536x1024.jpeg.webp 1536w, https:\/\/mat.travelblox.eu\/wp-content\/smush-webp\/sites\/68\/2024\/03\/Siliquini-MadeiraTrail-240317-5686-18x12.jpeg.webp 18w, https:\/\/mat.travelblox.eu\/wp-content\/smush-webp\/sites\/68\/2024\/03\/Siliquini-MadeiraTrail-240317-5686.jpeg.webp 2048w' sizes=\"auto, (max-width: 768px) 100vw, 768px\" loading='lazy' decoding='async' data-smush-webp-fallback=\"{&quot;src&quot;:&quot;https:\\\/\\\/mat.travelblox.eu\\\/wp-content\\\/uploads\\\/sites\\\/68\\\/2024\\\/03\\\/Siliquini-MadeiraTrail-240317-5686-768x512.jpeg&quot;,&quot;srcset&quot;:&quot;https:\\\/\\\/mat.travelblox.eu\\\/wp-content\\\/uploads\\\/sites\\\/68\\\/2024\\\/03\\\/Siliquini-MadeiraTrail-240317-5686-768x512.jpeg 768w, https:\\\/\\\/mat.travelblox.eu\\\/wp-content\\\/uploads\\\/sites\\\/68\\\/2024\\\/03\\\/Siliquini-MadeiraTrail-240317-5686-300x200.jpeg 300w, https:\\\/\\\/mat.travelblox.eu\\\/wp-content\\\/uploads\\\/sites\\\/68\\\/2024\\\/03\\\/Siliquini-MadeiraTrail-240317-5686-1024x683.jpeg 1024w, https:\\\/\\\/mat.travelblox.eu\\\/wp-content\\\/uploads\\\/sites\\\/68\\\/2024\\\/03\\\/Siliquini-MadeiraTrail-240317-5686-1536x1024.jpeg 1536w, https:\\\/\\\/mat.travelblox.eu\\\/wp-content\\\/uploads\\\/sites\\\/68\\\/2024\\\/03\\\/Siliquini-MadeiraTrail-240317-5686-18x12.jpeg 18w, https:\\\/\\\/mat.travelblox.eu\\\/wp-content\\\/uploads\\\/sites\\\/68\\\/2024\\\/03\\\/Siliquini-MadeiraTrail-240317-5686.jpeg 2048w&quot;}\">\t\t\t\t\t\t\t\t\t\t\t\t\t\t\t\t\t\t\t\t\t\t\t\t\t\t<\/figure>\n\t\t\t<\/div>\n\t\t<\/div>\n\t\t\t\t\t<\/div>\n\t\t\t\t<div class=\"tb-carousel-nav\">\n\t\t<div class=\"dots\">\n\t\t\t<div class=\"dot active\"><\/div>\n\t\t\t<div class=\"dot\"><\/div>\n\t\t\t<div class=\"dot\"><\/div>\n\t\t<\/div>\n\t\t<div class=\"arrows\">\n\t\t\t<div class=\"prev disabled\">\n\t\t\t\t<span><i class=\"fa fa-chevron-left\"><\/i><\/span>\n\t\t\t<\/div>\n\t\t\t<div class=\"next\">\n\t\t\t\t<span><i class=\"fa fa-chevron-right\"><\/i><\/span>\n\t\t\t<\/div>\n\t\t<\/div>\n\t<\/div>\n\t\t\t<\/div>\n\t<\/div>\n\t\t\t\t\t\t\t\t<\/div>\n\t\t\t\t\t\t\t\t\t\t\t\t<\/div>\n\t\t<\/div>\n\t<\/div>\n<\/div>\n\n\n<div class=\"tb-dayschedule tb-block align-center background-light pattern-none variant-none tb-collapsible-margins\" id=\"route\">\n\n\t<div class=\"inner-block tb-fade-in tb-fade-in--subtle\">\n\t\t<div class=\"text-part\">\n\t\t\t<h2>Wanderprogramm Madeira Trail<\/h2>\n\t\t\t\t<div class=\"translation-block\"><p>Eine <strong>harmonische Wanderroute<\/strong> auf Madeira zu planen, erfordert genaue Kenntnisse der Region. Wir haben ein ma\u00dfgeschneidertes Programm zusammengestellt, mit dem du <strong>die sch\u00f6nsten Sch\u00e4tze der Insel<\/strong> in einer Woche entdeckst, einschlie\u00dflich <strong>f\u00fcnf Wandertagen<\/strong>.<\/p>\n<p>Damit du komfortabel und sicher unterwegs bist, k\u00f6nnen die Organisation und die Route je nach Wetterlage und Vorgaben der \u00f6rtlichen Beh\u00f6rden angepasst werden.<\/p>\n<p>Die Tage 1 bis 5 des Programms entsprechen deinen f\u00fcnf Wandertagen, die am Tag nach deiner Ankunft beginnen. <strong>Dein Ankunftstag f\u00e4llt<\/strong> hingegen auf <strong>den ersten Tag des im Kalender ausgew\u00e4hlten Zeitraums<\/strong>.<\/p><\/div>\n\t\t\t\t\t\t\t\t\t\t\t\t\t<\/div>\n\t<\/div>\n\t\t\t<div class=\"tb-sections\">\n\t\t\t\t\t\t\t\t\t\t\t\t\t<div class=\"inner-block-full-width has-tb-carousel tb-section\" id=\"route-section-0\">\n\t\t<div class=\"tb-carousel-container\">\n\t\t\t<div class=\"entries tb-cards\" data-slider-first=\"1\">\n\t\t\t\t\t\t\t\t\t\t\t\t\t\t\t<div class=\"tb-card entry tb-popup-trigger tb-unfold-on-hover\">\n\t\t\t\t\t\t\t<div class=\"tb-image-part\">\n\t\t\t\t\t\t\t\t<div class=\"tag\">\n\t\t\t\t\t\t\t\t\t<div>Anreisetag<\/div>\n\t\t\t\t\t\t\t\t<\/div>\n\n\t\t\t\t\t\t\t\t<img src='https:\/\/mat.travelblox.eu\/wp-content\/smush-webp\/sites\/68\/2024\/09\/Siliquini-TheMadeiraTrail-240323-2051-e1726652786263-768x628.jpg.webp' width='768' height='628' alt='Ankunft in Funchal - Altstadt Funchal - Ankunft in Funchal - Ankunft in Funchal' srcset='https:\/\/mat.travelblox.eu\/wp-content\/smush-webp\/sites\/68\/2024\/09\/Siliquini-TheMadeiraTrail-240323-2051-e1726652786263-768x628.jpg.webp 768w, https:\/\/mat.travelblox.eu\/wp-content\/smush-webp\/sites\/68\/2024\/09\/Siliquini-TheMadeiraTrail-240323-2051-e1726652786263-300x245.jpg.webp 300w, https:\/\/mat.travelblox.eu\/wp-content\/smush-webp\/sites\/68\/2024\/09\/Siliquini-TheMadeiraTrail-240323-2051-e1726652786263-1024x837.jpg.webp 1024w, https:\/\/mat.travelblox.eu\/wp-content\/smush-webp\/sites\/68\/2024\/09\/Siliquini-TheMadeiraTrail-240323-2051-e1726652786263-15x12.jpg.webp 15w, https:\/\/mat.travelblox.eu\/wp-content\/smush-webp\/sites\/68\/2024\/09\/Siliquini-TheMadeiraTrail-240323-2051-e1726652786263.jpg.webp 1365w' sizes=\"auto, (max-width: 768px) 100vw, 768px\" style='object-position:50% 50%' loading='lazy' decoding='async' data-smush-webp-fallback=\"{&quot;src&quot;:&quot;https:\\\/\\\/mat.travelblox.eu\\\/wp-content\\\/uploads\\\/sites\\\/68\\\/2024\\\/09\\\/Siliquini-TheMadeiraTrail-240323-2051-e1726652786263-768x628.jpg&quot;,&quot;srcset&quot;:&quot;https:\\\/\\\/mat.travelblox.eu\\\/wp-content\\\/uploads\\\/sites\\\/68\\\/2024\\\/09\\\/Siliquini-TheMadeiraTrail-240323-2051-e1726652786263-768x628.jpg 768w, https:\\\/\\\/mat.travelblox.eu\\\/wp-content\\\/uploads\\\/sites\\\/68\\\/2024\\\/09\\\/Siliquini-TheMadeiraTrail-240323-2051-e1726652786263-300x245.jpg 300w, https:\\\/\\\/mat.travelblox.eu\\\/wp-content\\\/uploads\\\/sites\\\/68\\\/2024\\\/09\\\/Siliquini-TheMadeiraTrail-240323-2051-e1726652786263-1024x837.jpg 1024w, https:\\\/\\\/mat.travelblox.eu\\\/wp-content\\\/uploads\\\/sites\\\/68\\\/2024\\\/09\\\/Siliquini-TheMadeiraTrail-240323-2051-e1726652786263-15x12.jpg 15w, https:\\\/\\\/mat.travelblox.eu\\\/wp-content\\\/uploads\\\/sites\\\/68\\\/2024\\\/09\\\/Siliquini-TheMadeiraTrail-240323-2051-e1726652786263.jpg 1365w&quot;}\">\t\t\t\t\t\t\t<\/div>\n\t\t\t\t\t\t\t<div class=\"tb-card-bottom-wrapper\">\n\t\t\t\t\t\t\t\t<div class=\"tb-card-bottom\">\n\n\t\t\t\t\t\t\t\t\t<span class=\"tb-card-bottom__title\">\n\t\t\t\t\t\t\t\t\t\t<span class=\"tb-card-bottom__place\">\n\t\t\t\t\t\t\t\t\t\t\tAnkunft in Madeira\t\t\t\t\t\t\t\t\t\t\t\t\t\t\t\t\t\t\t\t\t<\/span>\n\n\t\t\t\t\t\t\t\t\t<\/span>\n\t\t\t\t\t\t\t\t\t<div class=\"tb-card-bottom__content\">\n\t\t\t\t\t\t\t\t\t\t<div>\n\t\t\t\t\t\t\t\t\t\t\t\t\t\t\t\t\t\t\t\t\t\t\t\t\t\t\t<i class=\"icon fa-solid fa-bed fa-fw\" aria-hidden=\"true\"><\/i>\n\t\t\t  Enotel Magnolia\t\t\t\t\t\t\t\t\t\t\t\t\t\t\t\t\t\t\t\t\t<\/div>\n\t\t\t\t\t\t\t\t\t<\/div>\n\t\t\t\t\t\t\t\t\t<div class=\"tb-card-bottom__teaser tb-unfold-on-hover__content\" data-no-translation>\n\t\t\t\t\t\t\t\t\t\t\t\t\t\t\t\t\t\t\t\t\t\t\t\t\t\t\t\t\t\tNach der Landung am Flughafen geht es auf eigene Kosten mit Bus oder Taxi nach Funchal. Die Informat&#8230; <span class=\"link\">Mehr lesen<\/span>\t\t\t\t\t\t\t\t\t<\/div>\n\t\t\t\t\t\t\t\t<\/div>\n\n\t\t\t\t\t\t\t<\/div>\n\t\t\t\t\t\t\t<dialog class=\"tb-popup tb-popup-with-padding tb-dayschedule-popup-wrapper\">\n\t\t\t\t\t\t\t\t<div class=\"tb-dayschedule-popup\">\n\t\t\t\t\t\t\t\t\t<h4>\n\t\t\t\t\t\t\t\t\t\t\t\t\t\t\t\t\t\t\t\t\t\t\t\t\t\t\t\t\t\t\t<div>\n\t\t\t\t\t\t\t\t\t\t\t\t\t\t\t\t\t\t\t\t\t\t\t\t\tAnkunft in Madeira\t\t\t\t\t\t\t\t\t\t\t\t\t\t\t\t\t\t\t\t\t\t\t\t\t\t\t\t\t\t\t\t\t\t\t<\/div>\n\t\t\t\t\t\t\t\t\t\t\t\t\t\t\t\t\t\t\t<\/h4>\n\t\t\t\t\t\t\t\t\t<div class=\"tb-columns\">\n\t\t\t\t\t\t\t\t\t\t<div class=\"tb-column tb-column--text\">\n\t\t\t\t\t\t\t\t\t\t\t<div class=\"text-part\">\n\t\t\t\t\t\t\t\t\t\t\t\t\t\t\t\t\t\t\t\t\t\t\t\t\t<div class=\"tb-dayschedule-popup__icons\">\n\t\t\t\t\t\t\t\t\t\t\t\t\t\t\t\t\t\t\t\t\t\t\t\t\t\t\t\t\t\t\t\t\t\t\t\t\t\t\t\t\t\t\t<div class=\"tb-dayschedule-popup__icon\">\n\t\t\t\t\t\t\t\t\t\t\t\t\t\t\t\t\t\t\t\t<i class=\"icon fa-solid fa-bed fa-fw\" aria-hidden=\"true\"><\/i>\n\t\t\t\t\t\t\t\t\t\t\t\t\t\t\t\t\t\t\t<span>\n\t\t\t\t\t\t\t\t\t\t\t\t\t\t\t\t\t Enotel Magnolia\t\t\t\t\t\t\t\t\t\t\t\t\t\t\t\t<\/span>\n\t\t\t\t\t\t\t\t\t\t\t\t\t\t\t<\/div>\n\t\t\t\t\t\t\t\t\t\t\t\t\t\t\t\t\t\t\t\t\t\t\t\t\t\t\t<\/div>\n\t\t\t\t\t\t\t\t\t\t\t\t\n\t\t\t\t\t\t\t\t\t\t\t\t\n\t\t\t\t\t\t\t\t\t\t\t\t<div>\n\t\t\t\t\t\t\t\t\t\t\t\t\t<strong>Anreisetag<\/strong>\n\t\t\t\t\t\t\t\t\t\t\t\t\t\t<div class=\"translation-block\"><p>Nach der Landung am Flughafen geht es <strong>auf eigene Kosten mit Bus oder Taxi nach Funchal<\/strong>. Die Informationen dazu findest du in der App.<\/p><p>F\u00fcr die erste Nacht kannst du optional das <strong>Enotel Magnolia<\/strong> dazubuchen \u2013 zentral gelegen, mit Pool, Wellnessbereich und <strong>Fr\u00fchst\u00fcck inklusive<\/strong>. Alternativ kannst du auch selbst eine Unterkunft buchen und am n\u00e4chsten Morgen zur Gruppe dazusto\u00dfen.<\/p><p>Je nach Ankunftszeit kannst du das <strong>Zentrum von Funchal<\/strong> erkunden oder einfach ankommen. <strong>Die Wanderung beginnt am n\u00e4chsten Tag.<\/strong><\/p><p>Dein Anreisetag entspricht dem <strong>ersten Tag des von dir bei der Buchung ausgew\u00e4hlten Zeitraums<\/strong>. Die Wandertage werden anschlie\u00dfend als Tag 1, Tag 2 usw. bezeichnet.<\/p><\/div>\n\t\t\t\t\t\t\t\t\t\t\t\t\t<\/div>\n\n\n\t\t\t\t\t\t\t\t\t\t\t<\/div>\n\t\t\t\t\t\t\t\t\t\t<\/div>\n\t\t\t\t\t\t\t\t\t\t<div class=\"tb-column tb-column--image\">\n\n\t\t\t\t\t\t\t\t\t\t\t<div class=\"tb-image-part\">\n\t\t\t\t\t\t\t\t\t\t\t\t\t\t<div class=\"inner-block-full-width has-tb-carousel tb-carousel-slider\" >\n\t\t<div class=\"tb-carousel-container\">\n\t\t\t<div class=\"entries tb-cards\" data-slider-first=\"0\">\n\t\t\t\t\t\t\t<div class=\"entry\">\n\t\t\t<div class=\"tb-image-part\">\n\t\t\t\t<figure>\n\t\t\t\t\t<img src='https:\/\/mat.travelblox.eu\/wp-content\/smush-webp\/sites\/68\/2024\/09\/Siliquini-TheMadeiraTrail-240323-2051-e1726652786263-1024x837.jpg.webp' width='1024' height='837' alt='Ankunft in Funchal - Altstadt Funchal - Ankunft in Funchal - Ankunft in Funchal' srcset='https:\/\/mat.travelblox.eu\/wp-content\/smush-webp\/sites\/68\/2024\/09\/Siliquini-TheMadeiraTrail-240323-2051-e1726652786263-1024x837.jpg.webp 1024w, https:\/\/mat.travelblox.eu\/wp-content\/smush-webp\/sites\/68\/2024\/09\/Siliquini-TheMadeiraTrail-240323-2051-e1726652786263-300x245.jpg.webp 300w, https:\/\/mat.travelblox.eu\/wp-content\/smush-webp\/sites\/68\/2024\/09\/Siliquini-TheMadeiraTrail-240323-2051-e1726652786263-768x628.jpg.webp 768w, https:\/\/mat.travelblox.eu\/wp-content\/smush-webp\/sites\/68\/2024\/09\/Siliquini-TheMadeiraTrail-240323-2051-e1726652786263-15x12.jpg.webp 15w, https:\/\/mat.travelblox.eu\/wp-content\/smush-webp\/sites\/68\/2024\/09\/Siliquini-TheMadeiraTrail-240323-2051-e1726652786263.jpg.webp 1365w' sizes=\"auto, (max-width: 1024px) 100vw, 1024px\" style='object-position:50% 50%' loading='lazy' decoding='async' data-smush-webp-fallback=\"{&quot;src&quot;:&quot;https:\\\/\\\/mat.travelblox.eu\\\/wp-content\\\/uploads\\\/sites\\\/68\\\/2024\\\/09\\\/Siliquini-TheMadeiraTrail-240323-2051-e1726652786263-1024x837.jpg&quot;,&quot;srcset&quot;:&quot;https:\\\/\\\/mat.travelblox.eu\\\/wp-content\\\/uploads\\\/sites\\\/68\\\/2024\\\/09\\\/Siliquini-TheMadeiraTrail-240323-2051-e1726652786263-1024x837.jpg 1024w, https:\\\/\\\/mat.travelblox.eu\\\/wp-content\\\/uploads\\\/sites\\\/68\\\/2024\\\/09\\\/Siliquini-TheMadeiraTrail-240323-2051-e1726652786263-300x245.jpg 300w, https:\\\/\\\/mat.travelblox.eu\\\/wp-content\\\/uploads\\\/sites\\\/68\\\/2024\\\/09\\\/Siliquini-TheMadeiraTrail-240323-2051-e1726652786263-768x628.jpg 768w, https:\\\/\\\/mat.travelblox.eu\\\/wp-content\\\/uploads\\\/sites\\\/68\\\/2024\\\/09\\\/Siliquini-TheMadeiraTrail-240323-2051-e1726652786263-15x12.jpg 15w, https:\\\/\\\/mat.travelblox.eu\\\/wp-content\\\/uploads\\\/sites\\\/68\\\/2024\\\/09\\\/Siliquini-TheMadeiraTrail-240323-2051-e1726652786263.jpg 1365w&quot;}\">\t\t\t\t\t\t\t\t\t<\/figure>\n\t\t\t<\/div>\n\t\t<\/div>\n\t\t\t<div class=\"entry\">\n\t\t\t<div class=\"tb-image-part\">\n\t\t\t\t<figure>\n\t\t\t\t\t<img src='https:\/\/mat.travelblox.eu\/wp-content\/smush-webp\/sites\/68\/2024\/09\/Siliquini-TheMadeiraTrail-240322-1575-1024x683.jpg.webp' width='1024' height='683' alt='Hotel mit Pool' srcset='https:\/\/mat.travelblox.eu\/wp-content\/smush-webp\/sites\/68\/2024\/09\/Siliquini-TheMadeiraTrail-240322-1575-1024x683.jpg.webp 1024w, https:\/\/mat.travelblox.eu\/wp-content\/smush-webp\/sites\/68\/2024\/09\/Siliquini-TheMadeiraTrail-240322-1575-300x200.jpg.webp 300w, https:\/\/mat.travelblox.eu\/wp-content\/smush-webp\/sites\/68\/2024\/09\/Siliquini-TheMadeiraTrail-240322-1575-768x512.jpg.webp 768w, https:\/\/mat.travelblox.eu\/wp-content\/smush-webp\/sites\/68\/2024\/09\/Siliquini-TheMadeiraTrail-240322-1575-1536x1024.jpg.webp 1536w, https:\/\/mat.travelblox.eu\/wp-content\/smush-webp\/sites\/68\/2024\/09\/Siliquini-TheMadeiraTrail-240322-1575-18x12.jpg.webp 18w, https:\/\/mat.travelblox.eu\/wp-content\/smush-webp\/sites\/68\/2024\/09\/Siliquini-TheMadeiraTrail-240322-1575.jpg.webp 2048w' sizes=\"auto, (max-width: 1024px) 100vw, 1024px\" style='object-position:50% 50%' loading='lazy' decoding='async' data-smush-webp-fallback=\"{&quot;src&quot;:&quot;https:\\\/\\\/mat.travelblox.eu\\\/wp-content\\\/uploads\\\/sites\\\/68\\\/2024\\\/09\\\/Siliquini-TheMadeiraTrail-240322-1575-1024x683.jpg&quot;,&quot;srcset&quot;:&quot;https:\\\/\\\/mat.travelblox.eu\\\/wp-content\\\/uploads\\\/sites\\\/68\\\/2024\\\/09\\\/Siliquini-TheMadeiraTrail-240322-1575-1024x683.jpg 1024w, https:\\\/\\\/mat.travelblox.eu\\\/wp-content\\\/uploads\\\/sites\\\/68\\\/2024\\\/09\\\/Siliquini-TheMadeiraTrail-240322-1575-300x200.jpg 300w, https:\\\/\\\/mat.travelblox.eu\\\/wp-content\\\/uploads\\\/sites\\\/68\\\/2024\\\/09\\\/Siliquini-TheMadeiraTrail-240322-1575-768x512.jpg 768w, https:\\\/\\\/mat.travelblox.eu\\\/wp-content\\\/uploads\\\/sites\\\/68\\\/2024\\\/09\\\/Siliquini-TheMadeiraTrail-240322-1575-1536x1024.jpg 1536w, https:\\\/\\\/mat.travelblox.eu\\\/wp-content\\\/uploads\\\/sites\\\/68\\\/2024\\\/09\\\/Siliquini-TheMadeiraTrail-240322-1575-18x12.jpg 18w, https:\\\/\\\/mat.travelblox.eu\\\/wp-content\\\/uploads\\\/sites\\\/68\\\/2024\\\/09\\\/Siliquini-TheMadeiraTrail-240322-1575.jpg 2048w&quot;}\">\t\t\t\t\t\t\t\t\t<\/figure>\n\t\t\t<\/div>\n\t\t<\/div>\n\t\t\t<div class=\"entry\">\n\t\t\t<div class=\"tb-image-part\">\n\t\t\t\t<figure>\n\t\t\t\t\t<img src='https:\/\/mat.travelblox.eu\/wp-content\/smush-webp\/sites\/68\/2024\/09\/Siliquini-TheMadeiraTrail-240323-2059-e1726654016100-1024x865.jpg.webp' width='1024' height='865' alt='Jardin botanique Funchal - Botanischer Garten Funchal - Botanischer Garten Funchal - Stadtpark Funchal' srcset='https:\/\/mat.travelblox.eu\/wp-content\/smush-webp\/sites\/68\/2024\/09\/Siliquini-TheMadeiraTrail-240323-2059-e1726654016100-1024x865.jpg.webp 1024w, https:\/\/mat.travelblox.eu\/wp-content\/smush-webp\/sites\/68\/2024\/09\/Siliquini-TheMadeiraTrail-240323-2059-e1726654016100-300x253.jpg.webp 300w, https:\/\/mat.travelblox.eu\/wp-content\/smush-webp\/sites\/68\/2024\/09\/Siliquini-TheMadeiraTrail-240323-2059-e1726654016100-768x649.jpg.webp 768w, https:\/\/mat.travelblox.eu\/wp-content\/smush-webp\/sites\/68\/2024\/09\/Siliquini-TheMadeiraTrail-240323-2059-e1726654016100-14x12.jpg.webp 14w, https:\/\/mat.travelblox.eu\/wp-content\/smush-webp\/sites\/68\/2024\/09\/Siliquini-TheMadeiraTrail-240323-2059-e1726654016100.jpg.webp 1365w' sizes=\"auto, (max-width: 1024px) 100vw, 1024px\" style='object-position:50% 50%' loading='lazy' decoding='async' data-smush-webp-fallback=\"{&quot;src&quot;:&quot;https:\\\/\\\/mat.travelblox.eu\\\/wp-content\\\/uploads\\\/sites\\\/68\\\/2024\\\/09\\\/Siliquini-TheMadeiraTrail-240323-2059-e1726654016100-1024x865.jpg&quot;,&quot;srcset&quot;:&quot;https:\\\/\\\/mat.travelblox.eu\\\/wp-content\\\/uploads\\\/sites\\\/68\\\/2024\\\/09\\\/Siliquini-TheMadeiraTrail-240323-2059-e1726654016100-1024x865.jpg 1024w, https:\\\/\\\/mat.travelblox.eu\\\/wp-content\\\/uploads\\\/sites\\\/68\\\/2024\\\/09\\\/Siliquini-TheMadeiraTrail-240323-2059-e1726654016100-300x253.jpg 300w, https:\\\/\\\/mat.travelblox.eu\\\/wp-content\\\/uploads\\\/sites\\\/68\\\/2024\\\/09\\\/Siliquini-TheMadeiraTrail-240323-2059-e1726654016100-768x649.jpg 768w, https:\\\/\\\/mat.travelblox.eu\\\/wp-content\\\/uploads\\\/sites\\\/68\\\/2024\\\/09\\\/Siliquini-TheMadeiraTrail-240323-2059-e1726654016100-14x12.jpg 14w, https:\\\/\\\/mat.travelblox.eu\\\/wp-content\\\/uploads\\\/sites\\\/68\\\/2024\\\/09\\\/Siliquini-TheMadeiraTrail-240323-2059-e1726654016100.jpg 1365w&quot;}\">\t\t\t\t\t\t\t\t\t<\/figure>\n\t\t\t<\/div>\n\t\t<\/div>\n\t\t\t\t\t<\/div>\n\t\t\t\t<div class=\"tb-carousel-nav\">\n\t\t<div class=\"dots\">\n\t\t\t<div class=\"dot active\"><\/div>\n\t\t\t<div class=\"dot\"><\/div>\n\t\t\t<div class=\"dot\"><\/div>\n\t\t<\/div>\n\t\t<div class=\"arrows\">\n\t\t\t<div class=\"prev disabled\">\n\t\t\t\t<span><i class=\"fa fa-chevron-left\"><\/i><\/span>\n\t\t\t<\/div>\n\t\t\t<div class=\"next\">\n\t\t\t\t<span><i class=\"fa fa-chevron-right\"><\/i><\/span>\n\t\t\t<\/div>\n\t\t<\/div>\n\t<\/div>\n\t\t\t<\/div>\n\t<\/div>\n\t\t\t\t\t\t\t\t\t\t\t\t\t<\/div>\n\t\t\t\t\t\t\t\t\t\t<\/div>\n\t\t\t\t\t\t\t\t\t<\/div>\n\t\t\t\t\t\t\t\t\t\t<div class=\"tb-popup-nav\">\n\t\t<a href=\"#\" class=\"tb-buttonlink-with-icon tb-buttonlink-with-arrow icon-first tb-popup-previous\">\n\t\t\t<i class=\"icon fa fa-chevron-left\"><\/i>\n\t\t\t<span>Vorheriger Tag<\/span>\n\t\t<\/a>\n\t\t<a href=\"#\" class=\"tb-buttonlink-with-icon tb-buttonlink-with-arrow tb-popup-next\">\n\t\t\t<span>N\u00e4chster Tag<\/span>\n\t\t\t<i class=\"icon fa fa-chevron-right\"><\/i>\n\t\t<\/a>\n\t<\/div>\n\t\n\t\t\t\t\t\t\t\t<\/div>\n\t\t\t\t\t\t\t<\/dialog>\n\t\t\t\t\t\t<\/div>\n\t\t\t\t\t\t\t\t\t\t\t<div class=\"tb-card entry tb-popup-trigger tb-unfold-on-hover\">\n\t\t\t\t\t\t\t<div class=\"tb-image-part\">\n\t\t\t\t\t\t\t\t<div class=\"tag\">\n\t\t\t\t\t\t\t\t\t<div>Tag 1<\/div>\n\t\t\t\t\t\t\t\t<\/div>\n\n\t\t\t\t\t\t\t\t<img src='https:\/\/mat.travelblox.eu\/wp-content\/smush-webp\/sites\/68\/2024\/03\/Siliquini-MadeiraTrail-240322-1874-768x512.jpeg.webp' width='768' height='512' alt='Fanal Forest - For\u00eat de Fanal - Fanal Wald - Fanalbos' srcset='https:\/\/mat.travelblox.eu\/wp-content\/smush-webp\/sites\/68\/2024\/03\/Siliquini-MadeiraTrail-240322-1874-768x512.jpeg.webp 768w, https:\/\/mat.travelblox.eu\/wp-content\/smush-webp\/sites\/68\/2024\/03\/Siliquini-MadeiraTrail-240322-1874-300x200.jpeg.webp 300w, https:\/\/mat.travelblox.eu\/wp-content\/smush-webp\/sites\/68\/2024\/03\/Siliquini-MadeiraTrail-240322-1874-1024x683.jpeg.webp 1024w, https:\/\/mat.travelblox.eu\/wp-content\/smush-webp\/sites\/68\/2024\/03\/Siliquini-MadeiraTrail-240322-1874-1536x1024.jpeg.webp 1536w, https:\/\/mat.travelblox.eu\/wp-content\/smush-webp\/sites\/68\/2024\/03\/Siliquini-MadeiraTrail-240322-1874-18x12.jpeg.webp 18w, https:\/\/mat.travelblox.eu\/wp-content\/smush-webp\/sites\/68\/2024\/03\/Siliquini-MadeiraTrail-240322-1874.jpeg.webp 2048w' sizes=\"auto, (max-width: 768px) 100vw, 768px\" style='object-position:50% 50%' loading='lazy' decoding='async' data-smush-webp-fallback=\"{&quot;src&quot;:&quot;https:\\\/\\\/mat.travelblox.eu\\\/wp-content\\\/uploads\\\/sites\\\/68\\\/2024\\\/03\\\/Siliquini-MadeiraTrail-240322-1874-768x512.jpeg&quot;,&quot;srcset&quot;:&quot;https:\\\/\\\/mat.travelblox.eu\\\/wp-content\\\/uploads\\\/sites\\\/68\\\/2024\\\/03\\\/Siliquini-MadeiraTrail-240322-1874-768x512.jpeg 768w, https:\\\/\\\/mat.travelblox.eu\\\/wp-content\\\/uploads\\\/sites\\\/68\\\/2024\\\/03\\\/Siliquini-MadeiraTrail-240322-1874-300x200.jpeg 300w, https:\\\/\\\/mat.travelblox.eu\\\/wp-content\\\/uploads\\\/sites\\\/68\\\/2024\\\/03\\\/Siliquini-MadeiraTrail-240322-1874-1024x683.jpeg 1024w, https:\\\/\\\/mat.travelblox.eu\\\/wp-content\\\/uploads\\\/sites\\\/68\\\/2024\\\/03\\\/Siliquini-MadeiraTrail-240322-1874-1536x1024.jpeg 1536w, https:\\\/\\\/mat.travelblox.eu\\\/wp-content\\\/uploads\\\/sites\\\/68\\\/2024\\\/03\\\/Siliquini-MadeiraTrail-240322-1874-18x12.jpeg 18w, https:\\\/\\\/mat.travelblox.eu\\\/wp-content\\\/uploads\\\/sites\\\/68\\\/2024\\\/03\\\/Siliquini-MadeiraTrail-240322-1874.jpeg 2048w&quot;}\">\t\t\t\t\t\t\t<\/div>\n\t\t\t\t\t\t\t<div class=\"tb-card-bottom-wrapper\">\n\t\t\t\t\t\t\t\t<div class=\"tb-card-bottom\">\n\n\t\t\t\t\t\t\t\t\t<span class=\"tb-card-bottom__title\">\n\t\t\t\t\t\t\t\t\t\t<span class=\"tb-card-bottom__place\">\n\t\t\t\t\t\t\t\t\t\t\tFanal\t\t\t\t\t\t\t\t\t\t\t\t\t\t\t\t\t\t\t\t\t\t\t&#8211; Raba\u00e7al\t\t\t\t\t\t\t\t\t\t\t\t\t\t\t\t\t\t\t\t\t<\/span>\n\n\t\t\t\t\t\t\t\t\t<\/span>\n\t\t\t\t\t\t\t\t\t<div class=\"tb-card-bottom__content\">\n\t\t\t\t\t\t\t\t\t\t<div>\n\t\t\t\t\t\t\t\t\t\t\t\t\t\t\t\t\t\t\t\t\t\t\t\t\t\t\t<i class=\"icon fa-solid fa-bed fa-fw\" aria-hidden=\"true\"><\/i>\n\t\t\t 12 km\t\t\t\t\t\t\t\t\t\t\t\t\t\t\t\t\t\t\t\t\t<\/div>\n\t\t\t\t\t\t\t\t\t<\/div>\n\t\t\t\t\t\t\t\t\t<div class=\"tb-card-bottom__teaser tb-unfold-on-hover__content\" data-no-translation>\n\t\t\t\t\t\t\t\t\t\t\t\t\t\t\t\t\t\t\t\t\t\t\t\t\t\t\t\t\t\tNach einem Transfer zum Start der Trekkingtour beginnt die Wanderung endlich. Der erste Wandertag du&#8230; <span class=\"link\">Mehr lesen<\/span>\t\t\t\t\t\t\t\t\t<\/div>\n\t\t\t\t\t\t\t\t<\/div>\n\n\t\t\t\t\t\t\t<\/div>\n\t\t\t\t\t\t\t<dialog class=\"tb-popup tb-popup-with-padding tb-dayschedule-popup-wrapper\">\n\t\t\t\t\t\t\t\t<div class=\"tb-dayschedule-popup\">\n\t\t\t\t\t\t\t\t\t<h4>\n\t\t\t\t\t\t\t\t\t\t\t\t\t\t\t\t\t\t\t\t\t\t\t\t\t\t\t\t\t\t\t<div>\n\t\t\t\t\t\t\t\t\t\t\t\t\t\t\t\t\t\t\t\t\t\t\t\t\tFanal\t\t\t\t\t\t\t\t\t\t\t\t\t\t\t\t\t\t\t\t\t\t\t\t\t\t\t\t\t\t\t\t\t\t\t\t\t\t\t\t\t\t\t\t\t\t\t\t\t\t\t<i class=\"icon fa-solid fa-arrow-right\"><\/i> Raba\u00e7al\t\t\t\t\t\t\t\t\t\t\t\t\t\t\t\t\t\t\t\t\t\t\t\t\t\t\t\t\t\t\t\t\t\t\t\t<\/div>\n\t\t\t\t\t\t\t\t\t\t\t\t\t\t\t\t\t\t\t<\/h4>\n\t\t\t\t\t\t\t\t\t<div class=\"tb-columns\">\n\t\t\t\t\t\t\t\t\t\t<div class=\"tb-column tb-column--text\">\n\t\t\t\t\t\t\t\t\t\t\t<div class=\"text-part\">\n\t\t\t\t\t\t\t\t\t\t\t\t\t\t\t\t\t\t\t\t\t\t\t\t\t<div class=\"tb-dayschedule-popup__icons\">\n\t\t\t\t\t\t\t\t\t\t\t\t\t\t\t\t\t\t\t\t\t\t\t\t\t\t\t\t\t\t\t\t\t\t\t\t\t\t\t\t\t\t\t<div class=\"tb-dayschedule-popup__icon\">\n\t\t\t\t\t\t\t\t\t\t\t\t\t\t\t\t\t\t\t\t<i class=\"icon fa-solid fa-bed fa-fw\" aria-hidden=\"true\"><\/i>\n\t\t\t\t\t\t\t\t\t\t\t\t\t\t\t\t\t\t\t<span>\n\t\t\t\t\t\t\t\t\t\t\t\t\t\t\t\t\t12 km\t\t\t\t\t\t\t\t\t\t\t\t\t\t\t\t<\/span>\n\t\t\t\t\t\t\t\t\t\t\t\t\t\t\t<\/div>\n\t\t\t\t\t\t\t\t\t\t\t\t\t\t\t\t\t\t\t\t\t\t\t\t\t\t\t<\/div>\n\t\t\t\t\t\t\t\t\t\t\t\t\n\t\t\t\t\t\t\t\t\t\t\t\t\n\t\t\t\t\t\t\t\t\t\t\t\t<div>\n\t\t\t\t\t\t\t\t\t\t\t\t\t<strong>Tag 1<\/strong>\n\t\t\t\t\t\t\t\t\t\t\t\t\t\t<div class=\"translation-block\"><p>Nach einem Transfer zum Start der Trekkingtour beginnt die Wanderung endlich. Der erste Wandertag durch den <strong>Fanal-Wald<\/strong> ist ein magischer Moment. In diesem m\u00e4rchenhaften Wald stehen <strong>majest\u00e4tische B\u00e4ume<\/strong> mit knorrigen \u00c4sten. Ihr nat\u00fcrliches Bl\u00e4tterdach spendet unserem Weg angenehmen Schatten. Nicht ohne Grund geh\u00f6rt der Wald zum <strong>UNESCO-Welterbe<\/strong>.<\/p><p>Besonders macht diese Erfahrung auch das <strong>Aufziehen des Nebels<\/strong>. Langsam schiebt er sich zwischen die B\u00e4ume und verleiht dem Wald eine geheimnisvolle Atmosph\u00e4re. Die Sonnenstrahlen, die durch den Dunst dringen, zaubern eine beinahe m\u00e4rchenhafte Kulisse. Es f\u00fchlt sich an, als w\u00fcrden wir durch eine verwunschene Welt wandern, in der die Zeit stillsteht und die Natur ihre kostbarsten Geheimnisse preisgibt.<\/p><p>Am ersten Wandertag erwarten dich au\u00dferdem einige H\u00f6henmeter. Das Gel\u00e4nde ist h\u00fcgelig, mit Anstiegen und Abstiegen, die dem Abenteuer eine spannende zus\u00e4tzliche Dimension verleihen. Jeder Anstieg wird mit einem gro\u00dfartigen Blick auf die Umgebung belohnt, und unterwegs kannst du sogar einen <strong>wundersch\u00f6nen Wasserfall<\/strong> entdecken. Nat\u00fcrlich ist daf\u00fcr etwas Anstrengung n\u00f6tig, aber die Belohnung in Form dieser beeindruckenden Landschaften ist es allemal wert.<\/p><p>Die Wanderung endet in Raba\u00e7al, wo du in einem charmanten Cottage mitten in der Natur \u00fcbernachtest.<\/p><ul><li>Distanz: 13 km<\/li><li>Positive H\u00f6henmeter: 540 m<\/li><li>Negative H\u00f6henmeter: 550 m<\/li><\/ul><p><i><strong>Hinweis:<\/strong> Je nach verwendeter App oder Uhr k\u00f6nnen die Distanzen und H\u00f6henmeter variieren. Abweichungen zwischen der GPX-Datei und der tats\u00e4chlichen Strecke lassen sich durch verschiedene Faktoren erkl\u00e4ren, etwa die Genauigkeit des GPS, die Einstellungen der App oder Unterschiede im Gel\u00e4nde.<\/i><\/p><\/div>\n\t\t\t\t\t\t\t\t\t\t\t\t\t<\/div>\n\n\n\t\t\t\t\t\t\t\t\t\t\t<\/div>\n\t\t\t\t\t\t\t\t\t\t<\/div>\n\t\t\t\t\t\t\t\t\t\t<div class=\"tb-column tb-column--image\">\n\n\t\t\t\t\t\t\t\t\t\t\t<div class=\"tb-image-part\">\n\t\t\t\t\t\t\t\t\t\t\t\t\t\t<div class=\"inner-block-full-width has-tb-carousel tb-carousel-slider\" >\n\t\t<div class=\"tb-carousel-container\">\n\t\t\t<div class=\"entries tb-cards\" data-slider-first=\"0\">\n\t\t\t\t\t\t\t<div class=\"entry\">\n\t\t\t<div class=\"tb-image-part\">\n\t\t\t\t<figure>\n\t\t\t\t\t<img src='https:\/\/mat.travelblox.eu\/wp-content\/smush-webp\/sites\/68\/2024\/03\/Siliquini-MadeiraTrail-240322-1874-1024x683.jpeg.webp' width='1024' height='683' alt='Fanal Forest - For\u00eat de Fanal - Fanal Wald - Fanalbos' srcset='https:\/\/mat.travelblox.eu\/wp-content\/smush-webp\/sites\/68\/2024\/03\/Siliquini-MadeiraTrail-240322-1874-1024x683.jpeg.webp 1024w, https:\/\/mat.travelblox.eu\/wp-content\/smush-webp\/sites\/68\/2024\/03\/Siliquini-MadeiraTrail-240322-1874-300x200.jpeg.webp 300w, https:\/\/mat.travelblox.eu\/wp-content\/smush-webp\/sites\/68\/2024\/03\/Siliquini-MadeiraTrail-240322-1874-768x512.jpeg.webp 768w, https:\/\/mat.travelblox.eu\/wp-content\/smush-webp\/sites\/68\/2024\/03\/Siliquini-MadeiraTrail-240322-1874-1536x1024.jpeg.webp 1536w, https:\/\/mat.travelblox.eu\/wp-content\/smush-webp\/sites\/68\/2024\/03\/Siliquini-MadeiraTrail-240322-1874-18x12.jpeg.webp 18w, https:\/\/mat.travelblox.eu\/wp-content\/smush-webp\/sites\/68\/2024\/03\/Siliquini-MadeiraTrail-240322-1874.jpeg.webp 2048w' sizes=\"auto, (max-width: 1024px) 100vw, 1024px\" style='object-position:50% 50%' loading='lazy' decoding='async' data-smush-webp-fallback=\"{&quot;src&quot;:&quot;https:\\\/\\\/mat.travelblox.eu\\\/wp-content\\\/uploads\\\/sites\\\/68\\\/2024\\\/03\\\/Siliquini-MadeiraTrail-240322-1874-1024x683.jpeg&quot;,&quot;srcset&quot;:&quot;https:\\\/\\\/mat.travelblox.eu\\\/wp-content\\\/uploads\\\/sites\\\/68\\\/2024\\\/03\\\/Siliquini-MadeiraTrail-240322-1874-1024x683.jpeg 1024w, https:\\\/\\\/mat.travelblox.eu\\\/wp-content\\\/uploads\\\/sites\\\/68\\\/2024\\\/03\\\/Siliquini-MadeiraTrail-240322-1874-300x200.jpeg 300w, https:\\\/\\\/mat.travelblox.eu\\\/wp-content\\\/uploads\\\/sites\\\/68\\\/2024\\\/03\\\/Siliquini-MadeiraTrail-240322-1874-768x512.jpeg 768w, https:\\\/\\\/mat.travelblox.eu\\\/wp-content\\\/uploads\\\/sites\\\/68\\\/2024\\\/03\\\/Siliquini-MadeiraTrail-240322-1874-1536x1024.jpeg 1536w, https:\\\/\\\/mat.travelblox.eu\\\/wp-content\\\/uploads\\\/sites\\\/68\\\/2024\\\/03\\\/Siliquini-MadeiraTrail-240322-1874-18x12.jpeg 18w, https:\\\/\\\/mat.travelblox.eu\\\/wp-content\\\/uploads\\\/sites\\\/68\\\/2024\\\/03\\\/Siliquini-MadeiraTrail-240322-1874.jpeg 2048w&quot;}\">\t\t\t\t\t\t\t\t\t<\/figure>\n\t\t\t<\/div>\n\t\t<\/div>\n\t\t\t<div class=\"entry\">\n\t\t\t<div class=\"tb-image-part\">\n\t\t\t\t<figure>\n\t\t\t\t\t<img src='https:\/\/mat.travelblox.eu\/wp-content\/smush-webp\/sites\/68\/2024\/03\/Siliquini-MadeiraTrail-240317-6501-683x1024.jpeg.webp' width='683' height='1024' alt='Cascade Mad\u00e8re - Wasserfall Madeira - Waterval Madeira - Wasserfall Madeira' srcset='https:\/\/mat.travelblox.eu\/wp-content\/smush-webp\/sites\/68\/2024\/03\/Siliquini-MadeiraTrail-240317-6501-683x1024.jpeg.webp 683w, https:\/\/mat.travelblox.eu\/wp-content\/smush-webp\/sites\/68\/2024\/03\/Siliquini-MadeiraTrail-240317-6501-200x300.jpeg.webp 200w, https:\/\/mat.travelblox.eu\/wp-content\/smush-webp\/sites\/68\/2024\/03\/Siliquini-MadeiraTrail-240317-6501-768x1152.jpeg.webp 768w, https:\/\/mat.travelblox.eu\/wp-content\/smush-webp\/sites\/68\/2024\/03\/Siliquini-MadeiraTrail-240317-6501-1024x1536.jpeg.webp 1024w, https:\/\/mat.travelblox.eu\/wp-content\/smush-webp\/sites\/68\/2024\/03\/Siliquini-MadeiraTrail-240317-6501-8x12.jpeg.webp 8w, https:\/\/mat.travelblox.eu\/wp-content\/smush-webp\/sites\/68\/2024\/03\/Siliquini-MadeiraTrail-240317-6501.jpeg.webp 1365w' sizes=\"auto, (max-width: 683px) 100vw, 683px\" style='object-position:50% 50%' loading='lazy' decoding='async' data-smush-webp-fallback=\"{&quot;src&quot;:&quot;https:\\\/\\\/mat.travelblox.eu\\\/wp-content\\\/uploads\\\/sites\\\/68\\\/2024\\\/03\\\/Siliquini-MadeiraTrail-240317-6501-683x1024.jpeg&quot;,&quot;srcset&quot;:&quot;https:\\\/\\\/mat.travelblox.eu\\\/wp-content\\\/uploads\\\/sites\\\/68\\\/2024\\\/03\\\/Siliquini-MadeiraTrail-240317-6501-683x1024.jpeg 683w, https:\\\/\\\/mat.travelblox.eu\\\/wp-content\\\/uploads\\\/sites\\\/68\\\/2024\\\/03\\\/Siliquini-MadeiraTrail-240317-6501-200x300.jpeg 200w, https:\\\/\\\/mat.travelblox.eu\\\/wp-content\\\/uploads\\\/sites\\\/68\\\/2024\\\/03\\\/Siliquini-MadeiraTrail-240317-6501-768x1152.jpeg 768w, https:\\\/\\\/mat.travelblox.eu\\\/wp-content\\\/uploads\\\/sites\\\/68\\\/2024\\\/03\\\/Siliquini-MadeiraTrail-240317-6501-1024x1536.jpeg 1024w, https:\\\/\\\/mat.travelblox.eu\\\/wp-content\\\/uploads\\\/sites\\\/68\\\/2024\\\/03\\\/Siliquini-MadeiraTrail-240317-6501-8x12.jpeg 8w, https:\\\/\\\/mat.travelblox.eu\\\/wp-content\\\/uploads\\\/sites\\\/68\\\/2024\\\/03\\\/Siliquini-MadeiraTrail-240317-6501.jpeg 1365w&quot;}\">\t\t\t\t\t\t\t\t\t<\/figure>\n\t\t\t<\/div>\n\t\t<\/div>\n\t\t\t<div class=\"entry\">\n\t\t\t<div class=\"tb-image-part\">\n\t\t\t\t<figure>\n\t\t\t\t\t<img src='https:\/\/mat.travelblox.eu\/wp-content\/smush-webp\/sites\/68\/2024\/03\/Siliquini-MadeiraTrail-240317-0015-1024x767.jpeg.webp' width='1024' height='767' alt='Marcher \u00e0 Mad\u00e8re - Wandern auf Madeira - Walking in Madeira - Wandern in Madeira' srcset='https:\/\/mat.travelblox.eu\/wp-content\/smush-webp\/sites\/68\/2024\/03\/Siliquini-MadeiraTrail-240317-0015-1024x767.jpeg.webp 1024w, https:\/\/mat.travelblox.eu\/wp-content\/smush-webp\/sites\/68\/2024\/03\/Siliquini-MadeiraTrail-240317-0015-300x225.jpeg.webp 300w, https:\/\/mat.travelblox.eu\/wp-content\/smush-webp\/sites\/68\/2024\/03\/Siliquini-MadeiraTrail-240317-0015-768x575.jpeg.webp 768w, https:\/\/mat.travelblox.eu\/wp-content\/smush-webp\/sites\/68\/2024\/03\/Siliquini-MadeiraTrail-240317-0015-1536x1151.jpeg.webp 1536w, https:\/\/mat.travelblox.eu\/wp-content\/smush-webp\/sites\/68\/2024\/03\/Siliquini-MadeiraTrail-240317-0015-16x12.jpeg.webp 16w, https:\/\/mat.travelblox.eu\/wp-content\/smush-webp\/sites\/68\/2024\/03\/Siliquini-MadeiraTrail-240317-0015.jpeg.webp 2048w' sizes=\"auto, (max-width: 1024px) 100vw, 1024px\" style='object-position:50% 50%' loading='lazy' decoding='async' data-smush-webp-fallback=\"{&quot;src&quot;:&quot;https:\\\/\\\/mat.travelblox.eu\\\/wp-content\\\/uploads\\\/sites\\\/68\\\/2024\\\/03\\\/Siliquini-MadeiraTrail-240317-0015-1024x767.jpeg&quot;,&quot;srcset&quot;:&quot;https:\\\/\\\/mat.travelblox.eu\\\/wp-content\\\/uploads\\\/sites\\\/68\\\/2024\\\/03\\\/Siliquini-MadeiraTrail-240317-0015-1024x767.jpeg 1024w, https:\\\/\\\/mat.travelblox.eu\\\/wp-content\\\/uploads\\\/sites\\\/68\\\/2024\\\/03\\\/Siliquini-MadeiraTrail-240317-0015-300x225.jpeg 300w, https:\\\/\\\/mat.travelblox.eu\\\/wp-content\\\/uploads\\\/sites\\\/68\\\/2024\\\/03\\\/Siliquini-MadeiraTrail-240317-0015-768x575.jpeg 768w, https:\\\/\\\/mat.travelblox.eu\\\/wp-content\\\/uploads\\\/sites\\\/68\\\/2024\\\/03\\\/Siliquini-MadeiraTrail-240317-0015-1536x1151.jpeg 1536w, https:\\\/\\\/mat.travelblox.eu\\\/wp-content\\\/uploads\\\/sites\\\/68\\\/2024\\\/03\\\/Siliquini-MadeiraTrail-240317-0015-16x12.jpeg 16w, https:\\\/\\\/mat.travelblox.eu\\\/wp-content\\\/uploads\\\/sites\\\/68\\\/2024\\\/03\\\/Siliquini-MadeiraTrail-240317-0015.jpeg 2048w&quot;}\">\t\t\t\t\t\t\t\t\t<\/figure>\n\t\t\t<\/div>\n\t\t<\/div>\n\t\t\t<div class=\"entry\">\n\t\t\t<div class=\"tb-image-part\">\n\t\t\t\t<figure>\n\t\t\t\t\t<img src='https:\/\/mat.travelblox.eu\/wp-content\/smush-webp\/sites\/68\/2026\/02\/MAT25_DriesVdb_WEB-160-scaled-e1772107496469-1024x935.jpg.webp' width='1024' height='935' alt='Bergh\u00fctte' srcset='https:\/\/mat.travelblox.eu\/wp-content\/smush-webp\/sites\/68\/2026\/02\/MAT25_DriesVdb_WEB-160-scaled-e1772107496469-1024x935.jpg.webp 1024w, https:\/\/mat.travelblox.eu\/wp-content\/smush-webp\/sites\/68\/2026\/02\/MAT25_DriesVdb_WEB-160-scaled-e1772107496469-300x274.jpg.webp 300w, https:\/\/mat.travelblox.eu\/wp-content\/smush-webp\/sites\/68\/2026\/02\/MAT25_DriesVdb_WEB-160-scaled-e1772107496469-768x701.jpg.webp 768w, https:\/\/mat.travelblox.eu\/wp-content\/smush-webp\/sites\/68\/2026\/02\/MAT25_DriesVdb_WEB-160-scaled-e1772107496469-1536x1403.jpg.webp 1536w, https:\/\/mat.travelblox.eu\/wp-content\/smush-webp\/sites\/68\/2026\/02\/MAT25_DriesVdb_WEB-160-scaled-e1772107496469-13x12.jpg.webp 13w, https:\/\/mat.travelblox.eu\/wp-content\/smush-webp\/sites\/68\/2026\/02\/MAT25_DriesVdb_WEB-160-scaled-e1772107496469.jpg.webp 2048w' sizes=\"auto, (max-width: 1024px) 100vw, 1024px\" loading='lazy' decoding='async' data-smush-webp-fallback=\"{&quot;src&quot;:&quot;https:\\\/\\\/mat.travelblox.eu\\\/wp-content\\\/uploads\\\/sites\\\/68\\\/2026\\\/02\\\/MAT25_DriesVdb_WEB-160-scaled-e1772107496469-1024x935.jpg&quot;,&quot;srcset&quot;:&quot;https:\\\/\\\/mat.travelblox.eu\\\/wp-content\\\/uploads\\\/sites\\\/68\\\/2026\\\/02\\\/MAT25_DriesVdb_WEB-160-scaled-e1772107496469-1024x935.jpg 1024w, https:\\\/\\\/mat.travelblox.eu\\\/wp-content\\\/uploads\\\/sites\\\/68\\\/2026\\\/02\\\/MAT25_DriesVdb_WEB-160-scaled-e1772107496469-300x274.jpg 300w, https:\\\/\\\/mat.travelblox.eu\\\/wp-content\\\/uploads\\\/sites\\\/68\\\/2026\\\/02\\\/MAT25_DriesVdb_WEB-160-scaled-e1772107496469-768x701.jpg 768w, https:\\\/\\\/mat.travelblox.eu\\\/wp-content\\\/uploads\\\/sites\\\/68\\\/2026\\\/02\\\/MAT25_DriesVdb_WEB-160-scaled-e1772107496469-1536x1403.jpg 1536w, https:\\\/\\\/mat.travelblox.eu\\\/wp-content\\\/uploads\\\/sites\\\/68\\\/2026\\\/02\\\/MAT25_DriesVdb_WEB-160-scaled-e1772107496469-13x12.jpg 13w, https:\\\/\\\/mat.travelblox.eu\\\/wp-content\\\/uploads\\\/sites\\\/68\\\/2026\\\/02\\\/MAT25_DriesVdb_WEB-160-scaled-e1772107496469.jpg 2048w&quot;}\">\t\t\t\t\t\t\t\t\t<\/figure>\n\t\t\t<\/div>\n\t\t<\/div>\n\t\t\t\t\t<\/div>\n\t\t\t\t<div class=\"tb-carousel-nav\">\n\t\t<div class=\"dots\">\n\t\t\t<div class=\"dot active\"><\/div>\n\t\t\t<div class=\"dot\"><\/div>\n\t\t\t<div class=\"dot\"><\/div>\n\t\t<\/div>\n\t\t<div class=\"arrows\">\n\t\t\t<div class=\"prev disabled\">\n\t\t\t\t<span><i class=\"fa fa-chevron-left\"><\/i><\/span>\n\t\t\t<\/div>\n\t\t\t<div class=\"next\">\n\t\t\t\t<span><i class=\"fa fa-chevron-right\"><\/i><\/span>\n\t\t\t<\/div>\n\t\t<\/div>\n\t<\/div>\n\t\t\t<\/div>\n\t<\/div>\n\t\t\t\t\t\t\t\t\t\t\t\t\t<\/div>\n\t\t\t\t\t\t\t\t\t\t<\/div>\n\t\t\t\t\t\t\t\t\t<\/div>\n\t\t\t\t\t\t\t\t\t\t<div class=\"tb-popup-nav\">\n\t\t<a href=\"#\" class=\"tb-buttonlink-with-icon tb-buttonlink-with-arrow icon-first tb-popup-previous\">\n\t\t\t<i class=\"icon fa fa-chevron-left\"><\/i>\n\t\t\t<span>Vorheriger Tag<\/span>\n\t\t<\/a>\n\t\t<a href=\"#\" class=\"tb-buttonlink-with-icon tb-buttonlink-with-arrow tb-popup-next\">\n\t\t\t<span>N\u00e4chster Tag<\/span>\n\t\t\t<i class=\"icon fa fa-chevron-right\"><\/i>\n\t\t<\/a>\n\t<\/div>\n\t\n\t\t\t\t\t\t\t\t<\/div>\n\t\t\t\t\t\t\t<\/dialog>\n\t\t\t\t\t\t<\/div>\n\t\t\t\t\t\t\t\t\t\t\t<div class=\"tb-card entry tb-popup-trigger tb-unfold-on-hover\">\n\t\t\t\t\t\t\t<div class=\"tb-image-part\">\n\t\t\t\t\t\t\t\t<div class=\"tag\">\n\t\t\t\t\t\t\t\t\t<div>Tag 2<\/div>\n\t\t\t\t\t\t\t\t<\/div>\n\n\t\t\t\t\t\t\t\t<img src='https:\/\/mat.travelblox.eu\/wp-content\/smush-webp\/sites\/68\/2024\/03\/Siliquini-MadeiraTrail-240317-5868-768x512.jpeg.webp' width='768' height='512' alt='Ein Paar wandert in Madeira' srcset='https:\/\/mat.travelblox.eu\/wp-content\/smush-webp\/sites\/68\/2024\/03\/Siliquini-MadeiraTrail-240317-5868-768x512.jpeg.webp 768w, https:\/\/mat.travelblox.eu\/wp-content\/smush-webp\/sites\/68\/2024\/03\/Siliquini-MadeiraTrail-240317-5868-300x200.jpeg.webp 300w, https:\/\/mat.travelblox.eu\/wp-content\/smush-webp\/sites\/68\/2024\/03\/Siliquini-MadeiraTrail-240317-5868-1024x683.jpeg.webp 1024w, https:\/\/mat.travelblox.eu\/wp-content\/smush-webp\/sites\/68\/2024\/03\/Siliquini-MadeiraTrail-240317-5868-1536x1024.jpeg.webp 1536w, https:\/\/mat.travelblox.eu\/wp-content\/smush-webp\/sites\/68\/2024\/03\/Siliquini-MadeiraTrail-240317-5868-18x12.jpeg.webp 18w, https:\/\/mat.travelblox.eu\/wp-content\/smush-webp\/sites\/68\/2024\/03\/Siliquini-MadeiraTrail-240317-5868.jpeg.webp 2048w' sizes=\"auto, (max-width: 768px) 100vw, 768px\" style='object-position:50% 50%' loading='lazy' decoding='async' data-smush-webp-fallback=\"{&quot;src&quot;:&quot;https:\\\/\\\/mat.travelblox.eu\\\/wp-content\\\/uploads\\\/sites\\\/68\\\/2024\\\/03\\\/Siliquini-MadeiraTrail-240317-5868-768x512.jpeg&quot;,&quot;srcset&quot;:&quot;https:\\\/\\\/mat.travelblox.eu\\\/wp-content\\\/uploads\\\/sites\\\/68\\\/2024\\\/03\\\/Siliquini-MadeiraTrail-240317-5868-768x512.jpeg 768w, https:\\\/\\\/mat.travelblox.eu\\\/wp-content\\\/uploads\\\/sites\\\/68\\\/2024\\\/03\\\/Siliquini-MadeiraTrail-240317-5868-300x200.jpeg 300w, https:\\\/\\\/mat.travelblox.eu\\\/wp-content\\\/uploads\\\/sites\\\/68\\\/2024\\\/03\\\/Siliquini-MadeiraTrail-240317-5868-1024x683.jpeg 1024w, https:\\\/\\\/mat.travelblox.eu\\\/wp-content\\\/uploads\\\/sites\\\/68\\\/2024\\\/03\\\/Siliquini-MadeiraTrail-240317-5868-1536x1024.jpeg 1536w, https:\\\/\\\/mat.travelblox.eu\\\/wp-content\\\/uploads\\\/sites\\\/68\\\/2024\\\/03\\\/Siliquini-MadeiraTrail-240317-5868-18x12.jpeg 18w, https:\\\/\\\/mat.travelblox.eu\\\/wp-content\\\/uploads\\\/sites\\\/68\\\/2024\\\/03\\\/Siliquini-MadeiraTrail-240317-5868.jpeg 2048w&quot;}\">\t\t\t\t\t\t\t<\/div>\n\t\t\t\t\t\t\t<div class=\"tb-card-bottom-wrapper\">\n\t\t\t\t\t\t\t\t<div class=\"tb-card-bottom\">\n\n\t\t\t\t\t\t\t\t\t<span class=\"tb-card-bottom__title\">\n\t\t\t\t\t\t\t\t\t\t<span class=\"tb-card-bottom__place\">\n\t\t\t\t\t\t\t\t\t\t\tRaba\u00e7al \u2013 Encumeada\t\t\t\t\t\t\t\t\t\t\t\t\t\t\t\t\t\t\t\t\t<\/span>\n\n\t\t\t\t\t\t\t\t\t<\/span>\n\t\t\t\t\t\t\t\t\t<div class=\"tb-card-bottom__content\">\n\t\t\t\t\t\t\t\t\t\t<div>\n\t\t\t\t\t\t\t\t\t\t\t\t\t\t\t\t\t\t\t\t\t\t\t\t\t\t\t<i class=\"icon fa-solid fa-bed fa-fw\" aria-hidden=\"true\"><\/i>\n\t\t\t 22 km\t\t\t\t\t\t\t\t\t\t\t\t\t\t\t\t\t\t\t\t\t<\/div>\n\t\t\t\t\t\t\t\t\t<\/div>\n\t\t\t\t\t\t\t\t\t<div class=\"tb-card-bottom__teaser tb-unfold-on-hover__content\" data-no-translation>\n\t\t\t\t\t\t\t\t\t\t\t\t\t\t\t\t\t\t\t\t\t\t\t\t\t\t\t\t\t\tTunnel und Bergk\u00e4mmeSteile, kurvenreiche Pfade mit Ausblicken auf gr\u00fcne T\u00e4ler und entfernte Gipfel. &#8230; <span class=\"link\">Mehr lesen<\/span>\t\t\t\t\t\t\t\t\t<\/div>\n\t\t\t\t\t\t\t\t<\/div>\n\n\t\t\t\t\t\t\t<\/div>\n\t\t\t\t\t\t\t<dialog class=\"tb-popup tb-popup-with-padding tb-dayschedule-popup-wrapper\">\n\t\t\t\t\t\t\t\t<div class=\"tb-dayschedule-popup\">\n\t\t\t\t\t\t\t\t\t<h4>\n\t\t\t\t\t\t\t\t\t\t\t\t\t\t\t\t\t\t\t\t\t\t\t\t\t\t\t\t\t\t\t<div>\n\t\t\t\t\t\t\t\t\t\t\t\t\t\t\t\t\t\t\t\t\t\t\t\t\tRaba\u00e7al\t\t\t\t\t\t\t\t\t\t\t\t\t\t\t\t\t\t\t\t\t\t\t\t\t\t\t\t\t\t\t\t\t\t\t\t\t\t\t\t\t\t\t\t\t\t\t\t\t\t\t<i class=\"icon fa-solid fa-arrow-right\"><\/i> Encumeada\t\t\t\t\t\t\t\t\t\t\t\t\t\t\t\t\t\t\t\t\t\t\t\t\t\t\t\t\t\t\t\t\t\t\t\t<\/div>\n\t\t\t\t\t\t\t\t\t\t\t\t\t\t\t\t\t\t\t<\/h4>\n\t\t\t\t\t\t\t\t\t<div class=\"tb-columns\">\n\t\t\t\t\t\t\t\t\t\t<div class=\"tb-column tb-column--text\">\n\t\t\t\t\t\t\t\t\t\t\t<div class=\"text-part\">\n\t\t\t\t\t\t\t\t\t\t\t\t\t\t\t\t\t\t\t\t\t\t\t\t\t<div class=\"tb-dayschedule-popup__icons\">\n\t\t\t\t\t\t\t\t\t\t\t\t\t\t\t\t\t\t\t\t\t\t\t\t\t\t\t\t\t\t\t\t\t\t\t\t\t\t\t\t\t\t\t<div class=\"tb-dayschedule-popup__icon\">\n\t\t\t\t\t\t\t\t\t\t\t\t\t\t\t\t\t\t\t\t<i class=\"icon fa-solid fa-bed fa-fw\" aria-hidden=\"true\"><\/i>\n\t\t\t\t\t\t\t\t\t\t\t\t\t\t\t\t\t\t\t<span>\n\t\t\t\t\t\t\t\t\t\t\t\t\t\t\t\t\t22 km\t\t\t\t\t\t\t\t\t\t\t\t\t\t\t\t<\/span>\n\t\t\t\t\t\t\t\t\t\t\t\t\t\t\t<\/div>\n\t\t\t\t\t\t\t\t\t\t\t\t\t\t\t\t\t\t\t\t\t\t\t\t\t\t\t<\/div>\n\t\t\t\t\t\t\t\t\t\t\t\t\n\t\t\t\t\t\t\t\t\t\t\t\t\n\t\t\t\t\t\t\t\t\t\t\t\t<div>\n\t\t\t\t\t\t\t\t\t\t\t\t\t<strong>Tag 2<\/strong>\n\t\t\t\t\t\t\t\t\t\t\t\t\t\t<div class=\"translation-block\"><p><strong>Tunnel und Bergk\u00e4mme<\/strong><br>Steile, kurvenreiche Pfade mit Ausblicken auf gr\u00fcne T\u00e4ler und entfernte Gipfel. Unterwegs durchquerst du <strong>zwei Tunnel<\/strong>, die direkt in den Fels geschlagen wurden \u2013 <strong>Stirnlampe unbedingt einpacken<\/strong>, damit du die H\u00e4nde frei hast.<\/p><p>Die Landschaft wechselt st\u00e4ndig. Mal l\u00e4ufst du durch bewaldete Abschnitte, mal \u00fcber offene Bergk\u00e4mme mit Weitblick bis zum Horizont.<\/p><p>Am Abend erreichst du <strong>Encumeada<\/strong> \u2013 ein Hotel in den Bergen, mit Blick ins Tal auf beiden Seiten des Passes.<\/p><p><strong>22 km \u00b7 +670 m \/ -870 m<\/strong><\/p><p><i>Distanzen und H\u00f6henmeter k\u00f6nnen je nach GPS-Ger\u00e4t variieren. Die Werte weichen vom GPX-Track ab, da Tunnel nicht vollst\u00e4ndig erfasst sind.<\/i><\/p><\/div>\n\t\t\t\t\t\t\t\t\t\t\t\t\t<\/div>\n\n\n\t\t\t\t\t\t\t\t\t\t\t<\/div>\n\t\t\t\t\t\t\t\t\t\t<\/div>\n\t\t\t\t\t\t\t\t\t\t<div class=\"tb-column tb-column--image\">\n\n\t\t\t\t\t\t\t\t\t\t\t<div class=\"tb-image-part\">\n\t\t\t\t\t\t\t\t\t\t\t\t\t\t<div class=\"inner-block-full-width has-tb-carousel tb-carousel-slider\" >\n\t\t<div class=\"tb-carousel-container\">\n\t\t\t<div class=\"entries tb-cards\" data-slider-first=\"0\">\n\t\t\t\t\t\t\t<div class=\"entry\">\n\t\t\t<div class=\"tb-image-part\">\n\t\t\t\t<figure>\n\t\t\t\t\t<img src='https:\/\/mat.travelblox.eu\/wp-content\/smush-webp\/sites\/68\/2024\/03\/Siliquini-MadeiraTrail-240317-5868-1024x683.jpeg.webp' width='1024' height='683' alt='Ein Paar wandert in Madeira' srcset='https:\/\/mat.travelblox.eu\/wp-content\/smush-webp\/sites\/68\/2024\/03\/Siliquini-MadeiraTrail-240317-5868-1024x683.jpeg.webp 1024w, https:\/\/mat.travelblox.eu\/wp-content\/smush-webp\/sites\/68\/2024\/03\/Siliquini-MadeiraTrail-240317-5868-300x200.jpeg.webp 300w, https:\/\/mat.travelblox.eu\/wp-content\/smush-webp\/sites\/68\/2024\/03\/Siliquini-MadeiraTrail-240317-5868-768x512.jpeg.webp 768w, https:\/\/mat.travelblox.eu\/wp-content\/smush-webp\/sites\/68\/2024\/03\/Siliquini-MadeiraTrail-240317-5868-1536x1024.jpeg.webp 1536w, https:\/\/mat.travelblox.eu\/wp-content\/smush-webp\/sites\/68\/2024\/03\/Siliquini-MadeiraTrail-240317-5868-18x12.jpeg.webp 18w, https:\/\/mat.travelblox.eu\/wp-content\/smush-webp\/sites\/68\/2024\/03\/Siliquini-MadeiraTrail-240317-5868.jpeg.webp 2048w' sizes=\"auto, (max-width: 1024px) 100vw, 1024px\" style='object-position:50% 50%' loading='lazy' decoding='async' data-smush-webp-fallback=\"{&quot;src&quot;:&quot;https:\\\/\\\/mat.travelblox.eu\\\/wp-content\\\/uploads\\\/sites\\\/68\\\/2024\\\/03\\\/Siliquini-MadeiraTrail-240317-5868-1024x683.jpeg&quot;,&quot;srcset&quot;:&quot;https:\\\/\\\/mat.travelblox.eu\\\/wp-content\\\/uploads\\\/sites\\\/68\\\/2024\\\/03\\\/Siliquini-MadeiraTrail-240317-5868-1024x683.jpeg 1024w, https:\\\/\\\/mat.travelblox.eu\\\/wp-content\\\/uploads\\\/sites\\\/68\\\/2024\\\/03\\\/Siliquini-MadeiraTrail-240317-5868-300x200.jpeg 300w, https:\\\/\\\/mat.travelblox.eu\\\/wp-content\\\/uploads\\\/sites\\\/68\\\/2024\\\/03\\\/Siliquini-MadeiraTrail-240317-5868-768x512.jpeg 768w, https:\\\/\\\/mat.travelblox.eu\\\/wp-content\\\/uploads\\\/sites\\\/68\\\/2024\\\/03\\\/Siliquini-MadeiraTrail-240317-5868-1536x1024.jpeg 1536w, https:\\\/\\\/mat.travelblox.eu\\\/wp-content\\\/uploads\\\/sites\\\/68\\\/2024\\\/03\\\/Siliquini-MadeiraTrail-240317-5868-18x12.jpeg 18w, https:\\\/\\\/mat.travelblox.eu\\\/wp-content\\\/uploads\\\/sites\\\/68\\\/2024\\\/03\\\/Siliquini-MadeiraTrail-240317-5868.jpeg 2048w&quot;}\">\t\t\t\t\t\t\t\t\t<\/figure>\n\t\t\t<\/div>\n\t\t<\/div>\n\t\t\t<div class=\"entry\">\n\t\t\t<div class=\"tb-image-part\">\n\t\t\t\t<figure>\n\t\t\t\t\t<img src='https:\/\/mat.travelblox.eu\/wp-content\/smush-webp\/sites\/68\/2024\/03\/Siliquini-MadeiraTrail-240318-7584-e1711634782304-1024x998.jpeg.webp' width='1024' height='998' alt='Wanderer auf Madeira - Randonneurs \u00e0 Mad\u00e8re - Wanderer auf Madeira - Hikers on Madeira' srcset='https:\/\/mat.travelblox.eu\/wp-content\/smush-webp\/sites\/68\/2024\/03\/Siliquini-MadeiraTrail-240318-7584-e1711634782304-1024x998.jpeg.webp 1024w, https:\/\/mat.travelblox.eu\/wp-content\/smush-webp\/sites\/68\/2024\/03\/Siliquini-MadeiraTrail-240318-7584-e1711634782304-300x293.jpeg.webp 300w, https:\/\/mat.travelblox.eu\/wp-content\/smush-webp\/sites\/68\/2024\/03\/Siliquini-MadeiraTrail-240318-7584-e1711634782304-768x749.jpeg.webp 768w, https:\/\/mat.travelblox.eu\/wp-content\/smush-webp\/sites\/68\/2024\/03\/Siliquini-MadeiraTrail-240318-7584-e1711634782304-12x12.jpeg.webp 12w, https:\/\/mat.travelblox.eu\/wp-content\/smush-webp\/sites\/68\/2024\/03\/Siliquini-MadeiraTrail-240318-7584-e1711634782304.jpeg.webp 1365w' sizes=\"auto, (max-width: 1024px) 100vw, 1024px\" style='object-position:50% 50%' loading='lazy' decoding='async' data-smush-webp-fallback=\"{&quot;src&quot;:&quot;https:\\\/\\\/mat.travelblox.eu\\\/wp-content\\\/uploads\\\/sites\\\/68\\\/2024\\\/03\\\/Siliquini-MadeiraTrail-240318-7584-e1711634782304-1024x998.jpeg&quot;,&quot;srcset&quot;:&quot;https:\\\/\\\/mat.travelblox.eu\\\/wp-content\\\/uploads\\\/sites\\\/68\\\/2024\\\/03\\\/Siliquini-MadeiraTrail-240318-7584-e1711634782304-1024x998.jpeg 1024w, https:\\\/\\\/mat.travelblox.eu\\\/wp-content\\\/uploads\\\/sites\\\/68\\\/2024\\\/03\\\/Siliquini-MadeiraTrail-240318-7584-e1711634782304-300x293.jpeg 300w, https:\\\/\\\/mat.travelblox.eu\\\/wp-content\\\/uploads\\\/sites\\\/68\\\/2024\\\/03\\\/Siliquini-MadeiraTrail-240318-7584-e1711634782304-768x749.jpeg 768w, https:\\\/\\\/mat.travelblox.eu\\\/wp-content\\\/uploads\\\/sites\\\/68\\\/2024\\\/03\\\/Siliquini-MadeiraTrail-240318-7584-e1711634782304-12x12.jpeg 12w, https:\\\/\\\/mat.travelblox.eu\\\/wp-content\\\/uploads\\\/sites\\\/68\\\/2024\\\/03\\\/Siliquini-MadeiraTrail-240318-7584-e1711634782304.jpeg 1365w&quot;}\">\t\t\t\t\t\t\t\t\t<\/figure>\n\t\t\t<\/div>\n\t\t<\/div>\n\t\t\t<div class=\"entry\">\n\t\t\t<div class=\"tb-image-part\">\n\t\t\t\t<figure>\n\t\t\t\t\t<img src='https:\/\/mat.travelblox.eu\/wp-content\/smush-webp\/sites\/68\/2024\/09\/Siliquini-TheMadeiraTrail-240318-6973-e1726652564835-1024x752.jpg.webp' width='1024' height='752' alt='Wanderer auf Madeira - Randonneurs \u00e0 Mad\u00e8re - Wanderer auf Madeira - Hikers on Madeira' srcset='https:\/\/mat.travelblox.eu\/wp-content\/smush-webp\/sites\/68\/2024\/09\/Siliquini-TheMadeiraTrail-240318-6973-e1726652564835-1024x752.jpg.webp 1024w, https:\/\/mat.travelblox.eu\/wp-content\/smush-webp\/sites\/68\/2024\/09\/Siliquini-TheMadeiraTrail-240318-6973-e1726652564835-300x220.jpg.webp 300w, https:\/\/mat.travelblox.eu\/wp-content\/smush-webp\/sites\/68\/2024\/09\/Siliquini-TheMadeiraTrail-240318-6973-e1726652564835-768x564.jpg.webp 768w, https:\/\/mat.travelblox.eu\/wp-content\/smush-webp\/sites\/68\/2024\/09\/Siliquini-TheMadeiraTrail-240318-6973-e1726652564835-16x12.jpg.webp 16w, https:\/\/mat.travelblox.eu\/wp-content\/smush-webp\/sites\/68\/2024\/09\/Siliquini-TheMadeiraTrail-240318-6973-e1726652564835.jpg.webp 1365w' sizes=\"auto, (max-width: 1024px) 100vw, 1024px\" style='object-position:50% 50%' loading='lazy' decoding='async' data-smush-webp-fallback=\"{&quot;src&quot;:&quot;https:\\\/\\\/mat.travelblox.eu\\\/wp-content\\\/uploads\\\/sites\\\/68\\\/2024\\\/09\\\/Siliquini-TheMadeiraTrail-240318-6973-e1726652564835-1024x752.jpg&quot;,&quot;srcset&quot;:&quot;https:\\\/\\\/mat.travelblox.eu\\\/wp-content\\\/uploads\\\/sites\\\/68\\\/2024\\\/09\\\/Siliquini-TheMadeiraTrail-240318-6973-e1726652564835-1024x752.jpg 1024w, https:\\\/\\\/mat.travelblox.eu\\\/wp-content\\\/uploads\\\/sites\\\/68\\\/2024\\\/09\\\/Siliquini-TheMadeiraTrail-240318-6973-e1726652564835-300x220.jpg 300w, https:\\\/\\\/mat.travelblox.eu\\\/wp-content\\\/uploads\\\/sites\\\/68\\\/2024\\\/09\\\/Siliquini-TheMadeiraTrail-240318-6973-e1726652564835-768x564.jpg 768w, https:\\\/\\\/mat.travelblox.eu\\\/wp-content\\\/uploads\\\/sites\\\/68\\\/2024\\\/09\\\/Siliquini-TheMadeiraTrail-240318-6973-e1726652564835-16x12.jpg 16w, https:\\\/\\\/mat.travelblox.eu\\\/wp-content\\\/uploads\\\/sites\\\/68\\\/2024\\\/09\\\/Siliquini-TheMadeiraTrail-240318-6973-e1726652564835.jpg 1365w&quot;}\">\t\t\t\t\t\t\t\t\t<\/figure>\n\t\t\t<\/div>\n\t\t<\/div>\n\t\t\t\t\t<\/div>\n\t\t\t\t<div class=\"tb-carousel-nav\">\n\t\t<div class=\"dots\">\n\t\t\t<div class=\"dot active\"><\/div>\n\t\t\t<div class=\"dot\"><\/div>\n\t\t\t<div class=\"dot\"><\/div>\n\t\t<\/div>\n\t\t<div class=\"arrows\">\n\t\t\t<div class=\"prev disabled\">\n\t\t\t\t<span><i class=\"fa fa-chevron-left\"><\/i><\/span>\n\t\t\t<\/div>\n\t\t\t<div class=\"next\">\n\t\t\t\t<span><i class=\"fa fa-chevron-right\"><\/i><\/span>\n\t\t\t<\/div>\n\t\t<\/div>\n\t<\/div>\n\t\t\t<\/div>\n\t<\/div>\n\t\t\t\t\t\t\t\t\t\t\t\t\t<\/div>\n\t\t\t\t\t\t\t\t\t\t<\/div>\n\t\t\t\t\t\t\t\t\t<\/div>\n\t\t\t\t\t\t\t\t\t\t<div class=\"tb-popup-nav\">\n\t\t<a href=\"#\" class=\"tb-buttonlink-with-icon tb-buttonlink-with-arrow icon-first tb-popup-previous\">\n\t\t\t<i class=\"icon fa fa-chevron-left\"><\/i>\n\t\t\t<span>Vorheriger Tag<\/span>\n\t\t<\/a>\n\t\t<a href=\"#\" class=\"tb-buttonlink-with-icon tb-buttonlink-with-arrow tb-popup-next\">\n\t\t\t<span>N\u00e4chster Tag<\/span>\n\t\t\t<i class=\"icon fa fa-chevron-right\"><\/i>\n\t\t<\/a>\n\t<\/div>\n\t\n\t\t\t\t\t\t\t\t<\/div>\n\t\t\t\t\t\t\t<\/dialog>\n\t\t\t\t\t\t<\/div>\n\t\t\t\t\t\t\t\t\t\t\t<div class=\"tb-card entry tb-popup-trigger tb-unfold-on-hover\">\n\t\t\t\t\t\t\t<div class=\"tb-image-part\">\n\t\t\t\t\t\t\t\t<div class=\"tag\">\n\t\t\t\t\t\t\t\t\t<div>Tag 3<\/div>\n\t\t\t\t\t\t\t\t<\/div>\n\n\t\t\t\t\t\t\t\t<img src='https:\/\/mat.travelblox.eu\/wp-content\/smush-webp\/sites\/68\/2026\/04\/MAT25_DriesVdb_WEB-96-768x960.jpg.webp' width='768' height='960' srcset='https:\/\/mat.travelblox.eu\/wp-content\/smush-webp\/sites\/68\/2026\/04\/MAT25_DriesVdb_WEB-96-768x960.jpg.webp 768w, https:\/\/mat.travelblox.eu\/wp-content\/smush-webp\/sites\/68\/2026\/04\/MAT25_DriesVdb_WEB-96-240x300.jpg.webp 240w, https:\/\/mat.travelblox.eu\/wp-content\/smush-webp\/sites\/68\/2026\/04\/MAT25_DriesVdb_WEB-96-819x1024.jpg.webp 819w, https:\/\/mat.travelblox.eu\/wp-content\/smush-webp\/sites\/68\/2026\/04\/MAT25_DriesVdb_WEB-96-1229x1536.jpg.webp 1229w, https:\/\/mat.travelblox.eu\/wp-content\/smush-webp\/sites\/68\/2026\/04\/MAT25_DriesVdb_WEB-96-1638x2048.jpg.webp 1638w, https:\/\/mat.travelblox.eu\/wp-content\/smush-webp\/sites\/68\/2026\/04\/MAT25_DriesVdb_WEB-96-10x12.jpg.webp 10w, https:\/\/mat.travelblox.eu\/wp-content\/smush-webp\/sites\/68\/2026\/04\/MAT25_DriesVdb_WEB-96-scaled.jpg.webp 2048w' sizes=\"auto, (max-width: 768px) 100vw, 768px\" loading='lazy' decoding='async' data-smush-webp-fallback=\"{&quot;src&quot;:&quot;https:\\\/\\\/mat.travelblox.eu\\\/wp-content\\\/uploads\\\/sites\\\/68\\\/2026\\\/04\\\/MAT25_DriesVdb_WEB-96-768x960.jpg&quot;,&quot;srcset&quot;:&quot;https:\\\/\\\/mat.travelblox.eu\\\/wp-content\\\/uploads\\\/sites\\\/68\\\/2026\\\/04\\\/MAT25_DriesVdb_WEB-96-768x960.jpg 768w, https:\\\/\\\/mat.travelblox.eu\\\/wp-content\\\/uploads\\\/sites\\\/68\\\/2026\\\/04\\\/MAT25_DriesVdb_WEB-96-240x300.jpg 240w, https:\\\/\\\/mat.travelblox.eu\\\/wp-content\\\/uploads\\\/sites\\\/68\\\/2026\\\/04\\\/MAT25_DriesVdb_WEB-96-819x1024.jpg 819w, https:\\\/\\\/mat.travelblox.eu\\\/wp-content\\\/uploads\\\/sites\\\/68\\\/2026\\\/04\\\/MAT25_DriesVdb_WEB-96-1229x1536.jpg 1229w, https:\\\/\\\/mat.travelblox.eu\\\/wp-content\\\/uploads\\\/sites\\\/68\\\/2026\\\/04\\\/MAT25_DriesVdb_WEB-96-1638x2048.jpg 1638w, https:\\\/\\\/mat.travelblox.eu\\\/wp-content\\\/uploads\\\/sites\\\/68\\\/2026\\\/04\\\/MAT25_DriesVdb_WEB-96-10x12.jpg 10w, https:\\\/\\\/mat.travelblox.eu\\\/wp-content\\\/uploads\\\/sites\\\/68\\\/2026\\\/04\\\/MAT25_DriesVdb_WEB-96-scaled.jpg 2048w&quot;}\">\t\t\t\t\t\t\t<\/div>\n\t\t\t\t\t\t\t<div class=\"tb-card-bottom-wrapper\">\n\t\t\t\t\t\t\t\t<div class=\"tb-card-bottom\">\n\n\t\t\t\t\t\t\t\t\t<span class=\"tb-card-bottom__title\">\n\t\t\t\t\t\t\t\t\t\t<span class=\"tb-card-bottom__place\">\n\t\t\t\t\t\t\t\t\t\t\tEncumeada \t\t\t\t\t\t\t\t\t\t\t\t\t\t\t\t\t\t\t\t\t\t\t&#8211; Pico Ruivo\t\t\t\t\t\t\t\t\t\t\t\t\t\t\t\t\t\t\t\t\t<\/span>\n\n\t\t\t\t\t\t\t\t\t<\/span>\n\t\t\t\t\t\t\t\t\t<div class=\"tb-card-bottom__content\">\n\t\t\t\t\t\t\t\t\t\t<div>\n\t\t\t\t\t\t\t\t\t\t\t\t\t\t\t\t\t\t\t\t\t\t\t\t\t\t\t<i class=\"icon fa-solid fa-bed fa-fw\" aria-hidden=\"true\"><\/i>\n\t\t\t 14,3 km\t\t\t\t\t\t\t\t\t\t\t\t\t\t\t\t\t\t\t\t\t<\/div>\n\t\t\t\t\t\t\t\t\t<\/div>\n\t\t\t\t\t\t\t\t\t<div class=\"tb-card-bottom__teaser tb-unfold-on-hover__content\" data-no-translation>\n\t\t\t\t\t\t\t\t\t\t\t\t\t\t\t\t\t\t\t\t\t\t\t\t\t\t\t\t\t\tHeute steigst du auf den Pico Ruivo \u2013 mit 1.862 Metern der h\u00f6chste Punkt Madeiras und des gesamten A&#8230; <span class=\"link\">Mehr lesen<\/span>\t\t\t\t\t\t\t\t\t<\/div>\n\t\t\t\t\t\t\t\t<\/div>\n\n\t\t\t\t\t\t\t<\/div>\n\t\t\t\t\t\t\t<dialog class=\"tb-popup tb-popup-with-padding tb-dayschedule-popup-wrapper\">\n\t\t\t\t\t\t\t\t<div class=\"tb-dayschedule-popup\">\n\t\t\t\t\t\t\t\t\t<h4>\n\t\t\t\t\t\t\t\t\t\t\t\t\t\t\t\t\t\t\t\t\t\t\t\t\t\t\t\t\t\t\t<div>\n\t\t\t\t\t\t\t\t\t\t\t\t\t\t\t\t\t\t\t\t\t\t\t\t\tEncumeada \t\t\t\t\t\t\t\t\t\t\t\t\t\t\t\t\t\t\t\t\t\t\t\t\t\t\t\t\t\t\t\t\t\t\t\t\t\t\t\t\t\t\t\t\t\t\t\t\t\t\t<i class=\"icon fa-solid fa-arrow-right\"><\/i> Pico Ruivo\t\t\t\t\t\t\t\t\t\t\t\t\t\t\t\t\t\t\t\t\t\t\t\t\t\t\t\t\t\t\t\t\t\t\t\t<\/div>\n\t\t\t\t\t\t\t\t\t\t\t\t\t\t\t\t\t\t\t<\/h4>\n\t\t\t\t\t\t\t\t\t<div class=\"tb-columns\">\n\t\t\t\t\t\t\t\t\t\t<div class=\"tb-column tb-column--text\">\n\t\t\t\t\t\t\t\t\t\t\t<div class=\"text-part\">\n\t\t\t\t\t\t\t\t\t\t\t\t\t\t\t\t\t\t\t\t\t\t\t\t\t<div class=\"tb-dayschedule-popup__icons\">\n\t\t\t\t\t\t\t\t\t\t\t\t\t\t\t\t\t\t\t\t\t\t\t\t\t\t\t\t\t\t\t\t\t\t\t\t\t\t\t\t\t\t\t<div class=\"tb-dayschedule-popup__icon\">\n\t\t\t\t\t\t\t\t\t\t\t\t\t\t\t\t\t\t\t\t<i class=\"icon fa-solid fa-bed fa-fw\" aria-hidden=\"true\"><\/i>\n\t\t\t\t\t\t\t\t\t\t\t\t\t\t\t\t\t\t\t<span>\n\t\t\t\t\t\t\t\t\t\t\t\t\t\t\t\t\t14,3 km\t\t\t\t\t\t\t\t\t\t\t\t\t\t\t\t<\/span>\n\t\t\t\t\t\t\t\t\t\t\t\t\t\t\t<\/div>\n\t\t\t\t\t\t\t\t\t\t\t\t\t\t\t\t\t\t\t\t\t\t\t\t\t\t\t<\/div>\n\t\t\t\t\t\t\t\t\t\t\t\t\n\t\t\t\t\t\t\t\t\t\t\t\t\n\t\t\t\t\t\t\t\t\t\t\t\t<div>\n\t\t\t\t\t\t\t\t\t\t\t\t\t<strong>Tag 3<\/strong>\n\t\t\t\t\t\t\t\t\t\t\t\t\t\t<div class=\"translation-block\"><p>Heute steigst du auf den <strong>Pico Ruivo<\/strong> \u2013 mit <strong>1.862 Metern<\/strong> der h\u00f6chste Punkt Madeiras und des gesamten Archipels. Der Weg zieht sich entlang des zentralen Gebirgskamms, mit schroffen Graten rechts und links und freiem Blick in alle Richtungen.<\/p><p>Oben angekommen, er\u00f6ffnet sich dir ein <strong>360\u00b0-Panoramablick<\/strong> \u00fcber die Insel. Bei gutem Wetter ziehen die Wolken unter dir vorbei und das Meer erstreckt sich bis zum Horizont.<br><br>Am Ende des Tages \u00fcbernachtest du in einer Unterkunft in <strong>Achada do Teixeira, weniger als 3 km vom Pico Ruivo entfernt<\/strong>. Optional kannst du am Abend noch einmal zum Gipfel aufsteigen, um den Sonnenuntergang \u00fcber den Wolken zu erleben \u2013 ein besonderes Highlight bei klarer Sicht.<\/p><p><strong>14,3 km \u00b7 +1.270 m \/ -460 m<\/strong><\/p><p><i>Distanzen und H\u00f6henmeter k\u00f6nnen je nach GPS-Ger\u00e4t variieren.<\/i><\/p><p><strong>Hinweis: Pfad und H\u00fctte unter Vorbehalt<\/strong><\/p><p>Nach den Waldbr\u00e4nden sind Teile des Weges derzeit noch gesperrt. Wir verfolgen die Situation eng mit den lokalen Beh\u00f6rden und planen eine Wiederer\u00f6ffnung. Falls das nicht rechtzeitig m\u00f6glich ist, haben wir eine <strong>alternative Route<\/strong> \u2013 von unserem Team getestet und ebenfalls \u00fcber den Pico Ruivo.<\/p><p>Du erh\u00e4ltst <strong>mehrere Wochen vor Abreise<\/strong> alle finalen Informationen zu Route und Unterkunft.<\/p><\/div>\n\t\t\t\t\t\t\t\t\t\t\t\t\t<\/div>\n\n\n\t\t\t\t\t\t\t\t\t\t\t<\/div>\n\t\t\t\t\t\t\t\t\t\t<\/div>\n\t\t\t\t\t\t\t\t\t\t<div class=\"tb-column tb-column--image\">\n\n\t\t\t\t\t\t\t\t\t\t\t<div class=\"tb-image-part\">\n\t\t\t\t\t\t\t\t\t\t\t\t\t\t<div class=\"inner-block-full-width has-tb-carousel tb-carousel-slider\" >\n\t\t<div class=\"tb-carousel-container\">\n\t\t\t<div class=\"entries tb-cards\" data-slider-first=\"0\">\n\t\t\t\t\t\t\t<div class=\"entry\">\n\t\t\t<div class=\"tb-image-part\">\n\t\t\t\t<figure>\n\t\t\t\t\t<img src='https:\/\/mat.travelblox.eu\/wp-content\/smush-webp\/sites\/68\/2026\/04\/MAT25_DriesVdb_WEB-96-819x1024.jpg.webp' width='819' height='1024' srcset='https:\/\/mat.travelblox.eu\/wp-content\/smush-webp\/sites\/68\/2026\/04\/MAT25_DriesVdb_WEB-96-819x1024.jpg.webp 819w, https:\/\/mat.travelblox.eu\/wp-content\/smush-webp\/sites\/68\/2026\/04\/MAT25_DriesVdb_WEB-96-240x300.jpg.webp 240w, https:\/\/mat.travelblox.eu\/wp-content\/smush-webp\/sites\/68\/2026\/04\/MAT25_DriesVdb_WEB-96-768x960.jpg.webp 768w, https:\/\/mat.travelblox.eu\/wp-content\/smush-webp\/sites\/68\/2026\/04\/MAT25_DriesVdb_WEB-96-1229x1536.jpg.webp 1229w, https:\/\/mat.travelblox.eu\/wp-content\/smush-webp\/sites\/68\/2026\/04\/MAT25_DriesVdb_WEB-96-1638x2048.jpg.webp 1638w, https:\/\/mat.travelblox.eu\/wp-content\/smush-webp\/sites\/68\/2026\/04\/MAT25_DriesVdb_WEB-96-10x12.jpg.webp 10w, https:\/\/mat.travelblox.eu\/wp-content\/smush-webp\/sites\/68\/2026\/04\/MAT25_DriesVdb_WEB-96-scaled.jpg.webp 2048w' sizes=\"auto, (max-width: 819px) 100vw, 819px\" loading='lazy' decoding='async' data-smush-webp-fallback=\"{&quot;src&quot;:&quot;https:\\\/\\\/mat.travelblox.eu\\\/wp-content\\\/uploads\\\/sites\\\/68\\\/2026\\\/04\\\/MAT25_DriesVdb_WEB-96-819x1024.jpg&quot;,&quot;srcset&quot;:&quot;https:\\\/\\\/mat.travelblox.eu\\\/wp-content\\\/uploads\\\/sites\\\/68\\\/2026\\\/04\\\/MAT25_DriesVdb_WEB-96-819x1024.jpg 819w, https:\\\/\\\/mat.travelblox.eu\\\/wp-content\\\/uploads\\\/sites\\\/68\\\/2026\\\/04\\\/MAT25_DriesVdb_WEB-96-240x300.jpg 240w, https:\\\/\\\/mat.travelblox.eu\\\/wp-content\\\/uploads\\\/sites\\\/68\\\/2026\\\/04\\\/MAT25_DriesVdb_WEB-96-768x960.jpg 768w, https:\\\/\\\/mat.travelblox.eu\\\/wp-content\\\/uploads\\\/sites\\\/68\\\/2026\\\/04\\\/MAT25_DriesVdb_WEB-96-1229x1536.jpg 1229w, https:\\\/\\\/mat.travelblox.eu\\\/wp-content\\\/uploads\\\/sites\\\/68\\\/2026\\\/04\\\/MAT25_DriesVdb_WEB-96-1638x2048.jpg 1638w, https:\\\/\\\/mat.travelblox.eu\\\/wp-content\\\/uploads\\\/sites\\\/68\\\/2026\\\/04\\\/MAT25_DriesVdb_WEB-96-10x12.jpg 10w, https:\\\/\\\/mat.travelblox.eu\\\/wp-content\\\/uploads\\\/sites\\\/68\\\/2026\\\/04\\\/MAT25_DriesVdb_WEB-96-scaled.jpg 2048w&quot;}\">\t\t\t\t\t\t\t\t\t<\/figure>\n\t\t\t<\/div>\n\t\t<\/div>\n\t\t\t<div class=\"entry\">\n\t\t\t<div class=\"tb-image-part\">\n\t\t\t\t<figure>\n\t\t\t\t\t<img src='https:\/\/mat.travelblox.eu\/wp-content\/smush-webp\/sites\/68\/2026\/04\/IMG_5544-Grande-768x1024.jpeg.webp' width='768' height='1024' srcset='https:\/\/mat.travelblox.eu\/wp-content\/smush-webp\/sites\/68\/2026\/04\/IMG_5544-Grande-768x1024.jpeg.webp 768w, https:\/\/mat.travelblox.eu\/wp-content\/smush-webp\/sites\/68\/2026\/04\/IMG_5544-Grande-225x300.jpeg.webp 225w, https:\/\/mat.travelblox.eu\/wp-content\/smush-webp\/sites\/68\/2026\/04\/IMG_5544-Grande-9x12.jpeg.webp 9w, https:\/\/mat.travelblox.eu\/wp-content\/smush-webp\/sites\/68\/2026\/04\/IMG_5544-Grande.jpeg.webp 960w' sizes=\"auto, (max-width: 768px) 100vw, 768px\" loading='lazy' decoding='async' data-smush-webp-fallback=\"{&quot;src&quot;:&quot;https:\\\/\\\/mat.travelblox.eu\\\/wp-content\\\/uploads\\\/sites\\\/68\\\/2026\\\/04\\\/IMG_5544-Grande-768x1024.jpeg&quot;,&quot;srcset&quot;:&quot;https:\\\/\\\/mat.travelblox.eu\\\/wp-content\\\/uploads\\\/sites\\\/68\\\/2026\\\/04\\\/IMG_5544-Grande-768x1024.jpeg 768w, https:\\\/\\\/mat.travelblox.eu\\\/wp-content\\\/uploads\\\/sites\\\/68\\\/2026\\\/04\\\/IMG_5544-Grande-225x300.jpeg 225w, https:\\\/\\\/mat.travelblox.eu\\\/wp-content\\\/uploads\\\/sites\\\/68\\\/2026\\\/04\\\/IMG_5544-Grande-9x12.jpeg 9w, https:\\\/\\\/mat.travelblox.eu\\\/wp-content\\\/uploads\\\/sites\\\/68\\\/2026\\\/04\\\/IMG_5544-Grande.jpeg 960w&quot;}\">\t\t\t\t\t\t\t\t\t<\/figure>\n\t\t\t<\/div>\n\t\t<\/div>\n\t\t\t<div class=\"entry\">\n\t\t\t<div class=\"tb-image-part\">\n\t\t\t\t<figure>\n\t\t\t\t\t<img src='https:\/\/mat.travelblox.eu\/wp-content\/smush-webp\/sites\/68\/2026\/04\/IMG_5384-Grande-768x1024.jpeg.webp' width='768' height='1024' srcset='https:\/\/mat.travelblox.eu\/wp-content\/smush-webp\/sites\/68\/2026\/04\/IMG_5384-Grande-768x1024.jpeg.webp 768w, https:\/\/mat.travelblox.eu\/wp-content\/smush-webp\/sites\/68\/2026\/04\/IMG_5384-Grande-225x300.jpeg.webp 225w, https:\/\/mat.travelblox.eu\/wp-content\/smush-webp\/sites\/68\/2026\/04\/IMG_5384-Grande-9x12.jpeg.webp 9w, https:\/\/mat.travelblox.eu\/wp-content\/smush-webp\/sites\/68\/2026\/04\/IMG_5384-Grande.jpeg.webp 960w' sizes=\"auto, (max-width: 768px) 100vw, 768px\" loading='lazy' decoding='async' data-smush-webp-fallback=\"{&quot;src&quot;:&quot;https:\\\/\\\/mat.travelblox.eu\\\/wp-content\\\/uploads\\\/sites\\\/68\\\/2026\\\/04\\\/IMG_5384-Grande-768x1024.jpeg&quot;,&quot;srcset&quot;:&quot;https:\\\/\\\/mat.travelblox.eu\\\/wp-content\\\/uploads\\\/sites\\\/68\\\/2026\\\/04\\\/IMG_5384-Grande-768x1024.jpeg 768w, https:\\\/\\\/mat.travelblox.eu\\\/wp-content\\\/uploads\\\/sites\\\/68\\\/2026\\\/04\\\/IMG_5384-Grande-225x300.jpeg 225w, https:\\\/\\\/mat.travelblox.eu\\\/wp-content\\\/uploads\\\/sites\\\/68\\\/2026\\\/04\\\/IMG_5384-Grande-9x12.jpeg 9w, https:\\\/\\\/mat.travelblox.eu\\\/wp-content\\\/uploads\\\/sites\\\/68\\\/2026\\\/04\\\/IMG_5384-Grande.jpeg 960w&quot;}\">\t\t\t\t\t\t\t\t\t<\/figure>\n\t\t\t<\/div>\n\t\t<\/div>\n\t\t\t\t\t<\/div>\n\t\t\t\t<div class=\"tb-carousel-nav\">\n\t\t<div class=\"dots\">\n\t\t\t<div class=\"dot active\"><\/div>\n\t\t\t<div class=\"dot\"><\/div>\n\t\t\t<div class=\"dot\"><\/div>\n\t\t<\/div>\n\t\t<div class=\"arrows\">\n\t\t\t<div class=\"prev disabled\">\n\t\t\t\t<span><i class=\"fa fa-chevron-left\"><\/i><\/span>\n\t\t\t<\/div>\n\t\t\t<div class=\"next\">\n\t\t\t\t<span><i class=\"fa fa-chevron-right\"><\/i><\/span>\n\t\t\t<\/div>\n\t\t<\/div>\n\t<\/div>\n\t\t\t<\/div>\n\t<\/div>\n\t\t\t\t\t\t\t\t\t\t\t\t\t<\/div>\n\t\t\t\t\t\t\t\t\t\t<\/div>\n\t\t\t\t\t\t\t\t\t<\/div>\n\t\t\t\t\t\t\t\t\t\t<div class=\"tb-popup-nav\">\n\t\t<a href=\"#\" class=\"tb-buttonlink-with-icon tb-buttonlink-with-arrow icon-first tb-popup-previous\">\n\t\t\t<i class=\"icon fa fa-chevron-left\"><\/i>\n\t\t\t<span>Vorheriger Tag<\/span>\n\t\t<\/a>\n\t\t<a href=\"#\" class=\"tb-buttonlink-with-icon tb-buttonlink-with-arrow tb-popup-next\">\n\t\t\t<span>N\u00e4chster Tag<\/span>\n\t\t\t<i class=\"icon fa fa-chevron-right\"><\/i>\n\t\t<\/a>\n\t<\/div>\n\t\n\t\t\t\t\t\t\t\t<\/div>\n\t\t\t\t\t\t\t<\/dialog>\n\t\t\t\t\t\t<\/div>\n\t\t\t\t\t\t\t\t\t\t\t<div class=\"tb-card entry tb-popup-trigger tb-unfold-on-hover\">\n\t\t\t\t\t\t\t<div class=\"tb-image-part\">\n\t\t\t\t\t\t\t\t<div class=\"tag\">\n\t\t\t\t\t\t\t\t\t<div>Tag 4<\/div>\n\t\t\t\t\t\t\t\t<\/div>\n\n\t\t\t\t\t\t\t\t<img src='https:\/\/mat.travelblox.eu\/wp-content\/smush-webp\/sites\/68\/2024\/09\/Siliquini-TheMadeiraTrail-240320-9858-e1726653548502-768x727.jpg.webp' width='768' height='727' alt='Abstieg nach Santana Madeira - Descent to Santana Madeira - Afdaling naar Santana Madeira - Descente vers Santana Mad\u00e8re' srcset='https:\/\/mat.travelblox.eu\/wp-content\/smush-webp\/sites\/68\/2024\/09\/Siliquini-TheMadeiraTrail-240320-9858-e1726653548502-768x727.jpg.webp 768w, https:\/\/mat.travelblox.eu\/wp-content\/smush-webp\/sites\/68\/2024\/09\/Siliquini-TheMadeiraTrail-240320-9858-e1726653548502-300x284.jpg.webp 300w, https:\/\/mat.travelblox.eu\/wp-content\/smush-webp\/sites\/68\/2024\/09\/Siliquini-TheMadeiraTrail-240320-9858-e1726653548502-1024x970.jpg.webp 1024w, https:\/\/mat.travelblox.eu\/wp-content\/smush-webp\/sites\/68\/2024\/09\/Siliquini-TheMadeiraTrail-240320-9858-e1726653548502-13x12.jpg.webp 13w, https:\/\/mat.travelblox.eu\/wp-content\/smush-webp\/sites\/68\/2024\/09\/Siliquini-TheMadeiraTrail-240320-9858-e1726653548502.jpg.webp 1365w' sizes=\"auto, (max-width: 768px) 100vw, 768px\" style='object-position:50% 50%' loading='lazy' decoding='async' data-smush-webp-fallback=\"{&quot;src&quot;:&quot;https:\\\/\\\/mat.travelblox.eu\\\/wp-content\\\/uploads\\\/sites\\\/68\\\/2024\\\/09\\\/Siliquini-TheMadeiraTrail-240320-9858-e1726653548502-768x727.jpg&quot;,&quot;srcset&quot;:&quot;https:\\\/\\\/mat.travelblox.eu\\\/wp-content\\\/uploads\\\/sites\\\/68\\\/2024\\\/09\\\/Siliquini-TheMadeiraTrail-240320-9858-e1726653548502-768x727.jpg 768w, https:\\\/\\\/mat.travelblox.eu\\\/wp-content\\\/uploads\\\/sites\\\/68\\\/2024\\\/09\\\/Siliquini-TheMadeiraTrail-240320-9858-e1726653548502-300x284.jpg 300w, https:\\\/\\\/mat.travelblox.eu\\\/wp-content\\\/uploads\\\/sites\\\/68\\\/2024\\\/09\\\/Siliquini-TheMadeiraTrail-240320-9858-e1726653548502-1024x970.jpg 1024w, https:\\\/\\\/mat.travelblox.eu\\\/wp-content\\\/uploads\\\/sites\\\/68\\\/2024\\\/09\\\/Siliquini-TheMadeiraTrail-240320-9858-e1726653548502-13x12.jpg 13w, https:\\\/\\\/mat.travelblox.eu\\\/wp-content\\\/uploads\\\/sites\\\/68\\\/2024\\\/09\\\/Siliquini-TheMadeiraTrail-240320-9858-e1726653548502.jpg 1365w&quot;}\">\t\t\t\t\t\t\t<\/div>\n\t\t\t\t\t\t\t<div class=\"tb-card-bottom-wrapper\">\n\t\t\t\t\t\t\t\t<div class=\"tb-card-bottom\">\n\n\t\t\t\t\t\t\t\t\t<span class=\"tb-card-bottom__title\">\n\t\t\t\t\t\t\t\t\t\t<span class=\"tb-card-bottom__place\">\n\t\t\t\t\t\t\t\t\t\t\tAchada do Teixeira \u2013 Santana\t\t\t\t\t\t\t\t\t\t\t\t\t\t\t\t\t\t\t\t\t<\/span>\n\n\t\t\t\t\t\t\t\t\t<\/span>\n\t\t\t\t\t\t\t\t\t<div class=\"tb-card-bottom__content\">\n\t\t\t\t\t\t\t\t\t\t<div>\n\t\t\t\t\t\t\t\t\t\t\t\t\t\t\t\t\t\t\t\t\t\t\t\t\t\t\t<i class=\"icon fa-solid fa-bed fa-fw\" aria-hidden=\"true\"><\/i>\n\t\t\t 14 km\t\t\t\t\t\t\t\t\t\t\t\t\t\t\t\t\t\t\t\t\t<\/div>\n\t\t\t\t\t\t\t\t\t<\/div>\n\t\t\t\t\t\t\t\t\t<div class=\"tb-card-bottom__teaser tb-unfold-on-hover__content\" data-no-translation>\n\t\t\t\t\t\t\t\t\t\t\t\t\t\t\t\t\t\t\t\t\t\t\t\t\t\t\t\t\t\tAbstieg nach SantanaDer Tag beginnt fr\u00fch. Bei gutem Wetter kannst du optional einen Hin- und R\u00fcckweg&#8230; <span class=\"link\">Mehr lesen<\/span>\t\t\t\t\t\t\t\t\t<\/div>\n\t\t\t\t\t\t\t\t<\/div>\n\n\t\t\t\t\t\t\t<\/div>\n\t\t\t\t\t\t\t<dialog class=\"tb-popup tb-popup-with-padding tb-dayschedule-popup-wrapper\">\n\t\t\t\t\t\t\t\t<div class=\"tb-dayschedule-popup\">\n\t\t\t\t\t\t\t\t\t<h4>\n\t\t\t\t\t\t\t\t\t\t\t\t\t\t\t\t\t\t\t\t\t\t\t\t\t\t\t\t\t\t\t<div>\n\t\t\t\t\t\t\t\t\t\t\t\t\t\t\t\t\t\t\t\t\t\t\t\t\tAchada do Teixeira\t\t\t\t\t\t\t\t\t\t\t\t\t\t\t\t\t\t\t\t\t\t\t\t\t\t\t\t\t\t\t\t\t\t\t\t\t\t\t\t\t\t\t\t\t\t\t\t\t\t\t<i class=\"icon fa-solid fa-arrow-right\"><\/i> Santana\t\t\t\t\t\t\t\t\t\t\t\t\t\t\t\t\t\t\t\t\t\t\t\t\t\t\t\t\t\t\t\t\t\t\t\t<\/div>\n\t\t\t\t\t\t\t\t\t\t\t\t\t\t\t\t\t\t\t<\/h4>\n\t\t\t\t\t\t\t\t\t<div class=\"tb-columns\">\n\t\t\t\t\t\t\t\t\t\t<div class=\"tb-column tb-column--text\">\n\t\t\t\t\t\t\t\t\t\t\t<div class=\"text-part\">\n\t\t\t\t\t\t\t\t\t\t\t\t\t\t\t\t\t\t\t\t\t\t\t\t\t<div class=\"tb-dayschedule-popup__icons\">\n\t\t\t\t\t\t\t\t\t\t\t\t\t\t\t\t\t\t\t\t\t\t\t\t\t\t\t\t\t\t\t\t\t\t\t\t\t\t\t\t\t\t\t<div class=\"tb-dayschedule-popup__icon\">\n\t\t\t\t\t\t\t\t\t\t\t\t\t\t\t\t\t\t\t\t<i class=\"icon fa-solid fa-bed fa-fw\" aria-hidden=\"true\"><\/i>\n\t\t\t\t\t\t\t\t\t\t\t\t\t\t\t\t\t\t\t<span>\n\t\t\t\t\t\t\t\t\t\t\t\t\t\t\t\t\t14 km\t\t\t\t\t\t\t\t\t\t\t\t\t\t\t\t<\/span>\n\t\t\t\t\t\t\t\t\t\t\t\t\t\t\t<\/div>\n\t\t\t\t\t\t\t\t\t\t\t\t\t\t\t\t\t\t\t\t\t\t\t\t\t\t\t<\/div>\n\t\t\t\t\t\t\t\t\t\t\t\t\n\t\t\t\t\t\t\t\t\t\t\t\t\n\t\t\t\t\t\t\t\t\t\t\t\t<div>\n\t\t\t\t\t\t\t\t\t\t\t\t\t<strong>Tag 4<\/strong>\n\t\t\t\t\t\t\t\t\t\t\t\t\t\t<div class=\"translation-block\"><p><strong>Abstieg nach Santana<\/strong><\/p><p>Der Tag beginnt fr\u00fch. Bei gutem Wetter kannst du optional einen <strong>Hin- und R\u00fcckweg zum Pico Ruivo<\/strong> machen und dort den Sonnenaufgang erleben \u2013 ein beeindruckendes Erlebnis \u00fcber den Wolken.<\/p><p>Danach geht es abw\u00e4rts Richtung Santana. Der Weg schl\u00e4ngelt sich durch steile Bergh\u00e4nge und gr\u00fcne T\u00e4ler. Mit <strong>1.380 Metern Abstieg<\/strong> erwartet dich der l\u00e4ngste Abstieg der Woche. Achte dabei besonders auf deine Knie und nutze deine <strong>Wanderst\u00f6cke<\/strong>, die dir auf den steilen Passagen zus\u00e4tzliche Stabilit\u00e4t geben.<\/p><p>Am Abend erreichst du dein <strong>Hotel in Santana<\/strong>, wo dich ein Jacuzzi zum Entspannen erwartet.<\/p><p><strong>14 km \u00b7 +140 m \/ -1.380 m<\/strong><\/p><p><i>Distanzen und H\u00f6henmeter k\u00f6nnen je nach GPS-Ger\u00e4t variieren.<\/i><\/p><\/div>\n\t\t\t\t\t\t\t\t\t\t\t\t\t<\/div>\n\n\n\t\t\t\t\t\t\t\t\t\t\t<\/div>\n\t\t\t\t\t\t\t\t\t\t<\/div>\n\t\t\t\t\t\t\t\t\t\t<div class=\"tb-column tb-column--image\">\n\n\t\t\t\t\t\t\t\t\t\t\t<div class=\"tb-image-part\">\n\t\t\t\t\t\t\t\t\t\t\t\t\t\t<div class=\"inner-block-full-width has-tb-carousel tb-carousel-slider\" >\n\t\t<div class=\"tb-carousel-container\">\n\t\t\t<div class=\"entries tb-cards\" data-slider-first=\"0\">\n\t\t\t\t\t\t\t<div class=\"entry\">\n\t\t\t<div class=\"tb-image-part\">\n\t\t\t\t<figure>\n\t\t\t\t\t<img src='https:\/\/mat.travelblox.eu\/wp-content\/smush-webp\/sites\/68\/2024\/09\/Siliquini-TheMadeiraTrail-240320-9858-e1726653548502-1024x970.jpg.webp' width='1024' height='970' alt='Abstieg nach Santana Madeira - Descent to Santana Madeira - Afdaling naar Santana Madeira - Descente vers Santana Mad\u00e8re' srcset='https:\/\/mat.travelblox.eu\/wp-content\/smush-webp\/sites\/68\/2024\/09\/Siliquini-TheMadeiraTrail-240320-9858-e1726653548502-1024x970.jpg.webp 1024w, https:\/\/mat.travelblox.eu\/wp-content\/smush-webp\/sites\/68\/2024\/09\/Siliquini-TheMadeiraTrail-240320-9858-e1726653548502-300x284.jpg.webp 300w, https:\/\/mat.travelblox.eu\/wp-content\/smush-webp\/sites\/68\/2024\/09\/Siliquini-TheMadeiraTrail-240320-9858-e1726653548502-768x727.jpg.webp 768w, https:\/\/mat.travelblox.eu\/wp-content\/smush-webp\/sites\/68\/2024\/09\/Siliquini-TheMadeiraTrail-240320-9858-e1726653548502-13x12.jpg.webp 13w, https:\/\/mat.travelblox.eu\/wp-content\/smush-webp\/sites\/68\/2024\/09\/Siliquini-TheMadeiraTrail-240320-9858-e1726653548502.jpg.webp 1365w' sizes=\"auto, (max-width: 1024px) 100vw, 1024px\" style='object-position:50% 50%' loading='lazy' decoding='async' data-smush-webp-fallback=\"{&quot;src&quot;:&quot;https:\\\/\\\/mat.travelblox.eu\\\/wp-content\\\/uploads\\\/sites\\\/68\\\/2024\\\/09\\\/Siliquini-TheMadeiraTrail-240320-9858-e1726653548502-1024x970.jpg&quot;,&quot;srcset&quot;:&quot;https:\\\/\\\/mat.travelblox.eu\\\/wp-content\\\/uploads\\\/sites\\\/68\\\/2024\\\/09\\\/Siliquini-TheMadeiraTrail-240320-9858-e1726653548502-1024x970.jpg 1024w, https:\\\/\\\/mat.travelblox.eu\\\/wp-content\\\/uploads\\\/sites\\\/68\\\/2024\\\/09\\\/Siliquini-TheMadeiraTrail-240320-9858-e1726653548502-300x284.jpg 300w, https:\\\/\\\/mat.travelblox.eu\\\/wp-content\\\/uploads\\\/sites\\\/68\\\/2024\\\/09\\\/Siliquini-TheMadeiraTrail-240320-9858-e1726653548502-768x727.jpg 768w, https:\\\/\\\/mat.travelblox.eu\\\/wp-content\\\/uploads\\\/sites\\\/68\\\/2024\\\/09\\\/Siliquini-TheMadeiraTrail-240320-9858-e1726653548502-13x12.jpg 13w, https:\\\/\\\/mat.travelblox.eu\\\/wp-content\\\/uploads\\\/sites\\\/68\\\/2024\\\/09\\\/Siliquini-TheMadeiraTrail-240320-9858-e1726653548502.jpg 1365w&quot;}\">\t\t\t\t\t\t\t\t\t<\/figure>\n\t\t\t<\/div>\n\t\t<\/div>\n\t\t\t<div class=\"entry\">\n\t\t\t<div class=\"tb-image-part\">\n\t\t\t\t<figure>\n\t\t\t\t\t<img src='https:\/\/mat.travelblox.eu\/wp-content\/smush-webp\/sites\/68\/2024\/03\/Siliquini-MadeiraTrail-240319-0072-1024x767.jpeg.webp' width='1024' height='767' alt='Wandern auf Madeira - Hiking in Madeira - Randonner \u00e0 Mad\u00e8re - Hike Madeira' srcset='https:\/\/mat.travelblox.eu\/wp-content\/smush-webp\/sites\/68\/2024\/03\/Siliquini-MadeiraTrail-240319-0072-1024x767.jpeg.webp 1024w, https:\/\/mat.travelblox.eu\/wp-content\/smush-webp\/sites\/68\/2024\/03\/Siliquini-MadeiraTrail-240319-0072-300x225.jpeg.webp 300w, https:\/\/mat.travelblox.eu\/wp-content\/smush-webp\/sites\/68\/2024\/03\/Siliquini-MadeiraTrail-240319-0072-768x575.jpeg.webp 768w, https:\/\/mat.travelblox.eu\/wp-content\/smush-webp\/sites\/68\/2024\/03\/Siliquini-MadeiraTrail-240319-0072-1536x1151.jpeg.webp 1536w, https:\/\/mat.travelblox.eu\/wp-content\/smush-webp\/sites\/68\/2024\/03\/Siliquini-MadeiraTrail-240319-0072-16x12.jpeg.webp 16w, https:\/\/mat.travelblox.eu\/wp-content\/smush-webp\/sites\/68\/2024\/03\/Siliquini-MadeiraTrail-240319-0072.jpeg.webp 2048w' sizes=\"auto, (max-width: 1024px) 100vw, 1024px\" style='object-position:50% 50%' loading='lazy' decoding='async' data-smush-webp-fallback=\"{&quot;src&quot;:&quot;https:\\\/\\\/mat.travelblox.eu\\\/wp-content\\\/uploads\\\/sites\\\/68\\\/2024\\\/03\\\/Siliquini-MadeiraTrail-240319-0072-1024x767.jpeg&quot;,&quot;srcset&quot;:&quot;https:\\\/\\\/mat.travelblox.eu\\\/wp-content\\\/uploads\\\/sites\\\/68\\\/2024\\\/03\\\/Siliquini-MadeiraTrail-240319-0072-1024x767.jpeg 1024w, https:\\\/\\\/mat.travelblox.eu\\\/wp-content\\\/uploads\\\/sites\\\/68\\\/2024\\\/03\\\/Siliquini-MadeiraTrail-240319-0072-300x225.jpeg 300w, https:\\\/\\\/mat.travelblox.eu\\\/wp-content\\\/uploads\\\/sites\\\/68\\\/2024\\\/03\\\/Siliquini-MadeiraTrail-240319-0072-768x575.jpeg 768w, https:\\\/\\\/mat.travelblox.eu\\\/wp-content\\\/uploads\\\/sites\\\/68\\\/2024\\\/03\\\/Siliquini-MadeiraTrail-240319-0072-1536x1151.jpeg 1536w, https:\\\/\\\/mat.travelblox.eu\\\/wp-content\\\/uploads\\\/sites\\\/68\\\/2024\\\/03\\\/Siliquini-MadeiraTrail-240319-0072-16x12.jpeg 16w, https:\\\/\\\/mat.travelblox.eu\\\/wp-content\\\/uploads\\\/sites\\\/68\\\/2024\\\/03\\\/Siliquini-MadeiraTrail-240319-0072.jpeg 2048w&quot;}\">\t\t\t\t\t\t\t\t\t<\/figure>\n\t\t\t<\/div>\n\t\t<\/div>\n\t\t\t<div class=\"entry\">\n\t\t\t<div class=\"tb-image-part\">\n\t\t\t\t<figure>\n\t\t\t\t\t<img src='https:\/\/mat.travelblox.eu\/wp-content\/smush-webp\/sites\/68\/2024\/09\/Siliquini-TheMadeiraTrail-240321-0443-e1726653533625-1024x881.jpg.webp' width='1024' height='881' alt='Pflanzen Madeira - Plantes Mad\u00e8re - Plants Madeira - Planten Madeira' srcset='https:\/\/mat.travelblox.eu\/wp-content\/smush-webp\/sites\/68\/2024\/09\/Siliquini-TheMadeiraTrail-240321-0443-e1726653533625-1024x881.jpg.webp 1024w, https:\/\/mat.travelblox.eu\/wp-content\/smush-webp\/sites\/68\/2024\/09\/Siliquini-TheMadeiraTrail-240321-0443-e1726653533625-300x258.jpg.webp 300w, https:\/\/mat.travelblox.eu\/wp-content\/smush-webp\/sites\/68\/2024\/09\/Siliquini-TheMadeiraTrail-240321-0443-e1726653533625-768x661.jpg.webp 768w, https:\/\/mat.travelblox.eu\/wp-content\/smush-webp\/sites\/68\/2024\/09\/Siliquini-TheMadeiraTrail-240321-0443-e1726653533625-14x12.jpg.webp 14w, https:\/\/mat.travelblox.eu\/wp-content\/smush-webp\/sites\/68\/2024\/09\/Siliquini-TheMadeiraTrail-240321-0443-e1726653533625.jpg.webp 1365w' sizes=\"auto, (max-width: 1024px) 100vw, 1024px\" style='object-position:50% 50%' loading='lazy' decoding='async' data-smush-webp-fallback=\"{&quot;src&quot;:&quot;https:\\\/\\\/mat.travelblox.eu\\\/wp-content\\\/uploads\\\/sites\\\/68\\\/2024\\\/09\\\/Siliquini-TheMadeiraTrail-240321-0443-e1726653533625-1024x881.jpg&quot;,&quot;srcset&quot;:&quot;https:\\\/\\\/mat.travelblox.eu\\\/wp-content\\\/uploads\\\/sites\\\/68\\\/2024\\\/09\\\/Siliquini-TheMadeiraTrail-240321-0443-e1726653533625-1024x881.jpg 1024w, https:\\\/\\\/mat.travelblox.eu\\\/wp-content\\\/uploads\\\/sites\\\/68\\\/2024\\\/09\\\/Siliquini-TheMadeiraTrail-240321-0443-e1726653533625-300x258.jpg 300w, https:\\\/\\\/mat.travelblox.eu\\\/wp-content\\\/uploads\\\/sites\\\/68\\\/2024\\\/09\\\/Siliquini-TheMadeiraTrail-240321-0443-e1726653533625-768x661.jpg 768w, https:\\\/\\\/mat.travelblox.eu\\\/wp-content\\\/uploads\\\/sites\\\/68\\\/2024\\\/09\\\/Siliquini-TheMadeiraTrail-240321-0443-e1726653533625-14x12.jpg 14w, https:\\\/\\\/mat.travelblox.eu\\\/wp-content\\\/uploads\\\/sites\\\/68\\\/2024\\\/09\\\/Siliquini-TheMadeiraTrail-240321-0443-e1726653533625.jpg 1365w&quot;}\">\t\t\t\t\t\t\t\t\t<\/figure>\n\t\t\t<\/div>\n\t\t<\/div>\n\t\t\t<div class=\"entry\">\n\t\t\t<div class=\"tb-image-part\">\n\t\t\t\t<figure>\n\t\t\t\t\t<img src='https:\/\/mat.travelblox.eu\/wp-content\/smush-webp\/sites\/68\/2024\/03\/Siliquini-MadeiraTrail-240320-9904-1024x683.jpeg.webp' width='1024' height='683' alt='Madeira Wanderwege - Wanderpfade auf Madeira - Madeira Hiking Trails - Wanderwege auf Madeira' srcset='https:\/\/mat.travelblox.eu\/wp-content\/smush-webp\/sites\/68\/2024\/03\/Siliquini-MadeiraTrail-240320-9904-1024x683.jpeg.webp 1024w, https:\/\/mat.travelblox.eu\/wp-content\/smush-webp\/sites\/68\/2024\/03\/Siliquini-MadeiraTrail-240320-9904-300x200.jpeg.webp 300w, https:\/\/mat.travelblox.eu\/wp-content\/smush-webp\/sites\/68\/2024\/03\/Siliquini-MadeiraTrail-240320-9904-768x512.jpeg.webp 768w, https:\/\/mat.travelblox.eu\/wp-content\/smush-webp\/sites\/68\/2024\/03\/Siliquini-MadeiraTrail-240320-9904-1536x1024.jpeg.webp 1536w, https:\/\/mat.travelblox.eu\/wp-content\/smush-webp\/sites\/68\/2024\/03\/Siliquini-MadeiraTrail-240320-9904-18x12.jpeg.webp 18w, https:\/\/mat.travelblox.eu\/wp-content\/smush-webp\/sites\/68\/2024\/03\/Siliquini-MadeiraTrail-240320-9904.jpeg.webp 2048w' sizes=\"auto, (max-width: 1024px) 100vw, 1024px\" style='object-position:50% 50%' loading='lazy' decoding='async' data-smush-webp-fallback=\"{&quot;src&quot;:&quot;https:\\\/\\\/mat.travelblox.eu\\\/wp-content\\\/uploads\\\/sites\\\/68\\\/2024\\\/03\\\/Siliquini-MadeiraTrail-240320-9904-1024x683.jpeg&quot;,&quot;srcset&quot;:&quot;https:\\\/\\\/mat.travelblox.eu\\\/wp-content\\\/uploads\\\/sites\\\/68\\\/2024\\\/03\\\/Siliquini-MadeiraTrail-240320-9904-1024x683.jpeg 1024w, https:\\\/\\\/mat.travelblox.eu\\\/wp-content\\\/uploads\\\/sites\\\/68\\\/2024\\\/03\\\/Siliquini-MadeiraTrail-240320-9904-300x200.jpeg 300w, https:\\\/\\\/mat.travelblox.eu\\\/wp-content\\\/uploads\\\/sites\\\/68\\\/2024\\\/03\\\/Siliquini-MadeiraTrail-240320-9904-768x512.jpeg 768w, https:\\\/\\\/mat.travelblox.eu\\\/wp-content\\\/uploads\\\/sites\\\/68\\\/2024\\\/03\\\/Siliquini-MadeiraTrail-240320-9904-1536x1024.jpeg 1536w, https:\\\/\\\/mat.travelblox.eu\\\/wp-content\\\/uploads\\\/sites\\\/68\\\/2024\\\/03\\\/Siliquini-MadeiraTrail-240320-9904-18x12.jpeg 18w, https:\\\/\\\/mat.travelblox.eu\\\/wp-content\\\/uploads\\\/sites\\\/68\\\/2024\\\/03\\\/Siliquini-MadeiraTrail-240320-9904.jpeg 2048w&quot;}\">\t\t\t\t\t\t\t\t\t<\/figure>\n\t\t\t<\/div>\n\t\t<\/div>\n\t\t\t<div class=\"entry\">\n\t\t\t<div class=\"tb-image-part\">\n\t\t\t\t<figure>\n\t\t\t\t\t<img src='https:\/\/mat.travelblox.eu\/wp-content\/smush-webp\/sites\/68\/2024\/09\/Siliquini-TheMadeiraTrail-240322-1601-e1726653505504-1024x952.jpg.webp' width='1024' height='952' alt='Madeira Insel - \u00cele de Mad\u00e8re - Madeira Island - Madeira-Insel' srcset='https:\/\/mat.travelblox.eu\/wp-content\/smush-webp\/sites\/68\/2024\/09\/Siliquini-TheMadeiraTrail-240322-1601-e1726653505504-1024x952.jpg.webp 1024w, https:\/\/mat.travelblox.eu\/wp-content\/smush-webp\/sites\/68\/2024\/09\/Siliquini-TheMadeiraTrail-240322-1601-e1726653505504-300x279.jpg.webp 300w, https:\/\/mat.travelblox.eu\/wp-content\/smush-webp\/sites\/68\/2024\/09\/Siliquini-TheMadeiraTrail-240322-1601-e1726653505504-768x714.jpg.webp 768w, https:\/\/mat.travelblox.eu\/wp-content\/smush-webp\/sites\/68\/2024\/09\/Siliquini-TheMadeiraTrail-240322-1601-e1726653505504-13x12.jpg.webp 13w, https:\/\/mat.travelblox.eu\/wp-content\/smush-webp\/sites\/68\/2024\/09\/Siliquini-TheMadeiraTrail-240322-1601-e1726653505504.jpg.webp 1365w' sizes=\"auto, (max-width: 1024px) 100vw, 1024px\" style='object-position:50% 50%' loading='lazy' decoding='async' data-smush-webp-fallback=\"{&quot;src&quot;:&quot;https:\\\/\\\/mat.travelblox.eu\\\/wp-content\\\/uploads\\\/sites\\\/68\\\/2024\\\/09\\\/Siliquini-TheMadeiraTrail-240322-1601-e1726653505504-1024x952.jpg&quot;,&quot;srcset&quot;:&quot;https:\\\/\\\/mat.travelblox.eu\\\/wp-content\\\/uploads\\\/sites\\\/68\\\/2024\\\/09\\\/Siliquini-TheMadeiraTrail-240322-1601-e1726653505504-1024x952.jpg 1024w, https:\\\/\\\/mat.travelblox.eu\\\/wp-content\\\/uploads\\\/sites\\\/68\\\/2024\\\/09\\\/Siliquini-TheMadeiraTrail-240322-1601-e1726653505504-300x279.jpg 300w, https:\\\/\\\/mat.travelblox.eu\\\/wp-content\\\/uploads\\\/sites\\\/68\\\/2024\\\/09\\\/Siliquini-TheMadeiraTrail-240322-1601-e1726653505504-768x714.jpg 768w, https:\\\/\\\/mat.travelblox.eu\\\/wp-content\\\/uploads\\\/sites\\\/68\\\/2024\\\/09\\\/Siliquini-TheMadeiraTrail-240322-1601-e1726653505504-13x12.jpg 13w, https:\\\/\\\/mat.travelblox.eu\\\/wp-content\\\/uploads\\\/sites\\\/68\\\/2024\\\/09\\\/Siliquini-TheMadeiraTrail-240322-1601-e1726653505504.jpg 1365w&quot;}\">\t\t\t\t\t\t\t\t\t<\/figure>\n\t\t\t<\/div>\n\t\t<\/div>\n\t\t\t\t\t<\/div>\n\t\t\t\t<div class=\"tb-carousel-nav\">\n\t\t<div class=\"dots\">\n\t\t\t<div class=\"dot active\"><\/div>\n\t\t\t<div class=\"dot\"><\/div>\n\t\t\t<div class=\"dot\"><\/div>\n\t\t<\/div>\n\t\t<div class=\"arrows\">\n\t\t\t<div class=\"prev disabled\">\n\t\t\t\t<span><i class=\"fa fa-chevron-left\"><\/i><\/span>\n\t\t\t<\/div>\n\t\t\t<div class=\"next\">\n\t\t\t\t<span><i class=\"fa fa-chevron-right\"><\/i><\/span>\n\t\t\t<\/div>\n\t\t<\/div>\n\t<\/div>\n\t\t\t<\/div>\n\t<\/div>\n\t\t\t\t\t\t\t\t\t\t\t\t\t<\/div>\n\t\t\t\t\t\t\t\t\t\t<\/div>\n\t\t\t\t\t\t\t\t\t<\/div>\n\t\t\t\t\t\t\t\t\t\t<div class=\"tb-popup-nav\">\n\t\t<a href=\"#\" class=\"tb-buttonlink-with-icon tb-buttonlink-with-arrow icon-first tb-popup-previous\">\n\t\t\t<i class=\"icon fa fa-chevron-left\"><\/i>\n\t\t\t<span>Vorheriger Tag<\/span>\n\t\t<\/a>\n\t\t<a href=\"#\" class=\"tb-buttonlink-with-icon tb-buttonlink-with-arrow tb-popup-next\">\n\t\t\t<span>N\u00e4chster Tag<\/span>\n\t\t\t<i class=\"icon fa fa-chevron-right\"><\/i>\n\t\t<\/a>\n\t<\/div>\n\t\n\t\t\t\t\t\t\t\t<\/div>\n\t\t\t\t\t\t\t<\/dialog>\n\t\t\t\t\t\t<\/div>\n\t\t\t\t\t\t\t\t\t\t\t<div class=\"tb-card entry tb-popup-trigger tb-unfold-on-hover\">\n\t\t\t\t\t\t\t<div class=\"tb-image-part\">\n\t\t\t\t\t\t\t\t<div class=\"tag\">\n\t\t\t\t\t\t\t\t\t<div>Tag 5<\/div>\n\t\t\t\t\t\t\t\t<\/div>\n\n\t\t\t\t\t\t\t\t<img src='https:\/\/mat.travelblox.eu\/wp-content\/smush-webp\/sites\/68\/2024\/03\/Siliquini-MadeiraTrail-240321-0986-768x512.jpeg.webp' width='768' height='512' alt='Ausblick Boca do Risco - Aussicht Boca do Risco - Boca do Risco Aussichtsplattform - Aussichtspunkt Boca do Risco' srcset='https:\/\/mat.travelblox.eu\/wp-content\/smush-webp\/sites\/68\/2024\/03\/Siliquini-MadeiraTrail-240321-0986-768x512.jpeg.webp 768w, https:\/\/mat.travelblox.eu\/wp-content\/smush-webp\/sites\/68\/2024\/03\/Siliquini-MadeiraTrail-240321-0986-300x200.jpeg.webp 300w, https:\/\/mat.travelblox.eu\/wp-content\/smush-webp\/sites\/68\/2024\/03\/Siliquini-MadeiraTrail-240321-0986-1024x683.jpeg.webp 1024w, https:\/\/mat.travelblox.eu\/wp-content\/smush-webp\/sites\/68\/2024\/03\/Siliquini-MadeiraTrail-240321-0986-1536x1024.jpeg.webp 1536w, https:\/\/mat.travelblox.eu\/wp-content\/smush-webp\/sites\/68\/2024\/03\/Siliquini-MadeiraTrail-240321-0986-18x12.jpeg.webp 18w, https:\/\/mat.travelblox.eu\/wp-content\/smush-webp\/sites\/68\/2024\/03\/Siliquini-MadeiraTrail-240321-0986.jpeg.webp 2048w' sizes=\"auto, (max-width: 768px) 100vw, 768px\" style='object-position:50% 50%' loading='lazy' decoding='async' data-smush-webp-fallback=\"{&quot;src&quot;:&quot;https:\\\/\\\/mat.travelblox.eu\\\/wp-content\\\/uploads\\\/sites\\\/68\\\/2024\\\/03\\\/Siliquini-MadeiraTrail-240321-0986-768x512.jpeg&quot;,&quot;srcset&quot;:&quot;https:\\\/\\\/mat.travelblox.eu\\\/wp-content\\\/uploads\\\/sites\\\/68\\\/2024\\\/03\\\/Siliquini-MadeiraTrail-240321-0986-768x512.jpeg 768w, https:\\\/\\\/mat.travelblox.eu\\\/wp-content\\\/uploads\\\/sites\\\/68\\\/2024\\\/03\\\/Siliquini-MadeiraTrail-240321-0986-300x200.jpeg 300w, https:\\\/\\\/mat.travelblox.eu\\\/wp-content\\\/uploads\\\/sites\\\/68\\\/2024\\\/03\\\/Siliquini-MadeiraTrail-240321-0986-1024x683.jpeg 1024w, https:\\\/\\\/mat.travelblox.eu\\\/wp-content\\\/uploads\\\/sites\\\/68\\\/2024\\\/03\\\/Siliquini-MadeiraTrail-240321-0986-1536x1024.jpeg 1536w, https:\\\/\\\/mat.travelblox.eu\\\/wp-content\\\/uploads\\\/sites\\\/68\\\/2024\\\/03\\\/Siliquini-MadeiraTrail-240321-0986-18x12.jpeg 18w, https:\\\/\\\/mat.travelblox.eu\\\/wp-content\\\/uploads\\\/sites\\\/68\\\/2024\\\/03\\\/Siliquini-MadeiraTrail-240321-0986.jpeg 2048w&quot;}\">\t\t\t\t\t\t\t<\/div>\n\t\t\t\t\t\t\t<div class=\"tb-card-bottom-wrapper\">\n\t\t\t\t\t\t\t\t<div class=\"tb-card-bottom\">\n\n\t\t\t\t\t\t\t\t\t<span class=\"tb-card-bottom__title\">\n\t\t\t\t\t\t\t\t\t\t<span class=\"tb-card-bottom__place\">\n\t\t\t\t\t\t\t\t\t\t\tPorto da Cruz \u2013 Machico\t\t\t\t\t\t\t\t\t\t\t\t\t\t\t\t\t\t\t\t\t<\/span>\n\n\t\t\t\t\t\t\t\t\t<\/span>\n\t\t\t\t\t\t\t\t\t<div class=\"tb-card-bottom__content\">\n\t\t\t\t\t\t\t\t\t\t<div>\n\t\t\t\t\t\t\t\t\t\t\t\t\t\t\t\t\t\t\t\t\t\t\t\t\t\t\t<i class=\"icon fa-solid fa-bed fa-fw\" aria-hidden=\"true\"><\/i>\n\t\t\t 16 km\t\t\t\t\t\t\t\t\t\t\t\t\t\t\t\t\t\t\t\t\t<\/div>\n\t\t\t\t\t\t\t\t\t<\/div>\n\t\t\t\t\t\t\t\t\t<div class=\"tb-card-bottom__teaser tb-unfold-on-hover__content\" data-no-translation>\n\t\t\t\t\t\t\t\t\t\t\t\t\t\t\t\t\t\t\t\t\t\t\t\t\t\t\t\t\t\tK\u00fcstenpfade nach MachicoMorgens bringt dich ein Transfer von Santana nach Porto da Cruz. Von dort st&#8230; <span class=\"link\">Mehr lesen<\/span>\t\t\t\t\t\t\t\t\t<\/div>\n\t\t\t\t\t\t\t\t<\/div>\n\n\t\t\t\t\t\t\t<\/div>\n\t\t\t\t\t\t\t<dialog class=\"tb-popup tb-popup-with-padding tb-dayschedule-popup-wrapper\">\n\t\t\t\t\t\t\t\t<div class=\"tb-dayschedule-popup\">\n\t\t\t\t\t\t\t\t\t<h4>\n\t\t\t\t\t\t\t\t\t\t\t\t\t\t\t\t\t\t\t\t\t\t\t\t\t\t\t\t\t\t\t<div>\n\t\t\t\t\t\t\t\t\t\t\t\t\t\t\t\t\t\t\t\t\t\t\t\t\tPorto da Cruz\t\t\t\t\t\t\t\t\t\t\t\t\t\t\t\t\t\t\t\t\t\t\t\t\t\t\t\t\t\t\t\t\t\t\t\t\t\t\t\t\t\t\t\t\t\t\t\t\t\t\t<i class=\"icon fa-solid fa-arrow-right\"><\/i> Machico\t\t\t\t\t\t\t\t\t\t\t\t\t\t\t\t\t\t\t\t\t\t\t\t\t\t\t\t\t\t\t\t\t\t\t\t<\/div>\n\t\t\t\t\t\t\t\t\t\t\t\t\t\t\t\t\t\t\t<\/h4>\n\t\t\t\t\t\t\t\t\t<div class=\"tb-columns\">\n\t\t\t\t\t\t\t\t\t\t<div class=\"tb-column tb-column--text\">\n\t\t\t\t\t\t\t\t\t\t\t<div class=\"text-part\">\n\t\t\t\t\t\t\t\t\t\t\t\t\t\t\t\t\t\t\t\t\t\t\t\t\t<div class=\"tb-dayschedule-popup__icons\">\n\t\t\t\t\t\t\t\t\t\t\t\t\t\t\t\t\t\t\t\t\t\t\t\t\t\t\t\t\t\t\t\t\t\t\t\t\t\t\t\t\t\t\t<div class=\"tb-dayschedule-popup__icon\">\n\t\t\t\t\t\t\t\t\t\t\t\t\t\t\t\t\t\t\t\t<i class=\"icon fa-solid fa-bed fa-fw\" aria-hidden=\"true\"><\/i>\n\t\t\t\t\t\t\t\t\t\t\t\t\t\t\t\t\t\t\t<span>\n\t\t\t\t\t\t\t\t\t\t\t\t\t\t\t\t\t16 km\t\t\t\t\t\t\t\t\t\t\t\t\t\t\t\t<\/span>\n\t\t\t\t\t\t\t\t\t\t\t\t\t\t\t<\/div>\n\t\t\t\t\t\t\t\t\t\t\t\t\t\t\t\t\t\t\t\t\t\t\t\t\t\t\t<\/div>\n\t\t\t\t\t\t\t\t\t\t\t\t\n\t\t\t\t\t\t\t\t\t\t\t\t\n\t\t\t\t\t\t\t\t\t\t\t\t<div>\n\t\t\t\t\t\t\t\t\t\t\t\t\t<strong>Tag 5<\/strong>\n\t\t\t\t\t\t\t\t\t\t\t\t\t\t<div class=\"translation-block\"><p><strong>K\u00fcstenpfade nach Machico<\/strong><br>Morgens bringt dich ein Transfer von Santana nach <strong>Porto da Cruz<\/strong>. Von dort startest du auf den K\u00fcstenpfaden Richtung Osten \u2013 das Meer immer im Blick, die Klippen direkt neben dir.<\/p><p><strong>Boca do Risco<\/strong> ist der H\u00f6hepunkt des Tages: ein freier Aussichtspunkt hoch \u00fcber den Klippen, mit Blick auf den Atlantik in beide Richtungen. Gute Stelle f\u00fcr eine Pause.<\/p><p>Danach geht's weiter nach <strong>Machico<\/strong> \u2013 durch bewaldete Abschnitte und entlang der K\u00fcste, bis du dein Hotel erreichst.<\/p><p><strong>16 km \u00b7 +690 m \/ -680 m<\/strong><\/p><p><i>Distanzen und H\u00f6henmeter k\u00f6nnen je nach GPS-Ger\u00e4t variieren.<\/i><\/p><p><strong>Option: Route verl\u00e4ngern<\/strong>&nbsp;<br>Wer m\u00f6chte, kann direkt vom Hotel in Santana starten. Das f\u00fcgt rund <strong>10 km und +500 H\u00f6henmeter<\/strong> hinzu. Diese Variante ist <strong>nur f\u00fcr sehr erfahrene Wanderer geeignet<\/strong>.<\/p><\/div>\n\t\t\t\t\t\t\t\t\t\t\t\t\t<\/div>\n\n\n\t\t\t\t\t\t\t\t\t\t\t<\/div>\n\t\t\t\t\t\t\t\t\t\t<\/div>\n\t\t\t\t\t\t\t\t\t\t<div class=\"tb-column tb-column--image\">\n\n\t\t\t\t\t\t\t\t\t\t\t<div class=\"tb-image-part\">\n\t\t\t\t\t\t\t\t\t\t\t\t\t\t<div class=\"inner-block-full-width has-tb-carousel tb-carousel-slider\" >\n\t\t<div class=\"tb-carousel-container\">\n\t\t\t<div class=\"entries tb-cards\" data-slider-first=\"0\">\n\t\t\t\t\t\t\t<div class=\"entry\">\n\t\t\t<div class=\"tb-image-part\">\n\t\t\t\t<figure>\n\t\t\t\t\t<img src='https:\/\/mat.travelblox.eu\/wp-content\/smush-webp\/sites\/68\/2024\/03\/Siliquini-MadeiraTrail-240321-0986-1024x683.jpeg.webp' width='1024' height='683' alt='Ausblick Boca do Risco - Aussicht Boca do Risco - Boca do Risco Aussichtsplattform - Aussichtspunkt Boca do Risco' srcset='https:\/\/mat.travelblox.eu\/wp-content\/smush-webp\/sites\/68\/2024\/03\/Siliquini-MadeiraTrail-240321-0986-1024x683.jpeg.webp 1024w, https:\/\/mat.travelblox.eu\/wp-content\/smush-webp\/sites\/68\/2024\/03\/Siliquini-MadeiraTrail-240321-0986-300x200.jpeg.webp 300w, https:\/\/mat.travelblox.eu\/wp-content\/smush-webp\/sites\/68\/2024\/03\/Siliquini-MadeiraTrail-240321-0986-768x512.jpeg.webp 768w, https:\/\/mat.travelblox.eu\/wp-content\/smush-webp\/sites\/68\/2024\/03\/Siliquini-MadeiraTrail-240321-0986-1536x1024.jpeg.webp 1536w, https:\/\/mat.travelblox.eu\/wp-content\/smush-webp\/sites\/68\/2024\/03\/Siliquini-MadeiraTrail-240321-0986-18x12.jpeg.webp 18w, https:\/\/mat.travelblox.eu\/wp-content\/smush-webp\/sites\/68\/2024\/03\/Siliquini-MadeiraTrail-240321-0986.jpeg.webp 2048w' sizes=\"auto, (max-width: 1024px) 100vw, 1024px\" style='object-position:50% 50%' loading='lazy' decoding='async' data-smush-webp-fallback=\"{&quot;src&quot;:&quot;https:\\\/\\\/mat.travelblox.eu\\\/wp-content\\\/uploads\\\/sites\\\/68\\\/2024\\\/03\\\/Siliquini-MadeiraTrail-240321-0986-1024x683.jpeg&quot;,&quot;srcset&quot;:&quot;https:\\\/\\\/mat.travelblox.eu\\\/wp-content\\\/uploads\\\/sites\\\/68\\\/2024\\\/03\\\/Siliquini-MadeiraTrail-240321-0986-1024x683.jpeg 1024w, https:\\\/\\\/mat.travelblox.eu\\\/wp-content\\\/uploads\\\/sites\\\/68\\\/2024\\\/03\\\/Siliquini-MadeiraTrail-240321-0986-300x200.jpeg 300w, https:\\\/\\\/mat.travelblox.eu\\\/wp-content\\\/uploads\\\/sites\\\/68\\\/2024\\\/03\\\/Siliquini-MadeiraTrail-240321-0986-768x512.jpeg 768w, https:\\\/\\\/mat.travelblox.eu\\\/wp-content\\\/uploads\\\/sites\\\/68\\\/2024\\\/03\\\/Siliquini-MadeiraTrail-240321-0986-1536x1024.jpeg 1536w, https:\\\/\\\/mat.travelblox.eu\\\/wp-content\\\/uploads\\\/sites\\\/68\\\/2024\\\/03\\\/Siliquini-MadeiraTrail-240321-0986-18x12.jpeg 18w, https:\\\/\\\/mat.travelblox.eu\\\/wp-content\\\/uploads\\\/sites\\\/68\\\/2024\\\/03\\\/Siliquini-MadeiraTrail-240321-0986.jpeg 2048w&quot;}\">\t\t\t\t\t\t\t\t\t<\/figure>\n\t\t\t<\/div>\n\t\t<\/div>\n\t\t\t<div class=\"entry\">\n\t\t\t<div class=\"tb-image-part\">\n\t\t\t\t<figure>\n\t\t\t\t\t<img src='https:\/\/mat.travelblox.eu\/wp-content\/smush-webp\/sites\/68\/2024\/03\/Siliquini-MadeiraTrail-240321-1522-1024x683.jpeg.webp' width='1024' height='683' alt='K\u00fcstenwanderung auf Madeira - Coastal hike on Madeira - Randonn\u00e9e c\u00f4ti\u00e8re \u00e0 Mad\u00e8re - Kustwandeling op Madeira' srcset='https:\/\/mat.travelblox.eu\/wp-content\/smush-webp\/sites\/68\/2024\/03\/Siliquini-MadeiraTrail-240321-1522-1024x683.jpeg.webp 1024w, https:\/\/mat.travelblox.eu\/wp-content\/smush-webp\/sites\/68\/2024\/03\/Siliquini-MadeiraTrail-240321-1522-300x200.jpeg.webp 300w, https:\/\/mat.travelblox.eu\/wp-content\/smush-webp\/sites\/68\/2024\/03\/Siliquini-MadeiraTrail-240321-1522-768x512.jpeg.webp 768w, https:\/\/mat.travelblox.eu\/wp-content\/smush-webp\/sites\/68\/2024\/03\/Siliquini-MadeiraTrail-240321-1522-1536x1024.jpeg.webp 1536w, https:\/\/mat.travelblox.eu\/wp-content\/smush-webp\/sites\/68\/2024\/03\/Siliquini-MadeiraTrail-240321-1522-18x12.jpeg.webp 18w, https:\/\/mat.travelblox.eu\/wp-content\/smush-webp\/sites\/68\/2024\/03\/Siliquini-MadeiraTrail-240321-1522.jpeg.webp 2048w' sizes=\"auto, (max-width: 1024px) 100vw, 1024px\" style='object-position:50% 50%' loading='lazy' decoding='async' data-smush-webp-fallback=\"{&quot;src&quot;:&quot;https:\\\/\\\/mat.travelblox.eu\\\/wp-content\\\/uploads\\\/sites\\\/68\\\/2024\\\/03\\\/Siliquini-MadeiraTrail-240321-1522-1024x683.jpeg&quot;,&quot;srcset&quot;:&quot;https:\\\/\\\/mat.travelblox.eu\\\/wp-content\\\/uploads\\\/sites\\\/68\\\/2024\\\/03\\\/Siliquini-MadeiraTrail-240321-1522-1024x683.jpeg 1024w, https:\\\/\\\/mat.travelblox.eu\\\/wp-content\\\/uploads\\\/sites\\\/68\\\/2024\\\/03\\\/Siliquini-MadeiraTrail-240321-1522-300x200.jpeg 300w, https:\\\/\\\/mat.travelblox.eu\\\/wp-content\\\/uploads\\\/sites\\\/68\\\/2024\\\/03\\\/Siliquini-MadeiraTrail-240321-1522-768x512.jpeg 768w, https:\\\/\\\/mat.travelblox.eu\\\/wp-content\\\/uploads\\\/sites\\\/68\\\/2024\\\/03\\\/Siliquini-MadeiraTrail-240321-1522-1536x1024.jpeg 1536w, https:\\\/\\\/mat.travelblox.eu\\\/wp-content\\\/uploads\\\/sites\\\/68\\\/2024\\\/03\\\/Siliquini-MadeiraTrail-240321-1522-18x12.jpeg 18w, https:\\\/\\\/mat.travelblox.eu\\\/wp-content\\\/uploads\\\/sites\\\/68\\\/2024\\\/03\\\/Siliquini-MadeiraTrail-240321-1522.jpeg 2048w&quot;}\">\t\t\t\t\t\t\t\t\t<\/figure>\n\t\t\t<\/div>\n\t\t<\/div>\n\t\t\t<div class=\"entry\">\n\t\t\t<div class=\"tb-image-part\">\n\t\t\t\t<figure>\n\t\t\t\t\t<img src='https:\/\/mat.travelblox.eu\/wp-content\/smush-webp\/sites\/68\/2024\/09\/Siliquini-TheMadeiraTrail-240321-1458-e1726653854450-1024x855.jpg.webp' width='1024' height='855' alt='Pflanzen auf Madeira - Flora in Madeira - Flora auf Madeira - Flora in Madeira' srcset='https:\/\/mat.travelblox.eu\/wp-content\/smush-webp\/sites\/68\/2024\/09\/Siliquini-TheMadeiraTrail-240321-1458-e1726653854450-1024x855.jpg.webp 1024w, https:\/\/mat.travelblox.eu\/wp-content\/smush-webp\/sites\/68\/2024\/09\/Siliquini-TheMadeiraTrail-240321-1458-e1726653854450-300x251.jpg.webp 300w, https:\/\/mat.travelblox.eu\/wp-content\/smush-webp\/sites\/68\/2024\/09\/Siliquini-TheMadeiraTrail-240321-1458-e1726653854450-768x641.jpg.webp 768w, https:\/\/mat.travelblox.eu\/wp-content\/smush-webp\/sites\/68\/2024\/09\/Siliquini-TheMadeiraTrail-240321-1458-e1726653854450-14x12.jpg.webp 14w, https:\/\/mat.travelblox.eu\/wp-content\/smush-webp\/sites\/68\/2024\/09\/Siliquini-TheMadeiraTrail-240321-1458-e1726653854450.jpg.webp 1365w' sizes=\"auto, (max-width: 1024px) 100vw, 1024px\" style='object-position:50% 50%' loading='lazy' decoding='async' data-smush-webp-fallback=\"{&quot;src&quot;:&quot;https:\\\/\\\/mat.travelblox.eu\\\/wp-content\\\/uploads\\\/sites\\\/68\\\/2024\\\/09\\\/Siliquini-TheMadeiraTrail-240321-1458-e1726653854450-1024x855.jpg&quot;,&quot;srcset&quot;:&quot;https:\\\/\\\/mat.travelblox.eu\\\/wp-content\\\/uploads\\\/sites\\\/68\\\/2024\\\/09\\\/Siliquini-TheMadeiraTrail-240321-1458-e1726653854450-1024x855.jpg 1024w, https:\\\/\\\/mat.travelblox.eu\\\/wp-content\\\/uploads\\\/sites\\\/68\\\/2024\\\/09\\\/Siliquini-TheMadeiraTrail-240321-1458-e1726653854450-300x251.jpg 300w, https:\\\/\\\/mat.travelblox.eu\\\/wp-content\\\/uploads\\\/sites\\\/68\\\/2024\\\/09\\\/Siliquini-TheMadeiraTrail-240321-1458-e1726653854450-768x641.jpg 768w, https:\\\/\\\/mat.travelblox.eu\\\/wp-content\\\/uploads\\\/sites\\\/68\\\/2024\\\/09\\\/Siliquini-TheMadeiraTrail-240321-1458-e1726653854450-14x12.jpg 14w, https:\\\/\\\/mat.travelblox.eu\\\/wp-content\\\/uploads\\\/sites\\\/68\\\/2024\\\/09\\\/Siliquini-TheMadeiraTrail-240321-1458-e1726653854450.jpg 1365w&quot;}\">\t\t\t\t\t\t\t\t\t<\/figure>\n\t\t\t<\/div>\n\t\t<\/div>\n\t\t\t\t\t<\/div>\n\t\t\t\t<div class=\"tb-carousel-nav\">\n\t\t<div class=\"dots\">\n\t\t\t<div class=\"dot active\"><\/div>\n\t\t\t<div class=\"dot\"><\/div>\n\t\t\t<div class=\"dot\"><\/div>\n\t\t<\/div>\n\t\t<div class=\"arrows\">\n\t\t\t<div class=\"prev disabled\">\n\t\t\t\t<span><i class=\"fa fa-chevron-left\"><\/i><\/span>\n\t\t\t<\/div>\n\t\t\t<div class=\"next\">\n\t\t\t\t<span><i class=\"fa fa-chevron-right\"><\/i><\/span>\n\t\t\t<\/div>\n\t\t<\/div>\n\t<\/div>\n\t\t\t<\/div>\n\t<\/div>\n\t\t\t\t\t\t\t\t\t\t\t\t\t<\/div>\n\t\t\t\t\t\t\t\t\t\t<\/div>\n\t\t\t\t\t\t\t\t\t<\/div>\n\t\t\t\t\t\t\t\t\t\t<div class=\"tb-popup-nav\">\n\t\t<a href=\"#\" class=\"tb-buttonlink-with-icon tb-buttonlink-with-arrow icon-first tb-popup-previous\">\n\t\t\t<i class=\"icon fa fa-chevron-left\"><\/i>\n\t\t\t<span>Vorheriger Tag<\/span>\n\t\t<\/a>\n\t\t<a href=\"#\" class=\"tb-buttonlink-with-icon tb-buttonlink-with-arrow tb-popup-next\">\n\t\t\t<span>N\u00e4chster Tag<\/span>\n\t\t\t<i class=\"icon fa fa-chevron-right\"><\/i>\n\t\t<\/a>\n\t<\/div>\n\t\n\t\t\t\t\t\t\t\t<\/div>\n\t\t\t\t\t\t\t<\/dialog>\n\t\t\t\t\t\t<\/div>\n\t\t\t\t\t\t\t\t\t\t\t<div class=\"tb-card entry tb-popup-trigger tb-unfold-on-hover\">\n\t\t\t\t\t\t\t<div class=\"tb-image-part\">\n\t\t\t\t\t\t\t\t<div class=\"tag\">\n\t\t\t\t\t\t\t\t\t<div>Tag 6<\/div>\n\t\t\t\t\t\t\t\t<\/div>\n\n\t\t\t\t\t\t\t\t<img src='https:\/\/mat.travelblox.eu\/wp-content\/smush-webp\/sites\/68\/2023\/10\/airplane-2619434_1280-768x513.jpeg.webp' width='768' height='513' alt='Flug Madeira - Flug Madeira - Vol Mad\u00e8re - Flight Madeira' srcset='https:\/\/mat.travelblox.eu\/wp-content\/smush-webp\/sites\/68\/2023\/10\/airplane-2619434_1280-768x513.jpeg.webp 768w, https:\/\/mat.travelblox.eu\/wp-content\/smush-webp\/sites\/68\/2023\/10\/airplane-2619434_1280-300x200.jpeg.webp 300w, https:\/\/mat.travelblox.eu\/wp-content\/smush-webp\/sites\/68\/2023\/10\/airplane-2619434_1280-1024x684.jpeg.webp 1024w, https:\/\/mat.travelblox.eu\/wp-content\/smush-webp\/sites\/68\/2023\/10\/airplane-2619434_1280-18x12.jpeg.webp 18w, https:\/\/mat.travelblox.eu\/wp-content\/smush-webp\/sites\/68\/2023\/10\/airplane-2619434_1280.jpeg.webp 1280w' sizes=\"auto, (max-width: 768px) 100vw, 768px\" style='object-position:50% 50%' loading='lazy' decoding='async' data-smush-webp-fallback=\"{&quot;src&quot;:&quot;https:\\\/\\\/mat.travelblox.eu\\\/wp-content\\\/uploads\\\/sites\\\/68\\\/2023\\\/10\\\/airplane-2619434_1280-768x513.jpeg&quot;,&quot;srcset&quot;:&quot;https:\\\/\\\/mat.travelblox.eu\\\/wp-content\\\/uploads\\\/sites\\\/68\\\/2023\\\/10\\\/airplane-2619434_1280-768x513.jpeg 768w, https:\\\/\\\/mat.travelblox.eu\\\/wp-content\\\/uploads\\\/sites\\\/68\\\/2023\\\/10\\\/airplane-2619434_1280-300x200.jpeg 300w, https:\\\/\\\/mat.travelblox.eu\\\/wp-content\\\/uploads\\\/sites\\\/68\\\/2023\\\/10\\\/airplane-2619434_1280-1024x684.jpeg 1024w, https:\\\/\\\/mat.travelblox.eu\\\/wp-content\\\/uploads\\\/sites\\\/68\\\/2023\\\/10\\\/airplane-2619434_1280-18x12.jpeg 18w, https:\\\/\\\/mat.travelblox.eu\\\/wp-content\\\/uploads\\\/sites\\\/68\\\/2023\\\/10\\\/airplane-2619434_1280.jpeg 1280w&quot;}\">\t\t\t\t\t\t\t<\/div>\n\t\t\t\t\t\t\t<div class=\"tb-card-bottom-wrapper\">\n\t\t\t\t\t\t\t\t<div class=\"tb-card-bottom\">\n\n\t\t\t\t\t\t\t\t\t<span class=\"tb-card-bottom__title\">\n\t\t\t\t\t\t\t\t\t\t<span class=\"tb-card-bottom__place\">\n\t\t\t\t\t\t\t\t\t\t\tMachico - Abreise\t\t\t\t\t\t\t\t\t\t\t\t\t\t\t\t\t\t\t\t\t<\/span>\n\n\t\t\t\t\t\t\t\t\t<\/span>\n\t\t\t\t\t\t\t\t\t<div class=\"tb-card-bottom__content\">\n\t\t\t\t\t\t\t\t\t\t<div>\n\t\t\t\t\t\t\t\t\t\t\t\t\t\t\t\t\t\t\t\t\t<\/div>\n\t\t\t\t\t\t\t\t\t<\/div>\n\t\t\t\t\t\t\t\t\t<div class=\"tb-card-bottom__teaser tb-unfold-on-hover__content\" data-no-translation>\n\t\t\t\t\t\t\t\t\t\t\t\t\t\t\t\t\t\t\t\t\t\t\t\t\t\t\t\t\t\tDamit endet deine Wanderwoche auf Madeira. Du kannst jetzt verl\u00e4ngern oder die Heimreise antreten.We&#8230; <span class=\"link\">Mehr lesen<\/span>\t\t\t\t\t\t\t\t\t<\/div>\n\t\t\t\t\t\t\t\t<\/div>\n\n\t\t\t\t\t\t\t<\/div>\n\t\t\t\t\t\t\t<dialog class=\"tb-popup tb-popup-with-padding tb-dayschedule-popup-wrapper\">\n\t\t\t\t\t\t\t\t<div class=\"tb-dayschedule-popup\">\n\t\t\t\t\t\t\t\t\t<h4>\n\t\t\t\t\t\t\t\t\t\t\t\t\t\t\t\t\t\t\t\t\t\t\t\t\t\t\t\t\t\t\t<div>\n\t\t\t\t\t\t\t\t\t\t\t\t\t\t\t\t\t\t\t\t\t\t\t\t\tMachico\t\t\t\t\t\t\t\t\t\t\t\t\t\t\t\t\t\t\t\t\t\t\t\t\t\t\t\t\t\t\t\t\t\t\t\t\t\t\t\t\t\t\t\t\t\t\t\t\t\t\t<i class=\"icon fa-solid fa-arrow-right\"><\/i> Abreise\t\t\t\t\t\t\t\t\t\t\t\t\t\t\t\t\t\t\t\t\t\t\t\t\t\t\t\t\t\t\t\t\t\t\t\t<\/div>\n\t\t\t\t\t\t\t\t\t\t\t\t\t\t\t\t\t\t\t<\/h4>\n\t\t\t\t\t\t\t\t\t<div class=\"tb-columns\">\n\t\t\t\t\t\t\t\t\t\t<div class=\"tb-column tb-column--text\">\n\t\t\t\t\t\t\t\t\t\t\t<div class=\"text-part\">\n\t\t\t\t\t\t\t\t\t\t\t\t\n\t\t\t\t\t\t\t\t\t\t\t\t\n\t\t\t\t\t\t\t\t\t\t\t\t<div>\n\t\t\t\t\t\t\t\t\t\t\t\t\t<strong>Tag 6<\/strong>\n\t\t\t\t\t\t\t\t\t\t\t\t\t\t<div class=\"translation-block\"><p>Damit endet deine Wanderwoche auf Madeira. Du kannst jetzt verl\u00e4ngern oder die Heimreise antreten.<\/p><p>Wer bleibt: Unser Ranger gibt dir gerne Tipps f\u00fcr Funchal oder andere Ecken der Insel.<\/p><\/div>\n\t\t\t\t\t\t\t\t\t\t\t\t\t<\/div>\n\n\n\t\t\t\t\t\t\t\t\t\t\t<\/div>\n\t\t\t\t\t\t\t\t\t\t<\/div>\n\t\t\t\t\t\t\t\t\t\t<div class=\"tb-column tb-column--image\">\n\n\t\t\t\t\t\t\t\t\t\t\t<div class=\"tb-image-part\">\n\t\t\t\t\t\t\t\t\t\t\t\t<img src='https:\/\/mat.travelblox.eu\/wp-content\/smush-webp\/sites\/68\/2023\/10\/airplane-2619434_1280-1024x684.jpeg.webp' width='1024' height='684' alt='Flug Madeira - Flug Madeira - Vol Mad\u00e8re - Flight Madeira' srcset='https:\/\/mat.travelblox.eu\/wp-content\/smush-webp\/sites\/68\/2023\/10\/airplane-2619434_1280-1024x684.jpeg.webp 1024w, https:\/\/mat.travelblox.eu\/wp-content\/smush-webp\/sites\/68\/2023\/10\/airplane-2619434_1280-300x200.jpeg.webp 300w, https:\/\/mat.travelblox.eu\/wp-content\/smush-webp\/sites\/68\/2023\/10\/airplane-2619434_1280-768x513.jpeg.webp 768w, https:\/\/mat.travelblox.eu\/wp-content\/smush-webp\/sites\/68\/2023\/10\/airplane-2619434_1280-18x12.jpeg.webp 18w, https:\/\/mat.travelblox.eu\/wp-content\/smush-webp\/sites\/68\/2023\/10\/airplane-2619434_1280.jpeg.webp 1280w' sizes=\"auto, (max-width: 1024px) 100vw, 1024px\" style='object-position:50% 50%' loading='lazy' decoding='async' data-smush-webp-fallback=\"{&quot;src&quot;:&quot;https:\\\/\\\/mat.travelblox.eu\\\/wp-content\\\/uploads\\\/sites\\\/68\\\/2023\\\/10\\\/airplane-2619434_1280-1024x684.jpeg&quot;,&quot;srcset&quot;:&quot;https:\\\/\\\/mat.travelblox.eu\\\/wp-content\\\/uploads\\\/sites\\\/68\\\/2023\\\/10\\\/airplane-2619434_1280-1024x684.jpeg 1024w, https:\\\/\\\/mat.travelblox.eu\\\/wp-content\\\/uploads\\\/sites\\\/68\\\/2023\\\/10\\\/airplane-2619434_1280-300x200.jpeg 300w, https:\\\/\\\/mat.travelblox.eu\\\/wp-content\\\/uploads\\\/sites\\\/68\\\/2023\\\/10\\\/airplane-2619434_1280-768x513.jpeg 768w, https:\\\/\\\/mat.travelblox.eu\\\/wp-content\\\/uploads\\\/sites\\\/68\\\/2023\\\/10\\\/airplane-2619434_1280-18x12.jpeg 18w, https:\\\/\\\/mat.travelblox.eu\\\/wp-content\\\/uploads\\\/sites\\\/68\\\/2023\\\/10\\\/airplane-2619434_1280.jpeg 1280w&quot;}\">\t\t\t\t\t\t\t\t\t\t\t<\/div>\n\t\t\t\t\t\t\t\t\t\t<\/div>\n\t\t\t\t\t\t\t\t\t<\/div>\n\t\t\t\t\t\t\t\t\t\t<div class=\"tb-popup-nav\">\n\t\t<a href=\"#\" class=\"tb-buttonlink-with-icon tb-buttonlink-with-arrow icon-first tb-popup-previous\">\n\t\t\t<i class=\"icon fa fa-chevron-left\"><\/i>\n\t\t\t<span>Vorheriger Tag<\/span>\n\t\t<\/a>\n\t\t<a href=\"#\" class=\"tb-buttonlink-with-icon tb-buttonlink-with-arrow tb-popup-next\">\n\t\t\t<span>N\u00e4chster Tag<\/span>\n\t\t\t<i class=\"icon fa fa-chevron-right\"><\/i>\n\t\t<\/a>\n\t<\/div>\n\t\n\t\t\t\t\t\t\t\t<\/div>\n\t\t\t\t\t\t\t<\/dialog>\n\t\t\t\t\t\t<\/div>\n\t\t\t\t\t\t\t\t\t\t\t\t\t<\/div>\n\t\t\t\t<div class=\"tb-carousel-nav\">\n\t\t<div class=\"dots\">\n\t\t\t<div class=\"dot active\"><\/div>\n\t\t\t<div class=\"dot\"><\/div>\n\t\t\t<div class=\"dot\"><\/div>\n\t\t<\/div>\n\t\t<div class=\"arrows\">\n\t\t\t<div class=\"prev disabled\">\n\t\t\t\t<span><i class=\"fa fa-chevron-left\"><\/i><\/span>\n\t\t\t<\/div>\n\t\t\t<div class=\"next\">\n\t\t\t\t<span><i class=\"fa fa-chevron-right\"><\/i><\/span>\n\t\t\t<\/div>\n\t\t<\/div>\n\t<\/div>\n\t\t\t<\/div>\n\t<\/div>\n\t\t\t\t\t\t\t\t\t\t<\/div>\n\t\n<\/div>\n\n\n\n\n\n\n\n\n<div class=\"tb-hikingdays tb-block align-center background-light pattern-none variant-none tb-collapsible-margins\" id=\"map-de\">\n\t<div class=\"inner-block tb-fade-in tb-fade-in--subtle\">\n\t\t<div class=\"text-part\">\n\t\t\t<h1>Wanderreise auf Madeira <\/h1>\n\t\t<\/div>\n\n\t\t<div class=\"tb-hikingdays__topcontainer\">\n\t\t\t\n\t\t\t\t\t\t\t<div class=\"tb-hikingdays__map\">\n\t\t\t\t\t<img src='https:\/\/mat.travelblox.eu\/wp-content\/uploads\/sites\/68\/2025\/02\/MAT-TravelbloxDE.svg' width='768' height='1' alt='Routenbeschreibung Wandern auf Madeira' loading='lazy' decoding='async'>\t\t\t\t<\/div>\n\t\t\t\n\t\t\t<div class=\"tb-hikingdays__list\">\n\t\t\t\t\t\t\t\t\t\t<div class=\"tb-hikingdays__list-item\">\n\t\t\t\t\t\t\t<div class=\"tb-hikingdays__day\">\n\t\t\t\t\t\t\t\tTag 1\t\t\t\t\t\t\t<\/div>\n\t\t\t\t\t\t\t<div class=\"tb-hikingdays__info\">\n\t\t\t\t\t\t\t\t\t\t\t\t\t\t\t\t\t<span>Fanal<\/span>\n\t\t\t\t\t\t\t\t\t\t\t\t\t\t\t\t\t\t\t\t\t\t\t\t\t<i class=\"fa-regular fa-arrow-right\"><\/i>\n\t\t\t\t\t\t\t\t\t<span>Raba\u00e7al<\/span>\n\t\t\t\t\t\t\t\t\t\t\t\t\t\t\t<\/div>\n\t\t\t\t\t\t\t<div class=\"tb-hikingdays__ciphers\">\n\t\t\t\t\t\t\t\t\t\t\t\t\t\t\t\t\t<span><i class=\"fa-regular fa-arrows-left-right\"><\/i>12 km<\/span>\n\t\t\t\t\t\t\t\t\t\t\t\t\t\t\t\t\t\t\t\t\t\t\t\t\t\t\t\t\t\t\t\t\t<span><i class=\"fa-regular fa-arrow-up-right\"><\/i>540 m<\/span>\n\t\t\t\t\t\t\t\t\t\t\t\t\t\t\t\t\t\t\t\t\t\t\t\t\t<span><i class=\"fa-regular fa-arrow-down-right fa-fw\"><\/i>550 m<\/span>\n\t\t\t\t\t\t\t\t\t\t\t\t\t\t\t\t\t\t\t\t\t\t\t<\/div>\n\t\t\t\t\t\t<\/div>\n\n\t\t\t\t\t\t\t\t\t\t<div class=\"tb-hikingdays__list-item\">\n\t\t\t\t\t\t\t<div class=\"tb-hikingdays__day\">\n\t\t\t\t\t\t\t\tTag 2\t\t\t\t\t\t\t<\/div>\n\t\t\t\t\t\t\t<div class=\"tb-hikingdays__info\">\n\t\t\t\t\t\t\t\t\t\t\t\t\t\t\t\t\t<span>Raba\u00e7al<\/span>\n\t\t\t\t\t\t\t\t\t\t\t\t\t\t\t\t\t\t\t\t\t\t\t\t\t<i class=\"fa-regular fa-arrow-right\"><\/i>\n\t\t\t\t\t\t\t\t\t<span>Encumeada<\/span>\n\t\t\t\t\t\t\t\t\t\t\t\t\t\t\t<\/div>\n\t\t\t\t\t\t\t<div class=\"tb-hikingdays__ciphers\">\n\t\t\t\t\t\t\t\t\t\t\t\t\t\t\t\t\t<span><i class=\"fa-regular fa-arrows-left-right\"><\/i>22 km<\/span>\n\t\t\t\t\t\t\t\t\t\t\t\t\t\t\t\t\t\t\t\t\t\t\t\t\t\t\t\t\t\t\t\t\t<span><i class=\"fa-regular fa-arrow-up-right\"><\/i>670 m<\/span>\n\t\t\t\t\t\t\t\t\t\t\t\t\t\t\t\t\t\t\t\t\t\t\t\t\t<span><i class=\"fa-regular fa-arrow-down-right fa-fw\"><\/i>870 m<\/span>\n\t\t\t\t\t\t\t\t\t\t\t\t\t\t\t\t\t\t\t\t\t\t\t<\/div>\n\t\t\t\t\t\t<\/div>\n\n\t\t\t\t\t\t\t\t\t\t<div class=\"tb-hikingdays__list-item\">\n\t\t\t\t\t\t\t<div class=\"tb-hikingdays__day\">\n\t\t\t\t\t\t\t\tTag 3\t\t\t\t\t\t\t<\/div>\n\t\t\t\t\t\t\t<div class=\"tb-hikingdays__info\">\n\t\t\t\t\t\t\t\t\t\t\t\t\t\t\t\t\t<span>Encumeada<\/span>\n\t\t\t\t\t\t\t\t\t\t\t\t\t\t\t\t\t\t\t\t\t\t\t\t\t<i class=\"fa-regular fa-arrow-right\"><\/i>\n\t\t\t\t\t\t\t\t\t<span>Pico Ruivo<\/span>\n\t\t\t\t\t\t\t\t\t\t\t\t\t\t\t<\/div>\n\t\t\t\t\t\t\t<div class=\"tb-hikingdays__ciphers\">\n\t\t\t\t\t\t\t\t\t\t\t\t\t\t\t\t\t<span><i class=\"fa-regular fa-arrows-left-right\"><\/i>14,3 km<\/span>\n\t\t\t\t\t\t\t\t\t\t\t\t\t\t\t\t\t\t\t\t\t\t\t\t\t\t\t\t\t\t\t\t\t<span><i class=\"fa-regular fa-arrow-up-right\"><\/i>1270 m <\/span>\n\t\t\t\t\t\t\t\t\t\t\t\t\t\t\t\t\t\t\t\t\t\t\t\t\t<span><i class=\"fa-regular fa-arrow-down-right fa-fw\"><\/i>460 m<\/span>\n\t\t\t\t\t\t\t\t\t\t\t\t\t\t\t\t\t\t\t\t\t\t\t<\/div>\n\t\t\t\t\t\t<\/div>\n\n\t\t\t\t\t\t\t\t\t\t<div class=\"tb-hikingdays__list-item\">\n\t\t\t\t\t\t\t<div class=\"tb-hikingdays__day\">\n\t\t\t\t\t\t\t\tTag 4\t\t\t\t\t\t\t<\/div>\n\t\t\t\t\t\t\t<div class=\"tb-hikingdays__info\">\n\t\t\t\t\t\t\t\t\t\t\t\t\t\t\t\t\t<span>Pico Ruivo<\/span>\n\t\t\t\t\t\t\t\t\t\t\t\t\t\t\t\t\t\t\t\t\t\t\t\t\t<i class=\"fa-regular fa-arrow-right\"><\/i>\n\t\t\t\t\t\t\t\t\t<span>Santana<\/span>\n\t\t\t\t\t\t\t\t\t\t\t\t\t\t\t<\/div>\n\t\t\t\t\t\t\t<div class=\"tb-hikingdays__ciphers\">\n\t\t\t\t\t\t\t\t\t\t\t\t\t\t\t\t\t<span><i class=\"fa-regular fa-arrows-left-right\"><\/i>14 km<\/span>\n\t\t\t\t\t\t\t\t\t\t\t\t\t\t\t\t\t\t\t\t\t\t\t\t\t\t\t\t\t\t\t\t\t<span><i class=\"fa-regular fa-arrow-up-right\"><\/i>140 m<\/span>\n\t\t\t\t\t\t\t\t\t\t\t\t\t\t\t\t\t\t\t\t\t\t\t\t\t<span><i class=\"fa-regular fa-arrow-down-right fa-fw\"><\/i>1380 m<\/span>\n\t\t\t\t\t\t\t\t\t\t\t\t\t\t\t\t\t\t\t\t\t\t\t<\/div>\n\t\t\t\t\t\t<\/div>\n\n\t\t\t\t\t\t\t\t\t\t<div class=\"tb-hikingdays__list-item\">\n\t\t\t\t\t\t\t<div class=\"tb-hikingdays__day\">\n\t\t\t\t\t\t\t\tTag 5\t\t\t\t\t\t\t<\/div>\n\t\t\t\t\t\t\t<div class=\"tb-hikingdays__info\">\n\t\t\t\t\t\t\t\t\t\t\t\t\t\t\t\t\t<span>Porto da Cruz<\/span>\n\t\t\t\t\t\t\t\t\t\t\t\t\t\t\t\t\t\t\t\t\t\t\t\t\t<i class=\"fa-regular fa-arrow-right\"><\/i>\n\t\t\t\t\t\t\t\t\t<span>Machico<\/span>\n\t\t\t\t\t\t\t\t\t\t\t\t\t\t\t<\/div>\n\t\t\t\t\t\t\t<div class=\"tb-hikingdays__ciphers\">\n\t\t\t\t\t\t\t\t\t\t\t\t\t\t\t\t\t<span><i class=\"fa-regular fa-arrows-left-right\"><\/i>16 km <\/span>\n\t\t\t\t\t\t\t\t\t\t\t\t\t\t\t\t\t\t\t\t\t\t\t\t\t\t\t\t\t\t\t\t\t<span><i class=\"fa-regular fa-arrow-up-right\"><\/i>690 m<\/span>\n\t\t\t\t\t\t\t\t\t\t\t\t\t\t\t\t\t\t\t\t\t\t\t\t\t<span><i class=\"fa-regular fa-arrow-down-right fa-fw\"><\/i>680 m<\/span>\n\t\t\t\t\t\t\t\t\t\t\t\t\t\t\t\t\t\t\t\t\t\t\t<\/div>\n\t\t\t\t\t\t<\/div>\n\n\t\t\t\t\n\t\t\t<\/div>\n\n\t\t<\/div>\n\n\t\t\t<\/div>\n<\/div>\n\n\n<div class=\"tb-practicalv2 tb-block align-none background-light pattern-none variant-none tb-collapsible-margins\" id=\"practical\">\n\t<div class=\"inner-block tb-fade-in\">\n\t\t<div class=\"tb-practicalv2__intro\">\n\t\t\t<h2 class=\"tb-practicalv2__title\">Praktische Informationen \u2013 Madeira Trail<\/h2>\n\t\t\t\t<div class=\"translation-block\"><p>Du findest nicht alle Informationen oder hast noch Fragen? Dann wirf einen Blick in unsere <a href=\"#faq\"><strong>FAQ<\/strong><\/a>.<\/p><\/div>\n\t\t\t<\/div>\n\t<\/div>\n\t<div class=\"tb-practicalv2__container inner-block tb-fade-in\">\n\t\t<ul class=\"tb-practicalv2__nav\">\n\t\t\t\t\t\t\t<li class=\"tb-practicalv2__nav-item\">\n\t\t\t\t\t\t\t\t\t\t\t\t\t\t\t<i class=\"icon fa-solid fa-check fa-fw\" aria-hidden=\"true\"><\/i>\n\t\t\t\t\t\t\t\t\t\t\t\t\t<a class=\"tb-practicalv2__nav-link\" href=\"#included\">\n\t\t\t\t\t\tIm Grundpreis inbegriffen\t\t\t\t\t<\/a>\n\t\t\t\t<\/li>\n\t\t\t\t\t\t\t<li class=\"tb-practicalv2__nav-item\">\n\t\t\t\t\t\t\t\t\t\t\t\t\t\t\t<i class=\"icon fa-solid fa-bed fa-fw\" aria-hidden=\"true\"><\/i>\n\t\t\t\t\t\t\t\t\t\t\t\t\t<a class=\"tb-practicalv2__nav-link\" href=\"#stays\">\n\t\t\t\t\t\tUnterk\u00fcnfte\t\t\t\t\t<\/a>\n\t\t\t\t<\/li>\n\t\t\t\t\t\t\t<li class=\"tb-practicalv2__nav-item\">\n\t\t\t\t\t\t\t\t\t\t\t\t\t\t\t<i class=\"icon fa-solid fa-van-shuttle fa-fw\" aria-hidden=\"true\"><\/i>\n\t\t\t\t\t\t\t\t\t\t\t\t\t<a class=\"tb-practicalv2__nav-link\" href=\"#navette\">\n\t\t\t\t\t\tShuttle\t\t\t\t\t<\/a>\n\t\t\t\t<\/li>\n\t\t\t\t\t\t\t<li class=\"tb-practicalv2__nav-item\">\n\t\t\t\t\t\t\t\t\t\t\t\t\t\t\t<i class=\"icon fa-solid fa-person-hiking fa-fw\" aria-hidden=\"true\"><\/i>\n\t\t\t\t\t\t\t\t\t\t\t\t\t<a class=\"tb-practicalv2__nav-link\" href=\"#autoguide\">\n\t\t\t\t\t\tSelbstgef\u00fchrte Wanderung\t\t\t\t\t<\/a>\n\t\t\t\t<\/li>\n\t\t\t\t\t\t\t<li class=\"tb-practicalv2__nav-item\">\n\t\t\t\t\t\t\t\t\t\t\t\t\t\t\t<i class=\"icon fa-solid fa-circle-info fa-fw\" aria-hidden=\"true\"><\/i>\n\t\t\t\t\t\t\t\t\t\t\t\t\t<a class=\"tb-practicalv2__nav-link\" href=\"#application-travelbase\">\n\t\t\t\t\t\tTravelbase-App\t\t\t\t\t<\/a>\n\t\t\t\t<\/li>\n\t\t\t\t\t<\/ul>\n\t\t<div class=\"tb-practicalv2__categories\">\n\t\t\t\t\t\t\t<details class=\"tb-practicalv2__category tb-practicalv2__category--included\" id=\"included\" open-on-mobile open>\n\t\t\t\t\t<summary class=\"tb-practicalv2__category-toggle\">\n\t\t\t\t\t\t\t\t\t\t\t\t\t\t\t\t\t<i class=\"icon fa-solid fa-check tb-style-block fa-fw\" aria-hidden=\"true\"><\/i>\n\t\t\t\t\t\t\t\t\t\t\t\t\t\t\t<span class=\"tb-practicalv2__category-name\">\n\t\t\t\t\t\t\tIm Grundpreis inbegriffen\t\t\t\t\t\t<\/span>\n\t\t\t\t\t<\/summary>\n\t\t\t\t\t<div class=\"tb-practicalv2__category-content\">\n\t\t\t\t\t\t\t\t\t\t\t\t\t<div class=\"tb-practicalv2__category-default-content\">\n\t\t\t\t\t\t\t\t\t\t\t\t\t\t\t\t\t<ul class=\"tb-practicalv2__meta\">\n\t\t\t\t\t\t\t\t\t\t\t\t\t\t\t\t\t\t\t\t\t<li class=\"tb-practicalv2__meta-item\">\n\t\t\t\t\t\t\t\t\t\t\t\t<i class=\"fa fa-regular fa-tag\"><\/i>\n\t\t\t\t\t\t\t\t\t\t\t\t<span>Fr\u00fchbucherpreis: 830 \u20ac<\/span>\n\t\t\t\t\t\t\t\t\t\t\t<\/li>\n\t\t\t\t\t\t\t\t\t\t\t\t\t\t\t\t\t\t\t\t\t\t\t\t\t\t\t\t\t\t\t<li class=\"tb-practicalv2__meta-item\">\n\t\t\t\t\t\t\t\t\t\t\t\t<i class=\"fa fa-regular fa-calendar\"><\/i>\n\t\t\t\t\t\t\t\t\t\t\t\t<span><p>Fr\u00fchling 2027<\/p>\n<\/span>\n\t\t\t\t\t\t\t\t\t\t\t<\/li>\n\t\t\t\t\t\t\t\t\t\t\t\t\t\t\t\t\t\t\t<\/ul>\n\t\t\t\t\t\t\t\t\t\t\n\t\t\t\t\t\t\t\t\t\t\t\t\t\t\t\t\t<ul class=\"tb-practicalv2__icon-list\">\n\t\t\t\t\t\t\t\t\t\t\t\t\t\t\t\t\t\t\t\t\t<li class=\"tb-practicalv2__icon-item\">\n\t\t\t\t\t\t\t\t\t\t\t\t\t\t\t\t\t\t\t\t\t\t\t\t\t<div>\n\t\t\t\t\t\t\t\t\t\t\t\t\t\t\t\t\t\t<i class=\"icon fa-regular fa-calendar fa-fw\" aria-hidden=\"true\"><\/i>\n\t\t\t\t\t\t\t\t\t\t\t\t\t\t\t\t<\/div>\n\t\t\t\t\t\t\t\t\t\t\t\t\t\t\t\t\t\t\t\t\t\t\t\t\t<div class=\"translation-block\"><p>Die Fr\u00fchlingsedition findet vom <strong>29. M\u00e4rz bis 4. Juni 2027<\/strong> statt. Alle konkreten Termine findest du weiter unten im oder <a href=\"#join\">hier<\/a>.<br><br><strong>Wichtig:<\/strong> Die Wanderung startet am Tag nach deiner Anreise. W\u00e4hlst du zum Beispiel die Woche vom 29. M\u00e4rz - 4. April, beginnt die Wanderung am 30. M\u00e4rz. Die optionale \u00dcbernachtung im Enotel Magnolia in Funchal ist f\u00fcr den Anreisetag \u2013 also den 29. M\u00e4rz.<br>&nbsp;<\/p><\/div>\n\t\t\t\t\t\t\t\t\t\t\t\t<\/li>\n\t\t\t\t\t\t\t\t\t\t\t\t\t\t\t\t\t\t\t\t\t<li class=\"tb-practicalv2__icon-item\">\n\t\t\t\t\t\t\t\t\t\t\t\t\t\t\t\t\t\t\t\t\t\t\t\t\t<div>\n\t\t\t\t\t\t\t\t\t\t\t\t\t\t\t\t\t\t<i class=\"icon fa-regular fa-circle-check fa-fw\" aria-hidden=\"true\"><\/i>\n\t\t\t\t\t\t\t\t\t\t\t\t\t\t\t\t<\/div>\n\t\t\t\t\t\t\t\t\t\t\t\t\t\t\t\t\t\t\t\t\t\t\t\t\t<div class=\"translation-block\"><ul><li>Detaillierte Route und komplette Organisation deines Aufenthalts<\/li><li>3 N\u00e4chte in Hotels, inklusive Fr\u00fchst\u00fcck<\/li><li>1 Nacht in einem Cottage, inklusive Fr\u00fchst\u00fcck<\/li><li>1 Nacht in der Bergh\u00fctte am Pico Ruivo, inklusive Fr\u00fchst\u00fcck<\/li><li>Kurtaxe<\/li><li>Shuttletransfer von Funchal zum Trailbeginn (Tag 1)<\/li><li>Shuttletransfer von Santana nach Porto da Cruz (Tag 5)<\/li><li>Empfang und Briefing durch unseren Ranger<\/li><li>Packliste<\/li><li>Madeira Trail Goodies<\/li><li>Travelbase-App mit allen Infos zu deinem Trail<\/li><\/ul><\/div>\n\t\t\t\t\t\t\t\t\t\t\t\t<\/li>\n\t\t\t\t\t\t\t\t\t\t\t\t\t\t\t\t\t\t\t<\/ul>\n\t\t\t\t\t\t\t\t\n\t\t\t\t\t\t\t\t\n\t\t\t\t\t\t\t\t\t\t\t\t\t\t\t\t\t\t\t<a href=\"#join\"  target=\"\" class=\"tb-button\">\n\t\t\tVorregistrieren | Fr\u00fchjahr 2027\t\t<\/a>\n\t\t\t\t\t\t\t\t\t\t\t\t\t\t\t\t\t<\/div>\n\t\t\t\t\t\t\t\n\t\t\t\t\t\t\t\t\t\t\t\t\t\t\t<div class=\"tb-practicalv2__info-extra\">\n\t\t\t\t\t\t\t\t\t\t\t\t\t\t\t\t\t\t\t\t<div class=\"translation-block\"><p>Zusatzoptionen kannst du bei der Buchung dazuw\u00e4hlen \u2013 <a href=\"#options\">hier entdecken<\/a>.<\/p><\/div>\n\t\t\t\t\t\t\t\t\t\t\t\t\t\n\t\t\t\t\t\t\t\t\t\t\t\t\t\t\t\t\t<\/div>\n\t\t\t\t\t\t\t\t\t\t\t\t\t\t\t\t\t\t<\/div>\n\t\t\t\t<\/details>\n\t\t\t\t\t\t\t<details class=\"tb-practicalv2__category tb-practicalv2__category--stays\" id=\"stays\"  open>\n\t\t\t\t\t<summary class=\"tb-practicalv2__category-toggle\">\n\t\t\t\t\t\t\t\t\t\t\t\t\t\t\t\t\t<i class=\"icon fa-solid fa-bed tb-style-block fa-fw\" aria-hidden=\"true\"><\/i>\n\t\t\t\t\t\t\t\t\t\t\t\t\t\t\t<span class=\"tb-practicalv2__category-name\">\n\t\t\t\t\t\t\tUnterk\u00fcnfte\t\t\t\t\t\t<\/span>\n\t\t\t\t\t<\/summary>\n\t\t\t\t\t<div class=\"tb-practicalv2__category-content\">\n\t\t\t\t\t\t\t\t\t\t\t\t\t<div class=\"tb-practicalv2__category-default-content\">\n\t\t\t\t\t\t\t\t\t\t\n\t\t\t\t\t\t\t\t\t\t\t\t\t\t\t\t\t<ul class=\"tb-practicalv2__icon-list\">\n\t\t\t\t\t\t\t\t\t\t\t\t\t\t\t\t\t\t\t\t\t<li class=\"tb-practicalv2__icon-item\">\n\t\t\t\t\t\t\t\t\t\t\t\t\t\t\t\t\t\t\t\t\t\t\t\t\t<div class=\"translation-block\"><p>Die Unterk\u00fcnfte haben wir sorgf\u00e4ltig ausgew\u00e4hlt, damit du <strong>m\u00f6glichst nah am Weg und mitten in der Natur<\/strong> \u00fcbernachtest, ohne auf Komfort zu verzichten.<\/p><p>Du \u00fcbernachtest je nach Etappe in <strong>Hotels oder einem Refugio<\/strong>. In den Hotels schl\u00e4fst du in einem <strong>Doppelzimmer<\/strong>, im Refugio in einem <strong>Gemeinschaftszimmer<\/strong> mit maximal 4 Personen.<\/p><\/div>\n\t\t\t\t\t\t\t\t\t\t\t\t<\/li>\n\t\t\t\t\t\t\t\t\t\t\t\t\t\t\t\t\t\t\t<\/ul>\n\t\t\t\t\t\t\t\t\n\t\t\t\t\t\t\t\t\n\t\t\t\t\t\t\t\t\t\t\t\t\t\t\t<\/div>\n\t\t\t\t\t\t\t\n\t\t\t\t\t\t\t\t\t\t\t\t\t\t\t<div class=\"tb-practicalv2__info-extra\">\n\t\t\t\t\t\t\t\t\t\t\t\t\t\t\t\t\t\t\t\t<div class=\"translation-block\"><p><i>Alleinreisende teilen sich ein Doppelzimmer mit einem anderen Teilnehmenden (getrennte Betten). Wir versuchen, Personen gleichen Geschlechts zusammenzulegen, k\u00f6nnen das aber nicht garantieren. Reist du in einer ungeraden Gruppengr\u00f6\u00dfe, wird eine Person mit einem alleinreisenden Teilnehmenden untergebracht.<\/i><\/p><p><i>Reist du zu dritt, kann auf ausdr\u00fcckliche Anfrage und je nach Verf\u00fcgbarkeit ein Dreibettzimmer zugewiesen werden (gegen Aufpreis). Diese Option ist nur m\u00f6glich, wenn sie vorab angefragt wurde.<\/i><\/p><\/div>\n\t\t\t\t\t\t\t\t\t\t\t\t\t\n\t\t\t\t\t\t\t\t\t\t\t\t\t\t\t\t\t<\/div>\n\t\t\t\t\t\t\t\t\t\t\t\t\t\t\t\t\t\t<\/div>\n\t\t\t\t<\/details>\n\t\t\t\t\t\t\t<details class=\"tb-practicalv2__category tb-practicalv2__category--custom\" id=\"navette\"  open>\n\t\t\t\t\t<summary class=\"tb-practicalv2__category-toggle\">\n\t\t\t\t\t\t\t\t\t\t\t\t\t\t\t\t\t<i class=\"icon fa-solid fa-van-shuttle tb-style-block fa-fw\" aria-hidden=\"true\"><\/i>\n\t\t\t\t\t\t\t\t\t\t\t\t\t\t\t<span class=\"tb-practicalv2__category-name\">\n\t\t\t\t\t\t\tShuttle\t\t\t\t\t\t<\/span>\n\t\t\t\t\t<\/summary>\n\t\t\t\t\t<div class=\"tb-practicalv2__category-content\">\n\t\t\t\t\t\t\t\t\t\t\t\t\t<div class=\"tb-practicalv2__category-default-content\">\n\t\t\t\t\t\t\t\t\t\t\n\t\t\t\t\t\t\t\t\t\t\t\t\t\t\t\t\t<ul class=\"tb-practicalv2__icon-list\">\n\t\t\t\t\t\t\t\t\t\t\t\t\t\t\t\t\t\t\t\t\t<li class=\"tb-practicalv2__icon-item\">\n\t\t\t\t\t\t\t\t\t\t\t\t\t\t\t\t\t\t\t\t\t\t\t\t\t<div class=\"translation-block\"><p>Ein Shuttle bringt dich von Funchal zum Startpunkt der Wanderung. <strong>Abfahrt ist um 9:00 Uhr<\/strong> \u2013 sei p\u00fcnktlich am Treffpunkt (Lobby des Enotel Magnolia), wenn du die erste Nacht nicht bei uns buchst.<\/p><\/div>\n\t\t\t\t\t\t\t\t\t\t\t\t<\/li>\n\t\t\t\t\t\t\t\t\t\t\t\t\t\t\t\t\t\t\t<\/ul>\n\t\t\t\t\t\t\t\t\n\t\t\t\t\t\t\t\t\n\t\t\t\t\t\t\t\t\t\t\t\t\t\t\t<\/div>\n\t\t\t\t\t\t\t\n\t\t\t\t\t\t\t\t\t\t\t\t\t\t\t\t\t\t<\/div>\n\t\t\t\t<\/details>\n\t\t\t\t\t\t\t<details class=\"tb-practicalv2__category tb-practicalv2__category--custom\" id=\"autoguide\"  open>\n\t\t\t\t\t<summary class=\"tb-practicalv2__category-toggle\">\n\t\t\t\t\t\t\t\t\t\t\t\t\t\t\t\t\t<i class=\"icon fa-solid fa-person-hiking tb-style-block fa-fw\" aria-hidden=\"true\"><\/i>\n\t\t\t\t\t\t\t\t\t\t\t\t\t\t\t<span class=\"tb-practicalv2__category-name\">\n\t\t\t\t\t\t\tSelbstgef\u00fchrte Wanderung\t\t\t\t\t\t<\/span>\n\t\t\t\t\t<\/summary>\n\t\t\t\t\t<div class=\"tb-practicalv2__category-content\">\n\t\t\t\t\t\t\t\t\t\t\t\t\t<div class=\"tb-practicalv2__category-default-content\">\n\t\t\t\t\t\t\t\t\t\t\n\t\t\t\t\t\t\t\t\t\t\t\t\t\t\t\t\t<ul class=\"tb-practicalv2__icon-list\">\n\t\t\t\t\t\t\t\t\t\t\t\t\t\t\t\t\t\t\t\t\t<li class=\"tb-practicalv2__icon-item\">\n\t\t\t\t\t\t\t\t\t\t\t\t\t\t\t\t\t\t\t\t\t\t\t\t\t<div class=\"translation-block\"><p>Unsere Wanderung ist <strong>selbstgef\u00fchrt<\/strong> \u2013 du gehst den Trail in deinem eigenen Tempo, ohne feste Gruppe oder Guide vor Ort. <strong>Unterk\u00fcnfte, Transfers und Route sind bereits organisiert<\/strong>, sodass du dich ganz auf dein Abenteuer konzentrieren kannst.<br><br>Am ersten Wandertag bekommst du ein <strong>pers\u00f6nliches Briefing von unserem Ranger<\/strong>. W\u00e4hrend des Trails erh\u00e4ltst du t\u00e4glich ein Update mit den wichtigsten Informationen. Alle Infos und die komplette Route findest du in der <a href=\"https:\/\/madeiratrail.eu\/de\/app\"><strong>Travelbase-App<\/strong><\/a>. Und falls unterwegs etwas ist \u2013 der Ranger ist jederzeit telefonisch erreichbar.<\/p><\/div>\n\t\t\t\t\t\t\t\t\t\t\t\t<\/li>\n\t\t\t\t\t\t\t\t\t\t\t\t\t\t\t\t\t\t\t<\/ul>\n\t\t\t\t\t\t\t\t\n\t\t\t\t\t\t\t\t\n\t\t\t\t\t\t\t\t\t\t\t\t\t\t\t<\/div>\n\t\t\t\t\t\t\t\n\t\t\t\t\t\t\t\t\t\t\t\t\t\t\t\t\t\t<\/div>\n\t\t\t\t<\/details>\n\t\t\t\t\t\t\t<details class=\"tb-practicalv2__category tb-practicalv2__category--custom\" id=\"application-travelbase\"  open>\n\t\t\t\t\t<summary class=\"tb-practicalv2__category-toggle\">\n\t\t\t\t\t\t\t\t\t\t\t\t\t\t\t\t\t<i class=\"icon fa-solid fa-circle-info tb-style-block fa-fw\" aria-hidden=\"true\"><\/i>\n\t\t\t\t\t\t\t\t\t\t\t\t\t\t\t<span class=\"tb-practicalv2__category-name\">\n\t\t\t\t\t\t\tTravelbase-App\t\t\t\t\t\t<\/span>\n\t\t\t\t\t<\/summary>\n\t\t\t\t\t<div class=\"tb-practicalv2__category-content\">\n\t\t\t\t\t\t\t\t\t\t\t\t\t<div class=\"tb-practicalv2__category-default-content\">\n\t\t\t\t\t\t\t\t\t\t\n\t\t\t\t\t\t\t\t\t\t\t\t\t\t\t\t\t<ul class=\"tb-practicalv2__icon-list\">\n\t\t\t\t\t\t\t\t\t\t\t\t\t\t\t\t\t\t\t\t\t<li class=\"tb-practicalv2__icon-item\">\n\t\t\t\t\t\t\t\t\t\t\t\t\t\t\t\t\t\t\t\t\t\t\t\t\t<div class=\"translation-block\"><p>Nach der Buchung erh\u00e4ltst du Zugang zur <a href=\"https:\/\/madeiratrail.eu\/de\/app\/\"><strong>Travelbase-App<\/strong><\/a>. Dort findest du alle Infos zur Vorbereitung und f\u00fcr unterwegs: GPX-Tracks, Etappenbeschreibungen, Tipps und Hinweise. Lade sie vor der Abreise herunter \u2013 dann hast du alles offline griffbereit.<\/p><\/div>\n\t\t\t\t\t\t\t\t\t\t\t\t<\/li>\n\t\t\t\t\t\t\t\t\t\t\t\t\t\t\t\t\t\t\t<\/ul>\n\t\t\t\t\t\t\t\t\n\t\t\t\t\t\t\t\t\n\t\t\t\t\t\t\t\t\t\t\t\t\t\t\t<\/div>\n\t\t\t\t\t\t\t\n\t\t\t\t\t\t\t\t\t\t\t\t\t\t\t\t\t\t<\/div>\n\t\t\t\t<\/details>\n\t\t\t\t\t<\/div>\n\t<\/div>\n<\/div>\n\n\n<div class=\"tb-highlights tb-block align-center background-light pattern-none variant-none tb-collapsible-margins\" id=\"options\">\n\t<div class=\"inner-block tb-fade-in tb-fade-in--subtle\">\n\t\t<div class=\"text-part\">\n\t\t\t<h2>Zusatzoptionen<\/h2>\n\t\t\t\t<div class=\"translation-block\"><p>Bei der Buchung des Madeira Trails kannst du folgende Optionen zu deiner Reise hinzuf\u00fcgen.<\/p><\/div>\n\t\t\t\t\t<div class=\"section-toggler\">\n\t\t<div class=\"section-toggler__inner\">\n\t\t\t<div class=\"section-toggler__toggles-wrapper\">\n\t\t\t\t<div class=\"section-toggler__toggles\">\n\t\t\t\t\t\t\t\t\t\t\t<input type=\"radio\" name=\"options-section\" value=\"options-section-0\" id=\"options-section-0-label\" checked class=\"\" \/>\n\t\t\t\t\t\t<label for=\"options-section-0-label\" data-target-id=\"options-section-0\" class=\"\">\n\t\t\t\t\t\t\t\u00dcbernachtung\t\t\t\t\t\t\t\t\t\t\t\t\t<\/label>\n\t\t\t\t\t\t\t\t\t\t\t<input type=\"radio\" name=\"options-section\" value=\"options-section-1\" id=\"options-section-1-label\"  class=\"\" \/>\n\t\t\t\t\t\t<label for=\"options-section-1-label\" data-target-id=\"options-section-1\" class=\"\">\n\t\t\t\t\t\t\tVerpflegung\t\t\t\t\t\t\t\t\t\t\t\t\t<\/label>\n\t\t\t\t\t\t\t\t\t\t\t<input type=\"radio\" name=\"options-section\" value=\"options-section-2\" id=\"options-section-2-label\"  class=\"\" \/>\n\t\t\t\t\t\t<label for=\"options-section-2-label\" data-target-id=\"options-section-2\" class=\"\">\n\t\t\t\t\t\t\tMaterial\t\t\t\t\t\t\t\t\t\t\t\t\t<\/label>\n\t\t\t\t\t\t\t\t\t\t\t<input type=\"radio\" name=\"options-section\" value=\"options-section-3\" id=\"options-section-3-label\"  class=\"\" \/>\n\t\t\t\t\t\t<label for=\"options-section-3-label\" data-target-id=\"options-section-3\" class=\"\">\n\t\t\t\t\t\t\tVersicherungen\t\t\t\t\t\t\t\t\t\t\t\t\t<\/label>\n\t\t\t\t\t\t\t\t\t\t\t<input type=\"radio\" name=\"options-section\" value=\"options-section-4\" id=\"options-section-4-label\"  class=\"\" \/>\n\t\t\t\t\t\t<label for=\"options-section-4-label\" data-target-id=\"options-section-4\" class=\"\">\n\t\t\t\t\t\t\tGep\u00e4cktransport\t\t\t\t\t\t\t\t\t\t\t\t\t<\/label>\n\t\t\t\t\t\t\t\t\t<\/div>\n\t\t\t<\/div>\n\t\t<\/div>\n\t<\/div>\n\t\t\t<\/div>\n\t<\/div>\n\t\t\t<div class=\"tb-sections tb-fade-in tb-fade-in--subtle\">\n\t\t\t\t\t\t\t\t\t\t\t\t\t<div class=\"inner-block-full-width has-tb-carousel tb-section\" id=\"options-section-0\">\n\t\t<div class=\"tb-carousel-container\">\n\t\t\t<div class=\"entries tb-cards\" data-slider-first=\"1\">\n\t\t\t\t\t\t\t\t\t\t\t\t\t\t\t<div class=\"tb-card entry tb-popup-trigger desktop-only-popup\">\n\t\t\t\t\t\t\t<div class=\"tb-image-part desktop\">\n\t\t\t\t\t\t\t\t<img src='https:\/\/mat.travelblox.eu\/wp-content\/smush-webp\/sites\/68\/2024\/09\/Siliquini-TheMadeiraTrail-240322-1575.jpg.webp' width='2048' height='1365' alt='Hotel mit Pool' srcset='https:\/\/mat.travelblox.eu\/wp-content\/smush-webp\/sites\/68\/2024\/09\/Siliquini-TheMadeiraTrail-240322-1575.jpg.webp 2048w, https:\/\/mat.travelblox.eu\/wp-content\/smush-webp\/sites\/68\/2024\/09\/Siliquini-TheMadeiraTrail-240322-1575-300x200.jpg.webp 300w, https:\/\/mat.travelblox.eu\/wp-content\/smush-webp\/sites\/68\/2024\/09\/Siliquini-TheMadeiraTrail-240322-1575-1024x683.jpg.webp 1024w, https:\/\/mat.travelblox.eu\/wp-content\/smush-webp\/sites\/68\/2024\/09\/Siliquini-TheMadeiraTrail-240322-1575-768x512.jpg.webp 768w, https:\/\/mat.travelblox.eu\/wp-content\/smush-webp\/sites\/68\/2024\/09\/Siliquini-TheMadeiraTrail-240322-1575-1536x1024.jpg.webp 1536w, https:\/\/mat.travelblox.eu\/wp-content\/smush-webp\/sites\/68\/2024\/09\/Siliquini-TheMadeiraTrail-240322-1575-18x12.jpg.webp 18w' sizes=\"auto, (max-width: 2048px) 100vw, 2048px\" style='object-position:50% 50%' loading='lazy' decoding='async' data-smush-webp-fallback=\"{&quot;src&quot;:&quot;https:\\\/\\\/mat.travelblox.eu\\\/wp-content\\\/uploads\\\/sites\\\/68\\\/2024\\\/09\\\/Siliquini-TheMadeiraTrail-240322-1575.jpg&quot;,&quot;srcset&quot;:&quot;https:\\\/\\\/mat.travelblox.eu\\\/wp-content\\\/uploads\\\/sites\\\/68\\\/2024\\\/09\\\/Siliquini-TheMadeiraTrail-240322-1575.jpg 2048w, https:\\\/\\\/mat.travelblox.eu\\\/wp-content\\\/uploads\\\/sites\\\/68\\\/2024\\\/09\\\/Siliquini-TheMadeiraTrail-240322-1575-300x200.jpg 300w, https:\\\/\\\/mat.travelblox.eu\\\/wp-content\\\/uploads\\\/sites\\\/68\\\/2024\\\/09\\\/Siliquini-TheMadeiraTrail-240322-1575-1024x683.jpg 1024w, https:\\\/\\\/mat.travelblox.eu\\\/wp-content\\\/uploads\\\/sites\\\/68\\\/2024\\\/09\\\/Siliquini-TheMadeiraTrail-240322-1575-768x512.jpg 768w, https:\\\/\\\/mat.travelblox.eu\\\/wp-content\\\/uploads\\\/sites\\\/68\\\/2024\\\/09\\\/Siliquini-TheMadeiraTrail-240322-1575-1536x1024.jpg 1536w, https:\\\/\\\/mat.travelblox.eu\\\/wp-content\\\/uploads\\\/sites\\\/68\\\/2024\\\/09\\\/Siliquini-TheMadeiraTrail-240322-1575-18x12.jpg 18w&quot;}\">\t\t\t\t\t\t\t\t\t\t\t\t\t\t\t\t\t\t\t\t\t\t\t\t\t<div class=\"price tiny-body-font desktop translation-block\"><p>95 \u20ac<\/p><\/div>\t\t\t\t\t\t\t<\/div>\n\t\t\t\t\t\t\t<div class=\"tb-image-part mobile\">\n\t\t\t\t\t\t\t\t<img src='https:\/\/mat.travelblox.eu\/wp-content\/smush-webp\/sites\/68\/2024\/09\/Siliquini-TheMadeiraTrail-240322-1575-768x512.jpg.webp' width='768' height='512' alt='Hotel mit Pool' srcset='https:\/\/mat.travelblox.eu\/wp-content\/smush-webp\/sites\/68\/2024\/09\/Siliquini-TheMadeiraTrail-240322-1575-768x512.jpg.webp 768w, https:\/\/mat.travelblox.eu\/wp-content\/smush-webp\/sites\/68\/2024\/09\/Siliquini-TheMadeiraTrail-240322-1575-300x200.jpg.webp 300w, https:\/\/mat.travelblox.eu\/wp-content\/smush-webp\/sites\/68\/2024\/09\/Siliquini-TheMadeiraTrail-240322-1575-1024x683.jpg.webp 1024w, https:\/\/mat.travelblox.eu\/wp-content\/smush-webp\/sites\/68\/2024\/09\/Siliquini-TheMadeiraTrail-240322-1575-1536x1024.jpg.webp 1536w, https:\/\/mat.travelblox.eu\/wp-content\/smush-webp\/sites\/68\/2024\/09\/Siliquini-TheMadeiraTrail-240322-1575-18x12.jpg.webp 18w, https:\/\/mat.travelblox.eu\/wp-content\/smush-webp\/sites\/68\/2024\/09\/Siliquini-TheMadeiraTrail-240322-1575.jpg.webp 2048w' sizes=\"auto, (max-width: 768px) 100vw, 768px\" style='object-position:50% 50%' loading='lazy' decoding='async' data-smush-webp-fallback=\"{&quot;src&quot;:&quot;https:\\\/\\\/mat.travelblox.eu\\\/wp-content\\\/uploads\\\/sites\\\/68\\\/2024\\\/09\\\/Siliquini-TheMadeiraTrail-240322-1575-768x512.jpg&quot;,&quot;srcset&quot;:&quot;https:\\\/\\\/mat.travelblox.eu\\\/wp-content\\\/uploads\\\/sites\\\/68\\\/2024\\\/09\\\/Siliquini-TheMadeiraTrail-240322-1575-768x512.jpg 768w, https:\\\/\\\/mat.travelblox.eu\\\/wp-content\\\/uploads\\\/sites\\\/68\\\/2024\\\/09\\\/Siliquini-TheMadeiraTrail-240322-1575-300x200.jpg 300w, https:\\\/\\\/mat.travelblox.eu\\\/wp-content\\\/uploads\\\/sites\\\/68\\\/2024\\\/09\\\/Siliquini-TheMadeiraTrail-240322-1575-1024x683.jpg 1024w, https:\\\/\\\/mat.travelblox.eu\\\/wp-content\\\/uploads\\\/sites\\\/68\\\/2024\\\/09\\\/Siliquini-TheMadeiraTrail-240322-1575-1536x1024.jpg 1536w, https:\\\/\\\/mat.travelblox.eu\\\/wp-content\\\/uploads\\\/sites\\\/68\\\/2024\\\/09\\\/Siliquini-TheMadeiraTrail-240322-1575-18x12.jpg 18w, https:\\\/\\\/mat.travelblox.eu\\\/wp-content\\\/uploads\\\/sites\\\/68\\\/2024\\\/09\\\/Siliquini-TheMadeiraTrail-240322-1575.jpg 2048w&quot;}\">\t\t\t\t\t\t\t\t\t\t\t\t\t\t\t<\/div>\n\t\t\t\t\t\t\t<div class=\"tb-card-content\">\n\t\t\t\t\t\t\t\t<h5>\n\t\t\t\t\t\t\t\t\t\t\t\t\t<i class=\"icon fa-kit fa-tb-icon-hotel fa-fw\" aria-hidden=\"true\"><\/i>\n\t\t\t\t\t\t\t\t\t\t\t\t<span>Optionale Hotelnacht in Funchal<\/span>\n\t\t\t\t\t\t\t\t<\/h5>\n\t\t\t\t\t\t\t\t\t\t\t\t\t\t\t\t\t<div class=\"price tiny-body-font mobile\"><p>95 \u20ac<\/p><\/div>\t\t\t\t\t\t\t\t<div class=\"content readmore-content content--clamped\">\t<div class=\"translation-block\"><p>F\u00fcr einen entspannten Start bieten wir eine optionale Nacht in Funchal an \u2013 am ersten Tag deiner gebuchten Woche.<\/p><p><strong>Wichtig:<\/strong> Diese Nacht f\u00e4llt auf den ersten Tag deines Aufenthalts, nicht den Tag davor. Beispiel: Ist dein Aufenthalt vom 29. M\u00e4rz bis 4. April gebucht, ist die optionale Nacht der 29. M\u00e4rz \u2013 die Wanderung startet am 30. M\u00e4rz.<\/p><p>Du \u00fcbernachtest im <strong>Enotel Magnolia 4*<\/strong>, mit Fr\u00fchst\u00fcck, Pool und Wellnessbereich inklusive. Die Option ist f\u00fcr alle gedacht, die nicht bereits fr\u00fcher auf Madeira sind oder lieber selbst buchen.<\/p><p>Alleinreisende teilen sich das Zimmer mit einem anderen Teilnehmenden \u2013 wir versuchen, Personen gleichen Geschlechts zusammenzulegen, k\u00f6nnen das aber nicht garantieren.<\/p><p>Buchst du diese Option nicht, triffst du uns am n\u00e4chsten Morgen um <strong>8:30 Uhr in der Lobby des Enotel Magnolia<\/strong> zum Briefing und Shuttleabfahrt.<\/p><\/div>\n\t<\/div>\n\t\t\t\t\t\t\t\t\t\t\t\t\t\t\t\t<div class=\"readmore link js-readmore\">\n\t\t\t\t\t\t\t\t\t<span><i class=\"fa-solid fa-circle-plus\"><\/i><u>Mehr lesen<\/u><\/span>\n\t\t\t\t\t\t\t\t\t<span><i class=\"fa-solid fa-circle-minus\"><\/i><u>Weniger lesen<\/u><\/span>\n\t\t\t\t\t\t\t\t<\/div>\n\t\t\t\t\t\t\t\t\t\t\t\t\t\t\t\t<dialog class=\"tb-popup\">\n\t\t\t\t\t\t\t\t\t<div class=\"tb-highlights-popup\">\n\t\t\t\t\t\t\t\t\t\t<div class=\"tb-image-part\">\n\t\t\t\t\t\t\t\t\t\t\t<img src='https:\/\/mat.travelblox.eu\/wp-content\/smush-webp\/sites\/68\/2024\/09\/Siliquini-TheMadeiraTrail-240322-1575-768x512.jpg.webp' width='768' height='512' alt='Hotel mit Pool' srcset='https:\/\/mat.travelblox.eu\/wp-content\/smush-webp\/sites\/68\/2024\/09\/Siliquini-TheMadeiraTrail-240322-1575-768x512.jpg.webp 768w, https:\/\/mat.travelblox.eu\/wp-content\/smush-webp\/sites\/68\/2024\/09\/Siliquini-TheMadeiraTrail-240322-1575-300x200.jpg.webp 300w, https:\/\/mat.travelblox.eu\/wp-content\/smush-webp\/sites\/68\/2024\/09\/Siliquini-TheMadeiraTrail-240322-1575-1024x683.jpg.webp 1024w, https:\/\/mat.travelblox.eu\/wp-content\/smush-webp\/sites\/68\/2024\/09\/Siliquini-TheMadeiraTrail-240322-1575-1536x1024.jpg.webp 1536w, https:\/\/mat.travelblox.eu\/wp-content\/smush-webp\/sites\/68\/2024\/09\/Siliquini-TheMadeiraTrail-240322-1575-18x12.jpg.webp 18w, https:\/\/mat.travelblox.eu\/wp-content\/smush-webp\/sites\/68\/2024\/09\/Siliquini-TheMadeiraTrail-240322-1575.jpg.webp 2048w' sizes=\"auto, (max-width: 768px) 100vw, 768px\" style='object-position:50% 50%' loading='lazy' decoding='async' data-smush-webp-fallback=\"{&quot;src&quot;:&quot;https:\\\/\\\/mat.travelblox.eu\\\/wp-content\\\/uploads\\\/sites\\\/68\\\/2024\\\/09\\\/Siliquini-TheMadeiraTrail-240322-1575-768x512.jpg&quot;,&quot;srcset&quot;:&quot;https:\\\/\\\/mat.travelblox.eu\\\/wp-content\\\/uploads\\\/sites\\\/68\\\/2024\\\/09\\\/Siliquini-TheMadeiraTrail-240322-1575-768x512.jpg 768w, https:\\\/\\\/mat.travelblox.eu\\\/wp-content\\\/uploads\\\/sites\\\/68\\\/2024\\\/09\\\/Siliquini-TheMadeiraTrail-240322-1575-300x200.jpg 300w, https:\\\/\\\/mat.travelblox.eu\\\/wp-content\\\/uploads\\\/sites\\\/68\\\/2024\\\/09\\\/Siliquini-TheMadeiraTrail-240322-1575-1024x683.jpg 1024w, https:\\\/\\\/mat.travelblox.eu\\\/wp-content\\\/uploads\\\/sites\\\/68\\\/2024\\\/09\\\/Siliquini-TheMadeiraTrail-240322-1575-1536x1024.jpg 1536w, https:\\\/\\\/mat.travelblox.eu\\\/wp-content\\\/uploads\\\/sites\\\/68\\\/2024\\\/09\\\/Siliquini-TheMadeiraTrail-240322-1575-18x12.jpg 18w, https:\\\/\\\/mat.travelblox.eu\\\/wp-content\\\/uploads\\\/sites\\\/68\\\/2024\\\/09\\\/Siliquini-TheMadeiraTrail-240322-1575.jpg 2048w&quot;}\">\t\t\t\t\t\t\t\t\t\t<\/div>\n\t\t\t\t\t\t\t\t\t\t<div class=\"tb-popup-content\">\n\t\t\t\t\t\t\t\t\t\t\t<h3>Optionale Hotelnacht in Funchal<\/h3>\n\t\t\t\t\t\t\t\t\t\t\t<div class=\"content\">\t<div class=\"translation-block\"><p>F\u00fcr einen entspannten Start bieten wir eine optionale Nacht in Funchal an \u2013 am ersten Tag deiner gebuchten Woche.<\/p><p><strong>Wichtig:<\/strong> Diese Nacht f\u00e4llt auf den ersten Tag deines Aufenthalts, nicht den Tag davor. Beispiel: Ist dein Aufenthalt vom 29. M\u00e4rz bis 4. April gebucht, ist die optionale Nacht der 29. M\u00e4rz \u2013 die Wanderung startet am 30. M\u00e4rz.<\/p><p>Du \u00fcbernachtest im <strong>Enotel Magnolia 4*<\/strong>, mit Fr\u00fchst\u00fcck, Pool und Wellnessbereich inklusive. Die Option ist f\u00fcr alle gedacht, die nicht bereits fr\u00fcher auf Madeira sind oder lieber selbst buchen.<\/p><p>Alleinreisende teilen sich das Zimmer mit einem anderen Teilnehmenden \u2013 wir versuchen, Personen gleichen Geschlechts zusammenzulegen, k\u00f6nnen das aber nicht garantieren.<\/p><p>Buchst du diese Option nicht, triffst du uns am n\u00e4chsten Morgen um <strong>8:30 Uhr in der Lobby des Enotel Magnolia<\/strong> zum Briefing und Shuttleabfahrt.<\/p><\/div>\n\t<\/div>\n\t\t\t\t\t\t\t\t\t\t<\/div>\n\t\t\t\t\t\t\t\t\t<\/div>\n\t\t\t\t\t\t\t\t<\/dialog>\n\t\t\t\t\t\t\t<\/div>\n\t\t\t\t\t\t<\/div>\n\t\t\t\t\t\t\t\t\t\t\t\t\t<\/div>\n\t\t\t\t<div class=\"tb-carousel-nav\">\n\t\t<div class=\"dots\">\n\t\t\t<div class=\"dot active\"><\/div>\n\t\t\t<div class=\"dot\"><\/div>\n\t\t\t<div class=\"dot\"><\/div>\n\t\t<\/div>\n\t\t<div class=\"arrows\">\n\t\t\t<div class=\"prev disabled\">\n\t\t\t\t<span><i class=\"fa fa-chevron-left\"><\/i><\/span>\n\t\t\t<\/div>\n\t\t\t<div class=\"next\">\n\t\t\t\t<span><i class=\"fa fa-chevron-right\"><\/i><\/span>\n\t\t\t<\/div>\n\t\t<\/div>\n\t<\/div>\n\t\t\t<\/div>\n\t<\/div>\n\t\t\t\t\t\t\t\t\t\t\t\t\t\t\t\t\t\t<div class=\"inner-block-full-width has-tb-carousel tb-section\" id=\"options-section-1\"style=\"display:none;\">\n\t\t<div class=\"tb-carousel-container\">\n\t\t\t<div class=\"entries tb-cards\" data-slider-first=\"1\">\n\t\t\t\t\t\t\t\t\t\t\t\t\t\t\t<div class=\"tb-card entry tb-popup-trigger desktop-only-popup\">\n\t\t\t\t\t\t\t<div class=\"tb-image-part desktop\">\n\t\t\t\t\t\t\t\t<img src='https:\/\/mat.travelblox.eu\/wp-content\/smush-webp\/sites\/68\/2025\/11\/MAT25_DriesVdb_WEB-159-Grande-e1763483008427.jpeg.webp' width='1024' height='717' alt='Essen auf Madeira - Food in Madeira - Eten op Madeira - Nourriture \u00e0 Mad\u00e8re' srcset='https:\/\/mat.travelblox.eu\/wp-content\/smush-webp\/sites\/68\/2025\/11\/MAT25_DriesVdb_WEB-159-Grande-e1763483008427.jpeg.webp 1024w, https:\/\/mat.travelblox.eu\/wp-content\/smush-webp\/sites\/68\/2025\/11\/MAT25_DriesVdb_WEB-159-Grande-e1763483008427-300x210.jpeg.webp 300w, https:\/\/mat.travelblox.eu\/wp-content\/smush-webp\/sites\/68\/2025\/11\/MAT25_DriesVdb_WEB-159-Grande-e1763483008427-768x538.jpeg.webp 768w, https:\/\/mat.travelblox.eu\/wp-content\/smush-webp\/sites\/68\/2025\/11\/MAT25_DriesVdb_WEB-159-Grande-e1763483008427-18x12.jpeg.webp 18w' sizes=\"auto, (max-width: 1024px) 100vw, 1024px\" style='object-position:50% 50%' loading='lazy' decoding='async' data-smush-webp-fallback=\"{&quot;src&quot;:&quot;https:\\\/\\\/mat.travelblox.eu\\\/wp-content\\\/uploads\\\/sites\\\/68\\\/2025\\\/11\\\/MAT25_DriesVdb_WEB-159-Grande-e1763483008427.jpeg&quot;,&quot;srcset&quot;:&quot;https:\\\/\\\/mat.travelblox.eu\\\/wp-content\\\/uploads\\\/sites\\\/68\\\/2025\\\/11\\\/MAT25_DriesVdb_WEB-159-Grande-e1763483008427.jpeg 1024w, https:\\\/\\\/mat.travelblox.eu\\\/wp-content\\\/uploads\\\/sites\\\/68\\\/2025\\\/11\\\/MAT25_DriesVdb_WEB-159-Grande-e1763483008427-300x210.jpeg 300w, https:\\\/\\\/mat.travelblox.eu\\\/wp-content\\\/uploads\\\/sites\\\/68\\\/2025\\\/11\\\/MAT25_DriesVdb_WEB-159-Grande-e1763483008427-768x538.jpeg 768w, https:\\\/\\\/mat.travelblox.eu\\\/wp-content\\\/uploads\\\/sites\\\/68\\\/2025\\\/11\\\/MAT25_DriesVdb_WEB-159-Grande-e1763483008427-18x12.jpeg 18w&quot;}\">\t\t\t\t\t\t\t\t\t\t\t\t\t\t\t\t\t\t\t\t\t\t\t\t\t<div class=\"price tiny-body-font desktop translation-block\"><p>139 \u20ac<\/p><\/div>\t\t\t\t\t\t\t<\/div>\n\t\t\t\t\t\t\t<div class=\"tb-image-part mobile\">\n\t\t\t\t\t\t\t\t<img src='https:\/\/mat.travelblox.eu\/wp-content\/smush-webp\/sites\/68\/2025\/11\/MAT25_DriesVdb_WEB-159-Grande-e1763483008427-768x538.jpeg.webp' width='768' height='538' alt='Essen auf Madeira - Food in Madeira - Eten op Madeira - Nourriture \u00e0 Mad\u00e8re' srcset='https:\/\/mat.travelblox.eu\/wp-content\/smush-webp\/sites\/68\/2025\/11\/MAT25_DriesVdb_WEB-159-Grande-e1763483008427-768x538.jpeg.webp 768w, https:\/\/mat.travelblox.eu\/wp-content\/smush-webp\/sites\/68\/2025\/11\/MAT25_DriesVdb_WEB-159-Grande-e1763483008427-300x210.jpeg.webp 300w, https:\/\/mat.travelblox.eu\/wp-content\/smush-webp\/sites\/68\/2025\/11\/MAT25_DriesVdb_WEB-159-Grande-e1763483008427-18x12.jpeg.webp 18w, https:\/\/mat.travelblox.eu\/wp-content\/smush-webp\/sites\/68\/2025\/11\/MAT25_DriesVdb_WEB-159-Grande-e1763483008427.jpeg.webp 1024w' sizes=\"auto, (max-width: 768px) 100vw, 768px\" style='object-position:50% 50%' loading='lazy' decoding='async' data-smush-webp-fallback=\"{&quot;src&quot;:&quot;https:\\\/\\\/mat.travelblox.eu\\\/wp-content\\\/uploads\\\/sites\\\/68\\\/2025\\\/11\\\/MAT25_DriesVdb_WEB-159-Grande-e1763483008427-768x538.jpeg&quot;,&quot;srcset&quot;:&quot;https:\\\/\\\/mat.travelblox.eu\\\/wp-content\\\/uploads\\\/sites\\\/68\\\/2025\\\/11\\\/MAT25_DriesVdb_WEB-159-Grande-e1763483008427-768x538.jpeg 768w, https:\\\/\\\/mat.travelblox.eu\\\/wp-content\\\/uploads\\\/sites\\\/68\\\/2025\\\/11\\\/MAT25_DriesVdb_WEB-159-Grande-e1763483008427-300x210.jpeg 300w, https:\\\/\\\/mat.travelblox.eu\\\/wp-content\\\/uploads\\\/sites\\\/68\\\/2025\\\/11\\\/MAT25_DriesVdb_WEB-159-Grande-e1763483008427-18x12.jpeg 18w, https:\\\/\\\/mat.travelblox.eu\\\/wp-content\\\/uploads\\\/sites\\\/68\\\/2025\\\/11\\\/MAT25_DriesVdb_WEB-159-Grande-e1763483008427.jpeg 1024w&quot;}\">\t\t\t\t\t\t\t\t\t\t\t\t\t\t\t<\/div>\n\t\t\t\t\t\t\t<div class=\"tb-card-content\">\n\t\t\t\t\t\t\t\t<h5>\n\t\t\t\t\t\t\t\t\t\t\t\t\t<i class=\"icon fa-regular fa-plate-utensils fa-fw\" aria-hidden=\"true\"><\/i>\n\t\t\t\t\t\t\t\t\t\t\t\t<span>Verpflegungspaket<\/span>\n\t\t\t\t\t\t\t\t<\/h5>\n\t\t\t\t\t\t\t\t\t\t\t\t\t\t\t\t\t<div class=\"price tiny-body-font mobile\"><p>139 \u20ac<\/p><\/div>\t\t\t\t\t\t\t\t<div class=\"content readmore-content content--clamped\">\t<div class=\"translation-block\"><p>Unterwegs gibt es kaum H\u00fctten oder Restaurants. Deshalb bieten wir ein Verpflegungspaket an \u2013 f\u00fcr alle f\u00fcnf Wandertage, mit lokalem Essen und einem Lunchpaket pro Tag.<\/p><p><strong>Was im Paket enthalten ist:<\/strong><\/p><ul><li><strong>Fr\u00fchst\u00fcck:<\/strong> Brot, Marmelade, K\u00e4se oder Schinken, Kaffee oder Tee, Saft \u2013 je nach Unterkunft auch als Buffet<\/li><li><strong>Lunchpaket:<\/strong> Zwei Sandwiches (Schinken\/K\u00e4se und H\u00fchnchen oder Roastbeef), Obst, kleines Dessert, Saft<\/li><li><strong>Abendessen:<\/strong> Fisch oder lokales Fleisch im Hotelrestaurant oder als Buffet<\/li><\/ul><p><strong>Vegetarische Option verf\u00fcgbar.<\/strong> Snacks f\u00fcr unterwegs empfehlen wir trotzdem einzupacken.<\/p><p>Das Paket ist deutlich g\u00fcnstiger, als jeden Abend einzeln zu zahlen \u2013 und du musst dich um nichts k\u00fcmmern.<br><br>Hast du besondere Ern\u00e4hrungsbed\u00fcrfnisse oder Allergien (glutenfrei, laktosefrei, vegetarisch etc.)? Gib uns das bei der Buchung an \u2013 wir informieren unsere Partner vor Ort und passen deine Mahlzeiten entsprechend an.<\/p><p><i>Zusammensetzung der Mahlzeiten kann je nach Unterkunft variieren.<\/i><\/p><\/div>\n\t<\/div>\n\t\t\t\t\t\t\t\t\t\t\t\t\t\t\t\t<div class=\"readmore link js-readmore\">\n\t\t\t\t\t\t\t\t\t<span><i class=\"fa-solid fa-circle-plus\"><\/i><u>Mehr lesen<\/u><\/span>\n\t\t\t\t\t\t\t\t\t<span><i class=\"fa-solid fa-circle-minus\"><\/i><u>Weniger lesen<\/u><\/span>\n\t\t\t\t\t\t\t\t<\/div>\n\t\t\t\t\t\t\t\t\t\t\t\t\t\t\t\t<dialog class=\"tb-popup\">\n\t\t\t\t\t\t\t\t\t<div class=\"tb-highlights-popup\">\n\t\t\t\t\t\t\t\t\t\t<div class=\"tb-image-part\">\n\t\t\t\t\t\t\t\t\t\t\t<img src='https:\/\/mat.travelblox.eu\/wp-content\/smush-webp\/sites\/68\/2025\/11\/MAT25_DriesVdb_WEB-159-Grande-e1763483008427-768x538.jpeg.webp' width='768' height='538' alt='Essen auf Madeira - Food in Madeira - Eten op Madeira - Nourriture \u00e0 Mad\u00e8re' srcset='https:\/\/mat.travelblox.eu\/wp-content\/smush-webp\/sites\/68\/2025\/11\/MAT25_DriesVdb_WEB-159-Grande-e1763483008427-768x538.jpeg.webp 768w, https:\/\/mat.travelblox.eu\/wp-content\/smush-webp\/sites\/68\/2025\/11\/MAT25_DriesVdb_WEB-159-Grande-e1763483008427-300x210.jpeg.webp 300w, https:\/\/mat.travelblox.eu\/wp-content\/smush-webp\/sites\/68\/2025\/11\/MAT25_DriesVdb_WEB-159-Grande-e1763483008427-18x12.jpeg.webp 18w, https:\/\/mat.travelblox.eu\/wp-content\/smush-webp\/sites\/68\/2025\/11\/MAT25_DriesVdb_WEB-159-Grande-e1763483008427.jpeg.webp 1024w' sizes=\"auto, (max-width: 768px) 100vw, 768px\" style='object-position:50% 50%' loading='lazy' decoding='async' data-smush-webp-fallback=\"{&quot;src&quot;:&quot;https:\\\/\\\/mat.travelblox.eu\\\/wp-content\\\/uploads\\\/sites\\\/68\\\/2025\\\/11\\\/MAT25_DriesVdb_WEB-159-Grande-e1763483008427-768x538.jpeg&quot;,&quot;srcset&quot;:&quot;https:\\\/\\\/mat.travelblox.eu\\\/wp-content\\\/uploads\\\/sites\\\/68\\\/2025\\\/11\\\/MAT25_DriesVdb_WEB-159-Grande-e1763483008427-768x538.jpeg 768w, https:\\\/\\\/mat.travelblox.eu\\\/wp-content\\\/uploads\\\/sites\\\/68\\\/2025\\\/11\\\/MAT25_DriesVdb_WEB-159-Grande-e1763483008427-300x210.jpeg 300w, https:\\\/\\\/mat.travelblox.eu\\\/wp-content\\\/uploads\\\/sites\\\/68\\\/2025\\\/11\\\/MAT25_DriesVdb_WEB-159-Grande-e1763483008427-18x12.jpeg 18w, https:\\\/\\\/mat.travelblox.eu\\\/wp-content\\\/uploads\\\/sites\\\/68\\\/2025\\\/11\\\/MAT25_DriesVdb_WEB-159-Grande-e1763483008427.jpeg 1024w&quot;}\">\t\t\t\t\t\t\t\t\t\t<\/div>\n\t\t\t\t\t\t\t\t\t\t<div class=\"tb-popup-content\">\n\t\t\t\t\t\t\t\t\t\t\t<h3>Verpflegungspaket<\/h3>\n\t\t\t\t\t\t\t\t\t\t\t<div class=\"content\">\t<div class=\"translation-block\"><p>Unterwegs gibt es kaum H\u00fctten oder Restaurants. Deshalb bieten wir ein Verpflegungspaket an \u2013 f\u00fcr alle f\u00fcnf Wandertage, mit lokalem Essen und einem Lunchpaket pro Tag.<\/p><p><strong>Was im Paket enthalten ist:<\/strong><\/p><ul><li><strong>Fr\u00fchst\u00fcck:<\/strong> Brot, Marmelade, K\u00e4se oder Schinken, Kaffee oder Tee, Saft \u2013 je nach Unterkunft auch als Buffet<\/li><li><strong>Lunchpaket:<\/strong> Zwei Sandwiches (Schinken\/K\u00e4se und H\u00fchnchen oder Roastbeef), Obst, kleines Dessert, Saft<\/li><li><strong>Abendessen:<\/strong> Fisch oder lokales Fleisch im Hotelrestaurant oder als Buffet<\/li><\/ul><p><strong>Vegetarische Option verf\u00fcgbar.<\/strong> Snacks f\u00fcr unterwegs empfehlen wir trotzdem einzupacken.<\/p><p>Das Paket ist deutlich g\u00fcnstiger, als jeden Abend einzeln zu zahlen \u2013 und du musst dich um nichts k\u00fcmmern.<br><br>Hast du besondere Ern\u00e4hrungsbed\u00fcrfnisse oder Allergien (glutenfrei, laktosefrei, vegetarisch etc.)? Gib uns das bei der Buchung an \u2013 wir informieren unsere Partner vor Ort und passen deine Mahlzeiten entsprechend an.<\/p><p><i>Zusammensetzung der Mahlzeiten kann je nach Unterkunft variieren.<\/i><\/p><\/div>\n\t<\/div>\n\t\t\t\t\t\t\t\t\t\t<\/div>\n\t\t\t\t\t\t\t\t\t<\/div>\n\t\t\t\t\t\t\t\t<\/dialog>\n\t\t\t\t\t\t\t<\/div>\n\t\t\t\t\t\t<\/div>\n\t\t\t\t\t\t\t\t\t\t\t\t\t<\/div>\n\t\t\t\t<div class=\"tb-carousel-nav\">\n\t\t<div class=\"dots\">\n\t\t\t<div class=\"dot active\"><\/div>\n\t\t\t<div class=\"dot\"><\/div>\n\t\t\t<div class=\"dot\"><\/div>\n\t\t<\/div>\n\t\t<div class=\"arrows\">\n\t\t\t<div class=\"prev disabled\">\n\t\t\t\t<span><i class=\"fa fa-chevron-left\"><\/i><\/span>\n\t\t\t<\/div>\n\t\t\t<div class=\"next\">\n\t\t\t\t<span><i class=\"fa fa-chevron-right\"><\/i><\/span>\n\t\t\t<\/div>\n\t\t<\/div>\n\t<\/div>\n\t\t\t<\/div>\n\t<\/div>\n\t\t\t\t\t\t\t\t\t\t\t\t\t\t\t\t\t\t<div class=\"inner-block-full-width has-tb-carousel tb-section\" id=\"options-section-2\"style=\"display:none;\">\n\t\t<div class=\"tb-carousel-container\">\n\t\t\t<div class=\"entries tb-cards\" data-slider-first=\"1\">\n\t\t\t\t\t\t\t\t\t\t\t\t\t\t\t<div class=\"tb-card entry tb-popup-trigger desktop-only-popup\">\n\t\t\t\t\t\t\t<div class=\"tb-image-part desktop\">\n\t\t\t\t\t\t\t\t<img src='https:\/\/mat.travelblox.eu\/wp-content\/smush-webp\/sites\/68\/2025\/11\/Siliquini-TheMadeiraTrail-240319-8400.jpg.webp' width='1024' height='683' alt='Wanderst\u00f6cke - Trekkingst\u00f6cke - Hiking poles - Wandelstokken' srcset='https:\/\/mat.travelblox.eu\/wp-content\/smush-webp\/sites\/68\/2025\/11\/Siliquini-TheMadeiraTrail-240319-8400.jpg.webp 1024w, https:\/\/mat.travelblox.eu\/wp-content\/smush-webp\/sites\/68\/2025\/11\/Siliquini-TheMadeiraTrail-240319-8400-300x200.jpg.webp 300w, https:\/\/mat.travelblox.eu\/wp-content\/smush-webp\/sites\/68\/2025\/11\/Siliquini-TheMadeiraTrail-240319-8400-768x512.jpg.webp 768w, https:\/\/mat.travelblox.eu\/wp-content\/smush-webp\/sites\/68\/2025\/11\/Siliquini-TheMadeiraTrail-240319-8400-18x12.jpg.webp 18w' sizes=\"auto, (max-width: 1024px) 100vw, 1024px\" style='object-position:50% 50%' loading='lazy' decoding='async' data-smush-webp-fallback=\"{&quot;src&quot;:&quot;https:\\\/\\\/mat.travelblox.eu\\\/wp-content\\\/uploads\\\/sites\\\/68\\\/2025\\\/11\\\/Siliquini-TheMadeiraTrail-240319-8400.jpg&quot;,&quot;srcset&quot;:&quot;https:\\\/\\\/mat.travelblox.eu\\\/wp-content\\\/uploads\\\/sites\\\/68\\\/2025\\\/11\\\/Siliquini-TheMadeiraTrail-240319-8400.jpg 1024w, https:\\\/\\\/mat.travelblox.eu\\\/wp-content\\\/uploads\\\/sites\\\/68\\\/2025\\\/11\\\/Siliquini-TheMadeiraTrail-240319-8400-300x200.jpg 300w, https:\\\/\\\/mat.travelblox.eu\\\/wp-content\\\/uploads\\\/sites\\\/68\\\/2025\\\/11\\\/Siliquini-TheMadeiraTrail-240319-8400-768x512.jpg 768w, https:\\\/\\\/mat.travelblox.eu\\\/wp-content\\\/uploads\\\/sites\\\/68\\\/2025\\\/11\\\/Siliquini-TheMadeiraTrail-240319-8400-18x12.jpg 18w&quot;}\">\t\t\t\t\t\t\t\t\t\t\t\t\t\t\t\t\t\t\t\t\t\t\t\t\t<div class=\"price tiny-body-font desktop translation-block\"><p>12 \u20ac<\/p><\/div>\t\t\t\t\t\t\t<\/div>\n\t\t\t\t\t\t\t<div class=\"tb-image-part mobile\">\n\t\t\t\t\t\t\t\t<img src='https:\/\/mat.travelblox.eu\/wp-content\/smush-webp\/sites\/68\/2025\/11\/Siliquini-TheMadeiraTrail-240319-8400-768x512.jpg.webp' width='768' height='512' alt='Wanderst\u00f6cke - Trekkingst\u00f6cke - Hiking poles - Wandelstokken' srcset='https:\/\/mat.travelblox.eu\/wp-content\/smush-webp\/sites\/68\/2025\/11\/Siliquini-TheMadeiraTrail-240319-8400-768x512.jpg.webp 768w, https:\/\/mat.travelblox.eu\/wp-content\/smush-webp\/sites\/68\/2025\/11\/Siliquini-TheMadeiraTrail-240319-8400-300x200.jpg.webp 300w, https:\/\/mat.travelblox.eu\/wp-content\/smush-webp\/sites\/68\/2025\/11\/Siliquini-TheMadeiraTrail-240319-8400-18x12.jpg.webp 18w, https:\/\/mat.travelblox.eu\/wp-content\/smush-webp\/sites\/68\/2025\/11\/Siliquini-TheMadeiraTrail-240319-8400.jpg.webp 1024w' sizes=\"auto, (max-width: 768px) 100vw, 768px\" style='object-position:50% 50%' loading='lazy' decoding='async' data-smush-webp-fallback=\"{&quot;src&quot;:&quot;https:\\\/\\\/mat.travelblox.eu\\\/wp-content\\\/uploads\\\/sites\\\/68\\\/2025\\\/11\\\/Siliquini-TheMadeiraTrail-240319-8400-768x512.jpg&quot;,&quot;srcset&quot;:&quot;https:\\\/\\\/mat.travelblox.eu\\\/wp-content\\\/uploads\\\/sites\\\/68\\\/2025\\\/11\\\/Siliquini-TheMadeiraTrail-240319-8400-768x512.jpg 768w, https:\\\/\\\/mat.travelblox.eu\\\/wp-content\\\/uploads\\\/sites\\\/68\\\/2025\\\/11\\\/Siliquini-TheMadeiraTrail-240319-8400-300x200.jpg 300w, https:\\\/\\\/mat.travelblox.eu\\\/wp-content\\\/uploads\\\/sites\\\/68\\\/2025\\\/11\\\/Siliquini-TheMadeiraTrail-240319-8400-18x12.jpg 18w, https:\\\/\\\/mat.travelblox.eu\\\/wp-content\\\/uploads\\\/sites\\\/68\\\/2025\\\/11\\\/Siliquini-TheMadeiraTrail-240319-8400.jpg 1024w&quot;}\">\t\t\t\t\t\t\t\t\t\t\t\t\t\t\t<\/div>\n\t\t\t\t\t\t\t<div class=\"tb-card-content\">\n\t\t\t\t\t\t\t\t<h5>\n\t\t\t\t\t\t\t\t\t\t\t\t\t<i class=\"icon fa-solid fa-person-hiking fa-fw\" aria-hidden=\"true\"><\/i>\n\t\t\t\t\t\t\t\t\t\t\t\t<span>Wanderst\u00f6cke<\/span>\n\t\t\t\t\t\t\t\t<\/h5>\n\t\t\t\t\t\t\t\t\t\t\t\t\t\t\t\t\t<div class=\"price tiny-body-font mobile\"><p>12 \u20ac<\/p><\/div>\t\t\t\t\t\t\t\t<div class=\"content readmore-content content--clamped\">\t<div class=\"translation-block\"><p>Wanderst\u00f6cke sind auf dieser Route kein Luxus \u2013 viele Auf- und Abstiege f\u00fchren \u00fcber steile Treppen, und der <strong>1.380 Meter Abstieg an Tag 4<\/strong> belastet die Knie erheblich. Auch wer sie nicht gewohnt ist, findet schnell in den Rhythmus. Mieten oder mitbringen.<\/p><\/div>\n\t<\/div>\n\t\t\t\t\t\t\t\t\t\t\t\t\t\t\t\t<div class=\"readmore link js-readmore\">\n\t\t\t\t\t\t\t\t\t<span><i class=\"fa-solid fa-circle-plus\"><\/i><u>Mehr lesen<\/u><\/span>\n\t\t\t\t\t\t\t\t\t<span><i class=\"fa-solid fa-circle-minus\"><\/i><u>Weniger lesen<\/u><\/span>\n\t\t\t\t\t\t\t\t<\/div>\n\t\t\t\t\t\t\t\t\t\t\t\t\t\t\t\t<dialog class=\"tb-popup\">\n\t\t\t\t\t\t\t\t\t<div class=\"tb-highlights-popup\">\n\t\t\t\t\t\t\t\t\t\t<div class=\"tb-image-part\">\n\t\t\t\t\t\t\t\t\t\t\t<img src='https:\/\/mat.travelblox.eu\/wp-content\/smush-webp\/sites\/68\/2025\/11\/Siliquini-TheMadeiraTrail-240319-8400-768x512.jpg.webp' width='768' height='512' alt='Wanderst\u00f6cke - Trekkingst\u00f6cke - Hiking poles - Wandelstokken' srcset='https:\/\/mat.travelblox.eu\/wp-content\/smush-webp\/sites\/68\/2025\/11\/Siliquini-TheMadeiraTrail-240319-8400-768x512.jpg.webp 768w, https:\/\/mat.travelblox.eu\/wp-content\/smush-webp\/sites\/68\/2025\/11\/Siliquini-TheMadeiraTrail-240319-8400-300x200.jpg.webp 300w, https:\/\/mat.travelblox.eu\/wp-content\/smush-webp\/sites\/68\/2025\/11\/Siliquini-TheMadeiraTrail-240319-8400-18x12.jpg.webp 18w, https:\/\/mat.travelblox.eu\/wp-content\/smush-webp\/sites\/68\/2025\/11\/Siliquini-TheMadeiraTrail-240319-8400.jpg.webp 1024w' sizes=\"auto, (max-width: 768px) 100vw, 768px\" style='object-position:50% 50%' loading='lazy' decoding='async' data-smush-webp-fallback=\"{&quot;src&quot;:&quot;https:\\\/\\\/mat.travelblox.eu\\\/wp-content\\\/uploads\\\/sites\\\/68\\\/2025\\\/11\\\/Siliquini-TheMadeiraTrail-240319-8400-768x512.jpg&quot;,&quot;srcset&quot;:&quot;https:\\\/\\\/mat.travelblox.eu\\\/wp-content\\\/uploads\\\/sites\\\/68\\\/2025\\\/11\\\/Siliquini-TheMadeiraTrail-240319-8400-768x512.jpg 768w, https:\\\/\\\/mat.travelblox.eu\\\/wp-content\\\/uploads\\\/sites\\\/68\\\/2025\\\/11\\\/Siliquini-TheMadeiraTrail-240319-8400-300x200.jpg 300w, https:\\\/\\\/mat.travelblox.eu\\\/wp-content\\\/uploads\\\/sites\\\/68\\\/2025\\\/11\\\/Siliquini-TheMadeiraTrail-240319-8400-18x12.jpg 18w, https:\\\/\\\/mat.travelblox.eu\\\/wp-content\\\/uploads\\\/sites\\\/68\\\/2025\\\/11\\\/Siliquini-TheMadeiraTrail-240319-8400.jpg 1024w&quot;}\">\t\t\t\t\t\t\t\t\t\t<\/div>\n\t\t\t\t\t\t\t\t\t\t<div class=\"tb-popup-content\">\n\t\t\t\t\t\t\t\t\t\t\t<h3>Wanderst\u00f6cke<\/h3>\n\t\t\t\t\t\t\t\t\t\t\t<div class=\"content\">\t<div class=\"translation-block\"><p>Wanderst\u00f6cke sind auf dieser Route kein Luxus \u2013 viele Auf- und Abstiege f\u00fchren \u00fcber steile Treppen, und der <strong>1.380 Meter Abstieg an Tag 4<\/strong> belastet die Knie erheblich. Auch wer sie nicht gewohnt ist, findet schnell in den Rhythmus. Mieten oder mitbringen.<\/p><\/div>\n\t<\/div>\n\t\t\t\t\t\t\t\t\t\t<\/div>\n\t\t\t\t\t\t\t\t\t<\/div>\n\t\t\t\t\t\t\t\t<\/dialog>\n\t\t\t\t\t\t\t<\/div>\n\t\t\t\t\t\t<\/div>\n\t\t\t\t\t\t\t\t\t\t\t\t\t<\/div>\n\t\t\t\t<div class=\"tb-carousel-nav\">\n\t\t<div class=\"dots\">\n\t\t\t<div class=\"dot active\"><\/div>\n\t\t\t<div class=\"dot\"><\/div>\n\t\t\t<div class=\"dot\"><\/div>\n\t\t<\/div>\n\t\t<div class=\"arrows\">\n\t\t\t<div class=\"prev disabled\">\n\t\t\t\t<span><i class=\"fa fa-chevron-left\"><\/i><\/span>\n\t\t\t<\/div>\n\t\t\t<div class=\"next\">\n\t\t\t\t<span><i class=\"fa fa-chevron-right\"><\/i><\/span>\n\t\t\t<\/div>\n\t\t<\/div>\n\t<\/div>\n\t\t\t<\/div>\n\t<\/div>\n\t\t\t\t\t\t\t\t\t\t\t\t\t\t\t\t\t\t<div class=\"inner-block-full-width has-tb-carousel tb-section\" id=\"options-section-3\"style=\"display:none;\">\n\t\t<div class=\"tb-carousel-container\">\n\t\t\t<div class=\"entries tb-cards\" data-slider-first=\"1\">\n\t\t\t\t\t\t\t\t\t\t\t\t\t\t\t<div class=\"tb-card entry tb-popup-trigger desktop-only-popup\">\n\t\t\t\t\t\t\t<div class=\"tb-image-part desktop\">\n\t\t\t\t\t\t\t\t<img src='https:\/\/mat.travelblox.eu\/wp-content\/smush-webp\/sites\/68\/2025\/11\/Siliquini-TheMadeiraTrail-240317-6237-Grande-1.jpeg.webp' width='1280' height='853' alt='Aussichten auf Madeira - Ansichten von Madeira - Landschaften von Madeira - Ausblicke auf Madeira' srcset='https:\/\/mat.travelblox.eu\/wp-content\/smush-webp\/sites\/68\/2025\/11\/Siliquini-TheMadeiraTrail-240317-6237-Grande-1.jpeg.webp 1280w, https:\/\/mat.travelblox.eu\/wp-content\/smush-webp\/sites\/68\/2025\/11\/Siliquini-TheMadeiraTrail-240317-6237-Grande-1-300x200.jpeg.webp 300w, https:\/\/mat.travelblox.eu\/wp-content\/smush-webp\/sites\/68\/2025\/11\/Siliquini-TheMadeiraTrail-240317-6237-Grande-1-1024x682.jpeg.webp 1024w, https:\/\/mat.travelblox.eu\/wp-content\/smush-webp\/sites\/68\/2025\/11\/Siliquini-TheMadeiraTrail-240317-6237-Grande-1-768x512.jpeg.webp 768w, https:\/\/mat.travelblox.eu\/wp-content\/smush-webp\/sites\/68\/2025\/11\/Siliquini-TheMadeiraTrail-240317-6237-Grande-1-18x12.jpeg.webp 18w' sizes=\"auto, (max-width: 1280px) 100vw, 1280px\" style='object-position:50% 50%' loading='lazy' decoding='async' data-smush-webp-fallback=\"{&quot;src&quot;:&quot;https:\\\/\\\/mat.travelblox.eu\\\/wp-content\\\/uploads\\\/sites\\\/68\\\/2025\\\/11\\\/Siliquini-TheMadeiraTrail-240317-6237-Grande-1.jpeg&quot;,&quot;srcset&quot;:&quot;https:\\\/\\\/mat.travelblox.eu\\\/wp-content\\\/uploads\\\/sites\\\/68\\\/2025\\\/11\\\/Siliquini-TheMadeiraTrail-240317-6237-Grande-1.jpeg 1280w, https:\\\/\\\/mat.travelblox.eu\\\/wp-content\\\/uploads\\\/sites\\\/68\\\/2025\\\/11\\\/Siliquini-TheMadeiraTrail-240317-6237-Grande-1-300x200.jpeg 300w, https:\\\/\\\/mat.travelblox.eu\\\/wp-content\\\/uploads\\\/sites\\\/68\\\/2025\\\/11\\\/Siliquini-TheMadeiraTrail-240317-6237-Grande-1-1024x682.jpeg 1024w, https:\\\/\\\/mat.travelblox.eu\\\/wp-content\\\/uploads\\\/sites\\\/68\\\/2025\\\/11\\\/Siliquini-TheMadeiraTrail-240317-6237-Grande-1-768x512.jpeg 768w, https:\\\/\\\/mat.travelblox.eu\\\/wp-content\\\/uploads\\\/sites\\\/68\\\/2025\\\/11\\\/Siliquini-TheMadeiraTrail-240317-6237-Grande-1-18x12.jpeg 18w&quot;}\">\t\t\t\t\t\t\t\t\t\t\t\t\t\t\t\t\t\t\t\t\t\t\t\t\t<div class=\"price tiny-body-font desktop translation-block\"><p>49 \u20ac<\/p><\/div>\t\t\t\t\t\t\t<\/div>\n\t\t\t\t\t\t\t<div class=\"tb-image-part mobile\">\n\t\t\t\t\t\t\t\t<img src='https:\/\/mat.travelblox.eu\/wp-content\/smush-webp\/sites\/68\/2025\/11\/Siliquini-TheMadeiraTrail-240317-6237-Grande-1-768x512.jpeg.webp' width='768' height='512' alt='Aussichten auf Madeira - Ansichten von Madeira - Landschaften von Madeira - Ausblicke auf Madeira' srcset='https:\/\/mat.travelblox.eu\/wp-content\/smush-webp\/sites\/68\/2025\/11\/Siliquini-TheMadeiraTrail-240317-6237-Grande-1-768x512.jpeg.webp 768w, https:\/\/mat.travelblox.eu\/wp-content\/smush-webp\/sites\/68\/2025\/11\/Siliquini-TheMadeiraTrail-240317-6237-Grande-1-300x200.jpeg.webp 300w, https:\/\/mat.travelblox.eu\/wp-content\/smush-webp\/sites\/68\/2025\/11\/Siliquini-TheMadeiraTrail-240317-6237-Grande-1-1024x682.jpeg.webp 1024w, https:\/\/mat.travelblox.eu\/wp-content\/smush-webp\/sites\/68\/2025\/11\/Siliquini-TheMadeiraTrail-240317-6237-Grande-1-18x12.jpeg.webp 18w, https:\/\/mat.travelblox.eu\/wp-content\/smush-webp\/sites\/68\/2025\/11\/Siliquini-TheMadeiraTrail-240317-6237-Grande-1.jpeg.webp 1280w' sizes=\"auto, (max-width: 768px) 100vw, 768px\" style='object-position:50% 50%' loading='lazy' decoding='async' data-smush-webp-fallback=\"{&quot;src&quot;:&quot;https:\\\/\\\/mat.travelblox.eu\\\/wp-content\\\/uploads\\\/sites\\\/68\\\/2025\\\/11\\\/Siliquini-TheMadeiraTrail-240317-6237-Grande-1-768x512.jpeg&quot;,&quot;srcset&quot;:&quot;https:\\\/\\\/mat.travelblox.eu\\\/wp-content\\\/uploads\\\/sites\\\/68\\\/2025\\\/11\\\/Siliquini-TheMadeiraTrail-240317-6237-Grande-1-768x512.jpeg 768w, https:\\\/\\\/mat.travelblox.eu\\\/wp-content\\\/uploads\\\/sites\\\/68\\\/2025\\\/11\\\/Siliquini-TheMadeiraTrail-240317-6237-Grande-1-300x200.jpeg 300w, https:\\\/\\\/mat.travelblox.eu\\\/wp-content\\\/uploads\\\/sites\\\/68\\\/2025\\\/11\\\/Siliquini-TheMadeiraTrail-240317-6237-Grande-1-1024x682.jpeg 1024w, https:\\\/\\\/mat.travelblox.eu\\\/wp-content\\\/uploads\\\/sites\\\/68\\\/2025\\\/11\\\/Siliquini-TheMadeiraTrail-240317-6237-Grande-1-18x12.jpeg 18w, https:\\\/\\\/mat.travelblox.eu\\\/wp-content\\\/uploads\\\/sites\\\/68\\\/2025\\\/11\\\/Siliquini-TheMadeiraTrail-240317-6237-Grande-1.jpeg 1280w&quot;}\">\t\t\t\t\t\t\t\t\t\t\t\t\t\t\t<\/div>\n\t\t\t\t\t\t\t<div class=\"tb-card-content\">\n\t\t\t\t\t\t\t\t<h5>\n\t\t\t\t\t\t\t\t\t\t\t\t\t\t\t\t\t\t<span>Reiseversicherung<\/span>\n\t\t\t\t\t\t\t\t<\/h5>\n\t\t\t\t\t\t\t\t\t\t\t\t\t\t\t\t\t<div class=\"price tiny-body-font mobile\"><p>49 \u20ac<\/p><\/div>\t\t\t\t\t\t\t\t<div class=\"content readmore-content content--clamped\">\t<div class=\"translation-block\"><p>Die Reiseversicherung sch\u00fctzt dich vor Ort bei Krankheit, Unfall oder medizinischen Notf\u00e4llen w\u00e4hrend des Aufenthalts.<\/p><p><strong>Wichtig:<\/strong> Diese Versicherung deckt den Aufenthalt selbst ab \u2013 sie beinhaltet keine Stornoversicherung f\u00fcr eine Stornierung vor der Abreise.<\/p><p>Die genauen Bedingungen findest du <a href=\"https:\/\/madeiratrail.eu\/travelinsurance\">hier<\/a>.<\/p><\/div>\n\t<\/div>\n\t\t\t\t\t\t\t\t\t\t\t\t\t\t\t\t<div class=\"readmore link js-readmore\">\n\t\t\t\t\t\t\t\t\t<span><i class=\"fa-solid fa-circle-plus\"><\/i><u>Mehr lesen<\/u><\/span>\n\t\t\t\t\t\t\t\t\t<span><i class=\"fa-solid fa-circle-minus\"><\/i><u>Weniger lesen<\/u><\/span>\n\t\t\t\t\t\t\t\t<\/div>\n\t\t\t\t\t\t\t\t\t\t\t\t\t\t\t\t<dialog class=\"tb-popup\">\n\t\t\t\t\t\t\t\t\t<div class=\"tb-highlights-popup\">\n\t\t\t\t\t\t\t\t\t\t<div class=\"tb-image-part\">\n\t\t\t\t\t\t\t\t\t\t\t<img src='https:\/\/mat.travelblox.eu\/wp-content\/smush-webp\/sites\/68\/2025\/11\/Siliquini-TheMadeiraTrail-240317-6237-Grande-1-768x512.jpeg.webp' width='768' height='512' alt='Aussichten auf Madeira - Ansichten von Madeira - Landschaften von Madeira - Ausblicke auf Madeira' srcset='https:\/\/mat.travelblox.eu\/wp-content\/smush-webp\/sites\/68\/2025\/11\/Siliquini-TheMadeiraTrail-240317-6237-Grande-1-768x512.jpeg.webp 768w, https:\/\/mat.travelblox.eu\/wp-content\/smush-webp\/sites\/68\/2025\/11\/Siliquini-TheMadeiraTrail-240317-6237-Grande-1-300x200.jpeg.webp 300w, https:\/\/mat.travelblox.eu\/wp-content\/smush-webp\/sites\/68\/2025\/11\/Siliquini-TheMadeiraTrail-240317-6237-Grande-1-1024x682.jpeg.webp 1024w, https:\/\/mat.travelblox.eu\/wp-content\/smush-webp\/sites\/68\/2025\/11\/Siliquini-TheMadeiraTrail-240317-6237-Grande-1-18x12.jpeg.webp 18w, https:\/\/mat.travelblox.eu\/wp-content\/smush-webp\/sites\/68\/2025\/11\/Siliquini-TheMadeiraTrail-240317-6237-Grande-1.jpeg.webp 1280w' sizes=\"auto, (max-width: 768px) 100vw, 768px\" style='object-position:50% 50%' loading='lazy' decoding='async' data-smush-webp-fallback=\"{&quot;src&quot;:&quot;https:\\\/\\\/mat.travelblox.eu\\\/wp-content\\\/uploads\\\/sites\\\/68\\\/2025\\\/11\\\/Siliquini-TheMadeiraTrail-240317-6237-Grande-1-768x512.jpeg&quot;,&quot;srcset&quot;:&quot;https:\\\/\\\/mat.travelblox.eu\\\/wp-content\\\/uploads\\\/sites\\\/68\\\/2025\\\/11\\\/Siliquini-TheMadeiraTrail-240317-6237-Grande-1-768x512.jpeg 768w, https:\\\/\\\/mat.travelblox.eu\\\/wp-content\\\/uploads\\\/sites\\\/68\\\/2025\\\/11\\\/Siliquini-TheMadeiraTrail-240317-6237-Grande-1-300x200.jpeg 300w, https:\\\/\\\/mat.travelblox.eu\\\/wp-content\\\/uploads\\\/sites\\\/68\\\/2025\\\/11\\\/Siliquini-TheMadeiraTrail-240317-6237-Grande-1-1024x682.jpeg 1024w, https:\\\/\\\/mat.travelblox.eu\\\/wp-content\\\/uploads\\\/sites\\\/68\\\/2025\\\/11\\\/Siliquini-TheMadeiraTrail-240317-6237-Grande-1-18x12.jpeg 18w, https:\\\/\\\/mat.travelblox.eu\\\/wp-content\\\/uploads\\\/sites\\\/68\\\/2025\\\/11\\\/Siliquini-TheMadeiraTrail-240317-6237-Grande-1.jpeg 1280w&quot;}\">\t\t\t\t\t\t\t\t\t\t<\/div>\n\t\t\t\t\t\t\t\t\t\t<div class=\"tb-popup-content\">\n\t\t\t\t\t\t\t\t\t\t\t<h3>Reiseversicherung<\/h3>\n\t\t\t\t\t\t\t\t\t\t\t<div class=\"content\">\t<div class=\"translation-block\"><p>Die Reiseversicherung sch\u00fctzt dich vor Ort bei Krankheit, Unfall oder medizinischen Notf\u00e4llen w\u00e4hrend des Aufenthalts.<\/p><p><strong>Wichtig:<\/strong> Diese Versicherung deckt den Aufenthalt selbst ab \u2013 sie beinhaltet keine Stornoversicherung f\u00fcr eine Stornierung vor der Abreise.<\/p><p>Die genauen Bedingungen findest du <a href=\"https:\/\/madeiratrail.eu\/travelinsurance\">hier<\/a>.<\/p><\/div>\n\t<\/div>\n\t\t\t\t\t\t\t\t\t\t<\/div>\n\t\t\t\t\t\t\t\t\t<\/div>\n\t\t\t\t\t\t\t\t<\/dialog>\n\t\t\t\t\t\t\t<\/div>\n\t\t\t\t\t\t<\/div>\n\t\t\t\t\t\t\t\t\t\t\t\t\t<\/div>\n\t\t\t\t<div class=\"tb-carousel-nav\">\n\t\t<div class=\"dots\">\n\t\t\t<div class=\"dot active\"><\/div>\n\t\t\t<div class=\"dot\"><\/div>\n\t\t\t<div class=\"dot\"><\/div>\n\t\t<\/div>\n\t\t<div class=\"arrows\">\n\t\t\t<div class=\"prev disabled\">\n\t\t\t\t<span><i class=\"fa fa-chevron-left\"><\/i><\/span>\n\t\t\t<\/div>\n\t\t\t<div class=\"next\">\n\t\t\t\t<span><i class=\"fa fa-chevron-right\"><\/i><\/span>\n\t\t\t<\/div>\n\t\t<\/div>\n\t<\/div>\n\t\t\t<\/div>\n\t<\/div>\n\t\t\t\t\t\t\t\t\t\t\t\t\t\t\t\t\t\t<div class=\"inner-block-full-width has-tb-carousel tb-section\" id=\"options-section-4\"style=\"display:none;\">\n\t\t<div class=\"tb-carousel-container\">\n\t\t\t<div class=\"entries tb-cards\" data-slider-first=\"1\">\n\t\t\t\t\t\t\t\t\t\t\t\t\t\t\t<div class=\"tb-card entry tb-popup-trigger desktop-only-popup\">\n\t\t\t\t\t\t\t<div class=\"tb-image-part desktop\">\n\t\t\t\t\t\t\t\t<img src='https:\/\/mat.travelblox.eu\/wp-content\/smush-webp\/sites\/68\/2026\/04\/MAT25_DriesVdb_WEB-74-Grande-e1775749134757.jpeg.webp' width='887' height='663' srcset='https:\/\/mat.travelblox.eu\/wp-content\/smush-webp\/sites\/68\/2026\/04\/MAT25_DriesVdb_WEB-74-Grande-e1775749134757.jpeg.webp 887w, https:\/\/mat.travelblox.eu\/wp-content\/smush-webp\/sites\/68\/2026\/04\/MAT25_DriesVdb_WEB-74-Grande-e1775749134757-300x224.jpeg.webp 300w, https:\/\/mat.travelblox.eu\/wp-content\/smush-webp\/sites\/68\/2026\/04\/MAT25_DriesVdb_WEB-74-Grande-e1775749134757-768x574.jpeg.webp 768w, https:\/\/mat.travelblox.eu\/wp-content\/smush-webp\/sites\/68\/2026\/04\/MAT25_DriesVdb_WEB-74-Grande-e1775749134757-16x12.jpeg.webp 16w' sizes=\"auto, (max-width: 887px) 100vw, 887px\" loading='lazy' decoding='async' data-smush-webp-fallback=\"{&quot;src&quot;:&quot;https:\\\/\\\/mat.travelblox.eu\\\/wp-content\\\/uploads\\\/sites\\\/68\\\/2026\\\/04\\\/MAT25_DriesVdb_WEB-74-Grande-e1775749134757.jpeg&quot;,&quot;srcset&quot;:&quot;https:\\\/\\\/mat.travelblox.eu\\\/wp-content\\\/uploads\\\/sites\\\/68\\\/2026\\\/04\\\/MAT25_DriesVdb_WEB-74-Grande-e1775749134757.jpeg 887w, https:\\\/\\\/mat.travelblox.eu\\\/wp-content\\\/uploads\\\/sites\\\/68\\\/2026\\\/04\\\/MAT25_DriesVdb_WEB-74-Grande-e1775749134757-300x224.jpeg 300w, https:\\\/\\\/mat.travelblox.eu\\\/wp-content\\\/uploads\\\/sites\\\/68\\\/2026\\\/04\\\/MAT25_DriesVdb_WEB-74-Grande-e1775749134757-768x574.jpeg 768w, https:\\\/\\\/mat.travelblox.eu\\\/wp-content\\\/uploads\\\/sites\\\/68\\\/2026\\\/04\\\/MAT25_DriesVdb_WEB-74-Grande-e1775749134757-16x12.jpeg 16w&quot;}\">\t\t\t\t\t\t\t\t\t\t\t\t\t\t\t\t\t\t\t\t\t\t\t\t\t<div class=\"price tiny-body-font desktop translation-block\"><p>95 \u20ac<\/p><\/div>\t\t\t\t\t\t\t<\/div>\n\t\t\t\t\t\t\t<div class=\"tb-image-part mobile\">\n\t\t\t\t\t\t\t\t<img src='https:\/\/mat.travelblox.eu\/wp-content\/smush-webp\/sites\/68\/2026\/04\/MAT25_DriesVdb_WEB-74-Grande-e1775749134757-768x574.jpeg.webp' width='768' height='574' srcset='https:\/\/mat.travelblox.eu\/wp-content\/smush-webp\/sites\/68\/2026\/04\/MAT25_DriesVdb_WEB-74-Grande-e1775749134757-768x574.jpeg.webp 768w, https:\/\/mat.travelblox.eu\/wp-content\/smush-webp\/sites\/68\/2026\/04\/MAT25_DriesVdb_WEB-74-Grande-e1775749134757-300x224.jpeg.webp 300w, https:\/\/mat.travelblox.eu\/wp-content\/smush-webp\/sites\/68\/2026\/04\/MAT25_DriesVdb_WEB-74-Grande-e1775749134757-16x12.jpeg.webp 16w, https:\/\/mat.travelblox.eu\/wp-content\/smush-webp\/sites\/68\/2026\/04\/MAT25_DriesVdb_WEB-74-Grande-e1775749134757.jpeg.webp 887w' sizes=\"auto, (max-width: 768px) 100vw, 768px\" loading='lazy' decoding='async' data-smush-webp-fallback=\"{&quot;src&quot;:&quot;https:\\\/\\\/mat.travelblox.eu\\\/wp-content\\\/uploads\\\/sites\\\/68\\\/2026\\\/04\\\/MAT25_DriesVdb_WEB-74-Grande-e1775749134757-768x574.jpeg&quot;,&quot;srcset&quot;:&quot;https:\\\/\\\/mat.travelblox.eu\\\/wp-content\\\/uploads\\\/sites\\\/68\\\/2026\\\/04\\\/MAT25_DriesVdb_WEB-74-Grande-e1775749134757-768x574.jpeg 768w, https:\\\/\\\/mat.travelblox.eu\\\/wp-content\\\/uploads\\\/sites\\\/68\\\/2026\\\/04\\\/MAT25_DriesVdb_WEB-74-Grande-e1775749134757-300x224.jpeg 300w, https:\\\/\\\/mat.travelblox.eu\\\/wp-content\\\/uploads\\\/sites\\\/68\\\/2026\\\/04\\\/MAT25_DriesVdb_WEB-74-Grande-e1775749134757-16x12.jpeg 16w, https:\\\/\\\/mat.travelblox.eu\\\/wp-content\\\/uploads\\\/sites\\\/68\\\/2026\\\/04\\\/MAT25_DriesVdb_WEB-74-Grande-e1775749134757.jpeg 887w&quot;}\">\t\t\t\t\t\t\t\t\t\t\t\t\t\t\t<\/div>\n\t\t\t\t\t\t\t<div class=\"tb-card-content\">\n\t\t\t\t\t\t\t\t<h5>\n\t\t\t\t\t\t\t\t\t\t\t\t\t<i class=\"icon fa-solid fa-suitcase fa-fw\" aria-hidden=\"true\"><\/i>\n\t\t\t\t\t\t\t\t\t\t\t\t<span>Gep\u00e4cktransport ab Tag 3<\/span>\n\t\t\t\t\t\t\t\t<\/h5>\n\t\t\t\t\t\t\t\t\t\t\t\t\t\t\t\t\t<div class=\"price tiny-body-font mobile\"><p>95 \u20ac<\/p><\/div>\t\t\t\t\t\t\t\t<div class=\"content readmore-content content--clamped\">\t<div class=\"translation-block\"><p><strong>Ab Tag 3<\/strong> transportieren wir dein Gep\u00e4ck von Unterkunft zu Unterkunft \u2013 du wanderst mit leichtem Rucksack.<\/p><p><strong>Warum erst ab Tag 3?<\/strong> Die Unterkunft in Raba\u00e7al ist nicht per Auto erreichbar. In den ersten zwei Tagen tr\u00e4gst du dein Gep\u00e4ck selbst \u2013 pack also clever und halte den Rucksack f\u00fcr Tag 1 und 2 leicht.<\/p><p>Ab Tag 3 geht deine Tasche direkt zum n\u00e4chsten Hotel. Als Bonus bekommst du eine <strong>Madeira Trail Tasche<\/strong> f\u00fcr das transportierte Gep\u00e4ck dazu.<\/p><\/div>\n\t<\/div>\n\t\t\t\t\t\t\t\t\t\t\t\t\t\t\t\t<div class=\"readmore link js-readmore\">\n\t\t\t\t\t\t\t\t\t<span><i class=\"fa-solid fa-circle-plus\"><\/i><u>Mehr lesen<\/u><\/span>\n\t\t\t\t\t\t\t\t\t<span><i class=\"fa-solid fa-circle-minus\"><\/i><u>Weniger lesen<\/u><\/span>\n\t\t\t\t\t\t\t\t<\/div>\n\t\t\t\t\t\t\t\t\t\t\t\t\t\t\t\t<dialog class=\"tb-popup\">\n\t\t\t\t\t\t\t\t\t<div class=\"tb-highlights-popup\">\n\t\t\t\t\t\t\t\t\t\t<div class=\"tb-image-part\">\n\t\t\t\t\t\t\t\t\t\t\t<img src='https:\/\/mat.travelblox.eu\/wp-content\/smush-webp\/sites\/68\/2026\/04\/MAT25_DriesVdb_WEB-74-Grande-e1775749134757-768x574.jpeg.webp' width='768' height='574' srcset='https:\/\/mat.travelblox.eu\/wp-content\/smush-webp\/sites\/68\/2026\/04\/MAT25_DriesVdb_WEB-74-Grande-e1775749134757-768x574.jpeg.webp 768w, https:\/\/mat.travelblox.eu\/wp-content\/smush-webp\/sites\/68\/2026\/04\/MAT25_DriesVdb_WEB-74-Grande-e1775749134757-300x224.jpeg.webp 300w, https:\/\/mat.travelblox.eu\/wp-content\/smush-webp\/sites\/68\/2026\/04\/MAT25_DriesVdb_WEB-74-Grande-e1775749134757-16x12.jpeg.webp 16w, https:\/\/mat.travelblox.eu\/wp-content\/smush-webp\/sites\/68\/2026\/04\/MAT25_DriesVdb_WEB-74-Grande-e1775749134757.jpeg.webp 887w' sizes=\"auto, (max-width: 768px) 100vw, 768px\" loading='lazy' decoding='async' data-smush-webp-fallback=\"{&quot;src&quot;:&quot;https:\\\/\\\/mat.travelblox.eu\\\/wp-content\\\/uploads\\\/sites\\\/68\\\/2026\\\/04\\\/MAT25_DriesVdb_WEB-74-Grande-e1775749134757-768x574.jpeg&quot;,&quot;srcset&quot;:&quot;https:\\\/\\\/mat.travelblox.eu\\\/wp-content\\\/uploads\\\/sites\\\/68\\\/2026\\\/04\\\/MAT25_DriesVdb_WEB-74-Grande-e1775749134757-768x574.jpeg 768w, https:\\\/\\\/mat.travelblox.eu\\\/wp-content\\\/uploads\\\/sites\\\/68\\\/2026\\\/04\\\/MAT25_DriesVdb_WEB-74-Grande-e1775749134757-300x224.jpeg 300w, https:\\\/\\\/mat.travelblox.eu\\\/wp-content\\\/uploads\\\/sites\\\/68\\\/2026\\\/04\\\/MAT25_DriesVdb_WEB-74-Grande-e1775749134757-16x12.jpeg 16w, https:\\\/\\\/mat.travelblox.eu\\\/wp-content\\\/uploads\\\/sites\\\/68\\\/2026\\\/04\\\/MAT25_DriesVdb_WEB-74-Grande-e1775749134757.jpeg 887w&quot;}\">\t\t\t\t\t\t\t\t\t\t<\/div>\n\t\t\t\t\t\t\t\t\t\t<div class=\"tb-popup-content\">\n\t\t\t\t\t\t\t\t\t\t\t<h3>Gep\u00e4cktransport ab Tag 3<\/h3>\n\t\t\t\t\t\t\t\t\t\t\t<div class=\"content\">\t<div class=\"translation-block\"><p><strong>Ab Tag 3<\/strong> transportieren wir dein Gep\u00e4ck von Unterkunft zu Unterkunft \u2013 du wanderst mit leichtem Rucksack.<\/p><p><strong>Warum erst ab Tag 3?<\/strong> Die Unterkunft in Raba\u00e7al ist nicht per Auto erreichbar. In den ersten zwei Tagen tr\u00e4gst du dein Gep\u00e4ck selbst \u2013 pack also clever und halte den Rucksack f\u00fcr Tag 1 und 2 leicht.<\/p><p>Ab Tag 3 geht deine Tasche direkt zum n\u00e4chsten Hotel. Als Bonus bekommst du eine <strong>Madeira Trail Tasche<\/strong> f\u00fcr das transportierte Gep\u00e4ck dazu.<\/p><\/div>\n\t<\/div>\n\t\t\t\t\t\t\t\t\t\t<\/div>\n\t\t\t\t\t\t\t\t\t<\/div>\n\t\t\t\t\t\t\t\t<\/dialog>\n\t\t\t\t\t\t\t<\/div>\n\t\t\t\t\t\t<\/div>\n\t\t\t\t\t\t\t\t\t\t\t\t\t<\/div>\n\t\t\t\t<div class=\"tb-carousel-nav\">\n\t\t<div class=\"dots\">\n\t\t\t<div class=\"dot active\"><\/div>\n\t\t\t<div class=\"dot\"><\/div>\n\t\t\t<div class=\"dot\"><\/div>\n\t\t<\/div>\n\t\t<div class=\"arrows\">\n\t\t\t<div class=\"prev disabled\">\n\t\t\t\t<span><i class=\"fa fa-chevron-left\"><\/i><\/span>\n\t\t\t<\/div>\n\t\t\t<div class=\"next\">\n\t\t\t\t<span><i class=\"fa fa-chevron-right\"><\/i><\/span>\n\t\t\t<\/div>\n\t\t<\/div>\n\t<\/div>\n\t\t\t<\/div>\n\t<\/div>\n\t\t\t\t\t\t\t\t\t\t<\/div>\n\t\t<\/div>\n\n\n\n\n\n\n<div class=\"tb-howtogetthere tb-block align-none background-light pattern-none variant-none tb-collapsible-margins\" id=\"howtogetthere-1\">\n\t<div class=\"inner-block tb-fade-in tb-fade-in--subtle\">\n\t\t<div class=\"text-part\">\n\t\t\t<h2>Anreise nach Madeira<\/h2>\n\t\t\t\t<div class=\"translation-block\"><p>Deine Wanderreise startet in <strong>Funchal<\/strong>, der Hauptstadt Madeiras. Fl\u00fcge nach Funchal <strong>(FNC)<\/strong> buchst du online \u00fcber Flugvergleichsportale oder direkt bei den Airlines. Achte darauf, rechtzeitig vor der Shuttle-Abfahrt um <strong>8:30 Uhr am Enotel Magnolia<\/strong> anzukommen \u2013 am Tag nach deiner Anreise.<\/p><\/div>\n\t\t\t\t\t\t<\/div>\n\t<\/div>\n\t\t\t<div class=\"inner-block tb-fade-in tb-fade-in--subtle\">\n\t\t\t\t\t\t\t<div class=\"tb-sections\">\n\t\t\t\t\t\t\t\t\t\t\t\t\t\t\t\t\t\t<div class=\"tb-section entries\" id=\"howtogetthere-1-section-0\">\n\t\t\t\t\t\t\t\t\t\t\t\t\t\t\t\t\t<div class=\"entry\">\n\t\t\t\t\t\t\t\t\t\t\t\t\t\t<i class=\"icon fa-solid fa-plane-departure fa-fw\" aria-hidden=\"true\"><\/i>\n\t\t\t\t\t\t\t\t\t\t\t\t\t<div class=\"text-part\">\n\t\t\t\t\t\t\t\t\t\t\t<h4>Flug<\/h4>\n\t\t\t\t\t\t\t\t\t\t\t\t<div class=\"translation-block\"><p>Von Deutschland, \u00d6sterreich und der Schweiz gibt es zahlreiche Direktfl\u00fcge nach Funchal. F\u00fcr die beste Verbindung empfehlen wir, <strong>Flugvergleichsportale wie<\/strong> <a href=\"https:\/\/www.google.com\/travel\/flights\"><strong>Google Flights<\/strong><\/a> <strong>oder<\/strong> <a href=\"https:\/\/www.kayak.de\/\"><strong>Kayak<\/strong><\/a> zu nutzen.<\/p><p>Wir selbst bieten keine Fl\u00fcge an, unterst\u00fctzen dich aber gerne bei der Suche nach der passenden Verbindung.<\/p><\/div>\n\t\t\t\t\t\t\t\t\t\t\t<\/div>\n\t\t\t\t\t\t\t\t\t<\/div>\n\t\t\t\t\t\t\t\t\t\t\t\t\t\t\t<\/div>\n\t\t\t\t\t\t\t\t\t\t\t\t\t\t\t<\/div>\n\t\t\t\t\t<\/div>\n\t<\/div>\n\n\n\n\n\n\n<div class=\"tb-gallery tb-block align-center background-light pattern-none variant-grid\" id=\"gallery-1\">\n\t<div class=\"tb-gallery__inner\">\n\t\t<div class=\"desktop tb-has-popup-content\">\n\t\t\t\t\t\t\t<ul class=\"tb-gallery-grid\">\n\t\t\t\t\t\t\t\t\t\t\t\t\t\t\t\t\t\t<li class=\"slide\">\n\t\t\t\t\t\t\t\t<div class=\"tb-popup-trigger\">\n\t\t\t\t\t\t\t\t\t<img src='https:\/\/mat.travelblox.eu\/wp-content\/smush-webp\/sites\/68\/2024\/09\/Siliquini-TheMadeiraTrail-240321-0418.jpg.webp' width='2048' height='1365' alt='Blume von Madeira - Madeira-Blumen - Fleurs de Mad\u00e8re - Blume von Madeira' srcset='https:\/\/mat.travelblox.eu\/wp-content\/smush-webp\/sites\/68\/2024\/09\/Siliquini-TheMadeiraTrail-240321-0418.jpg.webp 2048w, https:\/\/mat.travelblox.eu\/wp-content\/smush-webp\/sites\/68\/2024\/09\/Siliquini-TheMadeiraTrail-240321-0418-300x200.jpg.webp 300w, https:\/\/mat.travelblox.eu\/wp-content\/smush-webp\/sites\/68\/2024\/09\/Siliquini-TheMadeiraTrail-240321-0418-1024x683.jpg.webp 1024w, https:\/\/mat.travelblox.eu\/wp-content\/smush-webp\/sites\/68\/2024\/09\/Siliquini-TheMadeiraTrail-240321-0418-768x512.jpg.webp 768w, https:\/\/mat.travelblox.eu\/wp-content\/smush-webp\/sites\/68\/2024\/09\/Siliquini-TheMadeiraTrail-240321-0418-1536x1024.jpg.webp 1536w, https:\/\/mat.travelblox.eu\/wp-content\/smush-webp\/sites\/68\/2024\/09\/Siliquini-TheMadeiraTrail-240321-0418-18x12.jpg.webp 18w' sizes=\"auto, (max-width: 2048px) 100vw, 2048px\" style='object-position:50% 50%' loading='lazy' decoding='async' data-smush-webp-fallback=\"{&quot;src&quot;:&quot;https:\\\/\\\/mat.travelblox.eu\\\/wp-content\\\/uploads\\\/sites\\\/68\\\/2024\\\/09\\\/Siliquini-TheMadeiraTrail-240321-0418.jpg&quot;,&quot;srcset&quot;:&quot;https:\\\/\\\/mat.travelblox.eu\\\/wp-content\\\/uploads\\\/sites\\\/68\\\/2024\\\/09\\\/Siliquini-TheMadeiraTrail-240321-0418.jpg 2048w, https:\\\/\\\/mat.travelblox.eu\\\/wp-content\\\/uploads\\\/sites\\\/68\\\/2024\\\/09\\\/Siliquini-TheMadeiraTrail-240321-0418-300x200.jpg 300w, https:\\\/\\\/mat.travelblox.eu\\\/wp-content\\\/uploads\\\/sites\\\/68\\\/2024\\\/09\\\/Siliquini-TheMadeiraTrail-240321-0418-1024x683.jpg 1024w, https:\\\/\\\/mat.travelblox.eu\\\/wp-content\\\/uploads\\\/sites\\\/68\\\/2024\\\/09\\\/Siliquini-TheMadeiraTrail-240321-0418-768x512.jpg 768w, https:\\\/\\\/mat.travelblox.eu\\\/wp-content\\\/uploads\\\/sites\\\/68\\\/2024\\\/09\\\/Siliquini-TheMadeiraTrail-240321-0418-1536x1024.jpg 1536w, https:\\\/\\\/mat.travelblox.eu\\\/wp-content\\\/uploads\\\/sites\\\/68\\\/2024\\\/09\\\/Siliquini-TheMadeiraTrail-240321-0418-18x12.jpg 18w&quot;}\">\t\t\t\t\t\t\t\t<\/div>\n\t\t\t\t\t\t\t<\/li>\n\t\t\t\t\t\t\t\t\t\t\t\t\t<li class=\"slide\">\n\t\t\t\t\t\t\t\t<div class=\"tb-popup-trigger\">\n\t\t\t\t\t\t\t\t\t<img src='https:\/\/mat.travelblox.eu\/wp-content\/smush-webp\/sites\/68\/2025\/09\/MAT25_DriesVdb_WEB-153-scaled.jpg.webp' width='2560' height='1440' alt='Birds Madeira - Oiseaux \u00e0 Mad\u00e8re - Vogels auf Madeira - V\u00f6gel auf Madeira' srcset='https:\/\/mat.travelblox.eu\/wp-content\/smush-webp\/sites\/68\/2025\/09\/MAT25_DriesVdb_WEB-153-scaled.jpg.webp 2560w, https:\/\/mat.travelblox.eu\/wp-content\/smush-webp\/sites\/68\/2025\/09\/MAT25_DriesVdb_WEB-153-300x169.jpg.webp 300w, https:\/\/mat.travelblox.eu\/wp-content\/smush-webp\/sites\/68\/2025\/09\/MAT25_DriesVdb_WEB-153-1024x576.jpg.webp 1024w, https:\/\/mat.travelblox.eu\/wp-content\/smush-webp\/sites\/68\/2025\/09\/MAT25_DriesVdb_WEB-153-768x432.jpg.webp 768w, https:\/\/mat.travelblox.eu\/wp-content\/smush-webp\/sites\/68\/2025\/09\/MAT25_DriesVdb_WEB-153-1536x864.jpg.webp 1536w, https:\/\/mat.travelblox.eu\/wp-content\/smush-webp\/sites\/68\/2025\/09\/MAT25_DriesVdb_WEB-153-2048x1152.jpg.webp 2048w, https:\/\/mat.travelblox.eu\/wp-content\/smush-webp\/sites\/68\/2025\/09\/MAT25_DriesVdb_WEB-153-18x10.jpg.webp 18w' sizes=\"auto, (max-width: 2560px) 100vw, 2560px\" style='object-position:50% 50%' loading='lazy' decoding='async' data-smush-webp-fallback=\"{&quot;src&quot;:&quot;https:\\\/\\\/mat.travelblox.eu\\\/wp-content\\\/uploads\\\/sites\\\/68\\\/2025\\\/09\\\/MAT25_DriesVdb_WEB-153-scaled.jpg&quot;,&quot;srcset&quot;:&quot;https:\\\/\\\/mat.travelblox.eu\\\/wp-content\\\/uploads\\\/sites\\\/68\\\/2025\\\/09\\\/MAT25_DriesVdb_WEB-153-scaled.jpg 2560w, https:\\\/\\\/mat.travelblox.eu\\\/wp-content\\\/uploads\\\/sites\\\/68\\\/2025\\\/09\\\/MAT25_DriesVdb_WEB-153-300x169.jpg 300w, https:\\\/\\\/mat.travelblox.eu\\\/wp-content\\\/uploads\\\/sites\\\/68\\\/2025\\\/09\\\/MAT25_DriesVdb_WEB-153-1024x576.jpg 1024w, https:\\\/\\\/mat.travelblox.eu\\\/wp-content\\\/uploads\\\/sites\\\/68\\\/2025\\\/09\\\/MAT25_DriesVdb_WEB-153-768x432.jpg 768w, https:\\\/\\\/mat.travelblox.eu\\\/wp-content\\\/uploads\\\/sites\\\/68\\\/2025\\\/09\\\/MAT25_DriesVdb_WEB-153-1536x864.jpg 1536w, https:\\\/\\\/mat.travelblox.eu\\\/wp-content\\\/uploads\\\/sites\\\/68\\\/2025\\\/09\\\/MAT25_DriesVdb_WEB-153-2048x1152.jpg 2048w, https:\\\/\\\/mat.travelblox.eu\\\/wp-content\\\/uploads\\\/sites\\\/68\\\/2025\\\/09\\\/MAT25_DriesVdb_WEB-153-18x10.jpg 18w&quot;}\">\t\t\t\t\t\t\t\t<\/div>\n\t\t\t\t\t\t\t<\/li>\n\t\t\t\t\t\t\t\t\t\t\t\t\t<li class=\"slide\">\n\t\t\t\t\t\t\t\t<div class=\"tb-popup-trigger\">\n\t\t\t\t\t\t\t\t\t<img src='https:\/\/mat.travelblox.eu\/wp-content\/smush-webp\/sites\/68\/2024\/03\/Siliquini-MadeiraTrail-240317-5551.jpeg.webp' width='1365' height='2048' alt='Fauna auf Madeira - Fauna auf Madeira - Fauna auf Madeira - Wildlife auf Madeira' srcset='https:\/\/mat.travelblox.eu\/wp-content\/smush-webp\/sites\/68\/2024\/03\/Siliquini-MadeiraTrail-240317-5551.jpeg.webp 1365w, https:\/\/mat.travelblox.eu\/wp-content\/smush-webp\/sites\/68\/2024\/03\/Siliquini-MadeiraTrail-240317-5551-200x300.jpeg.webp 200w, https:\/\/mat.travelblox.eu\/wp-content\/smush-webp\/sites\/68\/2024\/03\/Siliquini-MadeiraTrail-240317-5551-683x1024.jpeg.webp 683w, https:\/\/mat.travelblox.eu\/wp-content\/smush-webp\/sites\/68\/2024\/03\/Siliquini-MadeiraTrail-240317-5551-768x1152.jpeg.webp 768w, https:\/\/mat.travelblox.eu\/wp-content\/smush-webp\/sites\/68\/2024\/03\/Siliquini-MadeiraTrail-240317-5551-1024x1536.jpeg.webp 1024w, https:\/\/mat.travelblox.eu\/wp-content\/smush-webp\/sites\/68\/2024\/03\/Siliquini-MadeiraTrail-240317-5551-8x12.jpeg.webp 8w' sizes=\"auto, (max-width: 1365px) 100vw, 1365px\" style='object-position:50% 50%' loading='lazy' decoding='async' data-smush-webp-fallback=\"{&quot;src&quot;:&quot;https:\\\/\\\/mat.travelblox.eu\\\/wp-content\\\/uploads\\\/sites\\\/68\\\/2024\\\/03\\\/Siliquini-MadeiraTrail-240317-5551.jpeg&quot;,&quot;srcset&quot;:&quot;https:\\\/\\\/mat.travelblox.eu\\\/wp-content\\\/uploads\\\/sites\\\/68\\\/2024\\\/03\\\/Siliquini-MadeiraTrail-240317-5551.jpeg 1365w, https:\\\/\\\/mat.travelblox.eu\\\/wp-content\\\/uploads\\\/sites\\\/68\\\/2024\\\/03\\\/Siliquini-MadeiraTrail-240317-5551-200x300.jpeg 200w, https:\\\/\\\/mat.travelblox.eu\\\/wp-content\\\/uploads\\\/sites\\\/68\\\/2024\\\/03\\\/Siliquini-MadeiraTrail-240317-5551-683x1024.jpeg 683w, https:\\\/\\\/mat.travelblox.eu\\\/wp-content\\\/uploads\\\/sites\\\/68\\\/2024\\\/03\\\/Siliquini-MadeiraTrail-240317-5551-768x1152.jpeg 768w, https:\\\/\\\/mat.travelblox.eu\\\/wp-content\\\/uploads\\\/sites\\\/68\\\/2024\\\/03\\\/Siliquini-MadeiraTrail-240317-5551-1024x1536.jpeg 1024w, https:\\\/\\\/mat.travelblox.eu\\\/wp-content\\\/uploads\\\/sites\\\/68\\\/2024\\\/03\\\/Siliquini-MadeiraTrail-240317-5551-8x12.jpeg 8w&quot;}\">\t\t\t\t\t\t\t\t<\/div>\n\t\t\t\t\t\t\t<\/li>\n\t\t\t\t\t\t\t\t\t\t\t\t\t<li class=\"slide\">\n\t\t\t\t\t\t\t\t<div class=\"tb-popup-trigger\">\n\t\t\t\t\t\t\t\t\t<img src='https:\/\/mat.travelblox.eu\/wp-content\/smush-webp\/sites\/68\/2025\/09\/MAT25_DriesVdb_WEB-151-scaled.jpg.webp' width='2560' height='1440' alt='Berge auf Madeira - Mountains in Madeira - Montagnes \u00e0 Mad\u00e8re - Berge auf Madeira' srcset='https:\/\/mat.travelblox.eu\/wp-content\/smush-webp\/sites\/68\/2025\/09\/MAT25_DriesVdb_WEB-151-scaled.jpg.webp 2560w, https:\/\/mat.travelblox.eu\/wp-content\/smush-webp\/sites\/68\/2025\/09\/MAT25_DriesVdb_WEB-151-300x169.jpg.webp 300w, https:\/\/mat.travelblox.eu\/wp-content\/smush-webp\/sites\/68\/2025\/09\/MAT25_DriesVdb_WEB-151-1024x576.jpg.webp 1024w, https:\/\/mat.travelblox.eu\/wp-content\/smush-webp\/sites\/68\/2025\/09\/MAT25_DriesVdb_WEB-151-768x432.jpg.webp 768w, https:\/\/mat.travelblox.eu\/wp-content\/smush-webp\/sites\/68\/2025\/09\/MAT25_DriesVdb_WEB-151-1536x864.jpg.webp 1536w, https:\/\/mat.travelblox.eu\/wp-content\/smush-webp\/sites\/68\/2025\/09\/MAT25_DriesVdb_WEB-151-2048x1152.jpg.webp 2048w, https:\/\/mat.travelblox.eu\/wp-content\/smush-webp\/sites\/68\/2025\/09\/MAT25_DriesVdb_WEB-151-18x10.jpg.webp 18w' sizes=\"auto, (max-width: 2560px) 100vw, 2560px\" style='object-position:50% 50%' loading='lazy' decoding='async' data-smush-webp-fallback=\"{&quot;src&quot;:&quot;https:\\\/\\\/mat.travelblox.eu\\\/wp-content\\\/uploads\\\/sites\\\/68\\\/2025\\\/09\\\/MAT25_DriesVdb_WEB-151-scaled.jpg&quot;,&quot;srcset&quot;:&quot;https:\\\/\\\/mat.travelblox.eu\\\/wp-content\\\/uploads\\\/sites\\\/68\\\/2025\\\/09\\\/MAT25_DriesVdb_WEB-151-scaled.jpg 2560w, https:\\\/\\\/mat.travelblox.eu\\\/wp-content\\\/uploads\\\/sites\\\/68\\\/2025\\\/09\\\/MAT25_DriesVdb_WEB-151-300x169.jpg 300w, https:\\\/\\\/mat.travelblox.eu\\\/wp-content\\\/uploads\\\/sites\\\/68\\\/2025\\\/09\\\/MAT25_DriesVdb_WEB-151-1024x576.jpg 1024w, https:\\\/\\\/mat.travelblox.eu\\\/wp-content\\\/uploads\\\/sites\\\/68\\\/2025\\\/09\\\/MAT25_DriesVdb_WEB-151-768x432.jpg 768w, https:\\\/\\\/mat.travelblox.eu\\\/wp-content\\\/uploads\\\/sites\\\/68\\\/2025\\\/09\\\/MAT25_DriesVdb_WEB-151-1536x864.jpg 1536w, https:\\\/\\\/mat.travelblox.eu\\\/wp-content\\\/uploads\\\/sites\\\/68\\\/2025\\\/09\\\/MAT25_DriesVdb_WEB-151-2048x1152.jpg 2048w, https:\\\/\\\/mat.travelblox.eu\\\/wp-content\\\/uploads\\\/sites\\\/68\\\/2025\\\/09\\\/MAT25_DriesVdb_WEB-151-18x10.jpg 18w&quot;}\">\t\t\t\t\t\t\t\t<\/div>\n\t\t\t\t\t\t\t<\/li>\n\t\t\t\t\t\t\t\t\t\t\t\t\t<li class=\"slide\">\n\t\t\t\t\t\t\t\t<div class=\"tb-popup-trigger\">\n\t\t\t\t\t\t\t\t\t<img src='https:\/\/mat.travelblox.eu\/wp-content\/smush-webp\/sites\/68\/2025\/08\/MAT25_DriesVdb_WEB-69-scaled.jpg.webp' width='2560' height='1707' alt='Landscapes in Madeira - Vues \u00e0 Mad\u00e8re - Landschappen op Madeira - Landschaften auf Madeira' srcset='https:\/\/mat.travelblox.eu\/wp-content\/smush-webp\/sites\/68\/2025\/08\/MAT25_DriesVdb_WEB-69-scaled.jpg.webp 2560w, https:\/\/mat.travelblox.eu\/wp-content\/smush-webp\/sites\/68\/2025\/08\/MAT25_DriesVdb_WEB-69-300x200.jpg.webp 300w, https:\/\/mat.travelblox.eu\/wp-content\/smush-webp\/sites\/68\/2025\/08\/MAT25_DriesVdb_WEB-69-1024x683.jpg.webp 1024w, https:\/\/mat.travelblox.eu\/wp-content\/smush-webp\/sites\/68\/2025\/08\/MAT25_DriesVdb_WEB-69-768x512.jpg.webp 768w, https:\/\/mat.travelblox.eu\/wp-content\/smush-webp\/sites\/68\/2025\/08\/MAT25_DriesVdb_WEB-69-1536x1024.jpg.webp 1536w, https:\/\/mat.travelblox.eu\/wp-content\/smush-webp\/sites\/68\/2025\/08\/MAT25_DriesVdb_WEB-69-2048x1365.jpg.webp 2048w, https:\/\/mat.travelblox.eu\/wp-content\/smush-webp\/sites\/68\/2025\/08\/MAT25_DriesVdb_WEB-69-18x12.jpg.webp 18w' sizes=\"auto, (max-width: 2560px) 100vw, 2560px\" style='object-position:50% 50%' loading='lazy' decoding='async' data-smush-webp-fallback=\"{&quot;src&quot;:&quot;https:\\\/\\\/mat.travelblox.eu\\\/wp-content\\\/uploads\\\/sites\\\/68\\\/2025\\\/08\\\/MAT25_DriesVdb_WEB-69-scaled.jpg&quot;,&quot;srcset&quot;:&quot;https:\\\/\\\/mat.travelblox.eu\\\/wp-content\\\/uploads\\\/sites\\\/68\\\/2025\\\/08\\\/MAT25_DriesVdb_WEB-69-scaled.jpg 2560w, https:\\\/\\\/mat.travelblox.eu\\\/wp-content\\\/uploads\\\/sites\\\/68\\\/2025\\\/08\\\/MAT25_DriesVdb_WEB-69-300x200.jpg 300w, https:\\\/\\\/mat.travelblox.eu\\\/wp-content\\\/uploads\\\/sites\\\/68\\\/2025\\\/08\\\/MAT25_DriesVdb_WEB-69-1024x683.jpg 1024w, https:\\\/\\\/mat.travelblox.eu\\\/wp-content\\\/uploads\\\/sites\\\/68\\\/2025\\\/08\\\/MAT25_DriesVdb_WEB-69-768x512.jpg 768w, https:\\\/\\\/mat.travelblox.eu\\\/wp-content\\\/uploads\\\/sites\\\/68\\\/2025\\\/08\\\/MAT25_DriesVdb_WEB-69-1536x1024.jpg 1536w, https:\\\/\\\/mat.travelblox.eu\\\/wp-content\\\/uploads\\\/sites\\\/68\\\/2025\\\/08\\\/MAT25_DriesVdb_WEB-69-2048x1365.jpg 2048w, https:\\\/\\\/mat.travelblox.eu\\\/wp-content\\\/uploads\\\/sites\\\/68\\\/2025\\\/08\\\/MAT25_DriesVdb_WEB-69-18x12.jpg 18w&quot;}\">\t\t\t\t\t\t\t\t<\/div>\n\t\t\t\t\t\t\t<\/li>\n\t\t\t\t\t\t\t\t\t\t\t\t\t<li class=\"slide\">\n\t\t\t\t\t\t\t\t<div class=\"tb-popup-trigger\">\n\t\t\t\t\t\t\t\t\t<img src='https:\/\/mat.travelblox.eu\/wp-content\/smush-webp\/sites\/68\/2025\/11\/Siliquini-TheMadeiraTrail-240319-9399.jpg.webp' width='1024' height='683' alt='Landscapes in Madeira - Vues \u00e0 Mad\u00e8re - Landschappen op Madeira - Landschaften auf Madeira' srcset='https:\/\/mat.travelblox.eu\/wp-content\/smush-webp\/sites\/68\/2025\/11\/Siliquini-TheMadeiraTrail-240319-9399.jpg.webp 1024w, https:\/\/mat.travelblox.eu\/wp-content\/smush-webp\/sites\/68\/2025\/11\/Siliquini-TheMadeiraTrail-240319-9399-300x200.jpg.webp 300w, https:\/\/mat.travelblox.eu\/wp-content\/smush-webp\/sites\/68\/2025\/11\/Siliquini-TheMadeiraTrail-240319-9399-768x512.jpg.webp 768w, https:\/\/mat.travelblox.eu\/wp-content\/smush-webp\/sites\/68\/2025\/11\/Siliquini-TheMadeiraTrail-240319-9399-18x12.jpg.webp 18w' sizes=\"auto, (max-width: 1024px) 100vw, 1024px\" style='object-position:50% 50%' loading='lazy' decoding='async' data-smush-webp-fallback=\"{&quot;src&quot;:&quot;https:\\\/\\\/mat.travelblox.eu\\\/wp-content\\\/uploads\\\/sites\\\/68\\\/2025\\\/11\\\/Siliquini-TheMadeiraTrail-240319-9399.jpg&quot;,&quot;srcset&quot;:&quot;https:\\\/\\\/mat.travelblox.eu\\\/wp-content\\\/uploads\\\/sites\\\/68\\\/2025\\\/11\\\/Siliquini-TheMadeiraTrail-240319-9399.jpg 1024w, https:\\\/\\\/mat.travelblox.eu\\\/wp-content\\\/uploads\\\/sites\\\/68\\\/2025\\\/11\\\/Siliquini-TheMadeiraTrail-240319-9399-300x200.jpg 300w, https:\\\/\\\/mat.travelblox.eu\\\/wp-content\\\/uploads\\\/sites\\\/68\\\/2025\\\/11\\\/Siliquini-TheMadeiraTrail-240319-9399-768x512.jpg 768w, https:\\\/\\\/mat.travelblox.eu\\\/wp-content\\\/uploads\\\/sites\\\/68\\\/2025\\\/11\\\/Siliquini-TheMadeiraTrail-240319-9399-18x12.jpg 18w&quot;}\">\t\t\t\t\t\t\t\t<\/div>\n\t\t\t\t\t\t\t<\/li>\n\t\t\t\t\t\t\t\t\t\t\t\t\t\t\t<\/ul>\n\t\t\t\t\t\t<div class=\"tb-popup tb-popup--open-clicked-image\">\n\t\t\t\t<div class=\"tb-gallery-popup\">\n\t\t\t\t\t<div class=\"tb-image-part\">\n\t\t\t\t\t\t\t\t<div class=\"inner-block-full-width has-tb-carousel tb-carousel-slider\" >\n\t\t<div class=\"tb-carousel-container\">\n\t\t\t<div class=\"entries tb-cards\" data-slider-first=\"2\">\n\t\t\t\t\t\t\t<div class=\"entry\">\n\t\t\t<div class=\"tb-image-part\">\n\t\t\t\t<figure>\n\t\t\t\t\t<img src='https:\/\/mat.travelblox.eu\/wp-content\/smush-webp\/sites\/68\/2024\/09\/Siliquini-TheMadeiraTrail-240321-0418.jpg.webp' width='2048' height='1365' alt='Blume von Madeira - Madeira-Blumen - Fleurs de Mad\u00e8re - Blume von Madeira' srcset='https:\/\/mat.travelblox.eu\/wp-content\/smush-webp\/sites\/68\/2024\/09\/Siliquini-TheMadeiraTrail-240321-0418.jpg.webp 2048w, https:\/\/mat.travelblox.eu\/wp-content\/smush-webp\/sites\/68\/2024\/09\/Siliquini-TheMadeiraTrail-240321-0418-300x200.jpg.webp 300w, https:\/\/mat.travelblox.eu\/wp-content\/smush-webp\/sites\/68\/2024\/09\/Siliquini-TheMadeiraTrail-240321-0418-1024x683.jpg.webp 1024w, https:\/\/mat.travelblox.eu\/wp-content\/smush-webp\/sites\/68\/2024\/09\/Siliquini-TheMadeiraTrail-240321-0418-768x512.jpg.webp 768w, https:\/\/mat.travelblox.eu\/wp-content\/smush-webp\/sites\/68\/2024\/09\/Siliquini-TheMadeiraTrail-240321-0418-1536x1024.jpg.webp 1536w, https:\/\/mat.travelblox.eu\/wp-content\/smush-webp\/sites\/68\/2024\/09\/Siliquini-TheMadeiraTrail-240321-0418-18x12.jpg.webp 18w' sizes=\"auto, (max-width: 2048px) 100vw, 2048px\" style='object-position:50% 50%' loading='lazy' decoding='async' data-smush-webp-fallback=\"{&quot;src&quot;:&quot;https:\\\/\\\/mat.travelblox.eu\\\/wp-content\\\/uploads\\\/sites\\\/68\\\/2024\\\/09\\\/Siliquini-TheMadeiraTrail-240321-0418.jpg&quot;,&quot;srcset&quot;:&quot;https:\\\/\\\/mat.travelblox.eu\\\/wp-content\\\/uploads\\\/sites\\\/68\\\/2024\\\/09\\\/Siliquini-TheMadeiraTrail-240321-0418.jpg 2048w, https:\\\/\\\/mat.travelblox.eu\\\/wp-content\\\/uploads\\\/sites\\\/68\\\/2024\\\/09\\\/Siliquini-TheMadeiraTrail-240321-0418-300x200.jpg 300w, https:\\\/\\\/mat.travelblox.eu\\\/wp-content\\\/uploads\\\/sites\\\/68\\\/2024\\\/09\\\/Siliquini-TheMadeiraTrail-240321-0418-1024x683.jpg 1024w, https:\\\/\\\/mat.travelblox.eu\\\/wp-content\\\/uploads\\\/sites\\\/68\\\/2024\\\/09\\\/Siliquini-TheMadeiraTrail-240321-0418-768x512.jpg 768w, https:\\\/\\\/mat.travelblox.eu\\\/wp-content\\\/uploads\\\/sites\\\/68\\\/2024\\\/09\\\/Siliquini-TheMadeiraTrail-240321-0418-1536x1024.jpg 1536w, https:\\\/\\\/mat.travelblox.eu\\\/wp-content\\\/uploads\\\/sites\\\/68\\\/2024\\\/09\\\/Siliquini-TheMadeiraTrail-240321-0418-18x12.jpg 18w&quot;}\">\t\t\t\t\t\t\t\t\t<\/figure>\n\t\t\t<\/div>\n\t\t<\/div>\n\t\t\t<div class=\"entry\">\n\t\t\t<div class=\"tb-image-part\">\n\t\t\t\t<figure>\n\t\t\t\t\t<img src='https:\/\/mat.travelblox.eu\/wp-content\/smush-webp\/sites\/68\/2025\/09\/MAT25_DriesVdb_WEB-153-scaled.jpg.webp' width='2560' height='1440' alt='Birds Madeira - Oiseaux \u00e0 Mad\u00e8re - Vogels auf Madeira - V\u00f6gel auf Madeira' srcset='https:\/\/mat.travelblox.eu\/wp-content\/smush-webp\/sites\/68\/2025\/09\/MAT25_DriesVdb_WEB-153-scaled.jpg.webp 2560w, https:\/\/mat.travelblox.eu\/wp-content\/smush-webp\/sites\/68\/2025\/09\/MAT25_DriesVdb_WEB-153-300x169.jpg.webp 300w, https:\/\/mat.travelblox.eu\/wp-content\/smush-webp\/sites\/68\/2025\/09\/MAT25_DriesVdb_WEB-153-1024x576.jpg.webp 1024w, https:\/\/mat.travelblox.eu\/wp-content\/smush-webp\/sites\/68\/2025\/09\/MAT25_DriesVdb_WEB-153-768x432.jpg.webp 768w, https:\/\/mat.travelblox.eu\/wp-content\/smush-webp\/sites\/68\/2025\/09\/MAT25_DriesVdb_WEB-153-1536x864.jpg.webp 1536w, https:\/\/mat.travelblox.eu\/wp-content\/smush-webp\/sites\/68\/2025\/09\/MAT25_DriesVdb_WEB-153-2048x1152.jpg.webp 2048w, https:\/\/mat.travelblox.eu\/wp-content\/smush-webp\/sites\/68\/2025\/09\/MAT25_DriesVdb_WEB-153-18x10.jpg.webp 18w' sizes=\"auto, (max-width: 2560px) 100vw, 2560px\" style='object-position:50% 50%' loading='lazy' decoding='async' data-smush-webp-fallback=\"{&quot;src&quot;:&quot;https:\\\/\\\/mat.travelblox.eu\\\/wp-content\\\/uploads\\\/sites\\\/68\\\/2025\\\/09\\\/MAT25_DriesVdb_WEB-153-scaled.jpg&quot;,&quot;srcset&quot;:&quot;https:\\\/\\\/mat.travelblox.eu\\\/wp-content\\\/uploads\\\/sites\\\/68\\\/2025\\\/09\\\/MAT25_DriesVdb_WEB-153-scaled.jpg 2560w, https:\\\/\\\/mat.travelblox.eu\\\/wp-content\\\/uploads\\\/sites\\\/68\\\/2025\\\/09\\\/MAT25_DriesVdb_WEB-153-300x169.jpg 300w, https:\\\/\\\/mat.travelblox.eu\\\/wp-content\\\/uploads\\\/sites\\\/68\\\/2025\\\/09\\\/MAT25_DriesVdb_WEB-153-1024x576.jpg 1024w, https:\\\/\\\/mat.travelblox.eu\\\/wp-content\\\/uploads\\\/sites\\\/68\\\/2025\\\/09\\\/MAT25_DriesVdb_WEB-153-768x432.jpg 768w, https:\\\/\\\/mat.travelblox.eu\\\/wp-content\\\/uploads\\\/sites\\\/68\\\/2025\\\/09\\\/MAT25_DriesVdb_WEB-153-1536x864.jpg 1536w, https:\\\/\\\/mat.travelblox.eu\\\/wp-content\\\/uploads\\\/sites\\\/68\\\/2025\\\/09\\\/MAT25_DriesVdb_WEB-153-2048x1152.jpg 2048w, https:\\\/\\\/mat.travelblox.eu\\\/wp-content\\\/uploads\\\/sites\\\/68\\\/2025\\\/09\\\/MAT25_DriesVdb_WEB-153-18x10.jpg 18w&quot;}\">\t\t\t\t\t\t\t\t\t<\/figure>\n\t\t\t<\/div>\n\t\t<\/div>\n\t\t\t<div class=\"entry\">\n\t\t\t<div class=\"tb-image-part\">\n\t\t\t\t<figure>\n\t\t\t\t\t<img src='https:\/\/mat.travelblox.eu\/wp-content\/smush-webp\/sites\/68\/2024\/03\/Siliquini-MadeiraTrail-240317-5551.jpeg.webp' width='1365' height='2048' alt='Fauna auf Madeira - Fauna auf Madeira - Fauna auf Madeira - Wildlife auf Madeira' srcset='https:\/\/mat.travelblox.eu\/wp-content\/smush-webp\/sites\/68\/2024\/03\/Siliquini-MadeiraTrail-240317-5551.jpeg.webp 1365w, https:\/\/mat.travelblox.eu\/wp-content\/smush-webp\/sites\/68\/2024\/03\/Siliquini-MadeiraTrail-240317-5551-200x300.jpeg.webp 200w, https:\/\/mat.travelblox.eu\/wp-content\/smush-webp\/sites\/68\/2024\/03\/Siliquini-MadeiraTrail-240317-5551-683x1024.jpeg.webp 683w, https:\/\/mat.travelblox.eu\/wp-content\/smush-webp\/sites\/68\/2024\/03\/Siliquini-MadeiraTrail-240317-5551-768x1152.jpeg.webp 768w, https:\/\/mat.travelblox.eu\/wp-content\/smush-webp\/sites\/68\/2024\/03\/Siliquini-MadeiraTrail-240317-5551-1024x1536.jpeg.webp 1024w, https:\/\/mat.travelblox.eu\/wp-content\/smush-webp\/sites\/68\/2024\/03\/Siliquini-MadeiraTrail-240317-5551-8x12.jpeg.webp 8w' sizes=\"auto, (max-width: 1365px) 100vw, 1365px\" style='object-position:50% 50%' loading='lazy' decoding='async' data-smush-webp-fallback=\"{&quot;src&quot;:&quot;https:\\\/\\\/mat.travelblox.eu\\\/wp-content\\\/uploads\\\/sites\\\/68\\\/2024\\\/03\\\/Siliquini-MadeiraTrail-240317-5551.jpeg&quot;,&quot;srcset&quot;:&quot;https:\\\/\\\/mat.travelblox.eu\\\/wp-content\\\/uploads\\\/sites\\\/68\\\/2024\\\/03\\\/Siliquini-MadeiraTrail-240317-5551.jpeg 1365w, https:\\\/\\\/mat.travelblox.eu\\\/wp-content\\\/uploads\\\/sites\\\/68\\\/2024\\\/03\\\/Siliquini-MadeiraTrail-240317-5551-200x300.jpeg 200w, https:\\\/\\\/mat.travelblox.eu\\\/wp-content\\\/uploads\\\/sites\\\/68\\\/2024\\\/03\\\/Siliquini-MadeiraTrail-240317-5551-683x1024.jpeg 683w, https:\\\/\\\/mat.travelblox.eu\\\/wp-content\\\/uploads\\\/sites\\\/68\\\/2024\\\/03\\\/Siliquini-MadeiraTrail-240317-5551-768x1152.jpeg 768w, https:\\\/\\\/mat.travelblox.eu\\\/wp-content\\\/uploads\\\/sites\\\/68\\\/2024\\\/03\\\/Siliquini-MadeiraTrail-240317-5551-1024x1536.jpeg 1024w, https:\\\/\\\/mat.travelblox.eu\\\/wp-content\\\/uploads\\\/sites\\\/68\\\/2024\\\/03\\\/Siliquini-MadeiraTrail-240317-5551-8x12.jpeg 8w&quot;}\">\t\t\t\t\t\t\t\t\t<\/figure>\n\t\t\t<\/div>\n\t\t<\/div>\n\t\t\t<div class=\"entry\">\n\t\t\t<div class=\"tb-image-part\">\n\t\t\t\t<figure>\n\t\t\t\t\t<img src='https:\/\/mat.travelblox.eu\/wp-content\/smush-webp\/sites\/68\/2025\/09\/MAT25_DriesVdb_WEB-151-scaled.jpg.webp' width='2560' height='1440' alt='Berge auf Madeira - Mountains in Madeira - Montagnes \u00e0 Mad\u00e8re - Berge auf Madeira' srcset='https:\/\/mat.travelblox.eu\/wp-content\/smush-webp\/sites\/68\/2025\/09\/MAT25_DriesVdb_WEB-151-scaled.jpg.webp 2560w, https:\/\/mat.travelblox.eu\/wp-content\/smush-webp\/sites\/68\/2025\/09\/MAT25_DriesVdb_WEB-151-300x169.jpg.webp 300w, https:\/\/mat.travelblox.eu\/wp-content\/smush-webp\/sites\/68\/2025\/09\/MAT25_DriesVdb_WEB-151-1024x576.jpg.webp 1024w, https:\/\/mat.travelblox.eu\/wp-content\/smush-webp\/sites\/68\/2025\/09\/MAT25_DriesVdb_WEB-151-768x432.jpg.webp 768w, https:\/\/mat.travelblox.eu\/wp-content\/smush-webp\/sites\/68\/2025\/09\/MAT25_DriesVdb_WEB-151-1536x864.jpg.webp 1536w, https:\/\/mat.travelblox.eu\/wp-content\/smush-webp\/sites\/68\/2025\/09\/MAT25_DriesVdb_WEB-151-2048x1152.jpg.webp 2048w, https:\/\/mat.travelblox.eu\/wp-content\/smush-webp\/sites\/68\/2025\/09\/MAT25_DriesVdb_WEB-151-18x10.jpg.webp 18w' sizes=\"auto, (max-width: 2560px) 100vw, 2560px\" style='object-position:50% 50%' loading='lazy' decoding='async' data-smush-webp-fallback=\"{&quot;src&quot;:&quot;https:\\\/\\\/mat.travelblox.eu\\\/wp-content\\\/uploads\\\/sites\\\/68\\\/2025\\\/09\\\/MAT25_DriesVdb_WEB-151-scaled.jpg&quot;,&quot;srcset&quot;:&quot;https:\\\/\\\/mat.travelblox.eu\\\/wp-content\\\/uploads\\\/sites\\\/68\\\/2025\\\/09\\\/MAT25_DriesVdb_WEB-151-scaled.jpg 2560w, https:\\\/\\\/mat.travelblox.eu\\\/wp-content\\\/uploads\\\/sites\\\/68\\\/2025\\\/09\\\/MAT25_DriesVdb_WEB-151-300x169.jpg 300w, https:\\\/\\\/mat.travelblox.eu\\\/wp-content\\\/uploads\\\/sites\\\/68\\\/2025\\\/09\\\/MAT25_DriesVdb_WEB-151-1024x576.jpg 1024w, https:\\\/\\\/mat.travelblox.eu\\\/wp-content\\\/uploads\\\/sites\\\/68\\\/2025\\\/09\\\/MAT25_DriesVdb_WEB-151-768x432.jpg 768w, https:\\\/\\\/mat.travelblox.eu\\\/wp-content\\\/uploads\\\/sites\\\/68\\\/2025\\\/09\\\/MAT25_DriesVdb_WEB-151-1536x864.jpg 1536w, https:\\\/\\\/mat.travelblox.eu\\\/wp-content\\\/uploads\\\/sites\\\/68\\\/2025\\\/09\\\/MAT25_DriesVdb_WEB-151-2048x1152.jpg 2048w, https:\\\/\\\/mat.travelblox.eu\\\/wp-content\\\/uploads\\\/sites\\\/68\\\/2025\\\/09\\\/MAT25_DriesVdb_WEB-151-18x10.jpg 18w&quot;}\">\t\t\t\t\t\t\t\t\t<\/figure>\n\t\t\t<\/div>\n\t\t<\/div>\n\t\t\t<div class=\"entry\">\n\t\t\t<div class=\"tb-image-part\">\n\t\t\t\t<figure>\n\t\t\t\t\t<img src='https:\/\/mat.travelblox.eu\/wp-content\/smush-webp\/sites\/68\/2025\/08\/MAT25_DriesVdb_WEB-69-scaled.jpg.webp' width='2560' height='1707' alt='Landscapes in Madeira - Vues \u00e0 Mad\u00e8re - Landschappen op Madeira - Landschaften auf Madeira' srcset='https:\/\/mat.travelblox.eu\/wp-content\/smush-webp\/sites\/68\/2025\/08\/MAT25_DriesVdb_WEB-69-scaled.jpg.webp 2560w, https:\/\/mat.travelblox.eu\/wp-content\/smush-webp\/sites\/68\/2025\/08\/MAT25_DriesVdb_WEB-69-300x200.jpg.webp 300w, https:\/\/mat.travelblox.eu\/wp-content\/smush-webp\/sites\/68\/2025\/08\/MAT25_DriesVdb_WEB-69-1024x683.jpg.webp 1024w, https:\/\/mat.travelblox.eu\/wp-content\/smush-webp\/sites\/68\/2025\/08\/MAT25_DriesVdb_WEB-69-768x512.jpg.webp 768w, https:\/\/mat.travelblox.eu\/wp-content\/smush-webp\/sites\/68\/2025\/08\/MAT25_DriesVdb_WEB-69-1536x1024.jpg.webp 1536w, https:\/\/mat.travelblox.eu\/wp-content\/smush-webp\/sites\/68\/2025\/08\/MAT25_DriesVdb_WEB-69-2048x1365.jpg.webp 2048w, https:\/\/mat.travelblox.eu\/wp-content\/smush-webp\/sites\/68\/2025\/08\/MAT25_DriesVdb_WEB-69-18x12.jpg.webp 18w' sizes=\"auto, (max-width: 2560px) 100vw, 2560px\" style='object-position:50% 50%' loading='lazy' decoding='async' data-smush-webp-fallback=\"{&quot;src&quot;:&quot;https:\\\/\\\/mat.travelblox.eu\\\/wp-content\\\/uploads\\\/sites\\\/68\\\/2025\\\/08\\\/MAT25_DriesVdb_WEB-69-scaled.jpg&quot;,&quot;srcset&quot;:&quot;https:\\\/\\\/mat.travelblox.eu\\\/wp-content\\\/uploads\\\/sites\\\/68\\\/2025\\\/08\\\/MAT25_DriesVdb_WEB-69-scaled.jpg 2560w, https:\\\/\\\/mat.travelblox.eu\\\/wp-content\\\/uploads\\\/sites\\\/68\\\/2025\\\/08\\\/MAT25_DriesVdb_WEB-69-300x200.jpg 300w, https:\\\/\\\/mat.travelblox.eu\\\/wp-content\\\/uploads\\\/sites\\\/68\\\/2025\\\/08\\\/MAT25_DriesVdb_WEB-69-1024x683.jpg 1024w, https:\\\/\\\/mat.travelblox.eu\\\/wp-content\\\/uploads\\\/sites\\\/68\\\/2025\\\/08\\\/MAT25_DriesVdb_WEB-69-768x512.jpg 768w, https:\\\/\\\/mat.travelblox.eu\\\/wp-content\\\/uploads\\\/sites\\\/68\\\/2025\\\/08\\\/MAT25_DriesVdb_WEB-69-1536x1024.jpg 1536w, https:\\\/\\\/mat.travelblox.eu\\\/wp-content\\\/uploads\\\/sites\\\/68\\\/2025\\\/08\\\/MAT25_DriesVdb_WEB-69-2048x1365.jpg 2048w, https:\\\/\\\/mat.travelblox.eu\\\/wp-content\\\/uploads\\\/sites\\\/68\\\/2025\\\/08\\\/MAT25_DriesVdb_WEB-69-18x12.jpg 18w&quot;}\">\t\t\t\t\t\t\t\t\t<\/figure>\n\t\t\t<\/div>\n\t\t<\/div>\n\t\t\t<div class=\"entry\">\n\t\t\t<div class=\"tb-image-part\">\n\t\t\t\t<figure>\n\t\t\t\t\t<img src='https:\/\/mat.travelblox.eu\/wp-content\/smush-webp\/sites\/68\/2025\/11\/Siliquini-TheMadeiraTrail-240319-9399.jpg.webp' width='1024' height='683' alt='Landscapes in Madeira - Vues \u00e0 Mad\u00e8re - Landschappen op Madeira - Landschaften auf Madeira' srcset='https:\/\/mat.travelblox.eu\/wp-content\/smush-webp\/sites\/68\/2025\/11\/Siliquini-TheMadeiraTrail-240319-9399.jpg.webp 1024w, https:\/\/mat.travelblox.eu\/wp-content\/smush-webp\/sites\/68\/2025\/11\/Siliquini-TheMadeiraTrail-240319-9399-300x200.jpg.webp 300w, https:\/\/mat.travelblox.eu\/wp-content\/smush-webp\/sites\/68\/2025\/11\/Siliquini-TheMadeiraTrail-240319-9399-768x512.jpg.webp 768w, https:\/\/mat.travelblox.eu\/wp-content\/smush-webp\/sites\/68\/2025\/11\/Siliquini-TheMadeiraTrail-240319-9399-18x12.jpg.webp 18w' sizes=\"auto, (max-width: 1024px) 100vw, 1024px\" style='object-position:50% 50%' loading='lazy' decoding='async' data-smush-webp-fallback=\"{&quot;src&quot;:&quot;https:\\\/\\\/mat.travelblox.eu\\\/wp-content\\\/uploads\\\/sites\\\/68\\\/2025\\\/11\\\/Siliquini-TheMadeiraTrail-240319-9399.jpg&quot;,&quot;srcset&quot;:&quot;https:\\\/\\\/mat.travelblox.eu\\\/wp-content\\\/uploads\\\/sites\\\/68\\\/2025\\\/11\\\/Siliquini-TheMadeiraTrail-240319-9399.jpg 1024w, https:\\\/\\\/mat.travelblox.eu\\\/wp-content\\\/uploads\\\/sites\\\/68\\\/2025\\\/11\\\/Siliquini-TheMadeiraTrail-240319-9399-300x200.jpg 300w, https:\\\/\\\/mat.travelblox.eu\\\/wp-content\\\/uploads\\\/sites\\\/68\\\/2025\\\/11\\\/Siliquini-TheMadeiraTrail-240319-9399-768x512.jpg 768w, https:\\\/\\\/mat.travelblox.eu\\\/wp-content\\\/uploads\\\/sites\\\/68\\\/2025\\\/11\\\/Siliquini-TheMadeiraTrail-240319-9399-18x12.jpg 18w&quot;}\">\t\t\t\t\t\t\t\t\t<\/figure>\n\t\t\t<\/div>\n\t\t<\/div>\n\t\t\t\t\t<\/div>\n\t\t\t\t<div class=\"tb-carousel-nav\">\n\t\t<div class=\"dots\">\n\t\t\t<div class=\"dot active\"><\/div>\n\t\t\t<div class=\"dot\"><\/div>\n\t\t\t<div class=\"dot\"><\/div>\n\t\t<\/div>\n\t\t<div class=\"arrows\">\n\t\t\t<div class=\"prev disabled\">\n\t\t\t\t<span><i class=\"fa fa-chevron-left\"><\/i><\/span>\n\t\t\t<\/div>\n\t\t\t<div class=\"next\">\n\t\t\t\t<span><i class=\"fa fa-chevron-right\"><\/i><\/span>\n\t\t\t<\/div>\n\t\t<\/div>\n\t<\/div>\n\t\t\t<\/div>\n\t<\/div>\n\t\t\t\t\t\t\t<\/div>\n\t\t\t\t<\/div>\n\t\t\t<\/div>\n\t\t<\/div>\n\t\t<div class=\"mobile\">\n\t\t\t<div class=\"tb-image-part\">\n\t\t\t\t\t\t<div class=\"inner-block-full-width has-tb-carousel tb-carousel-slider\" >\n\t\t<div class=\"tb-carousel-container\">\n\t\t\t<div class=\"entries tb-cards\" data-slider-first=\"0\">\n\t\t\t\t\t\t\t<div class=\"entry\">\n\t\t\t<div class=\"tb-image-part\">\n\t\t\t\t<figure>\n\t\t\t\t\t<img src='https:\/\/mat.travelblox.eu\/wp-content\/smush-webp\/sites\/68\/2024\/09\/Siliquini-TheMadeiraTrail-240321-0418-768x512.jpg.webp' width='768' height='512' alt='Blume von Madeira - Madeira-Blumen - Fleurs de Mad\u00e8re - Blume von Madeira' srcset='https:\/\/mat.travelblox.eu\/wp-content\/smush-webp\/sites\/68\/2024\/09\/Siliquini-TheMadeiraTrail-240321-0418-768x512.jpg.webp 768w, https:\/\/mat.travelblox.eu\/wp-content\/smush-webp\/sites\/68\/2024\/09\/Siliquini-TheMadeiraTrail-240321-0418-300x200.jpg.webp 300w, https:\/\/mat.travelblox.eu\/wp-content\/smush-webp\/sites\/68\/2024\/09\/Siliquini-TheMadeiraTrail-240321-0418-1024x683.jpg.webp 1024w, https:\/\/mat.travelblox.eu\/wp-content\/smush-webp\/sites\/68\/2024\/09\/Siliquini-TheMadeiraTrail-240321-0418-1536x1024.jpg.webp 1536w, https:\/\/mat.travelblox.eu\/wp-content\/smush-webp\/sites\/68\/2024\/09\/Siliquini-TheMadeiraTrail-240321-0418-18x12.jpg.webp 18w, https:\/\/mat.travelblox.eu\/wp-content\/smush-webp\/sites\/68\/2024\/09\/Siliquini-TheMadeiraTrail-240321-0418.jpg.webp 2048w' sizes=\"auto, (max-width: 768px) 100vw, 768px\" style='object-position:50% 50%' loading='lazy' decoding='async' data-smush-webp-fallback=\"{&quot;src&quot;:&quot;https:\\\/\\\/mat.travelblox.eu\\\/wp-content\\\/uploads\\\/sites\\\/68\\\/2024\\\/09\\\/Siliquini-TheMadeiraTrail-240321-0418-768x512.jpg&quot;,&quot;srcset&quot;:&quot;https:\\\/\\\/mat.travelblox.eu\\\/wp-content\\\/uploads\\\/sites\\\/68\\\/2024\\\/09\\\/Siliquini-TheMadeiraTrail-240321-0418-768x512.jpg 768w, https:\\\/\\\/mat.travelblox.eu\\\/wp-content\\\/uploads\\\/sites\\\/68\\\/2024\\\/09\\\/Siliquini-TheMadeiraTrail-240321-0418-300x200.jpg 300w, https:\\\/\\\/mat.travelblox.eu\\\/wp-content\\\/uploads\\\/sites\\\/68\\\/2024\\\/09\\\/Siliquini-TheMadeiraTrail-240321-0418-1024x683.jpg 1024w, https:\\\/\\\/mat.travelblox.eu\\\/wp-content\\\/uploads\\\/sites\\\/68\\\/2024\\\/09\\\/Siliquini-TheMadeiraTrail-240321-0418-1536x1024.jpg 1536w, https:\\\/\\\/mat.travelblox.eu\\\/wp-content\\\/uploads\\\/sites\\\/68\\\/2024\\\/09\\\/Siliquini-TheMadeiraTrail-240321-0418-18x12.jpg 18w, https:\\\/\\\/mat.travelblox.eu\\\/wp-content\\\/uploads\\\/sites\\\/68\\\/2024\\\/09\\\/Siliquini-TheMadeiraTrail-240321-0418.jpg 2048w&quot;}\">\t\t\t\t\t\t\t\t\t<\/figure>\n\t\t\t<\/div>\n\t\t<\/div>\n\t\t\t<div class=\"entry\">\n\t\t\t<div class=\"tb-image-part\">\n\t\t\t\t<figure>\n\t\t\t\t\t<img src='https:\/\/mat.travelblox.eu\/wp-content\/smush-webp\/sites\/68\/2025\/09\/MAT25_DriesVdb_WEB-153-768x432.jpg.webp' width='768' height='432' alt='Birds Madeira - Oiseaux \u00e0 Mad\u00e8re - Vogels auf Madeira - V\u00f6gel auf Madeira' srcset='https:\/\/mat.travelblox.eu\/wp-content\/smush-webp\/sites\/68\/2025\/09\/MAT25_DriesVdb_WEB-153-768x432.jpg.webp 768w, https:\/\/mat.travelblox.eu\/wp-content\/smush-webp\/sites\/68\/2025\/09\/MAT25_DriesVdb_WEB-153-300x169.jpg.webp 300w, https:\/\/mat.travelblox.eu\/wp-content\/smush-webp\/sites\/68\/2025\/09\/MAT25_DriesVdb_WEB-153-1024x576.jpg.webp 1024w, https:\/\/mat.travelblox.eu\/wp-content\/smush-webp\/sites\/68\/2025\/09\/MAT25_DriesVdb_WEB-153-1536x864.jpg.webp 1536w, https:\/\/mat.travelblox.eu\/wp-content\/smush-webp\/sites\/68\/2025\/09\/MAT25_DriesVdb_WEB-153-2048x1152.jpg.webp 2048w, https:\/\/mat.travelblox.eu\/wp-content\/smush-webp\/sites\/68\/2025\/09\/MAT25_DriesVdb_WEB-153-18x10.jpg.webp 18w' sizes=\"auto, (max-width: 768px) 100vw, 768px\" style='object-position:50% 50%' loading='lazy' decoding='async' data-smush-webp-fallback=\"{&quot;src&quot;:&quot;https:\\\/\\\/mat.travelblox.eu\\\/wp-content\\\/uploads\\\/sites\\\/68\\\/2025\\\/09\\\/MAT25_DriesVdb_WEB-153-768x432.jpg&quot;,&quot;srcset&quot;:&quot;https:\\\/\\\/mat.travelblox.eu\\\/wp-content\\\/uploads\\\/sites\\\/68\\\/2025\\\/09\\\/MAT25_DriesVdb_WEB-153-768x432.jpg 768w, https:\\\/\\\/mat.travelblox.eu\\\/wp-content\\\/uploads\\\/sites\\\/68\\\/2025\\\/09\\\/MAT25_DriesVdb_WEB-153-300x169.jpg 300w, https:\\\/\\\/mat.travelblox.eu\\\/wp-content\\\/uploads\\\/sites\\\/68\\\/2025\\\/09\\\/MAT25_DriesVdb_WEB-153-1024x576.jpg 1024w, https:\\\/\\\/mat.travelblox.eu\\\/wp-content\\\/uploads\\\/sites\\\/68\\\/2025\\\/09\\\/MAT25_DriesVdb_WEB-153-1536x864.jpg 1536w, https:\\\/\\\/mat.travelblox.eu\\\/wp-content\\\/uploads\\\/sites\\\/68\\\/2025\\\/09\\\/MAT25_DriesVdb_WEB-153-2048x1152.jpg 2048w, https:\\\/\\\/mat.travelblox.eu\\\/wp-content\\\/uploads\\\/sites\\\/68\\\/2025\\\/09\\\/MAT25_DriesVdb_WEB-153-18x10.jpg 18w&quot;}\">\t\t\t\t\t\t\t\t\t<\/figure>\n\t\t\t<\/div>\n\t\t<\/div>\n\t\t\t<div class=\"entry\">\n\t\t\t<div class=\"tb-image-part\">\n\t\t\t\t<figure>\n\t\t\t\t\t<img src='https:\/\/mat.travelblox.eu\/wp-content\/smush-webp\/sites\/68\/2024\/03\/Siliquini-MadeiraTrail-240317-5551-768x1152.jpeg.webp' width='768' height='1152' alt='Fauna auf Madeira - Fauna auf Madeira - Fauna auf Madeira - Wildlife auf Madeira' srcset='https:\/\/mat.travelblox.eu\/wp-content\/smush-webp\/sites\/68\/2024\/03\/Siliquini-MadeiraTrail-240317-5551-768x1152.jpeg.webp 768w, https:\/\/mat.travelblox.eu\/wp-content\/smush-webp\/sites\/68\/2024\/03\/Siliquini-MadeiraTrail-240317-5551-200x300.jpeg.webp 200w, https:\/\/mat.travelblox.eu\/wp-content\/smush-webp\/sites\/68\/2024\/03\/Siliquini-MadeiraTrail-240317-5551-683x1024.jpeg.webp 683w, https:\/\/mat.travelblox.eu\/wp-content\/smush-webp\/sites\/68\/2024\/03\/Siliquini-MadeiraTrail-240317-5551-1024x1536.jpeg.webp 1024w, https:\/\/mat.travelblox.eu\/wp-content\/smush-webp\/sites\/68\/2024\/03\/Siliquini-MadeiraTrail-240317-5551-8x12.jpeg.webp 8w, https:\/\/mat.travelblox.eu\/wp-content\/smush-webp\/sites\/68\/2024\/03\/Siliquini-MadeiraTrail-240317-5551.jpeg.webp 1365w' sizes=\"auto, (max-width: 768px) 100vw, 768px\" style='object-position:50% 50%' loading='lazy' decoding='async' data-smush-webp-fallback=\"{&quot;src&quot;:&quot;https:\\\/\\\/mat.travelblox.eu\\\/wp-content\\\/uploads\\\/sites\\\/68\\\/2024\\\/03\\\/Siliquini-MadeiraTrail-240317-5551-768x1152.jpeg&quot;,&quot;srcset&quot;:&quot;https:\\\/\\\/mat.travelblox.eu\\\/wp-content\\\/uploads\\\/sites\\\/68\\\/2024\\\/03\\\/Siliquini-MadeiraTrail-240317-5551-768x1152.jpeg 768w, https:\\\/\\\/mat.travelblox.eu\\\/wp-content\\\/uploads\\\/sites\\\/68\\\/2024\\\/03\\\/Siliquini-MadeiraTrail-240317-5551-200x300.jpeg 200w, https:\\\/\\\/mat.travelblox.eu\\\/wp-content\\\/uploads\\\/sites\\\/68\\\/2024\\\/03\\\/Siliquini-MadeiraTrail-240317-5551-683x1024.jpeg 683w, https:\\\/\\\/mat.travelblox.eu\\\/wp-content\\\/uploads\\\/sites\\\/68\\\/2024\\\/03\\\/Siliquini-MadeiraTrail-240317-5551-1024x1536.jpeg 1024w, https:\\\/\\\/mat.travelblox.eu\\\/wp-content\\\/uploads\\\/sites\\\/68\\\/2024\\\/03\\\/Siliquini-MadeiraTrail-240317-5551-8x12.jpeg 8w, https:\\\/\\\/mat.travelblox.eu\\\/wp-content\\\/uploads\\\/sites\\\/68\\\/2024\\\/03\\\/Siliquini-MadeiraTrail-240317-5551.jpeg 1365w&quot;}\">\t\t\t\t\t\t\t\t\t<\/figure>\n\t\t\t<\/div>\n\t\t<\/div>\n\t\t\t<div class=\"entry\">\n\t\t\t<div class=\"tb-image-part\">\n\t\t\t\t<figure>\n\t\t\t\t\t<img src='https:\/\/mat.travelblox.eu\/wp-content\/smush-webp\/sites\/68\/2025\/09\/MAT25_DriesVdb_WEB-151-768x432.jpg.webp' width='768' height='432' alt='Berge auf Madeira - Mountains in Madeira - Montagnes \u00e0 Mad\u00e8re - Berge auf Madeira' srcset='https:\/\/mat.travelblox.eu\/wp-content\/smush-webp\/sites\/68\/2025\/09\/MAT25_DriesVdb_WEB-151-768x432.jpg.webp 768w, https:\/\/mat.travelblox.eu\/wp-content\/smush-webp\/sites\/68\/2025\/09\/MAT25_DriesVdb_WEB-151-300x169.jpg.webp 300w, https:\/\/mat.travelblox.eu\/wp-content\/smush-webp\/sites\/68\/2025\/09\/MAT25_DriesVdb_WEB-151-1024x576.jpg.webp 1024w, https:\/\/mat.travelblox.eu\/wp-content\/smush-webp\/sites\/68\/2025\/09\/MAT25_DriesVdb_WEB-151-1536x864.jpg.webp 1536w, https:\/\/mat.travelblox.eu\/wp-content\/smush-webp\/sites\/68\/2025\/09\/MAT25_DriesVdb_WEB-151-2048x1152.jpg.webp 2048w, https:\/\/mat.travelblox.eu\/wp-content\/smush-webp\/sites\/68\/2025\/09\/MAT25_DriesVdb_WEB-151-18x10.jpg.webp 18w' sizes=\"auto, (max-width: 768px) 100vw, 768px\" style='object-position:50% 50%' loading='lazy' decoding='async' data-smush-webp-fallback=\"{&quot;src&quot;:&quot;https:\\\/\\\/mat.travelblox.eu\\\/wp-content\\\/uploads\\\/sites\\\/68\\\/2025\\\/09\\\/MAT25_DriesVdb_WEB-151-768x432.jpg&quot;,&quot;srcset&quot;:&quot;https:\\\/\\\/mat.travelblox.eu\\\/wp-content\\\/uploads\\\/sites\\\/68\\\/2025\\\/09\\\/MAT25_DriesVdb_WEB-151-768x432.jpg 768w, https:\\\/\\\/mat.travelblox.eu\\\/wp-content\\\/uploads\\\/sites\\\/68\\\/2025\\\/09\\\/MAT25_DriesVdb_WEB-151-300x169.jpg 300w, https:\\\/\\\/mat.travelblox.eu\\\/wp-content\\\/uploads\\\/sites\\\/68\\\/2025\\\/09\\\/MAT25_DriesVdb_WEB-151-1024x576.jpg 1024w, https:\\\/\\\/mat.travelblox.eu\\\/wp-content\\\/uploads\\\/sites\\\/68\\\/2025\\\/09\\\/MAT25_DriesVdb_WEB-151-1536x864.jpg 1536w, https:\\\/\\\/mat.travelblox.eu\\\/wp-content\\\/uploads\\\/sites\\\/68\\\/2025\\\/09\\\/MAT25_DriesVdb_WEB-151-2048x1152.jpg 2048w, https:\\\/\\\/mat.travelblox.eu\\\/wp-content\\\/uploads\\\/sites\\\/68\\\/2025\\\/09\\\/MAT25_DriesVdb_WEB-151-18x10.jpg 18w&quot;}\">\t\t\t\t\t\t\t\t\t<\/figure>\n\t\t\t<\/div>\n\t\t<\/div>\n\t\t\t<div class=\"entry\">\n\t\t\t<div class=\"tb-image-part\">\n\t\t\t\t<figure>\n\t\t\t\t\t<img src='https:\/\/mat.travelblox.eu\/wp-content\/smush-webp\/sites\/68\/2025\/08\/MAT25_DriesVdb_WEB-69-768x512.jpg.webp' width='768' height='512' alt='Landscapes in Madeira - Vues \u00e0 Mad\u00e8re - Landschappen op Madeira - Landschaften auf Madeira' srcset='https:\/\/mat.travelblox.eu\/wp-content\/smush-webp\/sites\/68\/2025\/08\/MAT25_DriesVdb_WEB-69-768x512.jpg.webp 768w, https:\/\/mat.travelblox.eu\/wp-content\/smush-webp\/sites\/68\/2025\/08\/MAT25_DriesVdb_WEB-69-300x200.jpg.webp 300w, https:\/\/mat.travelblox.eu\/wp-content\/smush-webp\/sites\/68\/2025\/08\/MAT25_DriesVdb_WEB-69-1024x683.jpg.webp 1024w, https:\/\/mat.travelblox.eu\/wp-content\/smush-webp\/sites\/68\/2025\/08\/MAT25_DriesVdb_WEB-69-1536x1024.jpg.webp 1536w, https:\/\/mat.travelblox.eu\/wp-content\/smush-webp\/sites\/68\/2025\/08\/MAT25_DriesVdb_WEB-69-2048x1365.jpg.webp 2048w, https:\/\/mat.travelblox.eu\/wp-content\/smush-webp\/sites\/68\/2025\/08\/MAT25_DriesVdb_WEB-69-18x12.jpg.webp 18w' sizes=\"auto, (max-width: 768px) 100vw, 768px\" style='object-position:50% 50%' loading='lazy' decoding='async' data-smush-webp-fallback=\"{&quot;src&quot;:&quot;https:\\\/\\\/mat.travelblox.eu\\\/wp-content\\\/uploads\\\/sites\\\/68\\\/2025\\\/08\\\/MAT25_DriesVdb_WEB-69-768x512.jpg&quot;,&quot;srcset&quot;:&quot;https:\\\/\\\/mat.travelblox.eu\\\/wp-content\\\/uploads\\\/sites\\\/68\\\/2025\\\/08\\\/MAT25_DriesVdb_WEB-69-768x512.jpg 768w, https:\\\/\\\/mat.travelblox.eu\\\/wp-content\\\/uploads\\\/sites\\\/68\\\/2025\\\/08\\\/MAT25_DriesVdb_WEB-69-300x200.jpg 300w, https:\\\/\\\/mat.travelblox.eu\\\/wp-content\\\/uploads\\\/sites\\\/68\\\/2025\\\/08\\\/MAT25_DriesVdb_WEB-69-1024x683.jpg 1024w, https:\\\/\\\/mat.travelblox.eu\\\/wp-content\\\/uploads\\\/sites\\\/68\\\/2025\\\/08\\\/MAT25_DriesVdb_WEB-69-1536x1024.jpg 1536w, https:\\\/\\\/mat.travelblox.eu\\\/wp-content\\\/uploads\\\/sites\\\/68\\\/2025\\\/08\\\/MAT25_DriesVdb_WEB-69-2048x1365.jpg 2048w, https:\\\/\\\/mat.travelblox.eu\\\/wp-content\\\/uploads\\\/sites\\\/68\\\/2025\\\/08\\\/MAT25_DriesVdb_WEB-69-18x12.jpg 18w&quot;}\">\t\t\t\t\t\t\t\t\t<\/figure>\n\t\t\t<\/div>\n\t\t<\/div>\n\t\t\t<div class=\"entry\">\n\t\t\t<div class=\"tb-image-part\">\n\t\t\t\t<figure>\n\t\t\t\t\t<img src='https:\/\/mat.travelblox.eu\/wp-content\/smush-webp\/sites\/68\/2025\/11\/Siliquini-TheMadeiraTrail-240319-9399-768x512.jpg.webp' width='768' height='512' alt='Landscapes in Madeira - Vues \u00e0 Mad\u00e8re - Landschappen op Madeira - Landschaften auf Madeira' srcset='https:\/\/mat.travelblox.eu\/wp-content\/smush-webp\/sites\/68\/2025\/11\/Siliquini-TheMadeiraTrail-240319-9399-768x512.jpg.webp 768w, https:\/\/mat.travelblox.eu\/wp-content\/smush-webp\/sites\/68\/2025\/11\/Siliquini-TheMadeiraTrail-240319-9399-300x200.jpg.webp 300w, https:\/\/mat.travelblox.eu\/wp-content\/smush-webp\/sites\/68\/2025\/11\/Siliquini-TheMadeiraTrail-240319-9399-18x12.jpg.webp 18w, https:\/\/mat.travelblox.eu\/wp-content\/smush-webp\/sites\/68\/2025\/11\/Siliquini-TheMadeiraTrail-240319-9399.jpg.webp 1024w' sizes=\"auto, (max-width: 768px) 100vw, 768px\" style='object-position:50% 50%' loading='lazy' decoding='async' data-smush-webp-fallback=\"{&quot;src&quot;:&quot;https:\\\/\\\/mat.travelblox.eu\\\/wp-content\\\/uploads\\\/sites\\\/68\\\/2025\\\/11\\\/Siliquini-TheMadeiraTrail-240319-9399-768x512.jpg&quot;,&quot;srcset&quot;:&quot;https:\\\/\\\/mat.travelblox.eu\\\/wp-content\\\/uploads\\\/sites\\\/68\\\/2025\\\/11\\\/Siliquini-TheMadeiraTrail-240319-9399-768x512.jpg 768w, https:\\\/\\\/mat.travelblox.eu\\\/wp-content\\\/uploads\\\/sites\\\/68\\\/2025\\\/11\\\/Siliquini-TheMadeiraTrail-240319-9399-300x200.jpg 300w, https:\\\/\\\/mat.travelblox.eu\\\/wp-content\\\/uploads\\\/sites\\\/68\\\/2025\\\/11\\\/Siliquini-TheMadeiraTrail-240319-9399-18x12.jpg 18w, https:\\\/\\\/mat.travelblox.eu\\\/wp-content\\\/uploads\\\/sites\\\/68\\\/2025\\\/11\\\/Siliquini-TheMadeiraTrail-240319-9399.jpg 1024w&quot;}\">\t\t\t\t\t\t\t\t\t<\/figure>\n\t\t\t<\/div>\n\t\t<\/div>\n\t\t\t\t\t<\/div>\n\t\t\t\t<div class=\"tb-carousel-nav\">\n\t\t<div class=\"dots\">\n\t\t\t<div class=\"dot active\"><\/div>\n\t\t\t<div class=\"dot\"><\/div>\n\t\t\t<div class=\"dot\"><\/div>\n\t\t<\/div>\n\t\t<div class=\"arrows\">\n\t\t\t<div class=\"prev disabled\">\n\t\t\t\t<span><i class=\"fa fa-chevron-left\"><\/i><\/span>\n\t\t\t<\/div>\n\t\t\t<div class=\"next\">\n\t\t\t\t<span><i class=\"fa fa-chevron-right\"><\/i><\/span>\n\t\t\t<\/div>\n\t\t<\/div>\n\t<\/div>\n\t\t\t<\/div>\n\t<\/div>\n\t\t\t\t\t<\/div>\n\t\t<\/div>\n\t<\/div>\n<\/div>\n\n\n\n<div class=\"tb-colcompare tb-block align-center background-light pattern-none variant-cards tb-collapsible-margins\" id=\"difficulty\">\n\t<div class=\"inner-block tb-fade-in tb-fade-in--subtle\">\n\t\t<div class=\"text-part\">\n\t\t\t<h2>Ist der Madeira Trail f\u00fcr mich?<\/h2>\n\t\t\t\t<div class=\"translation-block\"><p>Der Schwierigkeitsgrad h\u00e4ngt von vielen Faktoren ab. Mit den folgenden Punkten kannst du selbst einsch\u00e4tzen, ob dieser Trail zu dir passt.<\/p><p>Zur Vorbereitung bekommst du eine <strong>Packliste<\/strong> und einen <strong>Trainingsplan<\/strong> \u2013 damit du wei\u00dft, was du brauchst und fit an den Start gehst.<\/p><\/div>\n\t\t\t<\/div>\n\t<\/div>\n\t\t\t\t<div class=\"inner-block-full-width has-tb-carousel tb-justified\" >\n\t\t<div class=\"tb-carousel-container\">\n\t\t\t<div class=\"entries tb-cards\" data-slider-first=\"1\">\n\t\t\t\t\t\t\t\t\t<div class=\"tb-card entry tb-fade-in tb-fade-in--subtle\">\n\t\t\t\t<div class=\"tb-image-part\">\n\t\t\t\t\t<img src='https:\/\/mat.travelblox.eu\/wp-content\/smush-webp\/sites\/68\/2025\/11\/Siliquini-TheMadeiraTrail-240319-9438-768x512.jpg.webp' width='768' height='512' alt='Landscapes in Madeira - Vues \u00e0 Mad\u00e8re - Landschappen op Madeira - Landschaften auf Madeira' srcset='https:\/\/mat.travelblox.eu\/wp-content\/smush-webp\/sites\/68\/2025\/11\/Siliquini-TheMadeiraTrail-240319-9438-768x512.jpg.webp 768w, https:\/\/mat.travelblox.eu\/wp-content\/smush-webp\/sites\/68\/2025\/11\/Siliquini-TheMadeiraTrail-240319-9438-300x200.jpg.webp 300w, https:\/\/mat.travelblox.eu\/wp-content\/smush-webp\/sites\/68\/2025\/11\/Siliquini-TheMadeiraTrail-240319-9438-18x12.jpg.webp 18w, https:\/\/mat.travelblox.eu\/wp-content\/smush-webp\/sites\/68\/2025\/11\/Siliquini-TheMadeiraTrail-240319-9438.jpg.webp 1024w' sizes=\"auto, (max-width: 768px) 100vw, 768px\" style='object-position:50% 50%' loading='lazy' decoding='async' data-smush-webp-fallback=\"{&quot;src&quot;:&quot;https:\\\/\\\/mat.travelblox.eu\\\/wp-content\\\/uploads\\\/sites\\\/68\\\/2025\\\/11\\\/Siliquini-TheMadeiraTrail-240319-9438-768x512.jpg&quot;,&quot;srcset&quot;:&quot;https:\\\/\\\/mat.travelblox.eu\\\/wp-content\\\/uploads\\\/sites\\\/68\\\/2025\\\/11\\\/Siliquini-TheMadeiraTrail-240319-9438-768x512.jpg 768w, https:\\\/\\\/mat.travelblox.eu\\\/wp-content\\\/uploads\\\/sites\\\/68\\\/2025\\\/11\\\/Siliquini-TheMadeiraTrail-240319-9438-300x200.jpg 300w, https:\\\/\\\/mat.travelblox.eu\\\/wp-content\\\/uploads\\\/sites\\\/68\\\/2025\\\/11\\\/Siliquini-TheMadeiraTrail-240319-9438-18x12.jpg 18w, https:\\\/\\\/mat.travelblox.eu\\\/wp-content\\\/uploads\\\/sites\\\/68\\\/2025\\\/11\\\/Siliquini-TheMadeiraTrail-240319-9438.jpg 1024w&quot;}\">\t\t\t\t<\/div>\n\t\t\t\t<div class=\"tb-card-content text-part\">\n\t\t\t\t\t\t\t\t\t\t\t<h5>\t\t\t\t<i class=\"icon fa-solid fa-chart-line fa-fw\" aria-hidden=\"true\"><\/i>\n\t\t\t DISTANZ UND H\u00d6HENUNTERSCHIED<\/h5>\n\t\t\t\t\t\t\t\t\t\t\t\t\t\t\t\t\t<div class=\"translation-block\"><p><strong>Eine echte Wanderwoche:<\/strong> F\u00fcnf Tage lang bist du mehrere Stunden unterwegs. Die Etappen sind nicht extrem, aber gut gef\u00fcllt. Du solltest bereit sein, einen Gro\u00dfteil des Tages zu wandern \u2013 mehrere Tage hintereinander, mit Rucksack.<\/p><p><strong>St\u00e4ndig bergauf, bergab:<\/strong> Madeira ist steil. Du gehst fast immer entweder rauf oder runter. Die t\u00e4glichen H\u00f6henmeter summieren sich \u2013 das sp\u00fcrst du, besonders in den Beinen. Viele Auf- und Abstiege f\u00fchren \u00fcber gepflasterte Steintreppen.<\/p><p><strong>Sportlich, aber machbar:<\/strong> Diese Tour richtet sich an gesunde Menschen, die regelm\u00e4\u00dfig wandern oder Sport treiben. Mit gutem Training im Vorfeld ist die Route gut zu schaffen.<\/p><\/div>\n\t\t\t\t\t\t\t\t\t\t\t\t\t\t\t<\/div>\n\t\t\t<\/div>\n\t\t\t\t\t<div class=\"tb-card entry tb-fade-in tb-fade-in--subtle\">\n\t\t\t\t<div class=\"tb-image-part\">\n\t\t\t\t\t<img src='https:\/\/mat.travelblox.eu\/wp-content\/smush-webp\/sites\/68\/2025\/11\/Siliquini-TheMadeiraTrail-240321-0933-768x512.jpg.webp' width='768' height='512' alt='Trek auf Madeira - Madeira Trail - Madeira wandern' srcset='https:\/\/mat.travelblox.eu\/wp-content\/smush-webp\/sites\/68\/2025\/11\/Siliquini-TheMadeiraTrail-240321-0933-768x512.jpg.webp 768w, https:\/\/mat.travelblox.eu\/wp-content\/smush-webp\/sites\/68\/2025\/11\/Siliquini-TheMadeiraTrail-240321-0933-300x200.jpg.webp 300w, https:\/\/mat.travelblox.eu\/wp-content\/smush-webp\/sites\/68\/2025\/11\/Siliquini-TheMadeiraTrail-240321-0933-18x12.jpg.webp 18w, https:\/\/mat.travelblox.eu\/wp-content\/smush-webp\/sites\/68\/2025\/11\/Siliquini-TheMadeiraTrail-240321-0933.jpg.webp 1024w' sizes=\"auto, (max-width: 768px) 100vw, 768px\" style='object-position:50% 50%' loading='lazy' decoding='async' data-smush-webp-fallback=\"{&quot;src&quot;:&quot;https:\\\/\\\/mat.travelblox.eu\\\/wp-content\\\/uploads\\\/sites\\\/68\\\/2025\\\/11\\\/Siliquini-TheMadeiraTrail-240321-0933-768x512.jpg&quot;,&quot;srcset&quot;:&quot;https:\\\/\\\/mat.travelblox.eu\\\/wp-content\\\/uploads\\\/sites\\\/68\\\/2025\\\/11\\\/Siliquini-TheMadeiraTrail-240321-0933-768x512.jpg 768w, https:\\\/\\\/mat.travelblox.eu\\\/wp-content\\\/uploads\\\/sites\\\/68\\\/2025\\\/11\\\/Siliquini-TheMadeiraTrail-240321-0933-300x200.jpg 300w, https:\\\/\\\/mat.travelblox.eu\\\/wp-content\\\/uploads\\\/sites\\\/68\\\/2025\\\/11\\\/Siliquini-TheMadeiraTrail-240321-0933-18x12.jpg 18w, https:\\\/\\\/mat.travelblox.eu\\\/wp-content\\\/uploads\\\/sites\\\/68\\\/2025\\\/11\\\/Siliquini-TheMadeiraTrail-240321-0933.jpg 1024w&quot;}\">\t\t\t\t<\/div>\n\t\t\t\t<div class=\"tb-card-content text-part\">\n\t\t\t\t\t\t\t\t\t\t\t<h5>\t\t\t\t<i class=\"icon fa-solid fa-temperature-three-quarters fa-fw\" aria-hidden=\"true\"><\/i>\n\t\t\t WETTERBEDINGUNGEN<\/h5>\n\t\t\t\t\t\t\t\t\t\t\t\t\t\t\t\t\t<div class=\"translation-block\"><p><strong>Wechselhaftes Wetter:<\/strong> Sonne, Wolken, Nebel und Regen k\u00f6nnen sich innerhalb eines Tages abwechseln \u2013 besonders in h\u00f6heren Lagen.<\/p><p><strong>K\u00fchlere N\u00e4chte in den Bergen:<\/strong> Rund um den Pico Ruivo sind die Abende deutlich k\u00fchler als an der K\u00fcste. Packe warme Schichten ein.<\/p><p><strong>Feuchtigkeit und Nebel:<\/strong> Die W\u00e4lder und Levadas bringen oft feuchte Luft. Eine wasserdichte und winddichte Jacke geh\u00f6rt in den Rucksack.<\/p><p><strong>Flexibilit\u00e4t bei Wegsperrungen:<\/strong> Die Route kann je nach Wetterlage oder gesperrten Wegen angepasst werden. Alternativen sind vorbereitet.<\/p><\/div>\n\t\t\t\t\t\t\t\t\t\t\t\t\t\t\t<\/div>\n\t\t\t<\/div>\n\t\t\t\t\t<div class=\"tb-card entry tb-fade-in tb-fade-in--subtle\">\n\t\t\t\t<div class=\"tb-image-part\">\n\t\t\t\t\t<img src='https:\/\/mat.travelblox.eu\/wp-content\/smush-webp\/sites\/68\/2025\/11\/Siliquini-TheMadeiraTrail-240317-0013-768x575.jpg.webp' width='768' height='575' alt='Madeira wandern - Wandern auf Madeira - Rando auf Madeira - Hiking in Madeira' srcset='https:\/\/mat.travelblox.eu\/wp-content\/smush-webp\/sites\/68\/2025\/11\/Siliquini-TheMadeiraTrail-240317-0013-768x575.jpg.webp 768w, https:\/\/mat.travelblox.eu\/wp-content\/smush-webp\/sites\/68\/2025\/11\/Siliquini-TheMadeiraTrail-240317-0013-300x225.jpg.webp 300w, https:\/\/mat.travelblox.eu\/wp-content\/smush-webp\/sites\/68\/2025\/11\/Siliquini-TheMadeiraTrail-240317-0013-16x12.jpg.webp 16w, https:\/\/mat.travelblox.eu\/wp-content\/smush-webp\/sites\/68\/2025\/11\/Siliquini-TheMadeiraTrail-240317-0013.jpg.webp 1024w' sizes=\"auto, (max-width: 768px) 100vw, 768px\" style='object-position:50% 50%' loading='lazy' decoding='async' data-smush-webp-fallback=\"{&quot;src&quot;:&quot;https:\\\/\\\/mat.travelblox.eu\\\/wp-content\\\/uploads\\\/sites\\\/68\\\/2025\\\/11\\\/Siliquini-TheMadeiraTrail-240317-0013-768x575.jpg&quot;,&quot;srcset&quot;:&quot;https:\\\/\\\/mat.travelblox.eu\\\/wp-content\\\/uploads\\\/sites\\\/68\\\/2025\\\/11\\\/Siliquini-TheMadeiraTrail-240317-0013-768x575.jpg 768w, https:\\\/\\\/mat.travelblox.eu\\\/wp-content\\\/uploads\\\/sites\\\/68\\\/2025\\\/11\\\/Siliquini-TheMadeiraTrail-240317-0013-300x225.jpg 300w, https:\\\/\\\/mat.travelblox.eu\\\/wp-content\\\/uploads\\\/sites\\\/68\\\/2025\\\/11\\\/Siliquini-TheMadeiraTrail-240317-0013-16x12.jpg 16w, https:\\\/\\\/mat.travelblox.eu\\\/wp-content\\\/uploads\\\/sites\\\/68\\\/2025\\\/11\\\/Siliquini-TheMadeiraTrail-240317-0013.jpg 1024w&quot;}\">\t\t\t\t<\/div>\n\t\t\t\t<div class=\"tb-card-content text-part\">\n\t\t\t\t\t\t\t\t\t\t\t<h5>\t\t\t\t<i class=\"icon fa-solid fa-route fa-fw\" aria-hidden=\"true\"><\/i>\n\t\t\t TERRAIN<\/h5>\n\t\t\t\t\t\t\t\t\t\t\t\t\t\t\t\t\t<div class=\"translation-block\"><p><strong>Abwechslungsreiche Wege:<\/strong> Levadas, gepflasterte Pfade, Erdwege und K\u00fcstenpassagen wechseln sich ab \u2013 vom Wald \u00fcber die Berge bis zum Ozean.<\/p><p><strong>Grate und Steintreppen:<\/strong> Einige Abschnitte f\u00fchren entlang des zentralen Gebirgskamms mit Steinstufen und steileren Anstiegen, immer auf markierten Wegen.<\/p><p><strong>Langer Abstieg nach Santana:<\/strong> Tag 4 bringt <strong>1.380 Meter Abstieg<\/strong> bis zur K\u00fcste. Wanderst\u00f6cke sind hier Pflicht \u2013 sie sch\u00fctzen die Knie erheblich.<\/p><p><strong>Tunnel und Passagen:<\/strong> Du durchquerst zwei in den Fels gehauene Tunnel zwischen Raba\u00e7al und Encumeada. Bei N\u00e4sse k\u00f6nnen manche Abschnitte rutschig sein. <strong>Stirnlampe<\/strong> einpacken, <strong>kn\u00f6chelhohe Wanderschuhe<\/strong> (Kategorie A\/B) tragen.<\/p><\/div>\n\t\t\t\t\t\t\t\t\t\t\t\t\t\t\t<\/div>\n\t\t\t<\/div>\n\t\t\t\t\t\t\t<\/div>\n\t\t\t\t<div class=\"tb-carousel-nav\">\n\t\t<div class=\"dots\">\n\t\t\t<div class=\"dot active\"><\/div>\n\t\t\t<div class=\"dot\"><\/div>\n\t\t\t<div class=\"dot\"><\/div>\n\t\t<\/div>\n\t\t<div class=\"arrows\">\n\t\t\t<div class=\"prev disabled\">\n\t\t\t\t<span><i class=\"fa fa-chevron-left\"><\/i><\/span>\n\t\t\t<\/div>\n\t\t\t<div class=\"next\">\n\t\t\t\t<span><i class=\"fa fa-chevron-right\"><\/i><\/span>\n\t\t\t<\/div>\n\t\t<\/div>\n\t<\/div>\n\t\t\t<\/div>\n\t<\/div>\n\t\t\t\t\t<div class=\"inner-block\">\n\t\t\t<div class=\"text-part\">\n\t\t\t\t\t<div class=\"translation-block\"><p><br data-mce-bogus=\"1\" \/><\/p><\/div>\n\t\t\t\t\t<div class=\"tb-buttons-part\">\n\t\t\t\t\t\t\t\t\t<\/div>\n\t\t\t<\/div>\n\t\t<\/div>\n\t<\/div>\n\n\n\n    <div class=\"tb-calendarv2 tb-block align-center background-light pattern-none variant-none tb-collapsible-margins\" id=\"join\" data-field-packages='[{&quot;package_id&quot;:&quot;MAT-MAT&quot;,&quot;prereg_url&quot;:&quot;&quot;,&quot;package_summary_content&quot;:&quot;&quot;,&quot;package_summary_inclusive&quot;:false,&quot;rowid&quot;:&quot;68416e2bd6324&quot;}]' data-package-ids='[\"MAT-MAT\"]' data-brands='[{&quot;type&quot;:&quot;brands&quot;,&quot;id&quot;:&quot;89&quot;,&quot;attributes&quot;:{&quot;name&quot;:&quot;Madeira Trail&quot;,&quot;translatableName&quot;:{&quot;de&quot;:&quot;Madeira Trail&quot;,&quot;en&quot;:&quot;Madeira Trail&quot;,&quot;fr&quot;:&quot;Madeira Trail&quot;,&quot;nl&quot;:&quot;Madeira Trail&quot;}}}]' data-language='de' data-allow-collapse-consecutive-sold-out-items='0' data-show-prereg-items='1' data-show-participants='0' data-show-departure-hours='0' data-no-participants-title=\"0 Teilnehmer\" data-no-participants-text=\"Es sind noch keine Teilnehmer bekannt.\" data-sold-out-cta=\"\" data-default-group-size=\"\" data-show-months-toggle=\"1\" data-show-waiting-list-buttons=\"1\" data-show-price-toggle=\"1\" data-show-quote-request=\"0\" data-sort-filter-options-by-az-order='0' data-launch-unfiltered='0' data-merge-duplicate-filters='0'>\n        <div class=\"inner-block tb-fade-in tb-fade-in--subtle\">\n            <div class=\"text-part tb-fade-in tb-fade-in--subtle\">\n                                    <h2>Bereit f\u00fcr den Madeira Trail?<\/h2>\n                                                    \t<div class=\"translation-block\"><p>Die Buchungen \u00f6ffnen offiziell am <strong>17. September um 16 Uhr<\/strong>. Registriere dich jetzt <strong>kostenlos &amp; unverbindlich<\/strong> vor und profitiere von:<\/p><ul><li><strong>Fr\u00fcher Zugang<\/strong> \u2013 buche ab dem 16. September, 24 Stunden vor allen anderen<\/li><li><strong>Fr\u00fchbucherpreis<\/strong> \u2013 der g\u00fcnstigste Preis der Saison<\/li><li><strong>Superflex-Bedingungen<\/strong> \u2013 Flexible bleiben bei fr\u00fcher Buchung<\/li><\/ul><\/div>\n\t                                                    <div class=\"tb-buttons-part\">\n                                                                            \t\t<a href=\"https:\/\/travelbase.typeform.com\/MAT27SPreregDE\"  target=\"_blank\" data-mode=\"popup\" data-url=\"https:\/\/travelbase.typeform.com\/MAT27SPreregFR\" class=\"tb-button typeform-share\">\n\t\t\tVorregistrieren | Fr\u00fchjahr 2027\t\t<\/a>\n\t\t\t\t\t<script>\n\t\t\t\t(function() {\n\t\t\t\t\tvar qs, js, q, s, d = document,\n\t\t\t\t\t\tgi = d.getElementById,\n\t\t\t\t\t\tce = d.createElement,\n\t\t\t\t\t\tgt = d.getElementsByTagName,\n\t\t\t\t\t\tid = \"typef_orm_share\",\n\t\t\t\t\t\tb = \"https:\/\/embed.typeform.com\/\";\n\t\t\t\t\tif (!gi.call(d, id)) {\n\t\t\t\t\t\tjs = ce.call(d, \"script\");\n\t\t\t\t\t\tjs.id = id;\n\t\t\t\t\t\tjs.src = b + \"embed.js\";\n\t\t\t\t\t\tq = gt.call(d, \"script\")[0];\n\t\t\t\t\t\tq.parentNode.insertBefore(js, q);\n\t\t\t\t\t}\n\t\t\t\t})();\n\t\t\t<\/script>\n\t\t                                                                                                                                                <\/div>\n                            <\/div>\n\n            \n            \n<div class=\"tb-skeleton tb-skeleton--calendar-v2 tb-skeleton--inactive\">\n    <!-- <div class=\"section-toggler section-toggler--small tb-skeleton__border tb-skeleton__disabled\">\n        <div class=\"section-toggler__inner\">\n            <div class=\"section-toggler__toggle-wrapper\">\n                <div class=\"section-toggler__toggles\">\n                    <input type=\"radio\" name=\"2025\" checked>\n                    <label class=\"tb-skeleton__background tb-skeleton__border\" for=\"\"><span class=\"tb-skeleton__bone\"><span class=\"tb-skeleton__invisible-text\">2025<\/span><\/span><\/label>\n                    <input type=\"radio\" name=\"2026\">\n                    <label class=\"tb-skeleton__border\" for=\"\"><span class=\"tb-skeleton__bone\"><span class=\"tb-skeleton__invisible-text\">2026<\/span><\/span><\/label>\n                <\/div>\n            <\/div>\n        <\/div>\n    <\/div> -->\n    <div class=\"tb-calendar-v2__year\" id=\"year-section-0\">\n        <div class=\"tb-block\">\n            <div class=\"section-toggler section-toggler--fake section-toggler--blocks tb-skeleton__border tb-skeleton__disabled\">\n                <div class=\"section-toggler__inner\">\n                    <div class=\"section-toggler__toggle-wrapper\">\n                        <div class=\"section-toggler__toggles\">\n                            <input type=\"radio\" name=\"Jan\" checked>\n                            <label class=\"tb-skeleton__background tb-skeleton__border\" for=\"\"><span class=\"tb-skeleton__bone\"><span class=\"tb-skeleton__invisible-text\">Jan<\/span><\/span><\/label>\n                            <input type=\"radio\" name=\"Feb\">\n                            <label class=\"tb-skeleton__border\" for=\"\"><span class=\"tb-skeleton__bone\"><span class=\"tb-skeleton__invisible-text\">Feb<\/span><\/span><\/label>\n                            <input type=\"radio\" name=\"Mar\">\n                            <label class=\"tb-skeleton__border\" for=\"\"><span class=\"tb-skeleton__bone\"><span class=\"tb-skeleton__invisible-text\">Mar<\/span><\/span><\/label>\n                            <input type=\"radio\" name=\"Apr\">\n                            <label class=\"tb-skeleton__border\" for=\"\"><span class=\"tb-skeleton__bone\"><span class=\"tb-skeleton__invisible-text\">Apr<\/span><\/span><\/label>\n                            <input type=\"radio\" name=\"May\">\n                            <label class=\"tb-skeleton__border\" for=\"\"><span class=\"tb-skeleton__bone\"><span class=\"tb-skeleton__invisible-text\">May<\/span><\/span><\/label>\n                        <\/div>\n                    <\/div>\n                <\/div>\n            <\/div>\n            <div class=\"tb-calendar-v2__month\" id=\"year-0-month-section-0\">\n                <ul class=\"tb-calendar-v2__departures\">\n                                            <li class=\"tb-calendar-v2__departure tb-calendar-v2-departure tb-skeleton__border\" data-availability=\"free\">\n                            <div class=\"tb-calendar-v2-departure__essential\">\n                                <div class=\"tb-calendar-v2-departure__first-part\">\n                                    <div class=\"tb-calendar-v2-departure__destination desktop-only\">\n                                        <span class=\"tb-skeleton__bone\"><span class=\"tb-skeleton__invisible-text\"><strong>Beispielreise<\/strong><\/span><\/span>\n                                    <\/div>\n                                    <div class=\"tb-calendar-v2-departure__dates\">\n                                        <div class=\"tb-calendar-v2-departure__startdate\">\n                                            <span class=\"tb-skeleton__bone\"><span class=\"tb-skeleton__invisible-text\">Montag<\/span><\/span>\n                                            <span class=\"tb-skeleton__bone\"><span class=\"tb-skeleton__invisible-text\"><strong>20. Jan 2025<\/strong><\/span><\/span>\n                                        <\/div>\n                                        <span class=\"tb-skeleton__bone\"><span class=\"tb-skeleton__invisible-text\"><i class=\"fa-solid fa-arrow-right\"><\/i><\/span><\/span>\n                                        <div class=\"tb-calendar-v2-departure__enddate\">\n                                            <span class=\"tb-skeleton__bone\"><span class=\"tb-skeleton__invisible-text\">Sonntag<\/span><\/span>\n                                            <span class=\"tb-skeleton__bone\"><span class=\"tb-skeleton__invisible-text\"><strong>26. Jan 2025<\/strong><\/span><\/span>\n                                        <\/div>\n                                    <\/div>\n                                    <div class=\"tb-calendar-v2-departure__divider desktop-only tb-skeleton__bone\"><\/div>\n                                    <div class=\"tb-calendar-v2-departure__availability desktop-only\" data-availability=\"free\"><strong>\n                                            <span class=\"tb-skeleton__bone\"><span class=\"tb-skeleton__invisible-text\">Verf\u00fcgbar<\/span><\/span>\n                                        <\/strong><\/div>\n                                    <div class=\"tb-calendar-v2-departure__spots desktop-only\">\n                                        <span class=\"tb-skeleton__bone\"><span class=\"tb-skeleton__invisible-text\">\n                                                                                             <\/span><\/span>\n                                    <\/div>\n                                <\/div>\n                                <div class=\"tb-calendar-v2-departure__last-part\">\n                                    <div class=\"tb-calendar-v2-departure__price\"><span class=\"tb-skeleton__bone\"><span class=\"tb-skeleton__invisible-text\"><strong>\u20ac 1450<\/strong><\/span><\/span><\/div>\n                                    <div class=\"tb-calendar-v2-departure__availability mobile-only\" data-availability=\"free\">\n                                        <strong>\n                                            <span class=\"tb-skeleton__bone\"><span class=\"tb-skeleton__invisible-text\">Verf\u00fcgbar<\/span><\/span>\n                                        <\/strong>\n                                    <\/div>\n                                    <div class=\"tb-calendar-v2-departure__expand-button tb-skeleton__disabled desktop-only\" disabled>\n                                        <span class=\"tb-skeleton__bone\"><span class=\"tb-skeleton__invisible-text\"><i class=\"fa-solid fa-chevron-down\"><\/i><\/span><\/span>\n                                    <\/div>\n                                <\/div>\n                            <\/div>\n                            <div class=\"tb-calendar-v2-departure__divider mobile-only tb-skeleton__bone\"><\/div>\n                            <div class=\"tb-calendar-v2-departure__expand-button mobile-only tb-skeleton__disabled\" disabled>\n                                <span class=\"tb-skeleton__bone\"><span class=\"tb-skeleton__invisible-text\"><span class=\"more-info\">Mehr Infos<\/span> <span class=\"less-info\">Weniger Infos<\/span> <i class=\"fa-solid fa-chevron-down\"><\/i><\/span><\/span>\n                            <\/div>\n                        <\/li>\n                                            <li class=\"tb-calendar-v2__departure tb-calendar-v2-departure tb-skeleton__border\" data-availability=\"free\">\n                            <div class=\"tb-calendar-v2-departure__essential\">\n                                <div class=\"tb-calendar-v2-departure__first-part\">\n                                    <div class=\"tb-calendar-v2-departure__destination desktop-only\">\n                                        <span class=\"tb-skeleton__bone\"><span class=\"tb-skeleton__invisible-text\"><strong>Beispielreise<\/strong><\/span><\/span>\n                                    <\/div>\n                                    <div class=\"tb-calendar-v2-departure__dates\">\n                                        <div class=\"tb-calendar-v2-departure__startdate\">\n                                            <span class=\"tb-skeleton__bone\"><span class=\"tb-skeleton__invisible-text\">Montag<\/span><\/span>\n                                            <span class=\"tb-skeleton__bone\"><span class=\"tb-skeleton__invisible-text\"><strong>20. Jan 2025<\/strong><\/span><\/span>\n                                        <\/div>\n                                        <span class=\"tb-skeleton__bone\"><span class=\"tb-skeleton__invisible-text\"><i class=\"fa-solid fa-arrow-right\"><\/i><\/span><\/span>\n                                        <div class=\"tb-calendar-v2-departure__enddate\">\n                                            <span class=\"tb-skeleton__bone\"><span class=\"tb-skeleton__invisible-text\">Sonntag<\/span><\/span>\n                                            <span class=\"tb-skeleton__bone\"><span class=\"tb-skeleton__invisible-text\"><strong>26. Jan 2025<\/strong><\/span><\/span>\n                                        <\/div>\n                                    <\/div>\n                                    <div class=\"tb-calendar-v2-departure__divider desktop-only tb-skeleton__bone\"><\/div>\n                                    <div class=\"tb-calendar-v2-departure__availability desktop-only\" data-availability=\"free\"><strong>\n                                            <span class=\"tb-skeleton__bone\"><span class=\"tb-skeleton__invisible-text\">Verf\u00fcgbar<\/span><\/span>\n                                        <\/strong><\/div>\n                                    <div class=\"tb-calendar-v2-departure__spots desktop-only\">\n                                        <span class=\"tb-skeleton__bone\"><span class=\"tb-skeleton__invisible-text\">\n                                                                                             <\/span><\/span>\n                                    <\/div>\n                                <\/div>\n                                <div class=\"tb-calendar-v2-departure__last-part\">\n                                    <div class=\"tb-calendar-v2-departure__price\"><span class=\"tb-skeleton__bone\"><span class=\"tb-skeleton__invisible-text\"><strong>\u20ac 1450<\/strong><\/span><\/span><\/div>\n                                    <div class=\"tb-calendar-v2-departure__availability mobile-only\" data-availability=\"free\">\n                                        <strong>\n                                            <span class=\"tb-skeleton__bone\"><span class=\"tb-skeleton__invisible-text\">Verf\u00fcgbar<\/span><\/span>\n                                        <\/strong>\n                                    <\/div>\n                                    <div class=\"tb-calendar-v2-departure__expand-button tb-skeleton__disabled desktop-only\" disabled>\n                                        <span class=\"tb-skeleton__bone\"><span class=\"tb-skeleton__invisible-text\"><i class=\"fa-solid fa-chevron-down\"><\/i><\/span><\/span>\n                                    <\/div>\n                                <\/div>\n                            <\/div>\n                            <div class=\"tb-calendar-v2-departure__divider mobile-only tb-skeleton__bone\"><\/div>\n                            <div class=\"tb-calendar-v2-departure__expand-button mobile-only tb-skeleton__disabled\" disabled>\n                                <span class=\"tb-skeleton__bone\"><span class=\"tb-skeleton__invisible-text\"><span class=\"more-info\">Mehr Infos<\/span> <span class=\"less-info\">Weniger Infos<\/span> <i class=\"fa-solid fa-chevron-down\"><\/i><\/span><\/span>\n                            <\/div>\n                        <\/li>\n                                            <li class=\"tb-calendar-v2__departure tb-calendar-v2-departure tb-skeleton__border\" data-availability=\"free\">\n                            <div class=\"tb-calendar-v2-departure__essential\">\n                                <div class=\"tb-calendar-v2-departure__first-part\">\n                                    <div class=\"tb-calendar-v2-departure__destination desktop-only\">\n                                        <span class=\"tb-skeleton__bone\"><span class=\"tb-skeleton__invisible-text\"><strong>Beispielreise<\/strong><\/span><\/span>\n                                    <\/div>\n                                    <div class=\"tb-calendar-v2-departure__dates\">\n                                        <div class=\"tb-calendar-v2-departure__startdate\">\n                                            <span class=\"tb-skeleton__bone\"><span class=\"tb-skeleton__invisible-text\">Montag<\/span><\/span>\n                                            <span class=\"tb-skeleton__bone\"><span class=\"tb-skeleton__invisible-text\"><strong>20. Jan 2025<\/strong><\/span><\/span>\n                                        <\/div>\n                                        <span class=\"tb-skeleton__bone\"><span class=\"tb-skeleton__invisible-text\"><i class=\"fa-solid fa-arrow-right\"><\/i><\/span><\/span>\n                                        <div class=\"tb-calendar-v2-departure__enddate\">\n                                            <span class=\"tb-skeleton__bone\"><span class=\"tb-skeleton__invisible-text\">Sonntag<\/span><\/span>\n                                            <span class=\"tb-skeleton__bone\"><span class=\"tb-skeleton__invisible-text\"><strong>26. Jan 2025<\/strong><\/span><\/span>\n                                        <\/div>\n                                    <\/div>\n                                    <div class=\"tb-calendar-v2-departure__divider desktop-only tb-skeleton__bone\"><\/div>\n                                    <div class=\"tb-calendar-v2-departure__availability desktop-only\" data-availability=\"free\"><strong>\n                                            <span class=\"tb-skeleton__bone\"><span class=\"tb-skeleton__invisible-text\">Verf\u00fcgbar<\/span><\/span>\n                                        <\/strong><\/div>\n                                    <div class=\"tb-calendar-v2-departure__spots desktop-only\">\n                                        <span class=\"tb-skeleton__bone\"><span class=\"tb-skeleton__invisible-text\">\n                                                                                             <\/span><\/span>\n                                    <\/div>\n                                <\/div>\n                                <div class=\"tb-calendar-v2-departure__last-part\">\n                                    <div class=\"tb-calendar-v2-departure__price\"><span class=\"tb-skeleton__bone\"><span class=\"tb-skeleton__invisible-text\"><strong>\u20ac 1450<\/strong><\/span><\/span><\/div>\n                                    <div class=\"tb-calendar-v2-departure__availability mobile-only\" data-availability=\"free\">\n                                        <strong>\n                                            <span class=\"tb-skeleton__bone\"><span class=\"tb-skeleton__invisible-text\">Verf\u00fcgbar<\/span><\/span>\n                                        <\/strong>\n                                    <\/div>\n                                    <div class=\"tb-calendar-v2-departure__expand-button tb-skeleton__disabled desktop-only\" disabled>\n                                        <span class=\"tb-skeleton__bone\"><span class=\"tb-skeleton__invisible-text\"><i class=\"fa-solid fa-chevron-down\"><\/i><\/span><\/span>\n                                    <\/div>\n                                <\/div>\n                            <\/div>\n                            <div class=\"tb-calendar-v2-departure__divider mobile-only tb-skeleton__bone\"><\/div>\n                            <div class=\"tb-calendar-v2-departure__expand-button mobile-only tb-skeleton__disabled\" disabled>\n                                <span class=\"tb-skeleton__bone\"><span class=\"tb-skeleton__invisible-text\"><span class=\"more-info\">Mehr Infos<\/span> <span class=\"less-info\">Weniger Infos<\/span> <i class=\"fa-solid fa-chevron-down\"><\/i><\/span><\/span>\n                            <\/div>\n                        <\/li>\n                                            <li class=\"tb-calendar-v2__departure tb-calendar-v2-departure tb-skeleton__border\" data-availability=\"free\">\n                            <div class=\"tb-calendar-v2-departure__essential\">\n                                <div class=\"tb-calendar-v2-departure__first-part\">\n                                    <div class=\"tb-calendar-v2-departure__destination desktop-only\">\n                                        <span class=\"tb-skeleton__bone\"><span class=\"tb-skeleton__invisible-text\"><strong>Beispielreise<\/strong><\/span><\/span>\n                                    <\/div>\n                                    <div class=\"tb-calendar-v2-departure__dates\">\n                                        <div class=\"tb-calendar-v2-departure__startdate\">\n                                            <span class=\"tb-skeleton__bone\"><span class=\"tb-skeleton__invisible-text\">Montag<\/span><\/span>\n                                            <span class=\"tb-skeleton__bone\"><span class=\"tb-skeleton__invisible-text\"><strong>20. Jan 2025<\/strong><\/span><\/span>\n                                        <\/div>\n                                        <span class=\"tb-skeleton__bone\"><span class=\"tb-skeleton__invisible-text\"><i class=\"fa-solid fa-arrow-right\"><\/i><\/span><\/span>\n                                        <div class=\"tb-calendar-v2-departure__enddate\">\n                                            <span class=\"tb-skeleton__bone\"><span class=\"tb-skeleton__invisible-text\">Sonntag<\/span><\/span>\n                                            <span class=\"tb-skeleton__bone\"><span class=\"tb-skeleton__invisible-text\"><strong>26. Jan 2025<\/strong><\/span><\/span>\n                                        <\/div>\n                                    <\/div>\n                                    <div class=\"tb-calendar-v2-departure__divider desktop-only tb-skeleton__bone\"><\/div>\n                                    <div class=\"tb-calendar-v2-departure__availability desktop-only\" data-availability=\"free\"><strong>\n                                            <span class=\"tb-skeleton__bone\"><span class=\"tb-skeleton__invisible-text\">Verf\u00fcgbar<\/span><\/span>\n                                        <\/strong><\/div>\n                                    <div class=\"tb-calendar-v2-departure__spots desktop-only\">\n                                        <span class=\"tb-skeleton__bone\"><span class=\"tb-skeleton__invisible-text\">\n                                                                                             <\/span><\/span>\n                                    <\/div>\n                                <\/div>\n                                <div class=\"tb-calendar-v2-departure__last-part\">\n                                    <div class=\"tb-calendar-v2-departure__price\"><span class=\"tb-skeleton__bone\"><span class=\"tb-skeleton__invisible-text\"><strong>\u20ac 1450<\/strong><\/span><\/span><\/div>\n                                    <div class=\"tb-calendar-v2-departure__availability mobile-only\" data-availability=\"free\">\n                                        <strong>\n                                            <span class=\"tb-skeleton__bone\"><span class=\"tb-skeleton__invisible-text\">Verf\u00fcgbar<\/span><\/span>\n                                        <\/strong>\n                                    <\/div>\n                                    <div class=\"tb-calendar-v2-departure__expand-button tb-skeleton__disabled desktop-only\" disabled>\n                                        <span class=\"tb-skeleton__bone\"><span class=\"tb-skeleton__invisible-text\"><i class=\"fa-solid fa-chevron-down\"><\/i><\/span><\/span>\n                                    <\/div>\n                                <\/div>\n                            <\/div>\n                            <div class=\"tb-calendar-v2-departure__divider mobile-only tb-skeleton__bone\"><\/div>\n                            <div class=\"tb-calendar-v2-departure__expand-button mobile-only tb-skeleton__disabled\" disabled>\n                                <span class=\"tb-skeleton__bone\"><span class=\"tb-skeleton__invisible-text\"><span class=\"more-info\">Mehr Infos<\/span> <span class=\"less-info\">Weniger Infos<\/span> <i class=\"fa-solid fa-chevron-down\"><\/i><\/span><\/span>\n                            <\/div>\n                        <\/li>\n                                            <li class=\"tb-calendar-v2__departure tb-calendar-v2-departure tb-skeleton__border\" data-availability=\"free\">\n                            <div class=\"tb-calendar-v2-departure__essential\">\n                                <div class=\"tb-calendar-v2-departure__first-part\">\n                                    <div class=\"tb-calendar-v2-departure__destination desktop-only\">\n                                        <span class=\"tb-skeleton__bone\"><span class=\"tb-skeleton__invisible-text\"><strong>Beispielreise<\/strong><\/span><\/span>\n                                    <\/div>\n                                    <div class=\"tb-calendar-v2-departure__dates\">\n                                        <div class=\"tb-calendar-v2-departure__startdate\">\n                                            <span class=\"tb-skeleton__bone\"><span class=\"tb-skeleton__invisible-text\">Montag<\/span><\/span>\n                                            <span class=\"tb-skeleton__bone\"><span class=\"tb-skeleton__invisible-text\"><strong>20. Jan 2025<\/strong><\/span><\/span>\n                                        <\/div>\n                                        <span class=\"tb-skeleton__bone\"><span class=\"tb-skeleton__invisible-text\"><i class=\"fa-solid fa-arrow-right\"><\/i><\/span><\/span>\n                                        <div class=\"tb-calendar-v2-departure__enddate\">\n                                            <span class=\"tb-skeleton__bone\"><span class=\"tb-skeleton__invisible-text\">Sonntag<\/span><\/span>\n                                            <span class=\"tb-skeleton__bone\"><span class=\"tb-skeleton__invisible-text\"><strong>26. Jan 2025<\/strong><\/span><\/span>\n                                        <\/div>\n                                    <\/div>\n                                    <div class=\"tb-calendar-v2-departure__divider desktop-only tb-skeleton__bone\"><\/div>\n                                    <div class=\"tb-calendar-v2-departure__availability desktop-only\" data-availability=\"free\"><strong>\n                                            <span class=\"tb-skeleton__bone\"><span class=\"tb-skeleton__invisible-text\">Verf\u00fcgbar<\/span><\/span>\n                                        <\/strong><\/div>\n                                    <div class=\"tb-calendar-v2-departure__spots desktop-only\">\n                                        <span class=\"tb-skeleton__bone\"><span class=\"tb-skeleton__invisible-text\">\n                                                                                             <\/span><\/span>\n                                    <\/div>\n                                <\/div>\n                                <div class=\"tb-calendar-v2-departure__last-part\">\n                                    <div class=\"tb-calendar-v2-departure__price\"><span class=\"tb-skeleton__bone\"><span class=\"tb-skeleton__invisible-text\"><strong>\u20ac 1450<\/strong><\/span><\/span><\/div>\n                                    <div class=\"tb-calendar-v2-departure__availability mobile-only\" data-availability=\"free\">\n                                        <strong>\n                                            <span class=\"tb-skeleton__bone\"><span class=\"tb-skeleton__invisible-text\">Verf\u00fcgbar<\/span><\/span>\n                                        <\/strong>\n                                    <\/div>\n                                    <div class=\"tb-calendar-v2-departure__expand-button tb-skeleton__disabled desktop-only\" disabled>\n                                        <span class=\"tb-skeleton__bone\"><span class=\"tb-skeleton__invisible-text\"><i class=\"fa-solid fa-chevron-down\"><\/i><\/span><\/span>\n                                    <\/div>\n                                <\/div>\n                            <\/div>\n                            <div class=\"tb-calendar-v2-departure__divider mobile-only tb-skeleton__bone\"><\/div>\n                            <div class=\"tb-calendar-v2-departure__expand-button mobile-only tb-skeleton__disabled\" disabled>\n                                <span class=\"tb-skeleton__bone\"><span class=\"tb-skeleton__invisible-text\"><span class=\"more-info\">Mehr Infos<\/span> <span class=\"less-info\">Weniger Infos<\/span> <i class=\"fa-solid fa-chevron-down\"><\/i><\/span><\/span>\n                            <\/div>\n                        <\/li>\n                                            <li class=\"tb-calendar-v2__departure tb-calendar-v2-departure tb-skeleton__border\" data-availability=\"free\">\n                            <div class=\"tb-calendar-v2-departure__essential\">\n                                <div class=\"tb-calendar-v2-departure__first-part\">\n                                    <div class=\"tb-calendar-v2-departure__destination desktop-only\">\n                                        <span class=\"tb-skeleton__bone\"><span class=\"tb-skeleton__invisible-text\"><strong>Beispielreise<\/strong><\/span><\/span>\n                                    <\/div>\n                                    <div class=\"tb-calendar-v2-departure__dates\">\n                                        <div class=\"tb-calendar-v2-departure__startdate\">\n                                            <span class=\"tb-skeleton__bone\"><span class=\"tb-skeleton__invisible-text\">Montag<\/span><\/span>\n                                            <span class=\"tb-skeleton__bone\"><span class=\"tb-skeleton__invisible-text\"><strong>20. Jan 2025<\/strong><\/span><\/span>\n                                        <\/div>\n                                        <span class=\"tb-skeleton__bone\"><span class=\"tb-skeleton__invisible-text\"><i class=\"fa-solid fa-arrow-right\"><\/i><\/span><\/span>\n                                        <div class=\"tb-calendar-v2-departure__enddate\">\n                                            <span class=\"tb-skeleton__bone\"><span class=\"tb-skeleton__invisible-text\">Sonntag<\/span><\/span>\n                                            <span class=\"tb-skeleton__bone\"><span class=\"tb-skeleton__invisible-text\"><strong>26. Jan 2025<\/strong><\/span><\/span>\n                                        <\/div>\n                                    <\/div>\n                                    <div class=\"tb-calendar-v2-departure__divider desktop-only tb-skeleton__bone\"><\/div>\n                                    <div class=\"tb-calendar-v2-departure__availability desktop-only\" data-availability=\"free\"><strong>\n                                            <span class=\"tb-skeleton__bone\"><span class=\"tb-skeleton__invisible-text\">Verf\u00fcgbar<\/span><\/span>\n                                        <\/strong><\/div>\n                                    <div class=\"tb-calendar-v2-departure__spots desktop-only\">\n                                        <span class=\"tb-skeleton__bone\"><span class=\"tb-skeleton__invisible-text\">\n                                                                                             <\/span><\/span>\n                                    <\/div>\n                                <\/div>\n                                <div class=\"tb-calendar-v2-departure__last-part\">\n                                    <div class=\"tb-calendar-v2-departure__price\"><span class=\"tb-skeleton__bone\"><span class=\"tb-skeleton__invisible-text\"><strong>\u20ac 1450<\/strong><\/span><\/span><\/div>\n                                    <div class=\"tb-calendar-v2-departure__availability mobile-only\" data-availability=\"free\">\n                                        <strong>\n                                            <span class=\"tb-skeleton__bone\"><span class=\"tb-skeleton__invisible-text\">Verf\u00fcgbar<\/span><\/span>\n                                        <\/strong>\n                                    <\/div>\n                                    <div class=\"tb-calendar-v2-departure__expand-button tb-skeleton__disabled desktop-only\" disabled>\n                                        <span class=\"tb-skeleton__bone\"><span class=\"tb-skeleton__invisible-text\"><i class=\"fa-solid fa-chevron-down\"><\/i><\/span><\/span>\n                                    <\/div>\n                                <\/div>\n                            <\/div>\n                            <div class=\"tb-calendar-v2-departure__divider mobile-only tb-skeleton__bone\"><\/div>\n                            <div class=\"tb-calendar-v2-departure__expand-button mobile-only tb-skeleton__disabled\" disabled>\n                                <span class=\"tb-skeleton__bone\"><span class=\"tb-skeleton__invisible-text\"><span class=\"more-info\">Mehr Infos<\/span> <span class=\"less-info\">Weniger Infos<\/span> <i class=\"fa-solid fa-chevron-down\"><\/i><\/span><\/span>\n                            <\/div>\n                        <\/li>\n                                    <\/ul>\n            <\/div>\n        <\/div>\n    <\/div>\n<\/div>            <div class=\"tb-calendar-v2 tb-sections\" data-calendar-data=\"{&quot;brands&quot;:[{&quot;type&quot;:&quot;brands&quot;,&quot;id&quot;:&quot;89&quot;,&quot;attributes&quot;:{&quot;name&quot;:&quot;Madeira Trail&quot;,&quot;translatableName&quot;:{&quot;de&quot;:&quot;Madeira Trail&quot;,&quot;en&quot;:&quot;Madeira Trail&quot;,&quot;fr&quot;:&quot;Madeira Trail&quot;,&quot;nl&quot;:&quot;Madeira Trail&quot;}}}],&quot;packages&quot;:[{&quot;type&quot;:&quot;packages&quot;,&quot;id&quot;:&quot;MAT-MAT&quot;,&quot;attributes&quot;:{&quot;name&quot;:&quot;Madeira Trail - Madeira Trail&quot;,&quot;destinationName&quot;:&quot;&quot;,&quot;destinationCountry&quot;:&quot;PT&quot;,&quot;destinationTitle&quot;:{&quot;en&quot;:&quot;&quot;,&quot;nl&quot;:&quot;&quot;,&quot;fr&quot;:&quot;&quot;,&quot;de&quot;:&quot;&quot;},&quot;status&quot;:&quot;active&quot;,&quot;sortOrder&quot;:null,&quot;updatedAt&quot;:&quot;2026-09-01T17:50:13.000000Z&quot;},&quot;relationships&quot;:{&quot;brand&quot;:{&quot;data&quot;:{&quot;type&quot;:&quot;brands&quot;,&quot;id&quot;:&quot;89&quot;}}}}],&quot;departures&quot;:[{&quot;type&quot;:&quot;departures&quot;,&quot;id&quot;:&quot;t11596&quot;,&quot;attributes&quot;:{&quot;name&quot;:&quot;MAT26A-W38-SAT-6D&quot;,&quot;start&quot;:&quot;2026-09-19T10:00:00.000000Z&quot;,&quot;end&quot;:&quot;2026-09-25T12:00:00.000000Z&quot;,&quot;cheapestPrice&quot;:845,&quot;languages&quot;:[&quot;nl&quot;,&quot;fr&quot;,&quot;de&quot;,&quot;en&quot;],&quot;availableSpots&quot;:0,&quot;bookedSpots&quot;:10,&quot;fakeLabel&quot;:&quot;sold out&quot;,&quot;availabilityLabel&quot;:&quot;sold out&quot;,&quot;promoLabel&quot;:null,&quot;status&quot;:&quot;active&quot;,&quot;calendarToggles&quot;:null,&quot;bookable&quot;:true,&quot;bookingUrl&quot;:&quot;https:\\\/\\\/booking.travelbase.eu\\\/mat26a\\\/book?trip=11596&quot;,&quot;packageId&quot;:&quot;MAT-MAT&quot;}},{&quot;type&quot;:&quot;departures&quot;,&quot;id&quot;:&quot;t11598&quot;,&quot;attributes&quot;:{&quot;name&quot;:&quot;MAT26A-W39-MON-6D&quot;,&quot;start&quot;:&quot;2026-09-21T10:00:00.000000Z&quot;,&quot;end&quot;:&quot;2026-09-27T12:00:00.000000Z&quot;,&quot;cheapestPrice&quot;:835,&quot;languages&quot;:[&quot;de&quot;,&quot;en&quot;],&quot;availableSpots&quot;:0,&quot;bookedSpots&quot;:10,&quot;fakeLabel&quot;:&quot;sold out&quot;,&quot;availabilityLabel&quot;:&quot;sold out&quot;,&quot;promoLabel&quot;:null,&quot;status&quot;:&quot;active&quot;,&quot;calendarToggles&quot;:null,&quot;bookable&quot;:false,&quot;bookingUrl&quot;:&quot;https:\\\/\\\/booking.travelbase.eu\\\/mat26a\\\/book?trip=11598&quot;,&quot;packageId&quot;:&quot;MAT-MAT&quot;}},{&quot;type&quot;:&quot;departures&quot;,&quot;id&quot;:&quot;t11602&quot;,&quot;attributes&quot;:{&quot;name&quot;:&quot;MAT26A-W39-FRI-6D&quot;,&quot;start&quot;:&quot;2026-09-25T10:00:00.000000Z&quot;,&quot;end&quot;:&quot;2026-10-01T12:00:00.000000Z&quot;,&quot;cheapestPrice&quot;:835,&quot;languages&quot;:[&quot;fr&quot;,&quot;nl&quot;,&quot;en&quot;,&quot;de&quot;],&quot;availableSpots&quot;:0,&quot;bookedSpots&quot;:10,&quot;fakeLabel&quot;:&quot;sold out&quot;,&quot;availabilityLabel&quot;:&quot;sold out&quot;,&quot;promoLabel&quot;:null,&quot;status&quot;:&quot;active&quot;,&quot;calendarToggles&quot;:null,&quot;bookable&quot;:false,&quot;bookingUrl&quot;:&quot;https:\\\/\\\/booking.travelbase.eu\\\/mat26a\\\/book?trip=11602&quot;,&quot;packageId&quot;:&quot;MAT-MAT&quot;}},{&quot;type&quot;:&quot;departures&quot;,&quot;id&quot;:&quot;t11603&quot;,&quot;attributes&quot;:{&quot;name&quot;:&quot;MAT26A-W39-SAT-6D&quot;,&quot;start&quot;:&quot;2026-09-26T10:00:00.000000Z&quot;,&quot;end&quot;:&quot;2026-10-02T12:00:00.000000Z&quot;,&quot;cheapestPrice&quot;:845,&quot;languages&quot;:[&quot;nl&quot;,&quot;de&quot;,&quot;en&quot;,&quot;fr&quot;],&quot;availableSpots&quot;:0,&quot;bookedSpots&quot;:9,&quot;fakeLabel&quot;:&quot;sold out&quot;,&quot;availabilityLabel&quot;:&quot;sold out&quot;,&quot;promoLabel&quot;:null,&quot;status&quot;:&quot;active&quot;,&quot;calendarToggles&quot;:null,&quot;bookable&quot;:false,&quot;bookingUrl&quot;:&quot;https:\\\/\\\/booking.travelbase.eu\\\/mat26a\\\/book?trip=11603&quot;,&quot;packageId&quot;:&quot;MAT-MAT&quot;}},{&quot;type&quot;:&quot;departures&quot;,&quot;id&quot;:&quot;t11605&quot;,&quot;attributes&quot;:{&quot;name&quot;:&quot;MAT26A-W40-MON-6D&quot;,&quot;start&quot;:&quot;2026-09-28T10:00:00.000000Z&quot;,&quot;end&quot;:&quot;2026-10-04T12:00:00.000000Z&quot;,&quot;cheapestPrice&quot;:835,&quot;languages&quot;:[&quot;de&quot;,&quot;nl&quot;],&quot;availableSpots&quot;:0,&quot;bookedSpots&quot;:10,&quot;fakeLabel&quot;:&quot;sold out&quot;,&quot;availabilityLabel&quot;:&quot;sold out&quot;,&quot;promoLabel&quot;:null,&quot;status&quot;:&quot;active&quot;,&quot;calendarToggles&quot;:null,&quot;bookable&quot;:false,&quot;bookingUrl&quot;:&quot;https:\\\/\\\/booking.travelbase.eu\\\/mat26a\\\/book?trip=11605&quot;,&quot;packageId&quot;:&quot;MAT-MAT&quot;}},{&quot;type&quot;:&quot;departures&quot;,&quot;id&quot;:&quot;t11610&quot;,&quot;attributes&quot;:{&quot;name&quot;:&quot;MAT26A-W40-SAT-6D&quot;,&quot;start&quot;:&quot;2026-10-03T10:00:00.000000Z&quot;,&quot;end&quot;:&quot;2026-10-09T12:00:00.000000Z&quot;,&quot;cheapestPrice&quot;:845,&quot;languages&quot;:[&quot;nl&quot;,&quot;fr&quot;,&quot;de&quot;,&quot;en&quot;],&quot;availableSpots&quot;:0,&quot;bookedSpots&quot;:10,&quot;fakeLabel&quot;:&quot;sold out&quot;,&quot;availabilityLabel&quot;:&quot;sold out&quot;,&quot;promoLabel&quot;:null,&quot;status&quot;:&quot;active&quot;,&quot;calendarToggles&quot;:null,&quot;bookable&quot;:false,&quot;bookingUrl&quot;:&quot;https:\\\/\\\/booking.travelbase.eu\\\/mat26a\\\/book?trip=11610&quot;,&quot;packageId&quot;:&quot;MAT-MAT&quot;}},{&quot;type&quot;:&quot;departures&quot;,&quot;id&quot;:&quot;t11612&quot;,&quot;attributes&quot;:{&quot;name&quot;:&quot;MAT26A-W41-MON-6D&quot;,&quot;start&quot;:&quot;2026-10-05T10:00:00.000000Z&quot;,&quot;end&quot;:&quot;2026-10-11T12:00:00.000000Z&quot;,&quot;cheapestPrice&quot;:835,&quot;languages&quot;:[&quot;de&quot;,&quot;en&quot;],&quot;availableSpots&quot;:0,&quot;bookedSpots&quot;:10,&quot;fakeLabel&quot;:&quot;sold out&quot;,&quot;availabilityLabel&quot;:&quot;sold out&quot;,&quot;promoLabel&quot;:null,&quot;status&quot;:&quot;active&quot;,&quot;calendarToggles&quot;:null,&quot;bookable&quot;:false,&quot;bookingUrl&quot;:&quot;https:\\\/\\\/booking.travelbase.eu\\\/mat26a\\\/book?trip=11612&quot;,&quot;packageId&quot;:&quot;MAT-MAT&quot;}},{&quot;type&quot;:&quot;departures&quot;,&quot;id&quot;:&quot;t11617&quot;,&quot;attributes&quot;:{&quot;name&quot;:&quot;MAT26A-W41-SAT-6D&quot;,&quot;start&quot;:&quot;2026-10-10T10:00:00.000000Z&quot;,&quot;end&quot;:&quot;2026-10-16T12:00:00.000000Z&quot;,&quot;cheapestPrice&quot;:845,&quot;languages&quot;:[&quot;fr&quot;,&quot;de&quot;,&quot;en&quot;,&quot;nl&quot;],&quot;availableSpots&quot;:0,&quot;bookedSpots&quot;:10,&quot;fakeLabel&quot;:&quot;sold out&quot;,&quot;availabilityLabel&quot;:&quot;sold out&quot;,&quot;promoLabel&quot;:null,&quot;status&quot;:&quot;active&quot;,&quot;calendarToggles&quot;:null,&quot;bookable&quot;:false,&quot;bookingUrl&quot;:&quot;https:\\\/\\\/booking.travelbase.eu\\\/mat26a\\\/book?trip=11617&quot;,&quot;packageId&quot;:&quot;MAT-MAT&quot;}},{&quot;type&quot;:&quot;departures&quot;,&quot;id&quot;:&quot;t11619&quot;,&quot;attributes&quot;:{&quot;name&quot;:&quot;MAT26A-W42-MON-6D&quot;,&quot;start&quot;:&quot;2026-10-12T10:00:00.000000Z&quot;,&quot;end&quot;:&quot;2026-10-18T12:00:00.000000Z&quot;,&quot;cheapestPrice&quot;:825,&quot;languages&quot;:[&quot;de&quot;,&quot;en&quot;,&quot;nl&quot;],&quot;availableSpots&quot;:0,&quot;bookedSpots&quot;:10,&quot;fakeLabel&quot;:&quot;sold out&quot;,&quot;availabilityLabel&quot;:&quot;sold out&quot;,&quot;promoLabel&quot;:null,&quot;status&quot;:&quot;active&quot;,&quot;calendarToggles&quot;:null,&quot;bookable&quot;:false,&quot;bookingUrl&quot;:&quot;https:\\\/\\\/booking.travelbase.eu\\\/mat26a\\\/book?trip=11619&quot;,&quot;packageId&quot;:&quot;MAT-MAT&quot;}},{&quot;type&quot;:&quot;departures&quot;,&quot;id&quot;:&quot;t11624&quot;,&quot;attributes&quot;:{&quot;name&quot;:&quot;MAT26A-W42-SAT-6D&quot;,&quot;start&quot;:&quot;2026-10-17T10:00:00.000000Z&quot;,&quot;end&quot;:&quot;2026-10-23T12:00:00.000000Z&quot;,&quot;cheapestPrice&quot;:845,&quot;languages&quot;:[&quot;nl&quot;,&quot;fr&quot;,&quot;de&quot;,&quot;en&quot;],&quot;availableSpots&quot;:0,&quot;bookedSpots&quot;:10,&quot;fakeLabel&quot;:&quot;sold out&quot;,&quot;availabilityLabel&quot;:&quot;sold out&quot;,&quot;promoLabel&quot;:null,&quot;status&quot;:&quot;active&quot;,&quot;calendarToggles&quot;:null,&quot;bookable&quot;:false,&quot;bookingUrl&quot;:&quot;https:\\\/\\\/booking.travelbase.eu\\\/mat26a\\\/book?trip=11624&quot;,&quot;packageId&quot;:&quot;MAT-MAT&quot;}},{&quot;type&quot;:&quot;departures&quot;,&quot;id&quot;:&quot;t11626&quot;,&quot;attributes&quot;:{&quot;name&quot;:&quot;MAT26A-W43-MON-6D&quot;,&quot;start&quot;:&quot;2026-10-19T10:00:00.000000Z&quot;,&quot;end&quot;:&quot;2026-10-25T13:00:00.000000Z&quot;,&quot;cheapestPrice&quot;:825,&quot;languages&quot;:[&quot;de&quot;,&quot;en&quot;,&quot;nl&quot;,&quot;fr&quot;],&quot;availableSpots&quot;:0,&quot;bookedSpots&quot;:10,&quot;fakeLabel&quot;:&quot;sold out&quot;,&quot;availabilityLabel&quot;:&quot;sold out&quot;,&quot;promoLabel&quot;:null,&quot;status&quot;:&quot;active&quot;,&quot;calendarToggles&quot;:null,&quot;bookable&quot;:false,&quot;bookingUrl&quot;:&quot;https:\\\/\\\/booking.travelbase.eu\\\/mat26a\\\/book?trip=11626&quot;,&quot;packageId&quot;:&quot;MAT-MAT&quot;}},{&quot;type&quot;:&quot;departures&quot;,&quot;id&quot;:&quot;t11631&quot;,&quot;attributes&quot;:{&quot;name&quot;:&quot;MAT26A-W43-SAT-6D&quot;,&quot;start&quot;:&quot;2026-10-24T10:00:00.000000Z&quot;,&quot;end&quot;:&quot;2026-10-30T13:00:00.000000Z&quot;,&quot;cheapestPrice&quot;:825,&quot;languages&quot;:[&quot;nl&quot;,&quot;fr&quot;,&quot;de&quot;,&quot;en&quot;],&quot;availableSpots&quot;:0,&quot;bookedSpots&quot;:10,&quot;fakeLabel&quot;:&quot;sold out&quot;,&quot;availabilityLabel&quot;:&quot;sold out&quot;,&quot;promoLabel&quot;:null,&quot;status&quot;:&quot;active&quot;,&quot;calendarToggles&quot;:null,&quot;bookable&quot;:false,&quot;bookingUrl&quot;:&quot;https:\\\/\\\/booking.travelbase.eu\\\/mat26a\\\/book?trip=11631&quot;,&quot;packageId&quot;:&quot;MAT-MAT&quot;}},{&quot;type&quot;:&quot;departures&quot;,&quot;id&quot;:&quot;t11633&quot;,&quot;attributes&quot;:{&quot;name&quot;:&quot;MAT26A-W44-MON-6D&quot;,&quot;start&quot;:&quot;2026-10-26T11:00:00.000000Z&quot;,&quot;end&quot;:&quot;2026-11-01T13:00:00.000000Z&quot;,&quot;cheapestPrice&quot;:825,&quot;languages&quot;:[&quot;de&quot;,&quot;en&quot;,&quot;nl&quot;,&quot;fr&quot;],&quot;availableSpots&quot;:0,&quot;bookedSpots&quot;:10,&quot;fakeLabel&quot;:&quot;sold out&quot;,&quot;availabilityLabel&quot;:&quot;sold out&quot;,&quot;promoLabel&quot;:null,&quot;status&quot;:&quot;active&quot;,&quot;calendarToggles&quot;:null,&quot;bookable&quot;:false,&quot;bookingUrl&quot;:&quot;https:\\\/\\\/booking.travelbase.eu\\\/mat26a\\\/book?trip=11633&quot;,&quot;packageId&quot;:&quot;MAT-MAT&quot;}},{&quot;type&quot;:&quot;departures&quot;,&quot;id&quot;:&quot;t11638&quot;,&quot;attributes&quot;:{&quot;name&quot;:&quot;MAT26A-W44-SAT-6D&quot;,&quot;start&quot;:&quot;2026-10-31T11:00:00.000000Z&quot;,&quot;end&quot;:&quot;2026-11-06T13:00:00.000000Z&quot;,&quot;cheapestPrice&quot;:845,&quot;languages&quot;:[&quot;nl&quot;,&quot;en&quot;,&quot;fr&quot;,&quot;de&quot;],&quot;availableSpots&quot;:0,&quot;bookedSpots&quot;:10,&quot;fakeLabel&quot;:&quot;sold out&quot;,&quot;availabilityLabel&quot;:&quot;sold out&quot;,&quot;promoLabel&quot;:null,&quot;status&quot;:&quot;active&quot;,&quot;calendarToggles&quot;:null,&quot;bookable&quot;:false,&quot;bookingUrl&quot;:&quot;https:\\\/\\\/booking.travelbase.eu\\\/mat26a\\\/book?trip=11638&quot;,&quot;packageId&quot;:&quot;MAT-MAT&quot;}}]}\" data-summary-content=\"Un acompte de 30 % vous sera demand\u00e9 lors de la r\u00e9servation, ou \u00e0 payer dans les 5 jours, et le solde sera \u00e0 r\u00e9gler jusqu&#039;\u00e0 2 mois avant votre d\u00e9part.\" data-summary-inclusive='[{&quot;remark&quot;:&quot;Circuit d\\u00e9taill\\u00e9 et organisation compl\\u00e8te du s\\u00e9jour&quot;,&quot;rowid&quot;:&quot;68416e2bd61c6&quot;},{&quot;remark&quot;:&quot;Trois nuits en h\\u00f4tel confortable dans des lieux uniques, petit d\\u00e9jeuner inclus&quot;,&quot;rowid&quot;:&quot;68416e2bd61e5&quot;},{&quot;remark&quot;:&quot;Une nuit en cottage confortable au milieu de la nature, petit d\\u00e9jeuner inclus&quot;,&quot;rowid&quot;:&quot;68416e2bd6202&quot;},{&quot;remark&quot;:&quot;Une nuit unique en refuge, petit d\\u00e9jeuner inclus&quot;,&quot;rowid&quot;:&quot;68416e2bd621d&quot;},{&quot;remark&quot;:&quot; Transport en navette depuis Funchal jusqu&#039;au d\\u00e9but du trek (jour 1)&quot;,&quot;rowid&quot;:&quot;68416e2bd6237&quot;},{&quot;remark&quot;:&quot;Transport de Santana \\u00e0 Porto da Cruz (jour 5)&quot;,&quot;rowid&quot;:&quot;68416e2bd6252&quot;},{&quot;remark&quot;:&quot; Accueil et briefing par un ranger exp\\u00e9riment\\u00e9&quot;,&quot;rowid&quot;:&quot;68416e2bd626c&quot;},{&quot;remark&quot;:&quot; Liste de mat\\u00e9riel compl\\u00e8te afin de ne rien oublier &quot;,&quot;rowid&quot;:&quot;68416e2bd6286&quot;},{&quot;remark&quot;:&quot;Application du Trek \\u00e0 Mad\\u00e8re avec toutes les informations n\\u00e9cessaires&quot;,&quot;rowid&quot;:&quot;68416e2bd62af&quot;},{&quot;remark&quot;:&quot;Taxes de s\\u00e9jour dans les h\\u00f4tels&quot;,&quot;rowid&quot;:&quot;68416e2bd62ca&quot;}]'><\/div>\n        <\/div>\n    <\/div>\n\n\n\n<div class=\"tb-faq tb-block align-center background-light pattern-none variant-none tb-collapsible-margins\" id=\"faq\">\n\t<div class=\"inner-block tb-fade-in tb-fade-in--subtle\">\n\t\t<div class=\"text-part\">\n\t\t\t<h2>FAQ<\/h2>\n\t\t\t\t<div class=\"translation-block\"><p>Keine Antwort gefunden? Schreib uns einfach \u2013 wir helfen dir weiter.<\/p><\/div>\n\t\t\t<\/div>\n\t<\/div>\n\t<div class=\"inner-block\">\n\n\t\t\t\t\t<div\n\t\t\t\tclass=\"faq-list tb-accordion tb-accordion--animation two-col\"\n\t\t\t\tdata-limited=\"1\" data-initial-count=\"6\" >\n\t\t\t\t\t\t\t\t\t<details class=\"details\">\n\t\t\t\t\t\t<summary class=\"summary\">\n\t\t\t\t\t\t\t<div>F\u00fcr wen ist diese Trekkingtour geeignet?\t\t\t<\/div>\n\t\t\t<\/summary>\n\t\t\t<div class=\"content text-part\" >\n\t\t\t\t\t<div class=\"translation-block\"><p>Da die Schwierigkeit einer Trekkingtour von mehreren Faktoren abh\u00e4ngt, haben wir einen <a href=\"#difficulty\">klaren \u00dcberblick<\/a> \u00fcber alles vorbereitet, was sie beeinflussen kann.<\/p><p>Diese Trekkingtour ist f\u00fcr alle Personen zwischen <strong>16 und 65 Jahren<\/strong> zug\u00e4nglich, die <strong>in guter k\u00f6rperlicher Verfassung<\/strong> sind und <strong>eine echte Abenteuerlust<\/strong> haben. Die Woche ist sportlich und erfordert einiges an Einsatz, daher ist es wichtig, gesund zu sein. Denken Sie auch daran, dass das Wetter schnell umschlagen kann. Aufgrund der erheblichen H\u00f6henunterschiede wird diese Trekkingtour Anf\u00e4ngern sowie Personen, die noch nie mehrt\u00e4gige Wanderungen gemacht haben, nicht empfohlen.<\/p><p>Bitte beachten Sie, dass Personen unter 18 Jahren von einem Erwachsenen begleitet werden m\u00fcssen und Kinder nicht erlaubt sind.<\/p><p><strong>Haben Sie Lust, diese Wandertour zu versuchen, sind sich aber unsicher \u00fcber Ihr Niveau?<\/strong><\/p><p>Stellen Sie sich diese Fragen:<\/p><ul><li>Welche k\u00f6rperliche Aktivit\u00e4t mache ich regelm\u00e4\u00dfig und wie lange?<\/li><li>Hatte ich k\u00fcrzlich eine Verletzung, die meine Gehf\u00e4higkeit einschr\u00e4nken k\u00f6nnte?<\/li><li>Kann ich 15 km mit einem 10 kg schweren Rucksack ohne Schwierigkeiten auf h\u00fcgeligem Gel\u00e4nde gehen?<\/li><li>Kann ich in den n\u00e4chsten Monaten mit einem klaren Ziel trainieren, um am Tag X bereit zu sein?<\/li><\/ul><p>Wenn Ihre Antworten Sie beruhigen und Ihnen Vertrauen geben, um sich auf das Abenteuer einzulassen, dann ist diese Trekkingtour genau das Richtige f\u00fcr Sie. Eine Woche nach Ihrer Buchung erhalten Sie einen Trainingsplan, der Ihnen hilft, sich vorzubereiten und das Beste aus der Route herauszuholen.<\/p><p><strong>Kann ich diese Reise alleine buchen?<\/strong><\/p><p>Ja, nat\u00fcrlich. Sie k\u00f6nnen problemlos alleine reisen. Je nach Abreisedatum gibt es oft andere Alleinreisende, sodass Sie leicht die M\u00f6glichkeit haben, unterwegs andere Wanderer kennenzulernen, wenn Sie m\u00f6chten.<\/p><p><strong>Sie sind sich noch unsicher und m\u00f6chten sich vorher testen?<\/strong><\/p><p>Probieren Sie eines unserer Mikro-Abenteuer, wie <a href=\"https:\/\/thevosgestrail.com\/fr\/\">den Vosges Trail,<\/a> <a href=\"https:\/\/themullerthaltrail.com\/fr\/\">Mullerthal Trail<\/a> oder den <a href=\"https:\/\/thepackrafttrail.com\/fr\/\">Packraft Trail.<\/a><\/p><\/div>\n\t\t\t\t<\/div>\n\t\t\t<\/details>\n\t\t\t\t\t\t\t<details class=\"details\">\n\t\t\t\t\t\t<summary class=\"summary\">\n\t\t\t\t\t\t\t<div>Wie ist der Trail organisiert &amp; was kann ich erwarten?\t\t\t<\/div>\n\t\t\t<\/summary>\n\t\t\t<div class=\"content text-part\" >\n\t\t\t\t\t<div class=\"translation-block\"><p>Der Madeira Trail ist ein <strong>selbstgef\u00fchrter Trek<\/strong>. Konkret bedeutet das, dass Sie <strong>ohne Guide<\/strong> in Ihrem eigenen Tempo wandern, w\u00e4hrend wir daf\u00fcr sorgen, dass alles stressfrei abl\u00e4uft. Wir k\u00fcmmern uns um die gesamte Logistik, Sie m\u00fcssen nur <strong>wandern und genie\u00dfen<\/strong>.<\/p><p>Vor Ihrer Abreise erhalten Sie Zugang zu unserer <a href=\"https:\/\/madeiratrail.eu\/fr\/app\/\">App Travelbase<\/a>. Dort finden Sie <strong>die Routen<\/strong>, die <strong>Must-See-Spots<\/strong> und alle <strong>praktischen Informationen<\/strong>. Jede Etappe ist klar erkl\u00e4rt, mit <strong>Navigationshinweisen<\/strong>, <strong>Tipps<\/strong> und n\u00fctzlichen Informationen, damit Sie gut vorbereitet starten k\u00f6nnen, selbst wenn sich das Wetter \u00e4ndert.<\/p><p><strong>Wie verl\u00e4uft Ihre Woche?<\/strong><\/p><ul><li>Am ersten Tag erhalten Sie ein umfassendes Briefing von einem erfahrenen Ranger<\/li><li>W\u00e4hrend der Woche erhalten Sie t\u00e4glich ein detailliertes Briefing per Nachricht<\/li><li>Sie wandern selbstst\u00e4ndig auf unserem Weg f\u00fcr 5 Tage<\/li><li>Alle Ihre Unterk\u00fcnfte (Hotels und H\u00fctten) sind im Voraus reserviert<\/li><li>Wenn Sie die Verpflegungsoption w\u00e4hlen, ist alles organisiert: Sie m\u00fcssen keine Lebensmittel f\u00fcr die Woche planen oder transportieren (au\u00dfer Ihr Picknick f\u00fcr den Tag)<\/li><li>Bei Fragen oder Problemen ist der Ranger jederzeit telefonisch erreichbar, um Ihnen zu helfen<\/li><\/ul><\/div>\n\t\t\t\t<\/div>\n\t\t\t<\/details>\n\t\t\t\t\t\t\t<details class=\"details\">\n\t\t\t\t\t\t<summary class=\"summary\">\n\t\t\t\t\t\t\t<div>Wann ist der erste Wandertag?\t\t\t<\/div>\n\t\t\t<\/summary>\n\t\t\t<div class=\"content text-part\" >\n\t\t\t\t\t<div class=\"translation-block\"><p>F\u00fcr den <strong>Madeira Trail<\/strong> beginnen Sie immer am <strong>Tag nach Ihrer Ankunft<\/strong> mit dem Wandern.<\/p><p>Zum Beispiel, wenn Sie die Woche vom <strong>29. M\u00e4rz bis 4. April<\/strong> buchen, kommen Sie am <strong>29. M\u00e4rz<\/strong> an und Ihr erster Wandertag ist am <strong>30. M\u00e4rz<\/strong>.<\/p><p>Unsere Abfahrtsdaten beinhalten also bereits <strong>Ihren Ankunftstag und Ihren Abreisetag<\/strong>. Sie m\u00fcssen keine zus\u00e4tzlichen N\u00e4chte hinzuf\u00fcgen, um die Wanderung zu machen. Nat\u00fcrlich sind Sie herzlich willkommen, wenn Sie ein paar Tage l\u00e4nger bleiben m\u00f6chten, um Madeira zu erkunden.<\/p><p>Sie k\u00f6nnen auch <strong>eine optionale Hotel\u00fcbernachtung in Funchal<\/strong> f\u00fcr <strong>Ihre erste Nacht<\/strong> hinzuf\u00fcgen. Im obigen Beispiel handelt es sich um die Nacht vom <strong>29. auf den 30. M\u00e4rz<\/strong>.<\/p><p>Diese zus\u00e4tzliche Nacht kann bis <strong>1 Monat vor Abreise<\/strong> zu Ihrer Buchung hinzugef\u00fcgt werden, je nach Verf\u00fcgbarkeit.<\/p><p><strong>Beispiel: Woche vom 29. M\u00e4rz bis 4. April<\/strong><\/p><p>In der <strong>Travelbase App<\/strong> sehen Sie diesen Zeitraum als die gesamte Dauer Ihres Aufenthalts.<\/p><ul><li><strong>29. M\u00e4rz<\/strong>: Ankunft in Funchal, Check-in im <strong>Enotel Magnolia<\/strong> (optionale Nacht)<\/li><li><strong>30. M\u00e4rz<\/strong>: <strong>Fanal \u2192 Raba\u00e7al<\/strong> (Abfahrt des Shuttles um 9 Uhr in Funchal, vor dem Enotel Magnolia)<\/li><li><strong>31. M\u00e4rz<\/strong>: <strong>Raba\u00e7al \u2192 Encumeada<\/strong><\/li><li><strong>1. April<\/strong>: <strong>Encumeada \u2192 Pico Ruivo<\/strong><\/li><li><strong>2. April<\/strong>: <strong>Pico Ruivo \u2192 Santana<\/strong><\/li><li><strong>3. April<\/strong>: <strong>Porto da Cruz \u2192 Machico<\/strong><\/li><li><strong>4. April<\/strong>: Abfahrt von Machico (ca. <strong>10 Min.<\/strong> mit dem Taxi zum Flughafen)<\/li><\/ul><\/div>\n\t\t\t\t<\/div>\n\t\t\t<\/details>\n\t\t\t\t\t\t\t<details class=\"details\">\n\t\t\t\t\t\t<summary class=\"summary\">\n\t\t\t\t\t\t\t<div>Wie sehen die Unterk\u00fcnfte aus?\t\t\t<\/div>\n\t\t\t<\/summary>\n\t\t\t<div class=\"content text-part\" >\n\t\t\t\t\t<div class=\"translation-block\"><p>W\u00e4hrend des <strong>Madeira Trail<\/strong> \u00fcbernachtest du in gem\u00fctlichen Unterk\u00fcnften, die so gestaltet sind, dass du dich nach einem Wandertag wirklich erholen kannst.<\/p><p>Insgesamt wirst du verbringen:<\/p><ul><li><strong>3 N\u00e4chte in einem komfortablen Hotel<\/strong>, in einem <strong>Doppel- oder Zweibettzimmer<\/strong> (+1, wenn du die erste Nacht optional buchst)<\/li><li><strong>1 Nacht in einem gem\u00fctlichen Cottage<\/strong><\/li><li><strong>1 Nacht in einer Bergh\u00fctte<\/strong>, an einem der h\u00f6chsten Punkte Madeiras<\/li><\/ul><p>Unterk\u00fcnfte auf Madeira zu finden, ist nicht immer einfach. Unser Ziel ist es, dich so nah wie m\u00f6glich am Wanderweg unterzubringen, in Orten, die wirklich in der Natur liegen: genau deshalb haben wir sorgf\u00e4ltig Hotels und eine H\u00fctte ausgew\u00e4hlt, die sowohl <strong>gem\u00fctlich<\/strong> als auch <strong>komfortabel<\/strong> und ideal gelegen sind, mit <strong>sch\u00f6nen Ausblicken<\/strong>, damit du jede Nacht gut ausruhen kannst und am n\u00e4chsten Tag mit voller Energie weitermachen kannst.<\/p><p><strong>Reist du allein?<\/strong><\/p><p>Wenn du dich alleine anmeldest, teilst du dein Zimmer mit einem anderen Teilnehmer, in <strong>zwei getrennten Betten<\/strong>. Wir bem\u00fchen uns immer, Teilnehmer <strong>des gleichen Geschlechts<\/strong> zusammenzulegen, obwohl dies nicht immer m\u00f6glich ist.<\/p><\/div>\n\t\t\t\t<\/div>\n\t\t\t<\/details>\n\t\t\t\t\t\t\t<details class=\"details\">\n\t\t\t\t\t\t<summary class=\"summary\">\n\t\t\t\t\t\t\t<div>Gibt es unterwegs Empfang?\t\t\t<\/div>\n\t\t\t<\/summary>\n\t\t\t<div class=\"content text-part\" >\n\t\t\t\t\t<div class=\"translation-block\"><p>W\u00e4hrend des Treks haben Sie <strong>in der Regel Empfang<\/strong>, auch wenn die Intensit\u00e4t je nach Ort variieren kann. Es kann vorkommen, dass die <strong>mobiles Daten<\/strong> schw\u00e4cher oder sogar in bestimmten Abschnitten ganz absent sind, aber meistens haben Sie <strong>zumindest ein kleines Signal<\/strong>, um <strong>einen Anruf zu t\u00e4tigen<\/strong>, falls n\u00f6tig.<\/p><p>Auf den Wegen kann das Signal in engen T\u00e4lern, in bestimmten Gebieten des Lorbeerwaldes und in abgelegenen Bergregionen schw\u00e4cher sein. Das ist normal: Der Empfang kann von gutem 4G zu einem schw\u00e4cheren Signal schwanken und dann einige Minuten sp\u00e4ter wieder besser werden.<\/p><p>In den <strong>Unterk\u00fcnften<\/strong> haben Sie <strong>immer mobilen Empfang<\/strong>, und <strong>wifi<\/strong> ist ebenfalls verf\u00fcgbar, um abends leicht erreichbar zu bleiben.<\/p><p><strong>Praktische Tipps<\/strong><\/p><ul><li>Laden Sie die <a href=\"http:\/\/madeiratrail.eu\/fr\/app\">Travelbase-App<\/a> im Voraus herunter, um die Karte offline nutzen zu k\u00f6nnen<\/li><li>Informieren Sie Ihre Lieben, dass Sie abends antworten werden, sobald Sie in der Unterkunft angekommen sind<\/li><\/ul><\/div>\n\t\t\t\t<\/div>\n\t\t\t<\/details>\n\t\t\t\t\t\t\t<details class=\"details\">\n\t\t\t\t\t\t<summary class=\"summary\">\n\t\t\t\t\t\t\t<div>Was ist im Grundpreis enthalten?\t\t\t<\/div>\n\t\t\t<\/summary>\n\t\t\t<div class=\"content text-part\" >\n\t\t\t\t\t<div class=\"translation-block\"><ul>\n<li>Eine detaillierte Reiseroute und die gesamte Organisation Ihres Aufenthalts<\/li>\n<li>3 N\u00e4chte in einem komfortablen Hotel an einzigartigen Orten<\/li>\n<li>1 Nacht in einem gem\u00fctlichen Cottage<\/li>\n<li>1 besondere Nacht in einer Bergh\u00fctte<\/li>\n<li>5 Fr\u00fchst\u00fccke<\/li>\n<li>Die Kurtaxe f\u00fcr die Unterk\u00fcnfte<\/li>\n<li>Der Shuttleservice von Funchal zum Start des Treks (Tag 1)<\/li>\n<li>Der Shuttleservice vom Hotel nach Santana und weiter nach Porto da Cruz (Tag 5)<\/li>\n<li>Die Begr\u00fc\u00dfung und das Briefing durch einen erfahrenen Ranger<\/li>\n<li>Goodies vom Madeira Trail<\/li>\n<li>Eine vollst\u00e4ndige Ausr\u00fcstungsliste, damit Sie nichts vergessen<\/li>\n<li>Die Madeira Trail App mit allen Informationen, die Sie ben\u00f6tigen<\/li>\n<\/ul><\/div>\n\t\t\t\t<\/div>\n\t\t\t<\/details>\n\t\t\t\t\t\t\t<details class=\"details\">\n\t\t\t\t\t\t<summary class=\"summary\">\n\t\t\t\t\t\t\t<div>Kann ich Optionen nach der Buchung \u00e4ndern?\t\t\t<\/div>\n\t\t\t<\/summary>\n\t\t\t<div class=\"content text-part\" >\n\t\t\t\t\t<div class=\"translation-block\"><p>In den meisten F\u00e4llen kannst du Optionen bis <strong>1 Monat vor Abreise<\/strong> hinzuf\u00fcgen \u2013 je nach Verf\u00fcgbarkeit. F\u00fcr die optionale Hotel\u00fcbernachtung in Funchal empfehlen wir, fr\u00fch zu entscheiden, da die Pl\u00e4tze begrenzt sind.<\/p><p><strong>Wichtig:<\/strong> Die Stornierungsversicherung kann nach der Buchung weder ge\u00e4ndert noch entfernt werden.<\/p><\/div>\n\t\t\t\t<\/div>\n\t\t\t<\/details>\n\t\t\t\t\t\t\t<details class=\"details\">\n\t\t\t\t\t\t<summary class=\"summary\">\n\t\t\t\t\t\t\t<div>Was ist mit der Kurtaxe?\t\t\t<\/div>\n\t\t\t<\/summary>\n\t\t\t<div class=\"content text-part\" >\n\t\t\t\t\t<div class=\"translation-block\"><p>Die Kurtaxe ist im Preis enthalten \u2013 da musst du nichts extra zahlen.<\/p><p>Allerdings erhebt Madeira eine Zugangsgeb\u00fchr f\u00fcr bestimmte markierte Wanderwege (PR-Wanderwege): <strong>4,50 \u20ac pro Person und Weg<\/strong>. Die Buchung l\u00e4uft online \u00fcber die offizielle Plattform <strong>Simplifica<\/strong> <i>(<\/i><a href=\"http:\/\/simplifica.madeira.gov.pt\/\">simplifica.madeira.gov.pt<\/a><i>)<\/i>. Nach der Buchung bekommst du eine Best\u00e4tigung, die du bei Kontrollen auf dem Weg vorzeigen musst.<\/p><p>Jeder Teilnehmer muss die Zug\u00e4nge im Voraus reservieren \u2013 in der Hochsaison mindestens eine Woche vor Abreise. Keine Sorge: Wir schicken dir genaue Anweisungen, welche Wege du reservieren musst und f\u00fcr welche Daten.<\/p><\/div>\n\t\t\t\t<\/div>\n\t\t\t<\/details>\n\t\t\t\t\t\t\t<details class=\"details\">\n\t\t\t\t\t\t<summary class=\"summary\">\n\t\t\t\t\t\t\t<div>Wie l\u00e4uft die Zahlung ab?\t\t\t<\/div>\n\t\t\t<\/summary>\n\t\t\t<div class=\"content text-part\" >\n\t\t\t\t\t<div class=\"translation-block\"><p>Die Zahlung erfolgt in zwei Raten:<\/p><ul><li><strong>30% Anzahlung<\/strong> \u2013 zahlbar innerhalb von 5 Tagen nach der Anmeldung. Wird die Anzahlung nicht rechtzeitig bezahlt, wird die Reservierung automatisch storniert.<\/li><li><strong>Restbetrag<\/strong> \u2013 f\u00e4llig sp\u00e4testens 60 Tage vor Abreise.<\/li><\/ul><p>Alle Zahlungsdetails findest du in deinem Buchungsaccount. Jede Rate hat ihre eigene Referenz und Bankdaten \u2013 achte darauf, die richtigen zu verwenden.<\/p><\/div>\n\t\t\t\t<\/div>\n\t\t\t<\/details>\n\t\t\t\t\t\t\t<details class=\"details\">\n\t\t\t\t\t\t<summary class=\"summary\">\n\t\t\t\t\t\t\t<div>Muss ich meinen Rucksack die ganze Woche tragen?\t\t\t<\/div>\n\t\t\t<\/summary>\n\t\t\t<div class=\"content text-part\" >\n\t\t\t\t\t<div class=\"translation-block\"><p>Das h\u00e4ngt davon ab, ob du die <strong>Gep\u00e4cktransport-Option<\/strong> buchst.<\/p><p>Ohne Option tr\u00e4gst du deinen Rucksack <strong>alle 5 Tage<\/strong>. Mit der Option wird dein Gep\u00e4ck <strong>ab Tag 3<\/strong> von Unterkunft zu Unterkunft transportiert \u2013 die ersten zwei Tage tr\u00e4gst du selbst.<\/p><p>In jedem Fall: pack so leicht wie m\u00f6glich. Unsere <strong>Packliste<\/strong> hilft dir, nur das N\u00f6tigste mitzunehmen.<\/p><\/div>\n\t\t\t\t<\/div>\n\t\t\t<\/details>\n\t\t\t\t\t\t\t<details class=\"details\">\n\t\t\t\t\t\t<summary class=\"summary\">\n\t\t\t\t\t\t\t<div>Wie viele Kilometer lege ich zur\u00fcck?\t\t\t<\/div>\n\t\t\t<\/summary>\n\t\t\t<div class=\"content text-part\" >\n\t\t\t\t\t<div class=\"translation-block\"><p>Insgesamt <strong>85 km<\/strong> auf f\u00fcnf Tage verteilt \u2013 zwischen <strong>12 und 22 km pro Tag<\/strong>. Die Etappen sind herausfordernd aber machbar, auch wenn du noch nicht viele Mehrtagestouren gemacht hast.<\/p><p>Unsere Tipps zu Tempo, Pausen und Ausr\u00fcstung helfen dir, gut vorbereitet zu starten.<\/p><\/div>\n\t\t\t\t<\/div>\n\t\t\t<\/details>\n\t\t\t\t\t\t\t<details class=\"details\">\n\t\t\t\t\t\t<summary class=\"summary\">\n\t\t\t\t\t\t\t<div>Was muss ich f\u00fcr diese Wanderung mitbringen?\t\t\t<\/div>\n\t\t\t<\/summary>\n\t\t\t<div class=\"content text-part\" >\n\t\t\t\t\t<div class=\"translation-block\"><p><strong>Personalausweis<\/strong>&nbsp;<br>Madeira geh\u00f6rt zu Portugal \u2013 du brauchst keinen Reisepass, ein g\u00fcltiger Personalausweis reicht aus.<\/p><p><strong>Wanderausr\u00fcstung<\/strong>&nbsp;<br>Gute Wanderschuhe sind auf Madeira ein Muss. W\u00e4hle ein Paar, in dem du bequem mehrere lange Tage hintereinander laufen kannst \u2013 wir empfehlen Schuhe der Kategorie <strong>A\/B bis B\/C<\/strong> mit gutem Kn\u00f6chelhalt. Einige Abschnitte sind steil, felsig und uneben.<\/p><p>Vor der Abreise bekommst du eine detaillierte <strong>Packliste<\/strong>, damit du wei\u00dft, was du brauchst.<\/p><\/div>\n\t\t\t\t<\/div>\n\t\t\t<\/details>\n\t\t\t\t\t\t\t<details class=\"details\">\n\t\t\t\t\t\t<summary class=\"summary\">\n\t\t\t\t\t\t\t<div>Kann ich w\u00e4hrend der Wanderung mein Gep\u00e4ck irgendwo deponieren?\t\t\t<\/div>\n\t\t\t<\/summary>\n\t\t\t<div class=\"content text-part\" >\n\t\t\t\t\t<div class=\"translation-block\"><p>Ja. Wer mit zus\u00e4tzlichem Gep\u00e4ck reist, kann es sicher aufbewahren lassen.<\/p><p>Zwei Optionen:<\/p><ul><li><strong>Gep\u00e4ckaufbewahrung am Flughafen<\/strong> \u2013 ca. 4,50 \u20ac pro Tag: <a href=\"https:\/\/www.madeiraairport.pt\/en\/fnc\/services-shopping\/essential-services\/left-luggage\">madeiraairport.pt<\/a><\/li><li><strong>LuggageHero<\/strong> \u2013 Abgabeorte in der Stadt: <a href=\"https:\/\/luggagehero.com\">luggagehero.com<\/a><\/li><\/ul><\/div>\n\t\t\t\t<\/div>\n\t\t\t<\/details>\n\t\t\t\t\t\t\t<details class=\"details\">\n\t\t\t\t\t\t<summary class=\"summary\">\n\t\t\t\t\t\t\t<div>Kann ich andere Teilnehmende vor der Abreise kennenlernen?\t\t\t<\/div>\n\t\t\t<\/summary>\n\t\t\t<div class=\"content text-part\" >\n\t\t\t\t\t<div class=\"translation-block\"><p>Ja. Etwa zwei Wochen vor Abreise bekommst du Zugang zur <strong>Gruppe deiner Woche<\/strong> in der Travelbase-App. Der Ranger teilt dort alle wichtigen Infos \u2013 und du kannst dich schon vorher mit den anderen Teilnehmenden austauschen.<\/p><\/div>\n\t\t\t\t<\/div>\n\t\t\t<\/details>\n\t\t\t\t\t\t\t<details class=\"details\">\n\t\t\t\t\t\t<summary class=\"summary\">\n\t\t\t\t\t\t\t<div>Gibt es eine maximale Teilnehmerzahl?\t\t\t<\/div>\n\t\t\t<\/summary>\n\t\t\t<div class=\"content text-part\" >\n\t\t\t\t\t<div class=\"translation-block\"><p>Da es sich um eine Selbstversorger-Wanderung handelt, wandern Sie nicht in einer festen Gruppe mit einem Guide. Sie gehen in Ihrem eigenen Tempo und folgen der Route und den Informationen.<\/p>\n<p>Das hei\u00dft, wenn Sie Lust haben, mit anderen Teilnehmern zu wandern, ist das durchaus m\u00f6glich. Ob Sie mit anderen Wanderern zusammenkommen (oder nicht), h\u00e4ngt vor allem von Ihren W\u00fcnschen und der Gruppe Ihrer Woche ab.<\/p>\n<p>Es gibt maximal <strong>10 Teilnehmer pro Abreisedatum<\/strong>.<\/p><\/div>\n\t\t\t\t<\/div>\n\t\t\t<\/details>\n\t\t\t\t\t\t\t<details class=\"details\">\n\t\t\t\t\t\t<summary class=\"summary\">\n\t\t\t\t\t\t\t<div>Kann ich einen Wandertag auslassen oder fr\u00fcher abbrechen?\t\t\t<\/div>\n\t\t\t<\/summary>\n\t\t\t<div class=\"content text-part\" >\n\t\t\t\t\t<div class=\"translation-block\"><p>Die Route ist als Ganzes konzipiert \u2013 einzelne Etappen zu \u00fcberspringen ist nicht vorgesehen und in der Praxis oft schwieriger als gedacht. In den Bergen ist es h\u00e4ufig schneller, weiterzugehen als mit dem Auto ums Gel\u00e4nde herumzufahren.<\/p><p>Mit guter Vorbereitung ist die Tour gut machbar. Du bekommst nach der Buchung einen <strong>Trainingsplan<\/strong>, der dir hilft, fit an den Start zu gehen.<\/p><p>Falls du unterwegs wegen einer Verletzung aufh\u00f6ren musst, hilft dir der Ranger, eine L\u00f6sung zu finden. Wichtig: Manche Gebiete auf Madeira sind schwer per Auto erreichbar \u2013 es kann sein, dass du bis zur n\u00e4chsten Stra\u00dfe laufen musst, um abgeholt zu werden. In einem Notfall rufst du die Rettungskr\u00e4fte.<\/p><\/div>\n\t\t\t\t<\/div>\n\t\t\t<\/details>\n\t\t\t\t\t\t\t<details class=\"details\">\n\t\t\t\t\t\t<summary class=\"summary\">\n\t\t\t\t\t\t\t<div>Wie ist das Wetter auf Madeira?\t\t\t<\/div>\n\t\t\t<\/summary>\n\t\t\t<div class=\"content text-part\" >\n\t\t\t\t\t<div class=\"translation-block\"><p>Madeira profitiert das ganze Jahr \u00fcber von einem milden Klima. An der S\u00fcdk\u00fcste k\u00f6nnt ihr oft Sonnenschein genie\u00dfen, mit Temperaturen, die im Winter normalerweise um <strong>17\u00b0C<\/strong> liegen und im Sommer bis zu <strong>26\u00b0C<\/strong> erreichen k\u00f6nnen. Das Meer bleibt ebenfalls angenehm, mit Wassertemperaturen zwischen <strong>18\u00b0C und 24\u00b0C<\/strong> die meiste Zeit.<\/p>\n<p>In den Bergen k\u00f6nnen sich die Bedingungen jedoch schnell \u00e4ndern. Es kann deutlich k\u00fchler, windiger und manchmal neblig sein, und die N\u00e4chte sind wesentlich k\u00e4lter als an der K\u00fcste. Deshalb empfehlen wir euch dringend, eine <strong>Fleecejacke<\/strong>, eine <strong>technische Regenjacke<\/strong> und <strong>Regenhosen<\/strong> mitzunehmen.<\/p>\n<p>Madeira ist auch bekannt f\u00fcr seine <strong> Mikroklimata<\/strong>. Am selben Tag k\u00f6nnt ihr von einem strahlend blauen Himmel am Ozean zu Nebel oder Regen in h\u00f6heren Lagen wechseln.<\/p>\n<p>Kurz gesagt, erwartet eine echte Mischung: strahlender Sonnenschein, gefolgt von dichten Wolken einige Stunden sp\u00e4ter. Wenn ihr gut ausger\u00fcstet seid, werdet ihr alle Facetten der Insel genie\u00dfen k\u00f6nnen. Kurz nach eurer Buchung senden wir euch eine detaillierte Ausr\u00fcstungsliste, damit ihr nichts vergesst.<\/p><\/div>\n\t\t\t\t<\/div>\n\t\t\t<\/details>\n\t\t\t\t\t\t\t<details class=\"details\">\n\t\t\t\t\t\t<summary class=\"summary\">\n\t\t\t\t\t\t\t<div>Ist diese Wanderung f\u00fcr Menschen mit H\u00f6henangst geeignet?\t\t\t<\/div>\n\t\t\t<\/summary>\n\t\t\t<div class=\"content text-part\" >\n\t\t\t\t\t<div class=\"translation-block\"><p>Viele Wege auf Madeira f\u00fchren entlang <strong>steiler H\u00e4nge<\/strong>, manchmal <strong>nah am Abgrund<\/strong>. Bei <strong>starkem Schwindel<\/strong> empfehlen wir diese Wanderung nicht.<\/p><p>Bei <strong>leichter H\u00f6henangst<\/strong> kann es m\u00f6glich sein \u2013 besonders wenn du mit einer vertrauten Person unterwegs bist. Im Zweifel lieber nicht.<\/p><p>Bitte beachte: Wir k\u00f6nnen nicht verantwortlich gemacht werden, wenn H\u00f6henangst dich daran hindert, die Wanderung fortzusetzen.<\/p><\/div>\n\t\t\t\t<\/div>\n\t\t\t<\/details>\n\t\t\t\t\t\t\t<details class=\"details\">\n\t\t\t\t\t\t<summary class=\"summary\">\n\t\t\t\t\t\t\t<div>Kann ich meinen Hund mitbringen?\t\t\t<\/div>\n\t\t\t<\/summary>\n\t\t\t<div class=\"content text-part\" >\n\t\t\t\t\t<div class=\"translation-block\"><p>Leider nein. Der Trail hat steile Abschnitte, viel H\u00f6henunterschied und technisches Terrain, das f\u00fcr Hunde nicht geeignet ist.<\/p><\/div>\n\t\t\t\t<\/div>\n\t\t\t<\/details>\n\t\t\t\t\t\t\t<details class=\"details\">\n\t\t\t\t\t\t<summary class=\"summary\">\n\t\t\t\t\t\t\t<div>Wie kann ich die CO2-Emissionen meiner Reise ausgleichen?\t\t\t<\/div>\n\t\t\t<\/summary>\n\t\t\t<div class=\"content text-part\" >\n\t\t\t\t\t<div class=\"translation-block\"><p>Bei deiner Buchung kannst du einen Beitrag zu einem zertifizierten Klimaprojekt von <a href=\"https:\/\/butterfly-foundation.org\/de\/partners\/greentripper\"><strong>Greentripper<\/strong><\/a> leisten. Dein Beitrag flie\u00dft in eine Initiative aus <strong>11 lokalen Projekten in Uganda<\/strong>, die effizientere Kochherde verteilt \u2013 das senkt den Brennstoffverbrauch, sch\u00fctzt W\u00e4lder vor Abholzung und verbessert die Luftqualit\u00e4t f\u00fcr lokale Familien. Das Projekt ist <strong>Gold-Standard-zertifiziert<\/strong>, was die h\u00f6chsten internationalen Standards f\u00fcr Klimaprojekte garantiert.<\/p><p>Entscheidest du dich f\u00fcr einen Beitrag, gleicht Travelbase zus\u00e4tzlich die Emissionen vor Ort aus. Nach der Reise erh\u00e4ltst du ein offizielles <strong>Carbon-Credit-Zertifikat<\/strong>.<\/p><p>M\u00f6chtest du mehr \u00fcber unsere Initiativen zum nachhaltigen Reisen erfahren? Erfahre mehr auf <a href=\"https:\/\/travelbase.de\/nachhaltigkeit\/\">Travelbase<\/a>.<\/p><\/div>\n\t\t\t\t<\/div>\n\t\t\t<\/details>\n\t\t\t<\/div>\n\t\t\t<div class=\"faq-loadmore-wrap\">\n\t\t\t<button type=\"button\" class=\"faq-loadmore\" data-state=\"closed\" aria-expanded=\"false\">\n\t\t\t\t<span class=\"faq-loadmore__label-more\">Weitere FAQs laden<\/span>\n\t\t\t\t<span class=\"faq-loadmore__label-less\">Weniger FAQs laden<\/span>\n\t\t\t\t<svg class=\"faq-loadmore__icon\" viewbox=\"0 0 12 8\" aria-hidden=\"true\">\n\t\t\t\t\t<path d=\"M1 1.5l5 5 5-5\" fill=\"none\" stroke=\"currentColor\" stroke-width=\"1.6\" stroke-linecap=\"round\" stroke-linejoin=\"round\" \/>\n\t\t\t\t<\/svg>\n\t\t\t<\/button>\n\t\t<\/div>\n\t<\/div>\n\t<div class=\"inner-block tb-fade-in tb-fade-in--subtle\">\n\t\t<div class=\"faq-footer text-part\">\n\t\t\t<h3>Hast du weitere Fragen?<\/h3>\t\t\t\n\t\t\t\t<div class=\"contact-team\">\n\t\t\t\t\t\t\t\t\t\t\t<span style=\"background-image:url('https:\/\/mat.travelblox.eu\/wp-content\/smush-webp\/sites\/68\/2024\/11\/Team-150x150.jpg.webp');\" data-smush-webp-fallback=\"{&quot;bg-image&quot;:&quot;url(&#039;https:\\\/\\\/mat.travelblox.eu\\\/wp-content\\\/uploads\\\/sites\\\/68\\\/2024\\\/11\\\/Team-150x150.jpg&#039;)&quot;}\"><\/span>\n\t\t\t\t\t\t\t\t\t<\/div>\n\t\t\t\t\t\t\t\t\t\t\t\t\t<div class=\"tb-buttons-part\">\n\t\t\t\t\t\t\t\t\t\t\t<a href=\"https:\/\/madeiratrail.eu\/fr\/faq\/\" class=\"tb-button\">\n\t\t\t\t\t\t\tSiehe unsere FAQ-Seite\t\t\t\t\t\t<\/a>\n\t\t\t\t\t\t\t\t\t\t\t\t\t\t\t\t<a href=\"https:\/\/madeiratrail.eu\/de\/contact\/\" class=\"tb-buttonlink\">\n\t\t\t\t\t\t\tKontakt \u2192\t\t\t\t\t\t<\/a>\n\t\t\t\t\t\t\t\t\t<\/div>\n\t\t\t\t\t<\/div>\n\t<\/div>\n<\/div>\n\n\n\n\n\n\n\n\n<div class=\"tb-quoteparallax tb-block align-center background-dark pattern-none variant-text_on_image\" id=\"quoteparallax-1\" style=\"background-image: url('https:\/\/travelbase.eu\/frontend_src\/tb20\/dist\/assets\/img\/header-home-2022.jpg');\">\n\t\t<div class=\"inner-block tb-fade-in tb-fade-in--subtle\">\n\t\t\t\t\t<div class=\"text-part\">\n\t\t\t\t<h2>Wandern. Entdecken. Inspirieren \u2013 Jetzt den Newsletter abonnieren!<\/h2>\n\t\t\t\t\t<div class=\"translation-block\"><p><strong>Hinterlasse deine E-Mail-Adresse<\/strong> und bleib informiert \u00fcber <strong>neue Wanderabenteuer, praktische Tipps &amp; Tricks<\/strong> sowie <strong>spannende Gewinnspiele<\/strong>. Au\u00dferdem warten exklusive Vorteile auf dich!<\/p><\/div>\n\t\t\t\t\t\t\t\t\t\t<div class=\"tb-buttons-part\">\n\t\t\t\t\t\t\t\t<a href=\"https:\/\/travelbase.typeform.com\/to\/P0czlLAB\"  target=\"\" data-mode=\"popup\" data-url=\"https:\/\/travelbase.typeform.com\/to\/P0czlLAB\" class=\"tb-button typeform-share\">\n\t\t\tHalte mich auf dem Laufenden\t\t<\/a>\n\t\t\t\t\t<script>\n\t\t\t\t(function() {\n\t\t\t\t\tvar qs, js, q, s, d = document,\n\t\t\t\t\t\tgi = d.getElementById,\n\t\t\t\t\t\tce = d.createElement,\n\t\t\t\t\t\tgt = d.getElementsByTagName,\n\t\t\t\t\t\tid = \"typef_orm_share\",\n\t\t\t\t\t\tb = \"https:\/\/embed.typeform.com\/\";\n\t\t\t\t\tif (!gi.call(d, id)) {\n\t\t\t\t\t\tjs = ce.call(d, \"script\");\n\t\t\t\t\t\tjs.id = id;\n\t\t\t\t\t\tjs.src = b + \"embed.js\";\n\t\t\t\t\t\tq = gt.call(d, \"script\")[0];\n\t\t\t\t\t\tq.parentNode.insertBefore(js, q);\n\t\t\t\t\t}\n\t\t\t\t})();\n\t\t\t<\/script>\n\t\t\t\t\t\t\t\t\t\t\t\t\t<\/div>\n\t\t\t\t\t\t\t<\/div>\n\t\t\t\t\t<\/div>\n<\/div>\n\n\n\n\n\n\n\n<div class=\"tb-voucher-entry-point tb-block align-center background-dark pattern-none variant-none tb-collapsible-margins\" id=\"voucher-entry-point-2\">\n    <div class=\"inner-block has-wave-top has-wave-bottom\">\n        \n        <svg class=\"wave wave-1\" xmlns=\"http:\/\/www.w3.org\/2000\/svg\" viewbox=\"0 0 1455 100\" aria-hidden=\"true\" preserveaspectratio=\"none\" fill=\"none\">\n\t<path fill=\"currentColor\" d=\"M1318.1,92.2c0,0-.2,0-.3,0,.1,0,.3,0,.4,0,0,0,0,0-.1.1Z\"\/>\n    <path fill=\"currentColor\" d=\"M1455,16s-23.6-1.5-25.9-1.8c-2.5-.3-5-.4-7.7-.5-1.9,0-3.5-.7-5.3-.3h-.3c-1.3-.6-3.8-.5-5.7-.7-.4,0-.6,0-.8-.2-.2,0,0-.3-.9-.2-1,0-.8.1-.4.3.3.2,1,.3-.3.2-1.3,0-.9-.2-.8-.3,0-.1,0-.3,0-.3-.7,0-.6.1-.9.2-.8.2-1.3,0-1.8-.1-.5-.2-.2-.2-.5-.3-.9-.2-1.9-.6-3.2-.2-.4,0-.9.6-1.2,0,0-.1-.5-.2-1-.2h-.9c-.4-.5-2.6-.2-3.7-.4-1.1-.2-2.1-.4-2.7,0-.3.2-1.2,0-1.5-.2-1.3-.2-2.3-.4-2.9,0,0,0,0,.2-.5.1s-.2-.1-.4-.2c-.5-.2-1-.4-1.6-.6-.2,0-.4-.2-.9,0-.5.2-1.9.2-3.4,0-3-.5-6.3-.7-9.7-.7-.3,0-.8.1-1.1,0-3.2-1.1-8.3-1-12.8-1.3-1.4,0-1.8-.6-3.7-.5-1.9.2-3.2-.3-4.9-.2-.3,0-2.1,0-2.4-.3,0-.2-.6,0-.8,0,0,0,0,.1,0,.2-.8-.2-1.9-.3-2.9-.3-.4-.5-1.8-.3-3.1-.3-.8,0-1.3.2-1.6.1-2.4-.6-5.5-.1-8.4-.5-2.1-.3-4.4-.4-6.6-.4-3.9,0-7.3-.7-10.8-.6-2.2,0-4.6-.4-6.3,0-.2,0-.8,0-1.2-.1-.3,0-.6-.1-.9-.2-2.1.4-3.5-.4-4.7-.3-1.9.2-3.6-.2-5.3-.2-.3,0-.7,0-1,0-.3,0-.6-.1-.7-.2,0,0-.5-.2-.7-.1-2.4.6-5.4-.1-7.6,0-4.2.1-7.6-.5-11.2-.5-3.6,0-7.4-.4-11.1-.4-4.3,0-8.3-.5-12.6-.5-3.6,0-7.1-.4-10.6-.4-5.5,0-10.7-.4-16.1-.5h-.3c-1-.1-2,.6-2.9,0-1.8.1-3.5-.3-4.6-.3-2.4,0-5.3-.3-7.3.2-.3,0-.6,0-.9,0-3.6-.3-7.3-.5-11-.5-4.9-.2-9.9-.2-14.7-.3-4.5-.1-9-.1-13.5,0-3,0-5.9,0-8.9,0-5.3-.1-10.5-.1-15.8,0-1,0-2,0-2.9-.1-.7,0-2.3-.1-2.5,0-.7.4-1.2,0-1.6,0s-1.2-.2-1.3,0c-.6.6-2.2,0-2.9.1-2.5.2-4.3-.5-6.9-.2-1.4,0-2.8-.1-4.2-.3-4.5-.2-9.1-.3-13.6-.2-.6,0-1.3,0-1.9,0-2.9-.4-5.9,0-8.6,0-2.4,0-4.9-.2-7.2.1-.4,0-.9,0-1.1-.2,0,0,0,0-.1,0,0,0-.1,0-.2,0,0,0-.2,0-.3,0,0,0-.2,0-.2,0-.7.2-1.6.3-2.4.3-.9,0-1.8,0-2.6-.1-1.7,0-3.5,0-5.2,0-3,.2-6,0-9,0-2.4.2-5,.1-7.3-.1h-.5c-1.8.7-5.3-.2-7.2.3-.7-.3-2.2,0-3.2-.1-1.7,0-2,0-2.2.3,0,0,.3.1-.2.2-.2,0-.3,0-.4,0-.8-.6-3.5-.2-4.8-.2-6.6.1-13.2,0-19.7-.2-.5,0-1,0-1.4,0-1.5.2-3.2.3-4.8.1-.7,0-1.4,0-2.1,0-2.3.2-4.7.3-7,.2-1.6,0-3.2,0-4.7,0-2.7.1-5.4,0-8.2.1-1.6,0-3.2,0-4.7-.1-.3,0-.7,0-1,0-1.6.1-3.4.1-5,0-.5,0-1.5,0-1.7,0-.8.4-2.9.2-3.3.2-1.4-.3-1.6,0-2,.1-.8.4-2.4.3-3.8.3-3.7-.2-7.4-.1-11,.2-1.6.2-3.4.6-5.8.2-.9-.1-1.6.3-2.9.2-1.6,0-3.1-.2-4.5-.4-.5-.1-1,0-1.5,0-1.2.2-2.6.2-3.9,0-.4,0-.8,0-1.2,0-.4,0-.7.1-.9.2-.4.4-1,.4-1.9,0-1.4.2-3.4-.4-4.7.3-.7.3-2.6,0-3.1-.1s-1.1-.3-2,0c-.8.2-1.6.3-2.6.3-.9,0-1.9,0-2.8,0-3.1-.1-6.3-.1-9.4,0-2.1,0-4.2,0-6.2.1-3,.1-6.1.2-9.2.1-2.1.2-4.4.3-6.6.2-.6,0-.9.1-1,.2-.2.1,0,.2-.7.2-.1,0-.2,0-.3,0,0,0-.1,0-.2-.1,0-.1,0-.2-.6-.2s-.6.2-.6.3c0,.1,0,.3-.6.3-.6,0-.4-.2-.5-.3s0-.2-.5-.2c-2.4.1-4.8.2-7.3.3-1.5.1-3.2.3-4.8.3-2.2.2-4.4.2-6.6,0-3.3-.3-6.8-.2-9.8.2-.9.2-1.6,0-2.3,0-1-.5-2.9-.2-4.5-.2-4.3,0-8.5.2-12.6.6-.3,0-.7,0-1,0-1.2-.5-3.8-.1-5.8-.2-2,0-3.8.1-5.8,0-1.2.6-3.5,0-5.3.3-1.2.2-2.6.3-4,.3-.3,0-1.2,0-1.6,0-.3,0-.6-.1-1-.2-.4,0-.8,0-1.2,0-2.4.4-5,.1-7.5.2-1,0-3.2.4-3.7-.2-.2,0-.3,0-.5,0-1,.7-3.7.3-5.8.4-.4,0-1.2,0-1.2,0-.2.5-2.1.4-3.4.4-.7,0-1.8,0-1.8-.2s-.6-.2-1.3-.2c-.7,0-1.2,0-1.6.2-.5.1-1.1.2-1.7.3-.7,0-1.3,0-1.9-.1-.9-.2-1.7,0-2.6,0l-10,.7h-.3c-1.8-.1-3.6,0-5.4,0-2.2.1-4.6.2-6.8.3-2.4,0-4.7,0-7.1,0-1.1,0-2.1,0-3.1.2-1.7.3-3.7.5-5.8.4-2.2,0-3.5.2-4.4-.3-.4-.3-2.3,0-3.1,0-1,0-2,.1-3,.1-3.6.1-7.1.4-10.5.7-3.1.2-6.3.2-9.5.2-.5,0-1.1-.1-1.6-.1s-1.1,0-1.6.1c-1.1.2-2.3.3-3.6.3-1.3,0-2.6,0-3.7-.2-1.9-.1-3.8,0-5.6.2-1.1.1-2.2.1-3.4.1-2.2-.1-2.5,0-2.6.4,0,0,.2.2-.5.1v-.2c0-.2-.2-.4-1.8-.3-2.5.2-5.1-.2-7.7.2-.9.1-2.9,0-4.3,0-2.9,0-5.8.3-8.6.4-2,0-4.5.3-6.5,0-.6-.1-1.2,0-1.9,0-1.2,0-2.6.4-3.8,0-.1,0-2.4.1-2.9.4,0,0,0,.2-.7.2-.7,0-.2-.1,0-.2.4-.2-.8-.2-1.3-.2-2.3,0-4.7,0-6.9.2-.9,0-1.8.3-2.9,0-.6-.2-.9.2-1.8.2-2.6,0-5.3,0-7.9.1-1.9,0-4.5-.2-5.5.5,0,0-.4,0-.6,0,0,0-.1,0-.2-.1-.2-.3.5-.7-2.9-.4-2.8.4-6.1.5-9.1.3-2.4.4-4.3-.2-6.5,0-2,.2-4.2.2-6.2.1-1.1,0-.9.4-2.4.4-1.4,0-3.7-.4-4.6.2-3.2-.3-6.7.3-10.2-.1-2.4-.1-4.9,0-7.3.2-1.7.1-3.7.6-5.4,0-3.1.5-6.4.2-9.5.2-.3,0-.7.1-1.2,0-2.5-.3-5.2.2-7.7,0-.3,0-.6,0-.9,0-.3,0-.5,0-.7.1-.5.2-.9.4-1.7,0-.3-.1-1.8-.4-2.2,0-1.2,0-2.4.5-3.9,0-1.4,0-2.8,0-4.2.1-2.5.2-5.1.3-7.7.2-1.7,0-3.4,0-5.1.2-1.6,0-3.4.5-4.7,0-1.1,0-2.2,0-3.3,0-1.6.1-3.2.1-4.8,0-.7,0-2.6.1-3.9.2-3.4.1-6.9.1-10.3,0-1.8,0-3.5.3-5.2,0-1,.7-4.1.3-6.1.5-.9,0-2,.1-2.9,0s-1.9-.2-2.7-.4c-.5-.1-.3-.3-1.1,0-1.4.4-3.8.3-5.9.3-4,0-8,.2-11.9.1-3.9,0-8,.2-11.9,0-.9,0-1.8,0-2.7,0-1.1,0-1.9,0-2.3-.2-.1-.1-.3-.2-1-.2-.2,0-.2.2-.3.2-.1,0,.9.4-.4.4-1.3,0-2.5,0-3.7-.2-.8-.2-1.7-.2-2.6-.2s-1.9,0-2.6.2c-.8.1-1.6.2-2.4.2s-1.7,0-2.4-.2c-.9-.2-2-.2-3-.3-1.1,0-2.1,0-3.1.2-1.1,0-2,.3-2.7,0-.4-.2-1.3,0-1.8,0-3.1.4-6.3,0-9.5.1-2.2,0-4.8-.3-6.3.3-.2,0-.3,0-.5,0-1.5-.4-2.5,0-3.8,0-.7,0-1.1-.1-1-.2.4-.4-.8-.2-1.7-.2-.2,0-.4,0-.6,0-1.4-.2-2.4,0-3.5,0h-.7c-1.3-.6-3.5-.1-5.3,0-2.7,0-5.4-.3-8.1,0-1.9.2-3.9.2-5.8,0-1.4,0-2.9,0-4.2.2-2.4.3-4.9.4-7.4.5-1.5,0-1.6,0-.6-.2.9-.2.9-.3.1-.4-.7-.1-1.2,0-1.8.1-.2,0-.4,0-.7,0s-.5,0-.7,0c-.4-.1-1-.2-1.2,0-1.5.7-4.4,0-6.5.2-.9,0-2.4-.2-3.6,0-.1,0-.3,0-.4,0s-.3,0-.4,0c-1.6-.5-8.2-.9-9.4-.6-2,.6-3.1,0-4.3,0-2.4,0-4.7-.1-7.1,0-2.8,0-5.6,0-8.3-.1-1.5,0-3.4-.3-4.1.2,0,0-.4,0-.6,0-1.2-.4-3.2-.1-4.3-.1-4.6.1-8.9-.6-13.6-.2-1,0-1.5-.5-3.2-.3-.6,0-1.7,0-1.8.2,0,.3-1,.2-1.5.1-.5,0-.4-.2-.5-.3,0,0,.2-.3-.9-.2-3.2,0-6.4,0-9.6-.2-3.2,0-6.5,0-9.7.1-2.2,0-4.4,0-6.6-.2-.7,0-1.1,0-1.6,0-2.3,0-4.8.3-6-.4,0,0-.1,0-.2-.1,0,0-.2,0-.3,0-.1,0-.3,0-.4,0-.1,0-.3,0-.4,0-3.1.3-6.5.4-9.8.2-2.9-.2-6.2,0-8.8-.4-2.7-.5-5.2-.2-7.8-.3-2.1,0-4.2,0-6.2,0-5.5-.2-11.1-.3-16.7-.4-2.2,0-4.3-.1-6.4-.3-.9,0-1.9-.1-2.8,0s-1.9.1-2.7.3c-.7.2-.7-.2-1.7-.2s-2.5.2-3.8,0c-.7-.1-3.7,0-1.1-.5.4,0-.3-.2-.7-.1-2.4.1-4.9-.2-7.3,0-1.7,0-3.4,0-5-.2-1.4-.2-2.9-.2-4.4-.1-1.8.1-2.9.3-3.8.1-2.4-.4-5.1-.5-7.8-.4-3.3.2-6.2-.5-9.3-.3-.8,0-.9-.1-1-.2-.4-.2-.8-.4-1.7-.1-.9.2-.9,0-1.1,0-.3-.2-.8-.2-1.3-.2.4.1.7.2.6.3-.1.1,1.8.2.4.3-.9,0-1.9,0-2.7-.1-1-.2.5-.2.7-.2h.1c.2,0,.3-.2.4-.3,0,0,0,0-.1,0-1-.2-2-.2-3.1-.2-2,0-4,0-5.9-.2-1.6-.2-3.4-.2-5,0-1.1.1-1.1-.2-2-.2-6.9-.4-13.9-.7-20.9-.8-3.1-.7-7.1,0-10.4-.6-.7-.1-2.6-.4-3.7,0-1.3-.2-2.7-.3-4.1-.2-3-.2-6-.4-8.9-.8-1.8-.3-3.7-.5-5.8-.5-.5,0-1,0-1,.1,0,.4-1.6,0-1.6,0-.5-.8-3.2-.5-5.1-.6-3.2-.2-6.4.1-9.9-.5-2-.2-4.1-.3-6.3-.3-2.1,0-4.8.2-6.2-.6-.3-.2-3.3-.2-5-.4-4.4-.3-8.8-.6-13.2-1,0,0,0-.2,0-.3l-.8.2c-3.6-.4-7.2-.6-10.9-.8h-2.2C4.6,1.4,0,1.2,0,1.2v99.8s1455,0,1455,0V16ZM1288,90.8c0,0,.8,0,1.3,0,.5,0,.8,0,.8.1h-.1c-.2,0-.4,0-.6,0-.2,0-.5,0-.7,0-.3,0-.8,0-.7-.1ZM1027.3,86.1s.4-.2.5-.2c.7,0,.2.2.4.3h-.1s0,.3,0,.3c-.3-.1-.5-.2-.7-.4ZM884.9,87.7s0,0,0,0c.4,0,.8,0,1.3,0-.1,0-.3,0-.5.1-.4,0-.7,0-.7,0ZM810.5,90.8c-.1,0,.3,0,.7,0,.3,0,.9,0,1.2,0-.2,0-.5,0-.7,0-.4,0-1,0-1.1,0ZM371.6,99.7c.3,0,.6.1.7.2h0s0,.1-.5.2c-.5,0-.8,0-.7,0s-.2-.2.4-.3ZM134.9,94.1c0-.3,1.5.2,1.7,0,0,0,.4,0,.3.1h0c0,.1-.4.2-1.2.2-.8,0-1-.1-1-.2Z\"\/>\n<\/svg>\n        <svg class=\"wave wave-2\" xmlns=\"http:\/\/www.w3.org\/2000\/svg\" viewbox=\"0 0 1455 100\" aria-hidden=\"true\" preserveaspectratio=\"none\" fill=\"none\">\n<path fill=\"currentColor\" d=\"M136.9,92.2h.3-.4.1c0,0,0,0,0,0Z\"\/>\n            <path fill=\"currentColor\" d=\"M.3,0v83.1s23.7,1.5,25.9,1.8c2.5.3,5.1.5,7.7.5s3.5.8,5.3.4h.3c1.3.5,3.9.4,5.8.7.3,0,.6.2.8.2,0,0,0,.2.9.2s.7-.1.4-.3c-.4-.2-1-.2.3-.2,1.3.1.8.2.8.3v.3c.7,0,.6-.2.9-.2.7-.2,1.3,0,1.8,0,.5.1.2.3.5.3.9.2,1.8.6,3.2.2.4,0,.9-.7,1.2,0h1s.9,0,.9,0c.5.4,2.6.2,3.7.4s2.1.4,2.7,0c.3-.2,1.2.2,1.5.2,1.3.2,2.4.4,2.9,0q0,0,.5,0c.5,0,.2.2.4.2.5.2,1,.4,1.6.6.2,0,.4.2.9,0,.4-.2,1.9-.2,3.4,0,3,.5,6.3.7,9.7.7s.8,0,1.1,0c3.2,1.1,8.3,1,12.8,1.3,1.4,0,1.8.7,3.7.5,1.9-.2,3.2.2,4.9.2s2.2,0,2.4.3c0,.2.6,0,.8,0v-.2c.9.3,1.9.3,2.9.3.5.5,1.8.3,3.1.3s1.4,0,1.6,0c2.4.6,5.5,0,8.4.5,2.1.2,4.3.4,6.6.4,3.9,0,7.3.7,10.8.6,2.1,0,4.5.4,6.3,0,.3,0,.9,0,1.2,0,.2,0,.6.2.9.2,2.2-.4,3.5.4,4.7.3,1.9-.2,3.5.2,5.3.2h1c.3,0,.6.2.7.2,0,0,.5,0,.7,0,2.4-.7,5.4,0,7.6,0,4.2-.2,7.6.5,11.2.5s7.4.4,11.1.4,8.3.5,12.6.5,7,.4,10.6.4c5.5,0,10.7.5,16.1.5h.3c1,0,2.1-.7,2.9,0,1.9,0,3.6.3,4.6.3,2.4-.2,5.3.3,7.3-.2.3,0,.6,0,.9,0,3.6.3,7.3.5,11,.5,4.9.3,9.9.3,14.7.3h13.5c3,0,6,0,8.9,0,5.3,0,10.6,0,15.8,0,1,0,2,0,2.9,0,.7,0,2.3,0,2.5,0,.7-.4,1.1,0,1.6,0s1.2,0,1.3,0c.6-.5,2.2,0,2.9,0,2.5-.2,4.3.6,6.9.2,1.4.1,2.8.2,4.2.3,4.5.2,9.1.3,13.6.2h1.9c2.8.4,5.9,0,8.6,0,2.4,0,4.9.3,7.2,0,.3,0,.9,0,1.1.2h.8c.7-.2,1.5-.3,2.4-.3s1.8,0,2.6,0c1.7.2,3.5,0,5.2,0,3.1,0,6,.2,9,0,2.4-.2,5-.2,7.3,0h.5c1.8-.7,5.3.3,7.2-.3.8.3,2.2,0,3.2,0,1.7,0,2,0,2.2-.3,0,0-.3-.2.2-.2h.4c.8.6,3.5.2,4.8.2,6.5-.1,13.2,0,19.7.2h1.4c1.5-.2,3.2-.2,4.8,0h2.1c2.3-.2,4.7-.3,7-.2h4.7c2.7,0,5.4,0,8.2,0,1.5,0,3.1,0,4.7,0h1c1.6,0,3.4,0,5,0,.5,0,1.5,0,1.7,0,.8-.5,2.9-.2,3.3-.2,1.4.3,1.7,0,2,0,.8-.5,2.4-.3,3.8-.3,3.7.2,7.4.1,11-.2,1.6-.2,3.4-.5,5.8-.2.9.1,1.7-.3,2.9-.2,1.5,0,3,.2,4.5.4.5,0,1,0,1.5,0,1.2,0,2.6,0,3.9,0h1.2c.4,0,.7,0,.9-.2.5-.3,1-.3,1.9,0,1.3-.3,3.4.3,4.7-.3.7-.4,2.6,0,3.1,0s1.1.3,2,0c.8-.1,1.7-.3,2.6-.3h2.8c3.1.2,6.3.2,9.4,0,2,0,4.1,0,6.2,0,3,0,6.1,0,9.2,0,2.2-.2,4.4-.2,6.6-.2s.8,0,1-.2c.2-.2,0-.2.7-.2h.5c0,.2,0,.3.6.3s.6-.2.6-.3c0-.1,0-.3.6-.3s.4.2.5.3,0,.2.5.2c2.4-.1,4.9-.3,7.3-.3,1.5-.1,3.2-.3,4.8-.3s4.4,0,6.6,0c3.2.3,6.7.2,9.8-.2.9,0,1.6,0,2.3,0,1,.5,2.9.2,4.5.2,4.3,0,8.5-.3,12.6-.6h1c1.2.5,3.8.2,5.8.2s3.8,0,5.8,0c1.2-.6,3.5-.1,5.3-.3,1.2-.3,2.6-.3,4-.3h1.6c.2.2.6.2,1,.2h1.2c2.4-.4,5,0,7.5-.2,1,0,3.2-.3,3.7.2h.5c1.1-.7,3.8-.3,5.8-.4h1.2c.2-.4,2-.4,3.4-.4s1.8,0,1.8.2.6.2,1.3.2c.8,0,1.3,0,1.6-.2.4-.2,1-.3,1.7-.3s1.3,0,1.9,0c.9.2,1.7,0,2.6,0l10-.7h.3c1.8.2,3.7.2,5.4,0,2.2-.1,4.5-.3,6.8-.3h7.1c1.1,0,2.1,0,3.1-.2,1.8-.3,3.8-.4,5.8-.4,2.2,0,3.5-.2,4.4.3.4.3,2.3,0,3.1,0,1,0,2,0,3,0,3.6,0,7.1-.3,10.5-.7,3.1-.2,6.3-.2,9.5-.2.5,0,1,0,1.6,0s1.1,0,1.6,0c1.1-.2,2.3-.3,3.6-.3s2.5,0,3.7.2c1.9.1,3.8,0,5.6-.2,1.1,0,2.3,0,3.4,0,2.2.2,2.5,0,2.6-.4,0,0,0,0,.5,0v.2c0,.3.3.4,1.8.3,2.5-.2,5.1.2,7.7-.2.8-.2,2.9,0,4.3,0,2.8,0,5.7-.3,8.6-.4,2,0,4.5-.4,6.5,0,.6.2,1.2,0,1.9,0,1.3,0,2.6-.4,3.8,0,.2,0,2.5,0,2.9-.4,0,0,0-.2.7-.2s.2.2,0,.2c-.3.2.8.2,1.3.2,2.3.1,4.6,0,6.9-.2.9,0,1.9-.3,2.9,0,.6.2-.8-.2,1.8-.2s5.3,0,7.9,0c1.9,0,4.5,0,5.5-.5h.6c.1,0,.2,0,.2,0,.3.4-.5.7,2.9.4,2.8-.5,6.1-.6,9.1-.3,2.4-.4,4.3.2,6.5,0,2,0,4.1,0,6.2,0,1.1,0,1-.4,2.4-.4s3.7.4,4.6-.2c3.2.2,6.8-.4,10.2,0,2.5.1,5,.1,7.3-.2,1.7,0,3.7-.6,5.4,0,3.1-.5,6.3-.2,9.5-.2h1.2c2.5.3,5.2-.2,7.7,0h.9c.3,0,.5,0,.7,0,.4,0,.9-.3,1.7,0,.3.2,1.8.5,2.2,0,1.3,0,2.5-.5,3.9,0,1.4,0,2.8,0,4.2,0,2.5-.2,5.1-.2,7.7-.2s3.4-.2,5.1-.2c1.5-.2,3.4-.6,4.7,0,1.1,0,2.2,0,3.3,0,1.6-.2,3.3-.2,4.8,0,.7.1,2.5-.2,3.9-.2,3.4,0,6.9,0,10.3,0,1.8,0,3.4-.2,5.2,0,1-.7,4-.3,6.1-.5.9,0,1.9,0,2.9,0s1.9.2,2.7.4c.5,0,.2.3,1.1,0,1.4-.3,3.8-.3,5.9-.3,4,0,8,0,11.9,0,3.9,0,8,0,11.9,0h2.7c1.1-.1,1.9-.1,2.3.2.1.2.3.2,1,.2s.2-.2.3-.2c.1,0-.9-.4.4-.4s2.6,0,3.7.2c.7.2,1.7.2,2.6.2s1.8,0,2.6-.2c.7-.2,1.6-.2,2.4-.2s1.7,0,2.4.2c.9.2,1.9.3,3,.3s2.1,0,3.1-.2c1-.2,2-.4,2.7,0,.4.2,1.3,0,1.8,0,3.1-.4,6.3,0,9.5,0s4.8.3,6.3-.3h.5c1.5.5,2.5,0,3.8,0s1,.2,1,.2c-.3.5.9.2,1.7.2h.6c1.3.2,2.4,0,3.5-.2h.7c1.3.6,3.5,0,5.3,0,2.7,0,5.4.3,8.1,0,1.9-.2,4-.2,5.8,0,1.4.1,2.9,0,4.2-.2,2.4-.3,4.9-.5,7.4-.5s1.5,0,.6.2c-.9.2-.8.3-.1.4.8.2,1.3,0,1.8,0h.7c.3,0,.5,0,.7,0,.4,0,.9,0,1.2,0,1.5-.6,4.4,0,6.5-.2.9,0,2.4.2,3.6,0h.8c1.7.5,8.3.9,9.4.6,1.9-.6,3.1,0,4.3,0,2.4,0,4.7,0,7.1,0,2.7,0,5.5,0,8.3,0,1.5,0,3.4.4,4.1-.2h.6c1.2.4,3.2,0,4.3,0,4.6-.2,9,.6,13.6.2,1,0,1.5.5,3.2.3.6,0,1.8.1,1.8-.2.1-.2,1,0,1.5,0,.5.1.5.3.5.3.1,0-.3.2.9.2,3.2,0,6.5,0,9.6.2,3.2,0,6.5,0,9.7,0,2.2,0,4.5,0,6.6.2.6.2,1,0,1.6,0,2.3,0,4.8-.3,6,.4,0,0,.2,0,.2,0h1.1c3.2-.3,6.6-.4,9.8-.2,2.8,0,6.1,0,8.8.4,2.6.5,5.2.2,7.8.3h6.2c5.5.2,11.1.4,16.7.4,2.1.1,4.3.2,6.4.3h2.8c1,0,1.9-.1,2.7-.3.8-.2.7.2,1.7.2s2.5-.3,3.8,0c.6.2,3.6,0,1.1.5-.5,0,.2,0,.7,0,2.4-.2,4.9,0,7.3,0,1.7-.1,3.4,0,5,.2,1.4,0,2.9,0,4.4,0,1.9,0,2.9-.3,3.8,0,2.4.4,5.1.6,7.8.4,3.3,0,6.2.5,9.3.3.8-.1.9.2,1,.2.4,0,.8.3,1.7,0,.9-.3.9,0,1.1,0,.3.2.8.2,1.3.2-.4-.1-.6-.2-.6-.3.1-.1-1.7-.3-.4-.3.9,0,1.8,0,2.7,0,1,.2-.4.2-.7.2h-.1c-.2.1-.3.3-.4.3h.1c.9.2,2,.2,3.1.2,2,0,4,0,5.9.2,1.6.2,3.4.2,5,0,1.1-.2,1.1.2,2,.2,6.9.4,13.9.7,20.9.8,3.1.8,7,0,10.4.6.6,0,2.6.4,3.7,0,1.2.2,2.7.2,4.1.2,3,.2,6,.5,8.9.8,1.8.3,3.8.5,5.8.5s1,0,1,0c0-.4,1.6,0,1.6,0,.6.8,3.3.5,5.1.6,3.2.3,6.4,0,9.9.5,2.1.2,4.2.3,6.3.3s4.8-.2,6.2.6c.3.2,3.3.3,5,.4,4.4.4,8.8.7,13.2,1v.3s.8-.2.8-.2c3.6.3,7.2.6,10.9.9h2.2s4.6.2,4.6.2V0S0,0,0,0h.3ZM1287.9,90.8h1.3c.5,0,.8,0,.8,0h-.7c-.3,0-.5,0-.7,0-.4,0-.7,0-.7,0ZM1027.9,86.5c-.2,0-.5-.3-.7-.4,0,0,.5-.2.5-.2.7.1.2.3.4.3h-.1s0,.3,0,.3h0ZM885.6,87.7c-.3,0-.7,0-.7,0h1.3c0,0-.3,0-.5,0h0ZM811.5,90.9h-1.1c0,0,.4,0,.7,0s.9,0,1.2,0h-.8ZM371.3,99.9c0-.1-.2-.3.4-.3.4,0,.6.2.8.2h0c0,0,0,.2-.5.2-.6,0-.8,0-.8,0h0ZM136.1,94.2c-.8,0-1,0-1-.2,0-.3,1.5.3,1.7,0,0,0,.3,0,.3,0h0c0,.2-.4.2-1.2.2h.2Z\"\/>\n<\/svg>\n        <div class=\"tb-voucher-entry-point__present-line\">\n            <svg class=\"voucher-present-line\" width=\"134\" height=\"304\" viewbox=\"0 0 134 304\" fill=\"none\" xmlns=\"http:\/\/www.w3.org\/2000\/svg\">\n<path d=\"M1 0C1 92.0598 122.615 15.7893 132.378 45.7938C143.797 80.8845 -6.52165 93.9482 50.1414 145.407C144.914 231.476 155.445 309.699 68.6948 291.287\" stroke=\"#C1D4CD\" stroke-width=\"2\" stroke-dasharray=\"6 6\"\/>\n<g clip-path=\"url(#clip0_21615_9062)\">\n<path d=\"M64.5457 274.146L36.5137 267.642C35.5461 267.418 34.5797 268.02 34.3552 268.988L33.5422 272.492C33.3177 273.459 33.9201 274.426 34.8877 274.65L62.9197 281.154C63.8873 281.379 64.8537 280.776 65.0782 279.809L65.8912 276.305C66.1157 275.337 65.5133 274.371 64.5457 274.146Z\" stroke=\"#C1D4CD\" stroke-width=\"2\" stroke-linecap=\"round\" stroke-linejoin=\"round\"\/>\n<path d=\"M50.5312 270.894L45.2466 293.67\" stroke=\"#C1D4CD\" stroke-width=\"2\" stroke-linecap=\"round\" stroke-linejoin=\"round\"\/>\n<path d=\"M61.1686 280.748L58.3231 293.012C58.1074 293.941 57.5315 294.747 56.7219 295.251C55.9123 295.756 54.9354 295.918 54.006 295.703L36.486 291.638C35.5567 291.422 34.7511 290.846 34.2465 290.036C33.7418 289.227 33.5794 288.25 33.7951 287.321L36.6406 275.057\" stroke=\"#C1D4CD\" stroke-width=\"2\" stroke-linecap=\"round\" stroke-linejoin=\"round\"\/>\n<path d=\"M42.6441 269.065C41.4825 268.795 40.4755 268.075 39.8447 267.063C39.2139 266.051 39.0109 264.83 39.2804 263.669C39.55 262.507 40.2699 261.5 41.2819 260.869C42.2939 260.238 43.515 260.035 44.6767 260.305C46.3737 260.668 47.8396 261.872 48.8834 263.761C49.9272 265.65 50.5004 268.136 50.5282 270.894C51.7678 268.43 53.3771 266.45 55.146 265.214C56.9149 263.978 58.7614 263.542 60.4447 263.963C61.6064 264.233 62.6133 264.953 63.2442 265.965C63.875 266.977 64.078 268.198 63.8084 269.36C63.5389 270.521 62.8189 271.528 61.8069 272.159C60.7949 272.79 59.5738 272.993 58.4122 272.723\" stroke=\"#C1D4CD\" stroke-width=\"2\" stroke-linecap=\"round\" stroke-linejoin=\"round\"\/>\n<\/g>\n<defs>\n<clippath id=\"clip0_21615_9062\">\n<rect width=\"43.165\" height=\"43.165\" fill=\"currentColor\" transform=\"translate(32.7578 252) rotate(13.063)\"\/>\n<\/clippath>\n<\/defs>\n<\/svg>\n        <\/div>\n\n        <div class=\"tb-columns\">\n                            <div class=\"tb-column tb-column__image\">\n                    <div class=\"tb-voucher-entry-point__image tb-image-part\">\n                        <div class=\"butterfly-wrapper\">\n                            <svg\n    class=\"butterfly\"\n    version=\"1.0\"\n    xmlns=\"http:\/\/www.w3.org\/2000\/svg\"\n    width=\"1024.000000pt\"\n    height=\"1024.000000pt\"\n    viewbox=\"0 0 1024.000000 1024.000000\"\n    {...props}>\n    <g transform=\"translate(0.000000,1024.000000) scale(0.100000,-0.100000)\" fill=\"#000000\" stroke=\"none\">\n        <path d=\"M0 7957 c1 -1094 -3 -1018 50 -937 27 41 113 144 169 203 31 32 58 62 59 67 2 6 7 10 12 10 5 0 24 15 44 33 54 49 65 58 136 105 127 84 294 154 430 179 48 9 223 9 291 0 186 -24 418 -148 553 -296 17 -19 38 -41 47 -50 8 -9 26 -32 39 -51 13 -19 27 -37 30 -40 12 -11 31 -52 26 -57 -2 -3 -12 9 -20 25 -36 70 -281 282 -325 282 -6 0 -11 5 -11 10 0 6 -3 9 -7 8 -5 -1 -28 8 -53 19 -57 25 -174 63 -214 69 -17 2 -51 8 -76 11 -55 9 -286 9 -320 1 -135 -32 -308 -125 -419 -223 -80 -71 -160 -156 -226 -239 -16 -21 -35 -43 -40 -50 -10 -10 -81 -117 -149 -224 l-27 -44 4 -416 c4 -371 8 -480 21 -501 3 -4 7 -27 11 -51 4 -25 11 -50 16 -56 5 -6 7 -13 4 -16 -2 -2 7 -35 21 -74 14 -38 30 -82 35 -99 11 -39 134 -281 149 -295 3 -3 25 -34 49 -70 24 -36 48 -66 53 -68 4 -2 8 -8 8 -13 0 -13 42 -60 150 -170 91 -92 239 -211 365 -294 33 -22 65 -43 70 -48 28 -22 135 -87 145 -87 5 0 10 -3 10 -7 0 -5 10 -13 23 -19 12 -6 54 -29 92 -51 170 -98 421 -227 645 -330 36 -17 105 -49 153 -72 49 -22 91 -41 93 -41 5 0 154 -68 176 -80 10 -6 19 -10 21 -10 6 0 -3 134 -14 205 -19 116 -79 273 -144 375 -13 19 -25 55 -28 80 -8 60 -27 96 -90 168 -223 254 -346 471 -341 602 4 92 23 211 36 228 6 6 8 12 4 12 -3 0 1 17 10 38 9 20 17 43 18 50 1 7 8 18 14 24 7 7 12 17 12 23 0 5 6 22 14 37 8 14 19 42 25 61 8 23 20 37 35 41 13 3 30 20 39 38 33 70 56 128 50 128 -3 0 -1 6 5 13 10 12 45 147 57 217 24 142 24 408 0 514 -3 12 -7 32 -9 46 -7 37 -32 132 -41 155 l-7 20 14 -20 c20 -28 73 -184 82 -245 3 -19 8 -46 11 -60 4 -20 16 -167 17 -215 1 -41 -14 -173 -27 -235 -28 -137 -83 -280 -141 -370 -13 -19 -26 -48 -30 -65 -4 -16 -16 -43 -27 -59 -12 -16 -36 -73 -55 -125 -31 -90 -33 -102 -29 -196 5 -113 26 -187 82 -292 52 -97 102 -158 253 -312 133 -136 180 -191 165 -191 -4 0 -3 -4 2 -8 6 -4 21 -34 33 -67 13 -33 28 -69 33 -80 6 -12 11 -27 13 -35 2 -8 6 -22 9 -30 31 -80 68 -278 72 -388 2 -62 6 -80 25 -99 12 -13 26 -23 31 -23 14 0 181 -77 234 -108 17 -10 55 -26 85 -36 30 -10 69 -27 87 -38 l32 -19 29 31 c30 30 30 31 16 78 -8 26 -15 49 -16 52 0 3 -2 10 -3 15 -2 6 -6 21 -8 35 -3 14 -12 50 -21 80 -9 30 -19 66 -22 78 -2 13 -11 43 -20 65 -8 23 -16 49 -18 57 -6 25 -72 191 -100 252 -14 31 -26 68 -26 83 0 32 -56 200 -81 240 -10 17 -26 40 -36 52 -21 24 -63 93 -106 173 -133 246 -170 520 -113 838 3 17 8 47 11 65 5 34 7 43 55 242 18 72 33 141 34 155 3 24 5 31 22 75 4 11 8 22 8 25 7 31 33 124 57 201 16 54 32 108 34 120 3 13 9 47 15 74 31 152 43 408 27 560 -4 34 -9 83 -12 110 -3 28 -8 61 -11 75 -4 23 -7 39 -20 105 -2 11 -6 36 -9 55 -3 19 -8 42 -12 50 -3 8 -7 17 -7 20 -1 3 -8 33 -15 68 -8 34 -17 62 -21 62 -4 0 -4 16 0 36 7 31 6 36 -15 44 -13 5 -81 32 -152 60 -70 29 -162 65 -203 81 -41 17 -84 34 -95 39 -11 5 -51 21 -90 35 -38 15 -83 33 -100 40 -30 12 -174 70 -455 180 -80 32 -158 63 -175 70 -16 7 -61 25 -100 40 -38 15 -83 33 -100 40 -112 46 -262 107 -270 109 -5 2 -26 10 -46 19 -19 9 -47 19 -62 22 -15 4 -27 11 -27 16 0 5 -6 9 -13 9 -7 0 -53 16 -103 36 -84 34 -107 43 -186 78 -18 8 -57 24 -87 36 -30 11 -73 29 -95 39 -23 11 -74 33 -113 49 l-73 31 0 -1002z m1115 -799 c28 -5 57 -12 65 -15 8 -3 21 -7 28 -9 68 -14 246 -180 308 -287 28 -47 74 -148 74 -161 0 -7 3 -16 8 -20 4 -4 8 -12 8 -17 1 -5 2 -10 4 -11 1 -2 3 -10 5 -18 51 -210 33 -391 -55 -565 -54 -107 -138 -244 -165 -270 -24 -23 -93 -82 -120 -102 -17 -13 -64 -48 -105 -80 l-75 -57 -146 1 c-158 1 -198 10 -285 60 -55 33 -89 77 -105 137 -7 23 -27 79 -46 124 -19 46 -36 89 -38 95 -1 7 -4 19 -7 27 -16 45 -40 147 -55 240 -7 46 -8 233 -1 290 9 70 32 160 41 160 4 0 6 4 3 8 -9 15 61 150 109 211 46 59 141 148 202 189 102 70 223 94 348 70z m796 -65 c13 -16 12 -17 -3 -4 -10 7 -18 15 -18 17 0 8 8 3 21 -13z\" \/>\n        <path d=\"M928 6996 c-16 -8 -28 -12 -28 -9 0 3 -8 -1 -17 -9 -10 -8 -50 -34 -90 -57 -39 -22 -84 -58 -101 -78 -49 -64 -107 -180 -113 -228 -1 -5 -5 -19 -9 -31 -30 -78 -34 -337 -7 -454 20 -85 62 -200 89 -245 10 -16 18 -38 18 -48 0 -10 5 -23 10 -30 6 -7 19 -24 31 -39 11 -15 23 -27 27 -26 9 2 35 -9 94 -37 36 -17 60 -22 100 -19 28 2 54 7 57 12 4 4 17 12 31 18 169 74 256 129 294 187 132 203 181 305 202 417 29 158 -36 353 -163 489 -55 60 -163 142 -163 125 0 -4 -16 6 -35 20 -19 15 -50 33 -68 40 -45 18 -127 19 -159 2z\" \/>\n        <path d=\"M10183 8936 c-28 -14 -54 -22 -57 -18 -3 3 -6 0 -6 -6 0 -7 -7 -12 -15 -12 -8 0 -23 -4 -33 -10 -9 -5 -66 -30 -127 -55 -60 -25 -119 -50 -130 -54 -11 -5 -60 -26 -110 -46 -49 -21 -110 -46 -135 -57 -25 -10 -54 -23 -65 -27 -11 -5 -31 -13 -45 -19 -130 -56 -244 -102 -255 -102 -7 0 -15 -3 -17 -8 -1 -4 -43 -24 -93 -44 -129 -53 -294 -122 -335 -140 -19 -9 -53 -23 -75 -32 -22 -10 -49 -21 -60 -26 -11 -5 -85 -37 -165 -71 -80 -34 -165 -71 -190 -82 -25 -11 -47 -21 -50 -22 -3 -1 -21 -8 -40 -17 -19 -9 -73 -33 -120 -53 -47 -20 -101 -44 -120 -53 -19 -9 -37 -16 -40 -17 -3 0 -23 -9 -45 -19 -54 -25 -152 -70 -195 -89 -19 -8 -75 -34 -125 -57 -49 -23 -117 -55 -150 -70 -125 -58 -341 -161 -360 -172 -11 -7 -38 -20 -60 -30 -22 -10 -47 -23 -55 -28 -8 -5 -44 -24 -80 -42 -36 -18 -128 -67 -204 -110 -77 -43 -141 -78 -143 -78 -2 0 -9 -5 -16 -10 -20 -17 -331 -200 -339 -200 -4 0 -8 -4 -8 -8 0 -5 -18 -18 -40 -31 -22 -12 -45 -28 -52 -34 -7 -7 -29 -23 -48 -34 -19 -12 -48 -34 -65 -47 -16 -14 -35 -29 -40 -33 -117 -89 -272 -251 -332 -348 -37 -60 -73 -138 -93 -205 -22 -70 -23 -94 -24 -363 l-2 -287 49 -53 c27 -28 99 -105 161 -171 61 -65 127 -135 146 -156 19 -20 87 -92 150 -159 123 -131 143 -152 320 -341 179 -191 240 -256 309 -328 35 -37 109 -116 165 -176 55 -59 124 -132 151 -161 28 -29 102 -108 165 -176 63 -67 151 -161 196 -207 l81 -85 82 46 c86 49 165 77 213 77 15 0 28 5 28 10 0 6 9 10 20 10 11 0 20 5 20 10 0 6 7 10 15 10 8 0 41 13 72 30 32 16 87 42 123 58 36 16 86 39 112 51 26 11 52 21 57 21 6 0 11 5 11 10 0 6 6 10 14 10 7 0 44 14 82 31 38 17 87 39 109 49 261 116 390 175 430 197 11 6 67 35 125 63 127 63 242 125 292 157 21 12 40 23 43 23 3 0 18 8 33 19 15 10 70 47 122 81 307 204 490 381 650 628 50 77 130 230 130 247 0 8 4 15 10 17 5 2 11 12 13 23 2 11 7 27 10 35 24 57 58 167 71 230 9 41 20 86 23 100 7 24 16 2591 11 2902 l-3 158 -52 -24z\" \/>\n        <path d=\"M2753 7775 c3 -17 7 -39 10 -50 30 -118 51 -247 63 -375 9 -90 8 -333 -1 -405 -4 -33 -9 -76 -10 -95 -4 -54 -13 -113 -30 -192 -8 -40 -17 -86 -20 -103 -8 -39 -13 -60 -15 -60 -1 0 -3 -9 -5 -20 -10 -65 -18 -101 -24 -110 -4 -5 -16 -41 -25 -80 -15 -61 -34 -111 -91 -240 -8 -16 -17 -43 -21 -60 -4 -16 -9 -34 -13 -40 -3 -5 -6 -14 -8 -20 -1 -5 -4 -19 -7 -30 -7 -26 -32 -139 -41 -185 -4 -19 -8 -103 -10 -185 -3 -137 -1 -159 24 -255 33 -125 62 -200 147 -379 37 -77 79 -148 99 -169 43 -44 84 -126 86 -172 2 -19 15 -61 30 -93 16 -31 28 -58 27 -60 0 -1 7 -20 17 -42 24 -58 85 -236 91 -265 2 -14 9 -36 13 -50 17 -46 59 -213 60 -237 2 -22 20 -14 53 24 35 39 123 137 192 213 23 25 77 85 121 135 44 49 104 114 132 145 57 60 60 66 40 95 -8 11 -27 56 -42 100 -16 44 -35 85 -41 92 -7 7 -41 72 -77 145 -61 125 -79 164 -114 248 -8 19 -19 44 -25 55 -5 12 -10 27 -12 35 -2 8 -7 26 -13 40 -6 14 -18 52 -28 85 -9 33 -20 67 -23 75 -3 8 -7 24 -8 35 -2 11 -6 29 -9 40 -2 11 -5 23 -5 27 -1 4 -6 22 -11 40 -35 116 -44 204 -44 403 1 173 10 291 30 395 3 14 7 43 10 65 3 22 7 51 10 65 3 14 7 41 10 60 3 19 7 45 9 56 7 33 20 113 32 189 9 63 12 80 14 80 2 0 7 25 14 75 4 25 9 56 11 70 15 87 23 221 26 443 2 145 -1 172 -19 172 -30 1 -344 148 -440 206 -35 21 -66 39 -69 39 -2 0 -20 12 -40 27 l-36 28 6 -30z\" \/>\n        <path d=\"M3659 7308 c-1 -2 -2 -28 -3 -58 -2 -47 -6 -85 -21 -230 -1 -14 -5 -47 -9 -75 -15 -117 -21 -178 -31 -335 -2 -41 -6 -84 -9 -95 -2 -11 -9 -56 -16 -100 -7 -44 -14 -89 -16 -100 -2 -11 -8 -56 -14 -100 -6 -44 -13 -100 -16 -125 -9 -66 -9 -477 0 -535 4 -27 12 -68 18 -90 5 -22 11 -47 13 -55 2 -8 15 -46 30 -85 14 -38 27 -74 29 -80 1 -5 10 -27 19 -49 9 -21 17 -40 17 -42 0 -6 61 -137 134 -285 36 -75 66 -142 66 -148 0 -6 11 -16 24 -21 16 -6 26 -18 28 -36 3 -25 26 -4 276 245 149 150 272 279 272 287 0 8 -13 23 -30 32 -26 15 -30 23 -30 59 0 57 30 81 100 77 57 -2 74 -17 85 -71 5 -31 26 -50 51 -49 6 1 92 83 191 182 l180 181 0 304 c0 297 0 305 -23 350 -22 44 -132 214 -164 253 -137 166 -273 294 -432 404 l-48 32 -1 -25 c-1 -14 -2 -28 -4 -32 -1 -5 -5 -25 -9 -45 -5 -21 -15 -43 -23 -49 -8 -7 -20 -27 -28 -46 -21 -49 -76 -63 -106 -27 -25 30 -12 183 21 247 l22 41 -34 31 c-75 71 -313 215 -354 215 -7 0 -36 11 -66 25 -45 21 -85 31 -89 23z m517 -796 c24 -16 31 -51 29 -142 -4 -125 -2 -117 -24 -137 -16 -15 -46 -20 -92 -14 -12 2 -3 255 9 279 13 22 54 30 78 14z m88 -510 c0 -18 3 -32 6 -32 10 0 41 -71 46 -106 2 -16 6 -80 8 -141 4 -110 3 -113 -18 -114 -60 -3 -95 12 -100 45 -1 7 -9 24 -18 38 -9 14 -21 43 -27 66 -13 46 -22 245 -12 260 9 13 27 17 74 16 40 -1 42 -2 41 -32z\" \/>\n        <path d=\"M5425 4480 c0 -379 3 -690 7 -690 5 0 8 5 8 10 0 6 7 18 15 28 9 9 46 60 83 112 36 52 78 108 92 124 44 51 144 148 170 165 14 8 44 34 68 56 55 51 127 91 177 99 21 4 40 8 41 9 2 2 -31 43 -73 92 -140 167 -158 188 -168 199 -5 6 -46 54 -90 106 -43 52 -87 104 -97 115 -9 11 -43 51 -75 90 -32 38 -65 76 -73 85 -8 9 -28 32 -44 53 -16 20 -32 37 -35 37 -4 0 -6 -310 -6 -690z\" \/>\n        <path d=\"M4770 5008 c-52 -55 -124 -131 -160 -168 -36 -37 -128 -134 -205 -215 -77 -81 -160 -169 -185 -194 -25 -26 -119 -125 -210 -221 -91 -95 -192 -201 -225 -235 -52 -55 -193 -202 -374 -393 -86 -92 -320 -337 -401 -422 -41 -43 -138 -144 -215 -225 -77 -81 -160 -169 -185 -195 -25 -26 -88 -92 -140 -147 -52 -55 -171 -180 -265 -278 -194 -204 -227 -239 -420 -441 -77 -81 -162 -171 -190 -200 -27 -28 -117 -123 -200 -209 -82 -87 -156 -164 -164 -172 -12 -12 142 -14 1145 -10 638 2 1170 7 1184 10 14 3 52 8 85 12 33 4 70 11 83 16 12 5 22 7 22 5 0 -2 33 5 73 15 39 11 80 22 90 24 69 16 195 72 283 125 105 64 173 124 294 260 64 72 167 239 168 274 0 5 4 12 9 15 14 10 80 207 88 261 1 8 5 22 8 30 8 20 25 114 32 169 3 23 7 46 9 50 2 3 7 35 11 71 4 36 8 72 10 80 5 25 16 132 20 185 5 55 14 132 22 185 7 47 10 2030 3 2035 -3 2 -48 -42 -100 -97z\" \/>\n        <path d=\"M6179 4234 c-44 -34 -151 -84 -186 -86 -19 -2 -55 -30 -123 -98 -109 -108 -133 -136 -185 -217 -21 -32 -48 -74 -61 -93 -13 -19 -32 -55 -44 -80 -11 -25 -24 -52 -29 -60 -33 -61 -72 -153 -105 -250 -21 -60 -23 -80 -20 -245 2 -158 5 -211 19 -363 3 -33 15 -130 21 -167 2 -11 5 -33 8 -50 3 -24 34 -160 50 -225 2 -8 18 -55 35 -105 93 -267 243 -474 446 -615 28 -19 52 -38 55 -42 8 -9 188 -102 238 -121 23 -9 42 -12 42 -7 0 5 -11 40 -25 76 -28 74 -36 112 -37 162 0 47 15 60 70 59 42 -2 47 -4 49 -27 7 -85 14 -127 29 -173 21 -61 18 -48 28 -115 8 -54 12 -58 56 -66 14 -3 25 -5 25 -6 0 -11 158 -32 278 -37 l137 -5 1 83 c0 46 3 102 5 124 3 22 5 49 5 60 0 11 11 69 24 130 21 95 24 145 29 365 2 140 7 264 9 275 2 11 7 41 11 66 7 44 15 93 20 114 2 6 6 24 10 40 4 17 15 53 24 80 9 28 17 56 18 63 5 28 74 163 112 219 39 57 125 143 143 143 16 0 9 14 -24 51 -17 19 -66 73 -107 118 -41 46 -86 96 -100 111 -31 34 -87 96 -170 189 -137 154 -129 146 -136 125 -3 -10 -17 -42 -30 -71 -13 -28 -24 -59 -24 -67 0 -8 -15 -31 -32 -50 l-33 -35 -50 28 c-57 32 -78 63 -70 106 4 17 8 40 11 51 5 26 49 108 82 152 l25 33 -239 239 c-131 132 -242 240 -245 240 -3 0 -21 -12 -40 -26z m453 -956 c-16 -16 -15 -40 1 -71 8 -15 13 -37 11 -49 -1 -13 -3 -29 -3 -36 -1 -21 -112 -132 -132 -132 -31 0 -49 39 -49 107 0 55 4 66 30 96 17 19 30 39 30 44 0 5 7 19 16 31 12 17 25 22 62 22 36 0 43 -3 34 -12z m-116 -420 c4 -5 2 -8 -4 -8 -19 0 -19 -34 -1 -71 10 -20 16 -39 13 -42 -3 -3 -7 -25 -8 -49 -2 -24 -12 -76 -24 -115 -11 -40 -18 -73 -15 -73 3 0 0 -6 -6 -14 -6 -8 -11 -18 -9 -22 1 -5 -1 -23 -5 -41 -5 -26 -13 -34 -41 -42 -64 -17 -71 -12 -72 60 -1 36 9 108 22 164 13 55 26 125 29 155 10 90 23 105 92 105 12 0 25 -3 29 -7z m-148 -753 c12 -14 23 -28 24 -33 9 -38 14 -82 9 -82 -4 0 -5 -15 -3 -34 3 -26 -1 -37 -19 -50 -58 -40 -106 2 -102 90 1 27 2 61 2 76 1 31 24 58 50 58 10 0 27 -11 39 -25z\" \/>\n        <path d=\"M7390 2938 c-22 -24 -42 -51 -46 -60 -3 -10 -9 -18 -14 -18 -4 0 -21 -20 -37 -45 -15 -25 -31 -45 -35 -45 -5 0 -8 -6 -8 -12 0 -7 -13 -26 -28 -43 -78 -84 -139 -326 -147 -580 -2 -44 -4 -194 -5 -333 -3 -250 -11 -332 -42 -419 l-16 -43 454 1 454 0 25 39 c14 22 25 42 25 46 0 3 29 49 65 101 36 52 65 99 65 103 0 5 4 10 8 12 4 2 33 39 63 83 29 44 62 88 72 99 9 11 17 23 17 27 0 4 18 36 39 71 22 35 41 70 43 79 2 10 -43 66 -113 140 -64 68 -131 140 -149 159 -64 69 -246 263 -295 315 -27 29 -102 108 -165 176 -160 171 -177 189 -185 189 -3 0 -24 -19 -45 -42z\" \/>\n        <path d=\"M8529 1889 c0 -2 -3 -15 -5 -28 -2 -14 -11 -32 -19 -41 -8 -9 -15 -23 -15 -32 0 -8 -8 -26 -18 -39 -9 -13 -28 -44 -41 -69 -14 -25 -74 -119 -135 -210 -61 -90 -115 -170 -119 -177 -6 -11 82 -13 450 -13 457 1 458 1 434 20 -13 11 -20 20 -17 20 4 0 -8 15 -26 33 -18 19 -51 54 -73 79 -87 98 -182 203 -210 233 -16 18 -57 63 -90 100 -83 94 -115 128 -116 124z\" \/>\n    <\/g>\n<\/svg>                                                    <\/div>\n                        <img src='https:\/\/mat.travelblox.eu\/wp-content\/smush-webp\/sites\/68\/2025\/02\/Siliquini-TheMadeiraTrail-240322-2044.jpg.webp' width='683' height='1024' alt='Wandern Madeira Blumen' srcset='https:\/\/mat.travelblox.eu\/wp-content\/smush-webp\/sites\/68\/2025\/02\/Siliquini-TheMadeiraTrail-240322-2044.jpg.webp 683w, https:\/\/mat.travelblox.eu\/wp-content\/smush-webp\/sites\/68\/2025\/02\/Siliquini-TheMadeiraTrail-240322-2044-200x300.jpg.webp 200w, https:\/\/mat.travelblox.eu\/wp-content\/smush-webp\/sites\/68\/2025\/02\/Siliquini-TheMadeiraTrail-240322-2044-8x12.jpg.webp 8w' sizes=\"auto, (max-width: 683px) 100vw, 683px\" loading='lazy' decoding='async' data-smush-webp-fallback=\"{&quot;src&quot;:&quot;https:\\\/\\\/mat.travelblox.eu\\\/wp-content\\\/uploads\\\/sites\\\/68\\\/2025\\\/02\\\/Siliquini-TheMadeiraTrail-240322-2044.jpg&quot;,&quot;srcset&quot;:&quot;https:\\\/\\\/mat.travelblox.eu\\\/wp-content\\\/uploads\\\/sites\\\/68\\\/2025\\\/02\\\/Siliquini-TheMadeiraTrail-240322-2044.jpg 683w, https:\\\/\\\/mat.travelblox.eu\\\/wp-content\\\/uploads\\\/sites\\\/68\\\/2025\\\/02\\\/Siliquini-TheMadeiraTrail-240322-2044-200x300.jpg 200w, https:\\\/\\\/mat.travelblox.eu\\\/wp-content\\\/uploads\\\/sites\\\/68\\\/2025\\\/02\\\/Siliquini-TheMadeiraTrail-240322-2044-8x12.jpg 8w&quot;}\">                        <svg class=\"voucher-present-line--mobile\" width=\"77\" height=\"291\" viewbox=\"0 0 77 291\" fill=\"none\" xmlns=\"http:\/\/www.w3.org\/2000\/svg\">\n<path d=\"M95.0304 3.50007C52.4991 -3.99971 -22.503 15.7626 8.49739 48.4998C24.691 65.6007 82.7864 53.6999 95.0305 84.7312C112.498 129 1.99766 148.731 45.3901 179.5C117.998 230.985 65.3628 271.515 42.169 274\" stroke=\"#C1D4CD\" stroke-width=\"2\" stroke-dasharray=\"6 6\"\/>\n<g clip-path=\"url(#clip0_21615_9063)\">\n<path d=\"M31.0991 274.313L15.5132 270.697C14.9752 270.572 14.4379 270.907 14.313 271.445L13.861 273.393C13.7362 273.931 14.0711 274.469 14.6091 274.593L30.1951 278.21C30.733 278.335 31.2704 278 31.3952 277.462L31.8472 275.513C31.9721 274.975 31.6371 274.438 31.0991 274.313Z\" stroke=\"#C1D4CD\" stroke-width=\"2\" stroke-linecap=\"round\" stroke-linejoin=\"round\"\/>\n<path d=\"M23.3086 272.505L20.3703 285.169\" stroke=\"#C1D4CD\" stroke-width=\"2\" stroke-linecap=\"round\" stroke-linejoin=\"round\"\/>\n<path d=\"M29.2236 277.984L27.6415 284.803C27.5216 285.319 27.2014 285.767 26.7512 286.048C26.3011 286.329 25.7579 286.419 25.2412 286.299L15.5 284.039C14.9833 283.919 14.5354 283.599 14.2548 283.148C13.9742 282.698 13.8839 282.155 14.0038 281.638L15.5859 274.82\" stroke=\"#C1D4CD\" stroke-width=\"2\" stroke-linecap=\"round\" stroke-linejoin=\"round\"\/>\n<path d=\"M18.9223 271.488C18.2764 271.338 17.7165 270.938 17.3658 270.375C17.015 269.813 16.9022 269.134 17.052 268.488C17.2019 267.842 17.6022 267.282 18.1649 266.931C18.7275 266.58 19.4065 266.468 20.0524 266.617C20.9959 266.819 21.811 267.489 22.3913 268.539C22.9717 269.589 23.2904 270.971 23.3058 272.505C23.9951 271.135 24.8898 270.034 25.8734 269.347C26.8569 268.66 27.8836 268.417 28.8195 268.652C29.4654 268.802 30.0253 269.202 30.376 269.765C30.7268 270.327 30.8396 271.006 30.6897 271.652C30.5399 272.298 30.1396 272.858 29.5769 273.209C29.0142 273.559 28.3353 273.672 27.6894 273.522\" stroke=\"#C1D4CD\" stroke-width=\"2\" stroke-linecap=\"round\" stroke-linejoin=\"round\"\/>\n<\/g>\n<defs>\n<clippath id=\"clip0_21615_9063\">\n<rect width=\"24\" height=\"24\" fill=\"white\" transform=\"translate(13.4258 262) rotate(13.063)\"\/>\n<\/clippath>\n<\/defs>\n<\/svg>\n                    <\/div>\n                <\/div>\n                        <div class=\"tb-column tb-column__text\">\n                <div class=\"tb-text-part\">\n                    <h2>Der Travelbase-Gutschein<\/h2>\n                    \t<div class=\"translation-block\"><p><b data-stringify-type=\"bold\">Auf der Suche nach einem originellen Geschenk?<\/b><\/p>\n<p>Unser Gutschein ist das Versprechen f\u00fcr einzigartige Abenteuer und unvergessliche Erinnerungen! Er ist <strong>personalisierbar<\/strong> und <strong>2 Jahre<\/strong> lang f\u00fcr all unsere Reisen <strong>g\u00fcltig<\/strong>.<\/p><\/div>\n\t                <\/div>\n            <\/div>\n            <div class=\"tb-column tb-column__form\">\n                <div class=\"tb-form-part\">\n                    <form action=\"https:\/\/travelbase.de\/travelbase-geschenkgutschein\/\" class=\"tb-form\">\n                        <div class=\"tb-input-container\">\n                                                            <label class=\"tb-label\" for=\"voucher-amount\">\n                                    Betrag                                <\/label>\n                                                                                        <span class=\"tb-currency-symbol\">\u20ac<\/span>\n                                <input class=\"tb-input\" type=\"number\" min=\"10\" id=\"voucher-amount\" name=\"amount\" placeholder=\" Betrag\" value=\"100\" \/>\n                                                    <\/div>\n                                                    <div class=\"tb-buttons-part\">\n                                <button type=\"submit\" class=\"tb-button button--primary\">Einen Gutschein verschenken<\/button>\n                            <\/div>\n                                            <\/form>\n                <\/div>\n            <\/div>\n        <\/div>\n    <\/div>\n<\/div>\n\n\n\n\n\n<div class=\"tb-similartrips tb-block align-center background-light pattern-none variant-none tb-collapsible-margins\" id=\"similartrips-1\">\n\t\t\t<div class=\"inner-block tb-fade-in tb-fade-in--subtle\">\n\t\t\t<div class=\"text-part\">\n\t\t\t\t\t\t\t\t\t<h2>Entdecke weitere Fernwanderungen<\/h2>\n\t\t\t\t\t\t\t\t\t\t\t<\/div>\n\t\t<\/div>\n\t\t\t<div class=\"inner-block-full-width has-tb-carousel\" >\n\t\t<div class=\"tb-carousel-container\">\n\t\t\t<div class=\"entries tb-cards\" data-slider-first=\"1\">\n\t\t\t\t\t\t\t\t\t<a href=\"https:\/\/thecappadociatrail.com\/de\/\"  target=\"_blank\" class=\"tb-card entry\">\n\t\t\t\t<div class=\"tb-image-part\">\n\t\t\t\t\t\t\t\t\t\t\t<img src='https:\/\/mat.travelblox.eu\/wp-content\/smush-webp\/sites\/68\/2025\/09\/CAPT25_TURKEY_HR_RicoGluck_49-Medium.jpeg.webp' width='640' height='427' alt='Kappadokien T\u00fcrkei - Trek und Cappadoce - Cappadocia Trail' srcset='https:\/\/mat.travelblox.eu\/wp-content\/smush-webp\/sites\/68\/2025\/09\/CAPT25_TURKEY_HR_RicoGluck_49-Medium.jpeg.webp 640w, https:\/\/mat.travelblox.eu\/wp-content\/smush-webp\/sites\/68\/2025\/09\/CAPT25_TURKEY_HR_RicoGluck_49-Medium-300x200.jpeg.webp 300w, https:\/\/mat.travelblox.eu\/wp-content\/smush-webp\/sites\/68\/2025\/09\/CAPT25_TURKEY_HR_RicoGluck_49-Medium-18x12.jpeg.webp 18w' sizes=\"auto, (max-width: 640px) 100vw, 640px\" loading='lazy' decoding='async' data-smush-webp-fallback=\"{&quot;src&quot;:&quot;https:\\\/\\\/mat.travelblox.eu\\\/wp-content\\\/uploads\\\/sites\\\/68\\\/2025\\\/09\\\/CAPT25_TURKEY_HR_RicoGluck_49-Medium.jpeg&quot;,&quot;srcset&quot;:&quot;https:\\\/\\\/mat.travelblox.eu\\\/wp-content\\\/uploads\\\/sites\\\/68\\\/2025\\\/09\\\/CAPT25_TURKEY_HR_RicoGluck_49-Medium.jpeg 640w, https:\\\/\\\/mat.travelblox.eu\\\/wp-content\\\/uploads\\\/sites\\\/68\\\/2025\\\/09\\\/CAPT25_TURKEY_HR_RicoGluck_49-Medium-300x200.jpeg 300w, https:\\\/\\\/mat.travelblox.eu\\\/wp-content\\\/uploads\\\/sites\\\/68\\\/2025\\\/09\\\/CAPT25_TURKEY_HR_RicoGluck_49-Medium-18x12.jpeg 18w&quot;}\">\t\t\t\t\t\t\t\t\t\t\t\t\t\t\t\t\t\t\t\t\t\t\t\t<\/div>\n\t\t\t\t<div class=\"tb-card-content\">\n\t\t\t\t\t<h4>\n\t\t\t\t\t\t<span>Der Cappadocia Trail<\/span>\n\t\t\t\t\t\t\t\t\t\t<i class=\"icon fa-solid fa-person-hiking fa-fw\" aria-hidden=\"true\"><\/i>\n\t\t\t\t\t\t\t\t<\/h4>\n\t\t\t\t\t\t\t\t\t\t\t<div class=\"line\">\n\t\t\t\t\t\t\t\t\t\t\t\t\t\t\t<span class=\"location tb-text-with-icon icon-first\">\n\t\t\t\t\t\t\t\t\t<i class=\"icon fa fa-map-marker\"><\/i>\n\t\t\t\t\t\t\t\t\t<span>T\u00fcrkei<\/span>\n\t\t\t\t\t\t\t\t<\/span>\n\t\t\t\t\t\t\t\t\t\t\t\t\t\t\t\t\t\t\t\t\t\t<span class=\"duration tb-text-with-icon icon-first\">\n\t\t\t\t\t\t\t\t\t<i class=\"icon fa fa-clock\"><\/i>\n\t\t\t\t\t\t\t\t\t<span>7 Tage<\/span>\n\t\t\t\t\t\t\t\t<\/span>\n\t\t\t\t\t\t\t\t\t\t\t\t\t\t\t\t\t\t\t\t<\/div>\n\t\t\t\t\t\t\t\t\t\t\t\t\t\t\t\t\t\t\t<\/div>\n\t\t\t<\/a>\n\t\t\t\t\t<a href=\"https:\/\/thebalkantrail.com\/de\"  target=\"\" class=\"tb-card entry\">\n\t\t\t\t<div class=\"tb-image-part\">\n\t\t\t\t\t\t\t\t\t\t\t<img src='https:\/\/mat.travelblox.eu\/wp-content\/smush-webp\/sites\/68\/2025\/09\/Copy-of-Laura-Siliquini-13-Medium.jpeg.webp' width='640' height='427' alt='Wandern Balkan' srcset='https:\/\/mat.travelblox.eu\/wp-content\/smush-webp\/sites\/68\/2025\/09\/Copy-of-Laura-Siliquini-13-Medium.jpeg.webp 640w, https:\/\/mat.travelblox.eu\/wp-content\/smush-webp\/sites\/68\/2025\/09\/Copy-of-Laura-Siliquini-13-Medium-300x200.jpeg.webp 300w, https:\/\/mat.travelblox.eu\/wp-content\/smush-webp\/sites\/68\/2025\/09\/Copy-of-Laura-Siliquini-13-Medium-18x12.jpeg.webp 18w' sizes=\"auto, (max-width: 640px) 100vw, 640px\" loading='lazy' decoding='async' data-smush-webp-fallback=\"{&quot;src&quot;:&quot;https:\\\/\\\/mat.travelblox.eu\\\/wp-content\\\/uploads\\\/sites\\\/68\\\/2025\\\/09\\\/Copy-of-Laura-Siliquini-13-Medium.jpeg&quot;,&quot;srcset&quot;:&quot;https:\\\/\\\/mat.travelblox.eu\\\/wp-content\\\/uploads\\\/sites\\\/68\\\/2025\\\/09\\\/Copy-of-Laura-Siliquini-13-Medium.jpeg 640w, https:\\\/\\\/mat.travelblox.eu\\\/wp-content\\\/uploads\\\/sites\\\/68\\\/2025\\\/09\\\/Copy-of-Laura-Siliquini-13-Medium-300x200.jpeg 300w, https:\\\/\\\/mat.travelblox.eu\\\/wp-content\\\/uploads\\\/sites\\\/68\\\/2025\\\/09\\\/Copy-of-Laura-Siliquini-13-Medium-18x12.jpeg 18w&quot;}\">\t\t\t\t\t\t\t\t\t\t\t\t\t\t\t\t\t\t\t\t\t\t\t\t<\/div>\n\t\t\t\t<div class=\"tb-card-content\">\n\t\t\t\t\t<h4>\n\t\t\t\t\t\t<span>Der Balkan Trail<\/span>\n\t\t\t\t\t\t\t\t\t\t\t\t\t\t\t<\/h4>\n\t\t\t\t\t\t\t\t\t\t\t<div class=\"line\">\n\t\t\t\t\t\t\t\t\t\t\t\t\t\t\t<span class=\"location tb-text-with-icon icon-first\">\n\t\t\t\t\t\t\t\t\t<i class=\"icon fa fa-map-marker\"><\/i>\n\t\t\t\t\t\t\t\t\t<span>Albanien, Montenegro, Kosovo<\/span>\n\t\t\t\t\t\t\t\t<\/span>\n\t\t\t\t\t\t\t\t\t\t\t\t\t\t\t\t\t\t\t\t\t\t<span class=\"duration tb-text-with-icon icon-first\">\n\t\t\t\t\t\t\t\t\t<i class=\"icon fa fa-clock\"><\/i>\n\t\t\t\t\t\t\t\t\t<span>7 Tage<\/span>\n\t\t\t\t\t\t\t\t<\/span>\n\t\t\t\t\t\t\t\t\t\t\t\t\t\t\t\t\t\t\t\t<\/div>\n\t\t\t\t\t\t\t\t\t\t\t\t\t\t\t\t\t\t\t<\/div>\n\t\t\t<\/a>\n\t\t\t\t\t<a href=\"http:\/\/dolomititrail.com\/de\"  target=\"_blank\" class=\"tb-card entry\">\n\t\t\t\t<div class=\"tb-image-part\">\n\t\t\t\t\t\t\t\t\t\t\t<img src='https:\/\/mat.travelblox.eu\/wp-content\/smush-webp\/sites\/68\/2025\/09\/DT24_EvyVanNispen_HR-90-Medium.jpeg.webp' width='640' height='427' alt='Wandern in den Dolomiten Drei Zinnen - Trek in den Dolomiten - Dolomiti Trail' srcset='https:\/\/mat.travelblox.eu\/wp-content\/smush-webp\/sites\/68\/2025\/09\/DT24_EvyVanNispen_HR-90-Medium.jpeg.webp 640w, https:\/\/mat.travelblox.eu\/wp-content\/smush-webp\/sites\/68\/2025\/09\/DT24_EvyVanNispen_HR-90-Medium-300x200.jpeg.webp 300w, https:\/\/mat.travelblox.eu\/wp-content\/smush-webp\/sites\/68\/2025\/09\/DT24_EvyVanNispen_HR-90-Medium-18x12.jpeg.webp 18w' sizes=\"auto, (max-width: 640px) 100vw, 640px\" loading='lazy' decoding='async' data-smush-webp-fallback=\"{&quot;src&quot;:&quot;https:\\\/\\\/mat.travelblox.eu\\\/wp-content\\\/uploads\\\/sites\\\/68\\\/2025\\\/09\\\/DT24_EvyVanNispen_HR-90-Medium.jpeg&quot;,&quot;srcset&quot;:&quot;https:\\\/\\\/mat.travelblox.eu\\\/wp-content\\\/uploads\\\/sites\\\/68\\\/2025\\\/09\\\/DT24_EvyVanNispen_HR-90-Medium.jpeg 640w, https:\\\/\\\/mat.travelblox.eu\\\/wp-content\\\/uploads\\\/sites\\\/68\\\/2025\\\/09\\\/DT24_EvyVanNispen_HR-90-Medium-300x200.jpeg 300w, https:\\\/\\\/mat.travelblox.eu\\\/wp-content\\\/uploads\\\/sites\\\/68\\\/2025\\\/09\\\/DT24_EvyVanNispen_HR-90-Medium-18x12.jpeg 18w&quot;}\">\t\t\t\t\t\t\t\t\t\t\t\t\t\t\t\t\t\t\t\t\t\t\t\t<\/div>\n\t\t\t\t<div class=\"tb-card-content\">\n\t\t\t\t\t<h4>\n\t\t\t\t\t\t<span>Dolomiti Trail<\/span>\n\t\t\t\t\t\t\t\t\t\t<i class=\"icon fa-solid fa-person-hiking fa-fw\" aria-hidden=\"true\"><\/i>\n\t\t\t\t\t\t\t\t<\/h4>\n\t\t\t\t\t\t\t\t\t\t\t<div class=\"line\">\n\t\t\t\t\t\t\t\t\t\t\t\t\t\t\t<span class=\"location tb-text-with-icon icon-first\">\n\t\t\t\t\t\t\t\t\t<i class=\"icon fa fa-map-marker\"><\/i>\n\t\t\t\t\t\t\t\t\t<span>Italien<\/span>\n\t\t\t\t\t\t\t\t<\/span>\n\t\t\t\t\t\t\t\t\t\t\t\t\t\t\t\t\t\t\t\t\t\t<span class=\"duration tb-text-with-icon icon-first\">\n\t\t\t\t\t\t\t\t\t<i class=\"icon fa fa-clock\"><\/i>\n\t\t\t\t\t\t\t\t\t<span>6 Tage<\/span>\n\t\t\t\t\t\t\t\t<\/span>\n\t\t\t\t\t\t\t\t\t\t\t\t\t\t\t\t\t\t\t\t<\/div>\n\t\t\t\t\t\t\t\t\t\t\t\t\t\t\t\t\t\t\t<\/div>\n\t\t\t<\/a>\n\t\t\t\t\t<a href=\"https:\/\/thejordantrail.org\/de\"  target=\"_blank\" class=\"tb-card entry\">\n\t\t\t\t<div class=\"tb-image-part\">\n\t\t\t\t\t\t\t\t\t\t\t<img src='https:\/\/mat.travelblox.eu\/wp-content\/smush-webp\/sites\/68\/2025\/06\/Jordanie-768x738.jpg.webp' width='768' height='738' alt='Wandern in Jordanien - Trek in Jordanien - Jordan Trail' srcset='https:\/\/mat.travelblox.eu\/wp-content\/smush-webp\/sites\/68\/2025\/06\/Jordanie-768x738.jpg.webp 768w, https:\/\/mat.travelblox.eu\/wp-content\/smush-webp\/sites\/68\/2025\/06\/Jordanie-300x288.jpg.webp 300w, https:\/\/mat.travelblox.eu\/wp-content\/smush-webp\/sites\/68\/2025\/06\/Jordanie-12x12.jpg.webp 12w, https:\/\/mat.travelblox.eu\/wp-content\/smush-webp\/sites\/68\/2025\/06\/Jordanie.jpg.webp 832w' sizes=\"auto, (max-width: 768px) 100vw, 768px\" loading='lazy' decoding='async' data-smush-webp-fallback=\"{&quot;src&quot;:&quot;https:\\\/\\\/mat.travelblox.eu\\\/wp-content\\\/uploads\\\/sites\\\/68\\\/2025\\\/06\\\/Jordanie-768x738.jpg&quot;,&quot;srcset&quot;:&quot;https:\\\/\\\/mat.travelblox.eu\\\/wp-content\\\/uploads\\\/sites\\\/68\\\/2025\\\/06\\\/Jordanie-768x738.jpg 768w, https:\\\/\\\/mat.travelblox.eu\\\/wp-content\\\/uploads\\\/sites\\\/68\\\/2025\\\/06\\\/Jordanie-300x288.jpg 300w, https:\\\/\\\/mat.travelblox.eu\\\/wp-content\\\/uploads\\\/sites\\\/68\\\/2025\\\/06\\\/Jordanie-12x12.jpg 12w, https:\\\/\\\/mat.travelblox.eu\\\/wp-content\\\/uploads\\\/sites\\\/68\\\/2025\\\/06\\\/Jordanie.jpg 832w&quot;}\">\t\t\t\t\t\t\t\t\t\t\t\t\t\t\t\t\t\t\t\t\t\t\t\t<\/div>\n\t\t\t\t<div class=\"tb-card-content\">\n\t\t\t\t\t<h4>\n\t\t\t\t\t\t<span>Der Jordan Trail<\/span>\n\t\t\t\t\t\t\t\t\t\t<i class=\"icon fa-solid fa-person-hiking fa-fw\" aria-hidden=\"true\"><\/i>\n\t\t\t\t\t\t\t\t<\/h4>\n\t\t\t\t\t\t\t\t\t\t\t<div class=\"line\">\n\t\t\t\t\t\t\t\t\t\t\t\t\t\t\t<span class=\"location tb-text-with-icon icon-first\">\n\t\t\t\t\t\t\t\t\t<i class=\"icon fa fa-map-marker\"><\/i>\n\t\t\t\t\t\t\t\t\t<span>Jordanien<\/span>\n\t\t\t\t\t\t\t\t<\/span>\n\t\t\t\t\t\t\t\t\t\t\t\t\t\t\t\t\t\t\t\t\t\t<span class=\"duration tb-text-with-icon icon-first\">\n\t\t\t\t\t\t\t\t\t<i class=\"icon fa fa-clock\"><\/i>\n\t\t\t\t\t\t\t\t\t<span>7 Tage<\/span>\n\t\t\t\t\t\t\t\t<\/span>\n\t\t\t\t\t\t\t\t\t\t\t\t\t\t\t\t\t\t\t\t<\/div>\n\t\t\t\t\t\t\t\t\t\t\t\t\t\t\t\t\t\t\t<\/div>\n\t\t\t<\/a>\n\t\t\t\t\t<\/div>\n\t\t\t\t<div class=\"tb-carousel-nav\">\n\t\t<div class=\"dots\">\n\t\t\t<div class=\"dot active\"><\/div>\n\t\t\t<div class=\"dot\"><\/div>\n\t\t\t<div class=\"dot\"><\/div>\n\t\t<\/div>\n\t\t<div class=\"arrows\">\n\t\t\t<div class=\"prev disabled\">\n\t\t\t\t<span><i class=\"fa fa-chevron-left\"><\/i><\/span>\n\t\t\t<\/div>\n\t\t\t<div class=\"next\">\n\t\t\t\t<span><i class=\"fa fa-chevron-right\"><\/i><\/span>\n\t\t\t<\/div>\n\t\t<\/div>\n\t<\/div>\n\t\t\t<\/div>\n\t<\/div>\n\t\t\t<\/div>","protected":false},"excerpt":{"rendered":"","protected":false},"author":42,"featured_media":2038,"parent":0,"menu_order":0,"comment_status":"closed","ping_status":"closed","template":"","meta":{"_acf_changed":false,"inline_featured_image":false,"footnotes":""},"class_list":["post-2480","page","type-page","status-publish","has-post-thumbnail","hentry"],"acf":{"page_package_ids":"MAT-MAT","is_main_package_page":true,"additional_linked_packages":[],"feed_page_to_atlas":true},"_links":{"self":[{"href":"https:\/\/mat.travelblox.eu\/de\/wp-json\/wp\/v2\/pages\/2480","targetHints":{"allow":["GET"]}}],"collection":[{"href":"https:\/\/mat.travelblox.eu\/de\/wp-json\/wp\/v2\/pages"}],"about":[{"href":"https:\/\/mat.travelblox.eu\/de\/wp-json\/wp\/v2\/types\/page"}],"author":[{"embeddable":true,"href":"https:\/\/mat.travelblox.eu\/de\/wp-json\/wp\/v2\/users\/42"}],"replies":[{"embeddable":true,"href":"https:\/\/mat.travelblox.eu\/de\/wp-json\/wp\/v2\/comments?post=2480"}],"version-history":[{"count":49,"href":"https:\/\/mat.travelblox.eu\/de\/wp-json\/wp\/v2\/pages\/2480\/revisions"}],"predecessor-version":[{"id":2788,"href":"https:\/\/mat.travelblox.eu\/de\/wp-json\/wp\/v2\/pages\/2480\/revisions\/2788"}],"wp:attachment":[{"href":"https:\/\/mat.travelblox.eu\/de\/wp-json\/wp\/v2\/media?parent=2480"}],"curies":[{"name":"wp","href":"https:\/\/api.w.org\/{rel}","templated":true}]}}