{"id":2637,"date":"2026-08-14T11:44:32","date_gmt":"2026-08-14T09:44:32","guid":{"rendered":"https:\/\/mat.travelblox.eu\/?page_id=2637"},"modified":"2026-08-27T12:30:08","modified_gmt":"2026-08-27T10:30:08","slug":"prereg-madeira-trail-spring-2027","status":"publish","type":"page","link":"https:\/\/mat.travelblox.eu\/de\/prereg-madeira-trail-spring-2027\/","title":{"rendered":"Prereg Madeira Trail Fr\u00fchling 2027"},"content":{"rendered":"<div class=\"tb-header tb-block align-center background-dark pattern-none variant-none\" id=\"header\" data-fallback-background=\"https:\/\/vz-2d98b19f-729.b-cdn.net\/4af4ac82-338c-449e-bc04-7b80a2e10e7d\/thumbnail_1a39e6db.jpg\" style=\"background-image: linear-gradient(rgba(0, 0, 0, 0.4), rgba(0, 0, 0, 0.4)), url('https:\/\/vz-2d98b19f-729.b-cdn.net\/4af4ac82-338c-449e-bc04-7b80a2e10e7d\/thumbnail_1a39e6db.jpg'); background-position:center;\">\n        \n    <div class=\"tb-header-foreground\">\n        <div class=\"inner-block\">\n\n            <div class=\"main-part\">\n                <div class=\"text-part\">\n                                                                                            <h1>\t<span class=\"tb-logo\"  style=\"-webkit-mask-image: url(https:\/\/mat.travelblox.eu\/wp-content\/uploads\/sites\/68\/2023\/10\/roundWhite.svg); mask-image: url(https:\/\/mat.travelblox.eu\/wp-content\/uploads\/sites\/68\/2023\/10\/roundWhite.svg)\">\n\t\t<img src='https:\/\/mat.travelblox.eu\/wp-content\/uploads\/sites\/68\/2023\/10\/roundWhite.svg' width='1024' height='1024' alt='Madeira Trail Logo' title='Wanderreise auf Madeira' loading='lazy'>\n\t<\/span>\n<\/h1>\n                                                                                        <h2 class=\"tb-subtitle\">\t<div class=\"translation-block\"><p>Madeira von West nach Ost \u2013 zu Fu\u00df.<\/p><\/div>\n\t<\/h2>\n                                                                                                        <div class=\"tb-buttons-part\">\n                                                            \t\t<a href=\"https:\/\/travelbase.typeform.com\/MAT27SPreregDE\"  target=\"_blank\" data-mode=\"popup\" data-url=\"https:\/\/travelbase.pro.typeform.com\/MAT27SPreregFR\" class=\"tb-button typeform-share\">\n\t\t\tVorregistrieren | Fr\u00fchjahr 2027\t\t<\/a>\n\t\t\t\t\t<script>\n\t\t\t\t(function() {\n\t\t\t\t\tvar qs, js, q, s, d = document,\n\t\t\t\t\t\tgi = d.getElementById,\n\t\t\t\t\t\tce = d.createElement,\n\t\t\t\t\t\tgt = d.getElementsByTagName,\n\t\t\t\t\t\tid = \"typef_orm_share\",\n\t\t\t\t\t\tb = \"https:\/\/embed.typeform.com\/\";\n\t\t\t\t\tif (!gi.call(d, id)) {\n\t\t\t\t\t\tjs = ce.call(d, \"script\");\n\t\t\t\t\t\tjs.id = id;\n\t\t\t\t\t\tjs.src = b + \"embed.js\";\n\t\t\t\t\t\tq = gt.call(d, \"script\")[0];\n\t\t\t\t\t\tq.parentNode.insertBefore(js, q);\n\t\t\t\t\t}\n\t\t\t\t})();\n\t\t\t<\/script>\n\t\t                                                                                <\/div>\n                                                                <div class=\"average-reviews-wrapper\" data-reviews-redirect-url=\"\" data-embed-social-id=\"561604370f824e1313ef1353e1c3b7f8194b11d6\"><\/div>\n                                    <\/div>\n            <\/div>\n\n                    <\/div>\n    <\/div>\n\n    \t<a href=\"#\" class=\"scroll-down-button\">\n\t\t<i class=\"fa fa-arrow-down\"><\/i>\n\t<\/a>\n\t\n                        <div class=\"tb-header-background tb-header-background--has-iframe\">\n                        <iframe src=\"https:\/\/iframe.mediadelivery.net\/embed\/306445\/4af4ac82-338c-449e-bc04-7b80a2e10e7d?autoplay=true&#038;preload=true&#038;loop=true&#038;responsive=true&#038;muted=true\" allow=\"accelerometer;gyroscope;encrypted-media;picture-in-picture;autoplay;muted;\" allowfullscreen=\"true\" style=\"border: none;\" loading=\"lazy\"><\/iframe>                    <\/div>\n                \n    \n<\/div>\n\n\n\t<div class=\"tb-topbar tb-block align-center background-dark pattern-none variant-none\" id=\"topbar\" data-subnav=\"false\">\n\t\t<div class=\"inner-block\">\n\t\t\t<div class=\"text-part\">\n\t\t\t\t\t\t\t\t\t\t\t\t\t\t\t\t\t\t<div class=\"translation-block\"><p><strong>Buchungen \u00f6ffnen am 17. September um 16 Uhr.<\/strong><br>Vorangemeldete buchen 24 Stunden fr\u00fcher.<\/p><\/div>\n\t\t\t\t<\/div>\n\n\t\t\t\n\t\t\t\t<div class=\"tb-countdown__container\" data-countdown-date=\"02\/09\/2026 4:00 p.m.\">\n\n\t\t\t\t\t<div class=\"tb-countdown__block\" data-countdown-name=\"days\">\n\t\t\t\t\t\t<div class=\"tb-countdown__numbers\"><\/div>\n\t\t\t\t\t\t<div class=\"tb-countdown__text\">Tage<\/div>\n\t\t\t\t\t<\/div>\n\n\t\t\t\t\t<div class=\"tb-countdown__block\" data-countdown-name=\"hours\">\n\t\t\t\t\t\t<div class=\"tb-countdown__numbers\"><\/div>\n\t\t\t\t\t\t<div class=\"tb-countdown__text\">Stunden<\/div>\n\t\t\t\t\t<\/div>\n\n\t\t\t\t\t<div class=\"tb-countdown__block\" data-countdown-name=\"minutes\">\n\t\t\t\t\t\t<div class=\"tb-countdown__numbers\"><\/div>\n\t\t\t\t\t\t<div class=\"tb-countdown__text\">Min<\/div>\n\t\t\t\t\t<\/div>\n\n\t\t\t\t\t<div class=\"tb-countdown__block\" data-countdown-name=\"seconds\">\n\t\t\t\t\t\t<div class=\"tb-countdown__numbers\"><\/div>\n\t\t\t\t\t\t<div class=\"tb-countdown__text\">Sek<\/div>\n\t\t\t\t\t<\/div>\n\n\t\t\t\t<\/div>\n\n\t\t\t\n\t\t\t\t\t<\/div>\n\t<\/div>\n\t\n\n\n\n\n\n\n<div class=\"tb-intro tb-block align-none background-middle pattern-none variant-none tb-collapsible-margins\" id=\"intro\">\n    <div class=\"inner-block tb-fade-in tb-fade-in--subtle\">\n\n        \n\n        <div class=\"text-part content-part\">\n            <div class=\"title-meta-inclusive\">\n                <div class=\"title-and-meta\">\n                                            <div class=\"title-part\">\n                                                            <h3>Lust, nach Madeira zu reisen?<\/h3>\n                                                                                                                            <h4>\t<div class=\"translation-block\">Das erwartet dich in einer Woche auf Madeira!<\/div>\n\t<\/h4>\n                                                                                    <\/div>\n                                        <ul class=\"meta-data\">\n                                                    <li>\n                                <i class=\"fa fa-regular fa-tag\"><\/i>\n                                <span>Ab 825 \u20ac<\/span>\n                            <\/li>\n                                                                            <li>\n                                <i class=\"fa fa-regular fa-calendar\"><\/i>\n                                <span><p>M\u00e4rz - Juni 2027<\/p>\n<\/span>\n                            <\/li>\n                                            <\/ul>\n                <\/div>\n                                    <div class=\"inclusive\">\n                                                    <h6>H\u00f6hepunkte: <\/h6>\n                                                <ul class=\"\">\n                                                            <li class=\"visible\">\n                                                                            \t\t\t\t<i class=\"icon fa-solid fa-person-hiking fa-fw\" aria-hidden=\"true\"><\/i>\n\t\t\t                                                                                                                <span>Durchquerung der Blumeninsel von West nach Ost<\/span>\n                                                                    <\/li>\n                                                            <li class=\"visible\">\n                                                                            \t\t\t\t<i class=\"icon fa-kit fa-house-mountain fa-fw\" aria-hidden=\"true\"><\/i>\n\t\t\t                                                                                                                <span>\u00dcbernachtungen in Hotels und Refugios<\/span>\n                                                                    <\/li>\n                                                            <li class=\"visible\">\n                                                                            \t\t\t\t<i class=\"icon fa-solid fa-mountain-sun fa-fw\" aria-hidden=\"true\"><\/i>\n\t\t\t                                                                                                                <span>Pico Ruivo (1.862m) \u2013 h\u00f6chster Gipfel Madeiras mit Blick \u00fcber den Atlantik<\/span>\n                                                                    <\/li>\n                                                            <li class=\"visible\">\n                                                                            \t\t\t\t<i class=\"icon fa-solid fa-leaf fa-fw\" aria-hidden=\"true\"><\/i>\n\t\t\t                                                                                                                <span>T\u00e4glich neue Landschaften: Levadas, UNESCO-Lorbeerwald, Vulkangestein, K\u00fcstenpfade<\/span>\n                                                                    <\/li>\n                                                            <li class=\"visible\">\n                                                                            \t\t\t\t<i class=\"icon fa-solid fa-sparkles fa-fw\" aria-hidden=\"true\"><\/i>\n\t\t\t                                                                                                                <span> Komplette Logistik \u2013 wir k\u00fcmmern uns um Unterk\u00fcnfte und Transfers<\/span>\n                                                                    <\/li>\n                                                    <\/ul>\n                                            <\/div>\n                            <\/div>\n\n                            <div class=\"tb-buttons desktop-only\">\n                                            <a href=\"https:\/\/travelbase.typeform.com\/MAT27SPreregDE\" class=\"tb-button\">\n                                                            Kostenlos &amp; unverbindlich vorregistrieren                                                    <\/a>\n                                                        <\/div>\n                    <\/div>\n                                    <div class=\"image-part\">\n                    <img src='https:\/\/mat.travelblox.eu\/wp-content\/uploads\/sites\/68\/2025\/02\/MAT-TravelbloxDE.svg' width='768' height='1' alt='Routenbeschreibung Wandern auf Madeira' loading='lazy' decoding='async'>                <\/div>\n                                        <div class=\"tb-buttons mobile-only\">\n                                    <a href=\"https:\/\/travelbase.typeform.com\/MAT27SPreregDE\" class=\"tb-button\">\n                                                    Kostenlos &amp; unverbindlich vorregistrieren                                            <\/a>\n                                            <\/div>\n            <\/div>\n<\/div>\n\n\n<div class=\"tb-sustainability tb-block align-none background-light pattern-none variant-none tb-collapsible-margins\" id=\"sustainability\">\n\t<div class=\"inner-block tb-fade-in tb-fade-in--subtle\">\n\t\t<h2>Warum vorregistrieren? <\/h2>\n\t\t\t\t\t<div class=\"tb-sust__text\">\t<div class=\"translation-block\"><p>Deine Vorregistrierung ist <strong>kostenlos &amp; unverbindlich<\/strong>, dauert 30 Sekunden \u2013 und gibt dir drei Vorteile, die sonst niemand hat.<\/p><\/div>\n\t<\/div>\n\t\t\n\t<\/div>\n\n\t\t<div class=\"inner-block-full-width has-tb-carousel\" >\n\t\t<div class=\"tb-carousel-container\">\n\t\t\t<div class=\"entries tb-cards\" data-slider-first=\"1\">\n\t\t\t\t\t\t\t<div class=\"entry\">\n\t\t\t\t\t\t\t\t<i class=\"icon fa-solid fa-bolt-lightning fa-fw\" aria-hidden=\"true\"><\/i>\n\t\t\t\t\t\t\t<div class=\"wysiwyg\"><p><strong>Fr\u00fcher buchen als alle anderen<\/strong><\/p>\n<p>Du bekommst 24 Stunden vor der offiziellen Buchungser\u00f6ffnung Zugang. Die besten Termine sind schnell weg \u2013 sei einen Schritt voraus.<\/p>\n<\/div>\n\t\t\t<\/div>\n\t\t\t\t\t<div class=\"entry\">\n\t\t\t\t\t\t\t\t<i class=\"icon fa-solid fa-euro-sign fa-fw\" aria-hidden=\"true\"><\/i>\n\t\t\t\t\t\t\t<div class=\"wysiwyg\"><p><strong>Der g\u00fcnstigste Preis der Saison<\/strong><\/p>\n<p>Der Fr\u00fchbucherpreis gilt nur zu Beginn der Buchungs\u00f6ffnung \u2013 wer fr\u00fch dabei ist, zahlt am wenigsten.<\/p>\n<\/div>\n\t\t\t<\/div>\n\t\t\t\t\t<div class=\"entry\">\n\t\t\t\t\t\t\t\t<i class=\"icon fa-solid fa-circle-info fa-fw\" aria-hidden=\"true\"><\/i>\n\t\t\t\t\t\t\t<div class=\"wysiwyg\"><p><strong>Immer als Erste informiert<\/strong><\/p>\n<p>Du erf\u00e4hrst alles \u00fcber den Madeira Trail zuerst \u2013 neue Termine im Fr\u00fchjahr 2027, Neuigkeiten \u2013 ohne selbst suchen zu m\u00fcssen.<\/p>\n<\/div>\n\t\t\t<\/div>\n\t\t\t\t\t<\/div>\n\t\t\t\t<div class=\"tb-carousel-nav\">\n\t\t<div class=\"dots\">\n\t\t\t<div class=\"dot active\"><\/div>\n\t\t\t<div class=\"dot\"><\/div>\n\t\t\t<div class=\"dot\"><\/div>\n\t\t<\/div>\n\t\t<div class=\"arrows\">\n\t\t\t<div class=\"prev disabled\">\n\t\t\t\t<span><i class=\"fa fa-chevron-left\"><\/i><\/span>\n\t\t\t<\/div>\n\t\t\t<div class=\"next\">\n\t\t\t\t<span><i class=\"fa fa-chevron-right\"><\/i><\/span>\n\t\t\t<\/div>\n\t\t<\/div>\n\t<\/div>\n\t\t\t<\/div>\n\t<\/div>\n\t\n\t\n\t\t<\/div>\n\n\n<div class=\"tb-quoteparallax tb-block align-center background-dark pattern-none variant-text_on_image\" id=\"quoteparallax\" style=\"background-image: url('https:\/\/mat.travelblox.eu\/wp-content\/uploads\/sites\/68\/2026\/07\/Blogs_featured_images-e1787579045748.png');\">\n\t\t<div class=\"inner-block tb-fade-in tb-fade-in--subtle\">\n\t\t\t\t\t<div class=\"text-part\">\n\t\t\t\t<h2>Eine 5-t\u00e4gige Trekkingtour mitten im Atlantik<\/h2>\n\t\t\t\t\t<div class=\"translation-block\"><p>Von West nach Ost \u2013 von der K\u00fcste bis zum h\u00f6chsten Gipfel der Insel.<\/p><\/div>\n\t\t\t\t\t\t\t\t<\/div>\n\t\t\t\t\t<\/div>\n<\/div>\n\n\n\n<div class=\"tb-gallery tb-block align-center background-light pattern-none variant-grid\" id=\"gallery\">\n\t<div class=\"tb-gallery__inner\">\n\t\t<div class=\"desktop tb-has-popup-content\">\n\t\t\t\t\t\t\t<ul class=\"tb-gallery-grid\">\n\t\t\t\t\t\t\t\t\t\t\t\t\t\t\t\t\t\t<li class=\"slide\">\n\t\t\t\t\t\t\t\t<div class=\"tb-popup-trigger\">\n\t\t\t\t\t\t\t\t\t<img src='https:\/\/mat.travelblox.eu\/wp-content\/smush-webp\/sites\/68\/2026\/04\/MAT25_DriesVdb_WEB-95-scaled.jpg.webp' width='2048' height='2560' srcset='https:\/\/mat.travelblox.eu\/wp-content\/smush-webp\/sites\/68\/2026\/04\/MAT25_DriesVdb_WEB-95-scaled.jpg.webp 2048w, https:\/\/mat.travelblox.eu\/wp-content\/smush-webp\/sites\/68\/2026\/04\/MAT25_DriesVdb_WEB-95-240x300.jpg.webp 240w, https:\/\/mat.travelblox.eu\/wp-content\/smush-webp\/sites\/68\/2026\/04\/MAT25_DriesVdb_WEB-95-819x1024.jpg.webp 819w, https:\/\/mat.travelblox.eu\/wp-content\/smush-webp\/sites\/68\/2026\/04\/MAT25_DriesVdb_WEB-95-768x960.jpg.webp 768w, https:\/\/mat.travelblox.eu\/wp-content\/smush-webp\/sites\/68\/2026\/04\/MAT25_DriesVdb_WEB-95-1229x1536.jpg.webp 1229w, https:\/\/mat.travelblox.eu\/wp-content\/smush-webp\/sites\/68\/2026\/04\/MAT25_DriesVdb_WEB-95-1638x2048.jpg.webp 1638w, https:\/\/mat.travelblox.eu\/wp-content\/smush-webp\/sites\/68\/2026\/04\/MAT25_DriesVdb_WEB-95-10x12.jpg.webp 10w' sizes=\"auto, (max-width: 2048px) 100vw, 2048px\" loading='lazy' decoding='async' data-smush-webp-fallback=\"{&quot;src&quot;:&quot;https:\\\/\\\/mat.travelblox.eu\\\/wp-content\\\/uploads\\\/sites\\\/68\\\/2026\\\/04\\\/MAT25_DriesVdb_WEB-95-scaled.jpg&quot;,&quot;srcset&quot;:&quot;https:\\\/\\\/mat.travelblox.eu\\\/wp-content\\\/uploads\\\/sites\\\/68\\\/2026\\\/04\\\/MAT25_DriesVdb_WEB-95-scaled.jpg 2048w, https:\\\/\\\/mat.travelblox.eu\\\/wp-content\\\/uploads\\\/sites\\\/68\\\/2026\\\/04\\\/MAT25_DriesVdb_WEB-95-240x300.jpg 240w, https:\\\/\\\/mat.travelblox.eu\\\/wp-content\\\/uploads\\\/sites\\\/68\\\/2026\\\/04\\\/MAT25_DriesVdb_WEB-95-819x1024.jpg 819w, https:\\\/\\\/mat.travelblox.eu\\\/wp-content\\\/uploads\\\/sites\\\/68\\\/2026\\\/04\\\/MAT25_DriesVdb_WEB-95-768x960.jpg 768w, https:\\\/\\\/mat.travelblox.eu\\\/wp-content\\\/uploads\\\/sites\\\/68\\\/2026\\\/04\\\/MAT25_DriesVdb_WEB-95-1229x1536.jpg 1229w, https:\\\/\\\/mat.travelblox.eu\\\/wp-content\\\/uploads\\\/sites\\\/68\\\/2026\\\/04\\\/MAT25_DriesVdb_WEB-95-1638x2048.jpg 1638w, https:\\\/\\\/mat.travelblox.eu\\\/wp-content\\\/uploads\\\/sites\\\/68\\\/2026\\\/04\\\/MAT25_DriesVdb_WEB-95-10x12.jpg 10w&quot;}\">\t\t\t\t\t\t\t\t<\/div>\n\t\t\t\t\t\t\t<\/li>\n\t\t\t\t\t\t\t\t\t\t\t\t\t<li class=\"slide\">\n\t\t\t\t\t\t\t\t<div class=\"tb-popup-trigger\">\n\t\t\t\t\t\t\t\t\t<img src='https:\/\/mat.travelblox.eu\/wp-content\/smush-webp\/sites\/68\/2026\/07\/73.png.webp' width='540' height='840' srcset='https:\/\/mat.travelblox.eu\/wp-content\/smush-webp\/sites\/68\/2026\/07\/73.png.webp 540w, https:\/\/mat.travelblox.eu\/wp-content\/smush-webp\/sites\/68\/2026\/07\/73-193x300.png.webp 193w, https:\/\/mat.travelblox.eu\/wp-content\/smush-webp\/sites\/68\/2026\/07\/73-8x12.png.webp 8w' sizes=\"auto, (max-width: 540px) 100vw, 540px\" loading='lazy' decoding='async' data-smush-webp-fallback=\"{&quot;src&quot;:&quot;https:\\\/\\\/mat.travelblox.eu\\\/wp-content\\\/uploads\\\/sites\\\/68\\\/2026\\\/07\\\/73.png&quot;,&quot;srcset&quot;:&quot;https:\\\/\\\/mat.travelblox.eu\\\/wp-content\\\/uploads\\\/sites\\\/68\\\/2026\\\/07\\\/73.png 540w, https:\\\/\\\/mat.travelblox.eu\\\/wp-content\\\/uploads\\\/sites\\\/68\\\/2026\\\/07\\\/73-193x300.png 193w, https:\\\/\\\/mat.travelblox.eu\\\/wp-content\\\/uploads\\\/sites\\\/68\\\/2026\\\/07\\\/73-8x12.png 8w&quot;}\">\t\t\t\t\t\t\t\t<\/div>\n\t\t\t\t\t\t\t<\/li>\n\t\t\t\t\t\t\t\t\t\t\t\t\t<li class=\"slide\">\n\t\t\t\t\t\t\t\t<div class=\"tb-popup-trigger\">\n\t\t\t\t\t\t\t\t\t<img src='https:\/\/mat.travelblox.eu\/wp-content\/smush-webp\/sites\/68\/2025\/11\/Siliquini-TheMadeiraTrail-240321-0933.jpg.webp' width='1024' height='683' alt='Trek auf Madeira - Madeira Trail - Madeira wandern' srcset='https:\/\/mat.travelblox.eu\/wp-content\/smush-webp\/sites\/68\/2025\/11\/Siliquini-TheMadeiraTrail-240321-0933.jpg.webp 1024w, https:\/\/mat.travelblox.eu\/wp-content\/smush-webp\/sites\/68\/2025\/11\/Siliquini-TheMadeiraTrail-240321-0933-300x200.jpg.webp 300w, https:\/\/mat.travelblox.eu\/wp-content\/smush-webp\/sites\/68\/2025\/11\/Siliquini-TheMadeiraTrail-240321-0933-768x512.jpg.webp 768w, https:\/\/mat.travelblox.eu\/wp-content\/smush-webp\/sites\/68\/2025\/11\/Siliquini-TheMadeiraTrail-240321-0933-18x12.jpg.webp 18w' sizes=\"auto, (max-width: 1024px) 100vw, 1024px\" style='object-position:50% 50%' loading='lazy' decoding='async' data-smush-webp-fallback=\"{&quot;src&quot;:&quot;https:\\\/\\\/mat.travelblox.eu\\\/wp-content\\\/uploads\\\/sites\\\/68\\\/2025\\\/11\\\/Siliquini-TheMadeiraTrail-240321-0933.jpg&quot;,&quot;srcset&quot;:&quot;https:\\\/\\\/mat.travelblox.eu\\\/wp-content\\\/uploads\\\/sites\\\/68\\\/2025\\\/11\\\/Siliquini-TheMadeiraTrail-240321-0933.jpg 1024w, https:\\\/\\\/mat.travelblox.eu\\\/wp-content\\\/uploads\\\/sites\\\/68\\\/2025\\\/11\\\/Siliquini-TheMadeiraTrail-240321-0933-300x200.jpg 300w, https:\\\/\\\/mat.travelblox.eu\\\/wp-content\\\/uploads\\\/sites\\\/68\\\/2025\\\/11\\\/Siliquini-TheMadeiraTrail-240321-0933-768x512.jpg 768w, https:\\\/\\\/mat.travelblox.eu\\\/wp-content\\\/uploads\\\/sites\\\/68\\\/2025\\\/11\\\/Siliquini-TheMadeiraTrail-240321-0933-18x12.jpg 18w&quot;}\">\t\t\t\t\t\t\t\t<\/div>\n\t\t\t\t\t\t\t<\/li>\n\t\t\t\t\t\t\t\t\t\t\t\t\t\t\t<\/ul>\n\t\t\t\t\t\t<div class=\"tb-popup tb-popup--open-clicked-image\">\n\t\t\t\t<div class=\"tb-gallery-popup\">\n\t\t\t\t\t<div class=\"tb-image-part\">\n\t\t\t\t\t\t\t\t<div class=\"inner-block-full-width has-tb-carousel tb-carousel-slider\" >\n\t\t<div class=\"tb-carousel-container\">\n\t\t\t<div class=\"entries tb-cards\" data-slider-first=\"2\">\n\t\t\t\t\t\t\t<div class=\"entry\">\n\t\t\t<div class=\"tb-image-part\">\n\t\t\t\t<figure>\n\t\t\t\t\t<img src='https:\/\/mat.travelblox.eu\/wp-content\/smush-webp\/sites\/68\/2026\/04\/MAT25_DriesVdb_WEB-95-scaled.jpg.webp' width='2048' height='2560' srcset='https:\/\/mat.travelblox.eu\/wp-content\/smush-webp\/sites\/68\/2026\/04\/MAT25_DriesVdb_WEB-95-scaled.jpg.webp 2048w, https:\/\/mat.travelblox.eu\/wp-content\/smush-webp\/sites\/68\/2026\/04\/MAT25_DriesVdb_WEB-95-240x300.jpg.webp 240w, https:\/\/mat.travelblox.eu\/wp-content\/smush-webp\/sites\/68\/2026\/04\/MAT25_DriesVdb_WEB-95-819x1024.jpg.webp 819w, https:\/\/mat.travelblox.eu\/wp-content\/smush-webp\/sites\/68\/2026\/04\/MAT25_DriesVdb_WEB-95-768x960.jpg.webp 768w, https:\/\/mat.travelblox.eu\/wp-content\/smush-webp\/sites\/68\/2026\/04\/MAT25_DriesVdb_WEB-95-1229x1536.jpg.webp 1229w, https:\/\/mat.travelblox.eu\/wp-content\/smush-webp\/sites\/68\/2026\/04\/MAT25_DriesVdb_WEB-95-1638x2048.jpg.webp 1638w, https:\/\/mat.travelblox.eu\/wp-content\/smush-webp\/sites\/68\/2026\/04\/MAT25_DriesVdb_WEB-95-10x12.jpg.webp 10w' sizes=\"auto, (max-width: 2048px) 100vw, 2048px\" loading='lazy' decoding='async' data-smush-webp-fallback=\"{&quot;src&quot;:&quot;https:\\\/\\\/mat.travelblox.eu\\\/wp-content\\\/uploads\\\/sites\\\/68\\\/2026\\\/04\\\/MAT25_DriesVdb_WEB-95-scaled.jpg&quot;,&quot;srcset&quot;:&quot;https:\\\/\\\/mat.travelblox.eu\\\/wp-content\\\/uploads\\\/sites\\\/68\\\/2026\\\/04\\\/MAT25_DriesVdb_WEB-95-scaled.jpg 2048w, https:\\\/\\\/mat.travelblox.eu\\\/wp-content\\\/uploads\\\/sites\\\/68\\\/2026\\\/04\\\/MAT25_DriesVdb_WEB-95-240x300.jpg 240w, https:\\\/\\\/mat.travelblox.eu\\\/wp-content\\\/uploads\\\/sites\\\/68\\\/2026\\\/04\\\/MAT25_DriesVdb_WEB-95-819x1024.jpg 819w, https:\\\/\\\/mat.travelblox.eu\\\/wp-content\\\/uploads\\\/sites\\\/68\\\/2026\\\/04\\\/MAT25_DriesVdb_WEB-95-768x960.jpg 768w, https:\\\/\\\/mat.travelblox.eu\\\/wp-content\\\/uploads\\\/sites\\\/68\\\/2026\\\/04\\\/MAT25_DriesVdb_WEB-95-1229x1536.jpg 1229w, https:\\\/\\\/mat.travelblox.eu\\\/wp-content\\\/uploads\\\/sites\\\/68\\\/2026\\\/04\\\/MAT25_DriesVdb_WEB-95-1638x2048.jpg 1638w, https:\\\/\\\/mat.travelblox.eu\\\/wp-content\\\/uploads\\\/sites\\\/68\\\/2026\\\/04\\\/MAT25_DriesVdb_WEB-95-10x12.jpg 10w&quot;}\">\t\t\t\t\t\t\t\t\t<\/figure>\n\t\t\t<\/div>\n\t\t<\/div>\n\t\t\t<div class=\"entry\">\n\t\t\t<div class=\"tb-image-part\">\n\t\t\t\t<figure>\n\t\t\t\t\t<img src='https:\/\/mat.travelblox.eu\/wp-content\/smush-webp\/sites\/68\/2026\/07\/73.png.webp' width='540' height='840' srcset='https:\/\/mat.travelblox.eu\/wp-content\/smush-webp\/sites\/68\/2026\/07\/73.png.webp 540w, https:\/\/mat.travelblox.eu\/wp-content\/smush-webp\/sites\/68\/2026\/07\/73-193x300.png.webp 193w, https:\/\/mat.travelblox.eu\/wp-content\/smush-webp\/sites\/68\/2026\/07\/73-8x12.png.webp 8w' sizes=\"auto, (max-width: 540px) 100vw, 540px\" loading='lazy' decoding='async' data-smush-webp-fallback=\"{&quot;src&quot;:&quot;https:\\\/\\\/mat.travelblox.eu\\\/wp-content\\\/uploads\\\/sites\\\/68\\\/2026\\\/07\\\/73.png&quot;,&quot;srcset&quot;:&quot;https:\\\/\\\/mat.travelblox.eu\\\/wp-content\\\/uploads\\\/sites\\\/68\\\/2026\\\/07\\\/73.png 540w, https:\\\/\\\/mat.travelblox.eu\\\/wp-content\\\/uploads\\\/sites\\\/68\\\/2026\\\/07\\\/73-193x300.png 193w, https:\\\/\\\/mat.travelblox.eu\\\/wp-content\\\/uploads\\\/sites\\\/68\\\/2026\\\/07\\\/73-8x12.png 8w&quot;}\">\t\t\t\t\t\t\t\t\t<\/figure>\n\t\t\t<\/div>\n\t\t<\/div>\n\t\t\t<div class=\"entry\">\n\t\t\t<div class=\"tb-image-part\">\n\t\t\t\t<figure>\n\t\t\t\t\t<img src='https:\/\/mat.travelblox.eu\/wp-content\/smush-webp\/sites\/68\/2025\/11\/Siliquini-TheMadeiraTrail-240321-0933.jpg.webp' width='1024' height='683' alt='Trek auf Madeira - Madeira Trail - Madeira wandern' srcset='https:\/\/mat.travelblox.eu\/wp-content\/smush-webp\/sites\/68\/2025\/11\/Siliquini-TheMadeiraTrail-240321-0933.jpg.webp 1024w, https:\/\/mat.travelblox.eu\/wp-content\/smush-webp\/sites\/68\/2025\/11\/Siliquini-TheMadeiraTrail-240321-0933-300x200.jpg.webp 300w, https:\/\/mat.travelblox.eu\/wp-content\/smush-webp\/sites\/68\/2025\/11\/Siliquini-TheMadeiraTrail-240321-0933-768x512.jpg.webp 768w, https:\/\/mat.travelblox.eu\/wp-content\/smush-webp\/sites\/68\/2025\/11\/Siliquini-TheMadeiraTrail-240321-0933-18x12.jpg.webp 18w' sizes=\"auto, (max-width: 1024px) 100vw, 1024px\" style='object-position:50% 50%' loading='lazy' decoding='async' data-smush-webp-fallback=\"{&quot;src&quot;:&quot;https:\\\/\\\/mat.travelblox.eu\\\/wp-content\\\/uploads\\\/sites\\\/68\\\/2025\\\/11\\\/Siliquini-TheMadeiraTrail-240321-0933.jpg&quot;,&quot;srcset&quot;:&quot;https:\\\/\\\/mat.travelblox.eu\\\/wp-content\\\/uploads\\\/sites\\\/68\\\/2025\\\/11\\\/Siliquini-TheMadeiraTrail-240321-0933.jpg 1024w, https:\\\/\\\/mat.travelblox.eu\\\/wp-content\\\/uploads\\\/sites\\\/68\\\/2025\\\/11\\\/Siliquini-TheMadeiraTrail-240321-0933-300x200.jpg 300w, https:\\\/\\\/mat.travelblox.eu\\\/wp-content\\\/uploads\\\/sites\\\/68\\\/2025\\\/11\\\/Siliquini-TheMadeiraTrail-240321-0933-768x512.jpg 768w, https:\\\/\\\/mat.travelblox.eu\\\/wp-content\\\/uploads\\\/sites\\\/68\\\/2025\\\/11\\\/Siliquini-TheMadeiraTrail-240321-0933-18x12.jpg 18w&quot;}\">\t\t\t\t\t\t\t\t\t<\/figure>\n\t\t\t<\/div>\n\t\t<\/div>\n\t\t\t\t\t<\/div>\n\t\t\t\t<div class=\"tb-carousel-nav\">\n\t\t<div class=\"dots\">\n\t\t\t<div class=\"dot active\"><\/div>\n\t\t\t<div class=\"dot\"><\/div>\n\t\t\t<div class=\"dot\"><\/div>\n\t\t<\/div>\n\t\t<div class=\"arrows\">\n\t\t\t<div class=\"prev disabled\">\n\t\t\t\t<span><i class=\"fa fa-chevron-left\"><\/i><\/span>\n\t\t\t<\/div>\n\t\t\t<div class=\"next\">\n\t\t\t\t<span><i class=\"fa fa-chevron-right\"><\/i><\/span>\n\t\t\t<\/div>\n\t\t<\/div>\n\t<\/div>\n\t\t\t<\/div>\n\t<\/div>\n\t\t\t\t\t\t\t<\/div>\n\t\t\t\t<\/div>\n\t\t\t<\/div>\n\t\t<\/div>\n\t\t<div class=\"mobile\">\n\t\t\t<div class=\"tb-image-part\">\n\t\t\t\t\t\t<div class=\"inner-block-full-width has-tb-carousel tb-carousel-slider\" >\n\t\t<div class=\"tb-carousel-container\">\n\t\t\t<div class=\"entries tb-cards\" data-slider-first=\"0\">\n\t\t\t\t\t\t\t<div class=\"entry\">\n\t\t\t<div class=\"tb-image-part\">\n\t\t\t\t<figure>\n\t\t\t\t\t<img src='https:\/\/mat.travelblox.eu\/wp-content\/smush-webp\/sites\/68\/2026\/04\/MAT25_DriesVdb_WEB-95-768x960.jpg.webp' width='768' height='960' srcset='https:\/\/mat.travelblox.eu\/wp-content\/smush-webp\/sites\/68\/2026\/04\/MAT25_DriesVdb_WEB-95-768x960.jpg.webp 768w, https:\/\/mat.travelblox.eu\/wp-content\/smush-webp\/sites\/68\/2026\/04\/MAT25_DriesVdb_WEB-95-240x300.jpg.webp 240w, https:\/\/mat.travelblox.eu\/wp-content\/smush-webp\/sites\/68\/2026\/04\/MAT25_DriesVdb_WEB-95-819x1024.jpg.webp 819w, https:\/\/mat.travelblox.eu\/wp-content\/smush-webp\/sites\/68\/2026\/04\/MAT25_DriesVdb_WEB-95-1229x1536.jpg.webp 1229w, https:\/\/mat.travelblox.eu\/wp-content\/smush-webp\/sites\/68\/2026\/04\/MAT25_DriesVdb_WEB-95-1638x2048.jpg.webp 1638w, https:\/\/mat.travelblox.eu\/wp-content\/smush-webp\/sites\/68\/2026\/04\/MAT25_DriesVdb_WEB-95-10x12.jpg.webp 10w, https:\/\/mat.travelblox.eu\/wp-content\/smush-webp\/sites\/68\/2026\/04\/MAT25_DriesVdb_WEB-95-scaled.jpg.webp 2048w' sizes=\"auto, (max-width: 768px) 100vw, 768px\" loading='lazy' decoding='async' data-smush-webp-fallback=\"{&quot;src&quot;:&quot;https:\\\/\\\/mat.travelblox.eu\\\/wp-content\\\/uploads\\\/sites\\\/68\\\/2026\\\/04\\\/MAT25_DriesVdb_WEB-95-768x960.jpg&quot;,&quot;srcset&quot;:&quot;https:\\\/\\\/mat.travelblox.eu\\\/wp-content\\\/uploads\\\/sites\\\/68\\\/2026\\\/04\\\/MAT25_DriesVdb_WEB-95-768x960.jpg 768w, https:\\\/\\\/mat.travelblox.eu\\\/wp-content\\\/uploads\\\/sites\\\/68\\\/2026\\\/04\\\/MAT25_DriesVdb_WEB-95-240x300.jpg 240w, https:\\\/\\\/mat.travelblox.eu\\\/wp-content\\\/uploads\\\/sites\\\/68\\\/2026\\\/04\\\/MAT25_DriesVdb_WEB-95-819x1024.jpg 819w, https:\\\/\\\/mat.travelblox.eu\\\/wp-content\\\/uploads\\\/sites\\\/68\\\/2026\\\/04\\\/MAT25_DriesVdb_WEB-95-1229x1536.jpg 1229w, https:\\\/\\\/mat.travelblox.eu\\\/wp-content\\\/uploads\\\/sites\\\/68\\\/2026\\\/04\\\/MAT25_DriesVdb_WEB-95-1638x2048.jpg 1638w, https:\\\/\\\/mat.travelblox.eu\\\/wp-content\\\/uploads\\\/sites\\\/68\\\/2026\\\/04\\\/MAT25_DriesVdb_WEB-95-10x12.jpg 10w, https:\\\/\\\/mat.travelblox.eu\\\/wp-content\\\/uploads\\\/sites\\\/68\\\/2026\\\/04\\\/MAT25_DriesVdb_WEB-95-scaled.jpg 2048w&quot;}\">\t\t\t\t\t\t\t\t\t<\/figure>\n\t\t\t<\/div>\n\t\t<\/div>\n\t\t\t<div class=\"entry\">\n\t\t\t<div class=\"tb-image-part\">\n\t\t\t\t<figure>\n\t\t\t\t\t<img src='https:\/\/mat.travelblox.eu\/wp-content\/smush-webp\/sites\/68\/2026\/07\/73.png.webp' width='540' height='840' srcset='https:\/\/mat.travelblox.eu\/wp-content\/smush-webp\/sites\/68\/2026\/07\/73.png.webp 540w, https:\/\/mat.travelblox.eu\/wp-content\/smush-webp\/sites\/68\/2026\/07\/73-193x300.png.webp 193w, https:\/\/mat.travelblox.eu\/wp-content\/smush-webp\/sites\/68\/2026\/07\/73-8x12.png.webp 8w' sizes=\"auto, (max-width: 540px) 100vw, 540px\" loading='lazy' decoding='async' data-smush-webp-fallback=\"{&quot;src&quot;:&quot;https:\\\/\\\/mat.travelblox.eu\\\/wp-content\\\/uploads\\\/sites\\\/68\\\/2026\\\/07\\\/73.png&quot;,&quot;srcset&quot;:&quot;https:\\\/\\\/mat.travelblox.eu\\\/wp-content\\\/uploads\\\/sites\\\/68\\\/2026\\\/07\\\/73.png 540w, https:\\\/\\\/mat.travelblox.eu\\\/wp-content\\\/uploads\\\/sites\\\/68\\\/2026\\\/07\\\/73-193x300.png 193w, https:\\\/\\\/mat.travelblox.eu\\\/wp-content\\\/uploads\\\/sites\\\/68\\\/2026\\\/07\\\/73-8x12.png 8w&quot;}\">\t\t\t\t\t\t\t\t\t<\/figure>\n\t\t\t<\/div>\n\t\t<\/div>\n\t\t\t<div class=\"entry\">\n\t\t\t<div class=\"tb-image-part\">\n\t\t\t\t<figure>\n\t\t\t\t\t<img src='https:\/\/mat.travelblox.eu\/wp-content\/smush-webp\/sites\/68\/2025\/11\/Siliquini-TheMadeiraTrail-240321-0933-768x512.jpg.webp' width='768' height='512' alt='Trek auf Madeira - Madeira Trail - Madeira wandern' srcset='https:\/\/mat.travelblox.eu\/wp-content\/smush-webp\/sites\/68\/2025\/11\/Siliquini-TheMadeiraTrail-240321-0933-768x512.jpg.webp 768w, https:\/\/mat.travelblox.eu\/wp-content\/smush-webp\/sites\/68\/2025\/11\/Siliquini-TheMadeiraTrail-240321-0933-300x200.jpg.webp 300w, https:\/\/mat.travelblox.eu\/wp-content\/smush-webp\/sites\/68\/2025\/11\/Siliquini-TheMadeiraTrail-240321-0933-18x12.jpg.webp 18w, https:\/\/mat.travelblox.eu\/wp-content\/smush-webp\/sites\/68\/2025\/11\/Siliquini-TheMadeiraTrail-240321-0933.jpg.webp 1024w' sizes=\"auto, (max-width: 768px) 100vw, 768px\" style='object-position:50% 50%' loading='lazy' decoding='async' data-smush-webp-fallback=\"{&quot;src&quot;:&quot;https:\\\/\\\/mat.travelblox.eu\\\/wp-content\\\/uploads\\\/sites\\\/68\\\/2025\\\/11\\\/Siliquini-TheMadeiraTrail-240321-0933-768x512.jpg&quot;,&quot;srcset&quot;:&quot;https:\\\/\\\/mat.travelblox.eu\\\/wp-content\\\/uploads\\\/sites\\\/68\\\/2025\\\/11\\\/Siliquini-TheMadeiraTrail-240321-0933-768x512.jpg 768w, https:\\\/\\\/mat.travelblox.eu\\\/wp-content\\\/uploads\\\/sites\\\/68\\\/2025\\\/11\\\/Siliquini-TheMadeiraTrail-240321-0933-300x200.jpg 300w, https:\\\/\\\/mat.travelblox.eu\\\/wp-content\\\/uploads\\\/sites\\\/68\\\/2025\\\/11\\\/Siliquini-TheMadeiraTrail-240321-0933-18x12.jpg 18w, https:\\\/\\\/mat.travelblox.eu\\\/wp-content\\\/uploads\\\/sites\\\/68\\\/2025\\\/11\\\/Siliquini-TheMadeiraTrail-240321-0933.jpg 1024w&quot;}\">\t\t\t\t\t\t\t\t\t<\/figure>\n\t\t\t<\/div>\n\t\t<\/div>\n\t\t\t\t\t<\/div>\n\t\t\t\t<div class=\"tb-carousel-nav\">\n\t\t<div class=\"dots\">\n\t\t\t<div class=\"dot active\"><\/div>\n\t\t\t<div class=\"dot\"><\/div>\n\t\t\t<div class=\"dot\"><\/div>\n\t\t<\/div>\n\t\t<div class=\"arrows\">\n\t\t\t<div class=\"prev disabled\">\n\t\t\t\t<span><i class=\"fa fa-chevron-left\"><\/i><\/span>\n\t\t\t<\/div>\n\t\t\t<div class=\"next\">\n\t\t\t\t<span><i class=\"fa fa-chevron-right\"><\/i><\/span>\n\t\t\t<\/div>\n\t\t<\/div>\n\t<\/div>\n\t\t\t<\/div>\n\t<\/div>\n\t\t\t\t\t<\/div>\n\t\t<\/div>\n\t<\/div>\n<\/div>\n\n\n\n\n\n<div class=\"tb-colcompare tb-block align-center background-light pattern-default variant-cards tb-collapsible-margins\" id=\"colcompare\">\n\t<div class=\"inner-block tb-fade-in tb-fade-in--subtle\">\n\t\t<div class=\"text-part\">\n\t\t\t<h2>Warum mit dem Madeira Trail reisen?<\/h2>\n\t\t\t\t<div class=\"translation-block\"><p>Wir k\u00fcmmern uns um die Logistik \u2013 du ums Wandern.<\/p><\/div>\n\t\t\t<\/div>\n\t<\/div>\n\t\t\t\t<div class=\"inner-block-full-width has-tb-carousel tb-justified\" >\n\t\t<div class=\"tb-carousel-container\">\n\t\t\t<div class=\"entries tb-cards\" data-slider-first=\"1\">\n\t\t\t\t\t\t\t\t\t<div class=\"tb-card entry tb-fade-in tb-fade-in--subtle\">\n\t\t\t\t<div class=\"tb-image-part\">\n\t\t\t\t\t<img src='https:\/\/mat.travelblox.eu\/wp-content\/smush-webp\/sites\/68\/2026\/04\/Siliquini-TheMadeiraTrail-240322-1997-e1775740087254.jpg.webp' width='683' height='890' alt='Klima von Madeira' srcset='https:\/\/mat.travelblox.eu\/wp-content\/smush-webp\/sites\/68\/2026\/04\/Siliquini-TheMadeiraTrail-240322-1997-e1775740087254.jpg.webp 683w, https:\/\/mat.travelblox.eu\/wp-content\/smush-webp\/sites\/68\/2026\/04\/Siliquini-TheMadeiraTrail-240322-1997-e1775740087254-230x300.jpg.webp 230w, https:\/\/mat.travelblox.eu\/wp-content\/smush-webp\/sites\/68\/2026\/04\/Siliquini-TheMadeiraTrail-240322-1997-e1775740087254-9x12.jpg.webp 9w' sizes=\"auto, (max-width: 683px) 100vw, 683px\" loading='lazy' decoding='async' data-smush-webp-fallback=\"{&quot;src&quot;:&quot;https:\\\/\\\/mat.travelblox.eu\\\/wp-content\\\/uploads\\\/sites\\\/68\\\/2026\\\/04\\\/Siliquini-TheMadeiraTrail-240322-1997-e1775740087254.jpg&quot;,&quot;srcset&quot;:&quot;https:\\\/\\\/mat.travelblox.eu\\\/wp-content\\\/uploads\\\/sites\\\/68\\\/2026\\\/04\\\/Siliquini-TheMadeiraTrail-240322-1997-e1775740087254.jpg 683w, https:\\\/\\\/mat.travelblox.eu\\\/wp-content\\\/uploads\\\/sites\\\/68\\\/2026\\\/04\\\/Siliquini-TheMadeiraTrail-240322-1997-e1775740087254-230x300.jpg 230w, https:\\\/\\\/mat.travelblox.eu\\\/wp-content\\\/uploads\\\/sites\\\/68\\\/2026\\\/04\\\/Siliquini-TheMadeiraTrail-240322-1997-e1775740087254-9x12.jpg 9w&quot;}\">\t\t\t\t<\/div>\n\t\t\t\t<div class=\"tb-card-content text-part\">\n\t\t\t\t\t\t\t\t\t\t\t<h5> 5-Tage-Route<\/h5>\n\t\t\t\t\t\t\t\t\t\t\t\t\t\t\t\t\t<div class=\"translation-block\"><p>Von West nach Ost, vom Lorbeerwald bis zum Pico Ruivo. Wir haben die Route und die Unterk\u00fcnfte so gew\u00e4hlt, dass du <strong>in einer Woche das Beste der Insel<\/strong> siehst.<\/p><\/div>\n\t\t\t\t\t\t\t\t\t\t\t\t\t\t\t<\/div>\n\t\t\t<\/div>\n\t\t\t\t\t<div class=\"tb-card entry tb-fade-in tb-fade-in--subtle\">\n\t\t\t\t<div class=\"tb-image-part\">\n\t\t\t\t\t<img src='https:\/\/mat.travelblox.eu\/wp-content\/smush-webp\/sites\/68\/2026\/04\/IMG_5384-Grande-768x1024.jpeg.webp' width='768' height='1024' srcset='https:\/\/mat.travelblox.eu\/wp-content\/smush-webp\/sites\/68\/2026\/04\/IMG_5384-Grande-768x1024.jpeg.webp 768w, https:\/\/mat.travelblox.eu\/wp-content\/smush-webp\/sites\/68\/2026\/04\/IMG_5384-Grande-225x300.jpeg.webp 225w, https:\/\/mat.travelblox.eu\/wp-content\/smush-webp\/sites\/68\/2026\/04\/IMG_5384-Grande-9x12.jpeg.webp 9w, https:\/\/mat.travelblox.eu\/wp-content\/smush-webp\/sites\/68\/2026\/04\/IMG_5384-Grande.jpeg.webp 960w' sizes=\"auto, (max-width: 768px) 100vw, 768px\" loading='lazy' decoding='async' data-smush-webp-fallback=\"{&quot;src&quot;:&quot;https:\\\/\\\/mat.travelblox.eu\\\/wp-content\\\/uploads\\\/sites\\\/68\\\/2026\\\/04\\\/IMG_5384-Grande-768x1024.jpeg&quot;,&quot;srcset&quot;:&quot;https:\\\/\\\/mat.travelblox.eu\\\/wp-content\\\/uploads\\\/sites\\\/68\\\/2026\\\/04\\\/IMG_5384-Grande-768x1024.jpeg 768w, https:\\\/\\\/mat.travelblox.eu\\\/wp-content\\\/uploads\\\/sites\\\/68\\\/2026\\\/04\\\/IMG_5384-Grande-225x300.jpeg 225w, https:\\\/\\\/mat.travelblox.eu\\\/wp-content\\\/uploads\\\/sites\\\/68\\\/2026\\\/04\\\/IMG_5384-Grande-9x12.jpeg 9w, https:\\\/\\\/mat.travelblox.eu\\\/wp-content\\\/uploads\\\/sites\\\/68\\\/2026\\\/04\\\/IMG_5384-Grande.jpeg 960w&quot;}\">\t\t\t\t<\/div>\n\t\t\t\t<div class=\"tb-card-content text-part\">\n\t\t\t\t\t\t\t\t\t\t\t<h5> Faires Preis-Leistungs-Verh\u00e4ltnis<\/h5>\n\t\t\t\t\t\t\t\t\t\t\t\t\t\t\t\t\t<div class=\"translation-block\"><p>Wir entwickeln die Tour <strong>von A bis Z selbst<\/strong> und arbeiten mit lokalen Partnern \u2013 das h\u00e4lt die Kosten fair, ohne Abstriche bei der Qualit\u00e4t.<\/p><\/div>\n\t\t\t\t\t\t\t\t\t\t\t\t\t\t\t<\/div>\n\t\t\t<\/div>\n\t\t\t\t\t<div class=\"tb-card entry tb-fade-in tb-fade-in--subtle\">\n\t\t\t\t<div class=\"tb-image-part\">\n\t\t\t\t\t<img src='https:\/\/mat.travelblox.eu\/wp-content\/smush-webp\/sites\/68\/2026\/07\/Blogs_featured_images-3-768x473.png.webp' width='768' height='473' srcset='https:\/\/mat.travelblox.eu\/wp-content\/smush-webp\/sites\/68\/2026\/07\/Blogs_featured_images-3-768x473.png.webp 768w, https:\/\/mat.travelblox.eu\/wp-content\/smush-webp\/sites\/68\/2026\/07\/Blogs_featured_images-3-300x185.png.webp 300w, https:\/\/mat.travelblox.eu\/wp-content\/smush-webp\/sites\/68\/2026\/07\/Blogs_featured_images-3-1024x630.png.webp 1024w, https:\/\/mat.travelblox.eu\/wp-content\/smush-webp\/sites\/68\/2026\/07\/Blogs_featured_images-3-18x12.png.webp 18w, https:\/\/mat.travelblox.eu\/wp-content\/smush-webp\/sites\/68\/2026\/07\/Blogs_featured_images-3.png.webp 1300w' sizes=\"auto, (max-width: 768px) 100vw, 768px\" loading='lazy' decoding='async' data-smush-webp-fallback=\"{&quot;src&quot;:&quot;https:\\\/\\\/mat.travelblox.eu\\\/wp-content\\\/uploads\\\/sites\\\/68\\\/2026\\\/07\\\/Blogs_featured_images-3-768x473.png&quot;,&quot;srcset&quot;:&quot;https:\\\/\\\/mat.travelblox.eu\\\/wp-content\\\/uploads\\\/sites\\\/68\\\/2026\\\/07\\\/Blogs_featured_images-3-768x473.png 768w, https:\\\/\\\/mat.travelblox.eu\\\/wp-content\\\/uploads\\\/sites\\\/68\\\/2026\\\/07\\\/Blogs_featured_images-3-300x185.png 300w, https:\\\/\\\/mat.travelblox.eu\\\/wp-content\\\/uploads\\\/sites\\\/68\\\/2026\\\/07\\\/Blogs_featured_images-3-1024x630.png 1024w, https:\\\/\\\/mat.travelblox.eu\\\/wp-content\\\/uploads\\\/sites\\\/68\\\/2026\\\/07\\\/Blogs_featured_images-3-18x12.png 18w, https:\\\/\\\/mat.travelblox.eu\\\/wp-content\\\/uploads\\\/sites\\\/68\\\/2026\\\/07\\\/Blogs_featured_images-3.png 1300w&quot;}\">\t\t\t\t<\/div>\n\t\t\t\t<div class=\"tb-card-content text-part\">\n\t\t\t\t\t\t\t\t\t\t\t<h5> Durchdachte Organisation<\/h5>\n\t\t\t\t\t\t\t\t\t\t\t\t\t\t\t\t\t<div class=\"translation-block\"><p>Routen, Unterk\u00fcnfte, Transfers \u2013 alles ist vorbereitet. Unsere Reisenden bewerten uns im Schnitt mit <strong>4,9 von 5<\/strong>.<\/p><\/div>\n\t\t\t\t\t\t\t\t\t\t\t\t\t\t\t<\/div>\n\t\t\t<\/div>\n\t\t\t\t\t<div class=\"tb-card entry tb-fade-in tb-fade-in--subtle\">\n\t\t\t\t<div class=\"tb-image-part\">\n\t\t\t\t\t<img src='https:\/\/mat.travelblox.eu\/wp-content\/smush-webp\/sites\/68\/2026\/06\/DSCF3175Amber-Medium.png.webp' width='640' height='427' srcset='https:\/\/mat.travelblox.eu\/wp-content\/smush-webp\/sites\/68\/2026\/06\/DSCF3175Amber-Medium.png.webp 640w, https:\/\/mat.travelblox.eu\/wp-content\/smush-webp\/sites\/68\/2026\/06\/DSCF3175Amber-Medium-300x200.png.webp 300w, https:\/\/mat.travelblox.eu\/wp-content\/smush-webp\/sites\/68\/2026\/06\/DSCF3175Amber-Medium-18x12.png.webp 18w' sizes=\"auto, (max-width: 640px) 100vw, 640px\" style='object-position:50% 50%' loading='lazy' decoding='async' data-smush-webp-fallback=\"{&quot;src&quot;:&quot;https:\\\/\\\/mat.travelblox.eu\\\/wp-content\\\/uploads\\\/sites\\\/68\\\/2026\\\/06\\\/DSCF3175Amber-Medium.png&quot;,&quot;srcset&quot;:&quot;https:\\\/\\\/mat.travelblox.eu\\\/wp-content\\\/uploads\\\/sites\\\/68\\\/2026\\\/06\\\/DSCF3175Amber-Medium.png 640w, https:\\\/\\\/mat.travelblox.eu\\\/wp-content\\\/uploads\\\/sites\\\/68\\\/2026\\\/06\\\/DSCF3175Amber-Medium-300x200.png 300w, https:\\\/\\\/mat.travelblox.eu\\\/wp-content\\\/uploads\\\/sites\\\/68\\\/2026\\\/06\\\/DSCF3175Amber-Medium-18x12.png 18w&quot;}\">\t\t\t\t<\/div>\n\t\t\t\t<div class=\"tb-card-content text-part\">\n\t\t\t\t\t\t\t\t\t\t\t<h5> Nachhaltig &amp; verantwortungsvoll<\/h5>\n\t\t\t\t\t\t\t\t\t\t\t\t\t\t\t\t\t<div class=\"translation-block\"><p>Wir <strong>unterst\u00fctzen lokale Projekte und reduzieren die CO\u2082-Emissionen<\/strong> unserer Reisen so weit wie m\u00f6glich.<\/p><\/div>\n\t\t\t\t\t\t\t\t\t\t\t\t\t\t\t<\/div>\n\t\t\t<\/div>\n\t\t\t\t\t\t\t<\/div>\n\t\t\t\t<div class=\"tb-carousel-nav\">\n\t\t<div class=\"dots\">\n\t\t\t<div class=\"dot active\"><\/div>\n\t\t\t<div class=\"dot\"><\/div>\n\t\t\t<div class=\"dot\"><\/div>\n\t\t<\/div>\n\t\t<div class=\"arrows\">\n\t\t\t<div class=\"prev disabled\">\n\t\t\t\t<span><i class=\"fa fa-chevron-left\"><\/i><\/span>\n\t\t\t<\/div>\n\t\t\t<div class=\"next\">\n\t\t\t\t<span><i class=\"fa fa-chevron-right\"><\/i><\/span>\n\t\t\t<\/div>\n\t\t<\/div>\n\t<\/div>\n\t\t\t<\/div>\n\t<\/div>\n\t\t\t\t\t<div class=\"inner-block\">\n\t\t\t<div class=\"text-part\">\n\t\t\t\t\t<div class=\"translation-block\"><\/div>\n\t\t\t\t\t<div class=\"tb-buttons-part\">\n\t\t\t\t\t\t\t<a href=\"https:\/\/travelbase.typeform.com\/MAT27SPreregDE\"  target=\"_blank\" data-mode=\"popup\" data-url=\"https:\/\/travelbase.pro.typeform.com\/MAT27SPreregFR\" class=\"tb-button typeform-share\">\n\t\t\tKostenlos &amp; unverbindlich vorregistrieren\t\t<\/a>\n\t\t\t\t\t<script>\n\t\t\t\t(function() {\n\t\t\t\t\tvar qs, js, q, s, d = document,\n\t\t\t\t\t\tgi = d.getElementById,\n\t\t\t\t\t\tce = d.createElement,\n\t\t\t\t\t\tgt = d.getElementsByTagName,\n\t\t\t\t\t\tid = \"typef_orm_share\",\n\t\t\t\t\t\tb = \"https:\/\/embed.typeform.com\/\";\n\t\t\t\t\tif (!gi.call(d, id)) {\n\t\t\t\t\t\tjs = ce.call(d, \"script\");\n\t\t\t\t\t\tjs.id = id;\n\t\t\t\t\t\tjs.src = b + \"embed.js\";\n\t\t\t\t\t\tq = gt.call(d, \"script\")[0];\n\t\t\t\t\t\tq.parentNode.insertBefore(js, q);\n\t\t\t\t\t}\n\t\t\t\t})();\n\t\t\t<\/script>\n\t\t\t\t\t\t<\/div>\n\t\t\t<\/div>\n\t\t<\/div>\n\t<\/div>\n\n\n\n\n\n<div class=\"tb-faq tb-block align-center background-dark pattern-none variant-none tb-collapsible-margins\" id=\"faq\">\n\t<div class=\"inner-block tb-fade-in tb-fade-in--subtle\">\n\t\t<div class=\"text-part\">\n\t\t\t<h2>Fragen zur Vorregistrierung<\/h2>\n\t\t\t\t<div class=\"translation-block\"><\/div>\n\t\t\t<\/div>\n\t<\/div>\n\t<div class=\"inner-block\">\n\n\t\t\t\t\t<div\n\t\t\t\tclass=\"faq-list tb-accordion tb-accordion--animation\"\n\t\t\t\t>\n\t\t\t\t\t\t\t\t\t<details class=\"details\">\n\t\t\t\t\t\t<summary class=\"summary\">\n\t\t\t\t\t\t\t<div>Verpflichtet mich die Voranmeldung zu irgendetwas?\t\t\t<\/div>\n\t\t\t<\/summary>\n\t\t\t<div class=\"content text-part\" >\n\t\t\t\t\t<div class=\"translation-block\"><p>Nein. Voranmelden hei\u00dft nicht reservieren \u2013 du sicherst dir nur den fr\u00fchen Zugang und den Fr\u00fchbucherpreis, ohne irgendeine Verpflichtung.<\/p><\/div>\n\t\t\t\t<\/div>\n\t\t\t<\/details>\n\t\t\t\t\t\t\t<details class=\"details\">\n\t\t\t\t\t\t<summary class=\"summary\">\n\t\t\t\t\t\t\t<div>Was passiert nach meiner Voranmeldung?\t\t\t<\/div>\n\t\t\t<\/summary>\n\t\t\t<div class=\"content text-part\" >\n\t\t\t\t\t<div class=\"translation-block\"><p>Du bekommst am <strong>16. September 2026<\/strong> deinen pers\u00f6nlichen Zugangslink \u2013 <strong>24 Stunden vor der offiziellen Er\u00f6ffnung<\/strong>. Falls sich deine Pl\u00e4ne \u00e4ndern, kannst du dich jederzeit mit einem Klick abmelden.<\/p><\/div>\n\t\t\t\t<\/div>\n\t\t\t<\/details>\n\t\t\t\t\t\t\t<details class=\"details\">\n\t\t\t\t\t\t<summary class=\"summary\">\n\t\t\t\t\t\t\t<div>Und was, wenn ich mich nicht voranmelde?\t\t\t<\/div>\n\t\t\t<\/summary>\n\t\t\t<div class=\"content text-part\" >\n\t\t\t\t\t<div class=\"translation-block\"><p>Du wartest auf die offizielle Buchungser\u00f6ffnung \u2013 ohne fr\u00fchen Zugang. Da die Pl\u00e4tze begrenzt sind, k\u00f6nnen manche Termine an diesem Tag bereits ausgebucht sein. Die Teilnehmerzahl ist begrenzt.<\/p><\/div>\n\t\t\t\t<\/div>\n\t\t\t<\/details>\n\t\t\t<\/div>\n\t<\/div>\n<\/div>\n\n\n\n\n<div class=\"tb-quoteparallax tb-block align-center background-light pattern-default variant-text_on_image\" id=\"quoteparallax-1\" style=\"background-image: url('https:\/\/travelbase.eu\/frontend_src\/tb20\/dist\/assets\/img\/header-home-2022.jpg');\">\n\t\t<div class=\"inner-block tb-fade-in tb-fade-in--subtle\">\n\t\t\t\t\t<div class=\"text-part\">\n\t\t\t\t<h2>Bereit f\u00fcr deine Wanderung auf Madeira im Fr\u00fchjahr 2027?<\/h2>\n\t\t\t\t\t<div class=\"translation-block\"><p>Registriere dich jetzt <strong>kostenlos &amp; unverbindlich vor<\/strong>, um als Erste \u00fcber die <strong>neuen Termine f\u00fcr Fr\u00fchjahr 2027<\/strong> informiert zu werden. Sichere dir au\u00dferdem weitere <strong>exklusive Vorteile<\/strong> und buche deinen Trail <strong>24 Stunden vor der<\/strong> offiziellen Buchungser\u00f6ffnung.<\/p><p>Die <strong>offizielle Buchungser\u00f6ffnung<\/strong> ist am Donnerstag, den <strong>17. September um 16 Uhr.<\/strong><\/p><p><i>Die Anmeldung dauert nur 30 Sekunden.<\/i><\/p><\/div>\n\t\t\t\t\t\t\t\t\t\t<div class=\"tb-buttons-part\">\n\t\t\t\t\t\t\t\t<a href=\"https:\/\/travelbase.typeform.com\/MAT27SPreregDE\"  target=\"_blank\" data-mode=\"popup\" data-url=\"https:\/\/travelbase.pro.typeform.com\/MAT27SPreregFR\" class=\"tb-button typeform-share\">\n\t\t\tKostenlos &amp; unverbindlich vorregistrieren\t\t<\/a>\n\t\t\t\t\t<script>\n\t\t\t\t(function() {\n\t\t\t\t\tvar qs, js, q, s, d = document,\n\t\t\t\t\t\tgi = d.getElementById,\n\t\t\t\t\t\tce = d.createElement,\n\t\t\t\t\t\tgt = d.getElementsByTagName,\n\t\t\t\t\t\tid = \"typef_orm_share\",\n\t\t\t\t\t\tb = \"https:\/\/embed.typeform.com\/\";\n\t\t\t\t\tif (!gi.call(d, id)) {\n\t\t\t\t\t\tjs = ce.call(d, \"script\");\n\t\t\t\t\t\tjs.id = id;\n\t\t\t\t\t\tjs.src = b + \"embed.js\";\n\t\t\t\t\t\tq = gt.call(d, \"script\")[0];\n\t\t\t\t\t\tq.parentNode.insertBefore(js, q);\n\t\t\t\t\t}\n\t\t\t\t})();\n\t\t\t<\/script>\n\t\t\t\t\t\t\t\t\t\t\t\t\t<\/div>\n\t\t\t\t\t\t\t<\/div>\n\t\t\t\t\t<\/div>\n<\/div>","protected":false},"excerpt":{"rendered":"","protected":false},"author":112,"featured_media":2374,"parent":0,"menu_order":0,"comment_status":"closed","ping_status":"closed","template":"","meta":{"_acf_changed":false,"inline_featured_image":false,"footnotes":""},"class_list":["post-2637","page","type-page","status-publish","has-post-thumbnail","hentry"],"acf":{"page_package_ids":"","is_main_package_page":false,"additional_linked_packages":[],"feed_page_to_atlas":true},"_links":{"self":[{"href":"https:\/\/mat.travelblox.eu\/de\/wp-json\/wp\/v2\/pages\/2637","targetHints":{"allow":["GET"]}}],"collection":[{"href":"https:\/\/mat.travelblox.eu\/de\/wp-json\/wp\/v2\/pages"}],"about":[{"href":"https:\/\/mat.travelblox.eu\/de\/wp-json\/wp\/v2\/types\/page"}],"author":[{"embeddable":true,"href":"https:\/\/mat.travelblox.eu\/de\/wp-json\/wp\/v2\/users\/112"}],"replies":[{"embeddable":true,"href":"https:\/\/mat.travelblox.eu\/de\/wp-json\/wp\/v2\/comments?post=2637"}],"version-history":[{"count":35,"href":"https:\/\/mat.travelblox.eu\/de\/wp-json\/wp\/v2\/pages\/2637\/revisions"}],"predecessor-version":[{"id":2754,"href":"https:\/\/mat.travelblox.eu\/de\/wp-json\/wp\/v2\/pages\/2637\/revisions\/2754"}],"wp:featuredmedia":[{"embeddable":true,"href":"https:\/\/mat.travelblox.eu\/de\/wp-json\/wp\/v2\/media\/2374"}],"wp:attachment":[{"href":"https:\/\/mat.travelblox.eu\/de\/wp-json\/wp\/v2\/media?parent=2637"}],"curies":[{"name":"wp","href":"https:\/\/api.w.org\/{rel}","templated":true}]}}