{"id":2480,"date":"2026-09-02T10:22:48","date_gmt":"2026-09-02T08:22:48","guid":{"rendered":"https:\/\/mat.travelblox.eu\/?page_id=2480"},"modified":"2026-09-02T11:16:45","modified_gmt":"2026-09-02T09:16:45","slug":"madeira-trail","status":"publish","type":"page","link":"https:\/\/mat.travelblox.eu\/en\/madeira-trail\/","title":{"rendered":"Madeira Trail 2027 &#8211; Spring"},"content":{"rendered":"<div class=\"tb-header tb-block align-center background-dark pattern-none variant-none\" id=\"header\" data-fallback-background=\"https:\/\/vz-2d98b19f-729.b-cdn.net\/4af4ac82-338c-449e-bc04-7b80a2e10e7d\/thumbnail_1a39e6db.jpg\" style=\"background-image: linear-gradient(rgba(0, 0, 0, 0.4), rgba(0, 0, 0, 0.4)), url('https:\/\/vz-2d98b19f-729.b-cdn.net\/4af4ac82-338c-449e-bc04-7b80a2e10e7d\/thumbnail_1a39e6db.jpg'); background-position:center;\">\n        \n    <div class=\"tb-header-foreground\">\n        <div class=\"inner-block\">\n\n            <div class=\"main-part\">\n                <div class=\"text-part\">\n                                            <p><a href=\"https:\/\/travelbase.world\" target=\"_blank\" rel=\"noopener\" data-mce-href=\"https:\/\/travelbase.eu\">Travelbase<\/a> presents<\/p>\n                                                                                            <h1>\t<span class=\"tb-logo\"  style=\"-webkit-mask-image: url(https:\/\/mat.travelblox.eu\/wp-content\/uploads\/sites\/68\/2023\/10\/roundWhite.svg); mask-image: url(https:\/\/mat.travelblox.eu\/wp-content\/uploads\/sites\/68\/2023\/10\/roundWhite.svg)\">\n\t\t<img src='https:\/\/mat.travelblox.eu\/wp-content\/uploads\/sites\/68\/2023\/10\/roundWhite.svg' width='1024' height='1024' alt='Madeira Trail logo' title='Madeira Trail' loading='lazy'>\n\t<\/span>\n<\/h1>\n                                                                                        <h2 class=\"tb-subtitle\">\t<div class=\"translation-block\"><p>HIKE THROUGH THE MAGNIFICENT ISLAND OF MADEIRA<\/p><\/div>\n\t<\/h2>\n                                                                                    <div class=\"tb-properties\">\n                                                            <div class=\"tb-property\">\n                                                                            <div class=\"tb-property__icon\">\n                                            \t\t\t\t<i class=\"icon fa-solid fa-calendar-days fa-fw\" aria-hidden=\"true\"><\/i>\n\t\t\t                                        <\/div>\n                                                                        <div class=\"tb-property__label\">\n                                        5 days of walking                                    <\/div>\n                                <\/div>\n                                                                    <div class=\"tb-properties__divider\"><\/div>\n                                                                                            <div class=\"tb-property\">\n                                                                            <div class=\"tb-property__icon\">\n                                            \t\t\t\t<i class=\"icon fa-solid fa-bed-front fa-fw\" aria-hidden=\"true\"><\/i>\n\t\t\t                                        <\/div>\n                                                                        <div class=\"tb-property__label\">\n                                        In hotels &amp; huts                                    <\/div>\n                                <\/div>\n                                                                    <div class=\"tb-properties__divider\"><\/div>\n                                                                                            <div class=\"tb-property\">\n                                                                            <div class=\"tb-property__icon\">\n                                            \t\t\t\t<i class=\"icon fa-solid fa-person-hiking fa-fw\" aria-hidden=\"true\"><\/i>\n\t\t\t                                        <\/div>\n                                                                        <div class=\"tb-property__label\">\n                                        Self-guided                                    <\/div>\n                                <\/div>\n                                                                                    <\/div>\n                                                                <div class=\"tb-buttons-part\">\n                                                            \t\t<a href=\"https:\/\/travelbase.typeform.com\/MAT27SPreregEN\"  target=\"_blank\" data-mode=\"popup\" data-url=\"https:\/\/travelbase.typeform.com\/MAT27SPreregFR\" class=\"tb-button typeform-share\">\n\t\t\tPre-register | spring 2027\t\t<\/a>\n\t\t\t\t\t<script>\n\t\t\t\t(function() {\n\t\t\t\t\tvar qs, js, q, s, d = document,\n\t\t\t\t\t\tgi = d.getElementById,\n\t\t\t\t\t\tce = d.createElement,\n\t\t\t\t\t\tgt = d.getElementsByTagName,\n\t\t\t\t\t\tid = \"typef_orm_share\",\n\t\t\t\t\t\tb = \"https:\/\/embed.typeform.com\/\";\n\t\t\t\t\tif (!gi.call(d, id)) {\n\t\t\t\t\t\tjs = ce.call(d, \"script\");\n\t\t\t\t\t\tjs.id = id;\n\t\t\t\t\t\tjs.src = b + \"embed.js\";\n\t\t\t\t\t\tq = gt.call(d, \"script\")[0];\n\t\t\t\t\t\tq.parentNode.insertBefore(js, q);\n\t\t\t\t\t}\n\t\t\t\t})();\n\t\t\t<\/script>\n\t\t                                                                                        \t\t<a href=\"https:\/\/madeiratrail.eu\/fr\/#join\"  target=\"\" class=\"tb-buttonlink\">\n\t\t\tSign up | fall 2026\t\t<\/a>\n\t\t                                                    <\/div>\n                                                                <div class=\"average-reviews-wrapper\" data-reviews-redirect-url=\"https:\/\/www.google.com\/search?q=the+madeira+trail&amp;num=10&amp;hl=en-BE&amp;sca_esv=1ecdb2dd816d191e&amp;cs=0&amp;tbm=lcl&amp;ei=IdQIadyWNby_nsEP3Zad8Aw&amp;ved=0ahUKEwicq4e3r9aQAxW8nycCHV1LB84Q4dUDCAo&amp;uact=5&amp;oq=the+madeira+trail&amp;gs_lp=Eg1nd3Mtd2l6LWxvY2FsIhF0aGUgbWFkZWlyYSB0cmFpbDIGEAAYBxgeMgUQABiABDIFEAAYgAQyBBAAGB4yBBAAGB4yCBAAGAUYBxgeMggQABgFGAoYHjIGEAAYBRgeMgYQABgIGB4yBhAAGAgYHkjeHVDrElicGnABeACQAQCYAU-gAYgEqgEBObgBA8gBAPgBAZgCCqAC1QTCAgYQABgWGB7CAgsQABiABBiGAxiKBcICBRAAGO8FwgIIEAAYBxgIGB6YAwCIBgGSBwIxMKAH4EWyBwE5uAfRBMIHBzAuMS44LjHIBzY&amp;sclient=gws-wiz-local#rlfi=hd:;si:4014942997754283565,l,ChF0aGUgbWFkZWlyYSB0cmFpbEj7vOXi5LqAgAhaHRAAEAEQAhgBGAIiEXRoZSBtYWRlaXJhIHRyYWlskgENdHJhdmVsX2FnZW5jeZoBI0NoWkRTVWhOTUc5blMwVkpRMEZuU1VOdU5DMUVjRVJCRUFF-gEECAAQEw;mv:[[31.57864917731903,-16.559593340115693],[31.57828922268097,-16.560015859884317]]\" data-embed-social-id=\"071b5b2e75278e208ea9bc556ff09d7a4505d3ec\"><\/div>\n                                    <\/div>\n            <\/div>\n\n                    <\/div>\n    <\/div>\n\n    \n                        <div class=\"tb-header-background tb-header-background--has-iframe\">\n                        <iframe src=\"https:\/\/iframe.mediadelivery.net\/embed\/306445\/4af4ac82-338c-449e-bc04-7b80a2e10e7d?autoplay=true&#038;preload=true&#038;loop=true&#038;responsive=true&#038;muted=true\" allow=\"accelerometer;gyroscope;encrypted-media;picture-in-picture;autoplay;muted;\" allowfullscreen=\"true\" style=\"border: none;\" loading=\"lazy\"><\/iframe>                    <\/div>\n                \n    \n                <nav class=\"tb-header__subnav\">\n            <div class=\"inner-block\">\n                <div class=\"tb-header__pagename\">\n                                            \t<span class=\"tb-logo\"  style=\"-webkit-mask-image: url(https:\/\/mat.travelblox.eu\/wp-content\/uploads\/sites\/68\/2023\/10\/roundWhite.svg); mask-image: url(https:\/\/mat.travelblox.eu\/wp-content\/uploads\/sites\/68\/2023\/10\/roundWhite.svg)\">\n\t\t<img src='https:\/\/mat.travelblox.eu\/wp-content\/uploads\/sites\/68\/2023\/10\/roundWhite.svg' width='1024' height='1024' alt='Madeira Trail logo' title='Madeira Trail' loading='lazy'>\n\t<\/span>\n                                    <\/div>\n\n                <ul>\n                                            <li>\n                            <a href=\"#Concept\">Concept<\/a>\n                        <\/li>\n\n                                            <li>\n                            <a href=\"#textimage2\">The itinerary<\/a>\n                        <\/li>\n\n                                            <li>\n                            <a href=\"#route\">The Trek Itinerary<\/a>\n                        <\/li>\n\n                                            <li>\n                            <a href=\"#practical\">Practical Information<\/a>\n                        <\/li>\n\n                                            <li>\n                            <a href=\"#options\">Options<\/a>\n                        <\/li>\n\n                                            <li>\n                            <a href=\"#faq\">FAQ<\/a>\n                        <\/li>\n\n                    \n                                                <li class=\"tb-header__subnav_cta\">\n                                <a href=\"#join\" class=\"tb-button\" >Availability<\/a>\n                            <\/li>\n                                    <\/ul>\n            <\/div>\n        <\/nav>\n\n    \n<\/div>\n\n\n\t<div class=\"tb-topbar tb-block align-center background-dark pattern-none variant-none\" id=\"topbar\" data-subnav=\"true\">\n\t\t<div class=\"inner-block\">\n\t\t\t<div class=\"text-part\">\n\t\t\t\t\t\t\t\t\t\t\t\t\t<i class=\"icon fa-regular fa-clock fa-fw\" aria-hidden=\"true\"><\/i>\n\t\t\t\t\t\t\t\t\t\t\t\t<div class=\"translation-block\"><p>Opening of registrations for spring 2027<\/p><\/div>\n\t\t\t\t<\/div>\n\n\t\t\t\n\t\t\t\t<div class=\"tb-countdown__container\" data-countdown-date=\"17\/09\/2026 4:00 pm\">\n\n\t\t\t\t\t<div class=\"tb-countdown__block\" data-countdown-name=\"days\">\n\t\t\t\t\t\t<div class=\"tb-countdown__numbers\"><\/div>\n\t\t\t\t\t\t<div class=\"tb-countdown__text\">days<\/div>\n\t\t\t\t\t<\/div>\n\n\t\t\t\t\t<div class=\"tb-countdown__block\" data-countdown-name=\"hours\">\n\t\t\t\t\t\t<div class=\"tb-countdown__numbers\"><\/div>\n\t\t\t\t\t\t<div class=\"tb-countdown__text\">hours<\/div>\n\t\t\t\t\t<\/div>\n\n\t\t\t\t\t<div class=\"tb-countdown__block\" data-countdown-name=\"minutes\">\n\t\t\t\t\t\t<div class=\"tb-countdown__numbers\"><\/div>\n\t\t\t\t\t\t<div class=\"tb-countdown__text\">min<\/div>\n\t\t\t\t\t<\/div>\n\n\t\t\t\t\t<div class=\"tb-countdown__block\" data-countdown-name=\"seconds\">\n\t\t\t\t\t\t<div class=\"tb-countdown__numbers\"><\/div>\n\t\t\t\t\t\t<div class=\"tb-countdown__text\">sec<\/div>\n\t\t\t\t\t<\/div>\n\n\t\t\t\t<\/div>\n\n\t\t\t\n\t\t\t\t\t<\/div>\n\t<\/div>\n\t\n\n\n\n\n\n\n\n\n<div class=\"tb-intro tb-block align-none background-middle pattern-none variant-none tb-collapsible-margins\" id=\"intro-3\">\n    <div class=\"inner-block tb-fade-in tb-fade-in--subtle\">\n\n        \n\n        <div class=\"text-part content-part\">\n            <div class=\"title-meta-inclusive\">\n                <div class=\"title-and-meta\">\n                                            <div class=\"title-part\">\n                                                            <h3>Madeira Trail<\/h3>\n                                                                                                                            <h5>\t<div class=\"translation-block\">Set off on an unforgettable adventure: a 5-day hike through the hidden treasures of Madeira.<\/div>\n\t<\/h5>\n                                                                                    <\/div>\n                                        <ul class=\"meta-data\">\n                                                    <li>\n                                <i class=\"fa fa-regular fa-tag\"><\/i>\n                                <span>From \u20ac830<\/span>\n                            <\/li>\n                                                                            <li>\n                                <i class=\"fa fa-regular fa-calendar\"><\/i>\n                                <span><p><a href=\"#join\">From March to June 2027<\/a><\/p>\n<\/span>\n                            <\/li>\n                                            <\/ul>\n                <\/div>\n                                    <div class=\"inclusive\">\n                                                    <h6>Highlights<\/h6>\n                                                <ul class=\"\">\n                                                            <li class=\"visible\">\n                                                                            \t\t\t\t<i class=\"icon fa-solid fa-person-hiking fa-fw\" aria-hidden=\"true\"><\/i>\n\t\t\t                                                                                                                <span>Cross the Island of Flowers from West to East<\/span>\n                                                                    <\/li>\n                                                            <li class=\"visible\">\n                                                                            \t\t\t\t<i class=\"icon fa-kit fa-house-mountain fa-fw\" aria-hidden=\"true\"><\/i>\n\t\t\t                                                                                                                <span>Nights in hotels and lodges in unique locations.<\/span>\n                                                                    <\/li>\n                                                            <li class=\"visible\">\n                                                                            \t\t\t\t<i class=\"icon fa-solid fa-mountain-sun fa-fw\" aria-hidden=\"true\"><\/i>\n\t\t\t                                                                                                                <span>Join the highlight of the island: The Pico Ruivo.<\/span>\n                                                                    <\/li>\n                                                            <li class=\"visible\">\n                                                                            \t\t\t\t<i class=\"icon fa-solid fa-leaf fa-fw\" aria-hidden=\"true\"><\/i>\n\t\t\t                                                                                                                <span>Unmissable diverse landscapes<\/span>\n                                                                    <\/li>\n                                                            <li class=\"visible\">\n                                                                            \t\t\t\t<i class=\"icon fa-solid fa-sparkles fa-fw\" aria-hidden=\"true\"><\/i>\n\t\t\t                                                                                                                <span>We take care of the logistics, you just need to enjoy!<\/span>\n                                                                    <\/li>\n                                                    <\/ul>\n                                            <\/div>\n                            <\/div>\n\n                            <div class=\"tb-buttons desktop-only\">\n                                            <a href=\"#join\" class=\"tb-button\">\n                                                            Join the adventure                                                    <\/a>\n                                                                <a href=\"#practical\" class=\"tb-buttonlink\">\n                                                            More info                                                    <\/a>\n                                    <\/div>\n                    <\/div>\n                                    <div class=\"image-part\">\n                    \t\t<div class=\"inner-block-full-width has-tb-carousel tb-carousel-slider\" >\n\t\t<div class=\"tb-carousel-container\">\n\t\t\t<div class=\"entries tb-cards\" data-slider-first=\"0\">\n\t\t\t\t\t\t\t<div class=\"entry\">\n\t\t\t<div class=\"tb-image-part\">\n\t\t\t\t<figure>\n\t\t\t\t\t<img src='https:\/\/mat.travelblox.eu\/wp-content\/smush-webp\/sites\/68\/2026\/04\/IMG_5393-Grande-768x576.jpeg.webp' width='768' height='576' srcset='https:\/\/mat.travelblox.eu\/wp-content\/smush-webp\/sites\/68\/2026\/04\/IMG_5393-Grande-768x576.jpeg.webp 768w, https:\/\/mat.travelblox.eu\/wp-content\/smush-webp\/sites\/68\/2026\/04\/IMG_5393-Grande-300x225.jpeg.webp 300w, https:\/\/mat.travelblox.eu\/wp-content\/smush-webp\/sites\/68\/2026\/04\/IMG_5393-Grande-1024x768.jpeg.webp 1024w, https:\/\/mat.travelblox.eu\/wp-content\/smush-webp\/sites\/68\/2026\/04\/IMG_5393-Grande-16x12.jpeg.webp 16w, https:\/\/mat.travelblox.eu\/wp-content\/smush-webp\/sites\/68\/2026\/04\/IMG_5393-Grande.jpeg.webp 1280w' sizes=\"auto, (max-width: 768px) 100vw, 768px\" loading='lazy' decoding='async' data-smush-webp-fallback=\"{&quot;src&quot;:&quot;https:\\\/\\\/mat.travelblox.eu\\\/wp-content\\\/uploads\\\/sites\\\/68\\\/2026\\\/04\\\/IMG_5393-Grande-768x576.jpeg&quot;,&quot;srcset&quot;:&quot;https:\\\/\\\/mat.travelblox.eu\\\/wp-content\\\/uploads\\\/sites\\\/68\\\/2026\\\/04\\\/IMG_5393-Grande-768x576.jpeg 768w, https:\\\/\\\/mat.travelblox.eu\\\/wp-content\\\/uploads\\\/sites\\\/68\\\/2026\\\/04\\\/IMG_5393-Grande-300x225.jpeg 300w, https:\\\/\\\/mat.travelblox.eu\\\/wp-content\\\/uploads\\\/sites\\\/68\\\/2026\\\/04\\\/IMG_5393-Grande-1024x768.jpeg 1024w, https:\\\/\\\/mat.travelblox.eu\\\/wp-content\\\/uploads\\\/sites\\\/68\\\/2026\\\/04\\\/IMG_5393-Grande-16x12.jpeg 16w, https:\\\/\\\/mat.travelblox.eu\\\/wp-content\\\/uploads\\\/sites\\\/68\\\/2026\\\/04\\\/IMG_5393-Grande.jpeg 1280w&quot;}\">\t\t\t\t\t\t\t\t\t\t\t\t\t\t\t\t\t\t\t\t\t\t\t\t\t\t<\/figure>\n\t\t\t<\/div>\n\t\t<\/div>\n\t\t\t<div class=\"entry\">\n\t\t\t<div class=\"tb-image-part\">\n\t\t\t\t<figure>\n\t\t\t\t\t<img src='https:\/\/mat.travelblox.eu\/wp-content\/smush-webp\/sites\/68\/2026\/04\/Siliquini-TheMadeiraTrail-240321-1244-768x512.jpg.webp' width='768' height='512' alt='Hiking trails in Madeira' srcset='https:\/\/mat.travelblox.eu\/wp-content\/smush-webp\/sites\/68\/2026\/04\/Siliquini-TheMadeiraTrail-240321-1244-768x512.jpg.webp 768w, https:\/\/mat.travelblox.eu\/wp-content\/smush-webp\/sites\/68\/2026\/04\/Siliquini-TheMadeiraTrail-240321-1244-300x200.jpg.webp 300w, https:\/\/mat.travelblox.eu\/wp-content\/smush-webp\/sites\/68\/2026\/04\/Siliquini-TheMadeiraTrail-240321-1244-18x12.jpg.webp 18w, https:\/\/mat.travelblox.eu\/wp-content\/smush-webp\/sites\/68\/2026\/04\/Siliquini-TheMadeiraTrail-240321-1244.jpg.webp 1024w' sizes=\"auto, (max-width: 768px) 100vw, 768px\" loading='lazy' decoding='async' data-smush-webp-fallback=\"{&quot;src&quot;:&quot;https:\\\/\\\/mat.travelblox.eu\\\/wp-content\\\/uploads\\\/sites\\\/68\\\/2026\\\/04\\\/Siliquini-TheMadeiraTrail-240321-1244-768x512.jpg&quot;,&quot;srcset&quot;:&quot;https:\\\/\\\/mat.travelblox.eu\\\/wp-content\\\/uploads\\\/sites\\\/68\\\/2026\\\/04\\\/Siliquini-TheMadeiraTrail-240321-1244-768x512.jpg 768w, https:\\\/\\\/mat.travelblox.eu\\\/wp-content\\\/uploads\\\/sites\\\/68\\\/2026\\\/04\\\/Siliquini-TheMadeiraTrail-240321-1244-300x200.jpg 300w, https:\\\/\\\/mat.travelblox.eu\\\/wp-content\\\/uploads\\\/sites\\\/68\\\/2026\\\/04\\\/Siliquini-TheMadeiraTrail-240321-1244-18x12.jpg 18w, https:\\\/\\\/mat.travelblox.eu\\\/wp-content\\\/uploads\\\/sites\\\/68\\\/2026\\\/04\\\/Siliquini-TheMadeiraTrail-240321-1244.jpg 1024w&quot;}\">\t\t\t\t\t\t\t\t\t\t\t\t\t\t\t\t\t\t\t\t\t\t\t\t\t\t<\/figure>\n\t\t\t<\/div>\n\t\t<\/div>\n\t\t\t<div class=\"entry\">\n\t\t\t<div class=\"tb-image-part\">\n\t\t\t\t<figure>\n\t\t\t\t\t<img src='https:\/\/mat.travelblox.eu\/wp-content\/smush-webp\/sites\/68\/2026\/04\/Siliquini-TheMadeiraTrail-240317-6516-768x512.jpg.webp' width='768' height='512' alt='Hiking trails in Madeira' srcset='https:\/\/mat.travelblox.eu\/wp-content\/smush-webp\/sites\/68\/2026\/04\/Siliquini-TheMadeiraTrail-240317-6516-768x512.jpg.webp 768w, https:\/\/mat.travelblox.eu\/wp-content\/smush-webp\/sites\/68\/2026\/04\/Siliquini-TheMadeiraTrail-240317-6516-300x200.jpg.webp 300w, https:\/\/mat.travelblox.eu\/wp-content\/smush-webp\/sites\/68\/2026\/04\/Siliquini-TheMadeiraTrail-240317-6516-18x12.jpg.webp 18w, https:\/\/mat.travelblox.eu\/wp-content\/smush-webp\/sites\/68\/2026\/04\/Siliquini-TheMadeiraTrail-240317-6516.jpg.webp 1024w' sizes=\"auto, (max-width: 768px) 100vw, 768px\" loading='lazy' decoding='async' data-smush-webp-fallback=\"{&quot;src&quot;:&quot;https:\\\/\\\/mat.travelblox.eu\\\/wp-content\\\/uploads\\\/sites\\\/68\\\/2026\\\/04\\\/Siliquini-TheMadeiraTrail-240317-6516-768x512.jpg&quot;,&quot;srcset&quot;:&quot;https:\\\/\\\/mat.travelblox.eu\\\/wp-content\\\/uploads\\\/sites\\\/68\\\/2026\\\/04\\\/Siliquini-TheMadeiraTrail-240317-6516-768x512.jpg 768w, https:\\\/\\\/mat.travelblox.eu\\\/wp-content\\\/uploads\\\/sites\\\/68\\\/2026\\\/04\\\/Siliquini-TheMadeiraTrail-240317-6516-300x200.jpg 300w, https:\\\/\\\/mat.travelblox.eu\\\/wp-content\\\/uploads\\\/sites\\\/68\\\/2026\\\/04\\\/Siliquini-TheMadeiraTrail-240317-6516-18x12.jpg 18w, https:\\\/\\\/mat.travelblox.eu\\\/wp-content\\\/uploads\\\/sites\\\/68\\\/2026\\\/04\\\/Siliquini-TheMadeiraTrail-240317-6516.jpg 1024w&quot;}\">\t\t\t\t\t\t\t\t\t\t\t\t\t\t\t\t\t\t\t\t\t\t\t\t\t\t<\/figure>\n\t\t\t<\/div>\n\t\t<\/div>\n\t\t\t\t\t<\/div>\n\t\t\t\t<div class=\"tb-carousel-nav\">\n\t\t<div class=\"dots\">\n\t\t\t<div class=\"dot active\"><\/div>\n\t\t\t<div class=\"dot\"><\/div>\n\t\t\t<div class=\"dot\"><\/div>\n\t\t<\/div>\n\t\t<div class=\"arrows\">\n\t\t\t<div class=\"prev disabled\">\n\t\t\t\t<span><i class=\"fa fa-chevron-left\"><\/i><\/span>\n\t\t\t<\/div>\n\t\t\t<div class=\"next\">\n\t\t\t\t<span><i class=\"fa fa-chevron-right\"><\/i><\/span>\n\t\t\t<\/div>\n\t\t<\/div>\n\t<\/div>\n\t\t\t<\/div>\n\t<\/div>\n\t\t                <\/div>\n                                        <div class=\"tb-buttons mobile-only\">\n                                    <a href=\"#join\" class=\"tb-button\">\n                                                    Join the adventure                                            <\/a>\n                                                    <a href=\"#practical\" class=\"tb-buttonlink\">\n                                                    More info                                            <\/a>\n                            <\/div>\n            <\/div>\n<\/div>\n\n\n<div class=\"tb-gallery tb-block align-center background-light pattern-none variant-grid\" id=\"gallery\">\n\t<div class=\"tb-gallery__inner\">\n\t\t<div class=\"desktop tb-has-popup-content\">\n\t\t\t\t\t\t\t<ul class=\"tb-gallery-grid\">\n\t\t\t\t\t\t\t\t\t\t\t\t\t\t\t\t\t\t<li class=\"slide\">\n\t\t\t\t\t\t\t\t<div class=\"tb-popup-trigger\">\n\t\t\t\t\t\t\t\t\t<img src='https:\/\/mat.travelblox.eu\/wp-content\/smush-webp\/sites\/68\/2025\/02\/Siliquini-TheMadeiraTrail-240317-6237.jpg.webp' width='1500' height='1000' alt='Madeira hiking - Walking in Madeira - Hiking in Madeira - Hiking in Madeira' srcset='https:\/\/mat.travelblox.eu\/wp-content\/smush-webp\/sites\/68\/2025\/02\/Siliquini-TheMadeiraTrail-240317-6237.jpg.webp 1500w, https:\/\/mat.travelblox.eu\/wp-content\/smush-webp\/sites\/68\/2025\/02\/Siliquini-TheMadeiraTrail-240317-6237-300x200.jpg.webp 300w, https:\/\/mat.travelblox.eu\/wp-content\/smush-webp\/sites\/68\/2025\/02\/Siliquini-TheMadeiraTrail-240317-6237-1024x683.jpg.webp 1024w, https:\/\/mat.travelblox.eu\/wp-content\/smush-webp\/sites\/68\/2025\/02\/Siliquini-TheMadeiraTrail-240317-6237-768x512.jpg.webp 768w, https:\/\/mat.travelblox.eu\/wp-content\/smush-webp\/sites\/68\/2025\/02\/Siliquini-TheMadeiraTrail-240317-6237-18x12.jpg.webp 18w' sizes=\"auto, (max-width: 1500px) 100vw, 1500px\" style='object-position:50% 50%' loading='lazy' decoding='async' data-smush-webp-fallback=\"{&quot;src&quot;:&quot;https:\\\/\\\/mat.travelblox.eu\\\/wp-content\\\/uploads\\\/sites\\\/68\\\/2025\\\/02\\\/Siliquini-TheMadeiraTrail-240317-6237.jpg&quot;,&quot;srcset&quot;:&quot;https:\\\/\\\/mat.travelblox.eu\\\/wp-content\\\/uploads\\\/sites\\\/68\\\/2025\\\/02\\\/Siliquini-TheMadeiraTrail-240317-6237.jpg 1500w, https:\\\/\\\/mat.travelblox.eu\\\/wp-content\\\/uploads\\\/sites\\\/68\\\/2025\\\/02\\\/Siliquini-TheMadeiraTrail-240317-6237-300x200.jpg 300w, https:\\\/\\\/mat.travelblox.eu\\\/wp-content\\\/uploads\\\/sites\\\/68\\\/2025\\\/02\\\/Siliquini-TheMadeiraTrail-240317-6237-1024x683.jpg 1024w, https:\\\/\\\/mat.travelblox.eu\\\/wp-content\\\/uploads\\\/sites\\\/68\\\/2025\\\/02\\\/Siliquini-TheMadeiraTrail-240317-6237-768x512.jpg 768w, https:\\\/\\\/mat.travelblox.eu\\\/wp-content\\\/uploads\\\/sites\\\/68\\\/2025\\\/02\\\/Siliquini-TheMadeiraTrail-240317-6237-18x12.jpg 18w&quot;}\">\t\t\t\t\t\t\t\t<\/div>\n\t\t\t\t\t\t\t<\/li>\n\t\t\t\t\t\t\t\t\t\t\t\t\t<li class=\"slide\">\n\t\t\t\t\t\t\t\t<div class=\"tb-popup-trigger\">\n\t\t\t\t\t\t\t\t\t<img src='https:\/\/mat.travelblox.eu\/wp-content\/smush-webp\/sites\/68\/2025\/08\/MAT25_DriesVdb_WEB-109-scaled.jpg.webp' width='1440' height='2560' alt='Hiking trails in Madeira' srcset='https:\/\/mat.travelblox.eu\/wp-content\/smush-webp\/sites\/68\/2025\/08\/MAT25_DriesVdb_WEB-109-scaled.jpg.webp 1440w, https:\/\/mat.travelblox.eu\/wp-content\/smush-webp\/sites\/68\/2025\/08\/MAT25_DriesVdb_WEB-109-169x300.jpg.webp 169w, https:\/\/mat.travelblox.eu\/wp-content\/smush-webp\/sites\/68\/2025\/08\/MAT25_DriesVdb_WEB-109-576x1024.jpg.webp 576w, https:\/\/mat.travelblox.eu\/wp-content\/smush-webp\/sites\/68\/2025\/08\/MAT25_DriesVdb_WEB-109-768x1365.jpg.webp 768w, https:\/\/mat.travelblox.eu\/wp-content\/smush-webp\/sites\/68\/2025\/08\/MAT25_DriesVdb_WEB-109-864x1536.jpg.webp 864w, https:\/\/mat.travelblox.eu\/wp-content\/smush-webp\/sites\/68\/2025\/08\/MAT25_DriesVdb_WEB-109-1152x2048.jpg.webp 1152w, https:\/\/mat.travelblox.eu\/wp-content\/smush-webp\/sites\/68\/2025\/08\/MAT25_DriesVdb_WEB-109-7x12.jpg.webp 7w' sizes=\"auto, (max-width: 1440px) 100vw, 1440px\" style='object-position:50% 50%' loading='lazy' decoding='async' data-smush-webp-fallback=\"{&quot;src&quot;:&quot;https:\\\/\\\/mat.travelblox.eu\\\/wp-content\\\/uploads\\\/sites\\\/68\\\/2025\\\/08\\\/MAT25_DriesVdb_WEB-109-scaled.jpg&quot;,&quot;srcset&quot;:&quot;https:\\\/\\\/mat.travelblox.eu\\\/wp-content\\\/uploads\\\/sites\\\/68\\\/2025\\\/08\\\/MAT25_DriesVdb_WEB-109-scaled.jpg 1440w, https:\\\/\\\/mat.travelblox.eu\\\/wp-content\\\/uploads\\\/sites\\\/68\\\/2025\\\/08\\\/MAT25_DriesVdb_WEB-109-169x300.jpg 169w, https:\\\/\\\/mat.travelblox.eu\\\/wp-content\\\/uploads\\\/sites\\\/68\\\/2025\\\/08\\\/MAT25_DriesVdb_WEB-109-576x1024.jpg 576w, https:\\\/\\\/mat.travelblox.eu\\\/wp-content\\\/uploads\\\/sites\\\/68\\\/2025\\\/08\\\/MAT25_DriesVdb_WEB-109-768x1365.jpg 768w, https:\\\/\\\/mat.travelblox.eu\\\/wp-content\\\/uploads\\\/sites\\\/68\\\/2025\\\/08\\\/MAT25_DriesVdb_WEB-109-864x1536.jpg 864w, https:\\\/\\\/mat.travelblox.eu\\\/wp-content\\\/uploads\\\/sites\\\/68\\\/2025\\\/08\\\/MAT25_DriesVdb_WEB-109-1152x2048.jpg 1152w, https:\\\/\\\/mat.travelblox.eu\\\/wp-content\\\/uploads\\\/sites\\\/68\\\/2025\\\/08\\\/MAT25_DriesVdb_WEB-109-7x12.jpg 7w&quot;}\">\t\t\t\t\t\t\t\t<\/div>\n\t\t\t\t\t\t\t<\/li>\n\t\t\t\t\t\t\t\t\t\t\t\t\t<li class=\"slide\">\n\t\t\t\t\t\t\t\t<div class=\"tb-popup-trigger\">\n\t\t\t\t\t\t\t\t\t<img src='https:\/\/mat.travelblox.eu\/wp-content\/smush-webp\/sites\/68\/2025\/11\/Siliquini-TheMadeiraTrail-240317-0013.jpg.webp' width='1024' height='767' alt='Madeira hiking - Walking in Madeira - Hiking in Madeira - Hiking in Madeira' srcset='https:\/\/mat.travelblox.eu\/wp-content\/smush-webp\/sites\/68\/2025\/11\/Siliquini-TheMadeiraTrail-240317-0013.jpg.webp 1024w, https:\/\/mat.travelblox.eu\/wp-content\/smush-webp\/sites\/68\/2025\/11\/Siliquini-TheMadeiraTrail-240317-0013-300x225.jpg.webp 300w, https:\/\/mat.travelblox.eu\/wp-content\/smush-webp\/sites\/68\/2025\/11\/Siliquini-TheMadeiraTrail-240317-0013-768x575.jpg.webp 768w, https:\/\/mat.travelblox.eu\/wp-content\/smush-webp\/sites\/68\/2025\/11\/Siliquini-TheMadeiraTrail-240317-0013-16x12.jpg.webp 16w' sizes=\"auto, (max-width: 1024px) 100vw, 1024px\" style='object-position:50% 50%' loading='lazy' decoding='async' data-smush-webp-fallback=\"{&quot;src&quot;:&quot;https:\\\/\\\/mat.travelblox.eu\\\/wp-content\\\/uploads\\\/sites\\\/68\\\/2025\\\/11\\\/Siliquini-TheMadeiraTrail-240317-0013.jpg&quot;,&quot;srcset&quot;:&quot;https:\\\/\\\/mat.travelblox.eu\\\/wp-content\\\/uploads\\\/sites\\\/68\\\/2025\\\/11\\\/Siliquini-TheMadeiraTrail-240317-0013.jpg 1024w, https:\\\/\\\/mat.travelblox.eu\\\/wp-content\\\/uploads\\\/sites\\\/68\\\/2025\\\/11\\\/Siliquini-TheMadeiraTrail-240317-0013-300x225.jpg 300w, https:\\\/\\\/mat.travelblox.eu\\\/wp-content\\\/uploads\\\/sites\\\/68\\\/2025\\\/11\\\/Siliquini-TheMadeiraTrail-240317-0013-768x575.jpg 768w, https:\\\/\\\/mat.travelblox.eu\\\/wp-content\\\/uploads\\\/sites\\\/68\\\/2025\\\/11\\\/Siliquini-TheMadeiraTrail-240317-0013-16x12.jpg 16w&quot;}\">\t\t\t\t\t\t\t\t<\/div>\n\t\t\t\t\t\t\t<\/li>\n\t\t\t\t\t\t\t\t\t\t\t\t\t\t\t<\/ul>\n\t\t\t\t\t\t<div class=\"tb-popup tb-popup--open-clicked-image\">\n\t\t\t\t<div class=\"tb-gallery-popup\">\n\t\t\t\t\t<div class=\"tb-image-part\">\n\t\t\t\t\t\t\t\t<div class=\"inner-block-full-width has-tb-carousel tb-carousel-slider\" >\n\t\t<div class=\"tb-carousel-container\">\n\t\t\t<div class=\"entries tb-cards\" data-slider-first=\"2\">\n\t\t\t\t\t\t\t<div class=\"entry\">\n\t\t\t<div class=\"tb-image-part\">\n\t\t\t\t<figure>\n\t\t\t\t\t<img src='https:\/\/mat.travelblox.eu\/wp-content\/smush-webp\/sites\/68\/2025\/02\/Siliquini-TheMadeiraTrail-240317-6237.jpg.webp' width='1500' height='1000' alt='Madeira hiking - Walking in Madeira - Hiking in Madeira - Hiking in Madeira' srcset='https:\/\/mat.travelblox.eu\/wp-content\/smush-webp\/sites\/68\/2025\/02\/Siliquini-TheMadeiraTrail-240317-6237.jpg.webp 1500w, https:\/\/mat.travelblox.eu\/wp-content\/smush-webp\/sites\/68\/2025\/02\/Siliquini-TheMadeiraTrail-240317-6237-300x200.jpg.webp 300w, https:\/\/mat.travelblox.eu\/wp-content\/smush-webp\/sites\/68\/2025\/02\/Siliquini-TheMadeiraTrail-240317-6237-1024x683.jpg.webp 1024w, https:\/\/mat.travelblox.eu\/wp-content\/smush-webp\/sites\/68\/2025\/02\/Siliquini-TheMadeiraTrail-240317-6237-768x512.jpg.webp 768w, https:\/\/mat.travelblox.eu\/wp-content\/smush-webp\/sites\/68\/2025\/02\/Siliquini-TheMadeiraTrail-240317-6237-18x12.jpg.webp 18w' sizes=\"auto, (max-width: 1500px) 100vw, 1500px\" style='object-position:50% 50%' loading='lazy' decoding='async' data-smush-webp-fallback=\"{&quot;src&quot;:&quot;https:\\\/\\\/mat.travelblox.eu\\\/wp-content\\\/uploads\\\/sites\\\/68\\\/2025\\\/02\\\/Siliquini-TheMadeiraTrail-240317-6237.jpg&quot;,&quot;srcset&quot;:&quot;https:\\\/\\\/mat.travelblox.eu\\\/wp-content\\\/uploads\\\/sites\\\/68\\\/2025\\\/02\\\/Siliquini-TheMadeiraTrail-240317-6237.jpg 1500w, https:\\\/\\\/mat.travelblox.eu\\\/wp-content\\\/uploads\\\/sites\\\/68\\\/2025\\\/02\\\/Siliquini-TheMadeiraTrail-240317-6237-300x200.jpg 300w, https:\\\/\\\/mat.travelblox.eu\\\/wp-content\\\/uploads\\\/sites\\\/68\\\/2025\\\/02\\\/Siliquini-TheMadeiraTrail-240317-6237-1024x683.jpg 1024w, https:\\\/\\\/mat.travelblox.eu\\\/wp-content\\\/uploads\\\/sites\\\/68\\\/2025\\\/02\\\/Siliquini-TheMadeiraTrail-240317-6237-768x512.jpg 768w, https:\\\/\\\/mat.travelblox.eu\\\/wp-content\\\/uploads\\\/sites\\\/68\\\/2025\\\/02\\\/Siliquini-TheMadeiraTrail-240317-6237-18x12.jpg 18w&quot;}\">\t\t\t\t\t\t\t\t\t<\/figure>\n\t\t\t<\/div>\n\t\t<\/div>\n\t\t\t<div class=\"entry\">\n\t\t\t<div class=\"tb-image-part\">\n\t\t\t\t<figure>\n\t\t\t\t\t<img src='https:\/\/mat.travelblox.eu\/wp-content\/smush-webp\/sites\/68\/2025\/08\/MAT25_DriesVdb_WEB-109-scaled.jpg.webp' width='1440' height='2560' alt='Hiking trails in Madeira' srcset='https:\/\/mat.travelblox.eu\/wp-content\/smush-webp\/sites\/68\/2025\/08\/MAT25_DriesVdb_WEB-109-scaled.jpg.webp 1440w, https:\/\/mat.travelblox.eu\/wp-content\/smush-webp\/sites\/68\/2025\/08\/MAT25_DriesVdb_WEB-109-169x300.jpg.webp 169w, https:\/\/mat.travelblox.eu\/wp-content\/smush-webp\/sites\/68\/2025\/08\/MAT25_DriesVdb_WEB-109-576x1024.jpg.webp 576w, https:\/\/mat.travelblox.eu\/wp-content\/smush-webp\/sites\/68\/2025\/08\/MAT25_DriesVdb_WEB-109-768x1365.jpg.webp 768w, https:\/\/mat.travelblox.eu\/wp-content\/smush-webp\/sites\/68\/2025\/08\/MAT25_DriesVdb_WEB-109-864x1536.jpg.webp 864w, https:\/\/mat.travelblox.eu\/wp-content\/smush-webp\/sites\/68\/2025\/08\/MAT25_DriesVdb_WEB-109-1152x2048.jpg.webp 1152w, https:\/\/mat.travelblox.eu\/wp-content\/smush-webp\/sites\/68\/2025\/08\/MAT25_DriesVdb_WEB-109-7x12.jpg.webp 7w' sizes=\"auto, (max-width: 1440px) 100vw, 1440px\" style='object-position:50% 50%' loading='lazy' decoding='async' data-smush-webp-fallback=\"{&quot;src&quot;:&quot;https:\\\/\\\/mat.travelblox.eu\\\/wp-content\\\/uploads\\\/sites\\\/68\\\/2025\\\/08\\\/MAT25_DriesVdb_WEB-109-scaled.jpg&quot;,&quot;srcset&quot;:&quot;https:\\\/\\\/mat.travelblox.eu\\\/wp-content\\\/uploads\\\/sites\\\/68\\\/2025\\\/08\\\/MAT25_DriesVdb_WEB-109-scaled.jpg 1440w, https:\\\/\\\/mat.travelblox.eu\\\/wp-content\\\/uploads\\\/sites\\\/68\\\/2025\\\/08\\\/MAT25_DriesVdb_WEB-109-169x300.jpg 169w, https:\\\/\\\/mat.travelblox.eu\\\/wp-content\\\/uploads\\\/sites\\\/68\\\/2025\\\/08\\\/MAT25_DriesVdb_WEB-109-576x1024.jpg 576w, https:\\\/\\\/mat.travelblox.eu\\\/wp-content\\\/uploads\\\/sites\\\/68\\\/2025\\\/08\\\/MAT25_DriesVdb_WEB-109-768x1365.jpg 768w, https:\\\/\\\/mat.travelblox.eu\\\/wp-content\\\/uploads\\\/sites\\\/68\\\/2025\\\/08\\\/MAT25_DriesVdb_WEB-109-864x1536.jpg 864w, https:\\\/\\\/mat.travelblox.eu\\\/wp-content\\\/uploads\\\/sites\\\/68\\\/2025\\\/08\\\/MAT25_DriesVdb_WEB-109-1152x2048.jpg 1152w, https:\\\/\\\/mat.travelblox.eu\\\/wp-content\\\/uploads\\\/sites\\\/68\\\/2025\\\/08\\\/MAT25_DriesVdb_WEB-109-7x12.jpg 7w&quot;}\">\t\t\t\t\t\t\t\t\t<\/figure>\n\t\t\t<\/div>\n\t\t<\/div>\n\t\t\t<div class=\"entry\">\n\t\t\t<div class=\"tb-image-part\">\n\t\t\t\t<figure>\n\t\t\t\t\t<img src='https:\/\/mat.travelblox.eu\/wp-content\/smush-webp\/sites\/68\/2025\/11\/Siliquini-TheMadeiraTrail-240317-0013.jpg.webp' width='1024' height='767' alt='Madeira hiking - Walking in Madeira - Hiking in Madeira - Hiking in Madeira' srcset='https:\/\/mat.travelblox.eu\/wp-content\/smush-webp\/sites\/68\/2025\/11\/Siliquini-TheMadeiraTrail-240317-0013.jpg.webp 1024w, https:\/\/mat.travelblox.eu\/wp-content\/smush-webp\/sites\/68\/2025\/11\/Siliquini-TheMadeiraTrail-240317-0013-300x225.jpg.webp 300w, https:\/\/mat.travelblox.eu\/wp-content\/smush-webp\/sites\/68\/2025\/11\/Siliquini-TheMadeiraTrail-240317-0013-768x575.jpg.webp 768w, https:\/\/mat.travelblox.eu\/wp-content\/smush-webp\/sites\/68\/2025\/11\/Siliquini-TheMadeiraTrail-240317-0013-16x12.jpg.webp 16w' sizes=\"auto, (max-width: 1024px) 100vw, 1024px\" style='object-position:50% 50%' loading='lazy' decoding='async' data-smush-webp-fallback=\"{&quot;src&quot;:&quot;https:\\\/\\\/mat.travelblox.eu\\\/wp-content\\\/uploads\\\/sites\\\/68\\\/2025\\\/11\\\/Siliquini-TheMadeiraTrail-240317-0013.jpg&quot;,&quot;srcset&quot;:&quot;https:\\\/\\\/mat.travelblox.eu\\\/wp-content\\\/uploads\\\/sites\\\/68\\\/2025\\\/11\\\/Siliquini-TheMadeiraTrail-240317-0013.jpg 1024w, https:\\\/\\\/mat.travelblox.eu\\\/wp-content\\\/uploads\\\/sites\\\/68\\\/2025\\\/11\\\/Siliquini-TheMadeiraTrail-240317-0013-300x225.jpg 300w, https:\\\/\\\/mat.travelblox.eu\\\/wp-content\\\/uploads\\\/sites\\\/68\\\/2025\\\/11\\\/Siliquini-TheMadeiraTrail-240317-0013-768x575.jpg 768w, https:\\\/\\\/mat.travelblox.eu\\\/wp-content\\\/uploads\\\/sites\\\/68\\\/2025\\\/11\\\/Siliquini-TheMadeiraTrail-240317-0013-16x12.jpg 16w&quot;}\">\t\t\t\t\t\t\t\t\t<\/figure>\n\t\t\t<\/div>\n\t\t<\/div>\n\t\t\t\t\t<\/div>\n\t\t\t\t<div class=\"tb-carousel-nav\">\n\t\t<div class=\"dots\">\n\t\t\t<div class=\"dot active\"><\/div>\n\t\t\t<div class=\"dot\"><\/div>\n\t\t\t<div class=\"dot\"><\/div>\n\t\t<\/div>\n\t\t<div class=\"arrows\">\n\t\t\t<div class=\"prev disabled\">\n\t\t\t\t<span><i class=\"fa fa-chevron-left\"><\/i><\/span>\n\t\t\t<\/div>\n\t\t\t<div class=\"next\">\n\t\t\t\t<span><i class=\"fa fa-chevron-right\"><\/i><\/span>\n\t\t\t<\/div>\n\t\t<\/div>\n\t<\/div>\n\t\t\t<\/div>\n\t<\/div>\n\t\t\t\t\t\t\t<\/div>\n\t\t\t\t<\/div>\n\t\t\t<\/div>\n\t\t<\/div>\n\t\t<div class=\"mobile\">\n\t\t\t<div class=\"tb-image-part\">\n\t\t\t\t\t\t<div class=\"inner-block-full-width has-tb-carousel tb-carousel-slider\" >\n\t\t<div class=\"tb-carousel-container\">\n\t\t\t<div class=\"entries tb-cards\" data-slider-first=\"0\">\n\t\t\t\t\t\t\t<div class=\"entry\">\n\t\t\t<div class=\"tb-image-part\">\n\t\t\t\t<figure>\n\t\t\t\t\t<img src='https:\/\/mat.travelblox.eu\/wp-content\/smush-webp\/sites\/68\/2025\/02\/Siliquini-TheMadeiraTrail-240317-6237-768x512.jpg.webp' width='768' height='512' alt='Madeira hiking - Walking in Madeira - Hiking in Madeira - Hiking in Madeira' srcset='https:\/\/mat.travelblox.eu\/wp-content\/smush-webp\/sites\/68\/2025\/02\/Siliquini-TheMadeiraTrail-240317-6237-768x512.jpg.webp 768w, https:\/\/mat.travelblox.eu\/wp-content\/smush-webp\/sites\/68\/2025\/02\/Siliquini-TheMadeiraTrail-240317-6237-300x200.jpg.webp 300w, https:\/\/mat.travelblox.eu\/wp-content\/smush-webp\/sites\/68\/2025\/02\/Siliquini-TheMadeiraTrail-240317-6237-1024x683.jpg.webp 1024w, https:\/\/mat.travelblox.eu\/wp-content\/smush-webp\/sites\/68\/2025\/02\/Siliquini-TheMadeiraTrail-240317-6237-18x12.jpg.webp 18w, https:\/\/mat.travelblox.eu\/wp-content\/smush-webp\/sites\/68\/2025\/02\/Siliquini-TheMadeiraTrail-240317-6237.jpg.webp 1500w' sizes=\"auto, (max-width: 768px) 100vw, 768px\" style='object-position:50% 50%' loading='lazy' decoding='async' data-smush-webp-fallback=\"{&quot;src&quot;:&quot;https:\\\/\\\/mat.travelblox.eu\\\/wp-content\\\/uploads\\\/sites\\\/68\\\/2025\\\/02\\\/Siliquini-TheMadeiraTrail-240317-6237-768x512.jpg&quot;,&quot;srcset&quot;:&quot;https:\\\/\\\/mat.travelblox.eu\\\/wp-content\\\/uploads\\\/sites\\\/68\\\/2025\\\/02\\\/Siliquini-TheMadeiraTrail-240317-6237-768x512.jpg 768w, https:\\\/\\\/mat.travelblox.eu\\\/wp-content\\\/uploads\\\/sites\\\/68\\\/2025\\\/02\\\/Siliquini-TheMadeiraTrail-240317-6237-300x200.jpg 300w, https:\\\/\\\/mat.travelblox.eu\\\/wp-content\\\/uploads\\\/sites\\\/68\\\/2025\\\/02\\\/Siliquini-TheMadeiraTrail-240317-6237-1024x683.jpg 1024w, https:\\\/\\\/mat.travelblox.eu\\\/wp-content\\\/uploads\\\/sites\\\/68\\\/2025\\\/02\\\/Siliquini-TheMadeiraTrail-240317-6237-18x12.jpg 18w, https:\\\/\\\/mat.travelblox.eu\\\/wp-content\\\/uploads\\\/sites\\\/68\\\/2025\\\/02\\\/Siliquini-TheMadeiraTrail-240317-6237.jpg 1500w&quot;}\">\t\t\t\t\t\t\t\t\t<\/figure>\n\t\t\t<\/div>\n\t\t<\/div>\n\t\t\t<div class=\"entry\">\n\t\t\t<div class=\"tb-image-part\">\n\t\t\t\t<figure>\n\t\t\t\t\t<img src='https:\/\/mat.travelblox.eu\/wp-content\/smush-webp\/sites\/68\/2025\/08\/MAT25_DriesVdb_WEB-109-768x1365.jpg.webp' width='768' height='1365' alt='Hiking trails in Madeira' srcset='https:\/\/mat.travelblox.eu\/wp-content\/smush-webp\/sites\/68\/2025\/08\/MAT25_DriesVdb_WEB-109-768x1365.jpg.webp 768w, https:\/\/mat.travelblox.eu\/wp-content\/smush-webp\/sites\/68\/2025\/08\/MAT25_DriesVdb_WEB-109-169x300.jpg.webp 169w, https:\/\/mat.travelblox.eu\/wp-content\/smush-webp\/sites\/68\/2025\/08\/MAT25_DriesVdb_WEB-109-576x1024.jpg.webp 576w, https:\/\/mat.travelblox.eu\/wp-content\/smush-webp\/sites\/68\/2025\/08\/MAT25_DriesVdb_WEB-109-864x1536.jpg.webp 864w, https:\/\/mat.travelblox.eu\/wp-content\/smush-webp\/sites\/68\/2025\/08\/MAT25_DriesVdb_WEB-109-1152x2048.jpg.webp 1152w, https:\/\/mat.travelblox.eu\/wp-content\/smush-webp\/sites\/68\/2025\/08\/MAT25_DriesVdb_WEB-109-7x12.jpg.webp 7w, https:\/\/mat.travelblox.eu\/wp-content\/smush-webp\/sites\/68\/2025\/08\/MAT25_DriesVdb_WEB-109-scaled.jpg.webp 1440w' sizes=\"auto, (max-width: 768px) 100vw, 768px\" style='object-position:50% 50%' loading='lazy' decoding='async' data-smush-webp-fallback=\"{&quot;src&quot;:&quot;https:\\\/\\\/mat.travelblox.eu\\\/wp-content\\\/uploads\\\/sites\\\/68\\\/2025\\\/08\\\/MAT25_DriesVdb_WEB-109-768x1365.jpg&quot;,&quot;srcset&quot;:&quot;https:\\\/\\\/mat.travelblox.eu\\\/wp-content\\\/uploads\\\/sites\\\/68\\\/2025\\\/08\\\/MAT25_DriesVdb_WEB-109-768x1365.jpg 768w, https:\\\/\\\/mat.travelblox.eu\\\/wp-content\\\/uploads\\\/sites\\\/68\\\/2025\\\/08\\\/MAT25_DriesVdb_WEB-109-169x300.jpg 169w, https:\\\/\\\/mat.travelblox.eu\\\/wp-content\\\/uploads\\\/sites\\\/68\\\/2025\\\/08\\\/MAT25_DriesVdb_WEB-109-576x1024.jpg 576w, https:\\\/\\\/mat.travelblox.eu\\\/wp-content\\\/uploads\\\/sites\\\/68\\\/2025\\\/08\\\/MAT25_DriesVdb_WEB-109-864x1536.jpg 864w, https:\\\/\\\/mat.travelblox.eu\\\/wp-content\\\/uploads\\\/sites\\\/68\\\/2025\\\/08\\\/MAT25_DriesVdb_WEB-109-1152x2048.jpg 1152w, https:\\\/\\\/mat.travelblox.eu\\\/wp-content\\\/uploads\\\/sites\\\/68\\\/2025\\\/08\\\/MAT25_DriesVdb_WEB-109-7x12.jpg 7w, https:\\\/\\\/mat.travelblox.eu\\\/wp-content\\\/uploads\\\/sites\\\/68\\\/2025\\\/08\\\/MAT25_DriesVdb_WEB-109-scaled.jpg 1440w&quot;}\">\t\t\t\t\t\t\t\t\t<\/figure>\n\t\t\t<\/div>\n\t\t<\/div>\n\t\t\t<div class=\"entry\">\n\t\t\t<div class=\"tb-image-part\">\n\t\t\t\t<figure>\n\t\t\t\t\t<img src='https:\/\/mat.travelblox.eu\/wp-content\/smush-webp\/sites\/68\/2025\/11\/Siliquini-TheMadeiraTrail-240317-0013-768x575.jpg.webp' width='768' height='575' alt='Madeira hiking - Walking in Madeira - Hiking in Madeira - Hiking in Madeira' srcset='https:\/\/mat.travelblox.eu\/wp-content\/smush-webp\/sites\/68\/2025\/11\/Siliquini-TheMadeiraTrail-240317-0013-768x575.jpg.webp 768w, https:\/\/mat.travelblox.eu\/wp-content\/smush-webp\/sites\/68\/2025\/11\/Siliquini-TheMadeiraTrail-240317-0013-300x225.jpg.webp 300w, https:\/\/mat.travelblox.eu\/wp-content\/smush-webp\/sites\/68\/2025\/11\/Siliquini-TheMadeiraTrail-240317-0013-16x12.jpg.webp 16w, https:\/\/mat.travelblox.eu\/wp-content\/smush-webp\/sites\/68\/2025\/11\/Siliquini-TheMadeiraTrail-240317-0013.jpg.webp 1024w' sizes=\"auto, (max-width: 768px) 100vw, 768px\" style='object-position:50% 50%' loading='lazy' decoding='async' data-smush-webp-fallback=\"{&quot;src&quot;:&quot;https:\\\/\\\/mat.travelblox.eu\\\/wp-content\\\/uploads\\\/sites\\\/68\\\/2025\\\/11\\\/Siliquini-TheMadeiraTrail-240317-0013-768x575.jpg&quot;,&quot;srcset&quot;:&quot;https:\\\/\\\/mat.travelblox.eu\\\/wp-content\\\/uploads\\\/sites\\\/68\\\/2025\\\/11\\\/Siliquini-TheMadeiraTrail-240317-0013-768x575.jpg 768w, https:\\\/\\\/mat.travelblox.eu\\\/wp-content\\\/uploads\\\/sites\\\/68\\\/2025\\\/11\\\/Siliquini-TheMadeiraTrail-240317-0013-300x225.jpg 300w, https:\\\/\\\/mat.travelblox.eu\\\/wp-content\\\/uploads\\\/sites\\\/68\\\/2025\\\/11\\\/Siliquini-TheMadeiraTrail-240317-0013-16x12.jpg 16w, https:\\\/\\\/mat.travelblox.eu\\\/wp-content\\\/uploads\\\/sites\\\/68\\\/2025\\\/11\\\/Siliquini-TheMadeiraTrail-240317-0013.jpg 1024w&quot;}\">\t\t\t\t\t\t\t\t\t<\/figure>\n\t\t\t<\/div>\n\t\t<\/div>\n\t\t\t\t\t<\/div>\n\t\t\t\t<div class=\"tb-carousel-nav\">\n\t\t<div class=\"dots\">\n\t\t\t<div class=\"dot active\"><\/div>\n\t\t\t<div class=\"dot\"><\/div>\n\t\t\t<div class=\"dot\"><\/div>\n\t\t<\/div>\n\t\t<div class=\"arrows\">\n\t\t\t<div class=\"prev disabled\">\n\t\t\t\t<span><i class=\"fa fa-chevron-left\"><\/i><\/span>\n\t\t\t<\/div>\n\t\t\t<div class=\"next\">\n\t\t\t\t<span><i class=\"fa fa-chevron-right\"><\/i><\/span>\n\t\t\t<\/div>\n\t\t<\/div>\n\t<\/div>\n\t\t\t<\/div>\n\t<\/div>\n\t\t\t\t\t<\/div>\n\t\t<\/div>\n\t<\/div>\n<\/div>\n\n\n\n<div class=\"tb-textimage2 tb-block align-left background-light pattern-none variant-text_first tb-collapsible-margins\" id=\"Concept\">\n\t<div class=\"inner-block tb-fade-in\">\n\n\t\t\n\t\t\t\t<div class=\"tb-columns\">\n\t\t\t<div class=\"tb-column\">\n\t\t\t\t<div class=\"tb-text-part\">\n\t\t\t\t\t<h2>Hiking in Madeira<\/h2>\n\t\t\t\t\t\t<div class=\"translation-block tb-wysiwyg-part\"><p>Located in the heart of a tropical archipelago, <strong>Madeira is a Portuguese island<\/strong> nicknamed the \"<strong>Pearl of the Atlantic<\/strong>\" or \"<strong>The Island of Flowers<\/strong>\" due to its exceptional flora.<\/p><p>With its <strong>subtropical climate<\/strong> and breathtaking views, it offers a unique paradise experience. This hiking tour takes you through landscapes of incredible diversity: <strong>lush valleys<\/strong>, <strong>steep peaks<\/strong>, picturesque <strong>levadas<\/strong> (irrigation channels), and secluded beaches, all packed into a week of adventure.<\/p><\/div>\n\t\t\t\t\t\t\t\t\t\t\t<div class=\"tb-buttons-part\">\n\t\t\t\t\t\t\t\t<a href=\"#join\"  target=\"\" class=\"tb-button\">\n\t\t\tJoin the adventure\t\t<\/a>\n\t\t\t\t\t\t\t\t\t\t<a href=\"#practical-1\"  target=\"\" class=\"tb-buttonlink\">\n\t\t\tMore information\t\t<\/a>\n\t\t\t\t\t\t\t<\/div>\n\t\t\t\t<\/div>\n\t\t\t<\/div>\n\t\t\t<div class=\"tb-column\">\n\t\t\t\t\t\t\t\t\t\t\t\t\t\t\t<div class=\"tb-image-part\">\n\t\t\t\t\t\t\t<img src='https:\/\/mat.travelblox.eu\/wp-content\/smush-webp\/sites\/68\/2026\/04\/MAT25_DriesVdb_WEB-95-768x960.jpg.webp' width='768' height='960' srcset='https:\/\/mat.travelblox.eu\/wp-content\/smush-webp\/sites\/68\/2026\/04\/MAT25_DriesVdb_WEB-95-768x960.jpg.webp 768w, https:\/\/mat.travelblox.eu\/wp-content\/smush-webp\/sites\/68\/2026\/04\/MAT25_DriesVdb_WEB-95-240x300.jpg.webp 240w, https:\/\/mat.travelblox.eu\/wp-content\/smush-webp\/sites\/68\/2026\/04\/MAT25_DriesVdb_WEB-95-819x1024.jpg.webp 819w, https:\/\/mat.travelblox.eu\/wp-content\/smush-webp\/sites\/68\/2026\/04\/MAT25_DriesVdb_WEB-95-1229x1536.jpg.webp 1229w, https:\/\/mat.travelblox.eu\/wp-content\/smush-webp\/sites\/68\/2026\/04\/MAT25_DriesVdb_WEB-95-1638x2048.jpg.webp 1638w, https:\/\/mat.travelblox.eu\/wp-content\/smush-webp\/sites\/68\/2026\/04\/MAT25_DriesVdb_WEB-95-10x12.jpg.webp 10w, https:\/\/mat.travelblox.eu\/wp-content\/smush-webp\/sites\/68\/2026\/04\/MAT25_DriesVdb_WEB-95-scaled.jpg.webp 2048w' sizes=\"auto, (max-width: 768px) 100vw, 768px\" loading='lazy' decoding='async' data-smush-webp-fallback=\"{&quot;src&quot;:&quot;https:\\\/\\\/mat.travelblox.eu\\\/wp-content\\\/uploads\\\/sites\\\/68\\\/2026\\\/04\\\/MAT25_DriesVdb_WEB-95-768x960.jpg&quot;,&quot;srcset&quot;:&quot;https:\\\/\\\/mat.travelblox.eu\\\/wp-content\\\/uploads\\\/sites\\\/68\\\/2026\\\/04\\\/MAT25_DriesVdb_WEB-95-768x960.jpg 768w, https:\\\/\\\/mat.travelblox.eu\\\/wp-content\\\/uploads\\\/sites\\\/68\\\/2026\\\/04\\\/MAT25_DriesVdb_WEB-95-240x300.jpg 240w, https:\\\/\\\/mat.travelblox.eu\\\/wp-content\\\/uploads\\\/sites\\\/68\\\/2026\\\/04\\\/MAT25_DriesVdb_WEB-95-819x1024.jpg 819w, https:\\\/\\\/mat.travelblox.eu\\\/wp-content\\\/uploads\\\/sites\\\/68\\\/2026\\\/04\\\/MAT25_DriesVdb_WEB-95-1229x1536.jpg 1229w, https:\\\/\\\/mat.travelblox.eu\\\/wp-content\\\/uploads\\\/sites\\\/68\\\/2026\\\/04\\\/MAT25_DriesVdb_WEB-95-1638x2048.jpg 1638w, https:\\\/\\\/mat.travelblox.eu\\\/wp-content\\\/uploads\\\/sites\\\/68\\\/2026\\\/04\\\/MAT25_DriesVdb_WEB-95-10x12.jpg 10w, https:\\\/\\\/mat.travelblox.eu\\\/wp-content\\\/uploads\\\/sites\\\/68\\\/2026\\\/04\\\/MAT25_DriesVdb_WEB-95-scaled.jpg 2048w&quot;}\">\t\t\t\t\t\t<\/div>\n\t\t\t\t\t\t\t\t\t\t\t\t<\/div>\n\t\t<\/div>\n\t<\/div>\n<\/div>\n\n\n<div class=\"tb-textimage2 tb-block align-left background-dark pattern-none variant-image_first tb-collapsible-margins\" id=\"textimage2\">\n\t<div class=\"inner-block tb-fade-in\">\n\n\t\t\n\t\t\t\t<div class=\"tb-columns\">\n\t\t\t<div class=\"tb-column\">\n\t\t\t\t<div class=\"tb-text-part\">\n\t\t\t\t\t<h2>The itinerary<\/h2>\n\t\t\t\t\t\t<div class=\"translation-block tb-wysiwyg-part\"><p>As the name suggests, the <strong>Madeira Trail<\/strong> takes place in Madeira, a fascinating island located <strong>in the heart of the Atlantic<\/strong>, belonging to Portugal.<\/p><p>Our carefully crafted itinerary guides you <strong>from west to east<\/strong>, from coastal shores to the most majestic peaks. It's a challenging hike that is undoubtedly a <strong>must-do for any adventurer<\/strong>. By following the picturesque <strong>levadas<\/strong>, you'll explore a <strong>unique wilderness<\/strong>, from the <strong>thousand-year-old Fanal forest<\/strong>, a UNESCO World Heritage site, to the island's highest point, the legendary <strong>Pico Ruivo<\/strong>.<\/p><p>During these five days of walking in the <strong>Island of Flowers<\/strong>, you'll take on an incredible athletic challenge while enjoying some of the <strong>most spectacular views on the planet.<\/strong><\/p><\/div>\n\t\t\t\t\t\t\t\t\t\t\t<div class=\"tb-buttons-part\">\n\t\t\t\t\t\t\t\t\t\t\t\t\t\t\t\t\t<\/div>\n\t\t\t\t<\/div>\n\t\t\t<\/div>\n\t\t\t<div class=\"tb-column\">\n\t\t\t\t\t\t\t\t\t\t\t\t\t\t\t<div class=\"tb-image-part\">\n\t\t\t\t\t\t\t\t\t<div class=\"inner-block-full-width has-tb-carousel tb-carousel-slider\" >\n\t\t<div class=\"tb-carousel-container\">\n\t\t\t<div class=\"entries tb-cards\" data-slider-first=\"0\">\n\t\t\t\t\t\t\t<div class=\"entry\">\n\t\t\t<div class=\"tb-image-part\">\n\t\t\t\t<figure>\n\t\t\t\t\t<img src='https:\/\/mat.travelblox.eu\/wp-content\/smush-webp\/sites\/68\/2024\/09\/Siliquini-TheMadeiraTrail-240317-5867-768x512.jpg.webp' width='768' height='512' alt='hiking in Madeira - hiking in Madeira - hiking in Madeira - hike Madeira' srcset='https:\/\/mat.travelblox.eu\/wp-content\/smush-webp\/sites\/68\/2024\/09\/Siliquini-TheMadeiraTrail-240317-5867-768x512.jpg.webp 768w, https:\/\/mat.travelblox.eu\/wp-content\/smush-webp\/sites\/68\/2024\/09\/Siliquini-TheMadeiraTrail-240317-5867-300x200.jpg.webp 300w, https:\/\/mat.travelblox.eu\/wp-content\/smush-webp\/sites\/68\/2024\/09\/Siliquini-TheMadeiraTrail-240317-5867-1024x683.jpg.webp 1024w, https:\/\/mat.travelblox.eu\/wp-content\/smush-webp\/sites\/68\/2024\/09\/Siliquini-TheMadeiraTrail-240317-5867-1536x1024.jpg.webp 1536w, https:\/\/mat.travelblox.eu\/wp-content\/smush-webp\/sites\/68\/2024\/09\/Siliquini-TheMadeiraTrail-240317-5867-18x12.jpg.webp 18w, https:\/\/mat.travelblox.eu\/wp-content\/smush-webp\/sites\/68\/2024\/09\/Siliquini-TheMadeiraTrail-240317-5867.jpg.webp 2048w' sizes=\"auto, (max-width: 768px) 100vw, 768px\" style='object-position:50% 50%' loading='lazy' decoding='async' data-smush-webp-fallback=\"{&quot;src&quot;:&quot;https:\\\/\\\/mat.travelblox.eu\\\/wp-content\\\/uploads\\\/sites\\\/68\\\/2024\\\/09\\\/Siliquini-TheMadeiraTrail-240317-5867-768x512.jpg&quot;,&quot;srcset&quot;:&quot;https:\\\/\\\/mat.travelblox.eu\\\/wp-content\\\/uploads\\\/sites\\\/68\\\/2024\\\/09\\\/Siliquini-TheMadeiraTrail-240317-5867-768x512.jpg 768w, https:\\\/\\\/mat.travelblox.eu\\\/wp-content\\\/uploads\\\/sites\\\/68\\\/2024\\\/09\\\/Siliquini-TheMadeiraTrail-240317-5867-300x200.jpg 300w, https:\\\/\\\/mat.travelblox.eu\\\/wp-content\\\/uploads\\\/sites\\\/68\\\/2024\\\/09\\\/Siliquini-TheMadeiraTrail-240317-5867-1024x683.jpg 1024w, https:\\\/\\\/mat.travelblox.eu\\\/wp-content\\\/uploads\\\/sites\\\/68\\\/2024\\\/09\\\/Siliquini-TheMadeiraTrail-240317-5867-1536x1024.jpg 1536w, https:\\\/\\\/mat.travelblox.eu\\\/wp-content\\\/uploads\\\/sites\\\/68\\\/2024\\\/09\\\/Siliquini-TheMadeiraTrail-240317-5867-18x12.jpg 18w, https:\\\/\\\/mat.travelblox.eu\\\/wp-content\\\/uploads\\\/sites\\\/68\\\/2024\\\/09\\\/Siliquini-TheMadeiraTrail-240317-5867.jpg 2048w&quot;}\">\t\t\t\t\t\t\t\t\t\t\t\t\t\t\t\t\t\t\t\t\t\t\t\t\t\t<\/figure>\n\t\t\t<\/div>\n\t\t<\/div>\n\t\t\t<div class=\"entry\">\n\t\t\t<div class=\"tb-image-part\">\n\t\t\t\t<figure>\n\t\t\t\t\t<img src='https:\/\/mat.travelblox.eu\/wp-content\/smush-webp\/sites\/68\/2024\/03\/Siliquini-MadeiraTrail-240321-1083-768x512.jpeg.webp' width='768' height='512' alt='hiking in Madeira - hiking in Madeira - hiking in Madeira - hike Madeira' srcset='https:\/\/mat.travelblox.eu\/wp-content\/smush-webp\/sites\/68\/2024\/03\/Siliquini-MadeiraTrail-240321-1083-768x512.jpeg.webp 768w, https:\/\/mat.travelblox.eu\/wp-content\/smush-webp\/sites\/68\/2024\/03\/Siliquini-MadeiraTrail-240321-1083-300x200.jpeg.webp 300w, https:\/\/mat.travelblox.eu\/wp-content\/smush-webp\/sites\/68\/2024\/03\/Siliquini-MadeiraTrail-240321-1083-1024x683.jpeg.webp 1024w, https:\/\/mat.travelblox.eu\/wp-content\/smush-webp\/sites\/68\/2024\/03\/Siliquini-MadeiraTrail-240321-1083-1536x1024.jpeg.webp 1536w, https:\/\/mat.travelblox.eu\/wp-content\/smush-webp\/sites\/68\/2024\/03\/Siliquini-MadeiraTrail-240321-1083-18x12.jpeg.webp 18w, https:\/\/mat.travelblox.eu\/wp-content\/smush-webp\/sites\/68\/2024\/03\/Siliquini-MadeiraTrail-240321-1083.jpeg.webp 2048w' sizes=\"auto, (max-width: 768px) 100vw, 768px\" style='object-position:50% 50%' loading='lazy' decoding='async' data-smush-webp-fallback=\"{&quot;src&quot;:&quot;https:\\\/\\\/mat.travelblox.eu\\\/wp-content\\\/uploads\\\/sites\\\/68\\\/2024\\\/03\\\/Siliquini-MadeiraTrail-240321-1083-768x512.jpeg&quot;,&quot;srcset&quot;:&quot;https:\\\/\\\/mat.travelblox.eu\\\/wp-content\\\/uploads\\\/sites\\\/68\\\/2024\\\/03\\\/Siliquini-MadeiraTrail-240321-1083-768x512.jpeg 768w, https:\\\/\\\/mat.travelblox.eu\\\/wp-content\\\/uploads\\\/sites\\\/68\\\/2024\\\/03\\\/Siliquini-MadeiraTrail-240321-1083-300x200.jpeg 300w, https:\\\/\\\/mat.travelblox.eu\\\/wp-content\\\/uploads\\\/sites\\\/68\\\/2024\\\/03\\\/Siliquini-MadeiraTrail-240321-1083-1024x683.jpeg 1024w, https:\\\/\\\/mat.travelblox.eu\\\/wp-content\\\/uploads\\\/sites\\\/68\\\/2024\\\/03\\\/Siliquini-MadeiraTrail-240321-1083-1536x1024.jpeg 1536w, https:\\\/\\\/mat.travelblox.eu\\\/wp-content\\\/uploads\\\/sites\\\/68\\\/2024\\\/03\\\/Siliquini-MadeiraTrail-240321-1083-18x12.jpeg 18w, https:\\\/\\\/mat.travelblox.eu\\\/wp-content\\\/uploads\\\/sites\\\/68\\\/2024\\\/03\\\/Siliquini-MadeiraTrail-240321-1083.jpeg 2048w&quot;}\">\t\t\t\t\t\t\t\t\t\t\t\t\t\t\t\t\t\t\t\t\t\t\t\t\t\t<\/figure>\n\t\t\t<\/div>\n\t\t<\/div>\n\t\t\t<div class=\"entry\">\n\t\t\t<div class=\"tb-image-part\">\n\t\t\t\t<figure>\n\t\t\t\t\t<img src='https:\/\/mat.travelblox.eu\/wp-content\/smush-webp\/sites\/68\/2024\/03\/Siliquini-MadeiraTrail-240319-0072-768x575.jpeg.webp' width='768' height='575' alt='hiking in Madeira - hiking in Madeira - hiking in Madeira - hike Madeira' srcset='https:\/\/mat.travelblox.eu\/wp-content\/smush-webp\/sites\/68\/2024\/03\/Siliquini-MadeiraTrail-240319-0072-768x575.jpeg.webp 768w, https:\/\/mat.travelblox.eu\/wp-content\/smush-webp\/sites\/68\/2024\/03\/Siliquini-MadeiraTrail-240319-0072-300x225.jpeg.webp 300w, https:\/\/mat.travelblox.eu\/wp-content\/smush-webp\/sites\/68\/2024\/03\/Siliquini-MadeiraTrail-240319-0072-1024x767.jpeg.webp 1024w, https:\/\/mat.travelblox.eu\/wp-content\/smush-webp\/sites\/68\/2024\/03\/Siliquini-MadeiraTrail-240319-0072-1536x1151.jpeg.webp 1536w, https:\/\/mat.travelblox.eu\/wp-content\/smush-webp\/sites\/68\/2024\/03\/Siliquini-MadeiraTrail-240319-0072-16x12.jpeg.webp 16w, https:\/\/mat.travelblox.eu\/wp-content\/smush-webp\/sites\/68\/2024\/03\/Siliquini-MadeiraTrail-240319-0072.jpeg.webp 2048w' sizes=\"auto, (max-width: 768px) 100vw, 768px\" style='object-position:50% 50%' loading='lazy' decoding='async' data-smush-webp-fallback=\"{&quot;src&quot;:&quot;https:\\\/\\\/mat.travelblox.eu\\\/wp-content\\\/uploads\\\/sites\\\/68\\\/2024\\\/03\\\/Siliquini-MadeiraTrail-240319-0072-768x575.jpeg&quot;,&quot;srcset&quot;:&quot;https:\\\/\\\/mat.travelblox.eu\\\/wp-content\\\/uploads\\\/sites\\\/68\\\/2024\\\/03\\\/Siliquini-MadeiraTrail-240319-0072-768x575.jpeg 768w, https:\\\/\\\/mat.travelblox.eu\\\/wp-content\\\/uploads\\\/sites\\\/68\\\/2024\\\/03\\\/Siliquini-MadeiraTrail-240319-0072-300x225.jpeg 300w, https:\\\/\\\/mat.travelblox.eu\\\/wp-content\\\/uploads\\\/sites\\\/68\\\/2024\\\/03\\\/Siliquini-MadeiraTrail-240319-0072-1024x767.jpeg 1024w, https:\\\/\\\/mat.travelblox.eu\\\/wp-content\\\/uploads\\\/sites\\\/68\\\/2024\\\/03\\\/Siliquini-MadeiraTrail-240319-0072-1536x1151.jpeg 1536w, https:\\\/\\\/mat.travelblox.eu\\\/wp-content\\\/uploads\\\/sites\\\/68\\\/2024\\\/03\\\/Siliquini-MadeiraTrail-240319-0072-16x12.jpeg 16w, https:\\\/\\\/mat.travelblox.eu\\\/wp-content\\\/uploads\\\/sites\\\/68\\\/2024\\\/03\\\/Siliquini-MadeiraTrail-240319-0072.jpeg 2048w&quot;}\">\t\t\t\t\t\t\t\t\t\t\t\t\t\t\t\t\t\t\t\t\t\t\t\t\t\t<\/figure>\n\t\t\t<\/div>\n\t\t<\/div>\n\t\t\t<div class=\"entry\">\n\t\t\t<div class=\"tb-image-part\">\n\t\t\t\t<figure>\n\t\t\t\t\t<img src='https:\/\/mat.travelblox.eu\/wp-content\/smush-webp\/sites\/68\/2024\/03\/Siliquini-MadeiraTrail-240317-5686-768x512.jpeg.webp' width='768' height='512' alt='a couple of hikers walking in a forest on the trek in Madeira A couple is hiking in Madeira' srcset='https:\/\/mat.travelblox.eu\/wp-content\/smush-webp\/sites\/68\/2024\/03\/Siliquini-MadeiraTrail-240317-5686-768x512.jpeg.webp 768w, https:\/\/mat.travelblox.eu\/wp-content\/smush-webp\/sites\/68\/2024\/03\/Siliquini-MadeiraTrail-240317-5686-300x200.jpeg.webp 300w, https:\/\/mat.travelblox.eu\/wp-content\/smush-webp\/sites\/68\/2024\/03\/Siliquini-MadeiraTrail-240317-5686-1024x683.jpeg.webp 1024w, https:\/\/mat.travelblox.eu\/wp-content\/smush-webp\/sites\/68\/2024\/03\/Siliquini-MadeiraTrail-240317-5686-1536x1024.jpeg.webp 1536w, https:\/\/mat.travelblox.eu\/wp-content\/smush-webp\/sites\/68\/2024\/03\/Siliquini-MadeiraTrail-240317-5686-18x12.jpeg.webp 18w, https:\/\/mat.travelblox.eu\/wp-content\/smush-webp\/sites\/68\/2024\/03\/Siliquini-MadeiraTrail-240317-5686.jpeg.webp 2048w' sizes=\"auto, (max-width: 768px) 100vw, 768px\" loading='lazy' decoding='async' data-smush-webp-fallback=\"{&quot;src&quot;:&quot;https:\\\/\\\/mat.travelblox.eu\\\/wp-content\\\/uploads\\\/sites\\\/68\\\/2024\\\/03\\\/Siliquini-MadeiraTrail-240317-5686-768x512.jpeg&quot;,&quot;srcset&quot;:&quot;https:\\\/\\\/mat.travelblox.eu\\\/wp-content\\\/uploads\\\/sites\\\/68\\\/2024\\\/03\\\/Siliquini-MadeiraTrail-240317-5686-768x512.jpeg 768w, https:\\\/\\\/mat.travelblox.eu\\\/wp-content\\\/uploads\\\/sites\\\/68\\\/2024\\\/03\\\/Siliquini-MadeiraTrail-240317-5686-300x200.jpeg 300w, https:\\\/\\\/mat.travelblox.eu\\\/wp-content\\\/uploads\\\/sites\\\/68\\\/2024\\\/03\\\/Siliquini-MadeiraTrail-240317-5686-1024x683.jpeg 1024w, https:\\\/\\\/mat.travelblox.eu\\\/wp-content\\\/uploads\\\/sites\\\/68\\\/2024\\\/03\\\/Siliquini-MadeiraTrail-240317-5686-1536x1024.jpeg 1536w, https:\\\/\\\/mat.travelblox.eu\\\/wp-content\\\/uploads\\\/sites\\\/68\\\/2024\\\/03\\\/Siliquini-MadeiraTrail-240317-5686-18x12.jpeg 18w, https:\\\/\\\/mat.travelblox.eu\\\/wp-content\\\/uploads\\\/sites\\\/68\\\/2024\\\/03\\\/Siliquini-MadeiraTrail-240317-5686.jpeg 2048w&quot;}\">\t\t\t\t\t\t\t\t\t\t\t\t\t\t\t\t\t\t\t\t\t\t\t\t\t\t<\/figure>\n\t\t\t<\/div>\n\t\t<\/div>\n\t\t\t\t\t<\/div>\n\t\t\t\t<div class=\"tb-carousel-nav\">\n\t\t<div class=\"dots\">\n\t\t\t<div class=\"dot active\"><\/div>\n\t\t\t<div class=\"dot\"><\/div>\n\t\t\t<div class=\"dot\"><\/div>\n\t\t<\/div>\n\t\t<div class=\"arrows\">\n\t\t\t<div class=\"prev disabled\">\n\t\t\t\t<span><i class=\"fa fa-chevron-left\"><\/i><\/span>\n\t\t\t<\/div>\n\t\t\t<div class=\"next\">\n\t\t\t\t<span><i class=\"fa fa-chevron-right\"><\/i><\/span>\n\t\t\t<\/div>\n\t\t<\/div>\n\t<\/div>\n\t\t\t<\/div>\n\t<\/div>\n\t\t\t\t\t\t\t\t<\/div>\n\t\t\t\t\t\t\t\t\t\t\t\t<\/div>\n\t\t<\/div>\n\t<\/div>\n<\/div>\n\n\n<div class=\"tb-dayschedule tb-block align-center background-light pattern-none variant-none tb-collapsible-margins\" id=\"route\">\n\n\t<div class=\"inner-block tb-fade-in tb-fade-in--subtle\">\n\t\t<div class=\"text-part\">\n\t\t\t<h2>THE TREK PROGRAM<\/h2>\n\t\t\t\t<div class=\"translation-block\"><p>Creating a <strong>seamless hiking itinerary<\/strong> in Madeira requires an in-depth knowledge of the terrain. We\u2019ve designed a tailor-made program that lets you discover <strong>the island\u2019s finest treasures<\/strong> in one week, including <strong>five days of hiking<\/strong>.<\/p>\n<p>To ensure your comfort and safety, the logistics and itinerary may be adjusted depending on weather conditions and local authorities\u2019 guidelines.<\/p>\n<p>Days 1 to 5 of the program correspond to your five hiking days, starting the day after you arrive. <strong>Your arrival day<\/strong>, on the other hand, is <strong>the very first day of the period you selected in the calendar<\/strong>.<\/p><\/div>\n\t\t\t\t\t\t\t\t\t\t\t\t\t<\/div>\n\t<\/div>\n\t\t\t<div class=\"tb-sections\">\n\t\t\t\t\t\t\t\t\t\t\t\t\t<div class=\"inner-block-full-width has-tb-carousel tb-section\" id=\"route-section-0\">\n\t\t<div class=\"tb-carousel-container\">\n\t\t\t<div class=\"entries tb-cards\" data-slider-first=\"1\">\n\t\t\t\t\t\t\t\t\t\t\t\t\t\t\t<div class=\"tb-card entry tb-popup-trigger tb-unfold-on-hover\">\n\t\t\t\t\t\t\t<div class=\"tb-image-part\">\n\t\t\t\t\t\t\t\t<div class=\"tag\">\n\t\t\t\t\t\t\t\t\t<div>Day of arrival<\/div>\n\t\t\t\t\t\t\t\t<\/div>\n\n\t\t\t\t\t\t\t\t<img src='https:\/\/mat.travelblox.eu\/wp-content\/smush-webp\/sites\/68\/2024\/09\/Siliquini-TheMadeiraTrail-240323-2051-e1726652786263-768x628.jpg.webp' width='768' height='628' alt='Arrival in Funchal - Old Town Funchal - Arrival in Funchal - Arrival in Funchal' srcset='https:\/\/mat.travelblox.eu\/wp-content\/smush-webp\/sites\/68\/2024\/09\/Siliquini-TheMadeiraTrail-240323-2051-e1726652786263-768x628.jpg.webp 768w, https:\/\/mat.travelblox.eu\/wp-content\/smush-webp\/sites\/68\/2024\/09\/Siliquini-TheMadeiraTrail-240323-2051-e1726652786263-300x245.jpg.webp 300w, https:\/\/mat.travelblox.eu\/wp-content\/smush-webp\/sites\/68\/2024\/09\/Siliquini-TheMadeiraTrail-240323-2051-e1726652786263-1024x837.jpg.webp 1024w, https:\/\/mat.travelblox.eu\/wp-content\/smush-webp\/sites\/68\/2024\/09\/Siliquini-TheMadeiraTrail-240323-2051-e1726652786263-15x12.jpg.webp 15w, https:\/\/mat.travelblox.eu\/wp-content\/smush-webp\/sites\/68\/2024\/09\/Siliquini-TheMadeiraTrail-240323-2051-e1726652786263.jpg.webp 1365w' sizes=\"auto, (max-width: 768px) 100vw, 768px\" style='object-position:50% 50%' loading='lazy' decoding='async' data-smush-webp-fallback=\"{&quot;src&quot;:&quot;https:\\\/\\\/mat.travelblox.eu\\\/wp-content\\\/uploads\\\/sites\\\/68\\\/2024\\\/09\\\/Siliquini-TheMadeiraTrail-240323-2051-e1726652786263-768x628.jpg&quot;,&quot;srcset&quot;:&quot;https:\\\/\\\/mat.travelblox.eu\\\/wp-content\\\/uploads\\\/sites\\\/68\\\/2024\\\/09\\\/Siliquini-TheMadeiraTrail-240323-2051-e1726652786263-768x628.jpg 768w, https:\\\/\\\/mat.travelblox.eu\\\/wp-content\\\/uploads\\\/sites\\\/68\\\/2024\\\/09\\\/Siliquini-TheMadeiraTrail-240323-2051-e1726652786263-300x245.jpg 300w, https:\\\/\\\/mat.travelblox.eu\\\/wp-content\\\/uploads\\\/sites\\\/68\\\/2024\\\/09\\\/Siliquini-TheMadeiraTrail-240323-2051-e1726652786263-1024x837.jpg 1024w, https:\\\/\\\/mat.travelblox.eu\\\/wp-content\\\/uploads\\\/sites\\\/68\\\/2024\\\/09\\\/Siliquini-TheMadeiraTrail-240323-2051-e1726652786263-15x12.jpg 15w, https:\\\/\\\/mat.travelblox.eu\\\/wp-content\\\/uploads\\\/sites\\\/68\\\/2024\\\/09\\\/Siliquini-TheMadeiraTrail-240323-2051-e1726652786263.jpg 1365w&quot;}\">\t\t\t\t\t\t\t<\/div>\n\t\t\t\t\t\t\t<div class=\"tb-card-bottom-wrapper\">\n\t\t\t\t\t\t\t\t<div class=\"tb-card-bottom\">\n\n\t\t\t\t\t\t\t\t\t<span class=\"tb-card-bottom__title\">\n\t\t\t\t\t\t\t\t\t\t<span class=\"tb-card-bottom__place\">\n\t\t\t\t\t\t\t\t\t\t\tArrival in Madeira\t\t\t\t\t\t\t\t\t\t\t\t\t\t\t\t\t\t\t\t\t<\/span>\n\n\t\t\t\t\t\t\t\t\t<\/span>\n\t\t\t\t\t\t\t\t\t<div class=\"tb-card-bottom__content\">\n\t\t\t\t\t\t\t\t\t\t<div>\n\t\t\t\t\t\t\t\t\t\t\t\t\t\t\t\t\t\t\t\t\t\t\t\t\t\t\t<i class=\"icon fa-solid fa-bed fa-fw\" aria-hidden=\"true\"><\/i>\n\t\t\t  Enotel Magnolia\t\t\t\t\t\t\t\t\t\t\t\t\t\t\t\t\t\t\t\t\t<\/div>\n\t\t\t\t\t\t\t\t\t<\/div>\n\t\t\t\t\t\t\t\t\t<div class=\"tb-card-bottom__teaser tb-unfold-on-hover__content\" data-no-translation>\n\t\t\t\t\t\t\t\t\t\t\t\t\t\t\t\t\t\t\t\t\t\t\t\t\t\t\t\t\t\tOn your arrival day, you will fly to Madeira. Once you arrive at the airport, you can make your way &#8230; <span class=\"link\">Read more<\/span>\t\t\t\t\t\t\t\t\t<\/div>\n\t\t\t\t\t\t\t\t<\/div>\n\n\t\t\t\t\t\t\t<\/div>\n\t\t\t\t\t\t\t<dialog class=\"tb-popup tb-popup-with-padding tb-dayschedule-popup-wrapper\">\n\t\t\t\t\t\t\t\t<div class=\"tb-dayschedule-popup\">\n\t\t\t\t\t\t\t\t\t<h4>\n\t\t\t\t\t\t\t\t\t\t\t\t\t\t\t\t\t\t\t\t\t\t\t\t\t\t\t\t\t\t\t<div>\n\t\t\t\t\t\t\t\t\t\t\t\t\t\t\t\t\t\t\t\t\t\t\t\t\tArrival in Madeira\t\t\t\t\t\t\t\t\t\t\t\t\t\t\t\t\t\t\t\t\t\t\t\t\t\t\t\t\t\t\t\t\t\t\t<\/div>\n\t\t\t\t\t\t\t\t\t\t\t\t\t\t\t\t\t\t\t<\/h4>\n\t\t\t\t\t\t\t\t\t<div class=\"tb-columns\">\n\t\t\t\t\t\t\t\t\t\t<div class=\"tb-column tb-column--text\">\n\t\t\t\t\t\t\t\t\t\t\t<div class=\"text-part\">\n\t\t\t\t\t\t\t\t\t\t\t\t\t\t\t\t\t\t\t\t\t\t\t\t\t<div class=\"tb-dayschedule-popup__icons\">\n\t\t\t\t\t\t\t\t\t\t\t\t\t\t\t\t\t\t\t\t\t\t\t\t\t\t\t\t\t\t\t\t\t\t\t\t\t\t\t\t\t\t\t<div class=\"tb-dayschedule-popup__icon\">\n\t\t\t\t\t\t\t\t\t\t\t\t\t\t\t\t\t\t\t\t<i class=\"icon fa-solid fa-bed fa-fw\" aria-hidden=\"true\"><\/i>\n\t\t\t\t\t\t\t\t\t\t\t\t\t\t\t\t\t\t\t<span>\n\t\t\t\t\t\t\t\t\t\t\t\t\t\t\t\t\t Enotel Magnolia\t\t\t\t\t\t\t\t\t\t\t\t\t\t\t\t<\/span>\n\t\t\t\t\t\t\t\t\t\t\t\t\t\t\t<\/div>\n\t\t\t\t\t\t\t\t\t\t\t\t\t\t\t\t\t\t\t\t\t\t\t\t\t\t\t<\/div>\n\t\t\t\t\t\t\t\t\t\t\t\t\n\t\t\t\t\t\t\t\t\t\t\t\t\n\t\t\t\t\t\t\t\t\t\t\t\t<div>\n\t\t\t\t\t\t\t\t\t\t\t\t\t<strong>Day of arrival<\/strong>\n\t\t\t\t\t\t\t\t\t\t\t\t\t\t<div class=\"translation-block\"><p>On your arrival day, you will <strong>fly to Madeira.<\/strong> Once you arrive at the airport, you can make your way to Funchal by bus or taxi on your own, and the information will be available in the app to assist you.<\/p><p>If you choose our option for the <strong>first night in Funchal<\/strong>, you will stay at the <strong>Enotel Magnolia hotel<\/strong>, where you can enjoy a comfortable setting with a pool, wellness area, and breakfast included. If you'd prefer to book a hotel on your own, feel free to join us the next morning.<\/p><p>Depending on what time you arrive, you can explore the center of Funchal or just relax. The hiking will start the following day.<\/p><p>Note that <strong>this arrival day corresponds to the selected departure day during your booking<\/strong>, with the hiking stages then labeled as Day 1, Day 2, and so on.<\/p><\/div>\n\t\t\t\t\t\t\t\t\t\t\t\t\t<\/div>\n\n\n\t\t\t\t\t\t\t\t\t\t\t<\/div>\n\t\t\t\t\t\t\t\t\t\t<\/div>\n\t\t\t\t\t\t\t\t\t\t<div class=\"tb-column tb-column--image\">\n\n\t\t\t\t\t\t\t\t\t\t\t<div class=\"tb-image-part\">\n\t\t\t\t\t\t\t\t\t\t\t\t\t\t<div class=\"inner-block-full-width has-tb-carousel tb-carousel-slider\" >\n\t\t<div class=\"tb-carousel-container\">\n\t\t\t<div class=\"entries tb-cards\" data-slider-first=\"0\">\n\t\t\t\t\t\t\t<div class=\"entry\">\n\t\t\t<div class=\"tb-image-part\">\n\t\t\t\t<figure>\n\t\t\t\t\t<img src='https:\/\/mat.travelblox.eu\/wp-content\/smush-webp\/sites\/68\/2024\/09\/Siliquini-TheMadeiraTrail-240323-2051-e1726652786263-1024x837.jpg.webp' width='1024' height='837' alt='Arrival in Funchal - Old Town Funchal - Arrival in Funchal - Arrival in Funchal' srcset='https:\/\/mat.travelblox.eu\/wp-content\/smush-webp\/sites\/68\/2024\/09\/Siliquini-TheMadeiraTrail-240323-2051-e1726652786263-1024x837.jpg.webp 1024w, https:\/\/mat.travelblox.eu\/wp-content\/smush-webp\/sites\/68\/2024\/09\/Siliquini-TheMadeiraTrail-240323-2051-e1726652786263-300x245.jpg.webp 300w, https:\/\/mat.travelblox.eu\/wp-content\/smush-webp\/sites\/68\/2024\/09\/Siliquini-TheMadeiraTrail-240323-2051-e1726652786263-768x628.jpg.webp 768w, https:\/\/mat.travelblox.eu\/wp-content\/smush-webp\/sites\/68\/2024\/09\/Siliquini-TheMadeiraTrail-240323-2051-e1726652786263-15x12.jpg.webp 15w, https:\/\/mat.travelblox.eu\/wp-content\/smush-webp\/sites\/68\/2024\/09\/Siliquini-TheMadeiraTrail-240323-2051-e1726652786263.jpg.webp 1365w' sizes=\"auto, (max-width: 1024px) 100vw, 1024px\" style='object-position:50% 50%' loading='lazy' decoding='async' data-smush-webp-fallback=\"{&quot;src&quot;:&quot;https:\\\/\\\/mat.travelblox.eu\\\/wp-content\\\/uploads\\\/sites\\\/68\\\/2024\\\/09\\\/Siliquini-TheMadeiraTrail-240323-2051-e1726652786263-1024x837.jpg&quot;,&quot;srcset&quot;:&quot;https:\\\/\\\/mat.travelblox.eu\\\/wp-content\\\/uploads\\\/sites\\\/68\\\/2024\\\/09\\\/Siliquini-TheMadeiraTrail-240323-2051-e1726652786263-1024x837.jpg 1024w, https:\\\/\\\/mat.travelblox.eu\\\/wp-content\\\/uploads\\\/sites\\\/68\\\/2024\\\/09\\\/Siliquini-TheMadeiraTrail-240323-2051-e1726652786263-300x245.jpg 300w, https:\\\/\\\/mat.travelblox.eu\\\/wp-content\\\/uploads\\\/sites\\\/68\\\/2024\\\/09\\\/Siliquini-TheMadeiraTrail-240323-2051-e1726652786263-768x628.jpg 768w, https:\\\/\\\/mat.travelblox.eu\\\/wp-content\\\/uploads\\\/sites\\\/68\\\/2024\\\/09\\\/Siliquini-TheMadeiraTrail-240323-2051-e1726652786263-15x12.jpg 15w, https:\\\/\\\/mat.travelblox.eu\\\/wp-content\\\/uploads\\\/sites\\\/68\\\/2024\\\/09\\\/Siliquini-TheMadeiraTrail-240323-2051-e1726652786263.jpg 1365w&quot;}\">\t\t\t\t\t\t\t\t\t<\/figure>\n\t\t\t<\/div>\n\t\t<\/div>\n\t\t\t<div class=\"entry\">\n\t\t\t<div class=\"tb-image-part\">\n\t\t\t\t<figure>\n\t\t\t\t\t<img src='https:\/\/mat.travelblox.eu\/wp-content\/smush-webp\/sites\/68\/2024\/09\/Siliquini-TheMadeiraTrail-240322-1575-1024x683.jpg.webp' width='1024' height='683' alt='Hotel with pool' srcset='https:\/\/mat.travelblox.eu\/wp-content\/smush-webp\/sites\/68\/2024\/09\/Siliquini-TheMadeiraTrail-240322-1575-1024x683.jpg.webp 1024w, https:\/\/mat.travelblox.eu\/wp-content\/smush-webp\/sites\/68\/2024\/09\/Siliquini-TheMadeiraTrail-240322-1575-300x200.jpg.webp 300w, https:\/\/mat.travelblox.eu\/wp-content\/smush-webp\/sites\/68\/2024\/09\/Siliquini-TheMadeiraTrail-240322-1575-768x512.jpg.webp 768w, https:\/\/mat.travelblox.eu\/wp-content\/smush-webp\/sites\/68\/2024\/09\/Siliquini-TheMadeiraTrail-240322-1575-1536x1024.jpg.webp 1536w, https:\/\/mat.travelblox.eu\/wp-content\/smush-webp\/sites\/68\/2024\/09\/Siliquini-TheMadeiraTrail-240322-1575-18x12.jpg.webp 18w, https:\/\/mat.travelblox.eu\/wp-content\/smush-webp\/sites\/68\/2024\/09\/Siliquini-TheMadeiraTrail-240322-1575.jpg.webp 2048w' sizes=\"auto, (max-width: 1024px) 100vw, 1024px\" style='object-position:50% 50%' loading='lazy' decoding='async' data-smush-webp-fallback=\"{&quot;src&quot;:&quot;https:\\\/\\\/mat.travelblox.eu\\\/wp-content\\\/uploads\\\/sites\\\/68\\\/2024\\\/09\\\/Siliquini-TheMadeiraTrail-240322-1575-1024x683.jpg&quot;,&quot;srcset&quot;:&quot;https:\\\/\\\/mat.travelblox.eu\\\/wp-content\\\/uploads\\\/sites\\\/68\\\/2024\\\/09\\\/Siliquini-TheMadeiraTrail-240322-1575-1024x683.jpg 1024w, https:\\\/\\\/mat.travelblox.eu\\\/wp-content\\\/uploads\\\/sites\\\/68\\\/2024\\\/09\\\/Siliquini-TheMadeiraTrail-240322-1575-300x200.jpg 300w, https:\\\/\\\/mat.travelblox.eu\\\/wp-content\\\/uploads\\\/sites\\\/68\\\/2024\\\/09\\\/Siliquini-TheMadeiraTrail-240322-1575-768x512.jpg 768w, https:\\\/\\\/mat.travelblox.eu\\\/wp-content\\\/uploads\\\/sites\\\/68\\\/2024\\\/09\\\/Siliquini-TheMadeiraTrail-240322-1575-1536x1024.jpg 1536w, https:\\\/\\\/mat.travelblox.eu\\\/wp-content\\\/uploads\\\/sites\\\/68\\\/2024\\\/09\\\/Siliquini-TheMadeiraTrail-240322-1575-18x12.jpg 18w, https:\\\/\\\/mat.travelblox.eu\\\/wp-content\\\/uploads\\\/sites\\\/68\\\/2024\\\/09\\\/Siliquini-TheMadeiraTrail-240322-1575.jpg 2048w&quot;}\">\t\t\t\t\t\t\t\t\t<\/figure>\n\t\t\t<\/div>\n\t\t<\/div>\n\t\t\t<div class=\"entry\">\n\t\t\t<div class=\"tb-image-part\">\n\t\t\t\t<figure>\n\t\t\t\t\t<img src='https:\/\/mat.travelblox.eu\/wp-content\/smush-webp\/sites\/68\/2024\/09\/Siliquini-TheMadeiraTrail-240323-2059-e1726654016100-1024x865.jpg.webp' width='1024' height='865' alt='Botanical Garden Funchal - Botanical Garden Funchal - Botanical Garden Funchal - City Park Funchal' srcset='https:\/\/mat.travelblox.eu\/wp-content\/smush-webp\/sites\/68\/2024\/09\/Siliquini-TheMadeiraTrail-240323-2059-e1726654016100-1024x865.jpg.webp 1024w, https:\/\/mat.travelblox.eu\/wp-content\/smush-webp\/sites\/68\/2024\/09\/Siliquini-TheMadeiraTrail-240323-2059-e1726654016100-300x253.jpg.webp 300w, https:\/\/mat.travelblox.eu\/wp-content\/smush-webp\/sites\/68\/2024\/09\/Siliquini-TheMadeiraTrail-240323-2059-e1726654016100-768x649.jpg.webp 768w, https:\/\/mat.travelblox.eu\/wp-content\/smush-webp\/sites\/68\/2024\/09\/Siliquini-TheMadeiraTrail-240323-2059-e1726654016100-14x12.jpg.webp 14w, https:\/\/mat.travelblox.eu\/wp-content\/smush-webp\/sites\/68\/2024\/09\/Siliquini-TheMadeiraTrail-240323-2059-e1726654016100.jpg.webp 1365w' sizes=\"auto, (max-width: 1024px) 100vw, 1024px\" style='object-position:50% 50%' loading='lazy' decoding='async' data-smush-webp-fallback=\"{&quot;src&quot;:&quot;https:\\\/\\\/mat.travelblox.eu\\\/wp-content\\\/uploads\\\/sites\\\/68\\\/2024\\\/09\\\/Siliquini-TheMadeiraTrail-240323-2059-e1726654016100-1024x865.jpg&quot;,&quot;srcset&quot;:&quot;https:\\\/\\\/mat.travelblox.eu\\\/wp-content\\\/uploads\\\/sites\\\/68\\\/2024\\\/09\\\/Siliquini-TheMadeiraTrail-240323-2059-e1726654016100-1024x865.jpg 1024w, https:\\\/\\\/mat.travelblox.eu\\\/wp-content\\\/uploads\\\/sites\\\/68\\\/2024\\\/09\\\/Siliquini-TheMadeiraTrail-240323-2059-e1726654016100-300x253.jpg 300w, https:\\\/\\\/mat.travelblox.eu\\\/wp-content\\\/uploads\\\/sites\\\/68\\\/2024\\\/09\\\/Siliquini-TheMadeiraTrail-240323-2059-e1726654016100-768x649.jpg 768w, https:\\\/\\\/mat.travelblox.eu\\\/wp-content\\\/uploads\\\/sites\\\/68\\\/2024\\\/09\\\/Siliquini-TheMadeiraTrail-240323-2059-e1726654016100-14x12.jpg 14w, https:\\\/\\\/mat.travelblox.eu\\\/wp-content\\\/uploads\\\/sites\\\/68\\\/2024\\\/09\\\/Siliquini-TheMadeiraTrail-240323-2059-e1726654016100.jpg 1365w&quot;}\">\t\t\t\t\t\t\t\t\t<\/figure>\n\t\t\t<\/div>\n\t\t<\/div>\n\t\t\t\t\t<\/div>\n\t\t\t\t<div class=\"tb-carousel-nav\">\n\t\t<div class=\"dots\">\n\t\t\t<div class=\"dot active\"><\/div>\n\t\t\t<div class=\"dot\"><\/div>\n\t\t\t<div class=\"dot\"><\/div>\n\t\t<\/div>\n\t\t<div class=\"arrows\">\n\t\t\t<div class=\"prev disabled\">\n\t\t\t\t<span><i class=\"fa fa-chevron-left\"><\/i><\/span>\n\t\t\t<\/div>\n\t\t\t<div class=\"next\">\n\t\t\t\t<span><i class=\"fa fa-chevron-right\"><\/i><\/span>\n\t\t\t<\/div>\n\t\t<\/div>\n\t<\/div>\n\t\t\t<\/div>\n\t<\/div>\n\t\t\t\t\t\t\t\t\t\t\t\t\t<\/div>\n\t\t\t\t\t\t\t\t\t\t<\/div>\n\t\t\t\t\t\t\t\t\t<\/div>\n\t\t\t\t\t\t\t\t\t\t<div class=\"tb-popup-nav\">\n\t\t<a href=\"#\" class=\"tb-buttonlink-with-icon tb-buttonlink-with-arrow icon-first tb-popup-previous\">\n\t\t\t<i class=\"icon fa fa-chevron-left\"><\/i>\n\t\t\t<span>Previous day<\/span>\n\t\t<\/a>\n\t\t<a href=\"#\" class=\"tb-buttonlink-with-icon tb-buttonlink-with-arrow tb-popup-next\">\n\t\t\t<span>Next day<\/span>\n\t\t\t<i class=\"icon fa fa-chevron-right\"><\/i>\n\t\t<\/a>\n\t<\/div>\n\t\n\t\t\t\t\t\t\t\t<\/div>\n\t\t\t\t\t\t\t<\/dialog>\n\t\t\t\t\t\t<\/div>\n\t\t\t\t\t\t\t\t\t\t\t<div class=\"tb-card entry tb-popup-trigger tb-unfold-on-hover\">\n\t\t\t\t\t\t\t<div class=\"tb-image-part\">\n\t\t\t\t\t\t\t\t<div class=\"tag\">\n\t\t\t\t\t\t\t\t\t<div>Day 1<\/div>\n\t\t\t\t\t\t\t\t<\/div>\n\n\t\t\t\t\t\t\t\t<img src='https:\/\/mat.travelblox.eu\/wp-content\/smush-webp\/sites\/68\/2024\/03\/Siliquini-MadeiraTrail-240322-1874-768x512.jpeg.webp' width='768' height='512' alt='Fanal Forest - For\u00eat de Fanal - Fanal Wald - Fanalbos' srcset='https:\/\/mat.travelblox.eu\/wp-content\/smush-webp\/sites\/68\/2024\/03\/Siliquini-MadeiraTrail-240322-1874-768x512.jpeg.webp 768w, https:\/\/mat.travelblox.eu\/wp-content\/smush-webp\/sites\/68\/2024\/03\/Siliquini-MadeiraTrail-240322-1874-300x200.jpeg.webp 300w, https:\/\/mat.travelblox.eu\/wp-content\/smush-webp\/sites\/68\/2024\/03\/Siliquini-MadeiraTrail-240322-1874-1024x683.jpeg.webp 1024w, https:\/\/mat.travelblox.eu\/wp-content\/smush-webp\/sites\/68\/2024\/03\/Siliquini-MadeiraTrail-240322-1874-1536x1024.jpeg.webp 1536w, https:\/\/mat.travelblox.eu\/wp-content\/smush-webp\/sites\/68\/2024\/03\/Siliquini-MadeiraTrail-240322-1874-18x12.jpeg.webp 18w, https:\/\/mat.travelblox.eu\/wp-content\/smush-webp\/sites\/68\/2024\/03\/Siliquini-MadeiraTrail-240322-1874.jpeg.webp 2048w' sizes=\"auto, (max-width: 768px) 100vw, 768px\" style='object-position:50% 50%' loading='lazy' decoding='async' data-smush-webp-fallback=\"{&quot;src&quot;:&quot;https:\\\/\\\/mat.travelblox.eu\\\/wp-content\\\/uploads\\\/sites\\\/68\\\/2024\\\/03\\\/Siliquini-MadeiraTrail-240322-1874-768x512.jpeg&quot;,&quot;srcset&quot;:&quot;https:\\\/\\\/mat.travelblox.eu\\\/wp-content\\\/uploads\\\/sites\\\/68\\\/2024\\\/03\\\/Siliquini-MadeiraTrail-240322-1874-768x512.jpeg 768w, https:\\\/\\\/mat.travelblox.eu\\\/wp-content\\\/uploads\\\/sites\\\/68\\\/2024\\\/03\\\/Siliquini-MadeiraTrail-240322-1874-300x200.jpeg 300w, https:\\\/\\\/mat.travelblox.eu\\\/wp-content\\\/uploads\\\/sites\\\/68\\\/2024\\\/03\\\/Siliquini-MadeiraTrail-240322-1874-1024x683.jpeg 1024w, https:\\\/\\\/mat.travelblox.eu\\\/wp-content\\\/uploads\\\/sites\\\/68\\\/2024\\\/03\\\/Siliquini-MadeiraTrail-240322-1874-1536x1024.jpeg 1536w, https:\\\/\\\/mat.travelblox.eu\\\/wp-content\\\/uploads\\\/sites\\\/68\\\/2024\\\/03\\\/Siliquini-MadeiraTrail-240322-1874-18x12.jpeg 18w, https:\\\/\\\/mat.travelblox.eu\\\/wp-content\\\/uploads\\\/sites\\\/68\\\/2024\\\/03\\\/Siliquini-MadeiraTrail-240322-1874.jpeg 2048w&quot;}\">\t\t\t\t\t\t\t<\/div>\n\t\t\t\t\t\t\t<div class=\"tb-card-bottom-wrapper\">\n\t\t\t\t\t\t\t\t<div class=\"tb-card-bottom\">\n\n\t\t\t\t\t\t\t\t\t<span class=\"tb-card-bottom__title\">\n\t\t\t\t\t\t\t\t\t\t<span class=\"tb-card-bottom__place\">\n\t\t\t\t\t\t\t\t\t\t\tFanal - Raba\u00e7al\t\t\t\t\t\t\t\t\t\t\t\t\t\t\t\t\t\t\t\t\t<\/span>\n\n\t\t\t\t\t\t\t\t\t<\/span>\n\t\t\t\t\t\t\t\t\t<div class=\"tb-card-bottom__content\">\n\t\t\t\t\t\t\t\t\t\t<div>\n\t\t\t\t\t\t\t\t\t\t\t\t\t\t\t\t\t\t\t\t\t\t\t\t\t\t\t<i class=\"icon fa-solid fa-bed fa-fw\" aria-hidden=\"true\"><\/i>\n\t\t\t 13 km\t\t\t\t\t\t\t\t\t\t\t\t\t\t\t\t\t\t\t\t\t<\/div>\n\t\t\t\t\t\t\t\t\t<\/div>\n\t\t\t\t\t\t\t\t\t<div class=\"tb-card-bottom__teaser tb-unfold-on-hover__content\" data-no-translation>\n\t\t\t\t\t\t\t\t\t\t\t\t\t\t\t\t\t\t\t\t\t\t\t\t\t\t\t\t\t\tAfter a transfer to the starting point of the trek, the hike finally begins. The first day hiking th&#8230; <span class=\"link\">Read more<\/span>\t\t\t\t\t\t\t\t\t<\/div>\n\t\t\t\t\t\t\t\t<\/div>\n\n\t\t\t\t\t\t\t<\/div>\n\t\t\t\t\t\t\t<dialog class=\"tb-popup tb-popup-with-padding tb-dayschedule-popup-wrapper\">\n\t\t\t\t\t\t\t\t<div class=\"tb-dayschedule-popup\">\n\t\t\t\t\t\t\t\t\t<h4>\n\t\t\t\t\t\t\t\t\t\t\t\t\t\t\t\t\t\t\t\t\t\t\t\t\t\t\t\t\t\t\t<div>\n\t\t\t\t\t\t\t\t\t\t\t\t\t\t\t\t\t\t\t\t\t\t\t\t\tFanal\t\t\t\t\t\t\t\t\t\t\t\t\t\t\t\t\t\t\t\t\t\t\t\t\t\t\t\t\t\t\t\t\t\t\t\t\t\t\t\t\t\t\t\t\t\t\t\t\t\t\t<i class=\"icon fa-solid fa-arrow-right\"><\/i> Raba\u00e7al\t\t\t\t\t\t\t\t\t\t\t\t\t\t\t\t\t\t\t\t\t\t\t\t\t\t\t\t\t\t\t\t\t\t\t\t<\/div>\n\t\t\t\t\t\t\t\t\t\t\t\t\t\t\t\t\t\t\t<\/h4>\n\t\t\t\t\t\t\t\t\t<div class=\"tb-columns\">\n\t\t\t\t\t\t\t\t\t\t<div class=\"tb-column tb-column--text\">\n\t\t\t\t\t\t\t\t\t\t\t<div class=\"text-part\">\n\t\t\t\t\t\t\t\t\t\t\t\t\t\t\t\t\t\t\t\t\t\t\t\t\t<div class=\"tb-dayschedule-popup__icons\">\n\t\t\t\t\t\t\t\t\t\t\t\t\t\t\t\t\t\t\t\t\t\t\t\t\t\t\t\t\t\t\t\t\t\t\t\t\t\t\t\t\t\t\t<div class=\"tb-dayschedule-popup__icon\">\n\t\t\t\t\t\t\t\t\t\t\t\t\t\t\t\t\t\t\t\t<i class=\"icon fa-solid fa-bed fa-fw\" aria-hidden=\"true\"><\/i>\n\t\t\t\t\t\t\t\t\t\t\t\t\t\t\t\t\t\t\t<span>\n\t\t\t\t\t\t\t\t\t\t\t\t\t\t\t\t\t13 km\t\t\t\t\t\t\t\t\t\t\t\t\t\t\t\t<\/span>\n\t\t\t\t\t\t\t\t\t\t\t\t\t\t\t<\/div>\n\t\t\t\t\t\t\t\t\t\t\t\t\t\t\t\t\t\t\t\t\t\t\t\t\t\t\t<\/div>\n\t\t\t\t\t\t\t\t\t\t\t\t\n\t\t\t\t\t\t\t\t\t\t\t\t\n\t\t\t\t\t\t\t\t\t\t\t\t<div>\n\t\t\t\t\t\t\t\t\t\t\t\t\t<strong>Day 1<\/strong>\n\t\t\t\t\t\t\t\t\t\t\t\t\t\t<div class=\"translation-block\"><p>After a transfer to the starting point of the trek, the hike finally begins. The first day hiking through <strong>Fanal Forest<\/strong> is truly magical. This fairytale-like forest is home to <strong>majestic trees<\/strong> with gnarled branches, forming a natural canopy that casts a soothing shade over our trail. It\u2019s no coincidence that it has been designated a <strong>UNESCO World Heritage Site<\/strong>.<\/p><p>What makes the experience even more special is the <strong>mist rolling in<\/strong>. It slowly drifts between the trees, giving the forest a mysterious aura. Sunlight filtering through the fog creates an almost magical spectacle. We feel as though we\u2019re moving through an enchanted world where time seems to stand still and nature reveals its most precious secrets.<\/p><p>This first day of hiking also has its fair share of elevation changes. The terrain is hilly, with ascents and descents that add an exciting dimension to the adventure. Each climb rewards us with sweeping views of the surrounding area, and you\u2019ll even get the chance to spot a <strong>beautiful waterfall.<\/strong> It\u2019s true that the hike takes some effort, but the reward of these incredible landscapes makes it well worth it.<\/p><p>You\u2019ll finish the hike in Raba\u00e7al, where you\u2019ll spend the night in a charming cottage surrounded by nature.<\/p><ul><li>Distance: 13 km<\/li><li>Elevation gain: 540 m<\/li><li>Elevation loss: 550 m<\/li><\/ul><p><i><strong>NB:<\/strong> Distances and elevation changes may vary depending on the app or watch used. Differences between the GPX file and the actual route can be explained by several factors, including GPS accuracy, app settings and variations in the terrain.<\/i><\/p><\/div>\n\t\t\t\t\t\t\t\t\t\t\t\t\t<\/div>\n\n\n\t\t\t\t\t\t\t\t\t\t\t<\/div>\n\t\t\t\t\t\t\t\t\t\t<\/div>\n\t\t\t\t\t\t\t\t\t\t<div class=\"tb-column tb-column--image\">\n\n\t\t\t\t\t\t\t\t\t\t\t<div class=\"tb-image-part\">\n\t\t\t\t\t\t\t\t\t\t\t\t\t\t<div class=\"inner-block-full-width has-tb-carousel tb-carousel-slider\" >\n\t\t<div class=\"tb-carousel-container\">\n\t\t\t<div class=\"entries tb-cards\" data-slider-first=\"0\">\n\t\t\t\t\t\t\t<div class=\"entry\">\n\t\t\t<div class=\"tb-image-part\">\n\t\t\t\t<figure>\n\t\t\t\t\t<img src='https:\/\/mat.travelblox.eu\/wp-content\/smush-webp\/sites\/68\/2024\/03\/Siliquini-MadeiraTrail-240322-1874-1024x683.jpeg.webp' width='1024' height='683' alt='Fanal Forest - For\u00eat de Fanal - Fanal Wald - Fanalbos' srcset='https:\/\/mat.travelblox.eu\/wp-content\/smush-webp\/sites\/68\/2024\/03\/Siliquini-MadeiraTrail-240322-1874-1024x683.jpeg.webp 1024w, https:\/\/mat.travelblox.eu\/wp-content\/smush-webp\/sites\/68\/2024\/03\/Siliquini-MadeiraTrail-240322-1874-300x200.jpeg.webp 300w, https:\/\/mat.travelblox.eu\/wp-content\/smush-webp\/sites\/68\/2024\/03\/Siliquini-MadeiraTrail-240322-1874-768x512.jpeg.webp 768w, https:\/\/mat.travelblox.eu\/wp-content\/smush-webp\/sites\/68\/2024\/03\/Siliquini-MadeiraTrail-240322-1874-1536x1024.jpeg.webp 1536w, https:\/\/mat.travelblox.eu\/wp-content\/smush-webp\/sites\/68\/2024\/03\/Siliquini-MadeiraTrail-240322-1874-18x12.jpeg.webp 18w, https:\/\/mat.travelblox.eu\/wp-content\/smush-webp\/sites\/68\/2024\/03\/Siliquini-MadeiraTrail-240322-1874.jpeg.webp 2048w' sizes=\"auto, (max-width: 1024px) 100vw, 1024px\" style='object-position:50% 50%' loading='lazy' decoding='async' data-smush-webp-fallback=\"{&quot;src&quot;:&quot;https:\\\/\\\/mat.travelblox.eu\\\/wp-content\\\/uploads\\\/sites\\\/68\\\/2024\\\/03\\\/Siliquini-MadeiraTrail-240322-1874-1024x683.jpeg&quot;,&quot;srcset&quot;:&quot;https:\\\/\\\/mat.travelblox.eu\\\/wp-content\\\/uploads\\\/sites\\\/68\\\/2024\\\/03\\\/Siliquini-MadeiraTrail-240322-1874-1024x683.jpeg 1024w, https:\\\/\\\/mat.travelblox.eu\\\/wp-content\\\/uploads\\\/sites\\\/68\\\/2024\\\/03\\\/Siliquini-MadeiraTrail-240322-1874-300x200.jpeg 300w, https:\\\/\\\/mat.travelblox.eu\\\/wp-content\\\/uploads\\\/sites\\\/68\\\/2024\\\/03\\\/Siliquini-MadeiraTrail-240322-1874-768x512.jpeg 768w, https:\\\/\\\/mat.travelblox.eu\\\/wp-content\\\/uploads\\\/sites\\\/68\\\/2024\\\/03\\\/Siliquini-MadeiraTrail-240322-1874-1536x1024.jpeg 1536w, https:\\\/\\\/mat.travelblox.eu\\\/wp-content\\\/uploads\\\/sites\\\/68\\\/2024\\\/03\\\/Siliquini-MadeiraTrail-240322-1874-18x12.jpeg 18w, https:\\\/\\\/mat.travelblox.eu\\\/wp-content\\\/uploads\\\/sites\\\/68\\\/2024\\\/03\\\/Siliquini-MadeiraTrail-240322-1874.jpeg 2048w&quot;}\">\t\t\t\t\t\t\t\t\t<\/figure>\n\t\t\t<\/div>\n\t\t<\/div>\n\t\t\t<div class=\"entry\">\n\t\t\t<div class=\"tb-image-part\">\n\t\t\t\t<figure>\n\t\t\t\t\t<img src='https:\/\/mat.travelblox.eu\/wp-content\/smush-webp\/sites\/68\/2024\/03\/Siliquini-MadeiraTrail-240317-6501-683x1024.jpeg.webp' width='683' height='1024' alt='Cascade Madeira - Waterfall Madeira - Waterfall Madeira - Waterfall Madeira' srcset='https:\/\/mat.travelblox.eu\/wp-content\/smush-webp\/sites\/68\/2024\/03\/Siliquini-MadeiraTrail-240317-6501-683x1024.jpeg.webp 683w, https:\/\/mat.travelblox.eu\/wp-content\/smush-webp\/sites\/68\/2024\/03\/Siliquini-MadeiraTrail-240317-6501-200x300.jpeg.webp 200w, https:\/\/mat.travelblox.eu\/wp-content\/smush-webp\/sites\/68\/2024\/03\/Siliquini-MadeiraTrail-240317-6501-768x1152.jpeg.webp 768w, https:\/\/mat.travelblox.eu\/wp-content\/smush-webp\/sites\/68\/2024\/03\/Siliquini-MadeiraTrail-240317-6501-1024x1536.jpeg.webp 1024w, https:\/\/mat.travelblox.eu\/wp-content\/smush-webp\/sites\/68\/2024\/03\/Siliquini-MadeiraTrail-240317-6501-8x12.jpeg.webp 8w, https:\/\/mat.travelblox.eu\/wp-content\/smush-webp\/sites\/68\/2024\/03\/Siliquini-MadeiraTrail-240317-6501.jpeg.webp 1365w' sizes=\"auto, (max-width: 683px) 100vw, 683px\" style='object-position:50% 50%' loading='lazy' decoding='async' data-smush-webp-fallback=\"{&quot;src&quot;:&quot;https:\\\/\\\/mat.travelblox.eu\\\/wp-content\\\/uploads\\\/sites\\\/68\\\/2024\\\/03\\\/Siliquini-MadeiraTrail-240317-6501-683x1024.jpeg&quot;,&quot;srcset&quot;:&quot;https:\\\/\\\/mat.travelblox.eu\\\/wp-content\\\/uploads\\\/sites\\\/68\\\/2024\\\/03\\\/Siliquini-MadeiraTrail-240317-6501-683x1024.jpeg 683w, https:\\\/\\\/mat.travelblox.eu\\\/wp-content\\\/uploads\\\/sites\\\/68\\\/2024\\\/03\\\/Siliquini-MadeiraTrail-240317-6501-200x300.jpeg 200w, https:\\\/\\\/mat.travelblox.eu\\\/wp-content\\\/uploads\\\/sites\\\/68\\\/2024\\\/03\\\/Siliquini-MadeiraTrail-240317-6501-768x1152.jpeg 768w, https:\\\/\\\/mat.travelblox.eu\\\/wp-content\\\/uploads\\\/sites\\\/68\\\/2024\\\/03\\\/Siliquini-MadeiraTrail-240317-6501-1024x1536.jpeg 1024w, https:\\\/\\\/mat.travelblox.eu\\\/wp-content\\\/uploads\\\/sites\\\/68\\\/2024\\\/03\\\/Siliquini-MadeiraTrail-240317-6501-8x12.jpeg 8w, https:\\\/\\\/mat.travelblox.eu\\\/wp-content\\\/uploads\\\/sites\\\/68\\\/2024\\\/03\\\/Siliquini-MadeiraTrail-240317-6501.jpeg 1365w&quot;}\">\t\t\t\t\t\t\t\t\t<\/figure>\n\t\t\t<\/div>\n\t\t<\/div>\n\t\t\t<div class=\"entry\">\n\t\t\t<div class=\"tb-image-part\">\n\t\t\t\t<figure>\n\t\t\t\t\t<img src='https:\/\/mat.travelblox.eu\/wp-content\/smush-webp\/sites\/68\/2024\/03\/Siliquini-MadeiraTrail-240317-0015-1024x767.jpeg.webp' width='1024' height='767' alt='Walking in Madeira - Hiking in Madeira - Marching in Madeira - Wandering in Madeira' srcset='https:\/\/mat.travelblox.eu\/wp-content\/smush-webp\/sites\/68\/2024\/03\/Siliquini-MadeiraTrail-240317-0015-1024x767.jpeg.webp 1024w, https:\/\/mat.travelblox.eu\/wp-content\/smush-webp\/sites\/68\/2024\/03\/Siliquini-MadeiraTrail-240317-0015-300x225.jpeg.webp 300w, https:\/\/mat.travelblox.eu\/wp-content\/smush-webp\/sites\/68\/2024\/03\/Siliquini-MadeiraTrail-240317-0015-768x575.jpeg.webp 768w, https:\/\/mat.travelblox.eu\/wp-content\/smush-webp\/sites\/68\/2024\/03\/Siliquini-MadeiraTrail-240317-0015-1536x1151.jpeg.webp 1536w, https:\/\/mat.travelblox.eu\/wp-content\/smush-webp\/sites\/68\/2024\/03\/Siliquini-MadeiraTrail-240317-0015-16x12.jpeg.webp 16w, https:\/\/mat.travelblox.eu\/wp-content\/smush-webp\/sites\/68\/2024\/03\/Siliquini-MadeiraTrail-240317-0015.jpeg.webp 2048w' sizes=\"auto, (max-width: 1024px) 100vw, 1024px\" style='object-position:50% 50%' loading='lazy' decoding='async' data-smush-webp-fallback=\"{&quot;src&quot;:&quot;https:\\\/\\\/mat.travelblox.eu\\\/wp-content\\\/uploads\\\/sites\\\/68\\\/2024\\\/03\\\/Siliquini-MadeiraTrail-240317-0015-1024x767.jpeg&quot;,&quot;srcset&quot;:&quot;https:\\\/\\\/mat.travelblox.eu\\\/wp-content\\\/uploads\\\/sites\\\/68\\\/2024\\\/03\\\/Siliquini-MadeiraTrail-240317-0015-1024x767.jpeg 1024w, https:\\\/\\\/mat.travelblox.eu\\\/wp-content\\\/uploads\\\/sites\\\/68\\\/2024\\\/03\\\/Siliquini-MadeiraTrail-240317-0015-300x225.jpeg 300w, https:\\\/\\\/mat.travelblox.eu\\\/wp-content\\\/uploads\\\/sites\\\/68\\\/2024\\\/03\\\/Siliquini-MadeiraTrail-240317-0015-768x575.jpeg 768w, https:\\\/\\\/mat.travelblox.eu\\\/wp-content\\\/uploads\\\/sites\\\/68\\\/2024\\\/03\\\/Siliquini-MadeiraTrail-240317-0015-1536x1151.jpeg 1536w, https:\\\/\\\/mat.travelblox.eu\\\/wp-content\\\/uploads\\\/sites\\\/68\\\/2024\\\/03\\\/Siliquini-MadeiraTrail-240317-0015-16x12.jpeg 16w, https:\\\/\\\/mat.travelblox.eu\\\/wp-content\\\/uploads\\\/sites\\\/68\\\/2024\\\/03\\\/Siliquini-MadeiraTrail-240317-0015.jpeg 2048w&quot;}\">\t\t\t\t\t\t\t\t\t<\/figure>\n\t\t\t<\/div>\n\t\t<\/div>\n\t\t\t<div class=\"entry\">\n\t\t\t<div class=\"tb-image-part\">\n\t\t\t\t<figure>\n\t\t\t\t\t<img src='https:\/\/mat.travelblox.eu\/wp-content\/smush-webp\/sites\/68\/2026\/02\/MAT25_DriesVdb_WEB-160-scaled-e1772107496469-1024x935.jpg.webp' width='1024' height='935' alt='Mountain refuge' srcset='https:\/\/mat.travelblox.eu\/wp-content\/smush-webp\/sites\/68\/2026\/02\/MAT25_DriesVdb_WEB-160-scaled-e1772107496469-1024x935.jpg.webp 1024w, https:\/\/mat.travelblox.eu\/wp-content\/smush-webp\/sites\/68\/2026\/02\/MAT25_DriesVdb_WEB-160-scaled-e1772107496469-300x274.jpg.webp 300w, https:\/\/mat.travelblox.eu\/wp-content\/smush-webp\/sites\/68\/2026\/02\/MAT25_DriesVdb_WEB-160-scaled-e1772107496469-768x701.jpg.webp 768w, https:\/\/mat.travelblox.eu\/wp-content\/smush-webp\/sites\/68\/2026\/02\/MAT25_DriesVdb_WEB-160-scaled-e1772107496469-1536x1403.jpg.webp 1536w, https:\/\/mat.travelblox.eu\/wp-content\/smush-webp\/sites\/68\/2026\/02\/MAT25_DriesVdb_WEB-160-scaled-e1772107496469-13x12.jpg.webp 13w, https:\/\/mat.travelblox.eu\/wp-content\/smush-webp\/sites\/68\/2026\/02\/MAT25_DriesVdb_WEB-160-scaled-e1772107496469.jpg.webp 2048w' sizes=\"auto, (max-width: 1024px) 100vw, 1024px\" loading='lazy' decoding='async' data-smush-webp-fallback=\"{&quot;src&quot;:&quot;https:\\\/\\\/mat.travelblox.eu\\\/wp-content\\\/uploads\\\/sites\\\/68\\\/2026\\\/02\\\/MAT25_DriesVdb_WEB-160-scaled-e1772107496469-1024x935.jpg&quot;,&quot;srcset&quot;:&quot;https:\\\/\\\/mat.travelblox.eu\\\/wp-content\\\/uploads\\\/sites\\\/68\\\/2026\\\/02\\\/MAT25_DriesVdb_WEB-160-scaled-e1772107496469-1024x935.jpg 1024w, https:\\\/\\\/mat.travelblox.eu\\\/wp-content\\\/uploads\\\/sites\\\/68\\\/2026\\\/02\\\/MAT25_DriesVdb_WEB-160-scaled-e1772107496469-300x274.jpg 300w, https:\\\/\\\/mat.travelblox.eu\\\/wp-content\\\/uploads\\\/sites\\\/68\\\/2026\\\/02\\\/MAT25_DriesVdb_WEB-160-scaled-e1772107496469-768x701.jpg 768w, https:\\\/\\\/mat.travelblox.eu\\\/wp-content\\\/uploads\\\/sites\\\/68\\\/2026\\\/02\\\/MAT25_DriesVdb_WEB-160-scaled-e1772107496469-1536x1403.jpg 1536w, https:\\\/\\\/mat.travelblox.eu\\\/wp-content\\\/uploads\\\/sites\\\/68\\\/2026\\\/02\\\/MAT25_DriesVdb_WEB-160-scaled-e1772107496469-13x12.jpg 13w, https:\\\/\\\/mat.travelblox.eu\\\/wp-content\\\/uploads\\\/sites\\\/68\\\/2026\\\/02\\\/MAT25_DriesVdb_WEB-160-scaled-e1772107496469.jpg 2048w&quot;}\">\t\t\t\t\t\t\t\t\t<\/figure>\n\t\t\t<\/div>\n\t\t<\/div>\n\t\t\t\t\t<\/div>\n\t\t\t\t<div class=\"tb-carousel-nav\">\n\t\t<div class=\"dots\">\n\t\t\t<div class=\"dot active\"><\/div>\n\t\t\t<div class=\"dot\"><\/div>\n\t\t\t<div class=\"dot\"><\/div>\n\t\t<\/div>\n\t\t<div class=\"arrows\">\n\t\t\t<div class=\"prev disabled\">\n\t\t\t\t<span><i class=\"fa fa-chevron-left\"><\/i><\/span>\n\t\t\t<\/div>\n\t\t\t<div class=\"next\">\n\t\t\t\t<span><i class=\"fa fa-chevron-right\"><\/i><\/span>\n\t\t\t<\/div>\n\t\t<\/div>\n\t<\/div>\n\t\t\t<\/div>\n\t<\/div>\n\t\t\t\t\t\t\t\t\t\t\t\t\t<\/div>\n\t\t\t\t\t\t\t\t\t\t<\/div>\n\t\t\t\t\t\t\t\t\t<\/div>\n\t\t\t\t\t\t\t\t\t\t<div class=\"tb-popup-nav\">\n\t\t<a href=\"#\" class=\"tb-buttonlink-with-icon tb-buttonlink-with-arrow icon-first tb-popup-previous\">\n\t\t\t<i class=\"icon fa fa-chevron-left\"><\/i>\n\t\t\t<span>Previous day<\/span>\n\t\t<\/a>\n\t\t<a href=\"#\" class=\"tb-buttonlink-with-icon tb-buttonlink-with-arrow tb-popup-next\">\n\t\t\t<span>Next day<\/span>\n\t\t\t<i class=\"icon fa fa-chevron-right\"><\/i>\n\t\t<\/a>\n\t<\/div>\n\t\n\t\t\t\t\t\t\t\t<\/div>\n\t\t\t\t\t\t\t<\/dialog>\n\t\t\t\t\t\t<\/div>\n\t\t\t\t\t\t\t\t\t\t\t<div class=\"tb-card entry tb-popup-trigger tb-unfold-on-hover\">\n\t\t\t\t\t\t\t<div class=\"tb-image-part\">\n\t\t\t\t\t\t\t\t<div class=\"tag\">\n\t\t\t\t\t\t\t\t\t<div>Day 2<\/div>\n\t\t\t\t\t\t\t\t<\/div>\n\n\t\t\t\t\t\t\t\t<img src='https:\/\/mat.travelblox.eu\/wp-content\/smush-webp\/sites\/68\/2024\/03\/Siliquini-MadeiraTrail-240317-5868-768x512.jpeg.webp' width='768' height='512' alt='A couple hiking in Madeira - Un couple en randonn\u00e9e \u00e0 Mad\u00e8re - A couple walking in Madeira - A couple hiking in Madeira' srcset='https:\/\/mat.travelblox.eu\/wp-content\/smush-webp\/sites\/68\/2024\/03\/Siliquini-MadeiraTrail-240317-5868-768x512.jpeg.webp 768w, https:\/\/mat.travelblox.eu\/wp-content\/smush-webp\/sites\/68\/2024\/03\/Siliquini-MadeiraTrail-240317-5868-300x200.jpeg.webp 300w, https:\/\/mat.travelblox.eu\/wp-content\/smush-webp\/sites\/68\/2024\/03\/Siliquini-MadeiraTrail-240317-5868-1024x683.jpeg.webp 1024w, https:\/\/mat.travelblox.eu\/wp-content\/smush-webp\/sites\/68\/2024\/03\/Siliquini-MadeiraTrail-240317-5868-1536x1024.jpeg.webp 1536w, https:\/\/mat.travelblox.eu\/wp-content\/smush-webp\/sites\/68\/2024\/03\/Siliquini-MadeiraTrail-240317-5868-18x12.jpeg.webp 18w, https:\/\/mat.travelblox.eu\/wp-content\/smush-webp\/sites\/68\/2024\/03\/Siliquini-MadeiraTrail-240317-5868.jpeg.webp 2048w' sizes=\"auto, (max-width: 768px) 100vw, 768px\" style='object-position:50% 50%' loading='lazy' decoding='async' data-smush-webp-fallback=\"{&quot;src&quot;:&quot;https:\\\/\\\/mat.travelblox.eu\\\/wp-content\\\/uploads\\\/sites\\\/68\\\/2024\\\/03\\\/Siliquini-MadeiraTrail-240317-5868-768x512.jpeg&quot;,&quot;srcset&quot;:&quot;https:\\\/\\\/mat.travelblox.eu\\\/wp-content\\\/uploads\\\/sites\\\/68\\\/2024\\\/03\\\/Siliquini-MadeiraTrail-240317-5868-768x512.jpeg 768w, https:\\\/\\\/mat.travelblox.eu\\\/wp-content\\\/uploads\\\/sites\\\/68\\\/2024\\\/03\\\/Siliquini-MadeiraTrail-240317-5868-300x200.jpeg 300w, https:\\\/\\\/mat.travelblox.eu\\\/wp-content\\\/uploads\\\/sites\\\/68\\\/2024\\\/03\\\/Siliquini-MadeiraTrail-240317-5868-1024x683.jpeg 1024w, https:\\\/\\\/mat.travelblox.eu\\\/wp-content\\\/uploads\\\/sites\\\/68\\\/2024\\\/03\\\/Siliquini-MadeiraTrail-240317-5868-1536x1024.jpeg 1536w, https:\\\/\\\/mat.travelblox.eu\\\/wp-content\\\/uploads\\\/sites\\\/68\\\/2024\\\/03\\\/Siliquini-MadeiraTrail-240317-5868-18x12.jpeg 18w, https:\\\/\\\/mat.travelblox.eu\\\/wp-content\\\/uploads\\\/sites\\\/68\\\/2024\\\/03\\\/Siliquini-MadeiraTrail-240317-5868.jpeg 2048w&quot;}\">\t\t\t\t\t\t\t<\/div>\n\t\t\t\t\t\t\t<div class=\"tb-card-bottom-wrapper\">\n\t\t\t\t\t\t\t\t<div class=\"tb-card-bottom\">\n\n\t\t\t\t\t\t\t\t\t<span class=\"tb-card-bottom__title\">\n\t\t\t\t\t\t\t\t\t\t<span class=\"tb-card-bottom__place\">\n\t\t\t\t\t\t\t\t\t\t\tRaba\u00e7al \u2013 Encumeada\t\t\t\t\t\t\t\t\t\t\t\t\t\t\t\t\t\t\t\t\t<\/span>\n\n\t\t\t\t\t\t\t\t\t<\/span>\n\t\t\t\t\t\t\t\t\t<div class=\"tb-card-bottom__content\">\n\t\t\t\t\t\t\t\t\t\t<div>\n\t\t\t\t\t\t\t\t\t\t\t\t\t\t\t\t\t\t\t\t\t\t\t\t\t\t\t<i class=\"icon fa-solid fa-bed fa-fw\" aria-hidden=\"true\"><\/i>\n\t\t\t 22 km\t\t\t\t\t\t\t\t\t\t\t\t\t\t\t\t\t\t\t\t\t<\/div>\n\t\t\t\t\t\t\t\t\t<\/div>\n\t\t\t\t\t\t\t\t\t<div class=\"tb-card-bottom__teaser tb-unfold-on-hover__content\" data-no-translation>\n\t\t\t\t\t\t\t\t\t\t\t\t\t\t\t\t\t\t\t\t\t\t\t\t\t\t\t\t\t\tThe second day of our hike begins. From your very first steps on this trail, you&#8217;ll be immersed in t&#8230; <span class=\"link\">Read more<\/span>\t\t\t\t\t\t\t\t\t<\/div>\n\t\t\t\t\t\t\t\t<\/div>\n\n\t\t\t\t\t\t\t<\/div>\n\t\t\t\t\t\t\t<dialog class=\"tb-popup tb-popup-with-padding tb-dayschedule-popup-wrapper\">\n\t\t\t\t\t\t\t\t<div class=\"tb-dayschedule-popup\">\n\t\t\t\t\t\t\t\t\t<h4>\n\t\t\t\t\t\t\t\t\t\t\t\t\t\t\t\t\t\t\t\t\t\t\t\t\t\t\t\t\t\t\t<div>\n\t\t\t\t\t\t\t\t\t\t\t\t\t\t\t\t\t\t\t\t\t\t\t\t\tRaba\u00e7al\t\t\t\t\t\t\t\t\t\t\t\t\t\t\t\t\t\t\t\t\t\t\t\t\t\t\t\t\t\t\t\t\t\t\t\t\t\t\t\t\t\t\t\t\t\t\t\t\t\t\t<i class=\"icon fa-solid fa-arrow-right\"><\/i> Encumeada\t\t\t\t\t\t\t\t\t\t\t\t\t\t\t\t\t\t\t\t\t\t\t\t\t\t\t\t\t\t\t\t\t\t\t\t<\/div>\n\t\t\t\t\t\t\t\t\t\t\t\t\t\t\t\t\t\t\t<\/h4>\n\t\t\t\t\t\t\t\t\t<div class=\"tb-columns\">\n\t\t\t\t\t\t\t\t\t\t<div class=\"tb-column tb-column--text\">\n\t\t\t\t\t\t\t\t\t\t\t<div class=\"text-part\">\n\t\t\t\t\t\t\t\t\t\t\t\t\t\t\t\t\t\t\t\t\t\t\t\t\t<div class=\"tb-dayschedule-popup__icons\">\n\t\t\t\t\t\t\t\t\t\t\t\t\t\t\t\t\t\t\t\t\t\t\t\t\t\t\t\t\t\t\t\t\t\t\t\t\t\t\t\t\t\t\t<div class=\"tb-dayschedule-popup__icon\">\n\t\t\t\t\t\t\t\t\t\t\t\t\t\t\t\t\t\t\t\t<i class=\"icon fa-solid fa-bed fa-fw\" aria-hidden=\"true\"><\/i>\n\t\t\t\t\t\t\t\t\t\t\t\t\t\t\t\t\t\t\t<span>\n\t\t\t\t\t\t\t\t\t\t\t\t\t\t\t\t\t22 km\t\t\t\t\t\t\t\t\t\t\t\t\t\t\t\t<\/span>\n\t\t\t\t\t\t\t\t\t\t\t\t\t\t\t<\/div>\n\t\t\t\t\t\t\t\t\t\t\t\t\t\t\t\t\t\t\t\t\t\t\t\t\t\t\t<\/div>\n\t\t\t\t\t\t\t\t\t\t\t\t\n\t\t\t\t\t\t\t\t\t\t\t\t\n\t\t\t\t\t\t\t\t\t\t\t\t<div>\n\t\t\t\t\t\t\t\t\t\t\t\t\t<strong>Day 2<\/strong>\n\t\t\t\t\t\t\t\t\t\t\t\t\t\t<div class=\"translation-block\"><p>The second day of our hike begins. From your very first steps on this trail, you'll be immersed in the natural beauty of Madeira.<\/p><p>The hike takes you through winding and steep paths, offering breathtaking views of the surrounding <strong>mountain landscapes<\/strong>. You'll also pass through two tunnels carved into the rock, a unique feature that adds to the charm of this leg of the journey. A headlamp is essential for seeing comfortably and keeping your hands free. As you progress, you'll have the chance to take in endless panoramas, with lush valleys and distant peaks fading into the horizon.<\/p><p>Next, you'll make your way to <strong>Encumeada<\/strong>, where you'll spend the night in a cozy hotel nestled in the mountains, providing <strong>stunning views of the valley.<\/strong><\/p><p>This area is filled with a calming atmosphere, perfect for resting after your day of hiking. It offers not only shelter for the night but also a sense of isolation and <strong>tranquility in the heart of nature.<\/strong><\/p><ul><li>Distance: 22 km<\/li><li>Positive elevation gain: 670 m<\/li><li>Negative elevation loss: 870 m<\/li><\/ul><p><i><strong>Note:<\/strong> distances and elevation gains may vary depending on the app or watch used. Differences between the GPX file and reality can be explained by several factors, such as GPS accuracy, app settings, or terrain variations.<\/i><\/p><p><i>Additionally, these distances and elevation gains differ from the GPX file, as it does not include the tunnels.<\/i><\/p><\/div>\n\t\t\t\t\t\t\t\t\t\t\t\t\t<\/div>\n\n\n\t\t\t\t\t\t\t\t\t\t\t<\/div>\n\t\t\t\t\t\t\t\t\t\t<\/div>\n\t\t\t\t\t\t\t\t\t\t<div class=\"tb-column tb-column--image\">\n\n\t\t\t\t\t\t\t\t\t\t\t<div class=\"tb-image-part\">\n\t\t\t\t\t\t\t\t\t\t\t\t\t\t<div class=\"inner-block-full-width has-tb-carousel tb-carousel-slider\" >\n\t\t<div class=\"tb-carousel-container\">\n\t\t\t<div class=\"entries tb-cards\" data-slider-first=\"0\">\n\t\t\t\t\t\t\t<div class=\"entry\">\n\t\t\t<div class=\"tb-image-part\">\n\t\t\t\t<figure>\n\t\t\t\t\t<img src='https:\/\/mat.travelblox.eu\/wp-content\/smush-webp\/sites\/68\/2024\/03\/Siliquini-MadeiraTrail-240317-5868-1024x683.jpeg.webp' width='1024' height='683' alt='A couple hiking in Madeira - Un couple en randonn\u00e9e \u00e0 Mad\u00e8re - A couple walking in Madeira - A couple hiking in Madeira' srcset='https:\/\/mat.travelblox.eu\/wp-content\/smush-webp\/sites\/68\/2024\/03\/Siliquini-MadeiraTrail-240317-5868-1024x683.jpeg.webp 1024w, https:\/\/mat.travelblox.eu\/wp-content\/smush-webp\/sites\/68\/2024\/03\/Siliquini-MadeiraTrail-240317-5868-300x200.jpeg.webp 300w, https:\/\/mat.travelblox.eu\/wp-content\/smush-webp\/sites\/68\/2024\/03\/Siliquini-MadeiraTrail-240317-5868-768x512.jpeg.webp 768w, https:\/\/mat.travelblox.eu\/wp-content\/smush-webp\/sites\/68\/2024\/03\/Siliquini-MadeiraTrail-240317-5868-1536x1024.jpeg.webp 1536w, https:\/\/mat.travelblox.eu\/wp-content\/smush-webp\/sites\/68\/2024\/03\/Siliquini-MadeiraTrail-240317-5868-18x12.jpeg.webp 18w, https:\/\/mat.travelblox.eu\/wp-content\/smush-webp\/sites\/68\/2024\/03\/Siliquini-MadeiraTrail-240317-5868.jpeg.webp 2048w' sizes=\"auto, (max-width: 1024px) 100vw, 1024px\" style='object-position:50% 50%' loading='lazy' decoding='async' data-smush-webp-fallback=\"{&quot;src&quot;:&quot;https:\\\/\\\/mat.travelblox.eu\\\/wp-content\\\/uploads\\\/sites\\\/68\\\/2024\\\/03\\\/Siliquini-MadeiraTrail-240317-5868-1024x683.jpeg&quot;,&quot;srcset&quot;:&quot;https:\\\/\\\/mat.travelblox.eu\\\/wp-content\\\/uploads\\\/sites\\\/68\\\/2024\\\/03\\\/Siliquini-MadeiraTrail-240317-5868-1024x683.jpeg 1024w, https:\\\/\\\/mat.travelblox.eu\\\/wp-content\\\/uploads\\\/sites\\\/68\\\/2024\\\/03\\\/Siliquini-MadeiraTrail-240317-5868-300x200.jpeg 300w, https:\\\/\\\/mat.travelblox.eu\\\/wp-content\\\/uploads\\\/sites\\\/68\\\/2024\\\/03\\\/Siliquini-MadeiraTrail-240317-5868-768x512.jpeg 768w, https:\\\/\\\/mat.travelblox.eu\\\/wp-content\\\/uploads\\\/sites\\\/68\\\/2024\\\/03\\\/Siliquini-MadeiraTrail-240317-5868-1536x1024.jpeg 1536w, https:\\\/\\\/mat.travelblox.eu\\\/wp-content\\\/uploads\\\/sites\\\/68\\\/2024\\\/03\\\/Siliquini-MadeiraTrail-240317-5868-18x12.jpeg 18w, https:\\\/\\\/mat.travelblox.eu\\\/wp-content\\\/uploads\\\/sites\\\/68\\\/2024\\\/03\\\/Siliquini-MadeiraTrail-240317-5868.jpeg 2048w&quot;}\">\t\t\t\t\t\t\t\t\t<\/figure>\n\t\t\t<\/div>\n\t\t<\/div>\n\t\t\t<div class=\"entry\">\n\t\t\t<div class=\"tb-image-part\">\n\t\t\t\t<figure>\n\t\t\t\t\t<img src='https:\/\/mat.travelblox.eu\/wp-content\/smush-webp\/sites\/68\/2024\/03\/Siliquini-MadeiraTrail-240318-7584-e1711634782304-1024x998.jpeg.webp' width='1024' height='998' alt='Hikers on Madeira - Hikers in Madeira - Hikers in Madeira - Hikers on Madeira' srcset='https:\/\/mat.travelblox.eu\/wp-content\/smush-webp\/sites\/68\/2024\/03\/Siliquini-MadeiraTrail-240318-7584-e1711634782304-1024x998.jpeg.webp 1024w, https:\/\/mat.travelblox.eu\/wp-content\/smush-webp\/sites\/68\/2024\/03\/Siliquini-MadeiraTrail-240318-7584-e1711634782304-300x293.jpeg.webp 300w, https:\/\/mat.travelblox.eu\/wp-content\/smush-webp\/sites\/68\/2024\/03\/Siliquini-MadeiraTrail-240318-7584-e1711634782304-768x749.jpeg.webp 768w, https:\/\/mat.travelblox.eu\/wp-content\/smush-webp\/sites\/68\/2024\/03\/Siliquini-MadeiraTrail-240318-7584-e1711634782304-12x12.jpeg.webp 12w, https:\/\/mat.travelblox.eu\/wp-content\/smush-webp\/sites\/68\/2024\/03\/Siliquini-MadeiraTrail-240318-7584-e1711634782304.jpeg.webp 1365w' sizes=\"auto, (max-width: 1024px) 100vw, 1024px\" style='object-position:50% 50%' loading='lazy' decoding='async' data-smush-webp-fallback=\"{&quot;src&quot;:&quot;https:\\\/\\\/mat.travelblox.eu\\\/wp-content\\\/uploads\\\/sites\\\/68\\\/2024\\\/03\\\/Siliquini-MadeiraTrail-240318-7584-e1711634782304-1024x998.jpeg&quot;,&quot;srcset&quot;:&quot;https:\\\/\\\/mat.travelblox.eu\\\/wp-content\\\/uploads\\\/sites\\\/68\\\/2024\\\/03\\\/Siliquini-MadeiraTrail-240318-7584-e1711634782304-1024x998.jpeg 1024w, https:\\\/\\\/mat.travelblox.eu\\\/wp-content\\\/uploads\\\/sites\\\/68\\\/2024\\\/03\\\/Siliquini-MadeiraTrail-240318-7584-e1711634782304-300x293.jpeg 300w, https:\\\/\\\/mat.travelblox.eu\\\/wp-content\\\/uploads\\\/sites\\\/68\\\/2024\\\/03\\\/Siliquini-MadeiraTrail-240318-7584-e1711634782304-768x749.jpeg 768w, https:\\\/\\\/mat.travelblox.eu\\\/wp-content\\\/uploads\\\/sites\\\/68\\\/2024\\\/03\\\/Siliquini-MadeiraTrail-240318-7584-e1711634782304-12x12.jpeg 12w, https:\\\/\\\/mat.travelblox.eu\\\/wp-content\\\/uploads\\\/sites\\\/68\\\/2024\\\/03\\\/Siliquini-MadeiraTrail-240318-7584-e1711634782304.jpeg 1365w&quot;}\">\t\t\t\t\t\t\t\t\t<\/figure>\n\t\t\t<\/div>\n\t\t<\/div>\n\t\t\t<div class=\"entry\">\n\t\t\t<div class=\"tb-image-part\">\n\t\t\t\t<figure>\n\t\t\t\t\t<img src='https:\/\/mat.travelblox.eu\/wp-content\/smush-webp\/sites\/68\/2024\/09\/Siliquini-TheMadeiraTrail-240318-6973-e1726652564835-1024x752.jpg.webp' width='1024' height='752' alt='Hikers on Madeira - Hikers in Madeira - Hikers in Madeira - Hikers on Madeira' srcset='https:\/\/mat.travelblox.eu\/wp-content\/smush-webp\/sites\/68\/2024\/09\/Siliquini-TheMadeiraTrail-240318-6973-e1726652564835-1024x752.jpg.webp 1024w, https:\/\/mat.travelblox.eu\/wp-content\/smush-webp\/sites\/68\/2024\/09\/Siliquini-TheMadeiraTrail-240318-6973-e1726652564835-300x220.jpg.webp 300w, https:\/\/mat.travelblox.eu\/wp-content\/smush-webp\/sites\/68\/2024\/09\/Siliquini-TheMadeiraTrail-240318-6973-e1726652564835-768x564.jpg.webp 768w, https:\/\/mat.travelblox.eu\/wp-content\/smush-webp\/sites\/68\/2024\/09\/Siliquini-TheMadeiraTrail-240318-6973-e1726652564835-16x12.jpg.webp 16w, https:\/\/mat.travelblox.eu\/wp-content\/smush-webp\/sites\/68\/2024\/09\/Siliquini-TheMadeiraTrail-240318-6973-e1726652564835.jpg.webp 1365w' sizes=\"auto, (max-width: 1024px) 100vw, 1024px\" style='object-position:50% 50%' loading='lazy' decoding='async' data-smush-webp-fallback=\"{&quot;src&quot;:&quot;https:\\\/\\\/mat.travelblox.eu\\\/wp-content\\\/uploads\\\/sites\\\/68\\\/2024\\\/09\\\/Siliquini-TheMadeiraTrail-240318-6973-e1726652564835-1024x752.jpg&quot;,&quot;srcset&quot;:&quot;https:\\\/\\\/mat.travelblox.eu\\\/wp-content\\\/uploads\\\/sites\\\/68\\\/2024\\\/09\\\/Siliquini-TheMadeiraTrail-240318-6973-e1726652564835-1024x752.jpg 1024w, https:\\\/\\\/mat.travelblox.eu\\\/wp-content\\\/uploads\\\/sites\\\/68\\\/2024\\\/09\\\/Siliquini-TheMadeiraTrail-240318-6973-e1726652564835-300x220.jpg 300w, https:\\\/\\\/mat.travelblox.eu\\\/wp-content\\\/uploads\\\/sites\\\/68\\\/2024\\\/09\\\/Siliquini-TheMadeiraTrail-240318-6973-e1726652564835-768x564.jpg 768w, https:\\\/\\\/mat.travelblox.eu\\\/wp-content\\\/uploads\\\/sites\\\/68\\\/2024\\\/09\\\/Siliquini-TheMadeiraTrail-240318-6973-e1726652564835-16x12.jpg 16w, https:\\\/\\\/mat.travelblox.eu\\\/wp-content\\\/uploads\\\/sites\\\/68\\\/2024\\\/09\\\/Siliquini-TheMadeiraTrail-240318-6973-e1726652564835.jpg 1365w&quot;}\">\t\t\t\t\t\t\t\t\t<\/figure>\n\t\t\t<\/div>\n\t\t<\/div>\n\t\t\t\t\t<\/div>\n\t\t\t\t<div class=\"tb-carousel-nav\">\n\t\t<div class=\"dots\">\n\t\t\t<div class=\"dot active\"><\/div>\n\t\t\t<div class=\"dot\"><\/div>\n\t\t\t<div class=\"dot\"><\/div>\n\t\t<\/div>\n\t\t<div class=\"arrows\">\n\t\t\t<div class=\"prev disabled\">\n\t\t\t\t<span><i class=\"fa fa-chevron-left\"><\/i><\/span>\n\t\t\t<\/div>\n\t\t\t<div class=\"next\">\n\t\t\t\t<span><i class=\"fa fa-chevron-right\"><\/i><\/span>\n\t\t\t<\/div>\n\t\t<\/div>\n\t<\/div>\n\t\t\t<\/div>\n\t<\/div>\n\t\t\t\t\t\t\t\t\t\t\t\t\t<\/div>\n\t\t\t\t\t\t\t\t\t\t<\/div>\n\t\t\t\t\t\t\t\t\t<\/div>\n\t\t\t\t\t\t\t\t\t\t<div class=\"tb-popup-nav\">\n\t\t<a href=\"#\" class=\"tb-buttonlink-with-icon tb-buttonlink-with-arrow icon-first tb-popup-previous\">\n\t\t\t<i class=\"icon fa fa-chevron-left\"><\/i>\n\t\t\t<span>Previous day<\/span>\n\t\t<\/a>\n\t\t<a href=\"#\" class=\"tb-buttonlink-with-icon tb-buttonlink-with-arrow tb-popup-next\">\n\t\t\t<span>Next day<\/span>\n\t\t\t<i class=\"icon fa fa-chevron-right\"><\/i>\n\t\t<\/a>\n\t<\/div>\n\t\n\t\t\t\t\t\t\t\t<\/div>\n\t\t\t\t\t\t\t<\/dialog>\n\t\t\t\t\t\t<\/div>\n\t\t\t\t\t\t\t\t\t\t\t<div class=\"tb-card entry tb-popup-trigger tb-unfold-on-hover\">\n\t\t\t\t\t\t\t<div class=\"tb-image-part\">\n\t\t\t\t\t\t\t\t<div class=\"tag\">\n\t\t\t\t\t\t\t\t\t<div>Day 3<\/div>\n\t\t\t\t\t\t\t\t<\/div>\n\n\t\t\t\t\t\t\t\t<img src='https:\/\/mat.travelblox.eu\/wp-content\/smush-webp\/sites\/68\/2026\/04\/MAT25_DriesVdb_WEB-96-768x960.jpg.webp' width='768' height='960' srcset='https:\/\/mat.travelblox.eu\/wp-content\/smush-webp\/sites\/68\/2026\/04\/MAT25_DriesVdb_WEB-96-768x960.jpg.webp 768w, https:\/\/mat.travelblox.eu\/wp-content\/smush-webp\/sites\/68\/2026\/04\/MAT25_DriesVdb_WEB-96-240x300.jpg.webp 240w, https:\/\/mat.travelblox.eu\/wp-content\/smush-webp\/sites\/68\/2026\/04\/MAT25_DriesVdb_WEB-96-819x1024.jpg.webp 819w, https:\/\/mat.travelblox.eu\/wp-content\/smush-webp\/sites\/68\/2026\/04\/MAT25_DriesVdb_WEB-96-1229x1536.jpg.webp 1229w, https:\/\/mat.travelblox.eu\/wp-content\/smush-webp\/sites\/68\/2026\/04\/MAT25_DriesVdb_WEB-96-1638x2048.jpg.webp 1638w, https:\/\/mat.travelblox.eu\/wp-content\/smush-webp\/sites\/68\/2026\/04\/MAT25_DriesVdb_WEB-96-10x12.jpg.webp 10w, https:\/\/mat.travelblox.eu\/wp-content\/smush-webp\/sites\/68\/2026\/04\/MAT25_DriesVdb_WEB-96-scaled.jpg.webp 2048w' sizes=\"auto, (max-width: 768px) 100vw, 768px\" loading='lazy' decoding='async' data-smush-webp-fallback=\"{&quot;src&quot;:&quot;https:\\\/\\\/mat.travelblox.eu\\\/wp-content\\\/uploads\\\/sites\\\/68\\\/2026\\\/04\\\/MAT25_DriesVdb_WEB-96-768x960.jpg&quot;,&quot;srcset&quot;:&quot;https:\\\/\\\/mat.travelblox.eu\\\/wp-content\\\/uploads\\\/sites\\\/68\\\/2026\\\/04\\\/MAT25_DriesVdb_WEB-96-768x960.jpg 768w, https:\\\/\\\/mat.travelblox.eu\\\/wp-content\\\/uploads\\\/sites\\\/68\\\/2026\\\/04\\\/MAT25_DriesVdb_WEB-96-240x300.jpg 240w, https:\\\/\\\/mat.travelblox.eu\\\/wp-content\\\/uploads\\\/sites\\\/68\\\/2026\\\/04\\\/MAT25_DriesVdb_WEB-96-819x1024.jpg 819w, https:\\\/\\\/mat.travelblox.eu\\\/wp-content\\\/uploads\\\/sites\\\/68\\\/2026\\\/04\\\/MAT25_DriesVdb_WEB-96-1229x1536.jpg 1229w, https:\\\/\\\/mat.travelblox.eu\\\/wp-content\\\/uploads\\\/sites\\\/68\\\/2026\\\/04\\\/MAT25_DriesVdb_WEB-96-1638x2048.jpg 1638w, https:\\\/\\\/mat.travelblox.eu\\\/wp-content\\\/uploads\\\/sites\\\/68\\\/2026\\\/04\\\/MAT25_DriesVdb_WEB-96-10x12.jpg 10w, https:\\\/\\\/mat.travelblox.eu\\\/wp-content\\\/uploads\\\/sites\\\/68\\\/2026\\\/04\\\/MAT25_DriesVdb_WEB-96-scaled.jpg 2048w&quot;}\">\t\t\t\t\t\t\t<\/div>\n\t\t\t\t\t\t\t<div class=\"tb-card-bottom-wrapper\">\n\t\t\t\t\t\t\t\t<div class=\"tb-card-bottom\">\n\n\t\t\t\t\t\t\t\t\t<span class=\"tb-card-bottom__title\">\n\t\t\t\t\t\t\t\t\t\t<span class=\"tb-card-bottom__place\">\n\t\t\t\t\t\t\t\t\t\t\tEncumeada \t\t\t\t\t\t\t\t\t\t\t\t\t\t\t\t\t\t\t\t\t\t\t&#8211; Pico Ruivo\t\t\t\t\t\t\t\t\t\t\t\t\t\t\t\t\t\t\t\t\t<\/span>\n\n\t\t\t\t\t\t\t\t\t<\/span>\n\t\t\t\t\t\t\t\t\t<div class=\"tb-card-bottom__content\">\n\t\t\t\t\t\t\t\t\t\t<div>\n\t\t\t\t\t\t\t\t\t\t\t\t\t\t\t\t\t\t\t\t\t\t\t\t\t\t\t<i class=\"icon fa-solid fa-bed fa-fw\" aria-hidden=\"true\"><\/i>\n\t\t\t 12 km\t\t\t\t\t\t\t\t\t\t\t\t\t\t\t\t\t\t\t\t\t<\/div>\n\t\t\t\t\t\t\t\t\t<\/div>\n\t\t\t\t\t\t\t\t\t<div class=\"tb-card-bottom__teaser tb-unfold-on-hover__content\" data-no-translation>\n\t\t\t\t\t\t\t\t\t\t\t\t\t\t\t\t\t\t\t\t\t\t\t\t\t\t\t\t\t\tOn this third day of hiking, you&#8217;ll leave from Encumeada heading towards Pico Ruivo, the highest poi&#8230; <span class=\"link\">Read more<\/span>\t\t\t\t\t\t\t\t\t<\/div>\n\t\t\t\t\t\t\t\t<\/div>\n\n\t\t\t\t\t\t\t<\/div>\n\t\t\t\t\t\t\t<dialog class=\"tb-popup tb-popup-with-padding tb-dayschedule-popup-wrapper\">\n\t\t\t\t\t\t\t\t<div class=\"tb-dayschedule-popup\">\n\t\t\t\t\t\t\t\t\t<h4>\n\t\t\t\t\t\t\t\t\t\t\t\t\t\t\t\t\t\t\t\t\t\t\t\t\t\t\t\t\t\t\t<div>\n\t\t\t\t\t\t\t\t\t\t\t\t\t\t\t\t\t\t\t\t\t\t\t\t\tEncumeada \t\t\t\t\t\t\t\t\t\t\t\t\t\t\t\t\t\t\t\t\t\t\t\t\t\t\t\t\t\t\t\t\t\t\t\t\t\t\t\t\t\t\t\t\t\t\t\t\t\t\t<i class=\"icon fa-solid fa-arrow-right\"><\/i> Pico Ruivo\t\t\t\t\t\t\t\t\t\t\t\t\t\t\t\t\t\t\t\t\t\t\t\t\t\t\t\t\t\t\t\t\t\t\t\t<\/div>\n\t\t\t\t\t\t\t\t\t\t\t\t\t\t\t\t\t\t\t<\/h4>\n\t\t\t\t\t\t\t\t\t<div class=\"tb-columns\">\n\t\t\t\t\t\t\t\t\t\t<div class=\"tb-column tb-column--text\">\n\t\t\t\t\t\t\t\t\t\t\t<div class=\"text-part\">\n\t\t\t\t\t\t\t\t\t\t\t\t\t\t\t\t\t\t\t\t\t\t\t\t\t<div class=\"tb-dayschedule-popup__icons\">\n\t\t\t\t\t\t\t\t\t\t\t\t\t\t\t\t\t\t\t\t\t\t\t\t\t\t\t\t\t\t\t\t\t\t\t\t\t\t\t\t\t\t\t<div class=\"tb-dayschedule-popup__icon\">\n\t\t\t\t\t\t\t\t\t\t\t\t\t\t\t\t\t\t\t\t<i class=\"icon fa-solid fa-bed fa-fw\" aria-hidden=\"true\"><\/i>\n\t\t\t\t\t\t\t\t\t\t\t\t\t\t\t\t\t\t\t<span>\n\t\t\t\t\t\t\t\t\t\t\t\t\t\t\t\t\t12 km\t\t\t\t\t\t\t\t\t\t\t\t\t\t\t\t<\/span>\n\t\t\t\t\t\t\t\t\t\t\t\t\t\t\t<\/div>\n\t\t\t\t\t\t\t\t\t\t\t\t\t\t\t\t\t\t\t\t\t\t\t\t\t\t\t<\/div>\n\t\t\t\t\t\t\t\t\t\t\t\t\n\t\t\t\t\t\t\t\t\t\t\t\t\n\t\t\t\t\t\t\t\t\t\t\t\t<div>\n\t\t\t\t\t\t\t\t\t\t\t\t\t<strong>Day 3<\/strong>\n\t\t\t\t\t\t\t\t\t\t\t\t\t\t<div class=\"translation-block\"><p>On this third day of hiking, you'll leave from Encumeada heading towards <strong>Pico Ruivo<\/strong>, the <strong>highest point<\/strong> of the archipelago, standing at <strong>1,862 meters above sea level.<\/strong> This trail stretches along the central mountain range of the island, offering stunning views of the surroundings. You'll encounter landscapes you've never seen before.<\/p><p>The path takes you through breathtaking mountainous scenery, with sharp ridges and dizzying cliffs. At the summit, <strong>the 360-degree view<\/strong> (weather permitting) will truly reward your efforts.<\/p><p>At the end of the day, you'll reach your shelter located less than three kilometers from the summit, at Achada do Teixeira. The bravest can treat themselves to a round trip at sunset to witness, if the weather allows, <strong>a magical spectacle above the clouds.<\/strong><\/p><ul><li>Distance: 14.3 km<\/li><li>Elevation gain: 1270 m<\/li><li>Elevation loss: 460 m<\/li><\/ul><p><i><strong>Note:<\/strong> distances and elevations may vary depending on the app or watch used. Differences between the GPX file and reality can be explained by several factors, such as GPS accuracy, app settings, or terrain variations.<\/i><\/p><p>&nbsp;<\/p><p>\u26a0\ufe0f <strong>Trail subject to opening \u26a0\ufe0f<\/strong><\/p><p>Due to fires, some trails remain closed. This one is currently partially inaccessible, but we are closely monitoring the situation with local authorities. We expect it to reopen by January, and if it doesn't, everything is already planned: an alternative route, tested by our team, will still take you to <strong>Pico Ruivo,<\/strong> with equally impressive scenery.<\/p><p>In any case, you'll receive the final details about the route several days before your departure. Your adventure is in good hands.<\/p><\/div>\n\t\t\t\t\t\t\t\t\t\t\t\t\t<\/div>\n\n\n\t\t\t\t\t\t\t\t\t\t\t<\/div>\n\t\t\t\t\t\t\t\t\t\t<\/div>\n\t\t\t\t\t\t\t\t\t\t<div class=\"tb-column tb-column--image\">\n\n\t\t\t\t\t\t\t\t\t\t\t<div class=\"tb-image-part\">\n\t\t\t\t\t\t\t\t\t\t\t\t\t\t<div class=\"inner-block-full-width has-tb-carousel tb-carousel-slider\" >\n\t\t<div class=\"tb-carousel-container\">\n\t\t\t<div class=\"entries tb-cards\" data-slider-first=\"0\">\n\t\t\t\t\t\t\t<div class=\"entry\">\n\t\t\t<div class=\"tb-image-part\">\n\t\t\t\t<figure>\n\t\t\t\t\t<img src='https:\/\/mat.travelblox.eu\/wp-content\/smush-webp\/sites\/68\/2026\/04\/MAT25_DriesVdb_WEB-96-819x1024.jpg.webp' width='819' height='1024' srcset='https:\/\/mat.travelblox.eu\/wp-content\/smush-webp\/sites\/68\/2026\/04\/MAT25_DriesVdb_WEB-96-819x1024.jpg.webp 819w, https:\/\/mat.travelblox.eu\/wp-content\/smush-webp\/sites\/68\/2026\/04\/MAT25_DriesVdb_WEB-96-240x300.jpg.webp 240w, https:\/\/mat.travelblox.eu\/wp-content\/smush-webp\/sites\/68\/2026\/04\/MAT25_DriesVdb_WEB-96-768x960.jpg.webp 768w, https:\/\/mat.travelblox.eu\/wp-content\/smush-webp\/sites\/68\/2026\/04\/MAT25_DriesVdb_WEB-96-1229x1536.jpg.webp 1229w, https:\/\/mat.travelblox.eu\/wp-content\/smush-webp\/sites\/68\/2026\/04\/MAT25_DriesVdb_WEB-96-1638x2048.jpg.webp 1638w, https:\/\/mat.travelblox.eu\/wp-content\/smush-webp\/sites\/68\/2026\/04\/MAT25_DriesVdb_WEB-96-10x12.jpg.webp 10w, https:\/\/mat.travelblox.eu\/wp-content\/smush-webp\/sites\/68\/2026\/04\/MAT25_DriesVdb_WEB-96-scaled.jpg.webp 2048w' sizes=\"auto, (max-width: 819px) 100vw, 819px\" loading='lazy' decoding='async' data-smush-webp-fallback=\"{&quot;src&quot;:&quot;https:\\\/\\\/mat.travelblox.eu\\\/wp-content\\\/uploads\\\/sites\\\/68\\\/2026\\\/04\\\/MAT25_DriesVdb_WEB-96-819x1024.jpg&quot;,&quot;srcset&quot;:&quot;https:\\\/\\\/mat.travelblox.eu\\\/wp-content\\\/uploads\\\/sites\\\/68\\\/2026\\\/04\\\/MAT25_DriesVdb_WEB-96-819x1024.jpg 819w, https:\\\/\\\/mat.travelblox.eu\\\/wp-content\\\/uploads\\\/sites\\\/68\\\/2026\\\/04\\\/MAT25_DriesVdb_WEB-96-240x300.jpg 240w, https:\\\/\\\/mat.travelblox.eu\\\/wp-content\\\/uploads\\\/sites\\\/68\\\/2026\\\/04\\\/MAT25_DriesVdb_WEB-96-768x960.jpg 768w, https:\\\/\\\/mat.travelblox.eu\\\/wp-content\\\/uploads\\\/sites\\\/68\\\/2026\\\/04\\\/MAT25_DriesVdb_WEB-96-1229x1536.jpg 1229w, https:\\\/\\\/mat.travelblox.eu\\\/wp-content\\\/uploads\\\/sites\\\/68\\\/2026\\\/04\\\/MAT25_DriesVdb_WEB-96-1638x2048.jpg 1638w, https:\\\/\\\/mat.travelblox.eu\\\/wp-content\\\/uploads\\\/sites\\\/68\\\/2026\\\/04\\\/MAT25_DriesVdb_WEB-96-10x12.jpg 10w, https:\\\/\\\/mat.travelblox.eu\\\/wp-content\\\/uploads\\\/sites\\\/68\\\/2026\\\/04\\\/MAT25_DriesVdb_WEB-96-scaled.jpg 2048w&quot;}\">\t\t\t\t\t\t\t\t\t<\/figure>\n\t\t\t<\/div>\n\t\t<\/div>\n\t\t\t<div class=\"entry\">\n\t\t\t<div class=\"tb-image-part\">\n\t\t\t\t<figure>\n\t\t\t\t\t<img src='https:\/\/mat.travelblox.eu\/wp-content\/smush-webp\/sites\/68\/2026\/04\/IMG_5544-Grande-768x1024.jpeg.webp' width='768' height='1024' srcset='https:\/\/mat.travelblox.eu\/wp-content\/smush-webp\/sites\/68\/2026\/04\/IMG_5544-Grande-768x1024.jpeg.webp 768w, https:\/\/mat.travelblox.eu\/wp-content\/smush-webp\/sites\/68\/2026\/04\/IMG_5544-Grande-225x300.jpeg.webp 225w, https:\/\/mat.travelblox.eu\/wp-content\/smush-webp\/sites\/68\/2026\/04\/IMG_5544-Grande-9x12.jpeg.webp 9w, https:\/\/mat.travelblox.eu\/wp-content\/smush-webp\/sites\/68\/2026\/04\/IMG_5544-Grande.jpeg.webp 960w' sizes=\"auto, (max-width: 768px) 100vw, 768px\" loading='lazy' decoding='async' data-smush-webp-fallback=\"{&quot;src&quot;:&quot;https:\\\/\\\/mat.travelblox.eu\\\/wp-content\\\/uploads\\\/sites\\\/68\\\/2026\\\/04\\\/IMG_5544-Grande-768x1024.jpeg&quot;,&quot;srcset&quot;:&quot;https:\\\/\\\/mat.travelblox.eu\\\/wp-content\\\/uploads\\\/sites\\\/68\\\/2026\\\/04\\\/IMG_5544-Grande-768x1024.jpeg 768w, https:\\\/\\\/mat.travelblox.eu\\\/wp-content\\\/uploads\\\/sites\\\/68\\\/2026\\\/04\\\/IMG_5544-Grande-225x300.jpeg 225w, https:\\\/\\\/mat.travelblox.eu\\\/wp-content\\\/uploads\\\/sites\\\/68\\\/2026\\\/04\\\/IMG_5544-Grande-9x12.jpeg 9w, https:\\\/\\\/mat.travelblox.eu\\\/wp-content\\\/uploads\\\/sites\\\/68\\\/2026\\\/04\\\/IMG_5544-Grande.jpeg 960w&quot;}\">\t\t\t\t\t\t\t\t\t<\/figure>\n\t\t\t<\/div>\n\t\t<\/div>\n\t\t\t<div class=\"entry\">\n\t\t\t<div class=\"tb-image-part\">\n\t\t\t\t<figure>\n\t\t\t\t\t<img src='https:\/\/mat.travelblox.eu\/wp-content\/smush-webp\/sites\/68\/2026\/04\/IMG_5384-Grande-768x1024.jpeg.webp' width='768' height='1024' srcset='https:\/\/mat.travelblox.eu\/wp-content\/smush-webp\/sites\/68\/2026\/04\/IMG_5384-Grande-768x1024.jpeg.webp 768w, https:\/\/mat.travelblox.eu\/wp-content\/smush-webp\/sites\/68\/2026\/04\/IMG_5384-Grande-225x300.jpeg.webp 225w, https:\/\/mat.travelblox.eu\/wp-content\/smush-webp\/sites\/68\/2026\/04\/IMG_5384-Grande-9x12.jpeg.webp 9w, https:\/\/mat.travelblox.eu\/wp-content\/smush-webp\/sites\/68\/2026\/04\/IMG_5384-Grande.jpeg.webp 960w' sizes=\"auto, (max-width: 768px) 100vw, 768px\" loading='lazy' decoding='async' data-smush-webp-fallback=\"{&quot;src&quot;:&quot;https:\\\/\\\/mat.travelblox.eu\\\/wp-content\\\/uploads\\\/sites\\\/68\\\/2026\\\/04\\\/IMG_5384-Grande-768x1024.jpeg&quot;,&quot;srcset&quot;:&quot;https:\\\/\\\/mat.travelblox.eu\\\/wp-content\\\/uploads\\\/sites\\\/68\\\/2026\\\/04\\\/IMG_5384-Grande-768x1024.jpeg 768w, https:\\\/\\\/mat.travelblox.eu\\\/wp-content\\\/uploads\\\/sites\\\/68\\\/2026\\\/04\\\/IMG_5384-Grande-225x300.jpeg 225w, https:\\\/\\\/mat.travelblox.eu\\\/wp-content\\\/uploads\\\/sites\\\/68\\\/2026\\\/04\\\/IMG_5384-Grande-9x12.jpeg 9w, https:\\\/\\\/mat.travelblox.eu\\\/wp-content\\\/uploads\\\/sites\\\/68\\\/2026\\\/04\\\/IMG_5384-Grande.jpeg 960w&quot;}\">\t\t\t\t\t\t\t\t\t<\/figure>\n\t\t\t<\/div>\n\t\t<\/div>\n\t\t\t\t\t<\/div>\n\t\t\t\t<div class=\"tb-carousel-nav\">\n\t\t<div class=\"dots\">\n\t\t\t<div class=\"dot active\"><\/div>\n\t\t\t<div class=\"dot\"><\/div>\n\t\t\t<div class=\"dot\"><\/div>\n\t\t<\/div>\n\t\t<div class=\"arrows\">\n\t\t\t<div class=\"prev disabled\">\n\t\t\t\t<span><i class=\"fa fa-chevron-left\"><\/i><\/span>\n\t\t\t<\/div>\n\t\t\t<div class=\"next\">\n\t\t\t\t<span><i class=\"fa fa-chevron-right\"><\/i><\/span>\n\t\t\t<\/div>\n\t\t<\/div>\n\t<\/div>\n\t\t\t<\/div>\n\t<\/div>\n\t\t\t\t\t\t\t\t\t\t\t\t\t<\/div>\n\t\t\t\t\t\t\t\t\t\t<\/div>\n\t\t\t\t\t\t\t\t\t<\/div>\n\t\t\t\t\t\t\t\t\t\t<div class=\"tb-popup-nav\">\n\t\t<a href=\"#\" class=\"tb-buttonlink-with-icon tb-buttonlink-with-arrow icon-first tb-popup-previous\">\n\t\t\t<i class=\"icon fa fa-chevron-left\"><\/i>\n\t\t\t<span>Previous day<\/span>\n\t\t<\/a>\n\t\t<a href=\"#\" class=\"tb-buttonlink-with-icon tb-buttonlink-with-arrow tb-popup-next\">\n\t\t\t<span>Next day<\/span>\n\t\t\t<i class=\"icon fa fa-chevron-right\"><\/i>\n\t\t<\/a>\n\t<\/div>\n\t\n\t\t\t\t\t\t\t\t<\/div>\n\t\t\t\t\t\t\t<\/dialog>\n\t\t\t\t\t\t<\/div>\n\t\t\t\t\t\t\t\t\t\t\t<div class=\"tb-card entry tb-popup-trigger tb-unfold-on-hover\">\n\t\t\t\t\t\t\t<div class=\"tb-image-part\">\n\t\t\t\t\t\t\t\t<div class=\"tag\">\n\t\t\t\t\t\t\t\t\t<div>Day 4<\/div>\n\t\t\t\t\t\t\t\t<\/div>\n\n\t\t\t\t\t\t\t\t<img src='https:\/\/mat.travelblox.eu\/wp-content\/smush-webp\/sites\/68\/2024\/09\/Siliquini-TheMadeiraTrail-240320-9858-e1726653548502-768x727.jpg.webp' width='768' height='727' alt='Descent to Santana Madeira - Descent to Santana Madeira - Descent to Santana Madeira - Descent to Santana Madeira' srcset='https:\/\/mat.travelblox.eu\/wp-content\/smush-webp\/sites\/68\/2024\/09\/Siliquini-TheMadeiraTrail-240320-9858-e1726653548502-768x727.jpg.webp 768w, https:\/\/mat.travelblox.eu\/wp-content\/smush-webp\/sites\/68\/2024\/09\/Siliquini-TheMadeiraTrail-240320-9858-e1726653548502-300x284.jpg.webp 300w, https:\/\/mat.travelblox.eu\/wp-content\/smush-webp\/sites\/68\/2024\/09\/Siliquini-TheMadeiraTrail-240320-9858-e1726653548502-1024x970.jpg.webp 1024w, https:\/\/mat.travelblox.eu\/wp-content\/smush-webp\/sites\/68\/2024\/09\/Siliquini-TheMadeiraTrail-240320-9858-e1726653548502-13x12.jpg.webp 13w, https:\/\/mat.travelblox.eu\/wp-content\/smush-webp\/sites\/68\/2024\/09\/Siliquini-TheMadeiraTrail-240320-9858-e1726653548502.jpg.webp 1365w' sizes=\"auto, (max-width: 768px) 100vw, 768px\" style='object-position:50% 50%' loading='lazy' decoding='async' data-smush-webp-fallback=\"{&quot;src&quot;:&quot;https:\\\/\\\/mat.travelblox.eu\\\/wp-content\\\/uploads\\\/sites\\\/68\\\/2024\\\/09\\\/Siliquini-TheMadeiraTrail-240320-9858-e1726653548502-768x727.jpg&quot;,&quot;srcset&quot;:&quot;https:\\\/\\\/mat.travelblox.eu\\\/wp-content\\\/uploads\\\/sites\\\/68\\\/2024\\\/09\\\/Siliquini-TheMadeiraTrail-240320-9858-e1726653548502-768x727.jpg 768w, https:\\\/\\\/mat.travelblox.eu\\\/wp-content\\\/uploads\\\/sites\\\/68\\\/2024\\\/09\\\/Siliquini-TheMadeiraTrail-240320-9858-e1726653548502-300x284.jpg 300w, https:\\\/\\\/mat.travelblox.eu\\\/wp-content\\\/uploads\\\/sites\\\/68\\\/2024\\\/09\\\/Siliquini-TheMadeiraTrail-240320-9858-e1726653548502-1024x970.jpg 1024w, https:\\\/\\\/mat.travelblox.eu\\\/wp-content\\\/uploads\\\/sites\\\/68\\\/2024\\\/09\\\/Siliquini-TheMadeiraTrail-240320-9858-e1726653548502-13x12.jpg 13w, https:\\\/\\\/mat.travelblox.eu\\\/wp-content\\\/uploads\\\/sites\\\/68\\\/2024\\\/09\\\/Siliquini-TheMadeiraTrail-240320-9858-e1726653548502.jpg 1365w&quot;}\">\t\t\t\t\t\t\t<\/div>\n\t\t\t\t\t\t\t<div class=\"tb-card-bottom-wrapper\">\n\t\t\t\t\t\t\t\t<div class=\"tb-card-bottom\">\n\n\t\t\t\t\t\t\t\t\t<span class=\"tb-card-bottom__title\">\n\t\t\t\t\t\t\t\t\t\t<span class=\"tb-card-bottom__place\">\n\t\t\t\t\t\t\t\t\t\t\tAchada do Teixeira \u2013 Santana\t\t\t\t\t\t\t\t\t\t\t\t\t\t\t\t\t\t\t\t\t<\/span>\n\n\t\t\t\t\t\t\t\t\t<\/span>\n\t\t\t\t\t\t\t\t\t<div class=\"tb-card-bottom__content\">\n\t\t\t\t\t\t\t\t\t\t<div>\n\t\t\t\t\t\t\t\t\t\t\t\t\t\t\t\t\t\t\t\t\t\t\t\t\t\t\t<i class=\"icon fa-solid fa-bed fa-fw\" aria-hidden=\"true\"><\/i>\n\t\t\t 14 km\t\t\t\t\t\t\t\t\t\t\t\t\t\t\t\t\t\t\t\t\t<\/div>\n\t\t\t\t\t\t\t\t\t<\/div>\n\t\t\t\t\t\t\t\t\t<div class=\"tb-card-bottom__teaser tb-unfold-on-hover__content\" data-no-translation>\n\t\t\t\t\t\t\t\t\t\t\t\t\t\t\t\t\t\t\t\t\t\t\t\t\t\t\t\t\t\tThis fourth day of hiking starts with the palpable excitement at the summit of Pico Ruivo, where you&#8230; <span class=\"link\">Read more<\/span>\t\t\t\t\t\t\t\t\t<\/div>\n\t\t\t\t\t\t\t\t<\/div>\n\n\t\t\t\t\t\t\t<\/div>\n\t\t\t\t\t\t\t<dialog class=\"tb-popup tb-popup-with-padding tb-dayschedule-popup-wrapper\">\n\t\t\t\t\t\t\t\t<div class=\"tb-dayschedule-popup\">\n\t\t\t\t\t\t\t\t\t<h4>\n\t\t\t\t\t\t\t\t\t\t\t\t\t\t\t\t\t\t\t\t\t\t\t\t\t\t\t\t\t\t\t<div>\n\t\t\t\t\t\t\t\t\t\t\t\t\t\t\t\t\t\t\t\t\t\t\t\t\tAchada do Teixeira\t\t\t\t\t\t\t\t\t\t\t\t\t\t\t\t\t\t\t\t\t\t\t\t\t\t\t\t\t\t\t\t\t\t\t\t\t\t\t\t\t\t\t\t\t\t\t\t\t\t\t<i class=\"icon fa-solid fa-arrow-right\"><\/i> Santana\t\t\t\t\t\t\t\t\t\t\t\t\t\t\t\t\t\t\t\t\t\t\t\t\t\t\t\t\t\t\t\t\t\t\t\t<\/div>\n\t\t\t\t\t\t\t\t\t\t\t\t\t\t\t\t\t\t\t<\/h4>\n\t\t\t\t\t\t\t\t\t<div class=\"tb-columns\">\n\t\t\t\t\t\t\t\t\t\t<div class=\"tb-column tb-column--text\">\n\t\t\t\t\t\t\t\t\t\t\t<div class=\"text-part\">\n\t\t\t\t\t\t\t\t\t\t\t\t\t\t\t\t\t\t\t\t\t\t\t\t\t<div class=\"tb-dayschedule-popup__icons\">\n\t\t\t\t\t\t\t\t\t\t\t\t\t\t\t\t\t\t\t\t\t\t\t\t\t\t\t\t\t\t\t\t\t\t\t\t\t\t\t\t\t\t\t<div class=\"tb-dayschedule-popup__icon\">\n\t\t\t\t\t\t\t\t\t\t\t\t\t\t\t\t\t\t\t\t<i class=\"icon fa-solid fa-bed fa-fw\" aria-hidden=\"true\"><\/i>\n\t\t\t\t\t\t\t\t\t\t\t\t\t\t\t\t\t\t\t<span>\n\t\t\t\t\t\t\t\t\t\t\t\t\t\t\t\t\t14 km\t\t\t\t\t\t\t\t\t\t\t\t\t\t\t\t<\/span>\n\t\t\t\t\t\t\t\t\t\t\t\t\t\t\t<\/div>\n\t\t\t\t\t\t\t\t\t\t\t\t\t\t\t\t\t\t\t\t\t\t\t\t\t\t\t<\/div>\n\t\t\t\t\t\t\t\t\t\t\t\t\n\t\t\t\t\t\t\t\t\t\t\t\t\n\t\t\t\t\t\t\t\t\t\t\t\t<div>\n\t\t\t\t\t\t\t\t\t\t\t\t\t<strong>Day 4<\/strong>\n\t\t\t\t\t\t\t\t\t\t\t\t\t\t<div class=\"translation-block\"><p>This fourth day of hiking starts with the palpable excitement at the summit of Pico Ruivo, where you've spent the night. As the first light of dawn breaks, you can decide to make a round trip to the peak to witness a <strong>stunning sunrise<\/strong>, weather permitting.<\/p><p>Once the sun has taken its place in the sky, you get ready for the <strong>descent to Santana.<\/strong> The trail opens up before you, winding through breathtaking landscapes. You carefully make your way down, taking the time to admire the <strong>amazing views of the rugged mountains and lush valleys<\/strong> stretching as far as the eye can see.<\/p><p>This day will be the most intense in terms of negative elevation, as you descend back to the coast. So be mindful of your knees, and make good use of your trekking poles, they'll be very helpful at this point.<\/p><p>Once you reach the end, you'll stay in a charming hotel where you can relax. There's even a hot tub to reward you for your efforts throughout the day.<\/p><ul><li>Distance: 14 km<\/li><li>Positive elevation: 140 m<\/li><li>Negative elevation: 1380 m<\/li><\/ul><p><i><strong>Note<\/strong>: distances and elevations may vary depending on the app or watch used. Differences between the GPX file and reality can be explained by several factors, such as GPS accuracy, app settings, or terrain variations.<\/i><\/p><\/div>\n\t\t\t\t\t\t\t\t\t\t\t\t\t<\/div>\n\n\n\t\t\t\t\t\t\t\t\t\t\t<\/div>\n\t\t\t\t\t\t\t\t\t\t<\/div>\n\t\t\t\t\t\t\t\t\t\t<div class=\"tb-column tb-column--image\">\n\n\t\t\t\t\t\t\t\t\t\t\t<div class=\"tb-image-part\">\n\t\t\t\t\t\t\t\t\t\t\t\t\t\t<div class=\"inner-block-full-width has-tb-carousel tb-carousel-slider\" >\n\t\t<div class=\"tb-carousel-container\">\n\t\t\t<div class=\"entries tb-cards\" data-slider-first=\"0\">\n\t\t\t\t\t\t\t<div class=\"entry\">\n\t\t\t<div class=\"tb-image-part\">\n\t\t\t\t<figure>\n\t\t\t\t\t<img src='https:\/\/mat.travelblox.eu\/wp-content\/smush-webp\/sites\/68\/2024\/09\/Siliquini-TheMadeiraTrail-240320-9858-e1726653548502-1024x970.jpg.webp' width='1024' height='970' alt='Descent to Santana Madeira - Descent to Santana Madeira - Descent to Santana Madeira - Descent to Santana Madeira' srcset='https:\/\/mat.travelblox.eu\/wp-content\/smush-webp\/sites\/68\/2024\/09\/Siliquini-TheMadeiraTrail-240320-9858-e1726653548502-1024x970.jpg.webp 1024w, https:\/\/mat.travelblox.eu\/wp-content\/smush-webp\/sites\/68\/2024\/09\/Siliquini-TheMadeiraTrail-240320-9858-e1726653548502-300x284.jpg.webp 300w, https:\/\/mat.travelblox.eu\/wp-content\/smush-webp\/sites\/68\/2024\/09\/Siliquini-TheMadeiraTrail-240320-9858-e1726653548502-768x727.jpg.webp 768w, https:\/\/mat.travelblox.eu\/wp-content\/smush-webp\/sites\/68\/2024\/09\/Siliquini-TheMadeiraTrail-240320-9858-e1726653548502-13x12.jpg.webp 13w, https:\/\/mat.travelblox.eu\/wp-content\/smush-webp\/sites\/68\/2024\/09\/Siliquini-TheMadeiraTrail-240320-9858-e1726653548502.jpg.webp 1365w' sizes=\"auto, (max-width: 1024px) 100vw, 1024px\" style='object-position:50% 50%' loading='lazy' decoding='async' data-smush-webp-fallback=\"{&quot;src&quot;:&quot;https:\\\/\\\/mat.travelblox.eu\\\/wp-content\\\/uploads\\\/sites\\\/68\\\/2024\\\/09\\\/Siliquini-TheMadeiraTrail-240320-9858-e1726653548502-1024x970.jpg&quot;,&quot;srcset&quot;:&quot;https:\\\/\\\/mat.travelblox.eu\\\/wp-content\\\/uploads\\\/sites\\\/68\\\/2024\\\/09\\\/Siliquini-TheMadeiraTrail-240320-9858-e1726653548502-1024x970.jpg 1024w, https:\\\/\\\/mat.travelblox.eu\\\/wp-content\\\/uploads\\\/sites\\\/68\\\/2024\\\/09\\\/Siliquini-TheMadeiraTrail-240320-9858-e1726653548502-300x284.jpg 300w, https:\\\/\\\/mat.travelblox.eu\\\/wp-content\\\/uploads\\\/sites\\\/68\\\/2024\\\/09\\\/Siliquini-TheMadeiraTrail-240320-9858-e1726653548502-768x727.jpg 768w, https:\\\/\\\/mat.travelblox.eu\\\/wp-content\\\/uploads\\\/sites\\\/68\\\/2024\\\/09\\\/Siliquini-TheMadeiraTrail-240320-9858-e1726653548502-13x12.jpg 13w, https:\\\/\\\/mat.travelblox.eu\\\/wp-content\\\/uploads\\\/sites\\\/68\\\/2024\\\/09\\\/Siliquini-TheMadeiraTrail-240320-9858-e1726653548502.jpg 1365w&quot;}\">\t\t\t\t\t\t\t\t\t<\/figure>\n\t\t\t<\/div>\n\t\t<\/div>\n\t\t\t<div class=\"entry\">\n\t\t\t<div class=\"tb-image-part\">\n\t\t\t\t<figure>\n\t\t\t\t\t<img src='https:\/\/mat.travelblox.eu\/wp-content\/smush-webp\/sites\/68\/2024\/03\/Siliquini-MadeiraTrail-240319-0072-1024x767.jpeg.webp' width='1024' height='767' alt='hiking in Madeira - hiking in Madeira - hiking in Madeira - hike Madeira' srcset='https:\/\/mat.travelblox.eu\/wp-content\/smush-webp\/sites\/68\/2024\/03\/Siliquini-MadeiraTrail-240319-0072-1024x767.jpeg.webp 1024w, https:\/\/mat.travelblox.eu\/wp-content\/smush-webp\/sites\/68\/2024\/03\/Siliquini-MadeiraTrail-240319-0072-300x225.jpeg.webp 300w, https:\/\/mat.travelblox.eu\/wp-content\/smush-webp\/sites\/68\/2024\/03\/Siliquini-MadeiraTrail-240319-0072-768x575.jpeg.webp 768w, https:\/\/mat.travelblox.eu\/wp-content\/smush-webp\/sites\/68\/2024\/03\/Siliquini-MadeiraTrail-240319-0072-1536x1151.jpeg.webp 1536w, https:\/\/mat.travelblox.eu\/wp-content\/smush-webp\/sites\/68\/2024\/03\/Siliquini-MadeiraTrail-240319-0072-16x12.jpeg.webp 16w, https:\/\/mat.travelblox.eu\/wp-content\/smush-webp\/sites\/68\/2024\/03\/Siliquini-MadeiraTrail-240319-0072.jpeg.webp 2048w' sizes=\"auto, (max-width: 1024px) 100vw, 1024px\" style='object-position:50% 50%' loading='lazy' decoding='async' data-smush-webp-fallback=\"{&quot;src&quot;:&quot;https:\\\/\\\/mat.travelblox.eu\\\/wp-content\\\/uploads\\\/sites\\\/68\\\/2024\\\/03\\\/Siliquini-MadeiraTrail-240319-0072-1024x767.jpeg&quot;,&quot;srcset&quot;:&quot;https:\\\/\\\/mat.travelblox.eu\\\/wp-content\\\/uploads\\\/sites\\\/68\\\/2024\\\/03\\\/Siliquini-MadeiraTrail-240319-0072-1024x767.jpeg 1024w, https:\\\/\\\/mat.travelblox.eu\\\/wp-content\\\/uploads\\\/sites\\\/68\\\/2024\\\/03\\\/Siliquini-MadeiraTrail-240319-0072-300x225.jpeg 300w, https:\\\/\\\/mat.travelblox.eu\\\/wp-content\\\/uploads\\\/sites\\\/68\\\/2024\\\/03\\\/Siliquini-MadeiraTrail-240319-0072-768x575.jpeg 768w, https:\\\/\\\/mat.travelblox.eu\\\/wp-content\\\/uploads\\\/sites\\\/68\\\/2024\\\/03\\\/Siliquini-MadeiraTrail-240319-0072-1536x1151.jpeg 1536w, https:\\\/\\\/mat.travelblox.eu\\\/wp-content\\\/uploads\\\/sites\\\/68\\\/2024\\\/03\\\/Siliquini-MadeiraTrail-240319-0072-16x12.jpeg 16w, https:\\\/\\\/mat.travelblox.eu\\\/wp-content\\\/uploads\\\/sites\\\/68\\\/2024\\\/03\\\/Siliquini-MadeiraTrail-240319-0072.jpeg 2048w&quot;}\">\t\t\t\t\t\t\t\t\t<\/figure>\n\t\t\t<\/div>\n\t\t<\/div>\n\t\t\t<div class=\"entry\">\n\t\t\t<div class=\"tb-image-part\">\n\t\t\t\t<figure>\n\t\t\t\t\t<img src='https:\/\/mat.travelblox.eu\/wp-content\/smush-webp\/sites\/68\/2024\/09\/Siliquini-TheMadeiraTrail-240321-0443-e1726653533625-1024x881.jpg.webp' width='1024' height='881' alt='Plants Madeira - Plants Madeira - Plants Madeira - Plants Madeira' srcset='https:\/\/mat.travelblox.eu\/wp-content\/smush-webp\/sites\/68\/2024\/09\/Siliquini-TheMadeiraTrail-240321-0443-e1726653533625-1024x881.jpg.webp 1024w, https:\/\/mat.travelblox.eu\/wp-content\/smush-webp\/sites\/68\/2024\/09\/Siliquini-TheMadeiraTrail-240321-0443-e1726653533625-300x258.jpg.webp 300w, https:\/\/mat.travelblox.eu\/wp-content\/smush-webp\/sites\/68\/2024\/09\/Siliquini-TheMadeiraTrail-240321-0443-e1726653533625-768x661.jpg.webp 768w, https:\/\/mat.travelblox.eu\/wp-content\/smush-webp\/sites\/68\/2024\/09\/Siliquini-TheMadeiraTrail-240321-0443-e1726653533625-14x12.jpg.webp 14w, https:\/\/mat.travelblox.eu\/wp-content\/smush-webp\/sites\/68\/2024\/09\/Siliquini-TheMadeiraTrail-240321-0443-e1726653533625.jpg.webp 1365w' sizes=\"auto, (max-width: 1024px) 100vw, 1024px\" style='object-position:50% 50%' loading='lazy' decoding='async' data-smush-webp-fallback=\"{&quot;src&quot;:&quot;https:\\\/\\\/mat.travelblox.eu\\\/wp-content\\\/uploads\\\/sites\\\/68\\\/2024\\\/09\\\/Siliquini-TheMadeiraTrail-240321-0443-e1726653533625-1024x881.jpg&quot;,&quot;srcset&quot;:&quot;https:\\\/\\\/mat.travelblox.eu\\\/wp-content\\\/uploads\\\/sites\\\/68\\\/2024\\\/09\\\/Siliquini-TheMadeiraTrail-240321-0443-e1726653533625-1024x881.jpg 1024w, https:\\\/\\\/mat.travelblox.eu\\\/wp-content\\\/uploads\\\/sites\\\/68\\\/2024\\\/09\\\/Siliquini-TheMadeiraTrail-240321-0443-e1726653533625-300x258.jpg 300w, https:\\\/\\\/mat.travelblox.eu\\\/wp-content\\\/uploads\\\/sites\\\/68\\\/2024\\\/09\\\/Siliquini-TheMadeiraTrail-240321-0443-e1726653533625-768x661.jpg 768w, https:\\\/\\\/mat.travelblox.eu\\\/wp-content\\\/uploads\\\/sites\\\/68\\\/2024\\\/09\\\/Siliquini-TheMadeiraTrail-240321-0443-e1726653533625-14x12.jpg 14w, https:\\\/\\\/mat.travelblox.eu\\\/wp-content\\\/uploads\\\/sites\\\/68\\\/2024\\\/09\\\/Siliquini-TheMadeiraTrail-240321-0443-e1726653533625.jpg 1365w&quot;}\">\t\t\t\t\t\t\t\t\t<\/figure>\n\t\t\t<\/div>\n\t\t<\/div>\n\t\t\t<div class=\"entry\">\n\t\t\t<div class=\"tb-image-part\">\n\t\t\t\t<figure>\n\t\t\t\t\t<img src='https:\/\/mat.travelblox.eu\/wp-content\/smush-webp\/sites\/68\/2024\/03\/Siliquini-MadeiraTrail-240320-9904-1024x683.jpeg.webp' width='1024' height='683' alt='Madeira Walking Trails - Hiking Paths in Madeira - Madeira Hiking Trails - Hiking Trails of Madeira' srcset='https:\/\/mat.travelblox.eu\/wp-content\/smush-webp\/sites\/68\/2024\/03\/Siliquini-MadeiraTrail-240320-9904-1024x683.jpeg.webp 1024w, https:\/\/mat.travelblox.eu\/wp-content\/smush-webp\/sites\/68\/2024\/03\/Siliquini-MadeiraTrail-240320-9904-300x200.jpeg.webp 300w, https:\/\/mat.travelblox.eu\/wp-content\/smush-webp\/sites\/68\/2024\/03\/Siliquini-MadeiraTrail-240320-9904-768x512.jpeg.webp 768w, https:\/\/mat.travelblox.eu\/wp-content\/smush-webp\/sites\/68\/2024\/03\/Siliquini-MadeiraTrail-240320-9904-1536x1024.jpeg.webp 1536w, https:\/\/mat.travelblox.eu\/wp-content\/smush-webp\/sites\/68\/2024\/03\/Siliquini-MadeiraTrail-240320-9904-18x12.jpeg.webp 18w, https:\/\/mat.travelblox.eu\/wp-content\/smush-webp\/sites\/68\/2024\/03\/Siliquini-MadeiraTrail-240320-9904.jpeg.webp 2048w' sizes=\"auto, (max-width: 1024px) 100vw, 1024px\" style='object-position:50% 50%' loading='lazy' decoding='async' data-smush-webp-fallback=\"{&quot;src&quot;:&quot;https:\\\/\\\/mat.travelblox.eu\\\/wp-content\\\/uploads\\\/sites\\\/68\\\/2024\\\/03\\\/Siliquini-MadeiraTrail-240320-9904-1024x683.jpeg&quot;,&quot;srcset&quot;:&quot;https:\\\/\\\/mat.travelblox.eu\\\/wp-content\\\/uploads\\\/sites\\\/68\\\/2024\\\/03\\\/Siliquini-MadeiraTrail-240320-9904-1024x683.jpeg 1024w, https:\\\/\\\/mat.travelblox.eu\\\/wp-content\\\/uploads\\\/sites\\\/68\\\/2024\\\/03\\\/Siliquini-MadeiraTrail-240320-9904-300x200.jpeg 300w, https:\\\/\\\/mat.travelblox.eu\\\/wp-content\\\/uploads\\\/sites\\\/68\\\/2024\\\/03\\\/Siliquini-MadeiraTrail-240320-9904-768x512.jpeg 768w, https:\\\/\\\/mat.travelblox.eu\\\/wp-content\\\/uploads\\\/sites\\\/68\\\/2024\\\/03\\\/Siliquini-MadeiraTrail-240320-9904-1536x1024.jpeg 1536w, https:\\\/\\\/mat.travelblox.eu\\\/wp-content\\\/uploads\\\/sites\\\/68\\\/2024\\\/03\\\/Siliquini-MadeiraTrail-240320-9904-18x12.jpeg 18w, https:\\\/\\\/mat.travelblox.eu\\\/wp-content\\\/uploads\\\/sites\\\/68\\\/2024\\\/03\\\/Siliquini-MadeiraTrail-240320-9904.jpeg 2048w&quot;}\">\t\t\t\t\t\t\t\t\t<\/figure>\n\t\t\t<\/div>\n\t\t<\/div>\n\t\t\t<div class=\"entry\">\n\t\t\t<div class=\"tb-image-part\">\n\t\t\t\t<figure>\n\t\t\t\t\t<img src='https:\/\/mat.travelblox.eu\/wp-content\/smush-webp\/sites\/68\/2024\/09\/Siliquini-TheMadeiraTrail-240322-1601-e1726653505504-1024x952.jpg.webp' width='1024' height='952' alt='Madeira Island - Madeira Island - Madeira Island - Madeira Island' srcset='https:\/\/mat.travelblox.eu\/wp-content\/smush-webp\/sites\/68\/2024\/09\/Siliquini-TheMadeiraTrail-240322-1601-e1726653505504-1024x952.jpg.webp 1024w, https:\/\/mat.travelblox.eu\/wp-content\/smush-webp\/sites\/68\/2024\/09\/Siliquini-TheMadeiraTrail-240322-1601-e1726653505504-300x279.jpg.webp 300w, https:\/\/mat.travelblox.eu\/wp-content\/smush-webp\/sites\/68\/2024\/09\/Siliquini-TheMadeiraTrail-240322-1601-e1726653505504-768x714.jpg.webp 768w, https:\/\/mat.travelblox.eu\/wp-content\/smush-webp\/sites\/68\/2024\/09\/Siliquini-TheMadeiraTrail-240322-1601-e1726653505504-13x12.jpg.webp 13w, https:\/\/mat.travelblox.eu\/wp-content\/smush-webp\/sites\/68\/2024\/09\/Siliquini-TheMadeiraTrail-240322-1601-e1726653505504.jpg.webp 1365w' sizes=\"auto, (max-width: 1024px) 100vw, 1024px\" style='object-position:50% 50%' loading='lazy' decoding='async' data-smush-webp-fallback=\"{&quot;src&quot;:&quot;https:\\\/\\\/mat.travelblox.eu\\\/wp-content\\\/uploads\\\/sites\\\/68\\\/2024\\\/09\\\/Siliquini-TheMadeiraTrail-240322-1601-e1726653505504-1024x952.jpg&quot;,&quot;srcset&quot;:&quot;https:\\\/\\\/mat.travelblox.eu\\\/wp-content\\\/uploads\\\/sites\\\/68\\\/2024\\\/09\\\/Siliquini-TheMadeiraTrail-240322-1601-e1726653505504-1024x952.jpg 1024w, https:\\\/\\\/mat.travelblox.eu\\\/wp-content\\\/uploads\\\/sites\\\/68\\\/2024\\\/09\\\/Siliquini-TheMadeiraTrail-240322-1601-e1726653505504-300x279.jpg 300w, https:\\\/\\\/mat.travelblox.eu\\\/wp-content\\\/uploads\\\/sites\\\/68\\\/2024\\\/09\\\/Siliquini-TheMadeiraTrail-240322-1601-e1726653505504-768x714.jpg 768w, https:\\\/\\\/mat.travelblox.eu\\\/wp-content\\\/uploads\\\/sites\\\/68\\\/2024\\\/09\\\/Siliquini-TheMadeiraTrail-240322-1601-e1726653505504-13x12.jpg 13w, https:\\\/\\\/mat.travelblox.eu\\\/wp-content\\\/uploads\\\/sites\\\/68\\\/2024\\\/09\\\/Siliquini-TheMadeiraTrail-240322-1601-e1726653505504.jpg 1365w&quot;}\">\t\t\t\t\t\t\t\t\t<\/figure>\n\t\t\t<\/div>\n\t\t<\/div>\n\t\t\t\t\t<\/div>\n\t\t\t\t<div class=\"tb-carousel-nav\">\n\t\t<div class=\"dots\">\n\t\t\t<div class=\"dot active\"><\/div>\n\t\t\t<div class=\"dot\"><\/div>\n\t\t\t<div class=\"dot\"><\/div>\n\t\t<\/div>\n\t\t<div class=\"arrows\">\n\t\t\t<div class=\"prev disabled\">\n\t\t\t\t<span><i class=\"fa fa-chevron-left\"><\/i><\/span>\n\t\t\t<\/div>\n\t\t\t<div class=\"next\">\n\t\t\t\t<span><i class=\"fa fa-chevron-right\"><\/i><\/span>\n\t\t\t<\/div>\n\t\t<\/div>\n\t<\/div>\n\t\t\t<\/div>\n\t<\/div>\n\t\t\t\t\t\t\t\t\t\t\t\t\t<\/div>\n\t\t\t\t\t\t\t\t\t\t<\/div>\n\t\t\t\t\t\t\t\t\t<\/div>\n\t\t\t\t\t\t\t\t\t\t<div class=\"tb-popup-nav\">\n\t\t<a href=\"#\" class=\"tb-buttonlink-with-icon tb-buttonlink-with-arrow icon-first tb-popup-previous\">\n\t\t\t<i class=\"icon fa fa-chevron-left\"><\/i>\n\t\t\t<span>Previous day<\/span>\n\t\t<\/a>\n\t\t<a href=\"#\" class=\"tb-buttonlink-with-icon tb-buttonlink-with-arrow tb-popup-next\">\n\t\t\t<span>Next day<\/span>\n\t\t\t<i class=\"icon fa fa-chevron-right\"><\/i>\n\t\t<\/a>\n\t<\/div>\n\t\n\t\t\t\t\t\t\t\t<\/div>\n\t\t\t\t\t\t\t<\/dialog>\n\t\t\t\t\t\t<\/div>\n\t\t\t\t\t\t\t\t\t\t\t<div class=\"tb-card entry tb-popup-trigger tb-unfold-on-hover\">\n\t\t\t\t\t\t\t<div class=\"tb-image-part\">\n\t\t\t\t\t\t\t\t<div class=\"tag\">\n\t\t\t\t\t\t\t\t\t<div>Day 5<\/div>\n\t\t\t\t\t\t\t\t<\/div>\n\n\t\t\t\t\t\t\t\t<img src='https:\/\/mat.travelblox.eu\/wp-content\/smush-webp\/sites\/68\/2024\/03\/Siliquini-MadeiraTrail-240321-0986-768x512.jpeg.webp' width='768' height='512' alt='Viewpoint Boca do Risco - View Boca do Risco - Boca do Risco viewpoint - Boca do Risco viewpoint' srcset='https:\/\/mat.travelblox.eu\/wp-content\/smush-webp\/sites\/68\/2024\/03\/Siliquini-MadeiraTrail-240321-0986-768x512.jpeg.webp 768w, https:\/\/mat.travelblox.eu\/wp-content\/smush-webp\/sites\/68\/2024\/03\/Siliquini-MadeiraTrail-240321-0986-300x200.jpeg.webp 300w, https:\/\/mat.travelblox.eu\/wp-content\/smush-webp\/sites\/68\/2024\/03\/Siliquini-MadeiraTrail-240321-0986-1024x683.jpeg.webp 1024w, https:\/\/mat.travelblox.eu\/wp-content\/smush-webp\/sites\/68\/2024\/03\/Siliquini-MadeiraTrail-240321-0986-1536x1024.jpeg.webp 1536w, https:\/\/mat.travelblox.eu\/wp-content\/smush-webp\/sites\/68\/2024\/03\/Siliquini-MadeiraTrail-240321-0986-18x12.jpeg.webp 18w, https:\/\/mat.travelblox.eu\/wp-content\/smush-webp\/sites\/68\/2024\/03\/Siliquini-MadeiraTrail-240321-0986.jpeg.webp 2048w' sizes=\"auto, (max-width: 768px) 100vw, 768px\" style='object-position:50% 50%' loading='lazy' decoding='async' data-smush-webp-fallback=\"{&quot;src&quot;:&quot;https:\\\/\\\/mat.travelblox.eu\\\/wp-content\\\/uploads\\\/sites\\\/68\\\/2024\\\/03\\\/Siliquini-MadeiraTrail-240321-0986-768x512.jpeg&quot;,&quot;srcset&quot;:&quot;https:\\\/\\\/mat.travelblox.eu\\\/wp-content\\\/uploads\\\/sites\\\/68\\\/2024\\\/03\\\/Siliquini-MadeiraTrail-240321-0986-768x512.jpeg 768w, https:\\\/\\\/mat.travelblox.eu\\\/wp-content\\\/uploads\\\/sites\\\/68\\\/2024\\\/03\\\/Siliquini-MadeiraTrail-240321-0986-300x200.jpeg 300w, https:\\\/\\\/mat.travelblox.eu\\\/wp-content\\\/uploads\\\/sites\\\/68\\\/2024\\\/03\\\/Siliquini-MadeiraTrail-240321-0986-1024x683.jpeg 1024w, https:\\\/\\\/mat.travelblox.eu\\\/wp-content\\\/uploads\\\/sites\\\/68\\\/2024\\\/03\\\/Siliquini-MadeiraTrail-240321-0986-1536x1024.jpeg 1536w, https:\\\/\\\/mat.travelblox.eu\\\/wp-content\\\/uploads\\\/sites\\\/68\\\/2024\\\/03\\\/Siliquini-MadeiraTrail-240321-0986-18x12.jpeg 18w, https:\\\/\\\/mat.travelblox.eu\\\/wp-content\\\/uploads\\\/sites\\\/68\\\/2024\\\/03\\\/Siliquini-MadeiraTrail-240321-0986.jpeg 2048w&quot;}\">\t\t\t\t\t\t\t<\/div>\n\t\t\t\t\t\t\t<div class=\"tb-card-bottom-wrapper\">\n\t\t\t\t\t\t\t\t<div class=\"tb-card-bottom\">\n\n\t\t\t\t\t\t\t\t\t<span class=\"tb-card-bottom__title\">\n\t\t\t\t\t\t\t\t\t\t<span class=\"tb-card-bottom__place\">\n\t\t\t\t\t\t\t\t\t\t\tPorto da Cruz  \u2013 Machico\t\t\t\t\t\t\t\t\t\t\t\t\t\t\t\t\t\t\t\t\t<\/span>\n\n\t\t\t\t\t\t\t\t\t<\/span>\n\t\t\t\t\t\t\t\t\t<div class=\"tb-card-bottom__content\">\n\t\t\t\t\t\t\t\t\t\t<div>\n\t\t\t\t\t\t\t\t\t\t\t\t\t\t\t\t\t\t\t\t\t\t\t\t\t\t\t<i class=\"icon fa-solid fa-bed fa-fw\" aria-hidden=\"true\"><\/i>\n\t\t\t 16 km\t\t\t\t\t\t\t\t\t\t\t\t\t\t\t\t\t\t\t\t\t<\/div>\n\t\t\t\t\t\t\t\t\t<\/div>\n\t\t\t\t\t\t\t\t\t<div class=\"tb-card-bottom__teaser tb-unfold-on-hover__content\" data-no-translation>\n\t\t\t\t\t\t\t\t\t\t\t\t\t\t\t\t\t\t\t\t\t\t\t\t\t\t\t\t\t\tFor this final day of hiking, our itinerary takes you from Porto da Cruz to Machico via Boca do Risc&#8230; <span class=\"link\">Read more<\/span>\t\t\t\t\t\t\t\t\t<\/div>\n\t\t\t\t\t\t\t\t<\/div>\n\n\t\t\t\t\t\t\t<\/div>\n\t\t\t\t\t\t\t<dialog class=\"tb-popup tb-popup-with-padding tb-dayschedule-popup-wrapper\">\n\t\t\t\t\t\t\t\t<div class=\"tb-dayschedule-popup\">\n\t\t\t\t\t\t\t\t\t<h4>\n\t\t\t\t\t\t\t\t\t\t\t\t\t\t\t\t\t\t\t\t\t\t\t\t\t\t\t\t\t\t\t<div>\n\t\t\t\t\t\t\t\t\t\t\t\t\t\t\t\t\t\t\t\t\t\t\t\t\tPorto da Cruz\t\t\t\t\t\t\t\t\t\t\t\t\t\t\t\t\t\t\t\t\t\t\t\t\t\t\t\t\t\t\t\t\t\t\t\t\t\t\t\t\t\t\t\t\t\t\t\t\t\t\t<i class=\"icon fa-solid fa-arrow-right\"><\/i> Machico\t\t\t\t\t\t\t\t\t\t\t\t\t\t\t\t\t\t\t\t\t\t\t\t\t\t\t\t\t\t\t\t\t\t\t\t<\/div>\n\t\t\t\t\t\t\t\t\t\t\t\t\t\t\t\t\t\t\t<\/h4>\n\t\t\t\t\t\t\t\t\t<div class=\"tb-columns\">\n\t\t\t\t\t\t\t\t\t\t<div class=\"tb-column tb-column--text\">\n\t\t\t\t\t\t\t\t\t\t\t<div class=\"text-part\">\n\t\t\t\t\t\t\t\t\t\t\t\t\t\t\t\t\t\t\t\t\t\t\t\t\t<div class=\"tb-dayschedule-popup__icons\">\n\t\t\t\t\t\t\t\t\t\t\t\t\t\t\t\t\t\t\t\t\t\t\t\t\t\t\t\t\t\t\t\t\t\t\t\t\t\t\t\t\t\t\t<div class=\"tb-dayschedule-popup__icon\">\n\t\t\t\t\t\t\t\t\t\t\t\t\t\t\t\t\t\t\t\t<i class=\"icon fa-solid fa-bed fa-fw\" aria-hidden=\"true\"><\/i>\n\t\t\t\t\t\t\t\t\t\t\t\t\t\t\t\t\t\t\t<span>\n\t\t\t\t\t\t\t\t\t\t\t\t\t\t\t\t\t16 km\t\t\t\t\t\t\t\t\t\t\t\t\t\t\t\t<\/span>\n\t\t\t\t\t\t\t\t\t\t\t\t\t\t\t<\/div>\n\t\t\t\t\t\t\t\t\t\t\t\t\t\t\t\t\t\t\t\t\t\t\t\t\t\t\t<\/div>\n\t\t\t\t\t\t\t\t\t\t\t\t\n\t\t\t\t\t\t\t\t\t\t\t\t\n\t\t\t\t\t\t\t\t\t\t\t\t<div>\n\t\t\t\t\t\t\t\t\t\t\t\t\t<strong>Day 5<\/strong>\n\t\t\t\t\t\t\t\t\t\t\t\t\t\t<div class=\"translation-block\"><p>For this final day of hiking, our itinerary takes you from Porto da Cruz to Machico via <strong>Boca do Risco<\/strong>. In the morning, a transfer will take you from the hotel in Santana to the start of the hike in Porto da Cruz.<\/p><p>Your journey begins in the charming coastal village of Porto da Cruz, where you'll be greeted by the gentle ocean breeze. This trail reveals stunning views of the Atlantic Ocean and impressive rock formations.<\/p><p>Boca do Risco offers breathtaking views of the <strong>towering cliffs<\/strong> and the <strong>endless ocean.<\/strong> Take your time to stop and savor this amazing landscape and capture memorable moments.<\/p><p>As you continue your hike towards Machico, the path leads you through a variety of landscapes, including wooded areas and coastal trails. The rich flora and fauna along the route provide exceptional opportunities for birdwatching and admiring the lush vegetation surrounding you.<\/p><p>Once in Machico, you can head back to the hotel to enjoy a well-deserved relaxing evening. This moment of tranquility will be a chance to rest after the efforts made throughout this week of hiking.<\/p><ul><li>Distance: 16 km<\/li><li>Positive elevation gain: 690 m<\/li><li>Negative elevation gain: 680 m<\/li><\/ul><p><i>\ud83d\udca1 <strong>Long option<\/strong>: You can also choose to <strong>start walking directly from the hotel<\/strong>, which adds about <strong>+10 km<\/strong> and <strong>+500 m of positive elevation gain<\/strong> to the stage. This option is only suitable for very experienced hikers.<\/i><\/p><p><i><strong>Note<\/strong>: Distances and elevation gains may vary depending on the app or watch used. Differences between the GPX file and reality can be explained by several factors, such as GPS accuracy, app settings, or terrain variations.<\/i><\/p><\/div>\n\t\t\t\t\t\t\t\t\t\t\t\t\t<\/div>\n\n\n\t\t\t\t\t\t\t\t\t\t\t<\/div>\n\t\t\t\t\t\t\t\t\t\t<\/div>\n\t\t\t\t\t\t\t\t\t\t<div class=\"tb-column tb-column--image\">\n\n\t\t\t\t\t\t\t\t\t\t\t<div class=\"tb-image-part\">\n\t\t\t\t\t\t\t\t\t\t\t\t\t\t<div class=\"inner-block-full-width has-tb-carousel tb-carousel-slider\" >\n\t\t<div class=\"tb-carousel-container\">\n\t\t\t<div class=\"entries tb-cards\" data-slider-first=\"0\">\n\t\t\t\t\t\t\t<div class=\"entry\">\n\t\t\t<div class=\"tb-image-part\">\n\t\t\t\t<figure>\n\t\t\t\t\t<img src='https:\/\/mat.travelblox.eu\/wp-content\/smush-webp\/sites\/68\/2024\/03\/Siliquini-MadeiraTrail-240321-0986-1024x683.jpeg.webp' width='1024' height='683' alt='Viewpoint Boca do Risco - View Boca do Risco - Boca do Risco viewpoint - Boca do Risco viewpoint' srcset='https:\/\/mat.travelblox.eu\/wp-content\/smush-webp\/sites\/68\/2024\/03\/Siliquini-MadeiraTrail-240321-0986-1024x683.jpeg.webp 1024w, https:\/\/mat.travelblox.eu\/wp-content\/smush-webp\/sites\/68\/2024\/03\/Siliquini-MadeiraTrail-240321-0986-300x200.jpeg.webp 300w, https:\/\/mat.travelblox.eu\/wp-content\/smush-webp\/sites\/68\/2024\/03\/Siliquini-MadeiraTrail-240321-0986-768x512.jpeg.webp 768w, https:\/\/mat.travelblox.eu\/wp-content\/smush-webp\/sites\/68\/2024\/03\/Siliquini-MadeiraTrail-240321-0986-1536x1024.jpeg.webp 1536w, https:\/\/mat.travelblox.eu\/wp-content\/smush-webp\/sites\/68\/2024\/03\/Siliquini-MadeiraTrail-240321-0986-18x12.jpeg.webp 18w, https:\/\/mat.travelblox.eu\/wp-content\/smush-webp\/sites\/68\/2024\/03\/Siliquini-MadeiraTrail-240321-0986.jpeg.webp 2048w' sizes=\"auto, (max-width: 1024px) 100vw, 1024px\" style='object-position:50% 50%' loading='lazy' decoding='async' data-smush-webp-fallback=\"{&quot;src&quot;:&quot;https:\\\/\\\/mat.travelblox.eu\\\/wp-content\\\/uploads\\\/sites\\\/68\\\/2024\\\/03\\\/Siliquini-MadeiraTrail-240321-0986-1024x683.jpeg&quot;,&quot;srcset&quot;:&quot;https:\\\/\\\/mat.travelblox.eu\\\/wp-content\\\/uploads\\\/sites\\\/68\\\/2024\\\/03\\\/Siliquini-MadeiraTrail-240321-0986-1024x683.jpeg 1024w, https:\\\/\\\/mat.travelblox.eu\\\/wp-content\\\/uploads\\\/sites\\\/68\\\/2024\\\/03\\\/Siliquini-MadeiraTrail-240321-0986-300x200.jpeg 300w, https:\\\/\\\/mat.travelblox.eu\\\/wp-content\\\/uploads\\\/sites\\\/68\\\/2024\\\/03\\\/Siliquini-MadeiraTrail-240321-0986-768x512.jpeg 768w, https:\\\/\\\/mat.travelblox.eu\\\/wp-content\\\/uploads\\\/sites\\\/68\\\/2024\\\/03\\\/Siliquini-MadeiraTrail-240321-0986-1536x1024.jpeg 1536w, https:\\\/\\\/mat.travelblox.eu\\\/wp-content\\\/uploads\\\/sites\\\/68\\\/2024\\\/03\\\/Siliquini-MadeiraTrail-240321-0986-18x12.jpeg 18w, https:\\\/\\\/mat.travelblox.eu\\\/wp-content\\\/uploads\\\/sites\\\/68\\\/2024\\\/03\\\/Siliquini-MadeiraTrail-240321-0986.jpeg 2048w&quot;}\">\t\t\t\t\t\t\t\t\t<\/figure>\n\t\t\t<\/div>\n\t\t<\/div>\n\t\t\t<div class=\"entry\">\n\t\t\t<div class=\"tb-image-part\">\n\t\t\t\t<figure>\n\t\t\t\t\t<img src='https:\/\/mat.travelblox.eu\/wp-content\/smush-webp\/sites\/68\/2024\/03\/Siliquini-MadeiraTrail-240321-1522-1024x683.jpeg.webp' width='1024' height='683' alt='Coastal hike on Madeira' srcset='https:\/\/mat.travelblox.eu\/wp-content\/smush-webp\/sites\/68\/2024\/03\/Siliquini-MadeiraTrail-240321-1522-1024x683.jpeg.webp 1024w, https:\/\/mat.travelblox.eu\/wp-content\/smush-webp\/sites\/68\/2024\/03\/Siliquini-MadeiraTrail-240321-1522-300x200.jpeg.webp 300w, https:\/\/mat.travelblox.eu\/wp-content\/smush-webp\/sites\/68\/2024\/03\/Siliquini-MadeiraTrail-240321-1522-768x512.jpeg.webp 768w, https:\/\/mat.travelblox.eu\/wp-content\/smush-webp\/sites\/68\/2024\/03\/Siliquini-MadeiraTrail-240321-1522-1536x1024.jpeg.webp 1536w, https:\/\/mat.travelblox.eu\/wp-content\/smush-webp\/sites\/68\/2024\/03\/Siliquini-MadeiraTrail-240321-1522-18x12.jpeg.webp 18w, https:\/\/mat.travelblox.eu\/wp-content\/smush-webp\/sites\/68\/2024\/03\/Siliquini-MadeiraTrail-240321-1522.jpeg.webp 2048w' sizes=\"auto, (max-width: 1024px) 100vw, 1024px\" style='object-position:50% 50%' loading='lazy' decoding='async' data-smush-webp-fallback=\"{&quot;src&quot;:&quot;https:\\\/\\\/mat.travelblox.eu\\\/wp-content\\\/uploads\\\/sites\\\/68\\\/2024\\\/03\\\/Siliquini-MadeiraTrail-240321-1522-1024x683.jpeg&quot;,&quot;srcset&quot;:&quot;https:\\\/\\\/mat.travelblox.eu\\\/wp-content\\\/uploads\\\/sites\\\/68\\\/2024\\\/03\\\/Siliquini-MadeiraTrail-240321-1522-1024x683.jpeg 1024w, https:\\\/\\\/mat.travelblox.eu\\\/wp-content\\\/uploads\\\/sites\\\/68\\\/2024\\\/03\\\/Siliquini-MadeiraTrail-240321-1522-300x200.jpeg 300w, https:\\\/\\\/mat.travelblox.eu\\\/wp-content\\\/uploads\\\/sites\\\/68\\\/2024\\\/03\\\/Siliquini-MadeiraTrail-240321-1522-768x512.jpeg 768w, https:\\\/\\\/mat.travelblox.eu\\\/wp-content\\\/uploads\\\/sites\\\/68\\\/2024\\\/03\\\/Siliquini-MadeiraTrail-240321-1522-1536x1024.jpeg 1536w, https:\\\/\\\/mat.travelblox.eu\\\/wp-content\\\/uploads\\\/sites\\\/68\\\/2024\\\/03\\\/Siliquini-MadeiraTrail-240321-1522-18x12.jpeg 18w, https:\\\/\\\/mat.travelblox.eu\\\/wp-content\\\/uploads\\\/sites\\\/68\\\/2024\\\/03\\\/Siliquini-MadeiraTrail-240321-1522.jpeg 2048w&quot;}\">\t\t\t\t\t\t\t\t\t<\/figure>\n\t\t\t<\/div>\n\t\t<\/div>\n\t\t\t<div class=\"entry\">\n\t\t\t<div class=\"tb-image-part\">\n\t\t\t\t<figure>\n\t\t\t\t\t<img src='https:\/\/mat.travelblox.eu\/wp-content\/smush-webp\/sites\/68\/2024\/09\/Siliquini-TheMadeiraTrail-240321-1458-e1726653854450-1024x855.jpg.webp' width='1024' height='855' alt='Plants in Madeira - Flora in Madeira - Flora in Madeira - Flora in Madeira' srcset='https:\/\/mat.travelblox.eu\/wp-content\/smush-webp\/sites\/68\/2024\/09\/Siliquini-TheMadeiraTrail-240321-1458-e1726653854450-1024x855.jpg.webp 1024w, https:\/\/mat.travelblox.eu\/wp-content\/smush-webp\/sites\/68\/2024\/09\/Siliquini-TheMadeiraTrail-240321-1458-e1726653854450-300x251.jpg.webp 300w, https:\/\/mat.travelblox.eu\/wp-content\/smush-webp\/sites\/68\/2024\/09\/Siliquini-TheMadeiraTrail-240321-1458-e1726653854450-768x641.jpg.webp 768w, https:\/\/mat.travelblox.eu\/wp-content\/smush-webp\/sites\/68\/2024\/09\/Siliquini-TheMadeiraTrail-240321-1458-e1726653854450-14x12.jpg.webp 14w, https:\/\/mat.travelblox.eu\/wp-content\/smush-webp\/sites\/68\/2024\/09\/Siliquini-TheMadeiraTrail-240321-1458-e1726653854450.jpg.webp 1365w' sizes=\"auto, (max-width: 1024px) 100vw, 1024px\" style='object-position:50% 50%' loading='lazy' decoding='async' data-smush-webp-fallback=\"{&quot;src&quot;:&quot;https:\\\/\\\/mat.travelblox.eu\\\/wp-content\\\/uploads\\\/sites\\\/68\\\/2024\\\/09\\\/Siliquini-TheMadeiraTrail-240321-1458-e1726653854450-1024x855.jpg&quot;,&quot;srcset&quot;:&quot;https:\\\/\\\/mat.travelblox.eu\\\/wp-content\\\/uploads\\\/sites\\\/68\\\/2024\\\/09\\\/Siliquini-TheMadeiraTrail-240321-1458-e1726653854450-1024x855.jpg 1024w, https:\\\/\\\/mat.travelblox.eu\\\/wp-content\\\/uploads\\\/sites\\\/68\\\/2024\\\/09\\\/Siliquini-TheMadeiraTrail-240321-1458-e1726653854450-300x251.jpg 300w, https:\\\/\\\/mat.travelblox.eu\\\/wp-content\\\/uploads\\\/sites\\\/68\\\/2024\\\/09\\\/Siliquini-TheMadeiraTrail-240321-1458-e1726653854450-768x641.jpg 768w, https:\\\/\\\/mat.travelblox.eu\\\/wp-content\\\/uploads\\\/sites\\\/68\\\/2024\\\/09\\\/Siliquini-TheMadeiraTrail-240321-1458-e1726653854450-14x12.jpg 14w, https:\\\/\\\/mat.travelblox.eu\\\/wp-content\\\/uploads\\\/sites\\\/68\\\/2024\\\/09\\\/Siliquini-TheMadeiraTrail-240321-1458-e1726653854450.jpg 1365w&quot;}\">\t\t\t\t\t\t\t\t\t<\/figure>\n\t\t\t<\/div>\n\t\t<\/div>\n\t\t\t\t\t<\/div>\n\t\t\t\t<div class=\"tb-carousel-nav\">\n\t\t<div class=\"dots\">\n\t\t\t<div class=\"dot active\"><\/div>\n\t\t\t<div class=\"dot\"><\/div>\n\t\t\t<div class=\"dot\"><\/div>\n\t\t<\/div>\n\t\t<div class=\"arrows\">\n\t\t\t<div class=\"prev disabled\">\n\t\t\t\t<span><i class=\"fa fa-chevron-left\"><\/i><\/span>\n\t\t\t<\/div>\n\t\t\t<div class=\"next\">\n\t\t\t\t<span><i class=\"fa fa-chevron-right\"><\/i><\/span>\n\t\t\t<\/div>\n\t\t<\/div>\n\t<\/div>\n\t\t\t<\/div>\n\t<\/div>\n\t\t\t\t\t\t\t\t\t\t\t\t\t<\/div>\n\t\t\t\t\t\t\t\t\t\t<\/div>\n\t\t\t\t\t\t\t\t\t<\/div>\n\t\t\t\t\t\t\t\t\t\t<div class=\"tb-popup-nav\">\n\t\t<a href=\"#\" class=\"tb-buttonlink-with-icon tb-buttonlink-with-arrow icon-first tb-popup-previous\">\n\t\t\t<i class=\"icon fa fa-chevron-left\"><\/i>\n\t\t\t<span>Previous day<\/span>\n\t\t<\/a>\n\t\t<a href=\"#\" class=\"tb-buttonlink-with-icon tb-buttonlink-with-arrow tb-popup-next\">\n\t\t\t<span>Next day<\/span>\n\t\t\t<i class=\"icon fa fa-chevron-right\"><\/i>\n\t\t<\/a>\n\t<\/div>\n\t\n\t\t\t\t\t\t\t\t<\/div>\n\t\t\t\t\t\t\t<\/dialog>\n\t\t\t\t\t\t<\/div>\n\t\t\t\t\t\t\t\t\t\t\t<div class=\"tb-card entry tb-popup-trigger tb-unfold-on-hover\">\n\t\t\t\t\t\t\t<div class=\"tb-image-part\">\n\t\t\t\t\t\t\t\t<div class=\"tag\">\n\t\t\t\t\t\t\t\t\t<div>Day 6<\/div>\n\t\t\t\t\t\t\t\t<\/div>\n\n\t\t\t\t\t\t\t\t<img src='https:\/\/mat.travelblox.eu\/wp-content\/smush-webp\/sites\/68\/2023\/10\/airplane-2619434_1280-768x513.jpeg.webp' width='768' height='513' alt='Flight Madeira - Flight Madeira - Flight Madeira - Flight Madeira' srcset='https:\/\/mat.travelblox.eu\/wp-content\/smush-webp\/sites\/68\/2023\/10\/airplane-2619434_1280-768x513.jpeg.webp 768w, https:\/\/mat.travelblox.eu\/wp-content\/smush-webp\/sites\/68\/2023\/10\/airplane-2619434_1280-300x200.jpeg.webp 300w, https:\/\/mat.travelblox.eu\/wp-content\/smush-webp\/sites\/68\/2023\/10\/airplane-2619434_1280-1024x684.jpeg.webp 1024w, https:\/\/mat.travelblox.eu\/wp-content\/smush-webp\/sites\/68\/2023\/10\/airplane-2619434_1280-18x12.jpeg.webp 18w, https:\/\/mat.travelblox.eu\/wp-content\/smush-webp\/sites\/68\/2023\/10\/airplane-2619434_1280.jpeg.webp 1280w' sizes=\"auto, (max-width: 768px) 100vw, 768px\" style='object-position:50% 50%' loading='lazy' decoding='async' data-smush-webp-fallback=\"{&quot;src&quot;:&quot;https:\\\/\\\/mat.travelblox.eu\\\/wp-content\\\/uploads\\\/sites\\\/68\\\/2023\\\/10\\\/airplane-2619434_1280-768x513.jpeg&quot;,&quot;srcset&quot;:&quot;https:\\\/\\\/mat.travelblox.eu\\\/wp-content\\\/uploads\\\/sites\\\/68\\\/2023\\\/10\\\/airplane-2619434_1280-768x513.jpeg 768w, https:\\\/\\\/mat.travelblox.eu\\\/wp-content\\\/uploads\\\/sites\\\/68\\\/2023\\\/10\\\/airplane-2619434_1280-300x200.jpeg 300w, https:\\\/\\\/mat.travelblox.eu\\\/wp-content\\\/uploads\\\/sites\\\/68\\\/2023\\\/10\\\/airplane-2619434_1280-1024x684.jpeg 1024w, https:\\\/\\\/mat.travelblox.eu\\\/wp-content\\\/uploads\\\/sites\\\/68\\\/2023\\\/10\\\/airplane-2619434_1280-18x12.jpeg 18w, https:\\\/\\\/mat.travelblox.eu\\\/wp-content\\\/uploads\\\/sites\\\/68\\\/2023\\\/10\\\/airplane-2619434_1280.jpeg 1280w&quot;}\">\t\t\t\t\t\t\t<\/div>\n\t\t\t\t\t\t\t<div class=\"tb-card-bottom-wrapper\">\n\t\t\t\t\t\t\t\t<div class=\"tb-card-bottom\">\n\n\t\t\t\t\t\t\t\t\t<span class=\"tb-card-bottom__title\">\n\t\t\t\t\t\t\t\t\t\t<span class=\"tb-card-bottom__place\">\n\t\t\t\t\t\t\t\t\t\t\tMachico \u2013 Return home\t\t\t\t\t\t\t\t\t\t\t\t\t\t\t\t\t\t\t\t\t<\/span>\n\n\t\t\t\t\t\t\t\t\t<\/span>\n\t\t\t\t\t\t\t\t\t<div class=\"tb-card-bottom__content\">\n\t\t\t\t\t\t\t\t\t\t<div>\n\t\t\t\t\t\t\t\t\t\t\t\t\t\t\t\t\t\t\t\t\t<\/div>\n\t\t\t\t\t\t\t\t\t<\/div>\n\t\t\t\t\t\t\t\t\t<div class=\"tb-card-bottom__teaser tb-unfold-on-hover__content\" data-no-translation>\n\t\t\t\t\t\t\t\t\t\t\t\t\t\t\t\t\t\t\t\t\t\t\t\t\t\t\t\t\t\tThis is the end of the journey. You can now decide whether to extend your stay in Madeira or to retu&#8230; <span class=\"link\">Read more<\/span>\t\t\t\t\t\t\t\t\t<\/div>\n\t\t\t\t\t\t\t\t<\/div>\n\n\t\t\t\t\t\t\t<\/div>\n\t\t\t\t\t\t\t<dialog class=\"tb-popup tb-popup-with-padding tb-dayschedule-popup-wrapper\">\n\t\t\t\t\t\t\t\t<div class=\"tb-dayschedule-popup\">\n\t\t\t\t\t\t\t\t\t<h4>\n\t\t\t\t\t\t\t\t\t\t\t\t\t\t\t\t\t\t\t\t\t\t\t\t\t\t\t\t\t\t\t<div>\n\t\t\t\t\t\t\t\t\t\t\t\t\t\t\t\t\t\t\t\t\t\t\t\t\tMachico\t\t\t\t\t\t\t\t\t\t\t\t\t\t\t\t\t\t\t\t\t\t\t\t\t\t\t\t\t\t\t\t\t\t\t\t\t\t\t\t\t\t\t\t\t\t\t\t\t\t\t<i class=\"icon fa-solid fa-arrow-right\"><\/i> Return home\t\t\t\t\t\t\t\t\t\t\t\t\t\t\t\t\t\t\t\t\t\t\t\t\t\t\t\t\t\t\t\t\t\t\t\t<\/div>\n\t\t\t\t\t\t\t\t\t\t\t\t\t\t\t\t\t\t\t<\/h4>\n\t\t\t\t\t\t\t\t\t<div class=\"tb-columns\">\n\t\t\t\t\t\t\t\t\t\t<div class=\"tb-column tb-column--text\">\n\t\t\t\t\t\t\t\t\t\t\t<div class=\"text-part\">\n\t\t\t\t\t\t\t\t\t\t\t\t\n\t\t\t\t\t\t\t\t\t\t\t\t\n\t\t\t\t\t\t\t\t\t\t\t\t<div>\n\t\t\t\t\t\t\t\t\t\t\t\t\t<strong>Day 6<\/strong>\n\t\t\t\t\t\t\t\t\t\t\t\t\t\t<div class=\"translation-block\"><p>This is the end of the journey. You can now decide whether to extend your stay in Madeira or to return home.<\/p><p>If you choose to stay, our ranger will be happy to provide recommendations for visiting Funchal or other highlights of the island!<\/p><\/div>\n\t\t\t\t\t\t\t\t\t\t\t\t\t<\/div>\n\n\n\t\t\t\t\t\t\t\t\t\t\t<\/div>\n\t\t\t\t\t\t\t\t\t\t<\/div>\n\t\t\t\t\t\t\t\t\t\t<div class=\"tb-column tb-column--image\">\n\n\t\t\t\t\t\t\t\t\t\t\t<div class=\"tb-image-part\">\n\t\t\t\t\t\t\t\t\t\t\t\t<img src='https:\/\/mat.travelblox.eu\/wp-content\/smush-webp\/sites\/68\/2023\/10\/airplane-2619434_1280-1024x684.jpeg.webp' width='1024' height='684' alt='Flight Madeira - Flight Madeira - Flight Madeira - Flight Madeira' srcset='https:\/\/mat.travelblox.eu\/wp-content\/smush-webp\/sites\/68\/2023\/10\/airplane-2619434_1280-1024x684.jpeg.webp 1024w, https:\/\/mat.travelblox.eu\/wp-content\/smush-webp\/sites\/68\/2023\/10\/airplane-2619434_1280-300x200.jpeg.webp 300w, https:\/\/mat.travelblox.eu\/wp-content\/smush-webp\/sites\/68\/2023\/10\/airplane-2619434_1280-768x513.jpeg.webp 768w, https:\/\/mat.travelblox.eu\/wp-content\/smush-webp\/sites\/68\/2023\/10\/airplane-2619434_1280-18x12.jpeg.webp 18w, https:\/\/mat.travelblox.eu\/wp-content\/smush-webp\/sites\/68\/2023\/10\/airplane-2619434_1280.jpeg.webp 1280w' sizes=\"auto, (max-width: 1024px) 100vw, 1024px\" style='object-position:50% 50%' loading='lazy' decoding='async' data-smush-webp-fallback=\"{&quot;src&quot;:&quot;https:\\\/\\\/mat.travelblox.eu\\\/wp-content\\\/uploads\\\/sites\\\/68\\\/2023\\\/10\\\/airplane-2619434_1280-1024x684.jpeg&quot;,&quot;srcset&quot;:&quot;https:\\\/\\\/mat.travelblox.eu\\\/wp-content\\\/uploads\\\/sites\\\/68\\\/2023\\\/10\\\/airplane-2619434_1280-1024x684.jpeg 1024w, https:\\\/\\\/mat.travelblox.eu\\\/wp-content\\\/uploads\\\/sites\\\/68\\\/2023\\\/10\\\/airplane-2619434_1280-300x200.jpeg 300w, https:\\\/\\\/mat.travelblox.eu\\\/wp-content\\\/uploads\\\/sites\\\/68\\\/2023\\\/10\\\/airplane-2619434_1280-768x513.jpeg 768w, https:\\\/\\\/mat.travelblox.eu\\\/wp-content\\\/uploads\\\/sites\\\/68\\\/2023\\\/10\\\/airplane-2619434_1280-18x12.jpeg 18w, https:\\\/\\\/mat.travelblox.eu\\\/wp-content\\\/uploads\\\/sites\\\/68\\\/2023\\\/10\\\/airplane-2619434_1280.jpeg 1280w&quot;}\">\t\t\t\t\t\t\t\t\t\t\t<\/div>\n\t\t\t\t\t\t\t\t\t\t<\/div>\n\t\t\t\t\t\t\t\t\t<\/div>\n\t\t\t\t\t\t\t\t\t\t<div class=\"tb-popup-nav\">\n\t\t<a href=\"#\" class=\"tb-buttonlink-with-icon tb-buttonlink-with-arrow icon-first tb-popup-previous\">\n\t\t\t<i class=\"icon fa fa-chevron-left\"><\/i>\n\t\t\t<span>Previous day<\/span>\n\t\t<\/a>\n\t\t<a href=\"#\" class=\"tb-buttonlink-with-icon tb-buttonlink-with-arrow tb-popup-next\">\n\t\t\t<span>Next day<\/span>\n\t\t\t<i class=\"icon fa fa-chevron-right\"><\/i>\n\t\t<\/a>\n\t<\/div>\n\t\n\t\t\t\t\t\t\t\t<\/div>\n\t\t\t\t\t\t\t<\/dialog>\n\t\t\t\t\t\t<\/div>\n\t\t\t\t\t\t\t\t\t\t\t\t\t<\/div>\n\t\t\t\t<div class=\"tb-carousel-nav\">\n\t\t<div class=\"dots\">\n\t\t\t<div class=\"dot active\"><\/div>\n\t\t\t<div class=\"dot\"><\/div>\n\t\t\t<div class=\"dot\"><\/div>\n\t\t<\/div>\n\t\t<div class=\"arrows\">\n\t\t\t<div class=\"prev disabled\">\n\t\t\t\t<span><i class=\"fa fa-chevron-left\"><\/i><\/span>\n\t\t\t<\/div>\n\t\t\t<div class=\"next\">\n\t\t\t\t<span><i class=\"fa fa-chevron-right\"><\/i><\/span>\n\t\t\t<\/div>\n\t\t<\/div>\n\t<\/div>\n\t\t\t<\/div>\n\t<\/div>\n\t\t\t\t\t\t\t\t\t\t<\/div>\n\t\n<\/div>\n\n\n\n\n\n\n<div class=\"tb-hikingdays tb-block align-center background-light pattern-none variant-none tb-collapsible-margins\" id=\"map-en\">\n\t<div class=\"inner-block tb-fade-in tb-fade-in--subtle\">\n\t\t<div class=\"text-part\">\n\t\t\t<h1>Hiking days<\/h1>\n\t\t<\/div>\n\n\t\t<div class=\"tb-hikingdays__topcontainer\">\n\t\t\t\n\t\t\t\t\t\t\t<div class=\"tb-hikingdays__map\">\n\t\t\t\t\t<img src='https:\/\/mat.travelblox.eu\/wp-content\/uploads\/sites\/68\/2025\/01\/MAT-TravelbloxEN-.svg' width='768' height='1' loading='lazy' decoding='async'>\t\t\t\t<\/div>\n\t\t\t\n\t\t\t<div class=\"tb-hikingdays__list\">\n\t\t\t\t\t\t\t\t\t\t<div class=\"tb-hikingdays__list-item\">\n\t\t\t\t\t\t\t<div class=\"tb-hikingdays__day\">\n\t\t\t\t\t\t\t\tDay 1\t\t\t\t\t\t\t<\/div>\n\t\t\t\t\t\t\t<div class=\"tb-hikingdays__info\">\n\t\t\t\t\t\t\t\t\t\t\t\t\t\t\t\t\t<span>Fanal<\/span>\n\t\t\t\t\t\t\t\t\t\t\t\t\t\t\t\t\t\t\t\t\t\t\t\t\t<i class=\"fa-regular fa-arrow-right\"><\/i>\n\t\t\t\t\t\t\t\t\t<span>Raba\u00e7al<\/span>\n\t\t\t\t\t\t\t\t\t\t\t\t\t\t\t<\/div>\n\t\t\t\t\t\t\t<div class=\"tb-hikingdays__ciphers\">\n\t\t\t\t\t\t\t\t\t\t\t\t\t\t\t\t\t<span><i class=\"fa-regular fa-arrows-left-right\"><\/i>13 km<\/span>\n\t\t\t\t\t\t\t\t\t\t\t\t\t\t\t\t\t\t\t\t\t\t\t\t\t\t\t\t\t\t\t\t\t<span><i class=\"fa-regular fa-arrow-up-right\"><\/i>540 m<\/span>\n\t\t\t\t\t\t\t\t\t\t\t\t\t\t\t\t\t\t\t\t\t\t\t\t\t<span><i class=\"fa-regular fa-arrow-down-right fa-fw\"><\/i>550 m<\/span>\n\t\t\t\t\t\t\t\t\t\t\t\t\t\t\t\t\t\t\t\t\t\t\t<\/div>\n\t\t\t\t\t\t<\/div>\n\n\t\t\t\t\t\t\t\t\t\t<div class=\"tb-hikingdays__list-item\">\n\t\t\t\t\t\t\t<div class=\"tb-hikingdays__day\">\n\t\t\t\t\t\t\t\tDay 2\t\t\t\t\t\t\t<\/div>\n\t\t\t\t\t\t\t<div class=\"tb-hikingdays__info\">\n\t\t\t\t\t\t\t\t\t\t\t\t\t\t\t\t\t<span>Raba\u00e7al<\/span>\n\t\t\t\t\t\t\t\t\t\t\t\t\t\t\t\t\t\t\t\t\t\t\t\t\t<i class=\"fa-regular fa-arrow-right\"><\/i>\n\t\t\t\t\t\t\t\t\t<span>Encumeada<\/span>\n\t\t\t\t\t\t\t\t\t\t\t\t\t\t\t<\/div>\n\t\t\t\t\t\t\t<div class=\"tb-hikingdays__ciphers\">\n\t\t\t\t\t\t\t\t\t\t\t\t\t\t\t\t\t<span><i class=\"fa-regular fa-arrows-left-right\"><\/i>22 km<\/span>\n\t\t\t\t\t\t\t\t\t\t\t\t\t\t\t\t\t\t\t\t\t\t\t\t\t\t\t\t\t\t\t\t\t<span><i class=\"fa-regular fa-arrow-up-right\"><\/i>670 m<\/span>\n\t\t\t\t\t\t\t\t\t\t\t\t\t\t\t\t\t\t\t\t\t\t\t\t\t<span><i class=\"fa-regular fa-arrow-down-right fa-fw\"><\/i>870 m<\/span>\n\t\t\t\t\t\t\t\t\t\t\t\t\t\t\t\t\t\t\t\t\t\t\t<\/div>\n\t\t\t\t\t\t<\/div>\n\n\t\t\t\t\t\t\t\t\t\t<div class=\"tb-hikingdays__list-item\">\n\t\t\t\t\t\t\t<div class=\"tb-hikingdays__day\">\n\t\t\t\t\t\t\t\tDay 3\t\t\t\t\t\t\t<\/div>\n\t\t\t\t\t\t\t<div class=\"tb-hikingdays__info\">\n\t\t\t\t\t\t\t\t\t\t\t\t\t\t\t\t\t<span>Encumeada<\/span>\n\t\t\t\t\t\t\t\t\t\t\t\t\t\t\t\t\t\t\t\t\t\t\t\t\t<i class=\"fa-regular fa-arrow-right\"><\/i>\n\t\t\t\t\t\t\t\t\t<span>Pico Ruivo<\/span>\n\t\t\t\t\t\t\t\t\t\t\t\t\t\t\t<\/div>\n\t\t\t\t\t\t\t<div class=\"tb-hikingdays__ciphers\">\n\t\t\t\t\t\t\t\t\t\t\t\t\t\t\t\t\t<span><i class=\"fa-regular fa-arrows-left-right\"><\/i>14.3 km<\/span>\n\t\t\t\t\t\t\t\t\t\t\t\t\t\t\t\t\t\t\t\t\t\t\t\t\t\t\t\t\t\t\t\t\t<span><i class=\"fa-regular fa-arrow-up-right\"><\/i>1270 m <\/span>\n\t\t\t\t\t\t\t\t\t\t\t\t\t\t\t\t\t\t\t\t\t\t\t\t\t<span><i class=\"fa-regular fa-arrow-down-right fa-fw\"><\/i>460 m<\/span>\n\t\t\t\t\t\t\t\t\t\t\t\t\t\t\t\t\t\t\t\t\t\t\t<\/div>\n\t\t\t\t\t\t<\/div>\n\n\t\t\t\t\t\t\t\t\t\t<div class=\"tb-hikingdays__list-item\">\n\t\t\t\t\t\t\t<div class=\"tb-hikingdays__day\">\n\t\t\t\t\t\t\t\tDay 4\t\t\t\t\t\t\t<\/div>\n\t\t\t\t\t\t\t<div class=\"tb-hikingdays__info\">\n\t\t\t\t\t\t\t\t\t\t\t\t\t\t\t\t\t<span>Pico Ruivo<\/span>\n\t\t\t\t\t\t\t\t\t\t\t\t\t\t\t\t\t\t\t\t\t\t\t\t\t<i class=\"fa-regular fa-arrow-right\"><\/i>\n\t\t\t\t\t\t\t\t\t<span>Santana<\/span>\n\t\t\t\t\t\t\t\t\t\t\t\t\t\t\t<\/div>\n\t\t\t\t\t\t\t<div class=\"tb-hikingdays__ciphers\">\n\t\t\t\t\t\t\t\t\t\t\t\t\t\t\t\t\t<span><i class=\"fa-regular fa-arrows-left-right\"><\/i>14 km<\/span>\n\t\t\t\t\t\t\t\t\t\t\t\t\t\t\t\t\t\t\t\t\t\t\t\t\t\t\t\t\t\t\t\t\t<span><i class=\"fa-regular fa-arrow-up-right\"><\/i>140 m<\/span>\n\t\t\t\t\t\t\t\t\t\t\t\t\t\t\t\t\t\t\t\t\t\t\t\t\t<span><i class=\"fa-regular fa-arrow-down-right fa-fw\"><\/i>1380 m<\/span>\n\t\t\t\t\t\t\t\t\t\t\t\t\t\t\t\t\t\t\t\t\t\t\t<\/div>\n\t\t\t\t\t\t<\/div>\n\n\t\t\t\t\t\t\t\t\t\t<div class=\"tb-hikingdays__list-item\">\n\t\t\t\t\t\t\t<div class=\"tb-hikingdays__day\">\n\t\t\t\t\t\t\t\tDay 5\t\t\t\t\t\t\t<\/div>\n\t\t\t\t\t\t\t<div class=\"tb-hikingdays__info\">\n\t\t\t\t\t\t\t\t\t\t\t\t\t\t\t\t\t<span>Porto da Cruz<\/span>\n\t\t\t\t\t\t\t\t\t\t\t\t\t\t\t\t\t\t\t\t\t\t\t\t\t<i class=\"fa-regular fa-arrow-right\"><\/i>\n\t\t\t\t\t\t\t\t\t<span>Machico<\/span>\n\t\t\t\t\t\t\t\t\t\t\t\t\t\t\t<\/div>\n\t\t\t\t\t\t\t<div class=\"tb-hikingdays__ciphers\">\n\t\t\t\t\t\t\t\t\t\t\t\t\t\t\t\t\t<span><i class=\"fa-regular fa-arrows-left-right\"><\/i>16 km <\/span>\n\t\t\t\t\t\t\t\t\t\t\t\t\t\t\t\t\t\t\t\t\t\t\t\t\t\t\t\t\t\t\t\t\t<span><i class=\"fa-regular fa-arrow-up-right\"><\/i>690 m<\/span>\n\t\t\t\t\t\t\t\t\t\t\t\t\t\t\t\t\t\t\t\t\t\t\t\t\t<span><i class=\"fa-regular fa-arrow-down-right fa-fw\"><\/i>680 m<\/span>\n\t\t\t\t\t\t\t\t\t\t\t\t\t\t\t\t\t\t\t\t\t\t\t<\/div>\n\t\t\t\t\t\t<\/div>\n\n\t\t\t\t\n\t\t\t<\/div>\n\n\t\t<\/div>\n\n\t\t\t<\/div>\n<\/div>\n\n\n\n\n<div class=\"tb-practicalv2 tb-block align-none background-light pattern-none variant-none tb-collapsible-margins\" id=\"practical\">\n\t<div class=\"inner-block tb-fade-in\">\n\t\t<div class=\"tb-practicalv2__intro\">\n\t\t\t<h2 class=\"tb-practicalv2__title\">Practical information<\/h2>\n\t\t\t\t<div class=\"translation-block\"><p>Here is all the information you need for your trip.<\/p><p>Still have questions? Check out the <a href=\"#faq\">most frequently asked questions<\/a>.<\/p><\/div>\n\t\t\t<\/div>\n\t<\/div>\n\t<div class=\"tb-practicalv2__container inner-block tb-fade-in\">\n\t\t<ul class=\"tb-practicalv2__nav\">\n\t\t\t\t\t\t\t<li class=\"tb-practicalv2__nav-item\">\n\t\t\t\t\t\t\t\t\t\t\t\t\t\t\t<i class=\"icon fa-solid fa-check fa-fw\" aria-hidden=\"true\"><\/i>\n\t\t\t\t\t\t\t\t\t\t\t\t\t<a class=\"tb-practicalv2__nav-link\" href=\"#included\">\n\t\t\t\t\t\tIncluded\t\t\t\t\t<\/a>\n\t\t\t\t<\/li>\n\t\t\t\t\t\t\t<li class=\"tb-practicalv2__nav-item\">\n\t\t\t\t\t\t\t\t\t\t\t\t\t\t\t<i class=\"icon fa-solid fa-bed fa-fw\" aria-hidden=\"true\"><\/i>\n\t\t\t\t\t\t\t\t\t\t\t\t\t<a class=\"tb-practicalv2__nav-link\" href=\"#stays\">\n\t\t\t\t\t\tStays\t\t\t\t\t<\/a>\n\t\t\t\t<\/li>\n\t\t\t\t\t\t\t<li class=\"tb-practicalv2__nav-item\">\n\t\t\t\t\t\t\t\t\t\t\t\t\t\t\t<i class=\"icon fa-solid fa-van-shuttle fa-fw\" aria-hidden=\"true\"><\/i>\n\t\t\t\t\t\t\t\t\t\t\t\t\t<a class=\"tb-practicalv2__nav-link\" href=\"#navette\">\n\t\t\t\t\t\tShuttle\t\t\t\t\t<\/a>\n\t\t\t\t<\/li>\n\t\t\t\t\t\t\t<li class=\"tb-practicalv2__nav-item\">\n\t\t\t\t\t\t\t\t\t\t\t\t\t\t\t<i class=\"icon fa-solid fa-person-hiking fa-fw\" aria-hidden=\"true\"><\/i>\n\t\t\t\t\t\t\t\t\t\t\t\t\t<a class=\"tb-practicalv2__nav-link\" href=\"#autoguide\">\n\t\t\t\t\t\tSelf-guided\t\t\t\t\t<\/a>\n\t\t\t\t<\/li>\n\t\t\t\t\t\t\t<li class=\"tb-practicalv2__nav-item\">\n\t\t\t\t\t\t\t\t\t\t\t\t\t\t\t<i class=\"icon fa-solid fa-circle-info fa-fw\" aria-hidden=\"true\"><\/i>\n\t\t\t\t\t\t\t\t\t\t\t\t\t<a class=\"tb-practicalv2__nav-link\" href=\"#application-travelbase\">\n\t\t\t\t\t\tTravelbase App\t\t\t\t\t<\/a>\n\t\t\t\t<\/li>\n\t\t\t\t\t<\/ul>\n\t\t<div class=\"tb-practicalv2__categories\">\n\t\t\t\t\t\t\t<details class=\"tb-practicalv2__category tb-practicalv2__category--included\" id=\"included\" open-on-mobile open>\n\t\t\t\t\t<summary class=\"tb-practicalv2__category-toggle\">\n\t\t\t\t\t\t\t\t\t\t\t\t\t\t\t\t\t<i class=\"icon fa-solid fa-check tb-style-block fa-fw\" aria-hidden=\"true\"><\/i>\n\t\t\t\t\t\t\t\t\t\t\t\t\t\t\t<span class=\"tb-practicalv2__category-name\">\n\t\t\t\t\t\t\tIncluded\t\t\t\t\t\t<\/span>\n\t\t\t\t\t<\/summary>\n\t\t\t\t\t<div class=\"tb-practicalv2__category-content\">\n\t\t\t\t\t\t\t\t\t\t\t\t\t<div class=\"tb-practicalv2__category-default-content\">\n\t\t\t\t\t\t\t\t\t\t\t\t\t\t\t\t\t<ul class=\"tb-practicalv2__meta\">\n\t\t\t\t\t\t\t\t\t\t\t\t\t\t\t\t\t\t\t\t\t<li class=\"tb-practicalv2__meta-item\">\n\t\t\t\t\t\t\t\t\t\t\t\t<i class=\"fa fa-regular fa-tag\"><\/i>\n\t\t\t\t\t\t\t\t\t\t\t\t<span>Prix Early Bird : 830\u20ac<\/span>\n\t\t\t\t\t\t\t\t\t\t\t<\/li>\n\t\t\t\t\t\t\t\t\t\t\t\t\t\t\t\t\t\t\t\t\t\t\t\t\t\t\t\t\t\t\t<li class=\"tb-practicalv2__meta-item\">\n\t\t\t\t\t\t\t\t\t\t\t\t<i class=\"fa fa-regular fa-calendar\"><\/i>\n\t\t\t\t\t\t\t\t\t\t\t\t<span><p>Spring 2027<\/p>\n<\/span>\n\t\t\t\t\t\t\t\t\t\t\t<\/li>\n\t\t\t\t\t\t\t\t\t\t\t\t\t\t\t\t\t\t\t<\/ul>\n\t\t\t\t\t\t\t\t\t\t\n\t\t\t\t\t\t\t\t\t\t\t\t\t\t\t\t\t<ul class=\"tb-practicalv2__icon-list\">\n\t\t\t\t\t\t\t\t\t\t\t\t\t\t\t\t\t\t\t\t\t<li class=\"tb-practicalv2__icon-item\">\n\t\t\t\t\t\t\t\t\t\t\t\t\t\t\t\t\t\t\t\t\t\t\t\t\t<div>\n\t\t\t\t\t\t\t\t\t\t\t\t\t\t\t\t\t\t<i class=\"icon fa-regular fa-calendar fa-fw\" aria-hidden=\"true\"><\/i>\n\t\t\t\t\t\t\t\t\t\t\t\t\t\t\t\t<\/div>\n\t\t\t\t\t\t\t\t\t\t\t\t\t\t\t\t\t\t\t\t\t\t\t\t\t<div class=\"translation-block\"><p>The spring edition will take place <strong>from March 29 to June 4, 2027<\/strong>. You can check all the specific dates via the calendar at the bottom of the page or by clicking <a href=\"https:\/\/madeiratrail.eu\/fr\/#join\">here.<\/a><\/p><p><strong>Note, the hike starts the next day.<\/strong> <i>For example, if you choose the week from March 29 to April 4, you'll start hiking on March 30. The hotel option in Funchal will be for March 29, your arrival day.<\/i><\/p><\/div>\n\t\t\t\t\t\t\t\t\t\t\t\t<\/li>\n\t\t\t\t\t\t\t\t\t\t\t\t\t\t\t\t\t\t\t\t\t<li class=\"tb-practicalv2__icon-item\">\n\t\t\t\t\t\t\t\t\t\t\t\t\t\t\t\t\t\t\t\t\t\t\t\t\t<div>\n\t\t\t\t\t\t\t\t\t\t\t\t\t\t\t\t\t\t<i class=\"icon fa-regular fa-circle-check fa-fw\" aria-hidden=\"true\"><\/i>\n\t\t\t\t\t\t\t\t\t\t\t\t\t\t\t\t<\/div>\n\t\t\t\t\t\t\t\t\t\t\t\t\t\t\t\t\t\t\t\t\t\t\t\t\t<div class=\"translation-block\"><ul><li>A detailed itinerary and all the organization for your stay<\/li><li>3 nights in a comfortable hotel, breakfast included<\/li><li>1 night in a cozy cottage, breakfast included<\/li><li>1 unique night in a mountain lodge, breakfast included<\/li><li>Tourist tax for accommodations<\/li><li>Shuttle transfer from Funchal to the trek starting point (day 1)<\/li><li>Shuttle transfer from the hotel in Santana to Porto da Cruz (day 5)<\/li><li>Welcome and briefing by an experienced ranger<\/li><li>A complete gear list so you don't forget anything<\/li><li>Goodies from the Madeira Trail<\/li><li>The Travelbase app with all the information you need<\/li><\/ul><\/div>\n\t\t\t\t\t\t\t\t\t\t\t\t<\/li>\n\t\t\t\t\t\t\t\t\t\t\t\t\t\t\t\t\t\t\t<\/ul>\n\t\t\t\t\t\t\t\t\n\t\t\t\t\t\t\t\t\n\t\t\t\t\t\t\t\t\t\t\t\t\t\t\t\t\t\t\t<a href=\"#join\"  target=\"\" class=\"tb-button\">\n\t\t\tPreregister | spring 2027\t\t<\/a>\n\t\t\t\t\t\t\t\t\t\t\t\t\t\t\t\t\t<\/div>\n\t\t\t\t\t\t\t\n\t\t\t\t\t\t\t\t\t\t\t\t\t\t\t<div class=\"tb-practicalv2__info-extra\">\n\t\t\t\t\t\t\t\t\t\t\t\t\t\t\t\t\t\t\t\t<div class=\"translation-block\"><p>You can add options to your stay, <a href=\"http:\/\/madeiratrail.eu\/#options\">click here to check them out<\/a>.<\/p><\/div>\n\t\t\t\t\t\t\t\t\t\t\t\t\t\n\t\t\t\t\t\t\t\t\t\t\t\t\t\t\t\t\t<\/div>\n\t\t\t\t\t\t\t\t\t\t\t\t\t\t\t\t\t\t<\/div>\n\t\t\t\t<\/details>\n\t\t\t\t\t\t\t<details class=\"tb-practicalv2__category tb-practicalv2__category--stays\" id=\"stays\"  open>\n\t\t\t\t\t<summary class=\"tb-practicalv2__category-toggle\">\n\t\t\t\t\t\t\t\t\t\t\t\t\t\t\t\t\t<i class=\"icon fa-solid fa-bed tb-style-block fa-fw\" aria-hidden=\"true\"><\/i>\n\t\t\t\t\t\t\t\t\t\t\t\t\t\t\t<span class=\"tb-practicalv2__category-name\">\n\t\t\t\t\t\t\tStays\t\t\t\t\t\t<\/span>\n\t\t\t\t\t<\/summary>\n\t\t\t\t\t<div class=\"tb-practicalv2__category-content\">\n\t\t\t\t\t\t\t\t\t\t\t\t\t<div class=\"tb-practicalv2__category-default-content\">\n\t\t\t\t\t\t\t\t\t\t\n\t\t\t\t\t\t\t\t\t\t\t\t\t\t\t\t\t<ul class=\"tb-practicalv2__icon-list\">\n\t\t\t\t\t\t\t\t\t\t\t\t\t\t\t\t\t\t\t\t\t<li class=\"tb-practicalv2__icon-item\">\n\t\t\t\t\t\t\t\t\t\t\t\t\t\t\t\t\t\t\t\t\t\t\t\t\t<div class=\"translation-block\"><p>We have carefully selected each accommodation so you can stay close to the trail while enjoying <strong>a true escape in nature<\/strong>, without giving up on comfort.<\/p><p>You will alternate between hotels and a lodge during the week. <strong>In the hotels<\/strong>, you'll stay <strong>in a double room<\/strong>*. At the <strong>lodge<\/strong>, you'll sleep <strong>in a shared room<\/strong> (maximum 4 people) with other participants.<\/p><\/div>\n\t\t\t\t\t\t\t\t\t\t\t\t<\/li>\n\t\t\t\t\t\t\t\t\t\t\t\t\t\t\t\t\t\t\t<\/ul>\n\t\t\t\t\t\t\t\t\n\t\t\t\t\t\t\t\t\n\t\t\t\t\t\t\t\t\t\t\t\t\t\t\t<\/div>\n\t\t\t\t\t\t\t\n\t\t\t\t\t\t\t\t\t\t\t\t\t\t\t<div class=\"tb-practicalv2__info-extra\">\n\t\t\t\t\t\t\t\t\t\t\t\t\t\t\t\t\t\t\t\t<div class=\"translation-block\"><p><i>*If you are traveling alone, you will share a double room with another participant (separate beds). We do our best to group people of the same gender, but we can't guarantee it. If you are traveling in an odd-numbered group, one person from the group will be placed in a room with a solo traveler.<\/i><\/p><p><i>-&gt; At the explicit request of participants and subject to availability, it's possible to assign a triple room for a group of three people (for an additional fee). Please note that this option is only available if the request has been made in advance.<\/i><\/p><\/div>\n\t\t\t\t\t\t\t\t\t\t\t\t\t\n\t\t\t\t\t\t\t\t\t\t\t\t\t\t\t\t\t<\/div>\n\t\t\t\t\t\t\t\t\t\t\t\t\t\t\t\t\t\t<\/div>\n\t\t\t\t<\/details>\n\t\t\t\t\t\t\t<details class=\"tb-practicalv2__category tb-practicalv2__category--custom\" id=\"navette\"  open>\n\t\t\t\t\t<summary class=\"tb-practicalv2__category-toggle\">\n\t\t\t\t\t\t\t\t\t\t\t\t\t\t\t\t\t<i class=\"icon fa-solid fa-van-shuttle tb-style-block fa-fw\" aria-hidden=\"true\"><\/i>\n\t\t\t\t\t\t\t\t\t\t\t\t\t\t\t<span class=\"tb-practicalv2__category-name\">\n\t\t\t\t\t\t\tShuttle\t\t\t\t\t\t<\/span>\n\t\t\t\t\t<\/summary>\n\t\t\t\t\t<div class=\"tb-practicalv2__category-content\">\n\t\t\t\t\t\t\t\t\t\t\t\t\t<div class=\"tb-practicalv2__category-default-content\">\n\t\t\t\t\t\t\t\t\t\t\n\t\t\t\t\t\t\t\t\t\t\t\t\t\t\t\t\t<ul class=\"tb-practicalv2__icon-list\">\n\t\t\t\t\t\t\t\t\t\t\t\t\t\t\t\t\t\t\t\t\t<li class=\"tb-practicalv2__icon-item\">\n\t\t\t\t\t\t\t\t\t\t\t\t\t\t\t\t\t\t\t\t\t\t\t\t\t<div class=\"translation-block\"><p>A shuttle will take you from Funchal to the start of the trek.<\/p><p>This <strong>starts at 9 AM<\/strong>, so please be on time at the meeting point if you haven't booked your first night with us.<\/p><\/div>\n\t\t\t\t\t\t\t\t\t\t\t\t<\/li>\n\t\t\t\t\t\t\t\t\t\t\t\t\t\t\t\t\t\t\t<\/ul>\n\t\t\t\t\t\t\t\t\n\t\t\t\t\t\t\t\t\n\t\t\t\t\t\t\t\t\t\t\t\t\t\t\t<\/div>\n\t\t\t\t\t\t\t\n\t\t\t\t\t\t\t\t\t\t\t\t\t\t\t\t\t\t<\/div>\n\t\t\t\t<\/details>\n\t\t\t\t\t\t\t<details class=\"tb-practicalv2__category tb-practicalv2__category--custom\" id=\"autoguide\"  open>\n\t\t\t\t\t<summary class=\"tb-practicalv2__category-toggle\">\n\t\t\t\t\t\t\t\t\t\t\t\t\t\t\t\t\t<i class=\"icon fa-solid fa-person-hiking tb-style-block fa-fw\" aria-hidden=\"true\"><\/i>\n\t\t\t\t\t\t\t\t\t\t\t\t\t\t\t<span class=\"tb-practicalv2__category-name\">\n\t\t\t\t\t\t\tSelf-guided\t\t\t\t\t\t<\/span>\n\t\t\t\t\t<\/summary>\n\t\t\t\t\t<div class=\"tb-practicalv2__category-content\">\n\t\t\t\t\t\t\t\t\t\t\t\t\t<div class=\"tb-practicalv2__category-default-content\">\n\t\t\t\t\t\t\t\t\t\t\n\t\t\t\t\t\t\t\t\t\t\t\t\t\t\t\t\t<ul class=\"tb-practicalv2__icon-list\">\n\t\t\t\t\t\t\t\t\t\t\t\t\t\t\t\t\t\t\t\t\t<li class=\"tb-practicalv2__icon-item\">\n\t\t\t\t\t\t\t\t\t\t\t\t\t\t\t\t\t\t\t\t\t\t\t\t\t<div class=\"translation-block\"><p>This trek is self-guided. That means you have complete freedom to explore the trail on your own. The benefit? You can hike with peace of mind, as everything has been organized for you: from a beautiful hiking route to unique places to sleep.<\/p><p>On the first day, our ranger will greet you in person for a complete departure briefing. Throughout your adventure, they will be reachable by phone if needed and will send you a detailed update each day via message. With the Travelbase app, which gathers your itinerary and all the practical information carefully prepared, you\u2019ll embark on the trek with complete independence and safety.<\/p><\/div>\n\t\t\t\t\t\t\t\t\t\t\t\t<\/li>\n\t\t\t\t\t\t\t\t\t\t\t\t\t\t\t\t\t\t\t<\/ul>\n\t\t\t\t\t\t\t\t\n\t\t\t\t\t\t\t\t\n\t\t\t\t\t\t\t\t\t\t\t\t\t\t\t<\/div>\n\t\t\t\t\t\t\t\n\t\t\t\t\t\t\t\t\t\t\t\t\t\t\t\t\t\t<\/div>\n\t\t\t\t<\/details>\n\t\t\t\t\t\t\t<details class=\"tb-practicalv2__category tb-practicalv2__category--custom\" id=\"application-travelbase\"  open>\n\t\t\t\t\t<summary class=\"tb-practicalv2__category-toggle\">\n\t\t\t\t\t\t\t\t\t\t\t\t\t\t\t\t\t<i class=\"icon fa-solid fa-circle-info tb-style-block fa-fw\" aria-hidden=\"true\"><\/i>\n\t\t\t\t\t\t\t\t\t\t\t\t\t\t\t<span class=\"tb-practicalv2__category-name\">\n\t\t\t\t\t\t\tTravelbase App\t\t\t\t\t\t<\/span>\n\t\t\t\t\t<\/summary>\n\t\t\t\t\t<div class=\"tb-practicalv2__category-content\">\n\t\t\t\t\t\t\t\t\t\t\t\t\t<div class=\"tb-practicalv2__category-default-content\">\n\t\t\t\t\t\t\t\t\t\t\n\t\t\t\t\t\t\t\t\t\t\t\t\t\t\t\t\t<ul class=\"tb-practicalv2__icon-list\">\n\t\t\t\t\t\t\t\t\t\t\t\t\t\t\t\t\t\t\t\t\t<li class=\"tb-practicalv2__icon-item\">\n\t\t\t\t\t\t\t\t\t\t\t\t\t\t\t\t\t\t\t\t\t\t\t\t\t<div class=\"translation-block\"><p>After your booking, you will have access to <a href=\"https:\/\/madeiratrail.eu\/en\/app\/\" target=\"_blank\">the Travelbase app<\/a>. There, you'll find <strong>all the practical information<\/strong> before, during, and after your trip: tips, tricks, and everything you\u2019ll need along the way. The app is both your digital guide and your preparation tool. Install it before you leave so you have all the info at your fingertips.<\/p><\/div>\n\t\t\t\t\t\t\t\t\t\t\t\t<\/li>\n\t\t\t\t\t\t\t\t\t\t\t\t\t\t\t\t\t\t\t<\/ul>\n\t\t\t\t\t\t\t\t\n\t\t\t\t\t\t\t\t\n\t\t\t\t\t\t\t\t\t\t\t\t\t\t\t<\/div>\n\t\t\t\t\t\t\t\n\t\t\t\t\t\t\t\t\t\t\t\t\t\t\t\t\t\t<\/div>\n\t\t\t\t<\/details>\n\t\t\t\t\t<\/div>\n\t<\/div>\n<\/div>\n\n\n<div class=\"tb-highlights tb-block align-center background-light pattern-none variant-none tb-collapsible-margins\" id=\"options\">\n\t<div class=\"inner-block tb-fade-in tb-fade-in--subtle\">\n\t\t<div class=\"text-part\">\n\t\t\t<h2>Options<\/h2>\n\t\t\t\t<div class=\"translation-block\"><p>When booking, you can choose to add the following options to your stay in Madeira.<\/p><\/div>\n\t\t\t\t\t<div class=\"section-toggler\">\n\t\t<div class=\"section-toggler__inner\">\n\t\t\t<div class=\"section-toggler__toggles-wrapper\">\n\t\t\t\t<div class=\"section-toggler__toggles\">\n\t\t\t\t\t\t\t\t\t\t\t<input type=\"radio\" name=\"options-section\" value=\"options-section-0\" id=\"options-section-0-label\" checked class=\"\" \/>\n\t\t\t\t\t\t<label for=\"options-section-0-label\" data-target-id=\"options-section-0\" class=\"\">\n\t\t\t\t\t\t\tHotel\t\t\t\t\t\t\t\t\t\t\t\t\t<\/label>\n\t\t\t\t\t\t\t\t\t\t\t<input type=\"radio\" name=\"options-section\" value=\"options-section-1\" id=\"options-section-1-label\"  class=\"\" \/>\n\t\t\t\t\t\t<label for=\"options-section-1-label\" data-target-id=\"options-section-1\" class=\"\">\n\t\t\t\t\t\t\tFood\t\t\t\t\t\t\t\t\t\t\t\t\t<\/label>\n\t\t\t\t\t\t\t\t\t\t\t<input type=\"radio\" name=\"options-section\" value=\"options-section-2\" id=\"options-section-2-label\"  class=\"\" \/>\n\t\t\t\t\t\t<label for=\"options-section-2-label\" data-target-id=\"options-section-2\" class=\"\">\n\t\t\t\t\t\t\tMaterial\t\t\t\t\t\t\t\t\t\t\t\t\t<\/label>\n\t\t\t\t\t\t\t\t\t\t\t<input type=\"radio\" name=\"options-section\" value=\"options-section-3\" id=\"options-section-3-label\"  class=\"\" \/>\n\t\t\t\t\t\t<label for=\"options-section-3-label\" data-target-id=\"options-section-3\" class=\"\">\n\t\t\t\t\t\t\tInsurance\t\t\t\t\t\t\t\t\t\t\t\t\t<\/label>\n\t\t\t\t\t\t\t\t\t\t\t<input type=\"radio\" name=\"options-section\" value=\"options-section-4\" id=\"options-section-4-label\"  class=\"\" \/>\n\t\t\t\t\t\t<label for=\"options-section-4-label\" data-target-id=\"options-section-4\" class=\"\">\n\t\t\t\t\t\t\tLuggage transport\t\t\t\t\t\t\t\t\t\t\t\t\t<\/label>\n\t\t\t\t\t\t\t\t\t<\/div>\n\t\t\t<\/div>\n\t\t<\/div>\n\t<\/div>\n\t\t\t<\/div>\n\t<\/div>\n\t\t\t<div class=\"tb-sections tb-fade-in tb-fade-in--subtle\">\n\t\t\t\t\t\t\t\t\t\t\t\t\t<div class=\"inner-block-full-width has-tb-carousel tb-section\" id=\"options-section-0\">\n\t\t<div class=\"tb-carousel-container\">\n\t\t\t<div class=\"entries tb-cards\" data-slider-first=\"1\">\n\t\t\t\t\t\t\t\t\t\t\t\t\t\t\t<div class=\"tb-card entry tb-popup-trigger desktop-only-popup\">\n\t\t\t\t\t\t\t<div class=\"tb-image-part desktop\">\n\t\t\t\t\t\t\t\t<img src='https:\/\/mat.travelblox.eu\/wp-content\/smush-webp\/sites\/68\/2024\/09\/Siliquini-TheMadeiraTrail-240322-1575.jpg.webp' width='2048' height='1365' alt='Hotel with pool' srcset='https:\/\/mat.travelblox.eu\/wp-content\/smush-webp\/sites\/68\/2024\/09\/Siliquini-TheMadeiraTrail-240322-1575.jpg.webp 2048w, https:\/\/mat.travelblox.eu\/wp-content\/smush-webp\/sites\/68\/2024\/09\/Siliquini-TheMadeiraTrail-240322-1575-300x200.jpg.webp 300w, https:\/\/mat.travelblox.eu\/wp-content\/smush-webp\/sites\/68\/2024\/09\/Siliquini-TheMadeiraTrail-240322-1575-1024x683.jpg.webp 1024w, https:\/\/mat.travelblox.eu\/wp-content\/smush-webp\/sites\/68\/2024\/09\/Siliquini-TheMadeiraTrail-240322-1575-768x512.jpg.webp 768w, https:\/\/mat.travelblox.eu\/wp-content\/smush-webp\/sites\/68\/2024\/09\/Siliquini-TheMadeiraTrail-240322-1575-1536x1024.jpg.webp 1536w, https:\/\/mat.travelblox.eu\/wp-content\/smush-webp\/sites\/68\/2024\/09\/Siliquini-TheMadeiraTrail-240322-1575-18x12.jpg.webp 18w' sizes=\"auto, (max-width: 2048px) 100vw, 2048px\" style='object-position:50% 50%' loading='lazy' decoding='async' data-smush-webp-fallback=\"{&quot;src&quot;:&quot;https:\\\/\\\/mat.travelblox.eu\\\/wp-content\\\/uploads\\\/sites\\\/68\\\/2024\\\/09\\\/Siliquini-TheMadeiraTrail-240322-1575.jpg&quot;,&quot;srcset&quot;:&quot;https:\\\/\\\/mat.travelblox.eu\\\/wp-content\\\/uploads\\\/sites\\\/68\\\/2024\\\/09\\\/Siliquini-TheMadeiraTrail-240322-1575.jpg 2048w, https:\\\/\\\/mat.travelblox.eu\\\/wp-content\\\/uploads\\\/sites\\\/68\\\/2024\\\/09\\\/Siliquini-TheMadeiraTrail-240322-1575-300x200.jpg 300w, https:\\\/\\\/mat.travelblox.eu\\\/wp-content\\\/uploads\\\/sites\\\/68\\\/2024\\\/09\\\/Siliquini-TheMadeiraTrail-240322-1575-1024x683.jpg 1024w, https:\\\/\\\/mat.travelblox.eu\\\/wp-content\\\/uploads\\\/sites\\\/68\\\/2024\\\/09\\\/Siliquini-TheMadeiraTrail-240322-1575-768x512.jpg 768w, https:\\\/\\\/mat.travelblox.eu\\\/wp-content\\\/uploads\\\/sites\\\/68\\\/2024\\\/09\\\/Siliquini-TheMadeiraTrail-240322-1575-1536x1024.jpg 1536w, https:\\\/\\\/mat.travelblox.eu\\\/wp-content\\\/uploads\\\/sites\\\/68\\\/2024\\\/09\\\/Siliquini-TheMadeiraTrail-240322-1575-18x12.jpg 18w&quot;}\">\t\t\t\t\t\t\t\t\t\t\t\t\t\t\t\t\t\t\t\t\t\t\t\t\t<div class=\"price tiny-body-font desktop translation-block\"><p>\u20ac95<\/p><\/div>\t\t\t\t\t\t\t<\/div>\n\t\t\t\t\t\t\t<div class=\"tb-image-part mobile\">\n\t\t\t\t\t\t\t\t<img src='https:\/\/mat.travelblox.eu\/wp-content\/smush-webp\/sites\/68\/2024\/09\/Siliquini-TheMadeiraTrail-240322-1575-768x512.jpg.webp' width='768' height='512' alt='Hotel with pool' srcset='https:\/\/mat.travelblox.eu\/wp-content\/smush-webp\/sites\/68\/2024\/09\/Siliquini-TheMadeiraTrail-240322-1575-768x512.jpg.webp 768w, https:\/\/mat.travelblox.eu\/wp-content\/smush-webp\/sites\/68\/2024\/09\/Siliquini-TheMadeiraTrail-240322-1575-300x200.jpg.webp 300w, https:\/\/mat.travelblox.eu\/wp-content\/smush-webp\/sites\/68\/2024\/09\/Siliquini-TheMadeiraTrail-240322-1575-1024x683.jpg.webp 1024w, https:\/\/mat.travelblox.eu\/wp-content\/smush-webp\/sites\/68\/2024\/09\/Siliquini-TheMadeiraTrail-240322-1575-1536x1024.jpg.webp 1536w, https:\/\/mat.travelblox.eu\/wp-content\/smush-webp\/sites\/68\/2024\/09\/Siliquini-TheMadeiraTrail-240322-1575-18x12.jpg.webp 18w, https:\/\/mat.travelblox.eu\/wp-content\/smush-webp\/sites\/68\/2024\/09\/Siliquini-TheMadeiraTrail-240322-1575.jpg.webp 2048w' sizes=\"auto, (max-width: 768px) 100vw, 768px\" style='object-position:50% 50%' loading='lazy' decoding='async' data-smush-webp-fallback=\"{&quot;src&quot;:&quot;https:\\\/\\\/mat.travelblox.eu\\\/wp-content\\\/uploads\\\/sites\\\/68\\\/2024\\\/09\\\/Siliquini-TheMadeiraTrail-240322-1575-768x512.jpg&quot;,&quot;srcset&quot;:&quot;https:\\\/\\\/mat.travelblox.eu\\\/wp-content\\\/uploads\\\/sites\\\/68\\\/2024\\\/09\\\/Siliquini-TheMadeiraTrail-240322-1575-768x512.jpg 768w, https:\\\/\\\/mat.travelblox.eu\\\/wp-content\\\/uploads\\\/sites\\\/68\\\/2024\\\/09\\\/Siliquini-TheMadeiraTrail-240322-1575-300x200.jpg 300w, https:\\\/\\\/mat.travelblox.eu\\\/wp-content\\\/uploads\\\/sites\\\/68\\\/2024\\\/09\\\/Siliquini-TheMadeiraTrail-240322-1575-1024x683.jpg 1024w, https:\\\/\\\/mat.travelblox.eu\\\/wp-content\\\/uploads\\\/sites\\\/68\\\/2024\\\/09\\\/Siliquini-TheMadeiraTrail-240322-1575-1536x1024.jpg 1536w, https:\\\/\\\/mat.travelblox.eu\\\/wp-content\\\/uploads\\\/sites\\\/68\\\/2024\\\/09\\\/Siliquini-TheMadeiraTrail-240322-1575-18x12.jpg 18w, https:\\\/\\\/mat.travelblox.eu\\\/wp-content\\\/uploads\\\/sites\\\/68\\\/2024\\\/09\\\/Siliquini-TheMadeiraTrail-240322-1575.jpg 2048w&quot;}\">\t\t\t\t\t\t\t\t\t\t\t\t\t\t\t<\/div>\n\t\t\t\t\t\t\t<div class=\"tb-card-content\">\n\t\t\t\t\t\t\t\t<h5>\n\t\t\t\t\t\t\t\t\t\t\t\t\t<i class=\"icon fa-kit fa-tb-icon-hotel fa-fw\" aria-hidden=\"true\"><\/i>\n\t\t\t\t\t\t\t\t\t\t\t\t<span>Hotel for your arrival night<\/span>\n\t\t\t\t\t\t\t\t<\/h5>\n\t\t\t\t\t\t\t\t\t\t\t\t\t\t\t\t\t<div class=\"price tiny-body-font mobile\"><p>95 \u20ac<\/p><\/div>\t\t\t\t\t\t\t\t<div class=\"content readmore-content content--clamped\">\t<div class=\"translation-block\"><p>To ensure you start your trek with peace of mind, we offer <strong>an optional night in Funchal<\/strong> <strong>for your arrival day.<\/strong><\/p><p><i><strong>Note: this night corresponds exactly to the first day of the session you have booked.<\/strong><\/i> For example, if your stay is booked from March 29 to April 4, the arrival day and the optional night will be on March 29 (not March 28), with the trek starting on the morning of March 30.<\/p><p>This option allows you to stay at the <strong>Enotel Magnolia 4*<\/strong>, a comfortable hotel that includes breakfast along with access to the pool and wellness area.<\/p><p>As with the other nights of your stay, if you're traveling solo, you will share the room with another participant. We try to group by gender whenever possible, but we can't guarantee it.<\/p><p>We offer this as an option for those who are already in Madeira or prefer to book their own accommodation. If you choose not to take it, just join us the next morning <strong>at 8:30 AM<\/strong> in the lobby of the Enotel Magnolia <strong>for the briefing and shuttle departure.<\/strong><\/p><\/div>\n\t<\/div>\n\t\t\t\t\t\t\t\t\t\t\t\t\t\t\t\t<div class=\"readmore link js-readmore\">\n\t\t\t\t\t\t\t\t\t<span><i class=\"fa-solid fa-circle-plus\"><\/i><u>Read more<\/u><\/span>\n\t\t\t\t\t\t\t\t\t<span><i class=\"fa-solid fa-circle-minus\"><\/i><u>Read less<\/u><\/span>\n\t\t\t\t\t\t\t\t<\/div>\n\t\t\t\t\t\t\t\t\t\t\t\t\t\t\t\t<dialog class=\"tb-popup\">\n\t\t\t\t\t\t\t\t\t<div class=\"tb-highlights-popup\">\n\t\t\t\t\t\t\t\t\t\t<div class=\"tb-image-part\">\n\t\t\t\t\t\t\t\t\t\t\t<img src='https:\/\/mat.travelblox.eu\/wp-content\/smush-webp\/sites\/68\/2024\/09\/Siliquini-TheMadeiraTrail-240322-1575-768x512.jpg.webp' width='768' height='512' alt='Hotel with pool' srcset='https:\/\/mat.travelblox.eu\/wp-content\/smush-webp\/sites\/68\/2024\/09\/Siliquini-TheMadeiraTrail-240322-1575-768x512.jpg.webp 768w, https:\/\/mat.travelblox.eu\/wp-content\/smush-webp\/sites\/68\/2024\/09\/Siliquini-TheMadeiraTrail-240322-1575-300x200.jpg.webp 300w, https:\/\/mat.travelblox.eu\/wp-content\/smush-webp\/sites\/68\/2024\/09\/Siliquini-TheMadeiraTrail-240322-1575-1024x683.jpg.webp 1024w, https:\/\/mat.travelblox.eu\/wp-content\/smush-webp\/sites\/68\/2024\/09\/Siliquini-TheMadeiraTrail-240322-1575-1536x1024.jpg.webp 1536w, https:\/\/mat.travelblox.eu\/wp-content\/smush-webp\/sites\/68\/2024\/09\/Siliquini-TheMadeiraTrail-240322-1575-18x12.jpg.webp 18w, https:\/\/mat.travelblox.eu\/wp-content\/smush-webp\/sites\/68\/2024\/09\/Siliquini-TheMadeiraTrail-240322-1575.jpg.webp 2048w' sizes=\"auto, (max-width: 768px) 100vw, 768px\" style='object-position:50% 50%' loading='lazy' decoding='async' data-smush-webp-fallback=\"{&quot;src&quot;:&quot;https:\\\/\\\/mat.travelblox.eu\\\/wp-content\\\/uploads\\\/sites\\\/68\\\/2024\\\/09\\\/Siliquini-TheMadeiraTrail-240322-1575-768x512.jpg&quot;,&quot;srcset&quot;:&quot;https:\\\/\\\/mat.travelblox.eu\\\/wp-content\\\/uploads\\\/sites\\\/68\\\/2024\\\/09\\\/Siliquini-TheMadeiraTrail-240322-1575-768x512.jpg 768w, https:\\\/\\\/mat.travelblox.eu\\\/wp-content\\\/uploads\\\/sites\\\/68\\\/2024\\\/09\\\/Siliquini-TheMadeiraTrail-240322-1575-300x200.jpg 300w, https:\\\/\\\/mat.travelblox.eu\\\/wp-content\\\/uploads\\\/sites\\\/68\\\/2024\\\/09\\\/Siliquini-TheMadeiraTrail-240322-1575-1024x683.jpg 1024w, https:\\\/\\\/mat.travelblox.eu\\\/wp-content\\\/uploads\\\/sites\\\/68\\\/2024\\\/09\\\/Siliquini-TheMadeiraTrail-240322-1575-1536x1024.jpg 1536w, https:\\\/\\\/mat.travelblox.eu\\\/wp-content\\\/uploads\\\/sites\\\/68\\\/2024\\\/09\\\/Siliquini-TheMadeiraTrail-240322-1575-18x12.jpg 18w, https:\\\/\\\/mat.travelblox.eu\\\/wp-content\\\/uploads\\\/sites\\\/68\\\/2024\\\/09\\\/Siliquini-TheMadeiraTrail-240322-1575.jpg 2048w&quot;}\">\t\t\t\t\t\t\t\t\t\t<\/div>\n\t\t\t\t\t\t\t\t\t\t<div class=\"tb-popup-content\">\n\t\t\t\t\t\t\t\t\t\t\t<h3>Hotel for your arrival night<\/h3>\n\t\t\t\t\t\t\t\t\t\t\t<div class=\"content\">\t<div class=\"translation-block\"><p>To ensure you start your trek with peace of mind, we offer <strong>an optional night in Funchal<\/strong> <strong>for your arrival day.<\/strong><\/p><p><i><strong>Note: this night corresponds exactly to the first day of the session you have booked.<\/strong><\/i> For example, if your stay is booked from March 29 to April 4, the arrival day and the optional night will be on March 29 (not March 28), with the trek starting on the morning of March 30.<\/p><p>This option allows you to stay at the <strong>Enotel Magnolia 4*<\/strong>, a comfortable hotel that includes breakfast along with access to the pool and wellness area.<\/p><p>As with the other nights of your stay, if you're traveling solo, you will share the room with another participant. We try to group by gender whenever possible, but we can't guarantee it.<\/p><p>We offer this as an option for those who are already in Madeira or prefer to book their own accommodation. If you choose not to take it, just join us the next morning <strong>at 8:30 AM<\/strong> in the lobby of the Enotel Magnolia <strong>for the briefing and shuttle departure.<\/strong><\/p><\/div>\n\t<\/div>\n\t\t\t\t\t\t\t\t\t\t<\/div>\n\t\t\t\t\t\t\t\t\t<\/div>\n\t\t\t\t\t\t\t\t<\/dialog>\n\t\t\t\t\t\t\t<\/div>\n\t\t\t\t\t\t<\/div>\n\t\t\t\t\t\t\t\t\t\t\t\t\t<\/div>\n\t\t\t\t<div class=\"tb-carousel-nav\">\n\t\t<div class=\"dots\">\n\t\t\t<div class=\"dot active\"><\/div>\n\t\t\t<div class=\"dot\"><\/div>\n\t\t\t<div class=\"dot\"><\/div>\n\t\t<\/div>\n\t\t<div class=\"arrows\">\n\t\t\t<div class=\"prev disabled\">\n\t\t\t\t<span><i class=\"fa fa-chevron-left\"><\/i><\/span>\n\t\t\t<\/div>\n\t\t\t<div class=\"next\">\n\t\t\t\t<span><i class=\"fa fa-chevron-right\"><\/i><\/span>\n\t\t\t<\/div>\n\t\t<\/div>\n\t<\/div>\n\t\t\t<\/div>\n\t<\/div>\n\t\t\t\t\t\t\t\t\t\t\t\t\t\t\t\t\t\t<div class=\"inner-block-full-width has-tb-carousel tb-section\" id=\"options-section-1\"style=\"display:none;\">\n\t\t<div class=\"tb-carousel-container\">\n\t\t\t<div class=\"entries tb-cards\" data-slider-first=\"1\">\n\t\t\t\t\t\t\t\t\t\t\t\t\t\t\t<div class=\"tb-card entry tb-popup-trigger desktop-only-popup\">\n\t\t\t\t\t\t\t<div class=\"tb-image-part desktop\">\n\t\t\t\t\t\t\t\t<img src='https:\/\/mat.travelblox.eu\/wp-content\/smush-webp\/sites\/68\/2025\/11\/MAT25_DriesVdb_WEB-159-Grande-e1763483008427.jpeg.webp' width='1024' height='717' alt='Food in Madeira - Eating in Madeira - Food in Madeira - Food in Madeira' srcset='https:\/\/mat.travelblox.eu\/wp-content\/smush-webp\/sites\/68\/2025\/11\/MAT25_DriesVdb_WEB-159-Grande-e1763483008427.jpeg.webp 1024w, https:\/\/mat.travelblox.eu\/wp-content\/smush-webp\/sites\/68\/2025\/11\/MAT25_DriesVdb_WEB-159-Grande-e1763483008427-300x210.jpeg.webp 300w, https:\/\/mat.travelblox.eu\/wp-content\/smush-webp\/sites\/68\/2025\/11\/MAT25_DriesVdb_WEB-159-Grande-e1763483008427-768x538.jpeg.webp 768w, https:\/\/mat.travelblox.eu\/wp-content\/smush-webp\/sites\/68\/2025\/11\/MAT25_DriesVdb_WEB-159-Grande-e1763483008427-18x12.jpeg.webp 18w' sizes=\"auto, (max-width: 1024px) 100vw, 1024px\" style='object-position:50% 50%' loading='lazy' decoding='async' data-smush-webp-fallback=\"{&quot;src&quot;:&quot;https:\\\/\\\/mat.travelblox.eu\\\/wp-content\\\/uploads\\\/sites\\\/68\\\/2025\\\/11\\\/MAT25_DriesVdb_WEB-159-Grande-e1763483008427.jpeg&quot;,&quot;srcset&quot;:&quot;https:\\\/\\\/mat.travelblox.eu\\\/wp-content\\\/uploads\\\/sites\\\/68\\\/2025\\\/11\\\/MAT25_DriesVdb_WEB-159-Grande-e1763483008427.jpeg 1024w, https:\\\/\\\/mat.travelblox.eu\\\/wp-content\\\/uploads\\\/sites\\\/68\\\/2025\\\/11\\\/MAT25_DriesVdb_WEB-159-Grande-e1763483008427-300x210.jpeg 300w, https:\\\/\\\/mat.travelblox.eu\\\/wp-content\\\/uploads\\\/sites\\\/68\\\/2025\\\/11\\\/MAT25_DriesVdb_WEB-159-Grande-e1763483008427-768x538.jpeg 768w, https:\\\/\\\/mat.travelblox.eu\\\/wp-content\\\/uploads\\\/sites\\\/68\\\/2025\\\/11\\\/MAT25_DriesVdb_WEB-159-Grande-e1763483008427-18x12.jpeg 18w&quot;}\">\t\t\t\t\t\t\t\t\t\t\t\t\t\t\t\t\t\t\t\t\t\t\t\t\t<div class=\"price tiny-body-font desktop translation-block\"><p>139 \u20ac<\/p><\/div>\t\t\t\t\t\t\t<\/div>\n\t\t\t\t\t\t\t<div class=\"tb-image-part mobile\">\n\t\t\t\t\t\t\t\t<img src='https:\/\/mat.travelblox.eu\/wp-content\/smush-webp\/sites\/68\/2025\/11\/MAT25_DriesVdb_WEB-159-Grande-e1763483008427-768x538.jpeg.webp' width='768' height='538' alt='Food in Madeira - Eating in Madeira - Food in Madeira - Food in Madeira' srcset='https:\/\/mat.travelblox.eu\/wp-content\/smush-webp\/sites\/68\/2025\/11\/MAT25_DriesVdb_WEB-159-Grande-e1763483008427-768x538.jpeg.webp 768w, https:\/\/mat.travelblox.eu\/wp-content\/smush-webp\/sites\/68\/2025\/11\/MAT25_DriesVdb_WEB-159-Grande-e1763483008427-300x210.jpeg.webp 300w, https:\/\/mat.travelblox.eu\/wp-content\/smush-webp\/sites\/68\/2025\/11\/MAT25_DriesVdb_WEB-159-Grande-e1763483008427-18x12.jpeg.webp 18w, https:\/\/mat.travelblox.eu\/wp-content\/smush-webp\/sites\/68\/2025\/11\/MAT25_DriesVdb_WEB-159-Grande-e1763483008427.jpeg.webp 1024w' sizes=\"auto, (max-width: 768px) 100vw, 768px\" style='object-position:50% 50%' loading='lazy' decoding='async' data-smush-webp-fallback=\"{&quot;src&quot;:&quot;https:\\\/\\\/mat.travelblox.eu\\\/wp-content\\\/uploads\\\/sites\\\/68\\\/2025\\\/11\\\/MAT25_DriesVdb_WEB-159-Grande-e1763483008427-768x538.jpeg&quot;,&quot;srcset&quot;:&quot;https:\\\/\\\/mat.travelblox.eu\\\/wp-content\\\/uploads\\\/sites\\\/68\\\/2025\\\/11\\\/MAT25_DriesVdb_WEB-159-Grande-e1763483008427-768x538.jpeg 768w, https:\\\/\\\/mat.travelblox.eu\\\/wp-content\\\/uploads\\\/sites\\\/68\\\/2025\\\/11\\\/MAT25_DriesVdb_WEB-159-Grande-e1763483008427-300x210.jpeg 300w, https:\\\/\\\/mat.travelblox.eu\\\/wp-content\\\/uploads\\\/sites\\\/68\\\/2025\\\/11\\\/MAT25_DriesVdb_WEB-159-Grande-e1763483008427-18x12.jpeg 18w, https:\\\/\\\/mat.travelblox.eu\\\/wp-content\\\/uploads\\\/sites\\\/68\\\/2025\\\/11\\\/MAT25_DriesVdb_WEB-159-Grande-e1763483008427.jpeg 1024w&quot;}\">\t\t\t\t\t\t\t\t\t\t\t\t\t\t\t<\/div>\n\t\t\t\t\t\t\t<div class=\"tb-card-content\">\n\t\t\t\t\t\t\t\t<h5>\n\t\t\t\t\t\t\t\t\t\t\t\t\t<i class=\"icon fa-regular fa-plate-utensils fa-fw\" aria-hidden=\"true\"><\/i>\n\t\t\t\t\t\t\t\t\t\t\t\t<span>Food package<\/span>\n\t\t\t\t\t\t\t\t<\/h5>\n\t\t\t\t\t\t\t\t\t\t\t\t\t\t\t\t\t<div class=\"price tiny-body-font mobile\"><p>139 \u20ac<\/p><\/div>\t\t\t\t\t\t\t\t<div class=\"content readmore-content content--clamped\">\t<div class=\"translation-block\"><p>During the hike, you will rarely pass by a shelter or restaurant. That's why <strong>we offer a food package<\/strong>, <strong>convenient and economical<\/strong>, which also allows you to discover local cuisine.<\/p><p>This includes a packed lunch for the day, as well as a nice local meal at the hotel (or shelter) restaurant for <strong>the five days of hiking.<\/strong><\/p><p>We still advise you to bring some snacks to enjoy during breaks.<\/p><p>Overview of meals (subject to change):<\/p><ul><li><strong>Breakfast:<\/strong> bread, jam, cheese or ham, coffee (or tea) and juice. Also possible in buffet form, depending on the location.<\/li><li><strong>Packed lunch:<\/strong> ham\/cheese, chicken, or roast beef sandwich, accompanied by fruit, a small dessert, and juice.<\/li><li><strong>Dinner:<\/strong> local fish or meat at the hotel restaurant, or in buffet form depending on the location.<\/li><\/ul><p>We also offer a <strong>vegetarian option.<\/strong><\/p><p>With this option, you don\u2019t have to worry about anything: your meals are prepared for you and you can fully enjoy your hiking days. Plus, it's much more economical than paying every evening at the hotel restaurant when possible. That's why we highly recommend choosing this package.<\/p><p>&nbsp;<\/p><p><i>Note: If you follow a specific diet or have allergies (gluten-free, lactose-free, vegetarian, etc.), please let us know when making your reservation. We will make the necessary arrangements with all our partners on-site to adapt your meals and ensure a smooth stay.<\/i><\/p><\/div>\n\t<\/div>\n\t\t\t\t\t\t\t\t\t\t\t\t\t\t\t\t<div class=\"readmore link js-readmore\">\n\t\t\t\t\t\t\t\t\t<span><i class=\"fa-solid fa-circle-plus\"><\/i><u>Read more<\/u><\/span>\n\t\t\t\t\t\t\t\t\t<span><i class=\"fa-solid fa-circle-minus\"><\/i><u>Read less<\/u><\/span>\n\t\t\t\t\t\t\t\t<\/div>\n\t\t\t\t\t\t\t\t\t\t\t\t\t\t\t\t<dialog class=\"tb-popup\">\n\t\t\t\t\t\t\t\t\t<div class=\"tb-highlights-popup\">\n\t\t\t\t\t\t\t\t\t\t<div class=\"tb-image-part\">\n\t\t\t\t\t\t\t\t\t\t\t<img src='https:\/\/mat.travelblox.eu\/wp-content\/smush-webp\/sites\/68\/2025\/11\/MAT25_DriesVdb_WEB-159-Grande-e1763483008427-768x538.jpeg.webp' width='768' height='538' alt='Food in Madeira - Eating in Madeira - Food in Madeira - Food in Madeira' srcset='https:\/\/mat.travelblox.eu\/wp-content\/smush-webp\/sites\/68\/2025\/11\/MAT25_DriesVdb_WEB-159-Grande-e1763483008427-768x538.jpeg.webp 768w, https:\/\/mat.travelblox.eu\/wp-content\/smush-webp\/sites\/68\/2025\/11\/MAT25_DriesVdb_WEB-159-Grande-e1763483008427-300x210.jpeg.webp 300w, https:\/\/mat.travelblox.eu\/wp-content\/smush-webp\/sites\/68\/2025\/11\/MAT25_DriesVdb_WEB-159-Grande-e1763483008427-18x12.jpeg.webp 18w, https:\/\/mat.travelblox.eu\/wp-content\/smush-webp\/sites\/68\/2025\/11\/MAT25_DriesVdb_WEB-159-Grande-e1763483008427.jpeg.webp 1024w' sizes=\"auto, (max-width: 768px) 100vw, 768px\" style='object-position:50% 50%' loading='lazy' decoding='async' data-smush-webp-fallback=\"{&quot;src&quot;:&quot;https:\\\/\\\/mat.travelblox.eu\\\/wp-content\\\/uploads\\\/sites\\\/68\\\/2025\\\/11\\\/MAT25_DriesVdb_WEB-159-Grande-e1763483008427-768x538.jpeg&quot;,&quot;srcset&quot;:&quot;https:\\\/\\\/mat.travelblox.eu\\\/wp-content\\\/uploads\\\/sites\\\/68\\\/2025\\\/11\\\/MAT25_DriesVdb_WEB-159-Grande-e1763483008427-768x538.jpeg 768w, https:\\\/\\\/mat.travelblox.eu\\\/wp-content\\\/uploads\\\/sites\\\/68\\\/2025\\\/11\\\/MAT25_DriesVdb_WEB-159-Grande-e1763483008427-300x210.jpeg 300w, https:\\\/\\\/mat.travelblox.eu\\\/wp-content\\\/uploads\\\/sites\\\/68\\\/2025\\\/11\\\/MAT25_DriesVdb_WEB-159-Grande-e1763483008427-18x12.jpeg 18w, https:\\\/\\\/mat.travelblox.eu\\\/wp-content\\\/uploads\\\/sites\\\/68\\\/2025\\\/11\\\/MAT25_DriesVdb_WEB-159-Grande-e1763483008427.jpeg 1024w&quot;}\">\t\t\t\t\t\t\t\t\t\t<\/div>\n\t\t\t\t\t\t\t\t\t\t<div class=\"tb-popup-content\">\n\t\t\t\t\t\t\t\t\t\t\t<h3>Food package<\/h3>\n\t\t\t\t\t\t\t\t\t\t\t<div class=\"content\">\t<div class=\"translation-block\"><p>During the hike, you will rarely pass by a shelter or restaurant. That's why <strong>we offer a food package<\/strong>, <strong>convenient and economical<\/strong>, which also allows you to discover local cuisine.<\/p><p>This includes a packed lunch for the day, as well as a nice local meal at the hotel (or shelter) restaurant for <strong>the five days of hiking.<\/strong><\/p><p>We still advise you to bring some snacks to enjoy during breaks.<\/p><p>Overview of meals (subject to change):<\/p><ul><li><strong>Breakfast:<\/strong> bread, jam, cheese or ham, coffee (or tea) and juice. Also possible in buffet form, depending on the location.<\/li><li><strong>Packed lunch:<\/strong> ham\/cheese, chicken, or roast beef sandwich, accompanied by fruit, a small dessert, and juice.<\/li><li><strong>Dinner:<\/strong> local fish or meat at the hotel restaurant, or in buffet form depending on the location.<\/li><\/ul><p>We also offer a <strong>vegetarian option.<\/strong><\/p><p>With this option, you don\u2019t have to worry about anything: your meals are prepared for you and you can fully enjoy your hiking days. Plus, it's much more economical than paying every evening at the hotel restaurant when possible. That's why we highly recommend choosing this package.<\/p><p>&nbsp;<\/p><p><i>Note: If you follow a specific diet or have allergies (gluten-free, lactose-free, vegetarian, etc.), please let us know when making your reservation. We will make the necessary arrangements with all our partners on-site to adapt your meals and ensure a smooth stay.<\/i><\/p><\/div>\n\t<\/div>\n\t\t\t\t\t\t\t\t\t\t<\/div>\n\t\t\t\t\t\t\t\t\t<\/div>\n\t\t\t\t\t\t\t\t<\/dialog>\n\t\t\t\t\t\t\t<\/div>\n\t\t\t\t\t\t<\/div>\n\t\t\t\t\t\t\t\t\t\t\t\t\t<\/div>\n\t\t\t\t<div class=\"tb-carousel-nav\">\n\t\t<div class=\"dots\">\n\t\t\t<div class=\"dot active\"><\/div>\n\t\t\t<div class=\"dot\"><\/div>\n\t\t\t<div class=\"dot\"><\/div>\n\t\t<\/div>\n\t\t<div class=\"arrows\">\n\t\t\t<div class=\"prev disabled\">\n\t\t\t\t<span><i class=\"fa fa-chevron-left\"><\/i><\/span>\n\t\t\t<\/div>\n\t\t\t<div class=\"next\">\n\t\t\t\t<span><i class=\"fa fa-chevron-right\"><\/i><\/span>\n\t\t\t<\/div>\n\t\t<\/div>\n\t<\/div>\n\t\t\t<\/div>\n\t<\/div>\n\t\t\t\t\t\t\t\t\t\t\t\t\t\t\t\t\t\t<div class=\"inner-block-full-width has-tb-carousel tb-section\" id=\"options-section-2\"style=\"display:none;\">\n\t\t<div class=\"tb-carousel-container\">\n\t\t\t<div class=\"entries tb-cards\" data-slider-first=\"1\">\n\t\t\t\t\t\t\t\t\t\t\t\t\t\t\t<div class=\"tb-card entry tb-popup-trigger desktop-only-popup\">\n\t\t\t\t\t\t\t<div class=\"tb-image-part desktop\">\n\t\t\t\t\t\t\t\t<img src='https:\/\/mat.travelblox.eu\/wp-content\/smush-webp\/sites\/68\/2025\/11\/Siliquini-TheMadeiraTrail-240319-8400.jpg.webp' width='1024' height='683' alt='Walking sticks - Wanderst\u00f6cke - Hiking poles - Walking poles' srcset='https:\/\/mat.travelblox.eu\/wp-content\/smush-webp\/sites\/68\/2025\/11\/Siliquini-TheMadeiraTrail-240319-8400.jpg.webp 1024w, https:\/\/mat.travelblox.eu\/wp-content\/smush-webp\/sites\/68\/2025\/11\/Siliquini-TheMadeiraTrail-240319-8400-300x200.jpg.webp 300w, https:\/\/mat.travelblox.eu\/wp-content\/smush-webp\/sites\/68\/2025\/11\/Siliquini-TheMadeiraTrail-240319-8400-768x512.jpg.webp 768w, https:\/\/mat.travelblox.eu\/wp-content\/smush-webp\/sites\/68\/2025\/11\/Siliquini-TheMadeiraTrail-240319-8400-18x12.jpg.webp 18w' sizes=\"auto, (max-width: 1024px) 100vw, 1024px\" style='object-position:50% 50%' loading='lazy' decoding='async' data-smush-webp-fallback=\"{&quot;src&quot;:&quot;https:\\\/\\\/mat.travelblox.eu\\\/wp-content\\\/uploads\\\/sites\\\/68\\\/2025\\\/11\\\/Siliquini-TheMadeiraTrail-240319-8400.jpg&quot;,&quot;srcset&quot;:&quot;https:\\\/\\\/mat.travelblox.eu\\\/wp-content\\\/uploads\\\/sites\\\/68\\\/2025\\\/11\\\/Siliquini-TheMadeiraTrail-240319-8400.jpg 1024w, https:\\\/\\\/mat.travelblox.eu\\\/wp-content\\\/uploads\\\/sites\\\/68\\\/2025\\\/11\\\/Siliquini-TheMadeiraTrail-240319-8400-300x200.jpg 300w, https:\\\/\\\/mat.travelblox.eu\\\/wp-content\\\/uploads\\\/sites\\\/68\\\/2025\\\/11\\\/Siliquini-TheMadeiraTrail-240319-8400-768x512.jpg 768w, https:\\\/\\\/mat.travelblox.eu\\\/wp-content\\\/uploads\\\/sites\\\/68\\\/2025\\\/11\\\/Siliquini-TheMadeiraTrail-240319-8400-18x12.jpg 18w&quot;}\">\t\t\t\t\t\t\t\t\t\t\t\t\t\t\t\t\t\t\t\t\t\t\t\t\t<div class=\"price tiny-body-font desktop translation-block\"><p>12 \u20ac<\/p><\/div>\t\t\t\t\t\t\t<\/div>\n\t\t\t\t\t\t\t<div class=\"tb-image-part mobile\">\n\t\t\t\t\t\t\t\t<img src='https:\/\/mat.travelblox.eu\/wp-content\/smush-webp\/sites\/68\/2025\/11\/Siliquini-TheMadeiraTrail-240319-8400-768x512.jpg.webp' width='768' height='512' alt='Walking sticks - Wanderst\u00f6cke - Hiking poles - Walking poles' srcset='https:\/\/mat.travelblox.eu\/wp-content\/smush-webp\/sites\/68\/2025\/11\/Siliquini-TheMadeiraTrail-240319-8400-768x512.jpg.webp 768w, https:\/\/mat.travelblox.eu\/wp-content\/smush-webp\/sites\/68\/2025\/11\/Siliquini-TheMadeiraTrail-240319-8400-300x200.jpg.webp 300w, https:\/\/mat.travelblox.eu\/wp-content\/smush-webp\/sites\/68\/2025\/11\/Siliquini-TheMadeiraTrail-240319-8400-18x12.jpg.webp 18w, https:\/\/mat.travelblox.eu\/wp-content\/smush-webp\/sites\/68\/2025\/11\/Siliquini-TheMadeiraTrail-240319-8400.jpg.webp 1024w' sizes=\"auto, (max-width: 768px) 100vw, 768px\" style='object-position:50% 50%' loading='lazy' decoding='async' data-smush-webp-fallback=\"{&quot;src&quot;:&quot;https:\\\/\\\/mat.travelblox.eu\\\/wp-content\\\/uploads\\\/sites\\\/68\\\/2025\\\/11\\\/Siliquini-TheMadeiraTrail-240319-8400-768x512.jpg&quot;,&quot;srcset&quot;:&quot;https:\\\/\\\/mat.travelblox.eu\\\/wp-content\\\/uploads\\\/sites\\\/68\\\/2025\\\/11\\\/Siliquini-TheMadeiraTrail-240319-8400-768x512.jpg 768w, https:\\\/\\\/mat.travelblox.eu\\\/wp-content\\\/uploads\\\/sites\\\/68\\\/2025\\\/11\\\/Siliquini-TheMadeiraTrail-240319-8400-300x200.jpg 300w, https:\\\/\\\/mat.travelblox.eu\\\/wp-content\\\/uploads\\\/sites\\\/68\\\/2025\\\/11\\\/Siliquini-TheMadeiraTrail-240319-8400-18x12.jpg 18w, https:\\\/\\\/mat.travelblox.eu\\\/wp-content\\\/uploads\\\/sites\\\/68\\\/2025\\\/11\\\/Siliquini-TheMadeiraTrail-240319-8400.jpg 1024w&quot;}\">\t\t\t\t\t\t\t\t\t\t\t\t\t\t\t<\/div>\n\t\t\t\t\t\t\t<div class=\"tb-card-content\">\n\t\t\t\t\t\t\t\t<h5>\n\t\t\t\t\t\t\t\t\t\t\t\t\t<i class=\"icon fa-solid fa-person-hiking fa-fw\" aria-hidden=\"true\"><\/i>\n\t\t\t\t\t\t\t\t\t\t\t\t<span>Hiking poles<\/span>\n\t\t\t\t\t\t\t\t<\/h5>\n\t\t\t\t\t\t\t\t\t\t\t\t\t\t\t\t\t<div class=\"price tiny-body-font mobile\"><p>12 \u20ac<\/p><\/div>\t\t\t\t\t\t\t\t<div class=\"content readmore-content content--clamped\">\t<div class=\"translation-block\"><p>The Madeira Trail is a challenging route, marked by significant elevation changes and many staircases to tackle.<\/p><p>To protect your joints and ensure your stability on the more technical sections, we strongly recommend bringing or renting hiking poles.<\/p><p>Even if you're not used to using them, they\u2019re easy to get the hang of and will provide essential support throughout your adventure.<\/p><\/div>\n\t<\/div>\n\t\t\t\t\t\t\t\t\t\t\t\t\t\t\t\t<div class=\"readmore link js-readmore\">\n\t\t\t\t\t\t\t\t\t<span><i class=\"fa-solid fa-circle-plus\"><\/i><u>Read more<\/u><\/span>\n\t\t\t\t\t\t\t\t\t<span><i class=\"fa-solid fa-circle-minus\"><\/i><u>Read less<\/u><\/span>\n\t\t\t\t\t\t\t\t<\/div>\n\t\t\t\t\t\t\t\t\t\t\t\t\t\t\t\t<dialog class=\"tb-popup\">\n\t\t\t\t\t\t\t\t\t<div class=\"tb-highlights-popup\">\n\t\t\t\t\t\t\t\t\t\t<div class=\"tb-image-part\">\n\t\t\t\t\t\t\t\t\t\t\t<img src='https:\/\/mat.travelblox.eu\/wp-content\/smush-webp\/sites\/68\/2025\/11\/Siliquini-TheMadeiraTrail-240319-8400-768x512.jpg.webp' width='768' height='512' alt='Walking sticks - Wanderst\u00f6cke - Hiking poles - Walking poles' srcset='https:\/\/mat.travelblox.eu\/wp-content\/smush-webp\/sites\/68\/2025\/11\/Siliquini-TheMadeiraTrail-240319-8400-768x512.jpg.webp 768w, https:\/\/mat.travelblox.eu\/wp-content\/smush-webp\/sites\/68\/2025\/11\/Siliquini-TheMadeiraTrail-240319-8400-300x200.jpg.webp 300w, https:\/\/mat.travelblox.eu\/wp-content\/smush-webp\/sites\/68\/2025\/11\/Siliquini-TheMadeiraTrail-240319-8400-18x12.jpg.webp 18w, https:\/\/mat.travelblox.eu\/wp-content\/smush-webp\/sites\/68\/2025\/11\/Siliquini-TheMadeiraTrail-240319-8400.jpg.webp 1024w' sizes=\"auto, (max-width: 768px) 100vw, 768px\" style='object-position:50% 50%' loading='lazy' decoding='async' data-smush-webp-fallback=\"{&quot;src&quot;:&quot;https:\\\/\\\/mat.travelblox.eu\\\/wp-content\\\/uploads\\\/sites\\\/68\\\/2025\\\/11\\\/Siliquini-TheMadeiraTrail-240319-8400-768x512.jpg&quot;,&quot;srcset&quot;:&quot;https:\\\/\\\/mat.travelblox.eu\\\/wp-content\\\/uploads\\\/sites\\\/68\\\/2025\\\/11\\\/Siliquini-TheMadeiraTrail-240319-8400-768x512.jpg 768w, https:\\\/\\\/mat.travelblox.eu\\\/wp-content\\\/uploads\\\/sites\\\/68\\\/2025\\\/11\\\/Siliquini-TheMadeiraTrail-240319-8400-300x200.jpg 300w, https:\\\/\\\/mat.travelblox.eu\\\/wp-content\\\/uploads\\\/sites\\\/68\\\/2025\\\/11\\\/Siliquini-TheMadeiraTrail-240319-8400-18x12.jpg 18w, https:\\\/\\\/mat.travelblox.eu\\\/wp-content\\\/uploads\\\/sites\\\/68\\\/2025\\\/11\\\/Siliquini-TheMadeiraTrail-240319-8400.jpg 1024w&quot;}\">\t\t\t\t\t\t\t\t\t\t<\/div>\n\t\t\t\t\t\t\t\t\t\t<div class=\"tb-popup-content\">\n\t\t\t\t\t\t\t\t\t\t\t<h3>Hiking poles<\/h3>\n\t\t\t\t\t\t\t\t\t\t\t<div class=\"content\">\t<div class=\"translation-block\"><p>The Madeira Trail is a challenging route, marked by significant elevation changes and many staircases to tackle.<\/p><p>To protect your joints and ensure your stability on the more technical sections, we strongly recommend bringing or renting hiking poles.<\/p><p>Even if you're not used to using them, they\u2019re easy to get the hang of and will provide essential support throughout your adventure.<\/p><\/div>\n\t<\/div>\n\t\t\t\t\t\t\t\t\t\t<\/div>\n\t\t\t\t\t\t\t\t\t<\/div>\n\t\t\t\t\t\t\t\t<\/dialog>\n\t\t\t\t\t\t\t<\/div>\n\t\t\t\t\t\t<\/div>\n\t\t\t\t\t\t\t\t\t\t\t\t\t<\/div>\n\t\t\t\t<div class=\"tb-carousel-nav\">\n\t\t<div class=\"dots\">\n\t\t\t<div class=\"dot active\"><\/div>\n\t\t\t<div class=\"dot\"><\/div>\n\t\t\t<div class=\"dot\"><\/div>\n\t\t<\/div>\n\t\t<div class=\"arrows\">\n\t\t\t<div class=\"prev disabled\">\n\t\t\t\t<span><i class=\"fa fa-chevron-left\"><\/i><\/span>\n\t\t\t<\/div>\n\t\t\t<div class=\"next\">\n\t\t\t\t<span><i class=\"fa fa-chevron-right\"><\/i><\/span>\n\t\t\t<\/div>\n\t\t<\/div>\n\t<\/div>\n\t\t\t<\/div>\n\t<\/div>\n\t\t\t\t\t\t\t\t\t\t\t\t\t\t\t\t\t\t<div class=\"inner-block-full-width has-tb-carousel tb-section\" id=\"options-section-3\"style=\"display:none;\">\n\t\t<div class=\"tb-carousel-container\">\n\t\t\t<div class=\"entries tb-cards\" data-slider-first=\"1\">\n\t\t\t\t\t\t\t\t\t\t\t\t\t\t\t<div class=\"tb-card entry tb-popup-trigger desktop-only-popup\">\n\t\t\t\t\t\t\t<div class=\"tb-image-part desktop\">\n\t\t\t\t\t\t\t\t<img src='https:\/\/mat.travelblox.eu\/wp-content\/smush-webp\/sites\/68\/2025\/11\/Siliquini-TheMadeiraTrail-240317-6237-Grande-1.jpeg.webp' width='1280' height='853' alt='Views of Madeira - Views of Madeira - Views of Madeira - Landscapes of Madeira' srcset='https:\/\/mat.travelblox.eu\/wp-content\/smush-webp\/sites\/68\/2025\/11\/Siliquini-TheMadeiraTrail-240317-6237-Grande-1.jpeg.webp 1280w, https:\/\/mat.travelblox.eu\/wp-content\/smush-webp\/sites\/68\/2025\/11\/Siliquini-TheMadeiraTrail-240317-6237-Grande-1-300x200.jpeg.webp 300w, https:\/\/mat.travelblox.eu\/wp-content\/smush-webp\/sites\/68\/2025\/11\/Siliquini-TheMadeiraTrail-240317-6237-Grande-1-1024x682.jpeg.webp 1024w, https:\/\/mat.travelblox.eu\/wp-content\/smush-webp\/sites\/68\/2025\/11\/Siliquini-TheMadeiraTrail-240317-6237-Grande-1-768x512.jpeg.webp 768w, https:\/\/mat.travelblox.eu\/wp-content\/smush-webp\/sites\/68\/2025\/11\/Siliquini-TheMadeiraTrail-240317-6237-Grande-1-18x12.jpeg.webp 18w' sizes=\"auto, (max-width: 1280px) 100vw, 1280px\" style='object-position:50% 50%' loading='lazy' decoding='async' data-smush-webp-fallback=\"{&quot;src&quot;:&quot;https:\\\/\\\/mat.travelblox.eu\\\/wp-content\\\/uploads\\\/sites\\\/68\\\/2025\\\/11\\\/Siliquini-TheMadeiraTrail-240317-6237-Grande-1.jpeg&quot;,&quot;srcset&quot;:&quot;https:\\\/\\\/mat.travelblox.eu\\\/wp-content\\\/uploads\\\/sites\\\/68\\\/2025\\\/11\\\/Siliquini-TheMadeiraTrail-240317-6237-Grande-1.jpeg 1280w, https:\\\/\\\/mat.travelblox.eu\\\/wp-content\\\/uploads\\\/sites\\\/68\\\/2025\\\/11\\\/Siliquini-TheMadeiraTrail-240317-6237-Grande-1-300x200.jpeg 300w, https:\\\/\\\/mat.travelblox.eu\\\/wp-content\\\/uploads\\\/sites\\\/68\\\/2025\\\/11\\\/Siliquini-TheMadeiraTrail-240317-6237-Grande-1-1024x682.jpeg 1024w, https:\\\/\\\/mat.travelblox.eu\\\/wp-content\\\/uploads\\\/sites\\\/68\\\/2025\\\/11\\\/Siliquini-TheMadeiraTrail-240317-6237-Grande-1-768x512.jpeg 768w, https:\\\/\\\/mat.travelblox.eu\\\/wp-content\\\/uploads\\\/sites\\\/68\\\/2025\\\/11\\\/Siliquini-TheMadeiraTrail-240317-6237-Grande-1-18x12.jpeg 18w&quot;}\">\t\t\t\t\t\t\t\t\t\t\t\t\t\t\t\t\t\t\t\t\t\t\t\t\t<div class=\"price tiny-body-font desktop translation-block\"><p>49 \u20ac<\/p><\/div>\t\t\t\t\t\t\t<\/div>\n\t\t\t\t\t\t\t<div class=\"tb-image-part mobile\">\n\t\t\t\t\t\t\t\t<img src='https:\/\/mat.travelblox.eu\/wp-content\/smush-webp\/sites\/68\/2025\/11\/Siliquini-TheMadeiraTrail-240317-6237-Grande-1-768x512.jpeg.webp' width='768' height='512' alt='Views of Madeira - Views of Madeira - Views of Madeira - Landscapes of Madeira' srcset='https:\/\/mat.travelblox.eu\/wp-content\/smush-webp\/sites\/68\/2025\/11\/Siliquini-TheMadeiraTrail-240317-6237-Grande-1-768x512.jpeg.webp 768w, https:\/\/mat.travelblox.eu\/wp-content\/smush-webp\/sites\/68\/2025\/11\/Siliquini-TheMadeiraTrail-240317-6237-Grande-1-300x200.jpeg.webp 300w, https:\/\/mat.travelblox.eu\/wp-content\/smush-webp\/sites\/68\/2025\/11\/Siliquini-TheMadeiraTrail-240317-6237-Grande-1-1024x682.jpeg.webp 1024w, https:\/\/mat.travelblox.eu\/wp-content\/smush-webp\/sites\/68\/2025\/11\/Siliquini-TheMadeiraTrail-240317-6237-Grande-1-18x12.jpeg.webp 18w, https:\/\/mat.travelblox.eu\/wp-content\/smush-webp\/sites\/68\/2025\/11\/Siliquini-TheMadeiraTrail-240317-6237-Grande-1.jpeg.webp 1280w' sizes=\"auto, (max-width: 768px) 100vw, 768px\" style='object-position:50% 50%' loading='lazy' decoding='async' data-smush-webp-fallback=\"{&quot;src&quot;:&quot;https:\\\/\\\/mat.travelblox.eu\\\/wp-content\\\/uploads\\\/sites\\\/68\\\/2025\\\/11\\\/Siliquini-TheMadeiraTrail-240317-6237-Grande-1-768x512.jpeg&quot;,&quot;srcset&quot;:&quot;https:\\\/\\\/mat.travelblox.eu\\\/wp-content\\\/uploads\\\/sites\\\/68\\\/2025\\\/11\\\/Siliquini-TheMadeiraTrail-240317-6237-Grande-1-768x512.jpeg 768w, https:\\\/\\\/mat.travelblox.eu\\\/wp-content\\\/uploads\\\/sites\\\/68\\\/2025\\\/11\\\/Siliquini-TheMadeiraTrail-240317-6237-Grande-1-300x200.jpeg 300w, https:\\\/\\\/mat.travelblox.eu\\\/wp-content\\\/uploads\\\/sites\\\/68\\\/2025\\\/11\\\/Siliquini-TheMadeiraTrail-240317-6237-Grande-1-1024x682.jpeg 1024w, https:\\\/\\\/mat.travelblox.eu\\\/wp-content\\\/uploads\\\/sites\\\/68\\\/2025\\\/11\\\/Siliquini-TheMadeiraTrail-240317-6237-Grande-1-18x12.jpeg 18w, https:\\\/\\\/mat.travelblox.eu\\\/wp-content\\\/uploads\\\/sites\\\/68\\\/2025\\\/11\\\/Siliquini-TheMadeiraTrail-240317-6237-Grande-1.jpeg 1280w&quot;}\">\t\t\t\t\t\t\t\t\t\t\t\t\t\t\t<\/div>\n\t\t\t\t\t\t\t<div class=\"tb-card-content\">\n\t\t\t\t\t\t\t\t<h5>\n\t\t\t\t\t\t\t\t\t\t\t\t\t\t\t\t\t\t<span>Travel insurance<\/span>\n\t\t\t\t\t\t\t\t<\/h5>\n\t\t\t\t\t\t\t\t\t\t\t\t\t\t\t\t\t<div class=\"price tiny-body-font mobile\"><p>49 \u20ac<\/p><\/div>\t\t\t\t\t\t\t\t<div class=\"content readmore-content content--clamped\">\t<div class=\"translation-block\"><p>By opting for our travel insurance when you register, you are covered on the ground in case of illness or accident throughout your stay. It guarantees you medical care and appropriate assistance on the trails.<\/p><p>However, please note that this coverage is related to the duration of your stay and does not include cancellation insurance for your trip before departure.<\/p><p>To find out the exact details of the covered services and the steps to follow in case of need, you can check the exact terms <a href=\"https:\/\/madeiratrail.eu\/travelinsurance\">here.<\/a><\/p><\/div>\n\t<\/div>\n\t\t\t\t\t\t\t\t\t\t\t\t\t\t\t\t<div class=\"readmore link js-readmore\">\n\t\t\t\t\t\t\t\t\t<span><i class=\"fa-solid fa-circle-plus\"><\/i><u>Read more<\/u><\/span>\n\t\t\t\t\t\t\t\t\t<span><i class=\"fa-solid fa-circle-minus\"><\/i><u>Read less<\/u><\/span>\n\t\t\t\t\t\t\t\t<\/div>\n\t\t\t\t\t\t\t\t\t\t\t\t\t\t\t\t<dialog class=\"tb-popup\">\n\t\t\t\t\t\t\t\t\t<div class=\"tb-highlights-popup\">\n\t\t\t\t\t\t\t\t\t\t<div class=\"tb-image-part\">\n\t\t\t\t\t\t\t\t\t\t\t<img src='https:\/\/mat.travelblox.eu\/wp-content\/smush-webp\/sites\/68\/2025\/11\/Siliquini-TheMadeiraTrail-240317-6237-Grande-1-768x512.jpeg.webp' width='768' height='512' alt='Views of Madeira - Views of Madeira - Views of Madeira - Landscapes of Madeira' srcset='https:\/\/mat.travelblox.eu\/wp-content\/smush-webp\/sites\/68\/2025\/11\/Siliquini-TheMadeiraTrail-240317-6237-Grande-1-768x512.jpeg.webp 768w, https:\/\/mat.travelblox.eu\/wp-content\/smush-webp\/sites\/68\/2025\/11\/Siliquini-TheMadeiraTrail-240317-6237-Grande-1-300x200.jpeg.webp 300w, https:\/\/mat.travelblox.eu\/wp-content\/smush-webp\/sites\/68\/2025\/11\/Siliquini-TheMadeiraTrail-240317-6237-Grande-1-1024x682.jpeg.webp 1024w, https:\/\/mat.travelblox.eu\/wp-content\/smush-webp\/sites\/68\/2025\/11\/Siliquini-TheMadeiraTrail-240317-6237-Grande-1-18x12.jpeg.webp 18w, https:\/\/mat.travelblox.eu\/wp-content\/smush-webp\/sites\/68\/2025\/11\/Siliquini-TheMadeiraTrail-240317-6237-Grande-1.jpeg.webp 1280w' sizes=\"auto, (max-width: 768px) 100vw, 768px\" style='object-position:50% 50%' loading='lazy' decoding='async' data-smush-webp-fallback=\"{&quot;src&quot;:&quot;https:\\\/\\\/mat.travelblox.eu\\\/wp-content\\\/uploads\\\/sites\\\/68\\\/2025\\\/11\\\/Siliquini-TheMadeiraTrail-240317-6237-Grande-1-768x512.jpeg&quot;,&quot;srcset&quot;:&quot;https:\\\/\\\/mat.travelblox.eu\\\/wp-content\\\/uploads\\\/sites\\\/68\\\/2025\\\/11\\\/Siliquini-TheMadeiraTrail-240317-6237-Grande-1-768x512.jpeg 768w, https:\\\/\\\/mat.travelblox.eu\\\/wp-content\\\/uploads\\\/sites\\\/68\\\/2025\\\/11\\\/Siliquini-TheMadeiraTrail-240317-6237-Grande-1-300x200.jpeg 300w, https:\\\/\\\/mat.travelblox.eu\\\/wp-content\\\/uploads\\\/sites\\\/68\\\/2025\\\/11\\\/Siliquini-TheMadeiraTrail-240317-6237-Grande-1-1024x682.jpeg 1024w, https:\\\/\\\/mat.travelblox.eu\\\/wp-content\\\/uploads\\\/sites\\\/68\\\/2025\\\/11\\\/Siliquini-TheMadeiraTrail-240317-6237-Grande-1-18x12.jpeg 18w, https:\\\/\\\/mat.travelblox.eu\\\/wp-content\\\/uploads\\\/sites\\\/68\\\/2025\\\/11\\\/Siliquini-TheMadeiraTrail-240317-6237-Grande-1.jpeg 1280w&quot;}\">\t\t\t\t\t\t\t\t\t\t<\/div>\n\t\t\t\t\t\t\t\t\t\t<div class=\"tb-popup-content\">\n\t\t\t\t\t\t\t\t\t\t\t<h3>Travel insurance<\/h3>\n\t\t\t\t\t\t\t\t\t\t\t<div class=\"content\">\t<div class=\"translation-block\"><p>By opting for our travel insurance when you register, you are covered on the ground in case of illness or accident throughout your stay. It guarantees you medical care and appropriate assistance on the trails.<\/p><p>However, please note that this coverage is related to the duration of your stay and does not include cancellation insurance for your trip before departure.<\/p><p>To find out the exact details of the covered services and the steps to follow in case of need, you can check the exact terms <a href=\"https:\/\/madeiratrail.eu\/travelinsurance\">here.<\/a><\/p><\/div>\n\t<\/div>\n\t\t\t\t\t\t\t\t\t\t<\/div>\n\t\t\t\t\t\t\t\t\t<\/div>\n\t\t\t\t\t\t\t\t<\/dialog>\n\t\t\t\t\t\t\t<\/div>\n\t\t\t\t\t\t<\/div>\n\t\t\t\t\t\t\t\t\t\t\t\t\t<\/div>\n\t\t\t\t<div class=\"tb-carousel-nav\">\n\t\t<div class=\"dots\">\n\t\t\t<div class=\"dot active\"><\/div>\n\t\t\t<div class=\"dot\"><\/div>\n\t\t\t<div class=\"dot\"><\/div>\n\t\t<\/div>\n\t\t<div class=\"arrows\">\n\t\t\t<div class=\"prev disabled\">\n\t\t\t\t<span><i class=\"fa fa-chevron-left\"><\/i><\/span>\n\t\t\t<\/div>\n\t\t\t<div class=\"next\">\n\t\t\t\t<span><i class=\"fa fa-chevron-right\"><\/i><\/span>\n\t\t\t<\/div>\n\t\t<\/div>\n\t<\/div>\n\t\t\t<\/div>\n\t<\/div>\n\t\t\t\t\t\t\t\t\t\t\t\t\t\t\t\t\t\t<div class=\"inner-block-full-width has-tb-carousel tb-section\" id=\"options-section-4\"style=\"display:none;\">\n\t\t<div class=\"tb-carousel-container\">\n\t\t\t<div class=\"entries tb-cards\" data-slider-first=\"1\">\n\t\t\t\t\t\t\t\t\t\t\t\t\t\t\t<div class=\"tb-card entry tb-popup-trigger desktop-only-popup\">\n\t\t\t\t\t\t\t<div class=\"tb-image-part desktop\">\n\t\t\t\t\t\t\t\t<img src='https:\/\/mat.travelblox.eu\/wp-content\/smush-webp\/sites\/68\/2026\/04\/MAT25_DriesVdb_WEB-74-Grande-e1775749134757.jpeg.webp' width='887' height='663' srcset='https:\/\/mat.travelblox.eu\/wp-content\/smush-webp\/sites\/68\/2026\/04\/MAT25_DriesVdb_WEB-74-Grande-e1775749134757.jpeg.webp 887w, https:\/\/mat.travelblox.eu\/wp-content\/smush-webp\/sites\/68\/2026\/04\/MAT25_DriesVdb_WEB-74-Grande-e1775749134757-300x224.jpeg.webp 300w, https:\/\/mat.travelblox.eu\/wp-content\/smush-webp\/sites\/68\/2026\/04\/MAT25_DriesVdb_WEB-74-Grande-e1775749134757-768x574.jpeg.webp 768w, https:\/\/mat.travelblox.eu\/wp-content\/smush-webp\/sites\/68\/2026\/04\/MAT25_DriesVdb_WEB-74-Grande-e1775749134757-16x12.jpeg.webp 16w' sizes=\"auto, (max-width: 887px) 100vw, 887px\" loading='lazy' decoding='async' data-smush-webp-fallback=\"{&quot;src&quot;:&quot;https:\\\/\\\/mat.travelblox.eu\\\/wp-content\\\/uploads\\\/sites\\\/68\\\/2026\\\/04\\\/MAT25_DriesVdb_WEB-74-Grande-e1775749134757.jpeg&quot;,&quot;srcset&quot;:&quot;https:\\\/\\\/mat.travelblox.eu\\\/wp-content\\\/uploads\\\/sites\\\/68\\\/2026\\\/04\\\/MAT25_DriesVdb_WEB-74-Grande-e1775749134757.jpeg 887w, https:\\\/\\\/mat.travelblox.eu\\\/wp-content\\\/uploads\\\/sites\\\/68\\\/2026\\\/04\\\/MAT25_DriesVdb_WEB-74-Grande-e1775749134757-300x224.jpeg 300w, https:\\\/\\\/mat.travelblox.eu\\\/wp-content\\\/uploads\\\/sites\\\/68\\\/2026\\\/04\\\/MAT25_DriesVdb_WEB-74-Grande-e1775749134757-768x574.jpeg 768w, https:\\\/\\\/mat.travelblox.eu\\\/wp-content\\\/uploads\\\/sites\\\/68\\\/2026\\\/04\\\/MAT25_DriesVdb_WEB-74-Grande-e1775749134757-16x12.jpeg 16w&quot;}\">\t\t\t\t\t\t\t\t\t\t\t\t\t\t\t\t\t\t\t\t\t\t\t\t\t<div class=\"price tiny-body-font desktop translation-block\"><p>\u20ac95<\/p><\/div>\t\t\t\t\t\t\t<\/div>\n\t\t\t\t\t\t\t<div class=\"tb-image-part mobile\">\n\t\t\t\t\t\t\t\t<img src='https:\/\/mat.travelblox.eu\/wp-content\/smush-webp\/sites\/68\/2026\/04\/MAT25_DriesVdb_WEB-74-Grande-e1775749134757-768x574.jpeg.webp' width='768' height='574' srcset='https:\/\/mat.travelblox.eu\/wp-content\/smush-webp\/sites\/68\/2026\/04\/MAT25_DriesVdb_WEB-74-Grande-e1775749134757-768x574.jpeg.webp 768w, https:\/\/mat.travelblox.eu\/wp-content\/smush-webp\/sites\/68\/2026\/04\/MAT25_DriesVdb_WEB-74-Grande-e1775749134757-300x224.jpeg.webp 300w, https:\/\/mat.travelblox.eu\/wp-content\/smush-webp\/sites\/68\/2026\/04\/MAT25_DriesVdb_WEB-74-Grande-e1775749134757-16x12.jpeg.webp 16w, https:\/\/mat.travelblox.eu\/wp-content\/smush-webp\/sites\/68\/2026\/04\/MAT25_DriesVdb_WEB-74-Grande-e1775749134757.jpeg.webp 887w' sizes=\"auto, (max-width: 768px) 100vw, 768px\" loading='lazy' decoding='async' data-smush-webp-fallback=\"{&quot;src&quot;:&quot;https:\\\/\\\/mat.travelblox.eu\\\/wp-content\\\/uploads\\\/sites\\\/68\\\/2026\\\/04\\\/MAT25_DriesVdb_WEB-74-Grande-e1775749134757-768x574.jpeg&quot;,&quot;srcset&quot;:&quot;https:\\\/\\\/mat.travelblox.eu\\\/wp-content\\\/uploads\\\/sites\\\/68\\\/2026\\\/04\\\/MAT25_DriesVdb_WEB-74-Grande-e1775749134757-768x574.jpeg 768w, https:\\\/\\\/mat.travelblox.eu\\\/wp-content\\\/uploads\\\/sites\\\/68\\\/2026\\\/04\\\/MAT25_DriesVdb_WEB-74-Grande-e1775749134757-300x224.jpeg 300w, https:\\\/\\\/mat.travelblox.eu\\\/wp-content\\\/uploads\\\/sites\\\/68\\\/2026\\\/04\\\/MAT25_DriesVdb_WEB-74-Grande-e1775749134757-16x12.jpeg 16w, https:\\\/\\\/mat.travelblox.eu\\\/wp-content\\\/uploads\\\/sites\\\/68\\\/2026\\\/04\\\/MAT25_DriesVdb_WEB-74-Grande-e1775749134757.jpeg 887w&quot;}\">\t\t\t\t\t\t\t\t\t\t\t\t\t\t\t<\/div>\n\t\t\t\t\t\t\t<div class=\"tb-card-content\">\n\t\t\t\t\t\t\t\t<h5>\n\t\t\t\t\t\t\t\t\t\t\t\t\t<i class=\"icon fa-solid fa-suitcase fa-fw\" aria-hidden=\"true\"><\/i>\n\t\t\t\t\t\t\t\t\t\t\t\t<span>Transport the luggage - 3 days<\/span>\n\t\t\t\t\t\t\t\t<\/h5>\n\t\t\t\t\t\t\t\t\t\t\t\t\t\t\t\t\t<div class=\"price tiny-body-font mobile\"><p>95 \u20ac<\/p><\/div>\t\t\t\t\t\t\t\t<div class=\"content readmore-content content--clamped\">\t<div class=\"translation-block\"><p>At the end of your trek, you can hike lighter thanks to <strong>our luggage transport option, available for the last 3 days of hiking.<\/strong><\/p><p>Why only from day 3? Simply because the accommodation in Raba\u00e7al is not accessible by car. Therefore, it's impossible to safely transport (or retrieve) luggage during the first 2 days.<\/p><p>Basically, this means you'll keep your belongings with you at the beginning of the trip. So, we recommend traveling smart and not overloading your backpack for days 1 and 2.<\/p><p>And as soon as transport becomes possible, you can fully enjoy it: if you choose the option, <strong>a \"Madeira Trail\" canvas bag is provided<\/strong> for you to carry your items.<\/p><p>Even though it\u2019s not available for the entire week, lightening up in the last days really changes the experience: more comfort, more freedom\u2026 and often enough energy to add a little bonus loop and reach a viewpoint you'll remember for a long time.<\/p><\/div>\n\t<\/div>\n\t\t\t\t\t\t\t\t\t\t\t\t\t\t\t\t<div class=\"readmore link js-readmore\">\n\t\t\t\t\t\t\t\t\t<span><i class=\"fa-solid fa-circle-plus\"><\/i><u>Read more<\/u><\/span>\n\t\t\t\t\t\t\t\t\t<span><i class=\"fa-solid fa-circle-minus\"><\/i><u>Read less<\/u><\/span>\n\t\t\t\t\t\t\t\t<\/div>\n\t\t\t\t\t\t\t\t\t\t\t\t\t\t\t\t<dialog class=\"tb-popup\">\n\t\t\t\t\t\t\t\t\t<div class=\"tb-highlights-popup\">\n\t\t\t\t\t\t\t\t\t\t<div class=\"tb-image-part\">\n\t\t\t\t\t\t\t\t\t\t\t<img src='https:\/\/mat.travelblox.eu\/wp-content\/smush-webp\/sites\/68\/2026\/04\/MAT25_DriesVdb_WEB-74-Grande-e1775749134757-768x574.jpeg.webp' width='768' height='574' srcset='https:\/\/mat.travelblox.eu\/wp-content\/smush-webp\/sites\/68\/2026\/04\/MAT25_DriesVdb_WEB-74-Grande-e1775749134757-768x574.jpeg.webp 768w, https:\/\/mat.travelblox.eu\/wp-content\/smush-webp\/sites\/68\/2026\/04\/MAT25_DriesVdb_WEB-74-Grande-e1775749134757-300x224.jpeg.webp 300w, https:\/\/mat.travelblox.eu\/wp-content\/smush-webp\/sites\/68\/2026\/04\/MAT25_DriesVdb_WEB-74-Grande-e1775749134757-16x12.jpeg.webp 16w, https:\/\/mat.travelblox.eu\/wp-content\/smush-webp\/sites\/68\/2026\/04\/MAT25_DriesVdb_WEB-74-Grande-e1775749134757.jpeg.webp 887w' sizes=\"auto, (max-width: 768px) 100vw, 768px\" loading='lazy' decoding='async' data-smush-webp-fallback=\"{&quot;src&quot;:&quot;https:\\\/\\\/mat.travelblox.eu\\\/wp-content\\\/uploads\\\/sites\\\/68\\\/2026\\\/04\\\/MAT25_DriesVdb_WEB-74-Grande-e1775749134757-768x574.jpeg&quot;,&quot;srcset&quot;:&quot;https:\\\/\\\/mat.travelblox.eu\\\/wp-content\\\/uploads\\\/sites\\\/68\\\/2026\\\/04\\\/MAT25_DriesVdb_WEB-74-Grande-e1775749134757-768x574.jpeg 768w, https:\\\/\\\/mat.travelblox.eu\\\/wp-content\\\/uploads\\\/sites\\\/68\\\/2026\\\/04\\\/MAT25_DriesVdb_WEB-74-Grande-e1775749134757-300x224.jpeg 300w, https:\\\/\\\/mat.travelblox.eu\\\/wp-content\\\/uploads\\\/sites\\\/68\\\/2026\\\/04\\\/MAT25_DriesVdb_WEB-74-Grande-e1775749134757-16x12.jpeg 16w, https:\\\/\\\/mat.travelblox.eu\\\/wp-content\\\/uploads\\\/sites\\\/68\\\/2026\\\/04\\\/MAT25_DriesVdb_WEB-74-Grande-e1775749134757.jpeg 887w&quot;}\">\t\t\t\t\t\t\t\t\t\t<\/div>\n\t\t\t\t\t\t\t\t\t\t<div class=\"tb-popup-content\">\n\t\t\t\t\t\t\t\t\t\t\t<h3>Transport the luggage - 3 days<\/h3>\n\t\t\t\t\t\t\t\t\t\t\t<div class=\"content\">\t<div class=\"translation-block\"><p>At the end of your trek, you can hike lighter thanks to <strong>our luggage transport option, available for the last 3 days of hiking.<\/strong><\/p><p>Why only from day 3? Simply because the accommodation in Raba\u00e7al is not accessible by car. Therefore, it's impossible to safely transport (or retrieve) luggage during the first 2 days.<\/p><p>Basically, this means you'll keep your belongings with you at the beginning of the trip. So, we recommend traveling smart and not overloading your backpack for days 1 and 2.<\/p><p>And as soon as transport becomes possible, you can fully enjoy it: if you choose the option, <strong>a \"Madeira Trail\" canvas bag is provided<\/strong> for you to carry your items.<\/p><p>Even though it\u2019s not available for the entire week, lightening up in the last days really changes the experience: more comfort, more freedom\u2026 and often enough energy to add a little bonus loop and reach a viewpoint you'll remember for a long time.<\/p><\/div>\n\t<\/div>\n\t\t\t\t\t\t\t\t\t\t<\/div>\n\t\t\t\t\t\t\t\t\t<\/div>\n\t\t\t\t\t\t\t\t<\/dialog>\n\t\t\t\t\t\t\t<\/div>\n\t\t\t\t\t\t<\/div>\n\t\t\t\t\t\t\t\t\t\t\t\t\t<\/div>\n\t\t\t\t<div class=\"tb-carousel-nav\">\n\t\t<div class=\"dots\">\n\t\t\t<div class=\"dot active\"><\/div>\n\t\t\t<div class=\"dot\"><\/div>\n\t\t\t<div class=\"dot\"><\/div>\n\t\t<\/div>\n\t\t<div class=\"arrows\">\n\t\t\t<div class=\"prev disabled\">\n\t\t\t\t<span><i class=\"fa fa-chevron-left\"><\/i><\/span>\n\t\t\t<\/div>\n\t\t\t<div class=\"next\">\n\t\t\t\t<span><i class=\"fa fa-chevron-right\"><\/i><\/span>\n\t\t\t<\/div>\n\t\t<\/div>\n\t<\/div>\n\t\t\t<\/div>\n\t<\/div>\n\t\t\t\t\t\t\t\t\t\t<\/div>\n\t\t<\/div>\n\n\n\n\n\n\n\n\n\n\n\n\n<div class=\"tb-gallery tb-block align-center background-light pattern-none variant-grid\" id=\"gallery-1\">\n\t<div class=\"tb-gallery__inner\">\n\t\t<div class=\"desktop tb-has-popup-content\">\n\t\t\t\t\t\t\t<ul class=\"tb-gallery-grid\">\n\t\t\t\t\t\t\t\t\t\t\t\t\t\t\t\t\t\t<li class=\"slide\">\n\t\t\t\t\t\t\t\t<div class=\"tb-popup-trigger\">\n\t\t\t\t\t\t\t\t\t<img src='https:\/\/mat.travelblox.eu\/wp-content\/smush-webp\/sites\/68\/2024\/09\/Siliquini-TheMadeiraTrail-240321-0418.jpg.webp' width='2048' height='1365' alt='Blume von Madeira - Madeira flowers - Fleurs de Mad\u00e8re - Flower of Madeira' srcset='https:\/\/mat.travelblox.eu\/wp-content\/smush-webp\/sites\/68\/2024\/09\/Siliquini-TheMadeiraTrail-240321-0418.jpg.webp 2048w, https:\/\/mat.travelblox.eu\/wp-content\/smush-webp\/sites\/68\/2024\/09\/Siliquini-TheMadeiraTrail-240321-0418-300x200.jpg.webp 300w, https:\/\/mat.travelblox.eu\/wp-content\/smush-webp\/sites\/68\/2024\/09\/Siliquini-TheMadeiraTrail-240321-0418-1024x683.jpg.webp 1024w, https:\/\/mat.travelblox.eu\/wp-content\/smush-webp\/sites\/68\/2024\/09\/Siliquini-TheMadeiraTrail-240321-0418-768x512.jpg.webp 768w, https:\/\/mat.travelblox.eu\/wp-content\/smush-webp\/sites\/68\/2024\/09\/Siliquini-TheMadeiraTrail-240321-0418-1536x1024.jpg.webp 1536w, https:\/\/mat.travelblox.eu\/wp-content\/smush-webp\/sites\/68\/2024\/09\/Siliquini-TheMadeiraTrail-240321-0418-18x12.jpg.webp 18w' sizes=\"auto, (max-width: 2048px) 100vw, 2048px\" style='object-position:50% 50%' loading='lazy' decoding='async' data-smush-webp-fallback=\"{&quot;src&quot;:&quot;https:\\\/\\\/mat.travelblox.eu\\\/wp-content\\\/uploads\\\/sites\\\/68\\\/2024\\\/09\\\/Siliquini-TheMadeiraTrail-240321-0418.jpg&quot;,&quot;srcset&quot;:&quot;https:\\\/\\\/mat.travelblox.eu\\\/wp-content\\\/uploads\\\/sites\\\/68\\\/2024\\\/09\\\/Siliquini-TheMadeiraTrail-240321-0418.jpg 2048w, https:\\\/\\\/mat.travelblox.eu\\\/wp-content\\\/uploads\\\/sites\\\/68\\\/2024\\\/09\\\/Siliquini-TheMadeiraTrail-240321-0418-300x200.jpg 300w, https:\\\/\\\/mat.travelblox.eu\\\/wp-content\\\/uploads\\\/sites\\\/68\\\/2024\\\/09\\\/Siliquini-TheMadeiraTrail-240321-0418-1024x683.jpg 1024w, https:\\\/\\\/mat.travelblox.eu\\\/wp-content\\\/uploads\\\/sites\\\/68\\\/2024\\\/09\\\/Siliquini-TheMadeiraTrail-240321-0418-768x512.jpg 768w, https:\\\/\\\/mat.travelblox.eu\\\/wp-content\\\/uploads\\\/sites\\\/68\\\/2024\\\/09\\\/Siliquini-TheMadeiraTrail-240321-0418-1536x1024.jpg 1536w, https:\\\/\\\/mat.travelblox.eu\\\/wp-content\\\/uploads\\\/sites\\\/68\\\/2024\\\/09\\\/Siliquini-TheMadeiraTrail-240321-0418-18x12.jpg 18w&quot;}\">\t\t\t\t\t\t\t\t<\/div>\n\t\t\t\t\t\t\t<\/li>\n\t\t\t\t\t\t\t\t\t\t\t\t\t<li class=\"slide\">\n\t\t\t\t\t\t\t\t<div class=\"tb-popup-trigger\">\n\t\t\t\t\t\t\t\t\t<img src='https:\/\/mat.travelblox.eu\/wp-content\/smush-webp\/sites\/68\/2025\/09\/MAT25_DriesVdb_WEB-153-scaled.jpg.webp' width='2560' height='1440' alt='Birds Madeira - Birds in Madeira - Birds on Madeira - Birds in Madeira' srcset='https:\/\/mat.travelblox.eu\/wp-content\/smush-webp\/sites\/68\/2025\/09\/MAT25_DriesVdb_WEB-153-scaled.jpg.webp 2560w, https:\/\/mat.travelblox.eu\/wp-content\/smush-webp\/sites\/68\/2025\/09\/MAT25_DriesVdb_WEB-153-300x169.jpg.webp 300w, https:\/\/mat.travelblox.eu\/wp-content\/smush-webp\/sites\/68\/2025\/09\/MAT25_DriesVdb_WEB-153-1024x576.jpg.webp 1024w, https:\/\/mat.travelblox.eu\/wp-content\/smush-webp\/sites\/68\/2025\/09\/MAT25_DriesVdb_WEB-153-768x432.jpg.webp 768w, https:\/\/mat.travelblox.eu\/wp-content\/smush-webp\/sites\/68\/2025\/09\/MAT25_DriesVdb_WEB-153-1536x864.jpg.webp 1536w, https:\/\/mat.travelblox.eu\/wp-content\/smush-webp\/sites\/68\/2025\/09\/MAT25_DriesVdb_WEB-153-2048x1152.jpg.webp 2048w, https:\/\/mat.travelblox.eu\/wp-content\/smush-webp\/sites\/68\/2025\/09\/MAT25_DriesVdb_WEB-153-18x10.jpg.webp 18w' sizes=\"auto, (max-width: 2560px) 100vw, 2560px\" style='object-position:50% 50%' loading='lazy' decoding='async' data-smush-webp-fallback=\"{&quot;src&quot;:&quot;https:\\\/\\\/mat.travelblox.eu\\\/wp-content\\\/uploads\\\/sites\\\/68\\\/2025\\\/09\\\/MAT25_DriesVdb_WEB-153-scaled.jpg&quot;,&quot;srcset&quot;:&quot;https:\\\/\\\/mat.travelblox.eu\\\/wp-content\\\/uploads\\\/sites\\\/68\\\/2025\\\/09\\\/MAT25_DriesVdb_WEB-153-scaled.jpg 2560w, https:\\\/\\\/mat.travelblox.eu\\\/wp-content\\\/uploads\\\/sites\\\/68\\\/2025\\\/09\\\/MAT25_DriesVdb_WEB-153-300x169.jpg 300w, https:\\\/\\\/mat.travelblox.eu\\\/wp-content\\\/uploads\\\/sites\\\/68\\\/2025\\\/09\\\/MAT25_DriesVdb_WEB-153-1024x576.jpg 1024w, https:\\\/\\\/mat.travelblox.eu\\\/wp-content\\\/uploads\\\/sites\\\/68\\\/2025\\\/09\\\/MAT25_DriesVdb_WEB-153-768x432.jpg 768w, https:\\\/\\\/mat.travelblox.eu\\\/wp-content\\\/uploads\\\/sites\\\/68\\\/2025\\\/09\\\/MAT25_DriesVdb_WEB-153-1536x864.jpg 1536w, https:\\\/\\\/mat.travelblox.eu\\\/wp-content\\\/uploads\\\/sites\\\/68\\\/2025\\\/09\\\/MAT25_DriesVdb_WEB-153-2048x1152.jpg 2048w, https:\\\/\\\/mat.travelblox.eu\\\/wp-content\\\/uploads\\\/sites\\\/68\\\/2025\\\/09\\\/MAT25_DriesVdb_WEB-153-18x10.jpg 18w&quot;}\">\t\t\t\t\t\t\t\t<\/div>\n\t\t\t\t\t\t\t<\/li>\n\t\t\t\t\t\t\t\t\t\t\t\t\t<li class=\"slide\">\n\t\t\t\t\t\t\t\t<div class=\"tb-popup-trigger\">\n\t\t\t\t\t\t\t\t\t<img src='https:\/\/mat.travelblox.eu\/wp-content\/smush-webp\/sites\/68\/2024\/03\/Siliquini-MadeiraTrail-240317-5551.jpeg.webp' width='1365' height='2048' alt='Fauna in Madeira - Wildlife in Madeira' srcset='https:\/\/mat.travelblox.eu\/wp-content\/smush-webp\/sites\/68\/2024\/03\/Siliquini-MadeiraTrail-240317-5551.jpeg.webp 1365w, https:\/\/mat.travelblox.eu\/wp-content\/smush-webp\/sites\/68\/2024\/03\/Siliquini-MadeiraTrail-240317-5551-200x300.jpeg.webp 200w, https:\/\/mat.travelblox.eu\/wp-content\/smush-webp\/sites\/68\/2024\/03\/Siliquini-MadeiraTrail-240317-5551-683x1024.jpeg.webp 683w, https:\/\/mat.travelblox.eu\/wp-content\/smush-webp\/sites\/68\/2024\/03\/Siliquini-MadeiraTrail-240317-5551-768x1152.jpeg.webp 768w, https:\/\/mat.travelblox.eu\/wp-content\/smush-webp\/sites\/68\/2024\/03\/Siliquini-MadeiraTrail-240317-5551-1024x1536.jpeg.webp 1024w, https:\/\/mat.travelblox.eu\/wp-content\/smush-webp\/sites\/68\/2024\/03\/Siliquini-MadeiraTrail-240317-5551-8x12.jpeg.webp 8w' sizes=\"auto, (max-width: 1365px) 100vw, 1365px\" style='object-position:50% 50%' loading='lazy' decoding='async' data-smush-webp-fallback=\"{&quot;src&quot;:&quot;https:\\\/\\\/mat.travelblox.eu\\\/wp-content\\\/uploads\\\/sites\\\/68\\\/2024\\\/03\\\/Siliquini-MadeiraTrail-240317-5551.jpeg&quot;,&quot;srcset&quot;:&quot;https:\\\/\\\/mat.travelblox.eu\\\/wp-content\\\/uploads\\\/sites\\\/68\\\/2024\\\/03\\\/Siliquini-MadeiraTrail-240317-5551.jpeg 1365w, https:\\\/\\\/mat.travelblox.eu\\\/wp-content\\\/uploads\\\/sites\\\/68\\\/2024\\\/03\\\/Siliquini-MadeiraTrail-240317-5551-200x300.jpeg 200w, https:\\\/\\\/mat.travelblox.eu\\\/wp-content\\\/uploads\\\/sites\\\/68\\\/2024\\\/03\\\/Siliquini-MadeiraTrail-240317-5551-683x1024.jpeg 683w, https:\\\/\\\/mat.travelblox.eu\\\/wp-content\\\/uploads\\\/sites\\\/68\\\/2024\\\/03\\\/Siliquini-MadeiraTrail-240317-5551-768x1152.jpeg 768w, https:\\\/\\\/mat.travelblox.eu\\\/wp-content\\\/uploads\\\/sites\\\/68\\\/2024\\\/03\\\/Siliquini-MadeiraTrail-240317-5551-1024x1536.jpeg 1024w, https:\\\/\\\/mat.travelblox.eu\\\/wp-content\\\/uploads\\\/sites\\\/68\\\/2024\\\/03\\\/Siliquini-MadeiraTrail-240317-5551-8x12.jpeg 8w&quot;}\">\t\t\t\t\t\t\t\t<\/div>\n\t\t\t\t\t\t\t<\/li>\n\t\t\t\t\t\t\t\t\t\t\t\t\t<li class=\"slide\">\n\t\t\t\t\t\t\t\t<div class=\"tb-popup-trigger\">\n\t\t\t\t\t\t\t\t\t<img src='https:\/\/mat.travelblox.eu\/wp-content\/smush-webp\/sites\/68\/2025\/09\/MAT25_DriesVdb_WEB-151-scaled.jpg.webp' width='2560' height='1440' alt='Mountains in Madeira' srcset='https:\/\/mat.travelblox.eu\/wp-content\/smush-webp\/sites\/68\/2025\/09\/MAT25_DriesVdb_WEB-151-scaled.jpg.webp 2560w, https:\/\/mat.travelblox.eu\/wp-content\/smush-webp\/sites\/68\/2025\/09\/MAT25_DriesVdb_WEB-151-300x169.jpg.webp 300w, https:\/\/mat.travelblox.eu\/wp-content\/smush-webp\/sites\/68\/2025\/09\/MAT25_DriesVdb_WEB-151-1024x576.jpg.webp 1024w, https:\/\/mat.travelblox.eu\/wp-content\/smush-webp\/sites\/68\/2025\/09\/MAT25_DriesVdb_WEB-151-768x432.jpg.webp 768w, https:\/\/mat.travelblox.eu\/wp-content\/smush-webp\/sites\/68\/2025\/09\/MAT25_DriesVdb_WEB-151-1536x864.jpg.webp 1536w, https:\/\/mat.travelblox.eu\/wp-content\/smush-webp\/sites\/68\/2025\/09\/MAT25_DriesVdb_WEB-151-2048x1152.jpg.webp 2048w, https:\/\/mat.travelblox.eu\/wp-content\/smush-webp\/sites\/68\/2025\/09\/MAT25_DriesVdb_WEB-151-18x10.jpg.webp 18w' sizes=\"auto, (max-width: 2560px) 100vw, 2560px\" style='object-position:50% 50%' loading='lazy' decoding='async' data-smush-webp-fallback=\"{&quot;src&quot;:&quot;https:\\\/\\\/mat.travelblox.eu\\\/wp-content\\\/uploads\\\/sites\\\/68\\\/2025\\\/09\\\/MAT25_DriesVdb_WEB-151-scaled.jpg&quot;,&quot;srcset&quot;:&quot;https:\\\/\\\/mat.travelblox.eu\\\/wp-content\\\/uploads\\\/sites\\\/68\\\/2025\\\/09\\\/MAT25_DriesVdb_WEB-151-scaled.jpg 2560w, https:\\\/\\\/mat.travelblox.eu\\\/wp-content\\\/uploads\\\/sites\\\/68\\\/2025\\\/09\\\/MAT25_DriesVdb_WEB-151-300x169.jpg 300w, https:\\\/\\\/mat.travelblox.eu\\\/wp-content\\\/uploads\\\/sites\\\/68\\\/2025\\\/09\\\/MAT25_DriesVdb_WEB-151-1024x576.jpg 1024w, https:\\\/\\\/mat.travelblox.eu\\\/wp-content\\\/uploads\\\/sites\\\/68\\\/2025\\\/09\\\/MAT25_DriesVdb_WEB-151-768x432.jpg 768w, https:\\\/\\\/mat.travelblox.eu\\\/wp-content\\\/uploads\\\/sites\\\/68\\\/2025\\\/09\\\/MAT25_DriesVdb_WEB-151-1536x864.jpg 1536w, https:\\\/\\\/mat.travelblox.eu\\\/wp-content\\\/uploads\\\/sites\\\/68\\\/2025\\\/09\\\/MAT25_DriesVdb_WEB-151-2048x1152.jpg 2048w, https:\\\/\\\/mat.travelblox.eu\\\/wp-content\\\/uploads\\\/sites\\\/68\\\/2025\\\/09\\\/MAT25_DriesVdb_WEB-151-18x10.jpg 18w&quot;}\">\t\t\t\t\t\t\t\t<\/div>\n\t\t\t\t\t\t\t<\/li>\n\t\t\t\t\t\t\t\t\t\t\t\t\t<li class=\"slide\">\n\t\t\t\t\t\t\t\t<div class=\"tb-popup-trigger\">\n\t\t\t\t\t\t\t\t\t<img src='https:\/\/mat.travelblox.eu\/wp-content\/smush-webp\/sites\/68\/2025\/08\/MAT25_DriesVdb_WEB-69-scaled.jpg.webp' width='2560' height='1707' alt='Landscapes in Madeira - Views in Madeira - Landscapes in Madeira - Landscapes in Madeira' srcset='https:\/\/mat.travelblox.eu\/wp-content\/smush-webp\/sites\/68\/2025\/08\/MAT25_DriesVdb_WEB-69-scaled.jpg.webp 2560w, https:\/\/mat.travelblox.eu\/wp-content\/smush-webp\/sites\/68\/2025\/08\/MAT25_DriesVdb_WEB-69-300x200.jpg.webp 300w, https:\/\/mat.travelblox.eu\/wp-content\/smush-webp\/sites\/68\/2025\/08\/MAT25_DriesVdb_WEB-69-1024x683.jpg.webp 1024w, https:\/\/mat.travelblox.eu\/wp-content\/smush-webp\/sites\/68\/2025\/08\/MAT25_DriesVdb_WEB-69-768x512.jpg.webp 768w, https:\/\/mat.travelblox.eu\/wp-content\/smush-webp\/sites\/68\/2025\/08\/MAT25_DriesVdb_WEB-69-1536x1024.jpg.webp 1536w, https:\/\/mat.travelblox.eu\/wp-content\/smush-webp\/sites\/68\/2025\/08\/MAT25_DriesVdb_WEB-69-2048x1365.jpg.webp 2048w, https:\/\/mat.travelblox.eu\/wp-content\/smush-webp\/sites\/68\/2025\/08\/MAT25_DriesVdb_WEB-69-18x12.jpg.webp 18w' sizes=\"auto, (max-width: 2560px) 100vw, 2560px\" style='object-position:50% 50%' loading='lazy' decoding='async' data-smush-webp-fallback=\"{&quot;src&quot;:&quot;https:\\\/\\\/mat.travelblox.eu\\\/wp-content\\\/uploads\\\/sites\\\/68\\\/2025\\\/08\\\/MAT25_DriesVdb_WEB-69-scaled.jpg&quot;,&quot;srcset&quot;:&quot;https:\\\/\\\/mat.travelblox.eu\\\/wp-content\\\/uploads\\\/sites\\\/68\\\/2025\\\/08\\\/MAT25_DriesVdb_WEB-69-scaled.jpg 2560w, https:\\\/\\\/mat.travelblox.eu\\\/wp-content\\\/uploads\\\/sites\\\/68\\\/2025\\\/08\\\/MAT25_DriesVdb_WEB-69-300x200.jpg 300w, https:\\\/\\\/mat.travelblox.eu\\\/wp-content\\\/uploads\\\/sites\\\/68\\\/2025\\\/08\\\/MAT25_DriesVdb_WEB-69-1024x683.jpg 1024w, https:\\\/\\\/mat.travelblox.eu\\\/wp-content\\\/uploads\\\/sites\\\/68\\\/2025\\\/08\\\/MAT25_DriesVdb_WEB-69-768x512.jpg 768w, https:\\\/\\\/mat.travelblox.eu\\\/wp-content\\\/uploads\\\/sites\\\/68\\\/2025\\\/08\\\/MAT25_DriesVdb_WEB-69-1536x1024.jpg 1536w, https:\\\/\\\/mat.travelblox.eu\\\/wp-content\\\/uploads\\\/sites\\\/68\\\/2025\\\/08\\\/MAT25_DriesVdb_WEB-69-2048x1365.jpg 2048w, https:\\\/\\\/mat.travelblox.eu\\\/wp-content\\\/uploads\\\/sites\\\/68\\\/2025\\\/08\\\/MAT25_DriesVdb_WEB-69-18x12.jpg 18w&quot;}\">\t\t\t\t\t\t\t\t<\/div>\n\t\t\t\t\t\t\t<\/li>\n\t\t\t\t\t\t\t\t\t\t\t\t\t<li class=\"slide\">\n\t\t\t\t\t\t\t\t<div class=\"tb-popup-trigger\">\n\t\t\t\t\t\t\t\t\t<img src='https:\/\/mat.travelblox.eu\/wp-content\/smush-webp\/sites\/68\/2025\/11\/Siliquini-TheMadeiraTrail-240319-9399.jpg.webp' width='1024' height='683' alt='Landscapes in Madeira - Views in Madeira - Landscapes in Madeira - Landscapes in Madeira' srcset='https:\/\/mat.travelblox.eu\/wp-content\/smush-webp\/sites\/68\/2025\/11\/Siliquini-TheMadeiraTrail-240319-9399.jpg.webp 1024w, https:\/\/mat.travelblox.eu\/wp-content\/smush-webp\/sites\/68\/2025\/11\/Siliquini-TheMadeiraTrail-240319-9399-300x200.jpg.webp 300w, https:\/\/mat.travelblox.eu\/wp-content\/smush-webp\/sites\/68\/2025\/11\/Siliquini-TheMadeiraTrail-240319-9399-768x512.jpg.webp 768w, https:\/\/mat.travelblox.eu\/wp-content\/smush-webp\/sites\/68\/2025\/11\/Siliquini-TheMadeiraTrail-240319-9399-18x12.jpg.webp 18w' sizes=\"auto, (max-width: 1024px) 100vw, 1024px\" style='object-position:50% 50%' loading='lazy' decoding='async' data-smush-webp-fallback=\"{&quot;src&quot;:&quot;https:\\\/\\\/mat.travelblox.eu\\\/wp-content\\\/uploads\\\/sites\\\/68\\\/2025\\\/11\\\/Siliquini-TheMadeiraTrail-240319-9399.jpg&quot;,&quot;srcset&quot;:&quot;https:\\\/\\\/mat.travelblox.eu\\\/wp-content\\\/uploads\\\/sites\\\/68\\\/2025\\\/11\\\/Siliquini-TheMadeiraTrail-240319-9399.jpg 1024w, https:\\\/\\\/mat.travelblox.eu\\\/wp-content\\\/uploads\\\/sites\\\/68\\\/2025\\\/11\\\/Siliquini-TheMadeiraTrail-240319-9399-300x200.jpg 300w, https:\\\/\\\/mat.travelblox.eu\\\/wp-content\\\/uploads\\\/sites\\\/68\\\/2025\\\/11\\\/Siliquini-TheMadeiraTrail-240319-9399-768x512.jpg 768w, https:\\\/\\\/mat.travelblox.eu\\\/wp-content\\\/uploads\\\/sites\\\/68\\\/2025\\\/11\\\/Siliquini-TheMadeiraTrail-240319-9399-18x12.jpg 18w&quot;}\">\t\t\t\t\t\t\t\t<\/div>\n\t\t\t\t\t\t\t<\/li>\n\t\t\t\t\t\t\t\t\t\t\t\t\t\t\t<\/ul>\n\t\t\t\t\t\t<div class=\"tb-popup tb-popup--open-clicked-image\">\n\t\t\t\t<div class=\"tb-gallery-popup\">\n\t\t\t\t\t<div class=\"tb-image-part\">\n\t\t\t\t\t\t\t\t<div class=\"inner-block-full-width has-tb-carousel tb-carousel-slider\" >\n\t\t<div class=\"tb-carousel-container\">\n\t\t\t<div class=\"entries tb-cards\" data-slider-first=\"2\">\n\t\t\t\t\t\t\t<div class=\"entry\">\n\t\t\t<div class=\"tb-image-part\">\n\t\t\t\t<figure>\n\t\t\t\t\t<img src='https:\/\/mat.travelblox.eu\/wp-content\/smush-webp\/sites\/68\/2024\/09\/Siliquini-TheMadeiraTrail-240321-0418.jpg.webp' width='2048' height='1365' alt='Blume von Madeira - Madeira flowers - Fleurs de Mad\u00e8re - Flower of Madeira' srcset='https:\/\/mat.travelblox.eu\/wp-content\/smush-webp\/sites\/68\/2024\/09\/Siliquini-TheMadeiraTrail-240321-0418.jpg.webp 2048w, https:\/\/mat.travelblox.eu\/wp-content\/smush-webp\/sites\/68\/2024\/09\/Siliquini-TheMadeiraTrail-240321-0418-300x200.jpg.webp 300w, https:\/\/mat.travelblox.eu\/wp-content\/smush-webp\/sites\/68\/2024\/09\/Siliquini-TheMadeiraTrail-240321-0418-1024x683.jpg.webp 1024w, https:\/\/mat.travelblox.eu\/wp-content\/smush-webp\/sites\/68\/2024\/09\/Siliquini-TheMadeiraTrail-240321-0418-768x512.jpg.webp 768w, https:\/\/mat.travelblox.eu\/wp-content\/smush-webp\/sites\/68\/2024\/09\/Siliquini-TheMadeiraTrail-240321-0418-1536x1024.jpg.webp 1536w, https:\/\/mat.travelblox.eu\/wp-content\/smush-webp\/sites\/68\/2024\/09\/Siliquini-TheMadeiraTrail-240321-0418-18x12.jpg.webp 18w' sizes=\"auto, (max-width: 2048px) 100vw, 2048px\" style='object-position:50% 50%' loading='lazy' decoding='async' data-smush-webp-fallback=\"{&quot;src&quot;:&quot;https:\\\/\\\/mat.travelblox.eu\\\/wp-content\\\/uploads\\\/sites\\\/68\\\/2024\\\/09\\\/Siliquini-TheMadeiraTrail-240321-0418.jpg&quot;,&quot;srcset&quot;:&quot;https:\\\/\\\/mat.travelblox.eu\\\/wp-content\\\/uploads\\\/sites\\\/68\\\/2024\\\/09\\\/Siliquini-TheMadeiraTrail-240321-0418.jpg 2048w, https:\\\/\\\/mat.travelblox.eu\\\/wp-content\\\/uploads\\\/sites\\\/68\\\/2024\\\/09\\\/Siliquini-TheMadeiraTrail-240321-0418-300x200.jpg 300w, https:\\\/\\\/mat.travelblox.eu\\\/wp-content\\\/uploads\\\/sites\\\/68\\\/2024\\\/09\\\/Siliquini-TheMadeiraTrail-240321-0418-1024x683.jpg 1024w, https:\\\/\\\/mat.travelblox.eu\\\/wp-content\\\/uploads\\\/sites\\\/68\\\/2024\\\/09\\\/Siliquini-TheMadeiraTrail-240321-0418-768x512.jpg 768w, https:\\\/\\\/mat.travelblox.eu\\\/wp-content\\\/uploads\\\/sites\\\/68\\\/2024\\\/09\\\/Siliquini-TheMadeiraTrail-240321-0418-1536x1024.jpg 1536w, https:\\\/\\\/mat.travelblox.eu\\\/wp-content\\\/uploads\\\/sites\\\/68\\\/2024\\\/09\\\/Siliquini-TheMadeiraTrail-240321-0418-18x12.jpg 18w&quot;}\">\t\t\t\t\t\t\t\t\t<\/figure>\n\t\t\t<\/div>\n\t\t<\/div>\n\t\t\t<div class=\"entry\">\n\t\t\t<div class=\"tb-image-part\">\n\t\t\t\t<figure>\n\t\t\t\t\t<img src='https:\/\/mat.travelblox.eu\/wp-content\/smush-webp\/sites\/68\/2025\/09\/MAT25_DriesVdb_WEB-153-scaled.jpg.webp' width='2560' height='1440' alt='Birds Madeira - Birds in Madeira - Birds on Madeira - Birds in Madeira' srcset='https:\/\/mat.travelblox.eu\/wp-content\/smush-webp\/sites\/68\/2025\/09\/MAT25_DriesVdb_WEB-153-scaled.jpg.webp 2560w, https:\/\/mat.travelblox.eu\/wp-content\/smush-webp\/sites\/68\/2025\/09\/MAT25_DriesVdb_WEB-153-300x169.jpg.webp 300w, https:\/\/mat.travelblox.eu\/wp-content\/smush-webp\/sites\/68\/2025\/09\/MAT25_DriesVdb_WEB-153-1024x576.jpg.webp 1024w, https:\/\/mat.travelblox.eu\/wp-content\/smush-webp\/sites\/68\/2025\/09\/MAT25_DriesVdb_WEB-153-768x432.jpg.webp 768w, https:\/\/mat.travelblox.eu\/wp-content\/smush-webp\/sites\/68\/2025\/09\/MAT25_DriesVdb_WEB-153-1536x864.jpg.webp 1536w, https:\/\/mat.travelblox.eu\/wp-content\/smush-webp\/sites\/68\/2025\/09\/MAT25_DriesVdb_WEB-153-2048x1152.jpg.webp 2048w, https:\/\/mat.travelblox.eu\/wp-content\/smush-webp\/sites\/68\/2025\/09\/MAT25_DriesVdb_WEB-153-18x10.jpg.webp 18w' sizes=\"auto, (max-width: 2560px) 100vw, 2560px\" style='object-position:50% 50%' loading='lazy' decoding='async' data-smush-webp-fallback=\"{&quot;src&quot;:&quot;https:\\\/\\\/mat.travelblox.eu\\\/wp-content\\\/uploads\\\/sites\\\/68\\\/2025\\\/09\\\/MAT25_DriesVdb_WEB-153-scaled.jpg&quot;,&quot;srcset&quot;:&quot;https:\\\/\\\/mat.travelblox.eu\\\/wp-content\\\/uploads\\\/sites\\\/68\\\/2025\\\/09\\\/MAT25_DriesVdb_WEB-153-scaled.jpg 2560w, https:\\\/\\\/mat.travelblox.eu\\\/wp-content\\\/uploads\\\/sites\\\/68\\\/2025\\\/09\\\/MAT25_DriesVdb_WEB-153-300x169.jpg 300w, https:\\\/\\\/mat.travelblox.eu\\\/wp-content\\\/uploads\\\/sites\\\/68\\\/2025\\\/09\\\/MAT25_DriesVdb_WEB-153-1024x576.jpg 1024w, https:\\\/\\\/mat.travelblox.eu\\\/wp-content\\\/uploads\\\/sites\\\/68\\\/2025\\\/09\\\/MAT25_DriesVdb_WEB-153-768x432.jpg 768w, https:\\\/\\\/mat.travelblox.eu\\\/wp-content\\\/uploads\\\/sites\\\/68\\\/2025\\\/09\\\/MAT25_DriesVdb_WEB-153-1536x864.jpg 1536w, https:\\\/\\\/mat.travelblox.eu\\\/wp-content\\\/uploads\\\/sites\\\/68\\\/2025\\\/09\\\/MAT25_DriesVdb_WEB-153-2048x1152.jpg 2048w, https:\\\/\\\/mat.travelblox.eu\\\/wp-content\\\/uploads\\\/sites\\\/68\\\/2025\\\/09\\\/MAT25_DriesVdb_WEB-153-18x10.jpg 18w&quot;}\">\t\t\t\t\t\t\t\t\t<\/figure>\n\t\t\t<\/div>\n\t\t<\/div>\n\t\t\t<div class=\"entry\">\n\t\t\t<div class=\"tb-image-part\">\n\t\t\t\t<figure>\n\t\t\t\t\t<img src='https:\/\/mat.travelblox.eu\/wp-content\/smush-webp\/sites\/68\/2024\/03\/Siliquini-MadeiraTrail-240317-5551.jpeg.webp' width='1365' height='2048' alt='Fauna in Madeira - Wildlife in Madeira' srcset='https:\/\/mat.travelblox.eu\/wp-content\/smush-webp\/sites\/68\/2024\/03\/Siliquini-MadeiraTrail-240317-5551.jpeg.webp 1365w, https:\/\/mat.travelblox.eu\/wp-content\/smush-webp\/sites\/68\/2024\/03\/Siliquini-MadeiraTrail-240317-5551-200x300.jpeg.webp 200w, https:\/\/mat.travelblox.eu\/wp-content\/smush-webp\/sites\/68\/2024\/03\/Siliquini-MadeiraTrail-240317-5551-683x1024.jpeg.webp 683w, https:\/\/mat.travelblox.eu\/wp-content\/smush-webp\/sites\/68\/2024\/03\/Siliquini-MadeiraTrail-240317-5551-768x1152.jpeg.webp 768w, https:\/\/mat.travelblox.eu\/wp-content\/smush-webp\/sites\/68\/2024\/03\/Siliquini-MadeiraTrail-240317-5551-1024x1536.jpeg.webp 1024w, https:\/\/mat.travelblox.eu\/wp-content\/smush-webp\/sites\/68\/2024\/03\/Siliquini-MadeiraTrail-240317-5551-8x12.jpeg.webp 8w' sizes=\"auto, (max-width: 1365px) 100vw, 1365px\" style='object-position:50% 50%' loading='lazy' decoding='async' data-smush-webp-fallback=\"{&quot;src&quot;:&quot;https:\\\/\\\/mat.travelblox.eu\\\/wp-content\\\/uploads\\\/sites\\\/68\\\/2024\\\/03\\\/Siliquini-MadeiraTrail-240317-5551.jpeg&quot;,&quot;srcset&quot;:&quot;https:\\\/\\\/mat.travelblox.eu\\\/wp-content\\\/uploads\\\/sites\\\/68\\\/2024\\\/03\\\/Siliquini-MadeiraTrail-240317-5551.jpeg 1365w, https:\\\/\\\/mat.travelblox.eu\\\/wp-content\\\/uploads\\\/sites\\\/68\\\/2024\\\/03\\\/Siliquini-MadeiraTrail-240317-5551-200x300.jpeg 200w, https:\\\/\\\/mat.travelblox.eu\\\/wp-content\\\/uploads\\\/sites\\\/68\\\/2024\\\/03\\\/Siliquini-MadeiraTrail-240317-5551-683x1024.jpeg 683w, https:\\\/\\\/mat.travelblox.eu\\\/wp-content\\\/uploads\\\/sites\\\/68\\\/2024\\\/03\\\/Siliquini-MadeiraTrail-240317-5551-768x1152.jpeg 768w, https:\\\/\\\/mat.travelblox.eu\\\/wp-content\\\/uploads\\\/sites\\\/68\\\/2024\\\/03\\\/Siliquini-MadeiraTrail-240317-5551-1024x1536.jpeg 1024w, https:\\\/\\\/mat.travelblox.eu\\\/wp-content\\\/uploads\\\/sites\\\/68\\\/2024\\\/03\\\/Siliquini-MadeiraTrail-240317-5551-8x12.jpeg 8w&quot;}\">\t\t\t\t\t\t\t\t\t<\/figure>\n\t\t\t<\/div>\n\t\t<\/div>\n\t\t\t<div class=\"entry\">\n\t\t\t<div class=\"tb-image-part\">\n\t\t\t\t<figure>\n\t\t\t\t\t<img src='https:\/\/mat.travelblox.eu\/wp-content\/smush-webp\/sites\/68\/2025\/09\/MAT25_DriesVdb_WEB-151-scaled.jpg.webp' width='2560' height='1440' alt='Mountains in Madeira' srcset='https:\/\/mat.travelblox.eu\/wp-content\/smush-webp\/sites\/68\/2025\/09\/MAT25_DriesVdb_WEB-151-scaled.jpg.webp 2560w, https:\/\/mat.travelblox.eu\/wp-content\/smush-webp\/sites\/68\/2025\/09\/MAT25_DriesVdb_WEB-151-300x169.jpg.webp 300w, https:\/\/mat.travelblox.eu\/wp-content\/smush-webp\/sites\/68\/2025\/09\/MAT25_DriesVdb_WEB-151-1024x576.jpg.webp 1024w, https:\/\/mat.travelblox.eu\/wp-content\/smush-webp\/sites\/68\/2025\/09\/MAT25_DriesVdb_WEB-151-768x432.jpg.webp 768w, https:\/\/mat.travelblox.eu\/wp-content\/smush-webp\/sites\/68\/2025\/09\/MAT25_DriesVdb_WEB-151-1536x864.jpg.webp 1536w, https:\/\/mat.travelblox.eu\/wp-content\/smush-webp\/sites\/68\/2025\/09\/MAT25_DriesVdb_WEB-151-2048x1152.jpg.webp 2048w, https:\/\/mat.travelblox.eu\/wp-content\/smush-webp\/sites\/68\/2025\/09\/MAT25_DriesVdb_WEB-151-18x10.jpg.webp 18w' sizes=\"auto, (max-width: 2560px) 100vw, 2560px\" style='object-position:50% 50%' loading='lazy' decoding='async' data-smush-webp-fallback=\"{&quot;src&quot;:&quot;https:\\\/\\\/mat.travelblox.eu\\\/wp-content\\\/uploads\\\/sites\\\/68\\\/2025\\\/09\\\/MAT25_DriesVdb_WEB-151-scaled.jpg&quot;,&quot;srcset&quot;:&quot;https:\\\/\\\/mat.travelblox.eu\\\/wp-content\\\/uploads\\\/sites\\\/68\\\/2025\\\/09\\\/MAT25_DriesVdb_WEB-151-scaled.jpg 2560w, https:\\\/\\\/mat.travelblox.eu\\\/wp-content\\\/uploads\\\/sites\\\/68\\\/2025\\\/09\\\/MAT25_DriesVdb_WEB-151-300x169.jpg 300w, https:\\\/\\\/mat.travelblox.eu\\\/wp-content\\\/uploads\\\/sites\\\/68\\\/2025\\\/09\\\/MAT25_DriesVdb_WEB-151-1024x576.jpg 1024w, https:\\\/\\\/mat.travelblox.eu\\\/wp-content\\\/uploads\\\/sites\\\/68\\\/2025\\\/09\\\/MAT25_DriesVdb_WEB-151-768x432.jpg 768w, https:\\\/\\\/mat.travelblox.eu\\\/wp-content\\\/uploads\\\/sites\\\/68\\\/2025\\\/09\\\/MAT25_DriesVdb_WEB-151-1536x864.jpg 1536w, https:\\\/\\\/mat.travelblox.eu\\\/wp-content\\\/uploads\\\/sites\\\/68\\\/2025\\\/09\\\/MAT25_DriesVdb_WEB-151-2048x1152.jpg 2048w, https:\\\/\\\/mat.travelblox.eu\\\/wp-content\\\/uploads\\\/sites\\\/68\\\/2025\\\/09\\\/MAT25_DriesVdb_WEB-151-18x10.jpg 18w&quot;}\">\t\t\t\t\t\t\t\t\t<\/figure>\n\t\t\t<\/div>\n\t\t<\/div>\n\t\t\t<div class=\"entry\">\n\t\t\t<div class=\"tb-image-part\">\n\t\t\t\t<figure>\n\t\t\t\t\t<img src='https:\/\/mat.travelblox.eu\/wp-content\/smush-webp\/sites\/68\/2025\/08\/MAT25_DriesVdb_WEB-69-scaled.jpg.webp' width='2560' height='1707' alt='Landscapes in Madeira - Views in Madeira - Landscapes in Madeira - Landscapes in Madeira' srcset='https:\/\/mat.travelblox.eu\/wp-content\/smush-webp\/sites\/68\/2025\/08\/MAT25_DriesVdb_WEB-69-scaled.jpg.webp 2560w, https:\/\/mat.travelblox.eu\/wp-content\/smush-webp\/sites\/68\/2025\/08\/MAT25_DriesVdb_WEB-69-300x200.jpg.webp 300w, https:\/\/mat.travelblox.eu\/wp-content\/smush-webp\/sites\/68\/2025\/08\/MAT25_DriesVdb_WEB-69-1024x683.jpg.webp 1024w, https:\/\/mat.travelblox.eu\/wp-content\/smush-webp\/sites\/68\/2025\/08\/MAT25_DriesVdb_WEB-69-768x512.jpg.webp 768w, https:\/\/mat.travelblox.eu\/wp-content\/smush-webp\/sites\/68\/2025\/08\/MAT25_DriesVdb_WEB-69-1536x1024.jpg.webp 1536w, https:\/\/mat.travelblox.eu\/wp-content\/smush-webp\/sites\/68\/2025\/08\/MAT25_DriesVdb_WEB-69-2048x1365.jpg.webp 2048w, https:\/\/mat.travelblox.eu\/wp-content\/smush-webp\/sites\/68\/2025\/08\/MAT25_DriesVdb_WEB-69-18x12.jpg.webp 18w' sizes=\"auto, (max-width: 2560px) 100vw, 2560px\" style='object-position:50% 50%' loading='lazy' decoding='async' data-smush-webp-fallback=\"{&quot;src&quot;:&quot;https:\\\/\\\/mat.travelblox.eu\\\/wp-content\\\/uploads\\\/sites\\\/68\\\/2025\\\/08\\\/MAT25_DriesVdb_WEB-69-scaled.jpg&quot;,&quot;srcset&quot;:&quot;https:\\\/\\\/mat.travelblox.eu\\\/wp-content\\\/uploads\\\/sites\\\/68\\\/2025\\\/08\\\/MAT25_DriesVdb_WEB-69-scaled.jpg 2560w, https:\\\/\\\/mat.travelblox.eu\\\/wp-content\\\/uploads\\\/sites\\\/68\\\/2025\\\/08\\\/MAT25_DriesVdb_WEB-69-300x200.jpg 300w, https:\\\/\\\/mat.travelblox.eu\\\/wp-content\\\/uploads\\\/sites\\\/68\\\/2025\\\/08\\\/MAT25_DriesVdb_WEB-69-1024x683.jpg 1024w, https:\\\/\\\/mat.travelblox.eu\\\/wp-content\\\/uploads\\\/sites\\\/68\\\/2025\\\/08\\\/MAT25_DriesVdb_WEB-69-768x512.jpg 768w, https:\\\/\\\/mat.travelblox.eu\\\/wp-content\\\/uploads\\\/sites\\\/68\\\/2025\\\/08\\\/MAT25_DriesVdb_WEB-69-1536x1024.jpg 1536w, https:\\\/\\\/mat.travelblox.eu\\\/wp-content\\\/uploads\\\/sites\\\/68\\\/2025\\\/08\\\/MAT25_DriesVdb_WEB-69-2048x1365.jpg 2048w, https:\\\/\\\/mat.travelblox.eu\\\/wp-content\\\/uploads\\\/sites\\\/68\\\/2025\\\/08\\\/MAT25_DriesVdb_WEB-69-18x12.jpg 18w&quot;}\">\t\t\t\t\t\t\t\t\t<\/figure>\n\t\t\t<\/div>\n\t\t<\/div>\n\t\t\t<div class=\"entry\">\n\t\t\t<div class=\"tb-image-part\">\n\t\t\t\t<figure>\n\t\t\t\t\t<img src='https:\/\/mat.travelblox.eu\/wp-content\/smush-webp\/sites\/68\/2025\/11\/Siliquini-TheMadeiraTrail-240319-9399.jpg.webp' width='1024' height='683' alt='Landscapes in Madeira - Views in Madeira - Landscapes in Madeira - Landscapes in Madeira' srcset='https:\/\/mat.travelblox.eu\/wp-content\/smush-webp\/sites\/68\/2025\/11\/Siliquini-TheMadeiraTrail-240319-9399.jpg.webp 1024w, https:\/\/mat.travelblox.eu\/wp-content\/smush-webp\/sites\/68\/2025\/11\/Siliquini-TheMadeiraTrail-240319-9399-300x200.jpg.webp 300w, https:\/\/mat.travelblox.eu\/wp-content\/smush-webp\/sites\/68\/2025\/11\/Siliquini-TheMadeiraTrail-240319-9399-768x512.jpg.webp 768w, https:\/\/mat.travelblox.eu\/wp-content\/smush-webp\/sites\/68\/2025\/11\/Siliquini-TheMadeiraTrail-240319-9399-18x12.jpg.webp 18w' sizes=\"auto, (max-width: 1024px) 100vw, 1024px\" style='object-position:50% 50%' loading='lazy' decoding='async' data-smush-webp-fallback=\"{&quot;src&quot;:&quot;https:\\\/\\\/mat.travelblox.eu\\\/wp-content\\\/uploads\\\/sites\\\/68\\\/2025\\\/11\\\/Siliquini-TheMadeiraTrail-240319-9399.jpg&quot;,&quot;srcset&quot;:&quot;https:\\\/\\\/mat.travelblox.eu\\\/wp-content\\\/uploads\\\/sites\\\/68\\\/2025\\\/11\\\/Siliquini-TheMadeiraTrail-240319-9399.jpg 1024w, https:\\\/\\\/mat.travelblox.eu\\\/wp-content\\\/uploads\\\/sites\\\/68\\\/2025\\\/11\\\/Siliquini-TheMadeiraTrail-240319-9399-300x200.jpg 300w, https:\\\/\\\/mat.travelblox.eu\\\/wp-content\\\/uploads\\\/sites\\\/68\\\/2025\\\/11\\\/Siliquini-TheMadeiraTrail-240319-9399-768x512.jpg 768w, https:\\\/\\\/mat.travelblox.eu\\\/wp-content\\\/uploads\\\/sites\\\/68\\\/2025\\\/11\\\/Siliquini-TheMadeiraTrail-240319-9399-18x12.jpg 18w&quot;}\">\t\t\t\t\t\t\t\t\t<\/figure>\n\t\t\t<\/div>\n\t\t<\/div>\n\t\t\t\t\t<\/div>\n\t\t\t\t<div class=\"tb-carousel-nav\">\n\t\t<div class=\"dots\">\n\t\t\t<div class=\"dot active\"><\/div>\n\t\t\t<div class=\"dot\"><\/div>\n\t\t\t<div class=\"dot\"><\/div>\n\t\t<\/div>\n\t\t<div class=\"arrows\">\n\t\t\t<div class=\"prev disabled\">\n\t\t\t\t<span><i class=\"fa fa-chevron-left\"><\/i><\/span>\n\t\t\t<\/div>\n\t\t\t<div class=\"next\">\n\t\t\t\t<span><i class=\"fa fa-chevron-right\"><\/i><\/span>\n\t\t\t<\/div>\n\t\t<\/div>\n\t<\/div>\n\t\t\t<\/div>\n\t<\/div>\n\t\t\t\t\t\t\t<\/div>\n\t\t\t\t<\/div>\n\t\t\t<\/div>\n\t\t<\/div>\n\t\t<div class=\"mobile\">\n\t\t\t<div class=\"tb-image-part\">\n\t\t\t\t\t\t<div class=\"inner-block-full-width has-tb-carousel tb-carousel-slider\" >\n\t\t<div class=\"tb-carousel-container\">\n\t\t\t<div class=\"entries tb-cards\" data-slider-first=\"0\">\n\t\t\t\t\t\t\t<div class=\"entry\">\n\t\t\t<div class=\"tb-image-part\">\n\t\t\t\t<figure>\n\t\t\t\t\t<img src='https:\/\/mat.travelblox.eu\/wp-content\/smush-webp\/sites\/68\/2024\/09\/Siliquini-TheMadeiraTrail-240321-0418-768x512.jpg.webp' width='768' height='512' alt='Blume von Madeira - Madeira flowers - Fleurs de Mad\u00e8re - Flower of Madeira' srcset='https:\/\/mat.travelblox.eu\/wp-content\/smush-webp\/sites\/68\/2024\/09\/Siliquini-TheMadeiraTrail-240321-0418-768x512.jpg.webp 768w, https:\/\/mat.travelblox.eu\/wp-content\/smush-webp\/sites\/68\/2024\/09\/Siliquini-TheMadeiraTrail-240321-0418-300x200.jpg.webp 300w, https:\/\/mat.travelblox.eu\/wp-content\/smush-webp\/sites\/68\/2024\/09\/Siliquini-TheMadeiraTrail-240321-0418-1024x683.jpg.webp 1024w, https:\/\/mat.travelblox.eu\/wp-content\/smush-webp\/sites\/68\/2024\/09\/Siliquini-TheMadeiraTrail-240321-0418-1536x1024.jpg.webp 1536w, https:\/\/mat.travelblox.eu\/wp-content\/smush-webp\/sites\/68\/2024\/09\/Siliquini-TheMadeiraTrail-240321-0418-18x12.jpg.webp 18w, https:\/\/mat.travelblox.eu\/wp-content\/smush-webp\/sites\/68\/2024\/09\/Siliquini-TheMadeiraTrail-240321-0418.jpg.webp 2048w' sizes=\"auto, (max-width: 768px) 100vw, 768px\" style='object-position:50% 50%' loading='lazy' decoding='async' data-smush-webp-fallback=\"{&quot;src&quot;:&quot;https:\\\/\\\/mat.travelblox.eu\\\/wp-content\\\/uploads\\\/sites\\\/68\\\/2024\\\/09\\\/Siliquini-TheMadeiraTrail-240321-0418-768x512.jpg&quot;,&quot;srcset&quot;:&quot;https:\\\/\\\/mat.travelblox.eu\\\/wp-content\\\/uploads\\\/sites\\\/68\\\/2024\\\/09\\\/Siliquini-TheMadeiraTrail-240321-0418-768x512.jpg 768w, https:\\\/\\\/mat.travelblox.eu\\\/wp-content\\\/uploads\\\/sites\\\/68\\\/2024\\\/09\\\/Siliquini-TheMadeiraTrail-240321-0418-300x200.jpg 300w, https:\\\/\\\/mat.travelblox.eu\\\/wp-content\\\/uploads\\\/sites\\\/68\\\/2024\\\/09\\\/Siliquini-TheMadeiraTrail-240321-0418-1024x683.jpg 1024w, https:\\\/\\\/mat.travelblox.eu\\\/wp-content\\\/uploads\\\/sites\\\/68\\\/2024\\\/09\\\/Siliquini-TheMadeiraTrail-240321-0418-1536x1024.jpg 1536w, https:\\\/\\\/mat.travelblox.eu\\\/wp-content\\\/uploads\\\/sites\\\/68\\\/2024\\\/09\\\/Siliquini-TheMadeiraTrail-240321-0418-18x12.jpg 18w, https:\\\/\\\/mat.travelblox.eu\\\/wp-content\\\/uploads\\\/sites\\\/68\\\/2024\\\/09\\\/Siliquini-TheMadeiraTrail-240321-0418.jpg 2048w&quot;}\">\t\t\t\t\t\t\t\t\t<\/figure>\n\t\t\t<\/div>\n\t\t<\/div>\n\t\t\t<div class=\"entry\">\n\t\t\t<div class=\"tb-image-part\">\n\t\t\t\t<figure>\n\t\t\t\t\t<img src='https:\/\/mat.travelblox.eu\/wp-content\/smush-webp\/sites\/68\/2025\/09\/MAT25_DriesVdb_WEB-153-768x432.jpg.webp' width='768' height='432' alt='Birds Madeira - Birds in Madeira - Birds on Madeira - Birds in Madeira' srcset='https:\/\/mat.travelblox.eu\/wp-content\/smush-webp\/sites\/68\/2025\/09\/MAT25_DriesVdb_WEB-153-768x432.jpg.webp 768w, https:\/\/mat.travelblox.eu\/wp-content\/smush-webp\/sites\/68\/2025\/09\/MAT25_DriesVdb_WEB-153-300x169.jpg.webp 300w, https:\/\/mat.travelblox.eu\/wp-content\/smush-webp\/sites\/68\/2025\/09\/MAT25_DriesVdb_WEB-153-1024x576.jpg.webp 1024w, https:\/\/mat.travelblox.eu\/wp-content\/smush-webp\/sites\/68\/2025\/09\/MAT25_DriesVdb_WEB-153-1536x864.jpg.webp 1536w, https:\/\/mat.travelblox.eu\/wp-content\/smush-webp\/sites\/68\/2025\/09\/MAT25_DriesVdb_WEB-153-2048x1152.jpg.webp 2048w, https:\/\/mat.travelblox.eu\/wp-content\/smush-webp\/sites\/68\/2025\/09\/MAT25_DriesVdb_WEB-153-18x10.jpg.webp 18w' sizes=\"auto, (max-width: 768px) 100vw, 768px\" style='object-position:50% 50%' loading='lazy' decoding='async' data-smush-webp-fallback=\"{&quot;src&quot;:&quot;https:\\\/\\\/mat.travelblox.eu\\\/wp-content\\\/uploads\\\/sites\\\/68\\\/2025\\\/09\\\/MAT25_DriesVdb_WEB-153-768x432.jpg&quot;,&quot;srcset&quot;:&quot;https:\\\/\\\/mat.travelblox.eu\\\/wp-content\\\/uploads\\\/sites\\\/68\\\/2025\\\/09\\\/MAT25_DriesVdb_WEB-153-768x432.jpg 768w, https:\\\/\\\/mat.travelblox.eu\\\/wp-content\\\/uploads\\\/sites\\\/68\\\/2025\\\/09\\\/MAT25_DriesVdb_WEB-153-300x169.jpg 300w, https:\\\/\\\/mat.travelblox.eu\\\/wp-content\\\/uploads\\\/sites\\\/68\\\/2025\\\/09\\\/MAT25_DriesVdb_WEB-153-1024x576.jpg 1024w, https:\\\/\\\/mat.travelblox.eu\\\/wp-content\\\/uploads\\\/sites\\\/68\\\/2025\\\/09\\\/MAT25_DriesVdb_WEB-153-1536x864.jpg 1536w, https:\\\/\\\/mat.travelblox.eu\\\/wp-content\\\/uploads\\\/sites\\\/68\\\/2025\\\/09\\\/MAT25_DriesVdb_WEB-153-2048x1152.jpg 2048w, https:\\\/\\\/mat.travelblox.eu\\\/wp-content\\\/uploads\\\/sites\\\/68\\\/2025\\\/09\\\/MAT25_DriesVdb_WEB-153-18x10.jpg 18w&quot;}\">\t\t\t\t\t\t\t\t\t<\/figure>\n\t\t\t<\/div>\n\t\t<\/div>\n\t\t\t<div class=\"entry\">\n\t\t\t<div class=\"tb-image-part\">\n\t\t\t\t<figure>\n\t\t\t\t\t<img src='https:\/\/mat.travelblox.eu\/wp-content\/smush-webp\/sites\/68\/2024\/03\/Siliquini-MadeiraTrail-240317-5551-768x1152.jpeg.webp' width='768' height='1152' alt='Fauna in Madeira - Wildlife in Madeira' srcset='https:\/\/mat.travelblox.eu\/wp-content\/smush-webp\/sites\/68\/2024\/03\/Siliquini-MadeiraTrail-240317-5551-768x1152.jpeg.webp 768w, https:\/\/mat.travelblox.eu\/wp-content\/smush-webp\/sites\/68\/2024\/03\/Siliquini-MadeiraTrail-240317-5551-200x300.jpeg.webp 200w, https:\/\/mat.travelblox.eu\/wp-content\/smush-webp\/sites\/68\/2024\/03\/Siliquini-MadeiraTrail-240317-5551-683x1024.jpeg.webp 683w, https:\/\/mat.travelblox.eu\/wp-content\/smush-webp\/sites\/68\/2024\/03\/Siliquini-MadeiraTrail-240317-5551-1024x1536.jpeg.webp 1024w, https:\/\/mat.travelblox.eu\/wp-content\/smush-webp\/sites\/68\/2024\/03\/Siliquini-MadeiraTrail-240317-5551-8x12.jpeg.webp 8w, https:\/\/mat.travelblox.eu\/wp-content\/smush-webp\/sites\/68\/2024\/03\/Siliquini-MadeiraTrail-240317-5551.jpeg.webp 1365w' sizes=\"auto, (max-width: 768px) 100vw, 768px\" style='object-position:50% 50%' loading='lazy' decoding='async' data-smush-webp-fallback=\"{&quot;src&quot;:&quot;https:\\\/\\\/mat.travelblox.eu\\\/wp-content\\\/uploads\\\/sites\\\/68\\\/2024\\\/03\\\/Siliquini-MadeiraTrail-240317-5551-768x1152.jpeg&quot;,&quot;srcset&quot;:&quot;https:\\\/\\\/mat.travelblox.eu\\\/wp-content\\\/uploads\\\/sites\\\/68\\\/2024\\\/03\\\/Siliquini-MadeiraTrail-240317-5551-768x1152.jpeg 768w, https:\\\/\\\/mat.travelblox.eu\\\/wp-content\\\/uploads\\\/sites\\\/68\\\/2024\\\/03\\\/Siliquini-MadeiraTrail-240317-5551-200x300.jpeg 200w, https:\\\/\\\/mat.travelblox.eu\\\/wp-content\\\/uploads\\\/sites\\\/68\\\/2024\\\/03\\\/Siliquini-MadeiraTrail-240317-5551-683x1024.jpeg 683w, https:\\\/\\\/mat.travelblox.eu\\\/wp-content\\\/uploads\\\/sites\\\/68\\\/2024\\\/03\\\/Siliquini-MadeiraTrail-240317-5551-1024x1536.jpeg 1024w, https:\\\/\\\/mat.travelblox.eu\\\/wp-content\\\/uploads\\\/sites\\\/68\\\/2024\\\/03\\\/Siliquini-MadeiraTrail-240317-5551-8x12.jpeg 8w, https:\\\/\\\/mat.travelblox.eu\\\/wp-content\\\/uploads\\\/sites\\\/68\\\/2024\\\/03\\\/Siliquini-MadeiraTrail-240317-5551.jpeg 1365w&quot;}\">\t\t\t\t\t\t\t\t\t<\/figure>\n\t\t\t<\/div>\n\t\t<\/div>\n\t\t\t<div class=\"entry\">\n\t\t\t<div class=\"tb-image-part\">\n\t\t\t\t<figure>\n\t\t\t\t\t<img src='https:\/\/mat.travelblox.eu\/wp-content\/smush-webp\/sites\/68\/2025\/09\/MAT25_DriesVdb_WEB-151-768x432.jpg.webp' width='768' height='432' alt='Mountains in Madeira' srcset='https:\/\/mat.travelblox.eu\/wp-content\/smush-webp\/sites\/68\/2025\/09\/MAT25_DriesVdb_WEB-151-768x432.jpg.webp 768w, https:\/\/mat.travelblox.eu\/wp-content\/smush-webp\/sites\/68\/2025\/09\/MAT25_DriesVdb_WEB-151-300x169.jpg.webp 300w, https:\/\/mat.travelblox.eu\/wp-content\/smush-webp\/sites\/68\/2025\/09\/MAT25_DriesVdb_WEB-151-1024x576.jpg.webp 1024w, https:\/\/mat.travelblox.eu\/wp-content\/smush-webp\/sites\/68\/2025\/09\/MAT25_DriesVdb_WEB-151-1536x864.jpg.webp 1536w, https:\/\/mat.travelblox.eu\/wp-content\/smush-webp\/sites\/68\/2025\/09\/MAT25_DriesVdb_WEB-151-2048x1152.jpg.webp 2048w, https:\/\/mat.travelblox.eu\/wp-content\/smush-webp\/sites\/68\/2025\/09\/MAT25_DriesVdb_WEB-151-18x10.jpg.webp 18w' sizes=\"auto, (max-width: 768px) 100vw, 768px\" style='object-position:50% 50%' loading='lazy' decoding='async' data-smush-webp-fallback=\"{&quot;src&quot;:&quot;https:\\\/\\\/mat.travelblox.eu\\\/wp-content\\\/uploads\\\/sites\\\/68\\\/2025\\\/09\\\/MAT25_DriesVdb_WEB-151-768x432.jpg&quot;,&quot;srcset&quot;:&quot;https:\\\/\\\/mat.travelblox.eu\\\/wp-content\\\/uploads\\\/sites\\\/68\\\/2025\\\/09\\\/MAT25_DriesVdb_WEB-151-768x432.jpg 768w, https:\\\/\\\/mat.travelblox.eu\\\/wp-content\\\/uploads\\\/sites\\\/68\\\/2025\\\/09\\\/MAT25_DriesVdb_WEB-151-300x169.jpg 300w, https:\\\/\\\/mat.travelblox.eu\\\/wp-content\\\/uploads\\\/sites\\\/68\\\/2025\\\/09\\\/MAT25_DriesVdb_WEB-151-1024x576.jpg 1024w, https:\\\/\\\/mat.travelblox.eu\\\/wp-content\\\/uploads\\\/sites\\\/68\\\/2025\\\/09\\\/MAT25_DriesVdb_WEB-151-1536x864.jpg 1536w, https:\\\/\\\/mat.travelblox.eu\\\/wp-content\\\/uploads\\\/sites\\\/68\\\/2025\\\/09\\\/MAT25_DriesVdb_WEB-151-2048x1152.jpg 2048w, https:\\\/\\\/mat.travelblox.eu\\\/wp-content\\\/uploads\\\/sites\\\/68\\\/2025\\\/09\\\/MAT25_DriesVdb_WEB-151-18x10.jpg 18w&quot;}\">\t\t\t\t\t\t\t\t\t<\/figure>\n\t\t\t<\/div>\n\t\t<\/div>\n\t\t\t<div class=\"entry\">\n\t\t\t<div class=\"tb-image-part\">\n\t\t\t\t<figure>\n\t\t\t\t\t<img src='https:\/\/mat.travelblox.eu\/wp-content\/smush-webp\/sites\/68\/2025\/08\/MAT25_DriesVdb_WEB-69-768x512.jpg.webp' width='768' height='512' alt='Landscapes in Madeira - Views in Madeira - Landscapes in Madeira - Landscapes in Madeira' srcset='https:\/\/mat.travelblox.eu\/wp-content\/smush-webp\/sites\/68\/2025\/08\/MAT25_DriesVdb_WEB-69-768x512.jpg.webp 768w, https:\/\/mat.travelblox.eu\/wp-content\/smush-webp\/sites\/68\/2025\/08\/MAT25_DriesVdb_WEB-69-300x200.jpg.webp 300w, https:\/\/mat.travelblox.eu\/wp-content\/smush-webp\/sites\/68\/2025\/08\/MAT25_DriesVdb_WEB-69-1024x683.jpg.webp 1024w, https:\/\/mat.travelblox.eu\/wp-content\/smush-webp\/sites\/68\/2025\/08\/MAT25_DriesVdb_WEB-69-1536x1024.jpg.webp 1536w, https:\/\/mat.travelblox.eu\/wp-content\/smush-webp\/sites\/68\/2025\/08\/MAT25_DriesVdb_WEB-69-2048x1365.jpg.webp 2048w, https:\/\/mat.travelblox.eu\/wp-content\/smush-webp\/sites\/68\/2025\/08\/MAT25_DriesVdb_WEB-69-18x12.jpg.webp 18w' sizes=\"auto, (max-width: 768px) 100vw, 768px\" style='object-position:50% 50%' loading='lazy' decoding='async' data-smush-webp-fallback=\"{&quot;src&quot;:&quot;https:\\\/\\\/mat.travelblox.eu\\\/wp-content\\\/uploads\\\/sites\\\/68\\\/2025\\\/08\\\/MAT25_DriesVdb_WEB-69-768x512.jpg&quot;,&quot;srcset&quot;:&quot;https:\\\/\\\/mat.travelblox.eu\\\/wp-content\\\/uploads\\\/sites\\\/68\\\/2025\\\/08\\\/MAT25_DriesVdb_WEB-69-768x512.jpg 768w, https:\\\/\\\/mat.travelblox.eu\\\/wp-content\\\/uploads\\\/sites\\\/68\\\/2025\\\/08\\\/MAT25_DriesVdb_WEB-69-300x200.jpg 300w, https:\\\/\\\/mat.travelblox.eu\\\/wp-content\\\/uploads\\\/sites\\\/68\\\/2025\\\/08\\\/MAT25_DriesVdb_WEB-69-1024x683.jpg 1024w, https:\\\/\\\/mat.travelblox.eu\\\/wp-content\\\/uploads\\\/sites\\\/68\\\/2025\\\/08\\\/MAT25_DriesVdb_WEB-69-1536x1024.jpg 1536w, https:\\\/\\\/mat.travelblox.eu\\\/wp-content\\\/uploads\\\/sites\\\/68\\\/2025\\\/08\\\/MAT25_DriesVdb_WEB-69-2048x1365.jpg 2048w, https:\\\/\\\/mat.travelblox.eu\\\/wp-content\\\/uploads\\\/sites\\\/68\\\/2025\\\/08\\\/MAT25_DriesVdb_WEB-69-18x12.jpg 18w&quot;}\">\t\t\t\t\t\t\t\t\t<\/figure>\n\t\t\t<\/div>\n\t\t<\/div>\n\t\t\t<div class=\"entry\">\n\t\t\t<div class=\"tb-image-part\">\n\t\t\t\t<figure>\n\t\t\t\t\t<img src='https:\/\/mat.travelblox.eu\/wp-content\/smush-webp\/sites\/68\/2025\/11\/Siliquini-TheMadeiraTrail-240319-9399-768x512.jpg.webp' width='768' height='512' alt='Landscapes in Madeira - Views in Madeira - Landscapes in Madeira - Landscapes in Madeira' srcset='https:\/\/mat.travelblox.eu\/wp-content\/smush-webp\/sites\/68\/2025\/11\/Siliquini-TheMadeiraTrail-240319-9399-768x512.jpg.webp 768w, https:\/\/mat.travelblox.eu\/wp-content\/smush-webp\/sites\/68\/2025\/11\/Siliquini-TheMadeiraTrail-240319-9399-300x200.jpg.webp 300w, https:\/\/mat.travelblox.eu\/wp-content\/smush-webp\/sites\/68\/2025\/11\/Siliquini-TheMadeiraTrail-240319-9399-18x12.jpg.webp 18w, https:\/\/mat.travelblox.eu\/wp-content\/smush-webp\/sites\/68\/2025\/11\/Siliquini-TheMadeiraTrail-240319-9399.jpg.webp 1024w' sizes=\"auto, (max-width: 768px) 100vw, 768px\" style='object-position:50% 50%' loading='lazy' decoding='async' data-smush-webp-fallback=\"{&quot;src&quot;:&quot;https:\\\/\\\/mat.travelblox.eu\\\/wp-content\\\/uploads\\\/sites\\\/68\\\/2025\\\/11\\\/Siliquini-TheMadeiraTrail-240319-9399-768x512.jpg&quot;,&quot;srcset&quot;:&quot;https:\\\/\\\/mat.travelblox.eu\\\/wp-content\\\/uploads\\\/sites\\\/68\\\/2025\\\/11\\\/Siliquini-TheMadeiraTrail-240319-9399-768x512.jpg 768w, https:\\\/\\\/mat.travelblox.eu\\\/wp-content\\\/uploads\\\/sites\\\/68\\\/2025\\\/11\\\/Siliquini-TheMadeiraTrail-240319-9399-300x200.jpg 300w, https:\\\/\\\/mat.travelblox.eu\\\/wp-content\\\/uploads\\\/sites\\\/68\\\/2025\\\/11\\\/Siliquini-TheMadeiraTrail-240319-9399-18x12.jpg 18w, https:\\\/\\\/mat.travelblox.eu\\\/wp-content\\\/uploads\\\/sites\\\/68\\\/2025\\\/11\\\/Siliquini-TheMadeiraTrail-240319-9399.jpg 1024w&quot;}\">\t\t\t\t\t\t\t\t\t<\/figure>\n\t\t\t<\/div>\n\t\t<\/div>\n\t\t\t\t\t<\/div>\n\t\t\t\t<div class=\"tb-carousel-nav\">\n\t\t<div class=\"dots\">\n\t\t\t<div class=\"dot active\"><\/div>\n\t\t\t<div class=\"dot\"><\/div>\n\t\t\t<div class=\"dot\"><\/div>\n\t\t<\/div>\n\t\t<div class=\"arrows\">\n\t\t\t<div class=\"prev disabled\">\n\t\t\t\t<span><i class=\"fa fa-chevron-left\"><\/i><\/span>\n\t\t\t<\/div>\n\t\t\t<div class=\"next\">\n\t\t\t\t<span><i class=\"fa fa-chevron-right\"><\/i><\/span>\n\t\t\t<\/div>\n\t\t<\/div>\n\t<\/div>\n\t\t\t<\/div>\n\t<\/div>\n\t\t\t\t\t<\/div>\n\t\t<\/div>\n\t<\/div>\n<\/div>\n\n\n\n<div class=\"tb-colcompare tb-block align-center background-light pattern-none variant-cards tb-collapsible-margins\" id=\"difficulty\">\n\t<div class=\"inner-block tb-fade-in tb-fade-in--subtle\">\n\t\t<div class=\"text-part\">\n\t\t\t<h2>Is this trek right for you?<\/h2>\n\t\t\t\t<div class=\"translation-block\"><p>The difficulty of a trek depends on many factors. By considering the following elements, you can assess if this trek is right for you. If you have never done a multi-day hike with a backpack, it's better to choose a gentler route for your first experience.<\/p><\/div>\n\t\t\t<\/div>\n\t<\/div>\n\t\t\t\t<div class=\"inner-block-full-width has-tb-carousel tb-justified\" >\n\t\t<div class=\"tb-carousel-container\">\n\t\t\t<div class=\"entries tb-cards\" data-slider-first=\"1\">\n\t\t\t\t\t\t\t\t\t<div class=\"tb-card entry tb-fade-in tb-fade-in--subtle\">\n\t\t\t\t<div class=\"tb-image-part\">\n\t\t\t\t\t<img src='https:\/\/mat.travelblox.eu\/wp-content\/smush-webp\/sites\/68\/2025\/11\/Siliquini-TheMadeiraTrail-240319-9438-768x512.jpg.webp' width='768' height='512' alt='Landscapes in Madeira - Views in Madeira - Landscapes in Madeira - Landscapes in Madeira' srcset='https:\/\/mat.travelblox.eu\/wp-content\/smush-webp\/sites\/68\/2025\/11\/Siliquini-TheMadeiraTrail-240319-9438-768x512.jpg.webp 768w, https:\/\/mat.travelblox.eu\/wp-content\/smush-webp\/sites\/68\/2025\/11\/Siliquini-TheMadeiraTrail-240319-9438-300x200.jpg.webp 300w, https:\/\/mat.travelblox.eu\/wp-content\/smush-webp\/sites\/68\/2025\/11\/Siliquini-TheMadeiraTrail-240319-9438-18x12.jpg.webp 18w, https:\/\/mat.travelblox.eu\/wp-content\/smush-webp\/sites\/68\/2025\/11\/Siliquini-TheMadeiraTrail-240319-9438.jpg.webp 1024w' sizes=\"auto, (max-width: 768px) 100vw, 768px\" style='object-position:50% 50%' loading='lazy' decoding='async' data-smush-webp-fallback=\"{&quot;src&quot;:&quot;https:\\\/\\\/mat.travelblox.eu\\\/wp-content\\\/uploads\\\/sites\\\/68\\\/2025\\\/11\\\/Siliquini-TheMadeiraTrail-240319-9438-768x512.jpg&quot;,&quot;srcset&quot;:&quot;https:\\\/\\\/mat.travelblox.eu\\\/wp-content\\\/uploads\\\/sites\\\/68\\\/2025\\\/11\\\/Siliquini-TheMadeiraTrail-240319-9438-768x512.jpg 768w, https:\\\/\\\/mat.travelblox.eu\\\/wp-content\\\/uploads\\\/sites\\\/68\\\/2025\\\/11\\\/Siliquini-TheMadeiraTrail-240319-9438-300x200.jpg 300w, https:\\\/\\\/mat.travelblox.eu\\\/wp-content\\\/uploads\\\/sites\\\/68\\\/2025\\\/11\\\/Siliquini-TheMadeiraTrail-240319-9438-18x12.jpg 18w, https:\\\/\\\/mat.travelblox.eu\\\/wp-content\\\/uploads\\\/sites\\\/68\\\/2025\\\/11\\\/Siliquini-TheMadeiraTrail-240319-9438.jpg 1024w&quot;}\">\t\t\t\t<\/div>\n\t\t\t\t<div class=\"tb-card-content text-part\">\n\t\t\t\t\t\t\t\t\t\t\t<h5>\t\t\t\t<i class=\"icon fa-solid fa-chart-line fa-fw\" aria-hidden=\"true\"><\/i>\n\t\t\t DISTANCE AND ELEVATION<\/h5>\n\t\t\t\t\t\t\t\t\t\t\t\t\t\t\t\t\t<div class=\"translation-block\"><p>\u2022 <strong>A true week of walking:<\/strong> For five days, you'll be walking several hours a day. The stages aren't extreme, but they are quite full. You need to be comfortable with the idea of walking a good part of the day for several days in a row, and carrying a backpack.<\/p><p>\u2022 <strong>Climbing up, going down... and doing it again:<\/strong> Madeira is a very mountainous island. This means you'll often be going up or down. The elevation change can be compared to climbing up and down several flights of stairs in a day. It takes energy, especially for your legs.<\/p><p>\u2022 <strong>Lots of stone stairs:<\/strong> On several sections, the trails are equipped with stone stairs, sometimes long and regular. It's practical and safe, but it can tire you out faster than a flat path. Good shoes and a steady pace are your best allies.<\/p><p>\u2022 <strong>A sporty trek, but accessible:<\/strong> This trip is aimed at healthy people who walk regularly and\/or engage in regular physical activity. If you train beforehand, and during the hike, you take your time, make breaks, and listen to your body, the route remains doable, and the views are well worth the effort.<\/p><\/div>\n\t\t\t\t\t\t\t\t\t\t\t\t\t\t\t<\/div>\n\t\t\t<\/div>\n\t\t\t\t\t<div class=\"tb-card entry tb-fade-in tb-fade-in--subtle\">\n\t\t\t\t<div class=\"tb-image-part\">\n\t\t\t\t\t<img src='https:\/\/mat.travelblox.eu\/wp-content\/smush-webp\/sites\/68\/2025\/11\/Siliquini-TheMadeiraTrail-240321-0933-768x512.jpg.webp' width='768' height='512' alt='Hiking in Madeira - Madeira Trail - Walking in Madeira' srcset='https:\/\/mat.travelblox.eu\/wp-content\/smush-webp\/sites\/68\/2025\/11\/Siliquini-TheMadeiraTrail-240321-0933-768x512.jpg.webp 768w, https:\/\/mat.travelblox.eu\/wp-content\/smush-webp\/sites\/68\/2025\/11\/Siliquini-TheMadeiraTrail-240321-0933-300x200.jpg.webp 300w, https:\/\/mat.travelblox.eu\/wp-content\/smush-webp\/sites\/68\/2025\/11\/Siliquini-TheMadeiraTrail-240321-0933-18x12.jpg.webp 18w, https:\/\/mat.travelblox.eu\/wp-content\/smush-webp\/sites\/68\/2025\/11\/Siliquini-TheMadeiraTrail-240321-0933.jpg.webp 1024w' sizes=\"auto, (max-width: 768px) 100vw, 768px\" style='object-position:50% 50%' loading='lazy' decoding='async' data-smush-webp-fallback=\"{&quot;src&quot;:&quot;https:\\\/\\\/mat.travelblox.eu\\\/wp-content\\\/uploads\\\/sites\\\/68\\\/2025\\\/11\\\/Siliquini-TheMadeiraTrail-240321-0933-768x512.jpg&quot;,&quot;srcset&quot;:&quot;https:\\\/\\\/mat.travelblox.eu\\\/wp-content\\\/uploads\\\/sites\\\/68\\\/2025\\\/11\\\/Siliquini-TheMadeiraTrail-240321-0933-768x512.jpg 768w, https:\\\/\\\/mat.travelblox.eu\\\/wp-content\\\/uploads\\\/sites\\\/68\\\/2025\\\/11\\\/Siliquini-TheMadeiraTrail-240321-0933-300x200.jpg 300w, https:\\\/\\\/mat.travelblox.eu\\\/wp-content\\\/uploads\\\/sites\\\/68\\\/2025\\\/11\\\/Siliquini-TheMadeiraTrail-240321-0933-18x12.jpg 18w, https:\\\/\\\/mat.travelblox.eu\\\/wp-content\\\/uploads\\\/sites\\\/68\\\/2025\\\/11\\\/Siliquini-TheMadeiraTrail-240321-0933.jpg 1024w&quot;}\">\t\t\t\t<\/div>\n\t\t\t\t<div class=\"tb-card-content text-part\">\n\t\t\t\t\t\t\t\t\t\t\t<h5>\t\t\t\t<i class=\"icon fa-solid fa-temperature-three-quarters fa-fw\" aria-hidden=\"true\"><\/i>\n\t\t\t WEATHER CONDITIONS<\/h5>\n\t\t\t\t\t\t\t\t\t\t\t\t\t\t\t\t\t<div class=\"translation-block\"><ul><li><strong>Four seasons in one day<\/strong>: In Madeira, the weather can change quickly. The sun can give way to clouds, mist, or a downpour, especially at higher altitudes.<\/li><li><strong>Cooler nights in the mountains<\/strong>: At higher elevations, especially around Pico Ruivo, the evenings and nights are noticeably cooler than on the coast. Good gear is key to enjoying a well-deserved rest.<\/li><li><strong>Humidity and fog<\/strong>: The forests, mist, and levadas sometimes create a humid atmosphere. A waterproof and windproof technical jacket is a must-have in your pack.<\/li><li><strong>Safety first<\/strong>: The route may be adjusted based on trail closures. Variations are already planned to ensure your safety while still experiencing the best of Madeira.<\/li><\/ul><\/div>\n\t\t\t\t\t\t\t\t\t\t\t\t\t\t\t<\/div>\n\t\t\t<\/div>\n\t\t\t\t\t<div class=\"tb-card entry tb-fade-in tb-fade-in--subtle\">\n\t\t\t\t<div class=\"tb-image-part\">\n\t\t\t\t\t<img src='https:\/\/mat.travelblox.eu\/wp-content\/smush-webp\/sites\/68\/2025\/11\/Siliquini-TheMadeiraTrail-240317-0013-768x575.jpg.webp' width='768' height='575' alt='Madeira hiking - Walking in Madeira - Hiking in Madeira - Hiking in Madeira' srcset='https:\/\/mat.travelblox.eu\/wp-content\/smush-webp\/sites\/68\/2025\/11\/Siliquini-TheMadeiraTrail-240317-0013-768x575.jpg.webp 768w, https:\/\/mat.travelblox.eu\/wp-content\/smush-webp\/sites\/68\/2025\/11\/Siliquini-TheMadeiraTrail-240317-0013-300x225.jpg.webp 300w, https:\/\/mat.travelblox.eu\/wp-content\/smush-webp\/sites\/68\/2025\/11\/Siliquini-TheMadeiraTrail-240317-0013-16x12.jpg.webp 16w, https:\/\/mat.travelblox.eu\/wp-content\/smush-webp\/sites\/68\/2025\/11\/Siliquini-TheMadeiraTrail-240317-0013.jpg.webp 1024w' sizes=\"auto, (max-width: 768px) 100vw, 768px\" style='object-position:50% 50%' loading='lazy' decoding='async' data-smush-webp-fallback=\"{&quot;src&quot;:&quot;https:\\\/\\\/mat.travelblox.eu\\\/wp-content\\\/uploads\\\/sites\\\/68\\\/2025\\\/11\\\/Siliquini-TheMadeiraTrail-240317-0013-768x575.jpg&quot;,&quot;srcset&quot;:&quot;https:\\\/\\\/mat.travelblox.eu\\\/wp-content\\\/uploads\\\/sites\\\/68\\\/2025\\\/11\\\/Siliquini-TheMadeiraTrail-240317-0013-768x575.jpg 768w, https:\\\/\\\/mat.travelblox.eu\\\/wp-content\\\/uploads\\\/sites\\\/68\\\/2025\\\/11\\\/Siliquini-TheMadeiraTrail-240317-0013-300x225.jpg 300w, https:\\\/\\\/mat.travelblox.eu\\\/wp-content\\\/uploads\\\/sites\\\/68\\\/2025\\\/11\\\/Siliquini-TheMadeiraTrail-240317-0013-16x12.jpg 16w, https:\\\/\\\/mat.travelblox.eu\\\/wp-content\\\/uploads\\\/sites\\\/68\\\/2025\\\/11\\\/Siliquini-TheMadeiraTrail-240317-0013.jpg 1024w&quot;}\">\t\t\t\t<\/div>\n\t\t\t\t<div class=\"tb-card-content text-part\">\n\t\t\t\t\t\t\t\t\t\t\t<h5>\t\t\t\t<i class=\"icon fa-solid fa-route fa-fw\" aria-hidden=\"true\"><\/i>\n\t\t\t TERRAIN<\/h5>\n\t\t\t\t\t\t\t\t\t\t\t\t\t\t\t\t\t<div class=\"translation-block\"><ul><li><strong>Very varied trails<\/strong>: Levadas, cobbled paths, dirt roads, and coastal passages follow one after another over the days, with constant views of the forest, mountains, and ocean.<\/li><li><strong>Crests and stone stairs<\/strong>: Some sections follow the central ridge of the island, featuring stone steps and steeper climbs, but always on marked trails.<\/li><li><strong>Long descents to the sea<\/strong>: The descent to Santana represents the largest portion of negative elevation. Trekking poles are highly recommended to ease the strain on your knees.<\/li><li><strong>Tunnels and narrow passages<\/strong>: You will pass through two tunnels between Raba\u00e7al and Encumeada, as well as some sections that can be slippery in wet weather. A headlamp and good high hiking boots (A\/B) are essential.<\/li><\/ul><\/div>\n\t\t\t\t\t\t\t\t\t\t\t\t\t\t\t<\/div>\n\t\t\t<\/div>\n\t\t\t\t\t\t\t<\/div>\n\t\t\t\t<div class=\"tb-carousel-nav\">\n\t\t<div class=\"dots\">\n\t\t\t<div class=\"dot active\"><\/div>\n\t\t\t<div class=\"dot\"><\/div>\n\t\t\t<div class=\"dot\"><\/div>\n\t\t<\/div>\n\t\t<div class=\"arrows\">\n\t\t\t<div class=\"prev disabled\">\n\t\t\t\t<span><i class=\"fa fa-chevron-left\"><\/i><\/span>\n\t\t\t<\/div>\n\t\t\t<div class=\"next\">\n\t\t\t\t<span><i class=\"fa fa-chevron-right\"><\/i><\/span>\n\t\t\t<\/div>\n\t\t<\/div>\n\t<\/div>\n\t\t\t<\/div>\n\t<\/div>\n\t\t\t\t\t<div class=\"inner-block\">\n\t\t\t<div class=\"text-part\">\n\t\t\t\t\t<div class=\"translation-block\"><p><br data-mce-bogus=\"1\" \/><\/p><\/div>\n\t\t\t\t\t<div class=\"tb-buttons-part\">\n\t\t\t\t\t\t\t\t\t<\/div>\n\t\t\t<\/div>\n\t\t<\/div>\n\t<\/div>\n\n\n\n    <div class=\"tb-calendarv2 tb-block align-center background-light pattern-none variant-none tb-collapsible-margins\" id=\"join\" data-field-packages='[{&quot;package_id&quot;:&quot;MAT-MAT&quot;,&quot;prereg_url&quot;:&quot;&quot;,&quot;package_summary_content&quot;:&quot;&quot;,&quot;package_summary_inclusive&quot;:false,&quot;rowid&quot;:&quot;68416e2bd6324&quot;}]' data-package-ids='[\"MAT-MAT\"]' data-brands='[{&quot;type&quot;:&quot;brands&quot;,&quot;id&quot;:&quot;89&quot;,&quot;attributes&quot;:{&quot;name&quot;:&quot;Madeira Trail&quot;,&quot;translatableName&quot;:{&quot;de&quot;:&quot;Madeira Trail&quot;,&quot;en&quot;:&quot;Madeira Trail&quot;,&quot;fr&quot;:&quot;Madeira Trail&quot;,&quot;nl&quot;:&quot;Madeira Trail&quot;}}}]' data-language='en' data-allow-collapse-consecutive-sold-out-items='0' data-show-prereg-items='1' data-show-participants='0' data-show-departure-hours='0' data-no-participants-title=\"Participant list is not available yet\" data-no-participants-text=\"Participant list is not available yet\" data-sold-out-cta=\"\" data-default-group-size=\"\" data-show-months-toggle=\"1\" data-show-waiting-list-buttons=\"1\" data-show-price-toggle=\"1\" data-show-quote-request=\"0\" data-sort-filter-options-by-az-order='0' data-launch-unfiltered='0' data-merge-duplicate-filters='0'>\n        <div class=\"inner-block tb-fade-in tb-fade-in--subtle\">\n            <div class=\"text-part tb-fade-in tb-fade-in--subtle\">\n                                    <h2>JOIN US!<\/h2>\n                                                    \t<div class=\"translation-block\"><p>Ready to experience the beautiful adventure of the Madeira Trail?<\/p><p>While the official sales opening will take place <strong>on September 17 at 4 PM<\/strong>, <a href=\"https:\/\/travelbase.typeform.com\/MAT27SPreregFR\">sign up now<\/a> and enjoy our exclusive benefits:<\/p><ul><li><strong>Priority access:<\/strong> registration opens 24 hours before the official opening, starting on September 16.<\/li><li><strong>Preferred rate:<\/strong> take advantage of our <i>Early Bird<\/i> price.<\/li><li><strong>Peace of mind:<\/strong> enjoy ultra-flexible booking conditions.<\/li><\/ul><p>Click the button below to reserve your priority access!<\/p><\/div>\n\t                                                    <div class=\"tb-buttons-part\">\n                                                                            \t\t<a href=\"https:\/\/travelbase.typeform.com\/MAT27SPreregEN\"  target=\"_blank\" data-mode=\"popup\" data-url=\"https:\/\/travelbase.typeform.com\/MAT27SPreregFR\" class=\"tb-button typeform-share\">\n\t\t\tPreregister | spring 2027\t\t<\/a>\n\t\t\t\t\t<script>\n\t\t\t\t(function() {\n\t\t\t\t\tvar qs, js, q, s, d = document,\n\t\t\t\t\t\tgi = d.getElementById,\n\t\t\t\t\t\tce = d.createElement,\n\t\t\t\t\t\tgt = d.getElementsByTagName,\n\t\t\t\t\t\tid = \"typef_orm_share\",\n\t\t\t\t\t\tb = \"https:\/\/embed.typeform.com\/\";\n\t\t\t\t\tif (!gi.call(d, id)) {\n\t\t\t\t\t\tjs = ce.call(d, \"script\");\n\t\t\t\t\t\tjs.id = id;\n\t\t\t\t\t\tjs.src = b + \"embed.js\";\n\t\t\t\t\t\tq = gt.call(d, \"script\")[0];\n\t\t\t\t\t\tq.parentNode.insertBefore(js, q);\n\t\t\t\t\t}\n\t\t\t\t})();\n\t\t\t<\/script>\n\t\t                                                                                                                                                <\/div>\n                            <\/div>\n\n            \n            \n<div class=\"tb-skeleton tb-skeleton--calendar-v2 tb-skeleton--inactive\">\n    <!-- <div class=\"section-toggler section-toggler--small tb-skeleton__border tb-skeleton__disabled\">\n        <div class=\"section-toggler__inner\">\n            <div class=\"section-toggler__toggle-wrapper\">\n                <div class=\"section-toggler__toggles\">\n                    <input type=\"radio\" name=\"2025\" checked>\n                    <label class=\"tb-skeleton__background tb-skeleton__border\" for=\"\"><span class=\"tb-skeleton__bone\"><span class=\"tb-skeleton__invisible-text\">2025<\/span><\/span><\/label>\n                    <input type=\"radio\" name=\"2026\">\n                    <label class=\"tb-skeleton__border\" for=\"\"><span class=\"tb-skeleton__bone\"><span class=\"tb-skeleton__invisible-text\">2026<\/span><\/span><\/label>\n                <\/div>\n            <\/div>\n        <\/div>\n    <\/div> -->\n    <div class=\"tb-calendar-v2__year\" id=\"year-section-0\">\n        <div class=\"tb-block\">\n            <div class=\"section-toggler section-toggler--fake section-toggler--blocks tb-skeleton__border tb-skeleton__disabled\">\n                <div class=\"section-toggler__inner\">\n                    <div class=\"section-toggler__toggle-wrapper\">\n                        <div class=\"section-toggler__toggles\">\n                            <input type=\"radio\" name=\"Jan\" checked>\n                            <label class=\"tb-skeleton__background tb-skeleton__border\" for=\"\"><span class=\"tb-skeleton__bone\"><span class=\"tb-skeleton__invisible-text\">Jan<\/span><\/span><\/label>\n                            <input type=\"radio\" name=\"Feb\">\n                            <label class=\"tb-skeleton__border\" for=\"\"><span class=\"tb-skeleton__bone\"><span class=\"tb-skeleton__invisible-text\">Feb<\/span><\/span><\/label>\n                            <input type=\"radio\" name=\"Mar\">\n                            <label class=\"tb-skeleton__border\" for=\"\"><span class=\"tb-skeleton__bone\"><span class=\"tb-skeleton__invisible-text\">Mar<\/span><\/span><\/label>\n                            <input type=\"radio\" name=\"Apr\">\n                            <label class=\"tb-skeleton__border\" for=\"\"><span class=\"tb-skeleton__bone\"><span class=\"tb-skeleton__invisible-text\">Apr<\/span><\/span><\/label>\n                            <input type=\"radio\" name=\"May\">\n                            <label class=\"tb-skeleton__border\" for=\"\"><span class=\"tb-skeleton__bone\"><span class=\"tb-skeleton__invisible-text\">May<\/span><\/span><\/label>\n                        <\/div>\n                    <\/div>\n                <\/div>\n            <\/div>\n            <div class=\"tb-calendar-v2__month\" id=\"year-0-month-section-0\">\n                <ul class=\"tb-calendar-v2__departures\">\n                                            <li class=\"tb-calendar-v2__departure tb-calendar-v2-departure tb-skeleton__border\" data-availability=\"free\">\n                            <div class=\"tb-calendar-v2-departure__essential\">\n                                <div class=\"tb-calendar-v2-departure__first-part\">\n                                    <div class=\"tb-calendar-v2-departure__destination desktop-only\">\n                                        <span class=\"tb-skeleton__bone\"><span class=\"tb-skeleton__invisible-text\"><strong>Example trip<\/strong><\/span><\/span>\n                                    <\/div>\n                                    <div class=\"tb-calendar-v2-departure__dates\">\n                                        <div class=\"tb-calendar-v2-departure__startdate\">\n                                            <span class=\"tb-skeleton__bone\"><span class=\"tb-skeleton__invisible-text\">Monday<\/span><\/span>\n                                            <span class=\"tb-skeleton__bone\"><span class=\"tb-skeleton__invisible-text\"><strong>20 Jan 2025<\/strong><\/span><\/span>\n                                        <\/div>\n                                        <span class=\"tb-skeleton__bone\"><span class=\"tb-skeleton__invisible-text\"><i class=\"fa-solid fa-arrow-right\"><\/i><\/span><\/span>\n                                        <div class=\"tb-calendar-v2-departure__enddate\">\n                                            <span class=\"tb-skeleton__bone\"><span class=\"tb-skeleton__invisible-text\">Sunday<\/span><\/span>\n                                            <span class=\"tb-skeleton__bone\"><span class=\"tb-skeleton__invisible-text\"><strong>26 Jan 2025<\/strong><\/span><\/span>\n                                        <\/div>\n                                    <\/div>\n                                    <div class=\"tb-calendar-v2-departure__divider desktop-only tb-skeleton__bone\"><\/div>\n                                    <div class=\"tb-calendar-v2-departure__availability desktop-only\" data-availability=\"free\"><strong>\n                                            <span class=\"tb-skeleton__bone\"><span class=\"tb-skeleton__invisible-text\">Available<\/span><\/span>\n                                        <\/strong><\/div>\n                                    <div class=\"tb-calendar-v2-departure__spots desktop-only\">\n                                        <span class=\"tb-skeleton__bone\"><span class=\"tb-skeleton__invisible-text\">\n                                                                                             <\/span><\/span>\n                                    <\/div>\n                                <\/div>\n                                <div class=\"tb-calendar-v2-departure__last-part\">\n                                    <div class=\"tb-calendar-v2-departure__price\"><span class=\"tb-skeleton__bone\"><span class=\"tb-skeleton__invisible-text\"><strong>\u20ac 1450<\/strong><\/span><\/span><\/div>\n                                    <div class=\"tb-calendar-v2-departure__availability mobile-only\" data-availability=\"free\">\n                                        <strong>\n                                            <span class=\"tb-skeleton__bone\"><span class=\"tb-skeleton__invisible-text\">Available<\/span><\/span>\n                                        <\/strong>\n                                    <\/div>\n                                    <div class=\"tb-calendar-v2-departure__expand-button tb-skeleton__disabled desktop-only\" disabled>\n                                        <span class=\"tb-skeleton__bone\"><span class=\"tb-skeleton__invisible-text\"><i class=\"fa-solid fa-chevron-down\"><\/i><\/span><\/span>\n                                    <\/div>\n                                <\/div>\n                            <\/div>\n                            <div class=\"tb-calendar-v2-departure__divider mobile-only tb-skeleton__bone\"><\/div>\n                            <div class=\"tb-calendar-v2-departure__expand-button mobile-only tb-skeleton__disabled\" disabled>\n                                <span class=\"tb-skeleton__bone\"><span class=\"tb-skeleton__invisible-text\"><span class=\"more-info\">More info<\/span> <span class=\"less-info\">Less info<\/span> <i class=\"fa-solid fa-chevron-down\"><\/i><\/span><\/span>\n                            <\/div>\n                        <\/li>\n                                            <li class=\"tb-calendar-v2__departure tb-calendar-v2-departure tb-skeleton__border\" data-availability=\"free\">\n                            <div class=\"tb-calendar-v2-departure__essential\">\n                                <div class=\"tb-calendar-v2-departure__first-part\">\n                                    <div class=\"tb-calendar-v2-departure__destination desktop-only\">\n                                        <span class=\"tb-skeleton__bone\"><span class=\"tb-skeleton__invisible-text\"><strong>Example trip<\/strong><\/span><\/span>\n                                    <\/div>\n                                    <div class=\"tb-calendar-v2-departure__dates\">\n                                        <div class=\"tb-calendar-v2-departure__startdate\">\n                                            <span class=\"tb-skeleton__bone\"><span class=\"tb-skeleton__invisible-text\">Monday<\/span><\/span>\n                                            <span class=\"tb-skeleton__bone\"><span class=\"tb-skeleton__invisible-text\"><strong>20 Jan 2025<\/strong><\/span><\/span>\n                                        <\/div>\n                                        <span class=\"tb-skeleton__bone\"><span class=\"tb-skeleton__invisible-text\"><i class=\"fa-solid fa-arrow-right\"><\/i><\/span><\/span>\n                                        <div class=\"tb-calendar-v2-departure__enddate\">\n                                            <span class=\"tb-skeleton__bone\"><span class=\"tb-skeleton__invisible-text\">Sunday<\/span><\/span>\n                                            <span class=\"tb-skeleton__bone\"><span class=\"tb-skeleton__invisible-text\"><strong>26 Jan 2025<\/strong><\/span><\/span>\n                                        <\/div>\n                                    <\/div>\n                                    <div class=\"tb-calendar-v2-departure__divider desktop-only tb-skeleton__bone\"><\/div>\n                                    <div class=\"tb-calendar-v2-departure__availability desktop-only\" data-availability=\"free\"><strong>\n                                            <span class=\"tb-skeleton__bone\"><span class=\"tb-skeleton__invisible-text\">Available<\/span><\/span>\n                                        <\/strong><\/div>\n                                    <div class=\"tb-calendar-v2-departure__spots desktop-only\">\n                                        <span class=\"tb-skeleton__bone\"><span class=\"tb-skeleton__invisible-text\">\n                                                                                             <\/span><\/span>\n                                    <\/div>\n                                <\/div>\n                                <div class=\"tb-calendar-v2-departure__last-part\">\n                                    <div class=\"tb-calendar-v2-departure__price\"><span class=\"tb-skeleton__bone\"><span class=\"tb-skeleton__invisible-text\"><strong>\u20ac 1450<\/strong><\/span><\/span><\/div>\n                                    <div class=\"tb-calendar-v2-departure__availability mobile-only\" data-availability=\"free\">\n                                        <strong>\n                                            <span class=\"tb-skeleton__bone\"><span class=\"tb-skeleton__invisible-text\">Available<\/span><\/span>\n                                        <\/strong>\n                                    <\/div>\n                                    <div class=\"tb-calendar-v2-departure__expand-button tb-skeleton__disabled desktop-only\" disabled>\n                                        <span class=\"tb-skeleton__bone\"><span class=\"tb-skeleton__invisible-text\"><i class=\"fa-solid fa-chevron-down\"><\/i><\/span><\/span>\n                                    <\/div>\n                                <\/div>\n                            <\/div>\n                            <div class=\"tb-calendar-v2-departure__divider mobile-only tb-skeleton__bone\"><\/div>\n                            <div class=\"tb-calendar-v2-departure__expand-button mobile-only tb-skeleton__disabled\" disabled>\n                                <span class=\"tb-skeleton__bone\"><span class=\"tb-skeleton__invisible-text\"><span class=\"more-info\">More info<\/span> <span class=\"less-info\">Less info<\/span> <i class=\"fa-solid fa-chevron-down\"><\/i><\/span><\/span>\n                            <\/div>\n                        <\/li>\n                                            <li class=\"tb-calendar-v2__departure tb-calendar-v2-departure tb-skeleton__border\" data-availability=\"free\">\n                            <div class=\"tb-calendar-v2-departure__essential\">\n                                <div class=\"tb-calendar-v2-departure__first-part\">\n                                    <div class=\"tb-calendar-v2-departure__destination desktop-only\">\n                                        <span class=\"tb-skeleton__bone\"><span class=\"tb-skeleton__invisible-text\"><strong>Example trip<\/strong><\/span><\/span>\n                                    <\/div>\n                                    <div class=\"tb-calendar-v2-departure__dates\">\n                                        <div class=\"tb-calendar-v2-departure__startdate\">\n                                            <span class=\"tb-skeleton__bone\"><span class=\"tb-skeleton__invisible-text\">Monday<\/span><\/span>\n                                            <span class=\"tb-skeleton__bone\"><span class=\"tb-skeleton__invisible-text\"><strong>20 Jan 2025<\/strong><\/span><\/span>\n                                        <\/div>\n                                        <span class=\"tb-skeleton__bone\"><span class=\"tb-skeleton__invisible-text\"><i class=\"fa-solid fa-arrow-right\"><\/i><\/span><\/span>\n                                        <div class=\"tb-calendar-v2-departure__enddate\">\n                                            <span class=\"tb-skeleton__bone\"><span class=\"tb-skeleton__invisible-text\">Sunday<\/span><\/span>\n                                            <span class=\"tb-skeleton__bone\"><span class=\"tb-skeleton__invisible-text\"><strong>26 Jan 2025<\/strong><\/span><\/span>\n                                        <\/div>\n                                    <\/div>\n                                    <div class=\"tb-calendar-v2-departure__divider desktop-only tb-skeleton__bone\"><\/div>\n                                    <div class=\"tb-calendar-v2-departure__availability desktop-only\" data-availability=\"free\"><strong>\n                                            <span class=\"tb-skeleton__bone\"><span class=\"tb-skeleton__invisible-text\">Available<\/span><\/span>\n                                        <\/strong><\/div>\n                                    <div class=\"tb-calendar-v2-departure__spots desktop-only\">\n                                        <span class=\"tb-skeleton__bone\"><span class=\"tb-skeleton__invisible-text\">\n                                                                                             <\/span><\/span>\n                                    <\/div>\n                                <\/div>\n                                <div class=\"tb-calendar-v2-departure__last-part\">\n                                    <div class=\"tb-calendar-v2-departure__price\"><span class=\"tb-skeleton__bone\"><span class=\"tb-skeleton__invisible-text\"><strong>\u20ac 1450<\/strong><\/span><\/span><\/div>\n                                    <div class=\"tb-calendar-v2-departure__availability mobile-only\" data-availability=\"free\">\n                                        <strong>\n                                            <span class=\"tb-skeleton__bone\"><span class=\"tb-skeleton__invisible-text\">Available<\/span><\/span>\n                                        <\/strong>\n                                    <\/div>\n                                    <div class=\"tb-calendar-v2-departure__expand-button tb-skeleton__disabled desktop-only\" disabled>\n                                        <span class=\"tb-skeleton__bone\"><span class=\"tb-skeleton__invisible-text\"><i class=\"fa-solid fa-chevron-down\"><\/i><\/span><\/span>\n                                    <\/div>\n                                <\/div>\n                            <\/div>\n                            <div class=\"tb-calendar-v2-departure__divider mobile-only tb-skeleton__bone\"><\/div>\n                            <div class=\"tb-calendar-v2-departure__expand-button mobile-only tb-skeleton__disabled\" disabled>\n                                <span class=\"tb-skeleton__bone\"><span class=\"tb-skeleton__invisible-text\"><span class=\"more-info\">More info<\/span> <span class=\"less-info\">Less info<\/span> <i class=\"fa-solid fa-chevron-down\"><\/i><\/span><\/span>\n                            <\/div>\n                        <\/li>\n                                            <li class=\"tb-calendar-v2__departure tb-calendar-v2-departure tb-skeleton__border\" data-availability=\"free\">\n                            <div class=\"tb-calendar-v2-departure__essential\">\n                                <div class=\"tb-calendar-v2-departure__first-part\">\n                                    <div class=\"tb-calendar-v2-departure__destination desktop-only\">\n                                        <span class=\"tb-skeleton__bone\"><span class=\"tb-skeleton__invisible-text\"><strong>Example trip<\/strong><\/span><\/span>\n                                    <\/div>\n                                    <div class=\"tb-calendar-v2-departure__dates\">\n                                        <div class=\"tb-calendar-v2-departure__startdate\">\n                                            <span class=\"tb-skeleton__bone\"><span class=\"tb-skeleton__invisible-text\">Monday<\/span><\/span>\n                                            <span class=\"tb-skeleton__bone\"><span class=\"tb-skeleton__invisible-text\"><strong>20 Jan 2025<\/strong><\/span><\/span>\n                                        <\/div>\n                                        <span class=\"tb-skeleton__bone\"><span class=\"tb-skeleton__invisible-text\"><i class=\"fa-solid fa-arrow-right\"><\/i><\/span><\/span>\n                                        <div class=\"tb-calendar-v2-departure__enddate\">\n                                            <span class=\"tb-skeleton__bone\"><span class=\"tb-skeleton__invisible-text\">Sunday<\/span><\/span>\n                                            <span class=\"tb-skeleton__bone\"><span class=\"tb-skeleton__invisible-text\"><strong>26 Jan 2025<\/strong><\/span><\/span>\n                                        <\/div>\n                                    <\/div>\n                                    <div class=\"tb-calendar-v2-departure__divider desktop-only tb-skeleton__bone\"><\/div>\n                                    <div class=\"tb-calendar-v2-departure__availability desktop-only\" data-availability=\"free\"><strong>\n                                            <span class=\"tb-skeleton__bone\"><span class=\"tb-skeleton__invisible-text\">Available<\/span><\/span>\n                                        <\/strong><\/div>\n                                    <div class=\"tb-calendar-v2-departure__spots desktop-only\">\n                                        <span class=\"tb-skeleton__bone\"><span class=\"tb-skeleton__invisible-text\">\n                                                                                             <\/span><\/span>\n                                    <\/div>\n                                <\/div>\n                                <div class=\"tb-calendar-v2-departure__last-part\">\n                                    <div class=\"tb-calendar-v2-departure__price\"><span class=\"tb-skeleton__bone\"><span class=\"tb-skeleton__invisible-text\"><strong>\u20ac 1450<\/strong><\/span><\/span><\/div>\n                                    <div class=\"tb-calendar-v2-departure__availability mobile-only\" data-availability=\"free\">\n                                        <strong>\n                                            <span class=\"tb-skeleton__bone\"><span class=\"tb-skeleton__invisible-text\">Available<\/span><\/span>\n                                        <\/strong>\n                                    <\/div>\n                                    <div class=\"tb-calendar-v2-departure__expand-button tb-skeleton__disabled desktop-only\" disabled>\n                                        <span class=\"tb-skeleton__bone\"><span class=\"tb-skeleton__invisible-text\"><i class=\"fa-solid fa-chevron-down\"><\/i><\/span><\/span>\n                                    <\/div>\n                                <\/div>\n                            <\/div>\n                            <div class=\"tb-calendar-v2-departure__divider mobile-only tb-skeleton__bone\"><\/div>\n                            <div class=\"tb-calendar-v2-departure__expand-button mobile-only tb-skeleton__disabled\" disabled>\n                                <span class=\"tb-skeleton__bone\"><span class=\"tb-skeleton__invisible-text\"><span class=\"more-info\">More info<\/span> <span class=\"less-info\">Less info<\/span> <i class=\"fa-solid fa-chevron-down\"><\/i><\/span><\/span>\n                            <\/div>\n                        <\/li>\n                                            <li class=\"tb-calendar-v2__departure tb-calendar-v2-departure tb-skeleton__border\" data-availability=\"free\">\n                            <div class=\"tb-calendar-v2-departure__essential\">\n                                <div class=\"tb-calendar-v2-departure__first-part\">\n                                    <div class=\"tb-calendar-v2-departure__destination desktop-only\">\n                                        <span class=\"tb-skeleton__bone\"><span class=\"tb-skeleton__invisible-text\"><strong>Example trip<\/strong><\/span><\/span>\n                                    <\/div>\n                                    <div class=\"tb-calendar-v2-departure__dates\">\n                                        <div class=\"tb-calendar-v2-departure__startdate\">\n                                            <span class=\"tb-skeleton__bone\"><span class=\"tb-skeleton__invisible-text\">Monday<\/span><\/span>\n                                            <span class=\"tb-skeleton__bone\"><span class=\"tb-skeleton__invisible-text\"><strong>20 Jan 2025<\/strong><\/span><\/span>\n                                        <\/div>\n                                        <span class=\"tb-skeleton__bone\"><span class=\"tb-skeleton__invisible-text\"><i class=\"fa-solid fa-arrow-right\"><\/i><\/span><\/span>\n                                        <div class=\"tb-calendar-v2-departure__enddate\">\n                                            <span class=\"tb-skeleton__bone\"><span class=\"tb-skeleton__invisible-text\">Sunday<\/span><\/span>\n                                            <span class=\"tb-skeleton__bone\"><span class=\"tb-skeleton__invisible-text\"><strong>26 Jan 2025<\/strong><\/span><\/span>\n                                        <\/div>\n                                    <\/div>\n                                    <div class=\"tb-calendar-v2-departure__divider desktop-only tb-skeleton__bone\"><\/div>\n                                    <div class=\"tb-calendar-v2-departure__availability desktop-only\" data-availability=\"free\"><strong>\n                                            <span class=\"tb-skeleton__bone\"><span class=\"tb-skeleton__invisible-text\">Available<\/span><\/span>\n                                        <\/strong><\/div>\n                                    <div class=\"tb-calendar-v2-departure__spots desktop-only\">\n                                        <span class=\"tb-skeleton__bone\"><span class=\"tb-skeleton__invisible-text\">\n                                                                                             <\/span><\/span>\n                                    <\/div>\n                                <\/div>\n                                <div class=\"tb-calendar-v2-departure__last-part\">\n                                    <div class=\"tb-calendar-v2-departure__price\"><span class=\"tb-skeleton__bone\"><span class=\"tb-skeleton__invisible-text\"><strong>\u20ac 1450<\/strong><\/span><\/span><\/div>\n                                    <div class=\"tb-calendar-v2-departure__availability mobile-only\" data-availability=\"free\">\n                                        <strong>\n                                            <span class=\"tb-skeleton__bone\"><span class=\"tb-skeleton__invisible-text\">Available<\/span><\/span>\n                                        <\/strong>\n                                    <\/div>\n                                    <div class=\"tb-calendar-v2-departure__expand-button tb-skeleton__disabled desktop-only\" disabled>\n                                        <span class=\"tb-skeleton__bone\"><span class=\"tb-skeleton__invisible-text\"><i class=\"fa-solid fa-chevron-down\"><\/i><\/span><\/span>\n                                    <\/div>\n                                <\/div>\n                            <\/div>\n                            <div class=\"tb-calendar-v2-departure__divider mobile-only tb-skeleton__bone\"><\/div>\n                            <div class=\"tb-calendar-v2-departure__expand-button mobile-only tb-skeleton__disabled\" disabled>\n                                <span class=\"tb-skeleton__bone\"><span class=\"tb-skeleton__invisible-text\"><span class=\"more-info\">More info<\/span> <span class=\"less-info\">Less info<\/span> <i class=\"fa-solid fa-chevron-down\"><\/i><\/span><\/span>\n                            <\/div>\n                        <\/li>\n                                            <li class=\"tb-calendar-v2__departure tb-calendar-v2-departure tb-skeleton__border\" data-availability=\"free\">\n                            <div class=\"tb-calendar-v2-departure__essential\">\n                                <div class=\"tb-calendar-v2-departure__first-part\">\n                                    <div class=\"tb-calendar-v2-departure__destination desktop-only\">\n                                        <span class=\"tb-skeleton__bone\"><span class=\"tb-skeleton__invisible-text\"><strong>Example trip<\/strong><\/span><\/span>\n                                    <\/div>\n                                    <div class=\"tb-calendar-v2-departure__dates\">\n                                        <div class=\"tb-calendar-v2-departure__startdate\">\n                                            <span class=\"tb-skeleton__bone\"><span class=\"tb-skeleton__invisible-text\">Monday<\/span><\/span>\n                                            <span class=\"tb-skeleton__bone\"><span class=\"tb-skeleton__invisible-text\"><strong>20 Jan 2025<\/strong><\/span><\/span>\n                                        <\/div>\n                                        <span class=\"tb-skeleton__bone\"><span class=\"tb-skeleton__invisible-text\"><i class=\"fa-solid fa-arrow-right\"><\/i><\/span><\/span>\n                                        <div class=\"tb-calendar-v2-departure__enddate\">\n                                            <span class=\"tb-skeleton__bone\"><span class=\"tb-skeleton__invisible-text\">Sunday<\/span><\/span>\n                                            <span class=\"tb-skeleton__bone\"><span class=\"tb-skeleton__invisible-text\"><strong>26 Jan 2025<\/strong><\/span><\/span>\n                                        <\/div>\n                                    <\/div>\n                                    <div class=\"tb-calendar-v2-departure__divider desktop-only tb-skeleton__bone\"><\/div>\n                                    <div class=\"tb-calendar-v2-departure__availability desktop-only\" data-availability=\"free\"><strong>\n                                            <span class=\"tb-skeleton__bone\"><span class=\"tb-skeleton__invisible-text\">Available<\/span><\/span>\n                                        <\/strong><\/div>\n                                    <div class=\"tb-calendar-v2-departure__spots desktop-only\">\n                                        <span class=\"tb-skeleton__bone\"><span class=\"tb-skeleton__invisible-text\">\n                                                                                             <\/span><\/span>\n                                    <\/div>\n                                <\/div>\n                                <div class=\"tb-calendar-v2-departure__last-part\">\n                                    <div class=\"tb-calendar-v2-departure__price\"><span class=\"tb-skeleton__bone\"><span class=\"tb-skeleton__invisible-text\"><strong>\u20ac 1450<\/strong><\/span><\/span><\/div>\n                                    <div class=\"tb-calendar-v2-departure__availability mobile-only\" data-availability=\"free\">\n                                        <strong>\n                                            <span class=\"tb-skeleton__bone\"><span class=\"tb-skeleton__invisible-text\">Available<\/span><\/span>\n                                        <\/strong>\n                                    <\/div>\n                                    <div class=\"tb-calendar-v2-departure__expand-button tb-skeleton__disabled desktop-only\" disabled>\n                                        <span class=\"tb-skeleton__bone\"><span class=\"tb-skeleton__invisible-text\"><i class=\"fa-solid fa-chevron-down\"><\/i><\/span><\/span>\n                                    <\/div>\n                                <\/div>\n                            <\/div>\n                            <div class=\"tb-calendar-v2-departure__divider mobile-only tb-skeleton__bone\"><\/div>\n                            <div class=\"tb-calendar-v2-departure__expand-button mobile-only tb-skeleton__disabled\" disabled>\n                                <span class=\"tb-skeleton__bone\"><span class=\"tb-skeleton__invisible-text\"><span class=\"more-info\">More info<\/span> <span class=\"less-info\">Less info<\/span> <i class=\"fa-solid fa-chevron-down\"><\/i><\/span><\/span>\n                            <\/div>\n                        <\/li>\n                                    <\/ul>\n            <\/div>\n        <\/div>\n    <\/div>\n<\/div>            <div class=\"tb-calendar-v2 tb-sections\" data-calendar-data=\"{&quot;brands&quot;:[{&quot;type&quot;:&quot;brands&quot;,&quot;id&quot;:&quot;89&quot;,&quot;attributes&quot;:{&quot;name&quot;:&quot;Madeira Trail&quot;,&quot;translatableName&quot;:{&quot;de&quot;:&quot;Madeira Trail&quot;,&quot;en&quot;:&quot;Madeira Trail&quot;,&quot;fr&quot;:&quot;Madeira Trail&quot;,&quot;nl&quot;:&quot;Madeira Trail&quot;}}}],&quot;packages&quot;:[{&quot;type&quot;:&quot;packages&quot;,&quot;id&quot;:&quot;MAT-MAT&quot;,&quot;attributes&quot;:{&quot;name&quot;:&quot;Madeira Trail - Madeira Trail&quot;,&quot;destinationName&quot;:&quot;&quot;,&quot;destinationCountry&quot;:&quot;PT&quot;,&quot;destinationTitle&quot;:{&quot;en&quot;:&quot;&quot;,&quot;nl&quot;:&quot;&quot;,&quot;fr&quot;:&quot;&quot;,&quot;de&quot;:&quot;&quot;},&quot;status&quot;:&quot;active&quot;,&quot;sortOrder&quot;:null,&quot;updatedAt&quot;:&quot;2026-09-01T17:50:13.000000Z&quot;},&quot;relationships&quot;:{&quot;brand&quot;:{&quot;data&quot;:{&quot;type&quot;:&quot;brands&quot;,&quot;id&quot;:&quot;89&quot;}}}}],&quot;departures&quot;:[{&quot;type&quot;:&quot;departures&quot;,&quot;id&quot;:&quot;t11591&quot;,&quot;attributes&quot;:{&quot;name&quot;:&quot;MAT26A-W38-MON-6D&quot;,&quot;start&quot;:&quot;2026-09-14T10:00:00.000000Z&quot;,&quot;end&quot;:&quot;2026-09-20T12:00:00.000000Z&quot;,&quot;cheapestPrice&quot;:815,&quot;languages&quot;:[&quot;en&quot;],&quot;availableSpots&quot;:0,&quot;bookedSpots&quot;:12,&quot;fakeLabel&quot;:&quot;sold out&quot;,&quot;availabilityLabel&quot;:&quot;sold out&quot;,&quot;promoLabel&quot;:null,&quot;status&quot;:&quot;active&quot;,&quot;calendarToggles&quot;:null,&quot;bookable&quot;:true,&quot;bookingUrl&quot;:&quot;https:\\\/\\\/booking.travelbase.eu\\\/mat26a\\\/book?trip=11591&quot;,&quot;packageId&quot;:&quot;MAT-MAT&quot;}},{&quot;type&quot;:&quot;departures&quot;,&quot;id&quot;:&quot;t11592&quot;,&quot;attributes&quot;:{&quot;name&quot;:&quot;MAT26A-W38-TUE-6D&quot;,&quot;start&quot;:&quot;2026-09-15T10:00:00.000000Z&quot;,&quot;end&quot;:&quot;2026-09-21T12:00:00.000000Z&quot;,&quot;cheapestPrice&quot;:835,&quot;languages&quot;:[&quot;nl&quot;,&quot;en&quot;],&quot;availableSpots&quot;:0,&quot;bookedSpots&quot;:10,&quot;fakeLabel&quot;:&quot;sold out&quot;,&quot;availabilityLabel&quot;:&quot;sold out&quot;,&quot;promoLabel&quot;:null,&quot;status&quot;:&quot;active&quot;,&quot;calendarToggles&quot;:null,&quot;bookable&quot;:false,&quot;bookingUrl&quot;:&quot;https:\\\/\\\/booking.travelbase.eu\\\/mat26a\\\/book?trip=11592&quot;,&quot;packageId&quot;:&quot;MAT-MAT&quot;}},{&quot;type&quot;:&quot;departures&quot;,&quot;id&quot;:&quot;t11593&quot;,&quot;attributes&quot;:{&quot;name&quot;:&quot;MAT26A-W38-WED-6D&quot;,&quot;start&quot;:&quot;2026-09-16T10:00:00.000000Z&quot;,&quot;end&quot;:&quot;2026-09-22T12:00:00.000000Z&quot;,&quot;cheapestPrice&quot;:835,&quot;languages&quot;:[&quot;nl&quot;,&quot;en&quot;],&quot;availableSpots&quot;:0,&quot;bookedSpots&quot;:10,&quot;fakeLabel&quot;:&quot;sold out&quot;,&quot;availabilityLabel&quot;:&quot;sold out&quot;,&quot;promoLabel&quot;:null,&quot;status&quot;:&quot;active&quot;,&quot;calendarToggles&quot;:null,&quot;bookable&quot;:false,&quot;bookingUrl&quot;:&quot;https:\\\/\\\/booking.travelbase.eu\\\/mat26a\\\/book?trip=11593&quot;,&quot;packageId&quot;:&quot;MAT-MAT&quot;}},{&quot;type&quot;:&quot;departures&quot;,&quot;id&quot;:&quot;t11595&quot;,&quot;attributes&quot;:{&quot;name&quot;:&quot;MAT26A-W38-FRI-6D&quot;,&quot;start&quot;:&quot;2026-09-18T10:00:00.000000Z&quot;,&quot;end&quot;:&quot;2026-09-24T12:00:00.000000Z&quot;,&quot;cheapestPrice&quot;:845,&quot;languages&quot;:[&quot;fr&quot;,&quot;en&quot;],&quot;availableSpots&quot;:0,&quot;bookedSpots&quot;:10,&quot;fakeLabel&quot;:&quot;sold out&quot;,&quot;availabilityLabel&quot;:&quot;sold out&quot;,&quot;promoLabel&quot;:null,&quot;status&quot;:&quot;active&quot;,&quot;calendarToggles&quot;:null,&quot;bookable&quot;:false,&quot;bookingUrl&quot;:&quot;https:\\\/\\\/booking.travelbase.eu\\\/mat26a\\\/book?trip=11595&quot;,&quot;packageId&quot;:&quot;MAT-MAT&quot;}},{&quot;type&quot;:&quot;departures&quot;,&quot;id&quot;:&quot;t11596&quot;,&quot;attributes&quot;:{&quot;name&quot;:&quot;MAT26A-W38-SAT-6D&quot;,&quot;start&quot;:&quot;2026-09-19T10:00:00.000000Z&quot;,&quot;end&quot;:&quot;2026-09-25T12:00:00.000000Z&quot;,&quot;cheapestPrice&quot;:845,&quot;languages&quot;:[&quot;nl&quot;,&quot;fr&quot;,&quot;de&quot;,&quot;en&quot;],&quot;availableSpots&quot;:0,&quot;bookedSpots&quot;:10,&quot;fakeLabel&quot;:&quot;sold out&quot;,&quot;availabilityLabel&quot;:&quot;sold out&quot;,&quot;promoLabel&quot;:null,&quot;status&quot;:&quot;active&quot;,&quot;calendarToggles&quot;:null,&quot;bookable&quot;:true,&quot;bookingUrl&quot;:&quot;https:\\\/\\\/booking.travelbase.eu\\\/mat26a\\\/book?trip=11596&quot;,&quot;packageId&quot;:&quot;MAT-MAT&quot;}},{&quot;type&quot;:&quot;departures&quot;,&quot;id&quot;:&quot;t11598&quot;,&quot;attributes&quot;:{&quot;name&quot;:&quot;MAT26A-W39-MON-6D&quot;,&quot;start&quot;:&quot;2026-09-21T10:00:00.000000Z&quot;,&quot;end&quot;:&quot;2026-09-27T12:00:00.000000Z&quot;,&quot;cheapestPrice&quot;:835,&quot;languages&quot;:[&quot;de&quot;,&quot;en&quot;],&quot;availableSpots&quot;:0,&quot;bookedSpots&quot;:10,&quot;fakeLabel&quot;:&quot;sold out&quot;,&quot;availabilityLabel&quot;:&quot;sold out&quot;,&quot;promoLabel&quot;:null,&quot;status&quot;:&quot;active&quot;,&quot;calendarToggles&quot;:null,&quot;bookable&quot;:false,&quot;bookingUrl&quot;:&quot;https:\\\/\\\/booking.travelbase.eu\\\/mat26a\\\/book?trip=11598&quot;,&quot;packageId&quot;:&quot;MAT-MAT&quot;}},{&quot;type&quot;:&quot;departures&quot;,&quot;id&quot;:&quot;t11599&quot;,&quot;attributes&quot;:{&quot;name&quot;:&quot;MAT26A-W39-TUE-6D&quot;,&quot;start&quot;:&quot;2026-09-22T10:00:00.000000Z&quot;,&quot;end&quot;:&quot;2026-09-28T12:00:00.000000Z&quot;,&quot;cheapestPrice&quot;:835,&quot;languages&quot;:[&quot;nl&quot;,&quot;en&quot;],&quot;availableSpots&quot;:0,&quot;bookedSpots&quot;:10,&quot;fakeLabel&quot;:&quot;sold out&quot;,&quot;availabilityLabel&quot;:&quot;sold out&quot;,&quot;promoLabel&quot;:null,&quot;status&quot;:&quot;active&quot;,&quot;calendarToggles&quot;:null,&quot;bookable&quot;:false,&quot;bookingUrl&quot;:&quot;https:\\\/\\\/booking.travelbase.eu\\\/mat26a\\\/book?trip=11599&quot;,&quot;packageId&quot;:&quot;MAT-MAT&quot;}},{&quot;type&quot;:&quot;departures&quot;,&quot;id&quot;:&quot;t11600&quot;,&quot;attributes&quot;:{&quot;name&quot;:&quot;MAT26A-W39-WED-6D&quot;,&quot;start&quot;:&quot;2026-09-23T10:00:00.000000Z&quot;,&quot;end&quot;:&quot;2026-09-29T12:00:00.000000Z&quot;,&quot;cheapestPrice&quot;:835,&quot;languages&quot;:[&quot;nl&quot;,&quot;en&quot;],&quot;availableSpots&quot;:0,&quot;bookedSpots&quot;:10,&quot;fakeLabel&quot;:&quot;sold out&quot;,&quot;availabilityLabel&quot;:&quot;sold out&quot;,&quot;promoLabel&quot;:null,&quot;status&quot;:&quot;active&quot;,&quot;calendarToggles&quot;:null,&quot;bookable&quot;:false,&quot;bookingUrl&quot;:&quot;https:\\\/\\\/booking.travelbase.eu\\\/mat26a\\\/book?trip=11600&quot;,&quot;packageId&quot;:&quot;MAT-MAT&quot;}},{&quot;type&quot;:&quot;departures&quot;,&quot;id&quot;:&quot;t11602&quot;,&quot;attributes&quot;:{&quot;name&quot;:&quot;MAT26A-W39-FRI-6D&quot;,&quot;start&quot;:&quot;2026-09-25T10:00:00.000000Z&quot;,&quot;end&quot;:&quot;2026-10-01T12:00:00.000000Z&quot;,&quot;cheapestPrice&quot;:835,&quot;languages&quot;:[&quot;fr&quot;,&quot;nl&quot;,&quot;en&quot;,&quot;de&quot;],&quot;availableSpots&quot;:0,&quot;bookedSpots&quot;:10,&quot;fakeLabel&quot;:&quot;sold out&quot;,&quot;availabilityLabel&quot;:&quot;sold out&quot;,&quot;promoLabel&quot;:null,&quot;status&quot;:&quot;active&quot;,&quot;calendarToggles&quot;:null,&quot;bookable&quot;:false,&quot;bookingUrl&quot;:&quot;https:\\\/\\\/booking.travelbase.eu\\\/mat26a\\\/book?trip=11602&quot;,&quot;packageId&quot;:&quot;MAT-MAT&quot;}},{&quot;type&quot;:&quot;departures&quot;,&quot;id&quot;:&quot;t11603&quot;,&quot;attributes&quot;:{&quot;name&quot;:&quot;MAT26A-W39-SAT-6D&quot;,&quot;start&quot;:&quot;2026-09-26T10:00:00.000000Z&quot;,&quot;end&quot;:&quot;2026-10-02T12:00:00.000000Z&quot;,&quot;cheapestPrice&quot;:845,&quot;languages&quot;:[&quot;nl&quot;,&quot;de&quot;,&quot;en&quot;,&quot;fr&quot;],&quot;availableSpots&quot;:0,&quot;bookedSpots&quot;:9,&quot;fakeLabel&quot;:&quot;sold out&quot;,&quot;availabilityLabel&quot;:&quot;sold out&quot;,&quot;promoLabel&quot;:null,&quot;status&quot;:&quot;active&quot;,&quot;calendarToggles&quot;:null,&quot;bookable&quot;:false,&quot;bookingUrl&quot;:&quot;https:\\\/\\\/booking.travelbase.eu\\\/mat26a\\\/book?trip=11603&quot;,&quot;packageId&quot;:&quot;MAT-MAT&quot;}},{&quot;type&quot;:&quot;departures&quot;,&quot;id&quot;:&quot;t11606&quot;,&quot;attributes&quot;:{&quot;name&quot;:&quot;MAT26A-W40-TUE-6D&quot;,&quot;start&quot;:&quot;2026-09-29T10:00:00.000000Z&quot;,&quot;end&quot;:&quot;2026-10-05T12:00:00.000000Z&quot;,&quot;cheapestPrice&quot;:835,&quot;languages&quot;:[&quot;nl&quot;,&quot;en&quot;],&quot;availableSpots&quot;:0,&quot;bookedSpots&quot;:10,&quot;fakeLabel&quot;:&quot;sold out&quot;,&quot;availabilityLabel&quot;:&quot;sold out&quot;,&quot;promoLabel&quot;:null,&quot;status&quot;:&quot;active&quot;,&quot;calendarToggles&quot;:null,&quot;bookable&quot;:false,&quot;bookingUrl&quot;:&quot;https:\\\/\\\/booking.travelbase.eu\\\/mat26a\\\/book?trip=11606&quot;,&quot;packageId&quot;:&quot;MAT-MAT&quot;}},{&quot;type&quot;:&quot;departures&quot;,&quot;id&quot;:&quot;t11607&quot;,&quot;attributes&quot;:{&quot;name&quot;:&quot;MAT26A-W40-WED-6D&quot;,&quot;start&quot;:&quot;2026-09-30T10:00:00.000000Z&quot;,&quot;end&quot;:&quot;2026-10-06T12:00:00.000000Z&quot;,&quot;cheapestPrice&quot;:835,&quot;languages&quot;:[&quot;nl&quot;,&quot;en&quot;],&quot;availableSpots&quot;:0,&quot;bookedSpots&quot;:10,&quot;fakeLabel&quot;:&quot;sold out&quot;,&quot;availabilityLabel&quot;:&quot;sold out&quot;,&quot;promoLabel&quot;:null,&quot;status&quot;:&quot;active&quot;,&quot;calendarToggles&quot;:null,&quot;bookable&quot;:false,&quot;bookingUrl&quot;:&quot;https:\\\/\\\/booking.travelbase.eu\\\/mat26a\\\/book?trip=11607&quot;,&quot;packageId&quot;:&quot;MAT-MAT&quot;}},{&quot;type&quot;:&quot;departures&quot;,&quot;id&quot;:&quot;t11610&quot;,&quot;attributes&quot;:{&quot;name&quot;:&quot;MAT26A-W40-SAT-6D&quot;,&quot;start&quot;:&quot;2026-10-03T10:00:00.000000Z&quot;,&quot;end&quot;:&quot;2026-10-09T12:00:00.000000Z&quot;,&quot;cheapestPrice&quot;:845,&quot;languages&quot;:[&quot;nl&quot;,&quot;fr&quot;,&quot;de&quot;,&quot;en&quot;],&quot;availableSpots&quot;:0,&quot;bookedSpots&quot;:10,&quot;fakeLabel&quot;:&quot;sold out&quot;,&quot;availabilityLabel&quot;:&quot;sold out&quot;,&quot;promoLabel&quot;:null,&quot;status&quot;:&quot;active&quot;,&quot;calendarToggles&quot;:null,&quot;bookable&quot;:false,&quot;bookingUrl&quot;:&quot;https:\\\/\\\/booking.travelbase.eu\\\/mat26a\\\/book?trip=11610&quot;,&quot;packageId&quot;:&quot;MAT-MAT&quot;}},{&quot;type&quot;:&quot;departures&quot;,&quot;id&quot;:&quot;t11612&quot;,&quot;attributes&quot;:{&quot;name&quot;:&quot;MAT26A-W41-MON-6D&quot;,&quot;start&quot;:&quot;2026-10-05T10:00:00.000000Z&quot;,&quot;end&quot;:&quot;2026-10-11T12:00:00.000000Z&quot;,&quot;cheapestPrice&quot;:835,&quot;languages&quot;:[&quot;de&quot;,&quot;en&quot;],&quot;availableSpots&quot;:0,&quot;bookedSpots&quot;:10,&quot;fakeLabel&quot;:&quot;sold out&quot;,&quot;availabilityLabel&quot;:&quot;sold out&quot;,&quot;promoLabel&quot;:null,&quot;status&quot;:&quot;active&quot;,&quot;calendarToggles&quot;:null,&quot;bookable&quot;:false,&quot;bookingUrl&quot;:&quot;https:\\\/\\\/booking.travelbase.eu\\\/mat26a\\\/book?trip=11612&quot;,&quot;packageId&quot;:&quot;MAT-MAT&quot;}},{&quot;type&quot;:&quot;departures&quot;,&quot;id&quot;:&quot;t11613&quot;,&quot;attributes&quot;:{&quot;name&quot;:&quot;MAT26A-W41-TUE-6D&quot;,&quot;start&quot;:&quot;2026-10-06T10:00:00.000000Z&quot;,&quot;end&quot;:&quot;2026-10-12T12:00:00.000000Z&quot;,&quot;cheapestPrice&quot;:835,&quot;languages&quot;:[&quot;nl&quot;,&quot;en&quot;],&quot;availableSpots&quot;:0,&quot;bookedSpots&quot;:10,&quot;fakeLabel&quot;:&quot;sold out&quot;,&quot;availabilityLabel&quot;:&quot;sold out&quot;,&quot;promoLabel&quot;:null,&quot;status&quot;:&quot;active&quot;,&quot;calendarToggles&quot;:null,&quot;bookable&quot;:false,&quot;bookingUrl&quot;:&quot;https:\\\/\\\/booking.travelbase.eu\\\/mat26a\\\/book?trip=11613&quot;,&quot;packageId&quot;:&quot;MAT-MAT&quot;}},{&quot;type&quot;:&quot;departures&quot;,&quot;id&quot;:&quot;t11614&quot;,&quot;attributes&quot;:{&quot;name&quot;:&quot;MAT26A-W41-WED-6D&quot;,&quot;start&quot;:&quot;2026-10-07T10:00:00.000000Z&quot;,&quot;end&quot;:&quot;2026-10-13T12:00:00.000000Z&quot;,&quot;cheapestPrice&quot;:825,&quot;languages&quot;:[&quot;nl&quot;,&quot;en&quot;],&quot;availableSpots&quot;:0,&quot;bookedSpots&quot;:10,&quot;fakeLabel&quot;:&quot;sold out&quot;,&quot;availabilityLabel&quot;:&quot;sold out&quot;,&quot;promoLabel&quot;:null,&quot;status&quot;:&quot;active&quot;,&quot;calendarToggles&quot;:null,&quot;bookable&quot;:false,&quot;bookingUrl&quot;:&quot;https:\\\/\\\/booking.travelbase.eu\\\/mat26a\\\/book?trip=11614&quot;,&quot;packageId&quot;:&quot;MAT-MAT&quot;}},{&quot;type&quot;:&quot;departures&quot;,&quot;id&quot;:&quot;t11616&quot;,&quot;attributes&quot;:{&quot;name&quot;:&quot;MAT26A-W41-FRI-6D&quot;,&quot;start&quot;:&quot;2026-10-09T10:00:00.000000Z&quot;,&quot;end&quot;:&quot;2026-10-15T12:00:00.000000Z&quot;,&quot;cheapestPrice&quot;:825,&quot;languages&quot;:[&quot;fr&quot;,&quot;en&quot;,&quot;nl&quot;],&quot;availableSpots&quot;:0,&quot;bookedSpots&quot;:10,&quot;fakeLabel&quot;:&quot;sold out&quot;,&quot;availabilityLabel&quot;:&quot;sold out&quot;,&quot;promoLabel&quot;:null,&quot;status&quot;:&quot;active&quot;,&quot;calendarToggles&quot;:null,&quot;bookable&quot;:false,&quot;bookingUrl&quot;:&quot;https:\\\/\\\/booking.travelbase.eu\\\/mat26a\\\/book?trip=11616&quot;,&quot;packageId&quot;:&quot;MAT-MAT&quot;}},{&quot;type&quot;:&quot;departures&quot;,&quot;id&quot;:&quot;t11617&quot;,&quot;attributes&quot;:{&quot;name&quot;:&quot;MAT26A-W41-SAT-6D&quot;,&quot;start&quot;:&quot;2026-10-10T10:00:00.000000Z&quot;,&quot;end&quot;:&quot;2026-10-16T12:00:00.000000Z&quot;,&quot;cheapestPrice&quot;:845,&quot;languages&quot;:[&quot;fr&quot;,&quot;de&quot;,&quot;en&quot;,&quot;nl&quot;],&quot;availableSpots&quot;:0,&quot;bookedSpots&quot;:10,&quot;fakeLabel&quot;:&quot;sold out&quot;,&quot;availabilityLabel&quot;:&quot;sold out&quot;,&quot;promoLabel&quot;:null,&quot;status&quot;:&quot;active&quot;,&quot;calendarToggles&quot;:null,&quot;bookable&quot;:false,&quot;bookingUrl&quot;:&quot;https:\\\/\\\/booking.travelbase.eu\\\/mat26a\\\/book?trip=11617&quot;,&quot;packageId&quot;:&quot;MAT-MAT&quot;}},{&quot;type&quot;:&quot;departures&quot;,&quot;id&quot;:&quot;t11619&quot;,&quot;attributes&quot;:{&quot;name&quot;:&quot;MAT26A-W42-MON-6D&quot;,&quot;start&quot;:&quot;2026-10-12T10:00:00.000000Z&quot;,&quot;end&quot;:&quot;2026-10-18T12:00:00.000000Z&quot;,&quot;cheapestPrice&quot;:825,&quot;languages&quot;:[&quot;de&quot;,&quot;en&quot;,&quot;nl&quot;],&quot;availableSpots&quot;:0,&quot;bookedSpots&quot;:10,&quot;fakeLabel&quot;:&quot;sold out&quot;,&quot;availabilityLabel&quot;:&quot;sold out&quot;,&quot;promoLabel&quot;:null,&quot;status&quot;:&quot;active&quot;,&quot;calendarToggles&quot;:null,&quot;bookable&quot;:false,&quot;bookingUrl&quot;:&quot;https:\\\/\\\/booking.travelbase.eu\\\/mat26a\\\/book?trip=11619&quot;,&quot;packageId&quot;:&quot;MAT-MAT&quot;}},{&quot;type&quot;:&quot;departures&quot;,&quot;id&quot;:&quot;t11620&quot;,&quot;attributes&quot;:{&quot;name&quot;:&quot;MAT26A-W42-TUE-6D&quot;,&quot;start&quot;:&quot;2026-10-13T10:00:00.000000Z&quot;,&quot;end&quot;:&quot;2026-10-19T12:00:00.000000Z&quot;,&quot;cheapestPrice&quot;:825,&quot;languages&quot;:[&quot;nl&quot;,&quot;en&quot;],&quot;availableSpots&quot;:0,&quot;bookedSpots&quot;:10,&quot;fakeLabel&quot;:&quot;sold out&quot;,&quot;availabilityLabel&quot;:&quot;sold out&quot;,&quot;promoLabel&quot;:null,&quot;status&quot;:&quot;active&quot;,&quot;calendarToggles&quot;:null,&quot;bookable&quot;:false,&quot;bookingUrl&quot;:&quot;https:\\\/\\\/booking.travelbase.eu\\\/mat26a\\\/book?trip=11620&quot;,&quot;packageId&quot;:&quot;MAT-MAT&quot;}},{&quot;type&quot;:&quot;departures&quot;,&quot;id&quot;:&quot;t11621&quot;,&quot;attributes&quot;:{&quot;name&quot;:&quot;MAT26A-W42-WED-6D&quot;,&quot;start&quot;:&quot;2026-10-14T10:00:00.000000Z&quot;,&quot;end&quot;:&quot;2026-10-20T12:00:00.000000Z&quot;,&quot;cheapestPrice&quot;:825,&quot;languages&quot;:[&quot;nl&quot;,&quot;en&quot;],&quot;availableSpots&quot;:0,&quot;bookedSpots&quot;:10,&quot;fakeLabel&quot;:&quot;sold out&quot;,&quot;availabilityLabel&quot;:&quot;sold out&quot;,&quot;promoLabel&quot;:null,&quot;status&quot;:&quot;active&quot;,&quot;calendarToggles&quot;:null,&quot;bookable&quot;:false,&quot;bookingUrl&quot;:&quot;https:\\\/\\\/booking.travelbase.eu\\\/mat26a\\\/book?trip=11621&quot;,&quot;packageId&quot;:&quot;MAT-MAT&quot;}},{&quot;type&quot;:&quot;departures&quot;,&quot;id&quot;:&quot;t11624&quot;,&quot;attributes&quot;:{&quot;name&quot;:&quot;MAT26A-W42-SAT-6D&quot;,&quot;start&quot;:&quot;2026-10-17T10:00:00.000000Z&quot;,&quot;end&quot;:&quot;2026-10-23T12:00:00.000000Z&quot;,&quot;cheapestPrice&quot;:845,&quot;languages&quot;:[&quot;nl&quot;,&quot;fr&quot;,&quot;de&quot;,&quot;en&quot;],&quot;availableSpots&quot;:0,&quot;bookedSpots&quot;:10,&quot;fakeLabel&quot;:&quot;sold out&quot;,&quot;availabilityLabel&quot;:&quot;sold out&quot;,&quot;promoLabel&quot;:null,&quot;status&quot;:&quot;active&quot;,&quot;calendarToggles&quot;:null,&quot;bookable&quot;:false,&quot;bookingUrl&quot;:&quot;https:\\\/\\\/booking.travelbase.eu\\\/mat26a\\\/book?trip=11624&quot;,&quot;packageId&quot;:&quot;MAT-MAT&quot;}},{&quot;type&quot;:&quot;departures&quot;,&quot;id&quot;:&quot;t11626&quot;,&quot;attributes&quot;:{&quot;name&quot;:&quot;MAT26A-W43-MON-6D&quot;,&quot;start&quot;:&quot;2026-10-19T10:00:00.000000Z&quot;,&quot;end&quot;:&quot;2026-10-25T13:00:00.000000Z&quot;,&quot;cheapestPrice&quot;:825,&quot;languages&quot;:[&quot;de&quot;,&quot;en&quot;,&quot;nl&quot;,&quot;fr&quot;],&quot;availableSpots&quot;:0,&quot;bookedSpots&quot;:10,&quot;fakeLabel&quot;:&quot;sold out&quot;,&quot;availabilityLabel&quot;:&quot;sold out&quot;,&quot;promoLabel&quot;:null,&quot;status&quot;:&quot;active&quot;,&quot;calendarToggles&quot;:null,&quot;bookable&quot;:false,&quot;bookingUrl&quot;:&quot;https:\\\/\\\/booking.travelbase.eu\\\/mat26a\\\/book?trip=11626&quot;,&quot;packageId&quot;:&quot;MAT-MAT&quot;}},{&quot;type&quot;:&quot;departures&quot;,&quot;id&quot;:&quot;t11627&quot;,&quot;attributes&quot;:{&quot;name&quot;:&quot;MAT26A-W43-TUE-6D&quot;,&quot;start&quot;:&quot;2026-10-20T10:00:00.000000Z&quot;,&quot;end&quot;:&quot;2026-10-26T13:00:00.000000Z&quot;,&quot;cheapestPrice&quot;:815,&quot;languages&quot;:[&quot;nl&quot;,&quot;en&quot;],&quot;availableSpots&quot;:0,&quot;bookedSpots&quot;:10,&quot;fakeLabel&quot;:&quot;sold out&quot;,&quot;availabilityLabel&quot;:&quot;sold out&quot;,&quot;promoLabel&quot;:null,&quot;status&quot;:&quot;active&quot;,&quot;calendarToggles&quot;:null,&quot;bookable&quot;:false,&quot;bookingUrl&quot;:&quot;https:\\\/\\\/booking.travelbase.eu\\\/mat26a\\\/book?trip=11627&quot;,&quot;packageId&quot;:&quot;MAT-MAT&quot;}},{&quot;type&quot;:&quot;departures&quot;,&quot;id&quot;:&quot;t11628&quot;,&quot;attributes&quot;:{&quot;name&quot;:&quot;MAT26A-W43-WED-6D&quot;,&quot;start&quot;:&quot;2026-10-21T10:00:00.000000Z&quot;,&quot;end&quot;:&quot;2026-10-27T13:00:00.000000Z&quot;,&quot;cheapestPrice&quot;:835,&quot;languages&quot;:[&quot;nl&quot;,&quot;en&quot;],&quot;availableSpots&quot;:0,&quot;bookedSpots&quot;:10,&quot;fakeLabel&quot;:&quot;sold out&quot;,&quot;availabilityLabel&quot;:&quot;sold out&quot;,&quot;promoLabel&quot;:null,&quot;status&quot;:&quot;active&quot;,&quot;calendarToggles&quot;:null,&quot;bookable&quot;:false,&quot;bookingUrl&quot;:&quot;https:\\\/\\\/booking.travelbase.eu\\\/mat26a\\\/book?trip=11628&quot;,&quot;packageId&quot;:&quot;MAT-MAT&quot;}},{&quot;type&quot;:&quot;departures&quot;,&quot;id&quot;:&quot;t11631&quot;,&quot;attributes&quot;:{&quot;name&quot;:&quot;MAT26A-W43-SAT-6D&quot;,&quot;start&quot;:&quot;2026-10-24T10:00:00.000000Z&quot;,&quot;end&quot;:&quot;2026-10-30T13:00:00.000000Z&quot;,&quot;cheapestPrice&quot;:825,&quot;languages&quot;:[&quot;nl&quot;,&quot;fr&quot;,&quot;de&quot;,&quot;en&quot;],&quot;availableSpots&quot;:0,&quot;bookedSpots&quot;:10,&quot;fakeLabel&quot;:&quot;sold out&quot;,&quot;availabilityLabel&quot;:&quot;sold out&quot;,&quot;promoLabel&quot;:null,&quot;status&quot;:&quot;active&quot;,&quot;calendarToggles&quot;:null,&quot;bookable&quot;:false,&quot;bookingUrl&quot;:&quot;https:\\\/\\\/booking.travelbase.eu\\\/mat26a\\\/book?trip=11631&quot;,&quot;packageId&quot;:&quot;MAT-MAT&quot;}},{&quot;type&quot;:&quot;departures&quot;,&quot;id&quot;:&quot;t11633&quot;,&quot;attributes&quot;:{&quot;name&quot;:&quot;MAT26A-W44-MON-6D&quot;,&quot;start&quot;:&quot;2026-10-26T11:00:00.000000Z&quot;,&quot;end&quot;:&quot;2026-11-01T13:00:00.000000Z&quot;,&quot;cheapestPrice&quot;:825,&quot;languages&quot;:[&quot;de&quot;,&quot;en&quot;,&quot;nl&quot;,&quot;fr&quot;],&quot;availableSpots&quot;:0,&quot;bookedSpots&quot;:10,&quot;fakeLabel&quot;:&quot;sold out&quot;,&quot;availabilityLabel&quot;:&quot;sold out&quot;,&quot;promoLabel&quot;:null,&quot;status&quot;:&quot;active&quot;,&quot;calendarToggles&quot;:null,&quot;bookable&quot;:false,&quot;bookingUrl&quot;:&quot;https:\\\/\\\/booking.travelbase.eu\\\/mat26a\\\/book?trip=11633&quot;,&quot;packageId&quot;:&quot;MAT-MAT&quot;}},{&quot;type&quot;:&quot;departures&quot;,&quot;id&quot;:&quot;t11634&quot;,&quot;attributes&quot;:{&quot;name&quot;:&quot;MAT26A-W44-TUE-6D&quot;,&quot;start&quot;:&quot;2026-10-27T11:00:00.000000Z&quot;,&quot;end&quot;:&quot;2026-11-02T13:00:00.000000Z&quot;,&quot;cheapestPrice&quot;:835,&quot;languages&quot;:[&quot;nl&quot;,&quot;en&quot;],&quot;availableSpots&quot;:0,&quot;bookedSpots&quot;:10,&quot;fakeLabel&quot;:&quot;sold out&quot;,&quot;availabilityLabel&quot;:&quot;sold out&quot;,&quot;promoLabel&quot;:null,&quot;status&quot;:&quot;active&quot;,&quot;calendarToggles&quot;:null,&quot;bookable&quot;:false,&quot;bookingUrl&quot;:&quot;https:\\\/\\\/booking.travelbase.eu\\\/mat26a\\\/book?trip=11634&quot;,&quot;packageId&quot;:&quot;MAT-MAT&quot;}},{&quot;type&quot;:&quot;departures&quot;,&quot;id&quot;:&quot;t11638&quot;,&quot;attributes&quot;:{&quot;name&quot;:&quot;MAT26A-W44-SAT-6D&quot;,&quot;start&quot;:&quot;2026-10-31T11:00:00.000000Z&quot;,&quot;end&quot;:&quot;2026-11-06T13:00:00.000000Z&quot;,&quot;cheapestPrice&quot;:845,&quot;languages&quot;:[&quot;nl&quot;,&quot;en&quot;,&quot;fr&quot;,&quot;de&quot;],&quot;availableSpots&quot;:0,&quot;bookedSpots&quot;:10,&quot;fakeLabel&quot;:&quot;sold out&quot;,&quot;availabilityLabel&quot;:&quot;sold out&quot;,&quot;promoLabel&quot;:null,&quot;status&quot;:&quot;active&quot;,&quot;calendarToggles&quot;:null,&quot;bookable&quot;:false,&quot;bookingUrl&quot;:&quot;https:\\\/\\\/booking.travelbase.eu\\\/mat26a\\\/book?trip=11638&quot;,&quot;packageId&quot;:&quot;MAT-MAT&quot;}},{&quot;type&quot;:&quot;departures&quot;,&quot;id&quot;:&quot;t11639&quot;,&quot;attributes&quot;:{&quot;name&quot;:&quot;MAT26A-W44-SUN-6D&quot;,&quot;start&quot;:&quot;2026-11-01T11:00:00.000000Z&quot;,&quot;end&quot;:&quot;2026-11-07T13:00:00.000000Z&quot;,&quot;cheapestPrice&quot;:835,&quot;languages&quot;:[&quot;nl&quot;,&quot;en&quot;],&quot;availableSpots&quot;:0,&quot;bookedSpots&quot;:10,&quot;fakeLabel&quot;:&quot;sold out&quot;,&quot;availabilityLabel&quot;:&quot;sold out&quot;,&quot;promoLabel&quot;:null,&quot;status&quot;:&quot;active&quot;,&quot;calendarToggles&quot;:null,&quot;bookable&quot;:false,&quot;bookingUrl&quot;:&quot;https:\\\/\\\/booking.travelbase.eu\\\/mat26a\\\/book?trip=11639&quot;,&quot;packageId&quot;:&quot;MAT-MAT&quot;}}]}\" data-summary-content=\"Un acompte de 30 % vous sera demand\u00e9 lors de la r\u00e9servation, ou \u00e0 payer dans les 5 jours, et le solde sera \u00e0 r\u00e9gler jusqu&#039;\u00e0 2 mois avant votre d\u00e9part.\" data-summary-inclusive='[{&quot;remark&quot;:&quot;Circuit d\\u00e9taill\\u00e9 et organisation compl\\u00e8te du s\\u00e9jour&quot;,&quot;rowid&quot;:&quot;68416e2bd61c6&quot;},{&quot;remark&quot;:&quot;Trois nuits en h\\u00f4tel confortable dans des lieux uniques, petit d\\u00e9jeuner inclus&quot;,&quot;rowid&quot;:&quot;68416e2bd61e5&quot;},{&quot;remark&quot;:&quot;Une nuit en cottage confortable au milieu de la nature, petit d\\u00e9jeuner inclus&quot;,&quot;rowid&quot;:&quot;68416e2bd6202&quot;},{&quot;remark&quot;:&quot;Une nuit unique en refuge, petit d\\u00e9jeuner inclus&quot;,&quot;rowid&quot;:&quot;68416e2bd621d&quot;},{&quot;remark&quot;:&quot; Transport en navette depuis Funchal jusqu&#039;au d\\u00e9but du trek (jour 1)&quot;,&quot;rowid&quot;:&quot;68416e2bd6237&quot;},{&quot;remark&quot;:&quot;Transport de Santana \\u00e0 Porto da Cruz (jour 5)&quot;,&quot;rowid&quot;:&quot;68416e2bd6252&quot;},{&quot;remark&quot;:&quot; Accueil et briefing par un ranger exp\\u00e9riment\\u00e9&quot;,&quot;rowid&quot;:&quot;68416e2bd626c&quot;},{&quot;remark&quot;:&quot; Liste de mat\\u00e9riel compl\\u00e8te afin de ne rien oublier &quot;,&quot;rowid&quot;:&quot;68416e2bd6286&quot;},{&quot;remark&quot;:&quot;Application du Trek \\u00e0 Mad\\u00e8re avec toutes les informations n\\u00e9cessaires&quot;,&quot;rowid&quot;:&quot;68416e2bd62af&quot;},{&quot;remark&quot;:&quot;Taxes de s\\u00e9jour dans les h\\u00f4tels&quot;,&quot;rowid&quot;:&quot;68416e2bd62ca&quot;}]'><\/div>\n        <\/div>\n    <\/div>\n\n\n\n<div class=\"tb-faq tb-block align-center background-light pattern-none variant-none tb-collapsible-margins\" id=\"faq\">\n\t<div class=\"inner-block tb-fade-in tb-fade-in--subtle\">\n\t\t<div class=\"text-part\">\n\t\t\t<h2>FAQ's<\/h2>\n\t\t\t\t<div class=\"translation-block\"><p>We invite you to consult the FAQ below before sending us an email. The FAQ provides comprehensive answers to the most frequently asked questions!<\/p><\/div>\n\t\t\t<\/div>\n\t<\/div>\n\t<div class=\"inner-block\">\n\n\t\t\t\t\t<div\n\t\t\t\tclass=\"faq-list tb-accordion tb-accordion--animation two-col\"\n\t\t\t\tdata-limited=\"1\" data-initial-count=\"6\" >\n\t\t\t\t\t\t\t\t\t<details class=\"details\">\n\t\t\t\t\t\t<summary class=\"summary\">\n\t\t\t\t\t\t\t<div>Who is this trek suitable for?\t\t\t<\/div>\n\t\t\t<\/summary>\n\t\t\t<div class=\"content text-part\" >\n\t\t\t\t\t<div class=\"translation-block\"><p>As the difficulty of a trek depends on several factors, we've prepared a <a href=\"#difficulty\">clear overview<\/a> of everything that can influence it.<\/p><p>This trek is accessible to anyone between <strong>16 and 65 years old<\/strong>, with <strong>good physical fitness<\/strong> and <strong>a real taste for adventure<\/strong>. The week is active and requires a good amount of effort, so it's important to be in good health. Keep in mind that the weather can change quickly. Due to significant elevation changes, this trek is not recommended for beginners or those who have never done multi-day hiking.<\/p><p>Please note that people under 18 must be accompanied by an adult, and children are not allowed.<\/p><p><strong>Want to try this hiking adventure but unsure about your level?<\/strong><\/p><p>Ask yourself these questions:<\/p><ul><li>What physical activities do I regularly do, and for how long?<\/li><li>Have I had any recent injuries that could limit my ability to walk?<\/li><li>Can I walk 15 km with a 10 kg backpack, without difficulty, on hilly terrain?<\/li><li>Can I train in the coming months, with a clear goal, to be ready on the big day?<\/li><\/ul><p>If your answers reassure you and give you confidence to embark on the adventure, then this trek is for you. One week after your booking, you'll receive a training plan to help you prepare and fully enjoy the itinerary.<\/p><p><strong>Can I book this trip solo?<\/strong><\/p><p>Yes, of course. You can absolutely go alone. Depending on the departure date, there are often other solo travelers, so you'll have plenty of opportunities to meet fellow hikers along the way if you wish.<\/p><p><strong>Still hesitating and want to test yourself before diving in?<\/strong><\/p><p>Try one of our micro-adventures, like the <a href=\"https:\/\/thevosgestrail.com\/fr\/\">Vosges Trail,<\/a> <a href=\"https:\/\/themullerthaltrail.com\/fr\/\">Mullerthal Trail<\/a>, or the <a href=\"https:\/\/thepackrafttrail.com\/fr\/\">Packraft Trail.<\/a><\/p><\/div>\n\t\t\t\t<\/div>\n\t\t\t<\/details>\n\t\t\t\t\t\t\t<details class=\"details\">\n\t\t\t\t\t\t<summary class=\"summary\">\n\t\t\t\t\t\t\t<div>How is the trek organized and what can I expect?\t\t\t<\/div>\n\t\t\t<\/summary>\n\t\t\t<div class=\"content text-part\" >\n\t\t\t\t\t<div class=\"translation-block\"><p>The Madeira Trail is a <strong>self-guided trek<\/strong>, allowing you to explore <strong>on your own<\/strong>. Basically, you hike <strong>without a guide<\/strong>, at your own pace, while having everything you need for a stress-free week. We take care of all the logistics, so you just need to <strong>walk and enjoy<\/strong>.<\/p><p>Before your departure, you will have access to our <a href=\"https:\/\/madeiratrail.eu\/fr\/app\/\">Travelbase App<\/a>. Here, you\u2019ll find <strong>the routes<\/strong>, <strong>must-see spots<\/strong>, and all the <strong>practical information<\/strong>. Each stage is clearly explained, including <strong>navigation<\/strong>, <strong>tips<\/strong>, and useful info to set off well-prepared, even when the weather changes.<\/p><p><strong>What does your week look like?<\/strong><\/p><ul><li>On the first day, you'll receive a complete briefing from an experienced ranger<\/li><li>Throughout the week, you\u2019ll get a detailed daily briefing via message<\/li><li>You\u2019ll hike independently on our route for 5 days<\/li><li>All your accommodations (hotels and lodges) are booked in advance<\/li><li>If you choose the meal option, everything is organized: you won\u2019t need to plan or carry your food (except for your daily picnic) for the week<\/li><li>If you have any questions or issues, the ranger is available at any time by phone to assist you<\/li><\/ul><\/div>\n\t\t\t\t<\/div>\n\t\t\t<\/details>\n\t\t\t\t\t\t\t<details class=\"details\">\n\t\t\t\t\t\t<summary class=\"summary\">\n\t\t\t\t\t\t\t<div>When is the first day of hiking and when should I arrive?\t\t\t<\/div>\n\t\t\t<\/summary>\n\t\t\t<div class=\"content text-part\" >\n\t\t\t\t\t<div class=\"translation-block\"><p>For the <strong>Madeira Trail<\/strong>, you always start hiking <strong>the day after your arrival<\/strong>.<\/p><p>For example, if you book for the week of <strong>March 29 to April 4<\/strong>, you arrive on <strong>March 29<\/strong> and your first hiking day is on <strong>March 30<\/strong>.<\/p><p>Our departure dates already include <strong>your arrival day and departure day<\/strong>. You don\u2019t need to add extra nights to complete the trek. Of course, if you want to stay a few more days to explore Madeira, you are welcome to do so.<\/p><p>You can also add <strong>an optional hotel night in Funchal<\/strong> for <strong>your first night<\/strong>. In the example above, this is the night of <strong>March 29 to 30<\/strong>.<\/p><p>This extra night can be added to your booking <strong>up to 1 month before departure<\/strong>, subject to availability.<\/p><p><strong>Example: week of March 29 to April 4<\/strong><\/p><p>In the <strong>Travelbase App<\/strong>, you will see this period as the total duration of your stay.<\/p><ul><li><strong>March 29<\/strong>: arrival in Funchal, check in at <strong>Enotel Magnolia<\/strong> (optional night)<\/li><li><strong>March 30<\/strong>: <strong>Fanal \u2192 Raba\u00e7al<\/strong> (shuttle departs at 9 AM in Funchal, in front of Enotel Magnolia)<\/li><li><strong>March 31<\/strong>: <strong>Raba\u00e7al \u2192 Encumeada<\/strong><\/li><li><strong>April 1<\/strong>: <strong>Encumeada \u2192 Pico Ruivo<\/strong><\/li><li><strong>April 2<\/strong>: <strong>Pico Ruivo \u2192 Santana<\/strong><\/li><li><strong>April 3<\/strong>: <strong>Porto da Cruz \u2192 Machico<\/strong><\/li><li><strong>April 4<\/strong>: departure from Machico (about <strong>10 min<\/strong> by taxi to the airport)<\/li><\/ul><\/div>\n\t\t\t\t<\/div>\n\t\t\t<\/details>\n\t\t\t\t\t\t\t<details class=\"details\">\n\t\t\t\t\t\t<summary class=\"summary\">\n\t\t\t\t\t\t\t<div>What do the accommodations look like?\t\t\t<\/div>\n\t\t\t<\/summary>\n\t\t\t<div class=\"content text-part\" >\n\t\t\t\t\t<div class=\"translation-block\"><p>During the <strong>Madeira Trail<\/strong>, you'll stay in comfortable accommodations designed for you to really relax after a day of hiking.<\/p><p>In total, you'll spend:<\/p><ul><li><strong>3 nights in a comfortable hotel<\/strong>, in a <strong>twin or double room<\/strong> (+1 if you choose to take the first night as an option)<\/li><li><strong>1 night in a cozy cottage<\/strong><\/li><li><strong>1 night in a mountain hut<\/strong>, at one of the highest points in Madeira<\/li><\/ul><p>Finding accommodations in Madeira isn\u2019t always easy. Our goal is to place you as close to the trail as possible, in truly natural settings: that\u2019s exactly why we've carefully selected hotels and a hut that are <strong>cozy<\/strong>, <strong>comfortable<\/strong>, and ideally located, with <strong>beautiful views<\/strong> so you can rest well each night and head out the next day with all the energy you need.<\/p><p><strong>Traveling solo?<\/strong><\/p><p>If you sign up alone, you'll share your room with another participant, in <strong>two separate beds<\/strong>. We always do our best to group participants by <strong>gender, although this isn't always possible.<\/strong><\/p><\/div>\n\t\t\t\t<\/div>\n\t\t\t<\/details>\n\t\t\t\t\t\t\t<details class=\"details\">\n\t\t\t\t\t\t<summary class=\"summary\">\n\t\t\t\t\t\t\t<div>Is there signal during the trek?\t\t\t<\/div>\n\t\t\t<\/summary>\n\t\t\t<div class=\"content text-part\" >\n\t\t\t\t\t<div class=\"translation-block\"><p>During the trek, you will <strong>generally have reception<\/strong>, although the strength may vary depending on the location. Sometimes <strong>mobile data<\/strong> can be weaker or even absent in certain areas, but you will most often have <strong>at least a little connection<\/strong> to make <strong>a call<\/strong> if needed.<\/p><p>On the trail, the signal can be weaker in narrow valleys, certain areas of laurel forests, and more remote mountain sections. This is normal: reception can fluctuate from good 4G to a weaker signal, and then return a few minutes later.<\/p><p>In the <strong>accommodations<\/strong>, you will <strong>always have mobile reception<\/strong>, and <strong>wifi<\/strong> is also available to stay easily reachable in the evening.<\/p><p><strong>Practical tips<\/strong><\/p><ul><li>Download the <a href=\"http:\/\/madeiratrail.eu\/fr\/app\">Travelbase app<\/a> in advance, so you can use the map offline<\/li><li>Let your loved ones know that you\u2019ll respond more in the evening, once you arrive at the accommodation<\/li><\/ul><\/div>\n\t\t\t\t<\/div>\n\t\t\t<\/details>\n\t\t\t\t\t\t\t<details class=\"details\">\n\t\t\t\t\t\t<summary class=\"summary\">\n\t\t\t\t\t\t\t<div>What\u2019s included in the base price?\t\t\t<\/div>\n\t\t\t<\/summary>\n\t\t\t<div class=\"content text-part\" >\n\t\t\t\t\t<div class=\"translation-block\"><ul>\n<li>A detailed itinerary and all the organization for your stay<\/li>\n<li>3 nights in a comfortable hotel, in unique locations<\/li>\n<li>1 night in a cozy cottage<\/li>\n<li>1 unique night in a mountain hut<\/li>\n<li>5 breakfasts<\/li>\n<li>The accommodation tax<\/li>\n<li>The shuttle transfer from Funchal to the start of the trek (day 1)<\/li>\n<li>The shuttle transfer from the hotel in Santana to Porto da Cruz (day 5)<\/li>\n<li>Welcome and briefing by an experienced ranger<\/li>\n<li>Goodies from the Madeira Trail<\/li>\n<li>A complete gear list so you don\u2019t forget anything<\/li>\n<li>The Madeira Trail app with all the information you need<\/li>\n<\/ul><\/div>\n\t\t\t\t<\/div>\n\t\t\t<\/details>\n\t\t\t\t\t\t\t<details class=\"details\">\n\t\t\t\t\t\t<summary class=\"summary\">\n\t\t\t\t\t\t\t<div>Can I add or remove an option after making my booking?\t\t\t<\/div>\n\t\t\t<\/summary>\n\t\t\t<div class=\"content text-part\" >\n\t\t\t\t\t<div class=\"translation-block\"><p>In most cases, you can still <strong>add options up to 1 month before departure<\/strong>, subject to <strong>availability<\/strong>. For the extra hotel night, we recommend deciding as early as possible, as spots are limited.<\/p><p>Please note: the <strong>cancellation insurance<\/strong> <strong>cannot be changed or removed<\/strong> once booked.<\/p><p>&nbsp;<\/p><\/div>\n\t\t\t\t<\/div>\n\t\t\t<\/details>\n\t\t\t\t\t\t\t<details class=\"details\">\n\t\t\t\t\t\t<summary class=\"summary\">\n\t\t\t\t\t\t\t<div>What about the tourist tax?\t\t\t<\/div>\n\t\t\t<\/summary>\n\t\t\t<div class=\"content text-part\" >\n\t\t\t\t\t<div class=\"translation-block\"><p>For the Madeira Trail, you don't need to pay a separate tourist tax: it's already included.<\/p><p>However, Madeira requires a <strong>access fee<\/strong> for certain officially marked hiking trails, the <strong>PR<\/strong> paths. For most of these routes, the standard fee is <strong>\u20ac4.50 per person per trail<\/strong>.<\/p><p>Payment and booking are done <strong>online<\/strong> through the official platform <strong>Simplifica<\/strong>: <a href=\"http:\/\/simplifica.madeira.gov.pt\/\">simplifica.madeira.gov.pt<\/a>. After booking, you'll receive a <strong>personal confirmation<\/strong> which you may be asked to present during checks on the trail.<\/p><p>Each participant must book their access in advance. During peak season, we recommend doing this <strong>at least a week before departure<\/strong> to ensure you have a spot. No worries: we\u2019ll send you very clear instructions on <strong>which trails to book<\/strong> and <strong>on what dates<\/strong>, so everything will be simple and hassle-free.<\/p><\/div>\n\t\t\t\t<\/div>\n\t\t\t<\/details>\n\t\t\t\t\t\t\t<details class=\"details\">\n\t\t\t\t\t\t<summary class=\"summary\">\n\t\t\t\t\t\t\t<div>How does the payment work? Do I have to pay everything at once?\t\t\t<\/div>\n\t\t\t<\/summary>\n\t\t\t<div class=\"content text-part\" >\n\t\t\t\t\t<div class=\"translation-block\"><p>Payment is made in two installments.<\/p><p>First, you have <strong>5 days after your registration<\/strong> to confirm your booking by paying a <strong>30% deposit<\/strong>. If this deposit is not paid within this timeframe, your booking will be <strong>automatically canceled<\/strong>.<\/p><p>The <strong>remaining balance<\/strong> must be paid <strong>no later than 60 days before departure<\/strong>.<\/p><p>You can find all payment details in your online profile. Each deadline has its own instructions: so be sure to use the <strong>correct communication<\/strong> and the <strong>right bank details<\/strong> to avoid any transfers being rejected or returned.<\/p><\/div>\n\t\t\t\t<\/div>\n\t\t\t<\/details>\n\t\t\t\t\t\t\t<details class=\"details\">\n\t\t\t\t\t\t<summary class=\"summary\">\n\t\t\t\t\t\t\t<div>Do I have to carry my backpack all week?\t\t\t<\/div>\n\t\t\t<\/summary>\n\t\t\t<div class=\"content text-part\" >\n\t\t\t\t\t<div class=\"translation-block\"><p>It depends on the option you choose.<\/p><p>If you do <strong>not<\/strong> choose the luggage transport option, then yes: you will carry your backpack <strong>for all 5 days<\/strong> of hiking.<\/p><p>If you choose the <strong>luggage transport<\/strong> option (available for the <strong>last 3 days<\/strong>), you will only carry your bag for the <strong>first 2 days<\/strong>. After that, your belongings will be transported from one accommodation to the next, allowing you to hike with a lighter bag.<\/p><p>In any case, we recommend traveling as light as possible. To pack only the essentials, rely on our gear list: it's specifically designed for this trek and helps you make the right choices.<\/p><\/div>\n\t\t\t\t<\/div>\n\t\t\t<\/details>\n\t\t\t\t\t\t\t<details class=\"details\">\n\t\t\t\t\t\t<summary class=\"summary\">\n\t\t\t\t\t\t\t<div>How many kilometers do I have to walk?\t\t\t<\/div>\n\t\t\t<\/summary>\n\t\t\t<div class=\"content text-part\" >\n\t\t\t\t\t<div class=\"translation-block\"><p>Throughout the week, you'll cover a total of about <strong>85 km<\/strong>, with daily stages ranging from 12 to 22 km. The days are well distributed and balanced to ensure a good mix between the number of kilometers traveled and the elevation gained.<\/p><\/div>\n\t\t\t\t<\/div>\n\t\t\t<\/details>\n\t\t\t\t\t\t\t<details class=\"details\">\n\t\t\t\t\t\t<summary class=\"summary\">\n\t\t\t\t\t\t\t<div>Was muss ich f\u00fcr diese Wanderung mitbringen?\t\t\t<\/div>\n\t\t\t<\/summary>\n\t\t\t<div class=\"content text-part\" >\n\t\t\t\t\t<div class=\"translation-block\"><p><strong>ID<\/strong><\/p><p>Madeira is part of Portugal, so you don't need a passport. A valid national ID card is sufficient.<\/p><p><strong>Hiking Gear<\/strong><\/p><p>Good hiking shoes are a must in Madeira. Choose a pair that you are comfortable walking in for several long days in a row. We highly recommend shoes in the <strong>A\/B to B\/C<\/strong> category, with good ankle support, as some sections can be steep, rocky, and uneven.<\/p><p>Before your departure, we will also send you a detailed gear list, so you know exactly what to bring.<\/p><\/div>\n\t\t\t\t<\/div>\n\t\t\t<\/details>\n\t\t\t\t\t\t\t<details class=\"details\">\n\t\t\t\t\t\t<summary class=\"summary\">\n\t\t\t\t\t\t\t<div>Can I leave extra luggage somewhere during the hike?\t\t\t<\/div>\n\t\t\t<\/summary>\n\t\t\t<div class=\"content text-part\" >\n\t\t\t\t\t<div class=\"translation-block\"><p>Yes. If you extend your trip and want to travel with some extra items, you can definitely store your luggage safely during the hike.<\/p><p>A convenient option is the <strong>airport luggage storage<\/strong> (about <strong>\u20ac4.50 per day<\/strong>): <a href=\"https:\/\/www.madeiraairport.pt\/en\/fnc\/services-shopping\/essential-services\/left-luggage\">https:\/\/www.madeiraairport.pt\/en\/fnc\/services-shopping\/essential-services\/left-luggage<\/a><\/p><p>You can also use a storage platform like <strong>LuggageHero<\/strong> to find a nearby drop-off point and temporarily leave your bag there: <a href=\"https:\/\/luggagehero.com\/\">https:\/\/luggagehero.com\/<\/a>.<\/p><\/div>\n\t\t\t\t<\/div>\n\t\t\t<\/details>\n\t\t\t\t\t\t\t<details class=\"details\">\n\t\t\t\t\t\t<summary class=\"summary\">\n\t\t\t\t\t\t\t<div>Can I meet the other participants before the departure?\t\t\t<\/div>\n\t\t\t<\/summary>\n\t\t\t<div class=\"content text-part\" >\n\t\t\t\t\t<div class=\"translation-block\"><p>Yes. About two weeks before departure, you will have access to the discussion group for your week in the Travelbase app, under the \"Messages\" tab. The ranger will share all the important practical information there, and you'll be able to get to know the other participants and even make some plans for the trek.<\/p><\/div>\n\t\t\t\t<\/div>\n\t\t\t<\/details>\n\t\t\t\t\t\t\t<details class=\"details\">\n\t\t\t\t\t\t<summary class=\"summary\">\n\t\t\t\t\t\t\t<div>What is the size of the group?\t\t\t<\/div>\n\t\t\t<\/summary>\n\t\t\t<div class=\"content text-part\" >\n\t\t\t\t\t<div class=\"translation-block\"><p>Since this is a self-guided trek, you won't be hiking in a single fixed group with a guide. You walk at your own pace, following the itinerary and route information.<\/p>\n<p>That said, if you feel like hiking with other participants, that's totally possible. Whether you end up with other hikers or not mainly depends on your preferences and the group of your week.<\/p>\n<p>There are a maximum of <strong>10 participants per departure date<\/strong>.<\/p><\/div>\n\t\t\t\t<\/div>\n\t\t\t<\/details>\n\t\t\t\t\t\t\t<details class=\"details\">\n\t\t\t\t\t\t<summary class=\"summary\">\n\t\t\t\t\t\t\t<div>Can I skip a day of hiking or leave the trek early if needed?\t\t\t<\/div>\n\t\t\t<\/summary>\n\t\t\t<div class=\"content text-part\" >\n\t\t\t\t\t<div class=\"translation-block\"><p>The trek is designed to be completed in its entirety: it's not meant for skipping a stage. The idea is that you can complete the full route. With good overall fitness and proper preparation, it\u2019s definitely feasible. Shortly after your booking, you will receive a training plan to help you progress step by step.<\/p><p>Keep in mind that in the mountains, it\u2019s often quicker to continue on foot than to try to \"cut\" around the terrain by car. Skipping a section isn't always as simple as it seems. That's why we really recommend being well prepared: the more fit you are, the more enjoyable and comfortable the experience will be.<\/p><p>If you need to stop along the way due to an injury or health issue, the ranger will always help you find a safe and realistic solution. Please note: some areas of Madeira are not easily accessible by car, so organizing a taxi or vehicle assistance isn't always possible. In such cases, you may need to walk to the nearest road to be picked up. And if you can\u2019t move forward at all, you will need to call for rescue.<\/p><\/div>\n\t\t\t\t<\/div>\n\t\t\t<\/details>\n\t\t\t\t\t\t\t<details class=\"details\">\n\t\t\t\t\t\t<summary class=\"summary\">\n\t\t\t\t\t\t\t<div>What is the climate like in Madeira?\t\t\t<\/div>\n\t\t\t<\/summary>\n\t\t\t<div class=\"content text-part\" >\n\t\t\t\t\t<div class=\"translation-block\"><p>Madeira enjoys a mild climate all year round. On the south coast, you can often expect sunshine, with temperatures generally around <strong>17\u00b0C in winter<\/strong> and rising up to <strong>26\u00b0C in summer<\/strong>. The sea remains pleasant too, with water temperatures between <strong>18\u00b0C and 24\u00b0C<\/strong> most of the time.<\/p>\n<p>In the mountains, conditions can change rapidly. It can be noticeably cooler, windier, sometimes foggy, and nights are definitely colder than on the coast. That\u2019s why we highly recommend bringing a <strong>fleece<\/strong>, a <strong>technical rain jacket<\/strong>, and <strong>rain pants<\/strong>.<\/p>\n<p>Madeira is also known for its <strong>microclimates<\/strong>. On the same day, you can go from a bright blue sky by the ocean to mist or rain in the higher altitudes.<\/p>\n<p>In short, expect a real mix: bright sunshine followed by thick clouds a few hours later. If you're well-equipped, you'll be able to enjoy all the different aspects of the island. Shortly after your booking, we\u2019ll send you a detailed gear list so you don\u2019t forget anything.<\/p><\/div>\n\t\t\t\t<\/div>\n\t\t\t<\/details>\n\t\t\t\t\t\t\t<details class=\"details\">\n\t\t\t\t\t\t<summary class=\"summary\">\n\t\t\t\t\t\t\t<div>Is this hike suitable for people with fear of heights?\t\t\t<\/div>\n\t\t\t<\/summary>\n\t\t\t<div class=\"content text-part\" >\n\t\t\t\t\t<div class=\"translation-block\"><p>We do not recommend this hike if you suffer from <strong>severe vertigo<\/strong>. In Madeira, many trails run along steep slopes and may include <strong>narrow passages, sometimes close to the void<\/strong>.<\/p><p>If you\u2019re traveling solo and exposure to heights makes you uncomfortable, we strongly advise against participating, for your <strong>safety<\/strong> and <strong>comfort<\/strong>. If your vertigo is mild and manageable, and you feel more at ease hiking with a friend, it might be doable.<\/p><p>Note: we cannot be held responsible if your fear of heights prevents you from continuing the hike.<\/p><\/div>\n\t\t\t\t<\/div>\n\t\t\t<\/details>\n\t\t\t\t\t\t\t<details class=\"details\">\n\t\t\t\t\t\t<summary class=\"summary\">\n\t\t\t\t\t\t\t<div>Can I bring my dog with me?\t\t\t<\/div>\n\t\t\t<\/summary>\n\t\t\t<div class=\"content text-part\" >\n\t\t\t\t\t<div class=\"translation-block\"><p>Unfortunately not. For safety reasons, dogs are not allowed on this hike. The Madeira Trail has steep sections, a lot of elevation change, and sometimes technical terrain, making it unsuitable for a dog.<\/p><\/div>\n\t\t\t\t<\/div>\n\t\t\t<\/details>\n\t\t\t\t\t\t\t<details class=\"details\">\n\t\t\t\t\t\t<summary class=\"summary\">\n\t\t\t\t\t\t\t<div>How can I offset the CO2 emissions of my trip?\t\t\t<\/div>\n\t\t\t<\/summary>\n\t\t\t<div class=\"content text-part\" >\n\t\t\t\t\t<div class=\"translation-block\"><p>When you book, you can choose to contribute to a certified climate project by <a href=\"https:\/\/butterfly-foundation.org\/de\/partners\/greentripper\"><strong>Greentripper<\/strong><\/a>. Your contribution supports an initiative made up of <strong>11 local projects in Uganda<\/strong> that distributes more efficient cooking stoves. This significantly reduces fuel consumption, helps protect forests from deforestation, and improves indoor air quality for local families. The project is <strong>Gold Standard certified<\/strong>, which guarantees the highest international standards for climate projects.<\/p><p>If you decide to contribute, Travelbase will also offset additional local emissions on site. After your trip, you\u2019ll receive an official <strong>carbon credit certificate<\/strong>.<\/p><p>Want to learn more about our initiatives for more sustainable travel? Find out more on <a href=\"https:\/\/travelbase.world\/sustainable-travel\/\">Travelbase<\/a>.<\/p><\/div>\n\t\t\t\t<\/div>\n\t\t\t<\/details>\n\t\t\t<\/div>\n\t\t\t<div class=\"faq-loadmore-wrap\">\n\t\t\t<button type=\"button\" class=\"faq-loadmore\" data-state=\"closed\" aria-expanded=\"false\">\n\t\t\t\t<span class=\"faq-loadmore__label-more\">Load more FAQs<\/span>\n\t\t\t\t<span class=\"faq-loadmore__label-less\">Load less FAQs<\/span>\n\t\t\t\t<svg class=\"faq-loadmore__icon\" viewbox=\"0 0 12 8\" aria-hidden=\"true\">\n\t\t\t\t\t<path d=\"M1 1.5l5 5 5-5\" fill=\"none\" stroke=\"currentColor\" stroke-width=\"1.6\" stroke-linecap=\"round\" stroke-linejoin=\"round\" \/>\n\t\t\t\t<\/svg>\n\t\t\t<\/button>\n\t\t<\/div>\n\t<\/div>\n\t<div class=\"inner-block tb-fade-in tb-fade-in--subtle\">\n\t\t<div class=\"faq-footer text-part\">\n\t\t\t<h3>Any other questions?<\/h3>\t\t\t\n\t\t\t\t<div class=\"contact-team\">\n\t\t\t\t\t\t\t\t\t\t\t<span style=\"background-image:url('https:\/\/mat.travelblox.eu\/wp-content\/smush-webp\/sites\/68\/2024\/11\/Team-150x150.jpg.webp');\" data-smush-webp-fallback=\"{&quot;bg-image&quot;:&quot;url(&#039;https:\\\/\\\/mat.travelblox.eu\\\/wp-content\\\/uploads\\\/sites\\\/68\\\/2024\\\/11\\\/Team-150x150.jpg&#039;)&quot;}\"><\/span>\n\t\t\t\t\t\t\t\t\t<\/div>\n\t\t\t\t\t\t\t\t\t\t\t\t\t<div class=\"tb-buttons-part\">\n\t\t\t\t\t\t\t\t\t\t\t<a href=\"https:\/\/madeiratrail.eu\/fr\/faq\/\" class=\"tb-button\">\n\t\t\t\t\t\t\tCheck out our FAQ page\t\t\t\t\t\t<\/a>\n\t\t\t\t\t\t\t\t\t\t\t\t\t\t\t\t<a href=\"https:\/\/madeiratrail.eu\/en\/contact\/\" class=\"tb-buttonlink\">\n\t\t\t\t\t\t\tContact us\t\t\t\t\t\t<\/a>\n\t\t\t\t\t\t\t\t\t<\/div>\n\t\t\t\t\t<\/div>\n\t<\/div>\n<\/div>\n\n\n\n\n\n\n<div class=\"tb-quoteparallax tb-block align-center background-dark pattern-none variant-text_on_image\" id=\"quoteparallax\" style=\"background-image: url('https:\/\/travelbase.eu\/frontend_src\/tb20\/dist\/assets\/img\/header-home-2022.jpg');\">\n\t\t<div class=\"inner-block tb-fade-in tb-fade-in--subtle\">\n\t\t\t\t\t<div class=\"text-part\">\n\t\t\t\t<h2>Keep up to date with our trails!<\/h2>\n\t\t\t\t\t<div class=\"translation-block\"><p>Would you like to be kept up to date with the latest news about our trails? Fill in this form so you don\u2019t miss a thing!<\/p><\/div>\n\t\t\t\t\t\t\t\t\t\t<div class=\"tb-buttons-part\">\n\t\t\t\t\t\t\t\t<a href=\"https:\/\/travelbase.typeform.com\/MAT25ENInterest\"  target=\"_blank\" data-mode=\"popup\" data-url=\"https:\/\/travelbase.typeform.com\/MAT25ENInterest\" class=\"tb-button typeform-share\">\n\t\t\tKeep me updated\t\t<\/a>\n\t\t\t\t\t<script>\n\t\t\t\t(function() {\n\t\t\t\t\tvar qs, js, q, s, d = document,\n\t\t\t\t\t\tgi = d.getElementById,\n\t\t\t\t\t\tce = d.createElement,\n\t\t\t\t\t\tgt = d.getElementsByTagName,\n\t\t\t\t\t\tid = \"typef_orm_share\",\n\t\t\t\t\t\tb = \"https:\/\/embed.typeform.com\/\";\n\t\t\t\t\tif (!gi.call(d, id)) {\n\t\t\t\t\t\tjs = ce.call(d, \"script\");\n\t\t\t\t\t\tjs.id = id;\n\t\t\t\t\t\tjs.src = b + \"embed.js\";\n\t\t\t\t\t\tq = gt.call(d, \"script\")[0];\n\t\t\t\t\t\tq.parentNode.insertBefore(js, q);\n\t\t\t\t\t}\n\t\t\t\t})();\n\t\t\t<\/script>\n\t\t\t\t\t\t\t\t\t\t<a href=\"https:\/\/travelbase.world\/traveltheme\/travelbase-trails\/\"  target=\"_blank\" class=\"tb-buttonlink\">\n\t\t\tDiscover Travelbase Trails \u2192\t\t<\/a>\n\t\t\t\t\t\t\t<\/div>\n\t\t\t\t\t\t\t<\/div>\n\t\t\t\t\t<\/div>\n<\/div>\n\n\n\n\n\n\n\n\n\n\n\n\n<div class=\"tb-similartrips tb-block align-center background-light pattern-none variant-none tb-collapsible-margins\" id=\"similartrips\">\n\t\t\t<div class=\"inner-block tb-fade-in tb-fade-in--subtle\">\n\t\t\t<div class=\"text-part\">\n\t\t\t\t\t\t\t\t\t<h2>Discover our other adventures<\/h2>\n\t\t\t\t\t\t\t\t\t\t\t<\/div>\n\t\t<\/div>\n\t\t\t<div class=\"inner-block-full-width has-tb-carousel\" >\n\t\t<div class=\"tb-carousel-container\">\n\t\t\t<div class=\"entries tb-cards\" data-slider-first=\"1\">\n\t\t\t\t\t\t\t\t\t<a href=\"https:\/\/travelbase.world\/trip\/iceland-nomads-roadtrip-iceland\/\"  target=\"_blank\" class=\"tb-card entry\">\n\t\t\t\t<div class=\"tb-image-part\">\n\t\t\t\t\t\t\t\t\t\t\t<img src='https:\/\/mat.travelblox.eu\/wp-content\/smush-webp\/sites\/68\/2025\/02\/Road-trip-in-Iceland.jpg.webp' width='632' height='421' srcset='https:\/\/mat.travelblox.eu\/wp-content\/smush-webp\/sites\/68\/2025\/02\/Road-trip-in-Iceland.jpg.webp 632w, https:\/\/mat.travelblox.eu\/wp-content\/smush-webp\/sites\/68\/2025\/02\/Road-trip-in-Iceland-300x200.jpg.webp 300w, https:\/\/mat.travelblox.eu\/wp-content\/smush-webp\/sites\/68\/2025\/02\/Road-trip-in-Iceland-18x12.jpg.webp 18w' sizes=\"auto, (max-width: 632px) 100vw, 632px\" loading='lazy' decoding='async' data-smush-webp-fallback=\"{&quot;src&quot;:&quot;https:\\\/\\\/mat.travelblox.eu\\\/wp-content\\\/uploads\\\/sites\\\/68\\\/2025\\\/02\\\/Road-trip-in-Iceland.jpg&quot;,&quot;srcset&quot;:&quot;https:\\\/\\\/mat.travelblox.eu\\\/wp-content\\\/uploads\\\/sites\\\/68\\\/2025\\\/02\\\/Road-trip-in-Iceland.jpg 632w, https:\\\/\\\/mat.travelblox.eu\\\/wp-content\\\/uploads\\\/sites\\\/68\\\/2025\\\/02\\\/Road-trip-in-Iceland-300x200.jpg 300w, https:\\\/\\\/mat.travelblox.eu\\\/wp-content\\\/uploads\\\/sites\\\/68\\\/2025\\\/02\\\/Road-trip-in-Iceland-18x12.jpg 18w&quot;}\">\t\t\t\t\t\t\t\t\t\t\t\t\t\t\t\t\t\t\t\t\t<div class=\"tag tiny-body-font\">Road trip<\/div>\t\t\t\t\t\t\t\t\t<\/div>\n\t\t\t\t<div class=\"tb-card-content\">\n\t\t\t\t\t<h4>\n\t\t\t\t\t\t<span>Road trip in Iceland<\/span>\n\t\t\t\t\t\t\t\t\t\t\t<\/h4>\n\t\t\t\t\t\t\t\t\t\t\t<div class=\"line\">\n\t\t\t\t\t\t\t\t\t\t\t\t\t\t\t<span class=\"location tb-text-with-icon icon-first\">\n\t\t\t\t\t\t\t\t\t<i class=\"icon fa fa-map-marker\"><\/i>\n\t\t\t\t\t\t\t\t\t<span>Iceland<\/span>\n\t\t\t\t\t\t\t\t<\/span>\n\t\t\t\t\t\t\t\t\t\t\t\t\t\t\t\t\t\t\t\t\t\t<span class=\"duration tb-text-with-icon icon-first\">\n\t\t\t\t\t\t\t\t\t<i class=\"icon fa fa-clock\"><\/i>\n\t\t\t\t\t\t\t\t\t<span>7 days<\/span>\n\t\t\t\t\t\t\t\t<\/span>\n\t\t\t\t\t\t\t\t\t\t\t\t\t\t\t\t\t\t\t\t<\/div>\n\t\t\t\t\t\t\t\t\t\t\t\t\t\t\t\t\t\t\t<\/div>\n\t\t\t<\/a>\n\t\t\t\t\t<a href=\"http:\/\/dolomititrail.com\"  target=\"_blank\" class=\"tb-card entry\">\n\t\t\t\t<div class=\"tb-image-part\">\n\t\t\t\t\t\t\t\t\t\t\t<img src='https:\/\/travelbase.eu\/frontend_src\/tb20\/dist\/assets\/img\/header-home-2022.jpg' loading='lazy' decoding='async'>\t\t\t\t\t\t\t\t\t\t\t\t\t\t\t\t\t\t\t\t\t<div class=\"tag tiny-body-font\">Trail<\/div>\t\t\t\t\t\t\t\t\t<\/div>\n\t\t\t\t<div class=\"tb-card-content\">\n\t\t\t\t\t<h4>\n\t\t\t\t\t\t<span>Dolomiti Trail<\/span>\n\t\t\t\t\t\t\t\t\t\t\t<\/h4>\n\t\t\t\t\t\t\t\t\t\t\t<div class=\"line\">\n\t\t\t\t\t\t\t\t\t\t\t\t\t\t\t<span class=\"location tb-text-with-icon icon-first\">\n\t\t\t\t\t\t\t\t\t<i class=\"icon fa fa-map-marker\"><\/i>\n\t\t\t\t\t\t\t\t\t<span>Dolomites<\/span>\n\t\t\t\t\t\t\t\t<\/span>\n\t\t\t\t\t\t\t\t\t\t\t\t\t\t\t\t\t\t\t\t\t\t<span class=\"duration tb-text-with-icon icon-first\">\n\t\t\t\t\t\t\t\t\t<i class=\"icon fa fa-clock\"><\/i>\n\t\t\t\t\t\t\t\t\t<span>7 days<\/span>\n\t\t\t\t\t\t\t\t<\/span>\n\t\t\t\t\t\t\t\t\t\t\t\t\t\t\t\t\t\t\t\t<\/div>\n\t\t\t\t\t\t\t\t\t\t\t\t\t\t\t\t\t\t\t<\/div>\n\t\t\t<\/a>\n\t\t\t\t\t<a href=\"https:\/\/travelbase.world\/trip\/canoe-trip-sweden\/\"  target=\"_blank\" class=\"tb-card entry\">\n\t\t\t\t<div class=\"tb-image-part\">\n\t\t\t\t\t\t\t\t\t\t\t<img src='https:\/\/mat.travelblox.eu\/wp-content\/smush-webp\/sites\/68\/2025\/02\/Screenshot-2025-02-03-at-2.47.50\u202fPM.jpg.webp' width='632' height='419' srcset='https:\/\/mat.travelblox.eu\/wp-content\/smush-webp\/sites\/68\/2025\/02\/Screenshot-2025-02-03-at-2.47.50\u202fPM.jpg.webp 632w, https:\/\/mat.travelblox.eu\/wp-content\/smush-webp\/sites\/68\/2025\/02\/Screenshot-2025-02-03-at-2.47.50\u202fPM-300x199.jpg.webp 300w, https:\/\/mat.travelblox.eu\/wp-content\/smush-webp\/sites\/68\/2025\/02\/Screenshot-2025-02-03-at-2.47.50\u202fPM-18x12.jpg.webp 18w' sizes=\"auto, (max-width: 632px) 100vw, 632px\" loading='lazy' decoding='async' data-smush-webp-fallback=\"{&quot;src&quot;:&quot;https:\\\/\\\/mat.travelblox.eu\\\/wp-content\\\/uploads\\\/sites\\\/68\\\/2025\\\/02\\\/Screenshot-2025-02-03-at-2.47.50\\u202fPM.jpg&quot;,&quot;srcset&quot;:&quot;https:\\\/\\\/mat.travelblox.eu\\\/wp-content\\\/uploads\\\/sites\\\/68\\\/2025\\\/02\\\/Screenshot-2025-02-03-at-2.47.50\\u202fPM.jpg 632w, https:\\\/\\\/mat.travelblox.eu\\\/wp-content\\\/uploads\\\/sites\\\/68\\\/2025\\\/02\\\/Screenshot-2025-02-03-at-2.47.50\\u202fPM-300x199.jpg 300w, https:\\\/\\\/mat.travelblox.eu\\\/wp-content\\\/uploads\\\/sites\\\/68\\\/2025\\\/02\\\/Screenshot-2025-02-03-at-2.47.50\\u202fPM-18x12.jpg 18w&quot;}\">\t\t\t\t\t\t\t\t\t\t\t\t\t\t\t\t\t\t\t\t\t<div class=\"tag tiny-body-font\">Canoe trip<\/div>\t\t\t\t\t\t\t\t\t<\/div>\n\t\t\t\t<div class=\"tb-card-content\">\n\t\t\t\t\t<h4>\n\t\t\t\t\t\t<span>Canoe trip in Sweden<\/span>\n\t\t\t\t\t\t\t\t\t\t\t<\/h4>\n\t\t\t\t\t\t\t\t\t\t\t<div class=\"line\">\n\t\t\t\t\t\t\t\t\t\t\t\t\t\t\t<span class=\"location tb-text-with-icon icon-first\">\n\t\t\t\t\t\t\t\t\t<i class=\"icon fa fa-map-marker\"><\/i>\n\t\t\t\t\t\t\t\t\t<span>Sweden<\/span>\n\t\t\t\t\t\t\t\t<\/span>\n\t\t\t\t\t\t\t\t\t\t\t\t\t\t\t\t\t\t\t\t\t\t<span class=\"duration tb-text-with-icon icon-first\">\n\t\t\t\t\t\t\t\t\t<i class=\"icon fa fa-clock\"><\/i>\n\t\t\t\t\t\t\t\t\t<span>7 days<\/span>\n\t\t\t\t\t\t\t\t<\/span>\n\t\t\t\t\t\t\t\t\t\t\t\t\t\t\t\t\t\t\t\t<\/div>\n\t\t\t\t\t\t\t\t\t\t\t\t\t\t\t\t\t\t\t<\/div>\n\t\t\t<\/a>\n\t\t\t\t\t<a href=\"https:\/\/travelbase.world\/trip\/south-africa-nomads\/\"  target=\"_blank\" class=\"tb-card entry\">\n\t\t\t\t<div class=\"tb-image-part\">\n\t\t\t\t\t\t\t\t\t\t\t<img src='https:\/\/mat.travelblox.eu\/wp-content\/smush-webp\/sites\/68\/2025\/02\/Road-trip-in-South-Africa.jpg.webp' width='623' height='412' srcset='https:\/\/mat.travelblox.eu\/wp-content\/smush-webp\/sites\/68\/2025\/02\/Road-trip-in-South-Africa.jpg.webp 623w, https:\/\/mat.travelblox.eu\/wp-content\/smush-webp\/sites\/68\/2025\/02\/Road-trip-in-South-Africa-300x198.jpg.webp 300w, https:\/\/mat.travelblox.eu\/wp-content\/smush-webp\/sites\/68\/2025\/02\/Road-trip-in-South-Africa-18x12.jpg.webp 18w' sizes=\"auto, (max-width: 623px) 100vw, 623px\" loading='lazy' decoding='async' data-smush-webp-fallback=\"{&quot;src&quot;:&quot;https:\\\/\\\/mat.travelblox.eu\\\/wp-content\\\/uploads\\\/sites\\\/68\\\/2025\\\/02\\\/Road-trip-in-South-Africa.jpg&quot;,&quot;srcset&quot;:&quot;https:\\\/\\\/mat.travelblox.eu\\\/wp-content\\\/uploads\\\/sites\\\/68\\\/2025\\\/02\\\/Road-trip-in-South-Africa.jpg 623w, https:\\\/\\\/mat.travelblox.eu\\\/wp-content\\\/uploads\\\/sites\\\/68\\\/2025\\\/02\\\/Road-trip-in-South-Africa-300x198.jpg 300w, https:\\\/\\\/mat.travelblox.eu\\\/wp-content\\\/uploads\\\/sites\\\/68\\\/2025\\\/02\\\/Road-trip-in-South-Africa-18x12.jpg 18w&quot;}\">\t\t\t\t\t\t\t\t\t\t\t\t\t\t\t\t\t\t\t\t\t<div class=\"tag tiny-body-font\">Road trip<\/div>\t\t\t\t\t\t\t\t\t<\/div>\n\t\t\t\t<div class=\"tb-card-content\">\n\t\t\t\t\t<h4>\n\t\t\t\t\t\t<span>South Africa road trip<\/span>\n\t\t\t\t\t\t\t\t\t\t\t<\/h4>\n\t\t\t\t\t\t\t\t\t\t\t<div class=\"line\">\n\t\t\t\t\t\t\t\t\t\t\t\t\t\t\t<span class=\"location tb-text-with-icon icon-first\">\n\t\t\t\t\t\t\t\t\t<i class=\"icon fa fa-map-marker\"><\/i>\n\t\t\t\t\t\t\t\t\t<span>South Africa<\/span>\n\t\t\t\t\t\t\t\t<\/span>\n\t\t\t\t\t\t\t\t\t\t\t\t\t\t\t\t\t\t\t\t\t\t<span class=\"duration tb-text-with-icon icon-first\">\n\t\t\t\t\t\t\t\t\t<i class=\"icon fa fa-clock\"><\/i>\n\t\t\t\t\t\t\t\t\t<span>13 days<\/span>\n\t\t\t\t\t\t\t\t<\/span>\n\t\t\t\t\t\t\t\t\t\t\t\t\t\t\t\t\t\t\t\t<\/div>\n\t\t\t\t\t\t\t\t\t\t\t\t\t\t\t\t\t\t\t<\/div>\n\t\t\t<\/a>\n\t\t\t\t\t<\/div>\n\t\t\t\t<div class=\"tb-carousel-nav\">\n\t\t<div class=\"dots\">\n\t\t\t<div class=\"dot active\"><\/div>\n\t\t\t<div class=\"dot\"><\/div>\n\t\t\t<div class=\"dot\"><\/div>\n\t\t<\/div>\n\t\t<div class=\"arrows\">\n\t\t\t<div class=\"prev disabled\">\n\t\t\t\t<span><i class=\"fa fa-chevron-left\"><\/i><\/span>\n\t\t\t<\/div>\n\t\t\t<div class=\"next\">\n\t\t\t\t<span><i class=\"fa fa-chevron-right\"><\/i><\/span>\n\t\t\t<\/div>\n\t\t<\/div>\n\t<\/div>\n\t\t\t<\/div>\n\t<\/div>\n\t\t\t<\/div>","protected":false},"excerpt":{"rendered":"","protected":false},"author":42,"featured_media":2038,"parent":0,"menu_order":0,"comment_status":"closed","ping_status":"closed","template":"","meta":{"_acf_changed":false,"inline_featured_image":false,"footnotes":""},"class_list":["post-2480","page","type-page","status-publish","has-post-thumbnail","hentry"],"acf":{"page_package_ids":"MAT-MAT","is_main_package_page":true,"additional_linked_packages":[],"feed_page_to_atlas":true},"_links":{"self":[{"href":"https:\/\/mat.travelblox.eu\/en\/wp-json\/wp\/v2\/pages\/2480","targetHints":{"allow":["GET"]}}],"collection":[{"href":"https:\/\/mat.travelblox.eu\/en\/wp-json\/wp\/v2\/pages"}],"about":[{"href":"https:\/\/mat.travelblox.eu\/en\/wp-json\/wp\/v2\/types\/page"}],"author":[{"embeddable":true,"href":"https:\/\/mat.travelblox.eu\/en\/wp-json\/wp\/v2\/users\/42"}],"replies":[{"embeddable":true,"href":"https:\/\/mat.travelblox.eu\/en\/wp-json\/wp\/v2\/comments?post=2480"}],"version-history":[{"count":49,"href":"https:\/\/mat.travelblox.eu\/en\/wp-json\/wp\/v2\/pages\/2480\/revisions"}],"predecessor-version":[{"id":2788,"href":"https:\/\/mat.travelblox.eu\/en\/wp-json\/wp\/v2\/pages\/2480\/revisions\/2788"}],"wp:attachment":[{"href":"https:\/\/mat.travelblox.eu\/en\/wp-json\/wp\/v2\/media?parent=2480"}],"curies":[{"name":"wp","href":"https:\/\/api.w.org\/{rel}","templated":true}]}}