{"id":2637,"date":"2026-08-14T11:44:32","date_gmt":"2026-08-14T09:44:32","guid":{"rendered":"https:\/\/mat.travelblox.eu\/?page_id=2637"},"modified":"2026-08-27T12:30:08","modified_gmt":"2026-08-27T10:30:08","slug":"prereg-madeira-trail-spring-2027","status":"publish","type":"page","link":"https:\/\/mat.travelblox.eu\/nl\/prereg-madeira-trail-spring-2027\/","title":{"rendered":"Prereg Madeira Trail lente 2027"},"content":{"rendered":"<div class=\"tb-header tb-block align-center background-dark pattern-none variant-none\" id=\"header\" data-fallback-background=\"https:\/\/vz-2d98b19f-729.b-cdn.net\/4af4ac82-338c-449e-bc04-7b80a2e10e7d\/thumbnail_1a39e6db.jpg\" style=\"background-image: linear-gradient(rgba(0, 0, 0, 0.4), rgba(0, 0, 0, 0.4)), url('https:\/\/vz-2d98b19f-729.b-cdn.net\/4af4ac82-338c-449e-bc04-7b80a2e10e7d\/thumbnail_1a39e6db.jpg'); background-position:center;\">\n        \n    <div class=\"tb-header-foreground\">\n        <div class=\"inner-block\">\n\n            <div class=\"main-part\">\n                <div class=\"text-part\">\n                                                                                            <h1>\t<span class=\"tb-logo\"  style=\"-webkit-mask-image: url(https:\/\/mat.travelblox.eu\/wp-content\/uploads\/sites\/68\/2023\/10\/roundWhite.svg); mask-image: url(https:\/\/mat.travelblox.eu\/wp-content\/uploads\/sites\/68\/2023\/10\/roundWhite.svg)\">\n\t\t<img src='https:\/\/mat.travelblox.eu\/wp-content\/uploads\/sites\/68\/2023\/10\/roundWhite.svg' width='1024' height='1024' alt='Madeira Trail logo' title='The Madeira Trail' loading='lazy'>\n\t<\/span>\n<\/h1>\n                                                                                        <h2 class=\"tb-subtitle\">\t<div class=\"translation-block\"><p>DOORKRUIS HET PRACHTIGE EILAND MADEIRA<\/p><\/div>\n\t<\/h2>\n                                                                                                        <div class=\"tb-buttons-part\">\n                                                            \t\t<a href=\"https:\/\/travelbase.typeform.com\/mat27s-nlprereg\"  target=\"_blank\" data-mode=\"popup\" data-url=\"https:\/\/travelbase.pro.typeform.com\/MAT27SPreregFR\" class=\"tb-button typeform-share\">\n\t\t\tPreregistreer | voorjaar 2027\t\t<\/a>\n\t\t\t\t\t<script>\n\t\t\t\t(function() {\n\t\t\t\t\tvar qs, js, q, s, d = document,\n\t\t\t\t\t\tgi = d.getElementById,\n\t\t\t\t\t\tce = d.createElement,\n\t\t\t\t\t\tgt = d.getElementsByTagName,\n\t\t\t\t\t\tid = \"typef_orm_share\",\n\t\t\t\t\t\tb = \"https:\/\/embed.typeform.com\/\";\n\t\t\t\t\tif (!gi.call(d, id)) {\n\t\t\t\t\t\tjs = ce.call(d, \"script\");\n\t\t\t\t\t\tjs.id = id;\n\t\t\t\t\t\tjs.src = b + \"embed.js\";\n\t\t\t\t\t\tq = gt.call(d, \"script\")[0];\n\t\t\t\t\t\tq.parentNode.insertBefore(js, q);\n\t\t\t\t\t}\n\t\t\t\t})();\n\t\t\t<\/script>\n\t\t                                                                                <\/div>\n                                                                <div class=\"average-reviews-wrapper\" data-reviews-redirect-url=\"\" data-embed-social-id=\"561604370f824e1313ef1353e1c3b7f8194b11d6\"><\/div>\n                                    <\/div>\n            <\/div>\n\n                    <\/div>\n    <\/div>\n\n    \t<a href=\"#\" class=\"scroll-down-button\">\n\t\t<i class=\"fa fa-arrow-down\"><\/i>\n\t<\/a>\n\t\n                        <div class=\"tb-header-background tb-header-background--has-iframe\">\n                        <iframe src=\"https:\/\/iframe.mediadelivery.net\/embed\/306445\/4af4ac82-338c-449e-bc04-7b80a2e10e7d?autoplay=true&#038;preload=true&#038;loop=true&#038;responsive=true&#038;muted=true\" allow=\"accelerometer;gyroscope;encrypted-media;picture-in-picture;autoplay;muted;\" allowfullscreen=\"true\" style=\"border: none;\" loading=\"lazy\"><\/iframe>                    <\/div>\n                \n    \n<\/div>\n\n\n\t<div class=\"tb-topbar tb-block align-center background-dark pattern-none variant-none\" id=\"topbar\" data-subnav=\"false\">\n\t\t<div class=\"inner-block\">\n\t\t\t<div class=\"text-part\">\n\t\t\t\t\t\t\t\t\t\t\t\t\t\t\t\t\t\t<div class=\"translation-block\"><p>Het aanbod voor 2027 komt online op 2 september.<\/p><p>Inschrijvingen openen op 16 september om 16 uur (als je bent gepreregistreerd).<\/p><\/div>\n\t\t\t\t<\/div>\n\n\t\t\t\n\t\t\t\t<div class=\"tb-countdown__container\" data-countdown-date=\"02\/09\/2026 4:00 pm\">\n\n\t\t\t\t\t<div class=\"tb-countdown__block\" data-countdown-name=\"days\">\n\t\t\t\t\t\t<div class=\"tb-countdown__numbers\"><\/div>\n\t\t\t\t\t\t<div class=\"tb-countdown__text\">dagen<\/div>\n\t\t\t\t\t<\/div>\n\n\t\t\t\t\t<div class=\"tb-countdown__block\" data-countdown-name=\"hours\">\n\t\t\t\t\t\t<div class=\"tb-countdown__numbers\"><\/div>\n\t\t\t\t\t\t<div class=\"tb-countdown__text\">uren<\/div>\n\t\t\t\t\t<\/div>\n\n\t\t\t\t\t<div class=\"tb-countdown__block\" data-countdown-name=\"minutes\">\n\t\t\t\t\t\t<div class=\"tb-countdown__numbers\"><\/div>\n\t\t\t\t\t\t<div class=\"tb-countdown__text\">min<\/div>\n\t\t\t\t\t<\/div>\n\n\t\t\t\t\t<div class=\"tb-countdown__block\" data-countdown-name=\"seconds\">\n\t\t\t\t\t\t<div class=\"tb-countdown__numbers\"><\/div>\n\t\t\t\t\t\t<div class=\"tb-countdown__text\">sec<\/div>\n\t\t\t\t\t<\/div>\n\n\t\t\t\t<\/div>\n\n\t\t\t\n\t\t\t\t\t<\/div>\n\t<\/div>\n\t\n\n\n\n\n<div class=\"tb-intro tb-block align-none background-middle pattern-none variant-none tb-collapsible-margins\" id=\"intro\">\n    <div class=\"inner-block tb-fade-in tb-fade-in--subtle\">\n\n        \n\n        <div class=\"text-part content-part\">\n            <div class=\"title-meta-inclusive\">\n                <div class=\"title-and-meta\">\n                                            <div class=\"title-part\">\n                                                            <h3>Zin in een avontuurlijke hike in Madeira?<\/h3>\n                                                                                                                            <h4>\t<div class=\"translation-block\">The Madeira Trail<\/div>\n\t<\/h4>\n                                                                                    <\/div>\n                                        <ul class=\"meta-data\">\n                                                    <li>\n                                <i class=\"fa fa-regular fa-tag\"><\/i>\n                                <span>Van west naar oost<\/span>\n                            <\/li>\n                                                                            <li>\n                                <i class=\"fa fa-regular fa-calendar\"><\/i>\n                                <span><p>Voorjaar 2027<\/p>\n<\/span>\n                            <\/li>\n                                            <\/ul>\n                <\/div>\n                                    <div class=\"inclusive\">\n                                                    <h6>Highlights: <\/h6>\n                                                <ul class=\"\">\n                                                            <li class=\"visible\">\n                                                                            \t\t\t\t<i class=\"icon fa-solid fa-person-hiking fa-fw\" aria-hidden=\"true\"><\/i>\n\t\t\t                                                                                                                <span>Traverseer het eiland van west naar oost<\/span>\n                                                                    <\/li>\n                                                            <li class=\"visible\">\n                                                                            \t\t\t\t<i class=\"icon fa-kit fa-house-mountain fa-fw\" aria-hidden=\"true\"><\/i>\n\t\t\t                                                                                                                <span>Overnacht in hotels en hutten op unieke locaties<\/span>\n                                                                    <\/li>\n                                                            <li class=\"visible\">\n                                                                            \t\t\t\t<i class=\"icon fa-solid fa-mountain-sun fa-fw\" aria-hidden=\"true\"><\/i>\n\t\t\t                                                                                                                <span>Ontdek het hoogtepunt van het eiland: Pico Ruivo<\/span>\n                                                                    <\/li>\n                                                            <li class=\"visible\">\n                                                                            \t\t\t\t<i class=\"icon fa-solid fa-leaf fa-fw\" aria-hidden=\"true\"><\/i>\n\t\t\t                                                                                                                <span>Wandel langs prachtige diverse landschappen<\/span>\n                                                                    <\/li>\n                                                            <li class=\"visible\">\n                                                                            \t\t\t\t<i class=\"icon fa-solid fa-sparkles fa-fw\" aria-hidden=\"true\"><\/i>\n\t\t\t                                                                                                                <span> Wij regelen alles, jij wandelt en geniet<\/span>\n                                                                    <\/li>\n                                                    <\/ul>\n                                            <\/div>\n                            <\/div>\n\n                            <div class=\"tb-buttons desktop-only\">\n                                            <a href=\"https:\/\/travelbase.typeform.com\/mat27s-nlprereg\" class=\"tb-button\">\n                                                            Preregistreer | voorjaar 2027                                                    <\/a>\n                                                        <\/div>\n                    <\/div>\n                                    <div class=\"image-part\">\n                    <img src='https:\/\/mat.travelblox.eu\/wp-content\/uploads\/sites\/68\/2025\/01\/MAT-TravelbloxFR.svg' width='768' height='1' style='object-position:50% 50%' loading='lazy' decoding='async'>                <\/div>\n                                        <div class=\"tb-buttons mobile-only\">\n                                    <a href=\"https:\/\/travelbase.typeform.com\/mat27s-nlprereg\" class=\"tb-button\">\n                                                    Preregistreer | voorjaar 2027                                            <\/a>\n                                            <\/div>\n            <\/div>\n<\/div>\n\n\n\n\n<div class=\"tb-sustainability tb-block align-none background-light pattern-none variant-none tb-collapsible-margins\" id=\"sustainability\">\n\t<div class=\"inner-block tb-fade-in tb-fade-in--subtle\">\n\t\t<h2>Waarom preregistreren? <\/h2>\n\t\t\t\t\t<div class=\"tb-sust__text\">\t<div class=\"translation-block\"><p>Het is gratis, duurt maar 30 seconden en geeft je 3 grote voordelen:<\/p><\/div>\n\t<\/div>\n\t\t\n\t<\/div>\n\n\t\t<div class=\"inner-block-full-width has-tb-carousel\" >\n\t\t<div class=\"tb-carousel-container\">\n\t\t\t<div class=\"entries tb-cards\" data-slider-first=\"1\">\n\t\t\t\t\t\t\t<div class=\"entry\">\n\t\t\t\t\t\t\t\t<i class=\"icon fa-solid fa-bolt-lightning fa-fw\" aria-hidden=\"true\"><\/i>\n\t\t\t\t\t\t\t<div class=\"wysiwyg\"><p><strong>Voorsprong op het grote publiek<\/strong><\/p>\n<p>Reserveer je plek 24 uur v\u00f3\u00f3r de offici\u00eble opening van de boekingen. Handig, want de populairste data zijn als eerste vol\u2026<\/p>\n<\/div>\n\t\t\t<\/div>\n\t\t\t\t\t<div class=\"entry\">\n\t\t\t\t\t\t\t\t<i class=\"icon fa-solid fa-euro-sign fa-fw\" aria-hidden=\"true\"><\/i>\n\t\t\t\t\t\t\t<div class=\"wysiwyg\"><p><strong>De allerlaagste prijs<\/strong><\/p>\n<p>Als je vroeg boekt geniet je van de early bird prijs. Dit is de laagste prijs van het hele seizoen.<\/p>\n<\/div>\n\t\t\t<\/div>\n\t\t\t\t\t<div class=\"entry\">\n\t\t\t\t\t\t\t\t<i class=\"icon fa-solid fa-circle-info fa-fw\" aria-hidden=\"true\"><\/i>\n\t\t\t\t\t\t\t<div class=\"wysiwyg\"><p><strong>Altijd als eerste op de hoogte<\/strong><\/p>\n<p>Je ontvangt als eerste alle updates over The Madeira Trail 2027, rechtstreeks in je mailbox.<\/p>\n<\/div>\n\t\t\t<\/div>\n\t\t\t\t\t<\/div>\n\t\t\t\t<div class=\"tb-carousel-nav\">\n\t\t<div class=\"dots\">\n\t\t\t<div class=\"dot active\"><\/div>\n\t\t\t<div class=\"dot\"><\/div>\n\t\t\t<div class=\"dot\"><\/div>\n\t\t<\/div>\n\t\t<div class=\"arrows\">\n\t\t\t<div class=\"prev disabled\">\n\t\t\t\t<span><i class=\"fa fa-chevron-left\"><\/i><\/span>\n\t\t\t<\/div>\n\t\t\t<div class=\"next\">\n\t\t\t\t<span><i class=\"fa fa-chevron-right\"><\/i><\/span>\n\t\t\t<\/div>\n\t\t<\/div>\n\t<\/div>\n\t\t\t<\/div>\n\t<\/div>\n\t\n\t\n\t\t<\/div>\n\n\n\n\n\n\n<div class=\"tb-gallery tb-block align-center background-light pattern-none variant-grid\" id=\"gallery\">\n\t<div class=\"tb-gallery__inner\">\n\t\t<div class=\"desktop tb-has-popup-content\">\n\t\t\t\t\t\t\t<ul class=\"tb-gallery-grid\">\n\t\t\t\t\t\t\t\t\t\t\t\t\t\t\t\t\t\t<li class=\"slide\">\n\t\t\t\t\t\t\t\t<div class=\"tb-popup-trigger\">\n\t\t\t\t\t\t\t\t\t<img src='https:\/\/mat.travelblox.eu\/wp-content\/smush-webp\/sites\/68\/2026\/06\/DSCF3175Amber-Medium.png.webp' width='640' height='427' srcset='https:\/\/mat.travelblox.eu\/wp-content\/smush-webp\/sites\/68\/2026\/06\/DSCF3175Amber-Medium.png.webp 640w, https:\/\/mat.travelblox.eu\/wp-content\/smush-webp\/sites\/68\/2026\/06\/DSCF3175Amber-Medium-300x200.png.webp 300w, https:\/\/mat.travelblox.eu\/wp-content\/smush-webp\/sites\/68\/2026\/06\/DSCF3175Amber-Medium-18x12.png.webp 18w' sizes=\"auto, (max-width: 640px) 100vw, 640px\" style='object-position:50% 50%' loading='lazy' decoding='async' data-smush-webp-fallback=\"{&quot;src&quot;:&quot;https:\\\/\\\/mat.travelblox.eu\\\/wp-content\\\/uploads\\\/sites\\\/68\\\/2026\\\/06\\\/DSCF3175Amber-Medium.png&quot;,&quot;srcset&quot;:&quot;https:\\\/\\\/mat.travelblox.eu\\\/wp-content\\\/uploads\\\/sites\\\/68\\\/2026\\\/06\\\/DSCF3175Amber-Medium.png 640w, https:\\\/\\\/mat.travelblox.eu\\\/wp-content\\\/uploads\\\/sites\\\/68\\\/2026\\\/06\\\/DSCF3175Amber-Medium-300x200.png 300w, https:\\\/\\\/mat.travelblox.eu\\\/wp-content\\\/uploads\\\/sites\\\/68\\\/2026\\\/06\\\/DSCF3175Amber-Medium-18x12.png 18w&quot;}\">\t\t\t\t\t\t\t\t<\/div>\n\t\t\t\t\t\t\t<\/li>\n\t\t\t\t\t\t\t\t\t\t\t\t\t<li class=\"slide\">\n\t\t\t\t\t\t\t\t<div class=\"tb-popup-trigger\">\n\t\t\t\t\t\t\t\t\t<img src='https:\/\/mat.travelblox.eu\/wp-content\/smush-webp\/sites\/68\/2026\/04\/Siliquini-TheMadeiraTrail-240317-6516.jpg.webp' width='1024' height='683' alt='Wandelroutes op Madeira' srcset='https:\/\/mat.travelblox.eu\/wp-content\/smush-webp\/sites\/68\/2026\/04\/Siliquini-TheMadeiraTrail-240317-6516.jpg.webp 1024w, https:\/\/mat.travelblox.eu\/wp-content\/smush-webp\/sites\/68\/2026\/04\/Siliquini-TheMadeiraTrail-240317-6516-300x200.jpg.webp 300w, https:\/\/mat.travelblox.eu\/wp-content\/smush-webp\/sites\/68\/2026\/04\/Siliquini-TheMadeiraTrail-240317-6516-768x512.jpg.webp 768w, https:\/\/mat.travelblox.eu\/wp-content\/smush-webp\/sites\/68\/2026\/04\/Siliquini-TheMadeiraTrail-240317-6516-18x12.jpg.webp 18w' sizes=\"auto, (max-width: 1024px) 100vw, 1024px\" loading='lazy' decoding='async' data-smush-webp-fallback=\"{&quot;src&quot;:&quot;https:\\\/\\\/mat.travelblox.eu\\\/wp-content\\\/uploads\\\/sites\\\/68\\\/2026\\\/04\\\/Siliquini-TheMadeiraTrail-240317-6516.jpg&quot;,&quot;srcset&quot;:&quot;https:\\\/\\\/mat.travelblox.eu\\\/wp-content\\\/uploads\\\/sites\\\/68\\\/2026\\\/04\\\/Siliquini-TheMadeiraTrail-240317-6516.jpg 1024w, https:\\\/\\\/mat.travelblox.eu\\\/wp-content\\\/uploads\\\/sites\\\/68\\\/2026\\\/04\\\/Siliquini-TheMadeiraTrail-240317-6516-300x200.jpg 300w, https:\\\/\\\/mat.travelblox.eu\\\/wp-content\\\/uploads\\\/sites\\\/68\\\/2026\\\/04\\\/Siliquini-TheMadeiraTrail-240317-6516-768x512.jpg 768w, https:\\\/\\\/mat.travelblox.eu\\\/wp-content\\\/uploads\\\/sites\\\/68\\\/2026\\\/04\\\/Siliquini-TheMadeiraTrail-240317-6516-18x12.jpg 18w&quot;}\">\t\t\t\t\t\t\t\t<\/div>\n\t\t\t\t\t\t\t<\/li>\n\t\t\t\t\t\t\t\t\t\t\t\t\t<li class=\"slide\">\n\t\t\t\t\t\t\t\t<div class=\"tb-popup-trigger\">\n\t\t\t\t\t\t\t\t\t<img src='https:\/\/mat.travelblox.eu\/wp-content\/smush-webp\/sites\/68\/2025\/11\/Siliquini-TheMadeiraTrail-240319-9581.jpg.webp' width='1024' height='683' srcset='https:\/\/mat.travelblox.eu\/wp-content\/smush-webp\/sites\/68\/2025\/11\/Siliquini-TheMadeiraTrail-240319-9581.jpg.webp 1024w, https:\/\/mat.travelblox.eu\/wp-content\/smush-webp\/sites\/68\/2025\/11\/Siliquini-TheMadeiraTrail-240319-9581-300x200.jpg.webp 300w, https:\/\/mat.travelblox.eu\/wp-content\/smush-webp\/sites\/68\/2025\/11\/Siliquini-TheMadeiraTrail-240319-9581-768x512.jpg.webp 768w, https:\/\/mat.travelblox.eu\/wp-content\/smush-webp\/sites\/68\/2025\/11\/Siliquini-TheMadeiraTrail-240319-9581-18x12.jpg.webp 18w' sizes=\"auto, (max-width: 1024px) 100vw, 1024px\" loading='lazy' decoding='async' data-smush-webp-fallback=\"{&quot;src&quot;:&quot;https:\\\/\\\/mat.travelblox.eu\\\/wp-content\\\/uploads\\\/sites\\\/68\\\/2025\\\/11\\\/Siliquini-TheMadeiraTrail-240319-9581.jpg&quot;,&quot;srcset&quot;:&quot;https:\\\/\\\/mat.travelblox.eu\\\/wp-content\\\/uploads\\\/sites\\\/68\\\/2025\\\/11\\\/Siliquini-TheMadeiraTrail-240319-9581.jpg 1024w, https:\\\/\\\/mat.travelblox.eu\\\/wp-content\\\/uploads\\\/sites\\\/68\\\/2025\\\/11\\\/Siliquini-TheMadeiraTrail-240319-9581-300x200.jpg 300w, https:\\\/\\\/mat.travelblox.eu\\\/wp-content\\\/uploads\\\/sites\\\/68\\\/2025\\\/11\\\/Siliquini-TheMadeiraTrail-240319-9581-768x512.jpg 768w, https:\\\/\\\/mat.travelblox.eu\\\/wp-content\\\/uploads\\\/sites\\\/68\\\/2025\\\/11\\\/Siliquini-TheMadeiraTrail-240319-9581-18x12.jpg 18w&quot;}\">\t\t\t\t\t\t\t\t<\/div>\n\t\t\t\t\t\t\t<\/li>\n\t\t\t\t\t\t\t\t\t\t\t\t\t<li class=\"slide\">\n\t\t\t\t\t\t\t\t<div class=\"tb-popup-trigger\">\n\t\t\t\t\t\t\t\t\t<img src='https:\/\/mat.travelblox.eu\/wp-content\/smush-webp\/sites\/68\/2026\/04\/Siliquini-TheMadeiraTrail-240321-0939.jpg.webp' width='1024' height='683' alt='Wandelroutes op Madeira' srcset='https:\/\/mat.travelblox.eu\/wp-content\/smush-webp\/sites\/68\/2026\/04\/Siliquini-TheMadeiraTrail-240321-0939.jpg.webp 1024w, https:\/\/mat.travelblox.eu\/wp-content\/smush-webp\/sites\/68\/2026\/04\/Siliquini-TheMadeiraTrail-240321-0939-300x200.jpg.webp 300w, https:\/\/mat.travelblox.eu\/wp-content\/smush-webp\/sites\/68\/2026\/04\/Siliquini-TheMadeiraTrail-240321-0939-768x512.jpg.webp 768w, https:\/\/mat.travelblox.eu\/wp-content\/smush-webp\/sites\/68\/2026\/04\/Siliquini-TheMadeiraTrail-240321-0939-18x12.jpg.webp 18w' sizes=\"auto, (max-width: 1024px) 100vw, 1024px\" loading='lazy' decoding='async' data-smush-webp-fallback=\"{&quot;src&quot;:&quot;https:\\\/\\\/mat.travelblox.eu\\\/wp-content\\\/uploads\\\/sites\\\/68\\\/2026\\\/04\\\/Siliquini-TheMadeiraTrail-240321-0939.jpg&quot;,&quot;srcset&quot;:&quot;https:\\\/\\\/mat.travelblox.eu\\\/wp-content\\\/uploads\\\/sites\\\/68\\\/2026\\\/04\\\/Siliquini-TheMadeiraTrail-240321-0939.jpg 1024w, https:\\\/\\\/mat.travelblox.eu\\\/wp-content\\\/uploads\\\/sites\\\/68\\\/2026\\\/04\\\/Siliquini-TheMadeiraTrail-240321-0939-300x200.jpg 300w, https:\\\/\\\/mat.travelblox.eu\\\/wp-content\\\/uploads\\\/sites\\\/68\\\/2026\\\/04\\\/Siliquini-TheMadeiraTrail-240321-0939-768x512.jpg 768w, https:\\\/\\\/mat.travelblox.eu\\\/wp-content\\\/uploads\\\/sites\\\/68\\\/2026\\\/04\\\/Siliquini-TheMadeiraTrail-240321-0939-18x12.jpg 18w&quot;}\">\t\t\t\t\t\t\t\t<\/div>\n\t\t\t\t\t\t\t<\/li>\n\t\t\t\t\t\t\t\t\t\t\t\t\t<li class=\"slide\">\n\t\t\t\t\t\t\t\t<div class=\"tb-popup-trigger\">\n\t\t\t\t\t\t\t\t\t<img src='https:\/\/mat.travelblox.eu\/wp-content\/smush-webp\/sites\/68\/2026\/07\/80.png.webp' width='540' height='840' srcset='https:\/\/mat.travelblox.eu\/wp-content\/smush-webp\/sites\/68\/2026\/07\/80.png.webp 540w, https:\/\/mat.travelblox.eu\/wp-content\/smush-webp\/sites\/68\/2026\/07\/80-193x300.png.webp 193w, https:\/\/mat.travelblox.eu\/wp-content\/smush-webp\/sites\/68\/2026\/07\/80-8x12.png.webp 8w' sizes=\"auto, (max-width: 540px) 100vw, 540px\" loading='lazy' decoding='async' data-smush-webp-fallback=\"{&quot;src&quot;:&quot;https:\\\/\\\/mat.travelblox.eu\\\/wp-content\\\/uploads\\\/sites\\\/68\\\/2026\\\/07\\\/80.png&quot;,&quot;srcset&quot;:&quot;https:\\\/\\\/mat.travelblox.eu\\\/wp-content\\\/uploads\\\/sites\\\/68\\\/2026\\\/07\\\/80.png 540w, https:\\\/\\\/mat.travelblox.eu\\\/wp-content\\\/uploads\\\/sites\\\/68\\\/2026\\\/07\\\/80-193x300.png 193w, https:\\\/\\\/mat.travelblox.eu\\\/wp-content\\\/uploads\\\/sites\\\/68\\\/2026\\\/07\\\/80-8x12.png 8w&quot;}\">\t\t\t\t\t\t\t\t<\/div>\n\t\t\t\t\t\t\t<\/li>\n\t\t\t\t\t\t\t\t\t\t\t\t\t<li class=\"slide\">\n\t\t\t\t\t\t\t\t<div class=\"tb-popup-trigger\">\n\t\t\t\t\t\t\t\t\t<img src='https:\/\/mat.travelblox.eu\/wp-content\/smush-webp\/sites\/68\/2026\/07\/73.png.webp' width='540' height='840' srcset='https:\/\/mat.travelblox.eu\/wp-content\/smush-webp\/sites\/68\/2026\/07\/73.png.webp 540w, https:\/\/mat.travelblox.eu\/wp-content\/smush-webp\/sites\/68\/2026\/07\/73-193x300.png.webp 193w, https:\/\/mat.travelblox.eu\/wp-content\/smush-webp\/sites\/68\/2026\/07\/73-8x12.png.webp 8w' sizes=\"auto, (max-width: 540px) 100vw, 540px\" loading='lazy' decoding='async' data-smush-webp-fallback=\"{&quot;src&quot;:&quot;https:\\\/\\\/mat.travelblox.eu\\\/wp-content\\\/uploads\\\/sites\\\/68\\\/2026\\\/07\\\/73.png&quot;,&quot;srcset&quot;:&quot;https:\\\/\\\/mat.travelblox.eu\\\/wp-content\\\/uploads\\\/sites\\\/68\\\/2026\\\/07\\\/73.png 540w, https:\\\/\\\/mat.travelblox.eu\\\/wp-content\\\/uploads\\\/sites\\\/68\\\/2026\\\/07\\\/73-193x300.png 193w, https:\\\/\\\/mat.travelblox.eu\\\/wp-content\\\/uploads\\\/sites\\\/68\\\/2026\\\/07\\\/73-8x12.png 8w&quot;}\">\t\t\t\t\t\t\t\t<\/div>\n\t\t\t\t\t\t\t<\/li>\n\t\t\t\t\t\t\t\t\t\t\t\t\t\t\t<\/ul>\n\t\t\t\t\t\t<div class=\"tb-popup tb-popup--open-clicked-image\">\n\t\t\t\t<div class=\"tb-gallery-popup\">\n\t\t\t\t\t<div class=\"tb-image-part\">\n\t\t\t\t\t\t\t\t<div class=\"inner-block-full-width has-tb-carousel tb-carousel-slider\" >\n\t\t<div class=\"tb-carousel-container\">\n\t\t\t<div class=\"entries tb-cards\" data-slider-first=\"2\">\n\t\t\t\t\t\t\t<div class=\"entry\">\n\t\t\t<div class=\"tb-image-part\">\n\t\t\t\t<figure>\n\t\t\t\t\t<img src='https:\/\/mat.travelblox.eu\/wp-content\/smush-webp\/sites\/68\/2026\/06\/DSCF3175Amber-Medium.png.webp' width='640' height='427' srcset='https:\/\/mat.travelblox.eu\/wp-content\/smush-webp\/sites\/68\/2026\/06\/DSCF3175Amber-Medium.png.webp 640w, https:\/\/mat.travelblox.eu\/wp-content\/smush-webp\/sites\/68\/2026\/06\/DSCF3175Amber-Medium-300x200.png.webp 300w, https:\/\/mat.travelblox.eu\/wp-content\/smush-webp\/sites\/68\/2026\/06\/DSCF3175Amber-Medium-18x12.png.webp 18w' sizes=\"auto, (max-width: 640px) 100vw, 640px\" style='object-position:50% 50%' loading='lazy' decoding='async' data-smush-webp-fallback=\"{&quot;src&quot;:&quot;https:\\\/\\\/mat.travelblox.eu\\\/wp-content\\\/uploads\\\/sites\\\/68\\\/2026\\\/06\\\/DSCF3175Amber-Medium.png&quot;,&quot;srcset&quot;:&quot;https:\\\/\\\/mat.travelblox.eu\\\/wp-content\\\/uploads\\\/sites\\\/68\\\/2026\\\/06\\\/DSCF3175Amber-Medium.png 640w, https:\\\/\\\/mat.travelblox.eu\\\/wp-content\\\/uploads\\\/sites\\\/68\\\/2026\\\/06\\\/DSCF3175Amber-Medium-300x200.png 300w, https:\\\/\\\/mat.travelblox.eu\\\/wp-content\\\/uploads\\\/sites\\\/68\\\/2026\\\/06\\\/DSCF3175Amber-Medium-18x12.png 18w&quot;}\">\t\t\t\t\t\t\t\t\t<\/figure>\n\t\t\t<\/div>\n\t\t<\/div>\n\t\t\t<div class=\"entry\">\n\t\t\t<div class=\"tb-image-part\">\n\t\t\t\t<figure>\n\t\t\t\t\t<img src='https:\/\/mat.travelblox.eu\/wp-content\/smush-webp\/sites\/68\/2026\/04\/Siliquini-TheMadeiraTrail-240317-6516.jpg.webp' width='1024' height='683' alt='Wandelroutes op Madeira' srcset='https:\/\/mat.travelblox.eu\/wp-content\/smush-webp\/sites\/68\/2026\/04\/Siliquini-TheMadeiraTrail-240317-6516.jpg.webp 1024w, https:\/\/mat.travelblox.eu\/wp-content\/smush-webp\/sites\/68\/2026\/04\/Siliquini-TheMadeiraTrail-240317-6516-300x200.jpg.webp 300w, https:\/\/mat.travelblox.eu\/wp-content\/smush-webp\/sites\/68\/2026\/04\/Siliquini-TheMadeiraTrail-240317-6516-768x512.jpg.webp 768w, https:\/\/mat.travelblox.eu\/wp-content\/smush-webp\/sites\/68\/2026\/04\/Siliquini-TheMadeiraTrail-240317-6516-18x12.jpg.webp 18w' sizes=\"auto, (max-width: 1024px) 100vw, 1024px\" loading='lazy' decoding='async' data-smush-webp-fallback=\"{&quot;src&quot;:&quot;https:\\\/\\\/mat.travelblox.eu\\\/wp-content\\\/uploads\\\/sites\\\/68\\\/2026\\\/04\\\/Siliquini-TheMadeiraTrail-240317-6516.jpg&quot;,&quot;srcset&quot;:&quot;https:\\\/\\\/mat.travelblox.eu\\\/wp-content\\\/uploads\\\/sites\\\/68\\\/2026\\\/04\\\/Siliquini-TheMadeiraTrail-240317-6516.jpg 1024w, https:\\\/\\\/mat.travelblox.eu\\\/wp-content\\\/uploads\\\/sites\\\/68\\\/2026\\\/04\\\/Siliquini-TheMadeiraTrail-240317-6516-300x200.jpg 300w, https:\\\/\\\/mat.travelblox.eu\\\/wp-content\\\/uploads\\\/sites\\\/68\\\/2026\\\/04\\\/Siliquini-TheMadeiraTrail-240317-6516-768x512.jpg 768w, https:\\\/\\\/mat.travelblox.eu\\\/wp-content\\\/uploads\\\/sites\\\/68\\\/2026\\\/04\\\/Siliquini-TheMadeiraTrail-240317-6516-18x12.jpg 18w&quot;}\">\t\t\t\t\t\t\t\t\t<\/figure>\n\t\t\t<\/div>\n\t\t<\/div>\n\t\t\t<div class=\"entry\">\n\t\t\t<div class=\"tb-image-part\">\n\t\t\t\t<figure>\n\t\t\t\t\t<img src='https:\/\/mat.travelblox.eu\/wp-content\/smush-webp\/sites\/68\/2025\/11\/Siliquini-TheMadeiraTrail-240319-9581.jpg.webp' width='1024' height='683' srcset='https:\/\/mat.travelblox.eu\/wp-content\/smush-webp\/sites\/68\/2025\/11\/Siliquini-TheMadeiraTrail-240319-9581.jpg.webp 1024w, https:\/\/mat.travelblox.eu\/wp-content\/smush-webp\/sites\/68\/2025\/11\/Siliquini-TheMadeiraTrail-240319-9581-300x200.jpg.webp 300w, https:\/\/mat.travelblox.eu\/wp-content\/smush-webp\/sites\/68\/2025\/11\/Siliquini-TheMadeiraTrail-240319-9581-768x512.jpg.webp 768w, https:\/\/mat.travelblox.eu\/wp-content\/smush-webp\/sites\/68\/2025\/11\/Siliquini-TheMadeiraTrail-240319-9581-18x12.jpg.webp 18w' sizes=\"auto, (max-width: 1024px) 100vw, 1024px\" loading='lazy' decoding='async' data-smush-webp-fallback=\"{&quot;src&quot;:&quot;https:\\\/\\\/mat.travelblox.eu\\\/wp-content\\\/uploads\\\/sites\\\/68\\\/2025\\\/11\\\/Siliquini-TheMadeiraTrail-240319-9581.jpg&quot;,&quot;srcset&quot;:&quot;https:\\\/\\\/mat.travelblox.eu\\\/wp-content\\\/uploads\\\/sites\\\/68\\\/2025\\\/11\\\/Siliquini-TheMadeiraTrail-240319-9581.jpg 1024w, https:\\\/\\\/mat.travelblox.eu\\\/wp-content\\\/uploads\\\/sites\\\/68\\\/2025\\\/11\\\/Siliquini-TheMadeiraTrail-240319-9581-300x200.jpg 300w, https:\\\/\\\/mat.travelblox.eu\\\/wp-content\\\/uploads\\\/sites\\\/68\\\/2025\\\/11\\\/Siliquini-TheMadeiraTrail-240319-9581-768x512.jpg 768w, https:\\\/\\\/mat.travelblox.eu\\\/wp-content\\\/uploads\\\/sites\\\/68\\\/2025\\\/11\\\/Siliquini-TheMadeiraTrail-240319-9581-18x12.jpg 18w&quot;}\">\t\t\t\t\t\t\t\t\t<\/figure>\n\t\t\t<\/div>\n\t\t<\/div>\n\t\t\t<div class=\"entry\">\n\t\t\t<div class=\"tb-image-part\">\n\t\t\t\t<figure>\n\t\t\t\t\t<img src='https:\/\/mat.travelblox.eu\/wp-content\/smush-webp\/sites\/68\/2026\/04\/Siliquini-TheMadeiraTrail-240321-0939.jpg.webp' width='1024' height='683' alt='Wandelroutes op Madeira' srcset='https:\/\/mat.travelblox.eu\/wp-content\/smush-webp\/sites\/68\/2026\/04\/Siliquini-TheMadeiraTrail-240321-0939.jpg.webp 1024w, https:\/\/mat.travelblox.eu\/wp-content\/smush-webp\/sites\/68\/2026\/04\/Siliquini-TheMadeiraTrail-240321-0939-300x200.jpg.webp 300w, https:\/\/mat.travelblox.eu\/wp-content\/smush-webp\/sites\/68\/2026\/04\/Siliquini-TheMadeiraTrail-240321-0939-768x512.jpg.webp 768w, https:\/\/mat.travelblox.eu\/wp-content\/smush-webp\/sites\/68\/2026\/04\/Siliquini-TheMadeiraTrail-240321-0939-18x12.jpg.webp 18w' sizes=\"auto, (max-width: 1024px) 100vw, 1024px\" loading='lazy' decoding='async' data-smush-webp-fallback=\"{&quot;src&quot;:&quot;https:\\\/\\\/mat.travelblox.eu\\\/wp-content\\\/uploads\\\/sites\\\/68\\\/2026\\\/04\\\/Siliquini-TheMadeiraTrail-240321-0939.jpg&quot;,&quot;srcset&quot;:&quot;https:\\\/\\\/mat.travelblox.eu\\\/wp-content\\\/uploads\\\/sites\\\/68\\\/2026\\\/04\\\/Siliquini-TheMadeiraTrail-240321-0939.jpg 1024w, https:\\\/\\\/mat.travelblox.eu\\\/wp-content\\\/uploads\\\/sites\\\/68\\\/2026\\\/04\\\/Siliquini-TheMadeiraTrail-240321-0939-300x200.jpg 300w, https:\\\/\\\/mat.travelblox.eu\\\/wp-content\\\/uploads\\\/sites\\\/68\\\/2026\\\/04\\\/Siliquini-TheMadeiraTrail-240321-0939-768x512.jpg 768w, https:\\\/\\\/mat.travelblox.eu\\\/wp-content\\\/uploads\\\/sites\\\/68\\\/2026\\\/04\\\/Siliquini-TheMadeiraTrail-240321-0939-18x12.jpg 18w&quot;}\">\t\t\t\t\t\t\t\t\t<\/figure>\n\t\t\t<\/div>\n\t\t<\/div>\n\t\t\t<div class=\"entry\">\n\t\t\t<div class=\"tb-image-part\">\n\t\t\t\t<figure>\n\t\t\t\t\t<img src='https:\/\/mat.travelblox.eu\/wp-content\/smush-webp\/sites\/68\/2026\/07\/80.png.webp' width='540' height='840' srcset='https:\/\/mat.travelblox.eu\/wp-content\/smush-webp\/sites\/68\/2026\/07\/80.png.webp 540w, https:\/\/mat.travelblox.eu\/wp-content\/smush-webp\/sites\/68\/2026\/07\/80-193x300.png.webp 193w, https:\/\/mat.travelblox.eu\/wp-content\/smush-webp\/sites\/68\/2026\/07\/80-8x12.png.webp 8w' sizes=\"auto, (max-width: 540px) 100vw, 540px\" loading='lazy' decoding='async' data-smush-webp-fallback=\"{&quot;src&quot;:&quot;https:\\\/\\\/mat.travelblox.eu\\\/wp-content\\\/uploads\\\/sites\\\/68\\\/2026\\\/07\\\/80.png&quot;,&quot;srcset&quot;:&quot;https:\\\/\\\/mat.travelblox.eu\\\/wp-content\\\/uploads\\\/sites\\\/68\\\/2026\\\/07\\\/80.png 540w, https:\\\/\\\/mat.travelblox.eu\\\/wp-content\\\/uploads\\\/sites\\\/68\\\/2026\\\/07\\\/80-193x300.png 193w, https:\\\/\\\/mat.travelblox.eu\\\/wp-content\\\/uploads\\\/sites\\\/68\\\/2026\\\/07\\\/80-8x12.png 8w&quot;}\">\t\t\t\t\t\t\t\t\t<\/figure>\n\t\t\t<\/div>\n\t\t<\/div>\n\t\t\t<div class=\"entry\">\n\t\t\t<div class=\"tb-image-part\">\n\t\t\t\t<figure>\n\t\t\t\t\t<img src='https:\/\/mat.travelblox.eu\/wp-content\/smush-webp\/sites\/68\/2026\/07\/73.png.webp' width='540' height='840' srcset='https:\/\/mat.travelblox.eu\/wp-content\/smush-webp\/sites\/68\/2026\/07\/73.png.webp 540w, https:\/\/mat.travelblox.eu\/wp-content\/smush-webp\/sites\/68\/2026\/07\/73-193x300.png.webp 193w, https:\/\/mat.travelblox.eu\/wp-content\/smush-webp\/sites\/68\/2026\/07\/73-8x12.png.webp 8w' sizes=\"auto, (max-width: 540px) 100vw, 540px\" loading='lazy' decoding='async' data-smush-webp-fallback=\"{&quot;src&quot;:&quot;https:\\\/\\\/mat.travelblox.eu\\\/wp-content\\\/uploads\\\/sites\\\/68\\\/2026\\\/07\\\/73.png&quot;,&quot;srcset&quot;:&quot;https:\\\/\\\/mat.travelblox.eu\\\/wp-content\\\/uploads\\\/sites\\\/68\\\/2026\\\/07\\\/73.png 540w, https:\\\/\\\/mat.travelblox.eu\\\/wp-content\\\/uploads\\\/sites\\\/68\\\/2026\\\/07\\\/73-193x300.png 193w, https:\\\/\\\/mat.travelblox.eu\\\/wp-content\\\/uploads\\\/sites\\\/68\\\/2026\\\/07\\\/73-8x12.png 8w&quot;}\">\t\t\t\t\t\t\t\t\t<\/figure>\n\t\t\t<\/div>\n\t\t<\/div>\n\t\t\t\t\t<\/div>\n\t\t\t\t<div class=\"tb-carousel-nav\">\n\t\t<div class=\"dots\">\n\t\t\t<div class=\"dot active\"><\/div>\n\t\t\t<div class=\"dot\"><\/div>\n\t\t\t<div class=\"dot\"><\/div>\n\t\t<\/div>\n\t\t<div class=\"arrows\">\n\t\t\t<div class=\"prev disabled\">\n\t\t\t\t<span><i class=\"fa fa-chevron-left\"><\/i><\/span>\n\t\t\t<\/div>\n\t\t\t<div class=\"next\">\n\t\t\t\t<span><i class=\"fa fa-chevron-right\"><\/i><\/span>\n\t\t\t<\/div>\n\t\t<\/div>\n\t<\/div>\n\t\t\t<\/div>\n\t<\/div>\n\t\t\t\t\t\t\t<\/div>\n\t\t\t\t<\/div>\n\t\t\t<\/div>\n\t\t<\/div>\n\t\t<div class=\"mobile\">\n\t\t\t<div class=\"tb-image-part\">\n\t\t\t\t\t\t<div class=\"inner-block-full-width has-tb-carousel tb-carousel-slider\" >\n\t\t<div class=\"tb-carousel-container\">\n\t\t\t<div class=\"entries tb-cards\" data-slider-first=\"0\">\n\t\t\t\t\t\t\t<div class=\"entry\">\n\t\t\t<div class=\"tb-image-part\">\n\t\t\t\t<figure>\n\t\t\t\t\t<img src='https:\/\/mat.travelblox.eu\/wp-content\/smush-webp\/sites\/68\/2026\/06\/DSCF3175Amber-Medium.png.webp' width='640' height='427' srcset='https:\/\/mat.travelblox.eu\/wp-content\/smush-webp\/sites\/68\/2026\/06\/DSCF3175Amber-Medium.png.webp 640w, https:\/\/mat.travelblox.eu\/wp-content\/smush-webp\/sites\/68\/2026\/06\/DSCF3175Amber-Medium-300x200.png.webp 300w, https:\/\/mat.travelblox.eu\/wp-content\/smush-webp\/sites\/68\/2026\/06\/DSCF3175Amber-Medium-18x12.png.webp 18w' sizes=\"auto, (max-width: 640px) 100vw, 640px\" style='object-position:50% 50%' loading='lazy' decoding='async' data-smush-webp-fallback=\"{&quot;src&quot;:&quot;https:\\\/\\\/mat.travelblox.eu\\\/wp-content\\\/uploads\\\/sites\\\/68\\\/2026\\\/06\\\/DSCF3175Amber-Medium.png&quot;,&quot;srcset&quot;:&quot;https:\\\/\\\/mat.travelblox.eu\\\/wp-content\\\/uploads\\\/sites\\\/68\\\/2026\\\/06\\\/DSCF3175Amber-Medium.png 640w, https:\\\/\\\/mat.travelblox.eu\\\/wp-content\\\/uploads\\\/sites\\\/68\\\/2026\\\/06\\\/DSCF3175Amber-Medium-300x200.png 300w, https:\\\/\\\/mat.travelblox.eu\\\/wp-content\\\/uploads\\\/sites\\\/68\\\/2026\\\/06\\\/DSCF3175Amber-Medium-18x12.png 18w&quot;}\">\t\t\t\t\t\t\t\t\t<\/figure>\n\t\t\t<\/div>\n\t\t<\/div>\n\t\t\t<div class=\"entry\">\n\t\t\t<div class=\"tb-image-part\">\n\t\t\t\t<figure>\n\t\t\t\t\t<img src='https:\/\/mat.travelblox.eu\/wp-content\/smush-webp\/sites\/68\/2026\/04\/Siliquini-TheMadeiraTrail-240317-6516-768x512.jpg.webp' width='768' height='512' alt='Wandelroutes op Madeira' srcset='https:\/\/mat.travelblox.eu\/wp-content\/smush-webp\/sites\/68\/2026\/04\/Siliquini-TheMadeiraTrail-240317-6516-768x512.jpg.webp 768w, https:\/\/mat.travelblox.eu\/wp-content\/smush-webp\/sites\/68\/2026\/04\/Siliquini-TheMadeiraTrail-240317-6516-300x200.jpg.webp 300w, https:\/\/mat.travelblox.eu\/wp-content\/smush-webp\/sites\/68\/2026\/04\/Siliquini-TheMadeiraTrail-240317-6516-18x12.jpg.webp 18w, https:\/\/mat.travelblox.eu\/wp-content\/smush-webp\/sites\/68\/2026\/04\/Siliquini-TheMadeiraTrail-240317-6516.jpg.webp 1024w' sizes=\"auto, (max-width: 768px) 100vw, 768px\" loading='lazy' decoding='async' data-smush-webp-fallback=\"{&quot;src&quot;:&quot;https:\\\/\\\/mat.travelblox.eu\\\/wp-content\\\/uploads\\\/sites\\\/68\\\/2026\\\/04\\\/Siliquini-TheMadeiraTrail-240317-6516-768x512.jpg&quot;,&quot;srcset&quot;:&quot;https:\\\/\\\/mat.travelblox.eu\\\/wp-content\\\/uploads\\\/sites\\\/68\\\/2026\\\/04\\\/Siliquini-TheMadeiraTrail-240317-6516-768x512.jpg 768w, https:\\\/\\\/mat.travelblox.eu\\\/wp-content\\\/uploads\\\/sites\\\/68\\\/2026\\\/04\\\/Siliquini-TheMadeiraTrail-240317-6516-300x200.jpg 300w, https:\\\/\\\/mat.travelblox.eu\\\/wp-content\\\/uploads\\\/sites\\\/68\\\/2026\\\/04\\\/Siliquini-TheMadeiraTrail-240317-6516-18x12.jpg 18w, https:\\\/\\\/mat.travelblox.eu\\\/wp-content\\\/uploads\\\/sites\\\/68\\\/2026\\\/04\\\/Siliquini-TheMadeiraTrail-240317-6516.jpg 1024w&quot;}\">\t\t\t\t\t\t\t\t\t<\/figure>\n\t\t\t<\/div>\n\t\t<\/div>\n\t\t\t<div class=\"entry\">\n\t\t\t<div class=\"tb-image-part\">\n\t\t\t\t<figure>\n\t\t\t\t\t<img src='https:\/\/mat.travelblox.eu\/wp-content\/smush-webp\/sites\/68\/2025\/11\/Siliquini-TheMadeiraTrail-240319-9581-768x512.jpg.webp' width='768' height='512' srcset='https:\/\/mat.travelblox.eu\/wp-content\/smush-webp\/sites\/68\/2025\/11\/Siliquini-TheMadeiraTrail-240319-9581-768x512.jpg.webp 768w, https:\/\/mat.travelblox.eu\/wp-content\/smush-webp\/sites\/68\/2025\/11\/Siliquini-TheMadeiraTrail-240319-9581-300x200.jpg.webp 300w, https:\/\/mat.travelblox.eu\/wp-content\/smush-webp\/sites\/68\/2025\/11\/Siliquini-TheMadeiraTrail-240319-9581-18x12.jpg.webp 18w, https:\/\/mat.travelblox.eu\/wp-content\/smush-webp\/sites\/68\/2025\/11\/Siliquini-TheMadeiraTrail-240319-9581.jpg.webp 1024w' sizes=\"auto, (max-width: 768px) 100vw, 768px\" loading='lazy' decoding='async' data-smush-webp-fallback=\"{&quot;src&quot;:&quot;https:\\\/\\\/mat.travelblox.eu\\\/wp-content\\\/uploads\\\/sites\\\/68\\\/2025\\\/11\\\/Siliquini-TheMadeiraTrail-240319-9581-768x512.jpg&quot;,&quot;srcset&quot;:&quot;https:\\\/\\\/mat.travelblox.eu\\\/wp-content\\\/uploads\\\/sites\\\/68\\\/2025\\\/11\\\/Siliquini-TheMadeiraTrail-240319-9581-768x512.jpg 768w, https:\\\/\\\/mat.travelblox.eu\\\/wp-content\\\/uploads\\\/sites\\\/68\\\/2025\\\/11\\\/Siliquini-TheMadeiraTrail-240319-9581-300x200.jpg 300w, https:\\\/\\\/mat.travelblox.eu\\\/wp-content\\\/uploads\\\/sites\\\/68\\\/2025\\\/11\\\/Siliquini-TheMadeiraTrail-240319-9581-18x12.jpg 18w, https:\\\/\\\/mat.travelblox.eu\\\/wp-content\\\/uploads\\\/sites\\\/68\\\/2025\\\/11\\\/Siliquini-TheMadeiraTrail-240319-9581.jpg 1024w&quot;}\">\t\t\t\t\t\t\t\t\t<\/figure>\n\t\t\t<\/div>\n\t\t<\/div>\n\t\t\t<div class=\"entry\">\n\t\t\t<div class=\"tb-image-part\">\n\t\t\t\t<figure>\n\t\t\t\t\t<img src='https:\/\/mat.travelblox.eu\/wp-content\/smush-webp\/sites\/68\/2026\/04\/Siliquini-TheMadeiraTrail-240321-0939-768x512.jpg.webp' width='768' height='512' alt='Wandelroutes op Madeira' srcset='https:\/\/mat.travelblox.eu\/wp-content\/smush-webp\/sites\/68\/2026\/04\/Siliquini-TheMadeiraTrail-240321-0939-768x512.jpg.webp 768w, https:\/\/mat.travelblox.eu\/wp-content\/smush-webp\/sites\/68\/2026\/04\/Siliquini-TheMadeiraTrail-240321-0939-300x200.jpg.webp 300w, https:\/\/mat.travelblox.eu\/wp-content\/smush-webp\/sites\/68\/2026\/04\/Siliquini-TheMadeiraTrail-240321-0939-18x12.jpg.webp 18w, https:\/\/mat.travelblox.eu\/wp-content\/smush-webp\/sites\/68\/2026\/04\/Siliquini-TheMadeiraTrail-240321-0939.jpg.webp 1024w' sizes=\"auto, (max-width: 768px) 100vw, 768px\" loading='lazy' decoding='async' data-smush-webp-fallback=\"{&quot;src&quot;:&quot;https:\\\/\\\/mat.travelblox.eu\\\/wp-content\\\/uploads\\\/sites\\\/68\\\/2026\\\/04\\\/Siliquini-TheMadeiraTrail-240321-0939-768x512.jpg&quot;,&quot;srcset&quot;:&quot;https:\\\/\\\/mat.travelblox.eu\\\/wp-content\\\/uploads\\\/sites\\\/68\\\/2026\\\/04\\\/Siliquini-TheMadeiraTrail-240321-0939-768x512.jpg 768w, https:\\\/\\\/mat.travelblox.eu\\\/wp-content\\\/uploads\\\/sites\\\/68\\\/2026\\\/04\\\/Siliquini-TheMadeiraTrail-240321-0939-300x200.jpg 300w, https:\\\/\\\/mat.travelblox.eu\\\/wp-content\\\/uploads\\\/sites\\\/68\\\/2026\\\/04\\\/Siliquini-TheMadeiraTrail-240321-0939-18x12.jpg 18w, https:\\\/\\\/mat.travelblox.eu\\\/wp-content\\\/uploads\\\/sites\\\/68\\\/2026\\\/04\\\/Siliquini-TheMadeiraTrail-240321-0939.jpg 1024w&quot;}\">\t\t\t\t\t\t\t\t\t<\/figure>\n\t\t\t<\/div>\n\t\t<\/div>\n\t\t\t<div class=\"entry\">\n\t\t\t<div class=\"tb-image-part\">\n\t\t\t\t<figure>\n\t\t\t\t\t<img src='https:\/\/mat.travelblox.eu\/wp-content\/smush-webp\/sites\/68\/2026\/07\/80.png.webp' width='540' height='840' srcset='https:\/\/mat.travelblox.eu\/wp-content\/smush-webp\/sites\/68\/2026\/07\/80.png.webp 540w, https:\/\/mat.travelblox.eu\/wp-content\/smush-webp\/sites\/68\/2026\/07\/80-193x300.png.webp 193w, https:\/\/mat.travelblox.eu\/wp-content\/smush-webp\/sites\/68\/2026\/07\/80-8x12.png.webp 8w' sizes=\"auto, (max-width: 540px) 100vw, 540px\" loading='lazy' decoding='async' data-smush-webp-fallback=\"{&quot;src&quot;:&quot;https:\\\/\\\/mat.travelblox.eu\\\/wp-content\\\/uploads\\\/sites\\\/68\\\/2026\\\/07\\\/80.png&quot;,&quot;srcset&quot;:&quot;https:\\\/\\\/mat.travelblox.eu\\\/wp-content\\\/uploads\\\/sites\\\/68\\\/2026\\\/07\\\/80.png 540w, https:\\\/\\\/mat.travelblox.eu\\\/wp-content\\\/uploads\\\/sites\\\/68\\\/2026\\\/07\\\/80-193x300.png 193w, https:\\\/\\\/mat.travelblox.eu\\\/wp-content\\\/uploads\\\/sites\\\/68\\\/2026\\\/07\\\/80-8x12.png 8w&quot;}\">\t\t\t\t\t\t\t\t\t<\/figure>\n\t\t\t<\/div>\n\t\t<\/div>\n\t\t\t<div class=\"entry\">\n\t\t\t<div class=\"tb-image-part\">\n\t\t\t\t<figure>\n\t\t\t\t\t<img src='https:\/\/mat.travelblox.eu\/wp-content\/smush-webp\/sites\/68\/2026\/07\/73.png.webp' width='540' height='840' srcset='https:\/\/mat.travelblox.eu\/wp-content\/smush-webp\/sites\/68\/2026\/07\/73.png.webp 540w, https:\/\/mat.travelblox.eu\/wp-content\/smush-webp\/sites\/68\/2026\/07\/73-193x300.png.webp 193w, https:\/\/mat.travelblox.eu\/wp-content\/smush-webp\/sites\/68\/2026\/07\/73-8x12.png.webp 8w' sizes=\"auto, (max-width: 540px) 100vw, 540px\" loading='lazy' decoding='async' data-smush-webp-fallback=\"{&quot;src&quot;:&quot;https:\\\/\\\/mat.travelblox.eu\\\/wp-content\\\/uploads\\\/sites\\\/68\\\/2026\\\/07\\\/73.png&quot;,&quot;srcset&quot;:&quot;https:\\\/\\\/mat.travelblox.eu\\\/wp-content\\\/uploads\\\/sites\\\/68\\\/2026\\\/07\\\/73.png 540w, https:\\\/\\\/mat.travelblox.eu\\\/wp-content\\\/uploads\\\/sites\\\/68\\\/2026\\\/07\\\/73-193x300.png 193w, https:\\\/\\\/mat.travelblox.eu\\\/wp-content\\\/uploads\\\/sites\\\/68\\\/2026\\\/07\\\/73-8x12.png 8w&quot;}\">\t\t\t\t\t\t\t\t\t<\/figure>\n\t\t\t<\/div>\n\t\t<\/div>\n\t\t\t\t\t<\/div>\n\t\t\t\t<div class=\"tb-carousel-nav\">\n\t\t<div class=\"dots\">\n\t\t\t<div class=\"dot active\"><\/div>\n\t\t\t<div class=\"dot\"><\/div>\n\t\t\t<div class=\"dot\"><\/div>\n\t\t<\/div>\n\t\t<div class=\"arrows\">\n\t\t\t<div class=\"prev disabled\">\n\t\t\t\t<span><i class=\"fa fa-chevron-left\"><\/i><\/span>\n\t\t\t<\/div>\n\t\t\t<div class=\"next\">\n\t\t\t\t<span><i class=\"fa fa-chevron-right\"><\/i><\/span>\n\t\t\t<\/div>\n\t\t<\/div>\n\t<\/div>\n\t\t\t<\/div>\n\t<\/div>\n\t\t\t\t\t<\/div>\n\t\t<\/div>\n\t<\/div>\n<\/div>\n\n\n\n<div class=\"tb-colcompare tb-block align-center background-light pattern-default variant-cards tb-collapsible-margins\" id=\"colcompare\">\n\t<div class=\"inner-block tb-fade-in tb-fade-in--subtle\">\n\t\t<div class=\"text-part\">\n\t\t\t<h2>Waarom kiezen voor The Madeira Trail?<\/h2>\n\t\t\t\t<div class=\"translation-block\"><p>Wij regelen alles, zodat jij maar \u00e9\u00e9n ding hoeft te doen: genieten.<\/p><\/div>\n\t\t\t<\/div>\n\t<\/div>\n\t\t\t\t<div class=\"inner-block-full-width has-tb-carousel tb-justified\" >\n\t\t<div class=\"tb-carousel-container\">\n\t\t\t<div class=\"entries tb-cards\" data-slider-first=\"1\">\n\t\t\t\t\t\t\t\t\t<div class=\"tb-card entry tb-fade-in tb-fade-in--subtle\">\n\t\t\t\t<div class=\"tb-image-part\">\n\t\t\t\t\t<img src='https:\/\/mat.travelblox.eu\/wp-content\/smush-webp\/sites\/68\/2026\/04\/Siliquini-TheMadeiraTrail-240322-1997-e1775740087254.jpg.webp' width='683' height='890' alt='Klimaat van Madeira' srcset='https:\/\/mat.travelblox.eu\/wp-content\/smush-webp\/sites\/68\/2026\/04\/Siliquini-TheMadeiraTrail-240322-1997-e1775740087254.jpg.webp 683w, https:\/\/mat.travelblox.eu\/wp-content\/smush-webp\/sites\/68\/2026\/04\/Siliquini-TheMadeiraTrail-240322-1997-e1775740087254-230x300.jpg.webp 230w, https:\/\/mat.travelblox.eu\/wp-content\/smush-webp\/sites\/68\/2026\/04\/Siliquini-TheMadeiraTrail-240322-1997-e1775740087254-9x12.jpg.webp 9w' sizes=\"auto, (max-width: 683px) 100vw, 683px\" loading='lazy' decoding='async' data-smush-webp-fallback=\"{&quot;src&quot;:&quot;https:\\\/\\\/mat.travelblox.eu\\\/wp-content\\\/uploads\\\/sites\\\/68\\\/2026\\\/04\\\/Siliquini-TheMadeiraTrail-240322-1997-e1775740087254.jpg&quot;,&quot;srcset&quot;:&quot;https:\\\/\\\/mat.travelblox.eu\\\/wp-content\\\/uploads\\\/sites\\\/68\\\/2026\\\/04\\\/Siliquini-TheMadeiraTrail-240322-1997-e1775740087254.jpg 683w, https:\\\/\\\/mat.travelblox.eu\\\/wp-content\\\/uploads\\\/sites\\\/68\\\/2026\\\/04\\\/Siliquini-TheMadeiraTrail-240322-1997-e1775740087254-230x300.jpg 230w, https:\\\/\\\/mat.travelblox.eu\\\/wp-content\\\/uploads\\\/sites\\\/68\\\/2026\\\/04\\\/Siliquini-TheMadeiraTrail-240322-1997-e1775740087254-9x12.jpg 9w&quot;}\">\t\t\t\t<\/div>\n\t\t\t\t<div class=\"tb-card-content text-part\">\n\t\t\t\t\t\t\t\t\t\t\t<h5> 100% avontuur<\/h5>\n\t\t\t\t\t\t\t\t\t\t\t\t\t\t\t\t\t<div class=\"translation-block\"><p>De wandelroute die we hebben uitgestippeld combineert het <strong>mooiste van Madeira<\/strong>. We hebben de mooiste plekjes en de beste slaapplaatsen geselecteerd, om je in \u00e9\u00e9n week de essentie van deze prachtige trail te bieden.<\/p><\/div>\n\t\t\t\t\t\t\t\t\t\t\t\t\t\t\t<\/div>\n\t\t\t<\/div>\n\t\t\t\t\t<div class=\"tb-card entry tb-fade-in tb-fade-in--subtle\">\n\t\t\t\t<div class=\"tb-image-part\">\n\t\t\t\t\t<img src='https:\/\/mat.travelblox.eu\/wp-content\/smush-webp\/sites\/68\/2026\/04\/IMG_5384-Grande-768x1024.jpeg.webp' width='768' height='1024' srcset='https:\/\/mat.travelblox.eu\/wp-content\/smush-webp\/sites\/68\/2026\/04\/IMG_5384-Grande-768x1024.jpeg.webp 768w, https:\/\/mat.travelblox.eu\/wp-content\/smush-webp\/sites\/68\/2026\/04\/IMG_5384-Grande-225x300.jpeg.webp 225w, https:\/\/mat.travelblox.eu\/wp-content\/smush-webp\/sites\/68\/2026\/04\/IMG_5384-Grande-9x12.jpeg.webp 9w, https:\/\/mat.travelblox.eu\/wp-content\/smush-webp\/sites\/68\/2026\/04\/IMG_5384-Grande.jpeg.webp 960w' sizes=\"auto, (max-width: 768px) 100vw, 768px\" loading='lazy' decoding='async' data-smush-webp-fallback=\"{&quot;src&quot;:&quot;https:\\\/\\\/mat.travelblox.eu\\\/wp-content\\\/uploads\\\/sites\\\/68\\\/2026\\\/04\\\/IMG_5384-Grande-768x1024.jpeg&quot;,&quot;srcset&quot;:&quot;https:\\\/\\\/mat.travelblox.eu\\\/wp-content\\\/uploads\\\/sites\\\/68\\\/2026\\\/04\\\/IMG_5384-Grande-768x1024.jpeg 768w, https:\\\/\\\/mat.travelblox.eu\\\/wp-content\\\/uploads\\\/sites\\\/68\\\/2026\\\/04\\\/IMG_5384-Grande-225x300.jpeg 225w, https:\\\/\\\/mat.travelblox.eu\\\/wp-content\\\/uploads\\\/sites\\\/68\\\/2026\\\/04\\\/IMG_5384-Grande-9x12.jpeg 9w, https:\\\/\\\/mat.travelblox.eu\\\/wp-content\\\/uploads\\\/sites\\\/68\\\/2026\\\/04\\\/IMG_5384-Grande.jpeg 960w&quot;}\">\t\t\t\t<\/div>\n\t\t\t\t<div class=\"tb-card-content text-part\">\n\t\t\t\t\t\t\t\t\t\t\t<h5> Betaalbaar<\/h5>\n\t\t\t\t\t\t\t\t\t\t\t\t\t\t\t\t\t<div class=\"translation-block\"><p>Onze missie is om je maximaal avontuur te bieden voor een eerlijke prijs. Dit bereiken we door <strong>de trail van A tot Z te ontwikkelen<\/strong> en samenwerkingen aan te gaan met lokale bewoners.<\/p><\/div>\n\t\t\t\t\t\t\t\t\t\t\t\t\t\t\t<\/div>\n\t\t\t<\/div>\n\t\t\t\t\t<div class=\"tb-card entry tb-fade-in tb-fade-in--subtle\">\n\t\t\t\t<div class=\"tb-image-part\">\n\t\t\t\t\t<img src='https:\/\/mat.travelblox.eu\/wp-content\/smush-webp\/sites\/68\/2026\/07\/Blogs_featured_images-3-768x473.png.webp' width='768' height='473' srcset='https:\/\/mat.travelblox.eu\/wp-content\/smush-webp\/sites\/68\/2026\/07\/Blogs_featured_images-3-768x473.png.webp 768w, https:\/\/mat.travelblox.eu\/wp-content\/smush-webp\/sites\/68\/2026\/07\/Blogs_featured_images-3-300x185.png.webp 300w, https:\/\/mat.travelblox.eu\/wp-content\/smush-webp\/sites\/68\/2026\/07\/Blogs_featured_images-3-1024x630.png.webp 1024w, https:\/\/mat.travelblox.eu\/wp-content\/smush-webp\/sites\/68\/2026\/07\/Blogs_featured_images-3-18x12.png.webp 18w, https:\/\/mat.travelblox.eu\/wp-content\/smush-webp\/sites\/68\/2026\/07\/Blogs_featured_images-3.png.webp 1300w' sizes=\"auto, (max-width: 768px) 100vw, 768px\" loading='lazy' decoding='async' data-smush-webp-fallback=\"{&quot;src&quot;:&quot;https:\\\/\\\/mat.travelblox.eu\\\/wp-content\\\/uploads\\\/sites\\\/68\\\/2026\\\/07\\\/Blogs_featured_images-3-768x473.png&quot;,&quot;srcset&quot;:&quot;https:\\\/\\\/mat.travelblox.eu\\\/wp-content\\\/uploads\\\/sites\\\/68\\\/2026\\\/07\\\/Blogs_featured_images-3-768x473.png 768w, https:\\\/\\\/mat.travelblox.eu\\\/wp-content\\\/uploads\\\/sites\\\/68\\\/2026\\\/07\\\/Blogs_featured_images-3-300x185.png 300w, https:\\\/\\\/mat.travelblox.eu\\\/wp-content\\\/uploads\\\/sites\\\/68\\\/2026\\\/07\\\/Blogs_featured_images-3-1024x630.png 1024w, https:\\\/\\\/mat.travelblox.eu\\\/wp-content\\\/uploads\\\/sites\\\/68\\\/2026\\\/07\\\/Blogs_featured_images-3-18x12.png 18w, https:\\\/\\\/mat.travelblox.eu\\\/wp-content\\\/uploads\\\/sites\\\/68\\\/2026\\\/07\\\/Blogs_featured_images-3.png 1300w&quot;}\">\t\t\t\t<\/div>\n\t\t\t\t<div class=\"tb-card-content text-part\">\n\t\t\t\t\t\t\t\t\t\t\t<h5> Goed georganiseerd<\/h5>\n\t\t\t\t\t\t\t\t\t\t\t\t\t\t\t\t\t<div class=\"translation-block\"><p>Alle praktische aspecten worden door ons verzorgd, zodat je <strong>maximaal kunt genieten.<\/strong> Onze reizigers geven ons een gemiddelde score van 4,9 uit 5.<\/p><\/div>\n\t\t\t\t\t\t\t\t\t\t\t\t\t\t\t<\/div>\n\t\t\t<\/div>\n\t\t\t\t\t<div class=\"tb-card entry tb-fade-in tb-fade-in--subtle\">\n\t\t\t\t<div class=\"tb-image-part\">\n\t\t\t\t\t<img src='https:\/\/mat.travelblox.eu\/wp-content\/smush-webp\/sites\/68\/2026\/06\/DSCF3175Amber-Medium.png.webp' width='640' height='427' srcset='https:\/\/mat.travelblox.eu\/wp-content\/smush-webp\/sites\/68\/2026\/06\/DSCF3175Amber-Medium.png.webp 640w, https:\/\/mat.travelblox.eu\/wp-content\/smush-webp\/sites\/68\/2026\/06\/DSCF3175Amber-Medium-300x200.png.webp 300w, https:\/\/mat.travelblox.eu\/wp-content\/smush-webp\/sites\/68\/2026\/06\/DSCF3175Amber-Medium-18x12.png.webp 18w' sizes=\"auto, (max-width: 640px) 100vw, 640px\" style='object-position:50% 50%' loading='lazy' decoding='async' data-smush-webp-fallback=\"{&quot;src&quot;:&quot;https:\\\/\\\/mat.travelblox.eu\\\/wp-content\\\/uploads\\\/sites\\\/68\\\/2026\\\/06\\\/DSCF3175Amber-Medium.png&quot;,&quot;srcset&quot;:&quot;https:\\\/\\\/mat.travelblox.eu\\\/wp-content\\\/uploads\\\/sites\\\/68\\\/2026\\\/06\\\/DSCF3175Amber-Medium.png 640w, https:\\\/\\\/mat.travelblox.eu\\\/wp-content\\\/uploads\\\/sites\\\/68\\\/2026\\\/06\\\/DSCF3175Amber-Medium-300x200.png 300w, https:\\\/\\\/mat.travelblox.eu\\\/wp-content\\\/uploads\\\/sites\\\/68\\\/2026\\\/06\\\/DSCF3175Amber-Medium-18x12.png 18w&quot;}\">\t\t\t\t<\/div>\n\t\t\t\t<div class=\"tb-card-content text-part\">\n\t\t\t\t\t\t\t\t\t\t\t<h5> Bewust<\/h5>\n\t\t\t\t\t\t\t\t\t\t\t\t\t\t\t\t\t<div class=\"translation-block\"><p>Door lokale projecten ter plaatse te ondersteunen en de CO\u2082-uitstoot van onze reizen tot een minimum te beperken, proberen we <strong>een positieve impact te cre\u00ebren tijdens jouw avontuur.<\/strong><\/p><\/div>\n\t\t\t\t\t\t\t\t\t\t\t\t\t\t\t<\/div>\n\t\t\t<\/div>\n\t\t\t\t\t\t\t<\/div>\n\t\t\t\t<div class=\"tb-carousel-nav\">\n\t\t<div class=\"dots\">\n\t\t\t<div class=\"dot active\"><\/div>\n\t\t\t<div class=\"dot\"><\/div>\n\t\t\t<div class=\"dot\"><\/div>\n\t\t<\/div>\n\t\t<div class=\"arrows\">\n\t\t\t<div class=\"prev disabled\">\n\t\t\t\t<span><i class=\"fa fa-chevron-left\"><\/i><\/span>\n\t\t\t<\/div>\n\t\t\t<div class=\"next\">\n\t\t\t\t<span><i class=\"fa fa-chevron-right\"><\/i><\/span>\n\t\t\t<\/div>\n\t\t<\/div>\n\t<\/div>\n\t\t\t<\/div>\n\t<\/div>\n\t\t\t\t\t<div class=\"inner-block\">\n\t\t\t<div class=\"text-part\">\n\t\t\t\t\t<div class=\"translation-block\"><\/div>\n\t\t\t\t\t<div class=\"tb-buttons-part\">\n\t\t\t\t\t\t\t<a href=\"https:\/\/travelbase.typeform.com\/mat27s-nlprereg\"  target=\"_blank\" data-mode=\"popup\" data-url=\"https:\/\/travelbase.pro.typeform.com\/MAT27SPreregFR\" class=\"tb-button typeform-share\">\n\t\t\tPreregistreer | voorjaar 2027\t\t<\/a>\n\t\t\t\t\t<script>\n\t\t\t\t(function() {\n\t\t\t\t\tvar qs, js, q, s, d = document,\n\t\t\t\t\t\tgi = d.getElementById,\n\t\t\t\t\t\tce = d.createElement,\n\t\t\t\t\t\tgt = d.getElementsByTagName,\n\t\t\t\t\t\tid = \"typef_orm_share\",\n\t\t\t\t\t\tb = \"https:\/\/embed.typeform.com\/\";\n\t\t\t\t\tif (!gi.call(d, id)) {\n\t\t\t\t\t\tjs = ce.call(d, \"script\");\n\t\t\t\t\t\tjs.id = id;\n\t\t\t\t\t\tjs.src = b + \"embed.js\";\n\t\t\t\t\t\tq = gt.call(d, \"script\")[0];\n\t\t\t\t\t\tq.parentNode.insertBefore(js, q);\n\t\t\t\t\t}\n\t\t\t\t})();\n\t\t\t<\/script>\n\t\t\t\t\t\t<\/div>\n\t\t\t<\/div>\n\t\t<\/div>\n\t<\/div>\n\n\n\n<div class=\"tb-reviewroll tb-block align-center background-light pattern-none variant-none tb-collapsible-margins\" id=\"reviewroll\">\n\t\t<div class=\"inner-block tb-fade-in tb-fade-in--subtle\">\n\t\t<div class=\"text-part\">\n\t\t\t<h2>Reviews<\/h2>\n\t\t<\/div>\n\n\t\t<div class=\"average-reviews-wrapper\" data-embed-social-id=\"561604370f824e1313ef1353e1c3b7f8194b11d6\" data-reviews-redirect-url=\"\">\n\t\t<\/div>\n\t<\/div>\n\t<div class=\"inner-block-full-width has-tb-carousel\">\n\t\t<!-- <div class=\"inner-block tb-fade-in tb-fade-in--subtle\"> -->\n\n\t\t<div class=\"reviews-wrapper\" data-embed-social-id=\"561604370f824e1313ef1353e1c3b7f8194b11d6\" data-per-page=\"5\" data-type-code=\"travelbase\" data-anonymize-reviewers=\"0\">\n\t\t\t<div class=\"tb-ajax-loader\">\n\t\t<\/div>\n\t<\/div>\n\n\t<!-- <\/div> -->\n<\/div>\n<\/div>\n\n\n<div class=\"tb-faq tb-block align-center background-dark pattern-none variant-none tb-collapsible-margins\" id=\"faq\">\n\t<div class=\"inner-block tb-fade-in tb-fade-in--subtle\">\n\t\t<div class=\"text-part\">\n\t\t\t<h2>Wat je moet weten over je preregistratie<\/h2>\n\t\t\t\t<div class=\"translation-block\"><\/div>\n\t\t\t<\/div>\n\t<\/div>\n\t<div class=\"inner-block\">\n\n\t\t\t\t\t<div\n\t\t\t\tclass=\"faq-list tb-accordion tb-accordion--animation\"\n\t\t\t\t>\n\t\t\t\t\t\t\t\t\t<details class=\"details\">\n\t\t\t\t\t\t<summary class=\"summary\">\n\t\t\t\t\t\t\t<div>Verplicht de preregistratie me tot iets?\t\t\t<\/div>\n\t\t\t<\/summary>\n\t\t\t<div class=\"content text-part\" >\n\t\t\t\t\t<div class=\"translation-block\"><p>Nee, absoluut niet. Preregistreren betekent niet dat je reserveert. Het is enkel een manier om ervoor te zorgen dat je als eerste op de hoogte wordt gebracht zodra het aanbod voor 2027 online staat, \u00e9n om van alle voordelen te profiteren: vroegtijdige toegang en het beste tarief gegarandeerd.<\/p><\/div>\n\t\t\t\t<\/div>\n\t\t\t<\/details>\n\t\t\t\t\t\t\t<details class=\"details\">\n\t\t\t\t\t\t<summary class=\"summary\">\n\t\t\t\t\t\t\t<div>Wat gebeurt er na mijn preregistratie?\t\t\t<\/div>\n\t\t\t<\/summary>\n\t\t\t<div class=\"content text-part\" >\n\t\t\t\t\t<div class=\"translation-block\"><p>Je ontvangt als eerste een e-mail zodra ons aanbod voor 2027 beschikbaar is. Op 16 september 2026 krijg je jouw persoonlijke toegangslink (24 uur v\u00f3\u00f3r de offici\u00eble opening), zodat je als eerste jouw plek kunt reserveren.<\/p><p>Zijn je plannen intussen veranderd? Dan kun je je op elk moment eenvoudig met \u00e9\u00e9n klik uitschrijven.<\/p><\/div>\n\t\t\t\t<\/div>\n\t\t\t<\/details>\n\t\t\t\t\t\t\t<details class=\"details\">\n\t\t\t\t\t\t<summary class=\"summary\">\n\t\t\t\t\t\t\t<div>Wat als ik niet preregistreer?\t\t\t<\/div>\n\t\t\t<\/summary>\n\t\t\t<div class=\"content text-part\" >\n\t\t\t\t\t<div class=\"translation-block\"><p>Als je niet preregistreert, moet je wachten tot de offici\u00eble opening van de boekingen, krijg je geen early access en kunnen we niet de laagste prijs garanderen. Omdat de plaatsen beperkt zijn, kan jouw ideale vertrekdatum bovendien al volgeboekt zijn.<\/p><\/div>\n\t\t\t\t<\/div>\n\t\t\t<\/details>\n\t\t\t<\/div>\n\t<\/div>\n<\/div>\n\n\n\n\n<div class=\"tb-quoteparallax tb-block align-center background-light pattern-default variant-text_on_image\" id=\"quoteparallax-1\" style=\"background-image: url('https:\/\/travelbase.eu\/frontend_src\/tb20\/dist\/assets\/img\/header-home-2022.jpg');\">\n\t\t<div class=\"inner-block tb-fade-in tb-fade-in--subtle\">\n\t\t\t\t\t<div class=\"text-part\">\n\t\t\t\t<h2>Klaar voor een hike door Madeira in 2027?<\/h2>\n\t\t\t\t\t<div class=\"translation-block\"><p>Preregistreer nu* om als eerste ge\u00efnformeerd te worden zodra het aanbod voor 2027 online staat, je plekje v\u00f3\u00f3r iedereen te reserveren en te genieten van de exclusieve voordelen.<\/p><p>De inschrijvingen voor gepreregistreerden openen op <strong>woensdag 16 september om 16 uur<\/strong>.<\/p><p><i>*Het duurt maar 30 seconden. Geen enkele verplichting.<\/i><\/p><\/div>\n\t\t\t\t\t\t\t\t\t\t<div class=\"tb-buttons-part\">\n\t\t\t\t\t\t\t\t<a href=\"https:\/\/travelbase.typeform.com\/mat27s-nlprereg\"  target=\"_blank\" data-mode=\"popup\" data-url=\"https:\/\/travelbase.pro.typeform.com\/MAT27SPreregFR\" class=\"tb-button typeform-share\">\n\t\t\tPreregistreer | voorjaar 2027\t\t<\/a>\n\t\t\t\t\t<script>\n\t\t\t\t(function() {\n\t\t\t\t\tvar qs, js, q, s, d = document,\n\t\t\t\t\t\tgi = d.getElementById,\n\t\t\t\t\t\tce = d.createElement,\n\t\t\t\t\t\tgt = d.getElementsByTagName,\n\t\t\t\t\t\tid = \"typef_orm_share\",\n\t\t\t\t\t\tb = \"https:\/\/embed.typeform.com\/\";\n\t\t\t\t\tif (!gi.call(d, id)) {\n\t\t\t\t\t\tjs = ce.call(d, \"script\");\n\t\t\t\t\t\tjs.id = id;\n\t\t\t\t\t\tjs.src = b + \"embed.js\";\n\t\t\t\t\t\tq = gt.call(d, \"script\")[0];\n\t\t\t\t\t\tq.parentNode.insertBefore(js, q);\n\t\t\t\t\t}\n\t\t\t\t})();\n\t\t\t<\/script>\n\t\t\t\t\t\t\t\t\t\t\t\t\t<\/div>\n\t\t\t\t\t\t\t<\/div>\n\t\t\t\t\t<\/div>\n<\/div>","protected":false},"excerpt":{"rendered":"","protected":false},"author":112,"featured_media":2374,"parent":0,"menu_order":0,"comment_status":"closed","ping_status":"closed","template":"","meta":{"_acf_changed":false,"inline_featured_image":false,"footnotes":""},"class_list":["post-2637","page","type-page","status-publish","has-post-thumbnail","hentry"],"acf":{"page_package_ids":"","is_main_package_page":false,"additional_linked_packages":[],"feed_page_to_atlas":true},"_links":{"self":[{"href":"https:\/\/mat.travelblox.eu\/nl\/wp-json\/wp\/v2\/pages\/2637","targetHints":{"allow":["GET"]}}],"collection":[{"href":"https:\/\/mat.travelblox.eu\/nl\/wp-json\/wp\/v2\/pages"}],"about":[{"href":"https:\/\/mat.travelblox.eu\/nl\/wp-json\/wp\/v2\/types\/page"}],"author":[{"embeddable":true,"href":"https:\/\/mat.travelblox.eu\/nl\/wp-json\/wp\/v2\/users\/112"}],"replies":[{"embeddable":true,"href":"https:\/\/mat.travelblox.eu\/nl\/wp-json\/wp\/v2\/comments?post=2637"}],"version-history":[{"count":35,"href":"https:\/\/mat.travelblox.eu\/nl\/wp-json\/wp\/v2\/pages\/2637\/revisions"}],"predecessor-version":[{"id":2754,"href":"https:\/\/mat.travelblox.eu\/nl\/wp-json\/wp\/v2\/pages\/2637\/revisions\/2754"}],"wp:featuredmedia":[{"embeddable":true,"href":"https:\/\/mat.travelblox.eu\/nl\/wp-json\/wp\/v2\/media\/2374"}],"wp:attachment":[{"href":"https:\/\/mat.travelblox.eu\/nl\/wp-json\/wp\/v2\/media?parent=2637"}],"curies":[{"name":"wp","href":"https:\/\/api.w.org\/{rel}","templated":true}]}}